{"version":"1.0","provider_name":"Turismo El Ejido","provider_url":"https:\/\/turismo.elejido.es","title":"Comandante Lara & C\u00eda \u201cViaje con Nosotros\u201d - Turismo El Ejido","type":"rich","width":600,"height":338,"html":"<blockquote class=\"wp-embedded-content\" data-secret=\"14a4KlRbow\"><a href=\"https:\/\/turismo.elejido.es\/index.php\/events\/comandante-lara-cia-viaje-con-nosotros\/\">Comandante Lara &#038; C\u00eda \u201cViaje con Nosotros\u201d<\/a><\/blockquote><iframe sandbox=\"allow-scripts\" security=\"restricted\" src=\"https:\/\/turismo.elejido.es\/index.php\/events\/comandante-lara-cia-viaje-con-nosotros\/embed\/#?secret=14a4KlRbow\" width=\"600\" height=\"338\" title=\"\u00abComandante Lara &#038; C\u00eda \u201cViaje con Nosotros\u201d\u00bb \u2014 Turismo El Ejido\" data-secret=\"14a4KlRbow\" frameborder=\"0\" marginwidth=\"0\" marginheight=\"0\" scrolling=\"no\" class=\"wp-embedded-content\"><\/iframe><script>\n\/*! This file is auto-generated *\/\n!function(d,l){\"use strict\";l.querySelector&&d.addEventListener&&\"undefined\"!=typeof URL&&(d.wp=d.wp||{},d.wp.receiveEmbedMessage||(d.wp.receiveEmbedMessage=function(e){var t=e.data;if((t||t.secret||t.message||t.value)&&!\/[^a-zA-Z0-9]\/.test(t.secret)){for(var s,r,n,a=l.querySelectorAll('iframe[data-secret=\"'+t.secret+'\"]'),o=l.querySelectorAll('blockquote[data-secret=\"'+t.secret+'\"]'),c=new RegExp(\"^https?:$\",\"i\"),i=0;i<o.length;i++)o[i].style.display=\"none\";for(i=0;i<a.length;i++)s=a[i],e.source===s.contentWindow&&(s.removeAttribute(\"style\"),\"height\"===t.message?(1e3<(r=parseInt(t.value,10))?r=1e3:~~r<200&&(r=200),s.height=r):\"link\"===t.message&&(r=new URL(s.getAttribute(\"src\")),n=new URL(t.value),c.test(n.protocol))&&n.host===r.host&&l.activeElement===s&&(d.top.location.href=t.value))}},d.addEventListener(\"message\",d.wp.receiveEmbedMessage,!1),l.addEventListener(\"DOMContentLoaded\",function(){for(var e,t,s=l.querySelectorAll(\"iframe.wp-embedded-content\"),r=0;r<s.length;r++)(t=(e=s[r]).getAttribute(\"data-secret\"))||(t=Math.random().toString(36).substring(2,12),e.src+=\"#?secret=\"+t,e.setAttribute(\"data-secret\",t)),e.contentWindow.postMessage({message:\"ready\",secret:t},\"*\")},!1)))}(window,document);\n\/\/# sourceURL=https:\/\/turismo.elejido.es\/wp-includes\/js\/wp-embed.min.js\n<\/script>\n","thumbnail_url":"https:\/\/turismo.elejido.es\/wp-content\/uploads\/2024\/02\/viaje-con-nosotros-Cropped.jpg","thumbnail_width":1820,"thumbnail_height":1820,"description":"No te pierdas el mejor y m\u00e1s desternillante vuelo de tu vida. La compa\u00f1\u00eda AIR Kej\u00f6\u00e8rsen y su tripulaci\u00f3n te est\u00e1n esperando."}