{"id":17046,"date":"2021-10-23T10:58:38","date_gmt":"2021-10-23T08:58:38","guid":{"rendered":"https:\/\/turismo.elejido.es\/?post_type=mec-events&#038;p=17046"},"modified":"2021-11-30T15:08:25","modified_gmt":"2021-11-30T14:08:25","slug":"recreacion-historica-romana","status":"publish","type":"mec-events","link":"https:\/\/turismo.elejido.es\/index.php\/events\/recreacion-historica-romana\/","title":{"rendered":"MVRGI &#8211; Recreaci\u00f3n hist\u00f3rica romana"},"content":{"rendered":"\n<div class=\"wp-block-nk-awb nk-awb alturaSlider is-layout-constrained wp-block-nk-awb-is-layout-constrained\"><div class=\"nk-awb-wrap\" data-awb-type=\"image\" data-awb-image-background-size=\"cover\" data-awb-image-background-position=\"48% 23%\" data-awb-parallax=\"scroll\" data-awb-parallax-speed=\"0.5\" data-awb-parallax-mobile=\"false\"><div class=\"nk-awb-inner\"><img loading=\"lazy\" decoding=\"async\" src=\"https:\/\/app.elejido.es\/turismo\/wp-content\/uploads\/2021\/10\/Recreacion-romana-Nov-2021-cuadrado-SUSPE-300x300-1.jpg\" class=\"wp-image-17419 jarallax-img\" width=\"300\" height=\"300\" srcset=\"https:\/\/turismo.elejido.es\/wp-content\/uploads\/2021\/10\/Recreacion-romana-Nov-2021-cuadrado-SUSPE-300x300-1.jpg 300w, https:\/\/turismo.elejido.es\/wp-content\/uploads\/2021\/10\/Recreacion-romana-Nov-2021-cuadrado-SUSPE-300x300-1-150x150.jpg 150w\" sizes=\"auto, (max-width: 300px) 100vw, 300px\" \/><\/div><\/div><\/div>\n\n\n\n<div style=\"height:40px\" aria-hidden=\"true\" class=\"wp-block-spacer\"><\/div>\n\n\n<div class=\"breadcrumbs align  wp-block-bcn-breadcrumb-trail has-text-color has-background\" vocab=\"https:\/\/schema.org\/\" typeof=\"BreadcrumbList\">\n\t<span><\/span>\n\t<span property=\"itemListElement\" typeof=\"ListItem\"><a property=\"item\" typeof=\"WebPage\" title=\"Ir a Turismo El Ejido.\" href=\"https:\/\/turismo.elejido.es\" class=\"home\" aria-current=\"page\"><span property=\"name\">Turismo El Ejido<\/span><\/a><meta property=\"position\" content=\"1\"><\/span><\/div>\n\n\n\n<div style=\"height:50px\" aria-hidden=\"true\" class=\"wp-block-spacer\"><\/div>\n\n\n\n<h1 class=\"wp-block-heading\">MVRGI &#8211; Recreaci\u00f3n Hist\u00f3rica Romana &#8211; Suspendido<\/h1>\n\n\n\n<div style=\"height:25px\" aria-hidden=\"true\" class=\"wp-block-spacer\"><\/div>\n\n\n\n<h3 class=\"wp-block-heading\"><strong>Se suspende para 2021 por razones ajenas al Ayuntamiento de El Ejido<\/strong>.<\/h3>\n\n\n\n<p>No te pierdas la recreaci\u00f3n hist\u00f3rica de la antigua ciudad romana de Murgi. Te esperamos el s\u00e1bado 11 de diciembre en el Parque Municipal de El Ejido. M\u00e1s informaci\u00f3n en la web de <a href=\"https:\/\/cultura.elejido.es\/?ai1ec_event=arqueogastronomia-2\">Cultura El Ejido<\/a>. <\/p>\n\n\n\n<div style=\"height:70px\" aria-hidden=\"true\" class=\"wp-block-spacer\"><\/div>\n\n\n\n<iframe src=\"https:\/\/www.google.com\/maps\/embed?pb=!1m18!1m12!1m3!1d1597.9339844350322!2d-2.812916087669427!3d36.773734721718476!2m3!1f0!2f0!3f0!3m2!1i1024!2i768!4f13.1!3m3!1m2!1s0x0%3A0xf72ae0b20f3b8e7d!2sParque%20Municipal%20de%20El%20Ejido!5e0!3m2!1ses!2ses!4v1634980249081!5m2!1ses!2ses\" width=\"600\" height=\"450\" style=\"border:0;\" allowfullscreen=\"\" loading=\"lazy\"><\/iframe>\n","protected":false},"excerpt":{"rendered":"<p>MVRGI &#8211; Recreaci\u00f3n Hist\u00f3rica Romana &#8211; Suspendido Se suspende para 2021 por razones ajenas al Ayuntamiento de El Ejido. No te pierdas la recreaci\u00f3n hist\u00f3rica de la antigua ciudad romana de Murgi. Te esperamos el s\u00e1bado 11 de diciembre en el Parque Municipal de El Ejido. M\u00e1s informaci\u00f3n en la web de Cultura El Ejido.<\/p>\n","protected":false},"author":5,"featured_media":17419,"comment_status":"closed","ping_status":"closed","template":"","tags":[],"mec_category":[101],"class_list":["post-17046","mec-events","type-mec-events","status-publish","has-post-thumbnail","hentry","mec_category-teatro","entry","has-media"],"yoast_head":"<!-- This site is optimized with the Yoast SEO plugin v27.4 - https:\/\/yoast.com\/product\/yoast-seo-wordpress\/ -->\n<title>MVRGI - Recreaci\u00f3n hist\u00f3rica romana - Turismo El Ejido<\/title>\n<meta name=\"robots\" content=\"index, follow, max-snippet:-1, max-image-preview:large, max-video-preview:-1\" \/>\n<link rel=\"canonical\" href=\"https:\/\/turismo.elejido.es\/index.php\/events\/recreacion-historica-romana\/\" \/>\n<meta property=\"og:locale\" content=\"es_ES\" \/>\n<meta property=\"og:type\" content=\"article\" \/>\n<meta property=\"og:title\" content=\"MVRGI - Recreaci\u00f3n hist\u00f3rica romana - Turismo El Ejido\" \/>\n<meta property=\"og:description\" content=\"MVRGI &#8211; Recreaci\u00f3n Hist\u00f3rica Romana &#8211; Suspendido Se suspende para 2021 por razones ajenas al Ayuntamiento de El Ejido. No te pierdas la recreaci\u00f3n hist\u00f3rica de la antigua ciudad romana de Murgi. Te esperamos el s\u00e1bado 11 de diciembre en el Parque Municipal de El Ejido. M\u00e1s informaci\u00f3n en la web de Cultura El Ejido.\" \/>\n<meta property=\"og:url\" content=\"https:\/\/turismo.elejido.es\/index.php\/events\/recreacion-historica-romana\/\" \/>\n<meta property=\"og:site_name\" content=\"Turismo El Ejido\" \/>\n<meta property=\"article:modified_time\" content=\"2021-11-30T14:08:25+00:00\" \/>\n<meta property=\"og:image\" content=\"https:\/\/turismo.elejido.es\/wp-content\/uploads\/2021\/10\/Recreacion-romana-Nov-2021-cuadrado-SUSPE-300x300-1.jpg\" \/>\n\t<meta property=\"og:image:width\" content=\"300\" \/>\n\t<meta property=\"og:image:height\" content=\"300\" \/>\n\t<meta property=\"og:image:type\" content=\"image\/jpeg\" \/>\n<meta name=\"twitter:card\" content=\"summary_large_image\" \/>\n<meta name=\"twitter:label1\" content=\"Tiempo de lectura\" \/>\n\t<meta name=\"twitter:data1\" content=\"1 minuto\" \/>\n<script type=\"application\/ld+json\" class=\"yoast-schema-graph\">{\"@context\":\"https:\\\/\\\/schema.org\",\"@graph\":[{\"@type\":\"WebPage\",\"@id\":\"https:\\\/\\\/turismo.elejido.es\\\/index.php\\\/events\\\/recreacion-historica-romana\\\/\",\"url\":\"https:\\\/\\\/turismo.elejido.es\\\/index.php\\\/events\\\/recreacion-historica-romana\\\/\",\"name\":\"MVRGI - Recreaci\u00f3n hist\u00f3rica romana - Turismo El Ejido\",\"isPartOf\":{\"@id\":\"https:\\\/\\\/turismo.elejido.es\\\/#website\"},\"primaryImageOfPage\":{\"@id\":\"https:\\\/\\\/turismo.elejido.es\\\/index.php\\\/events\\\/recreacion-historica-romana\\\/#primaryimage\"},\"image\":{\"@id\":\"https:\\\/\\\/turismo.elejido.es\\\/index.php\\\/events\\\/recreacion-historica-romana\\\/#primaryimage\"},\"thumbnailUrl\":\"https:\\\/\\\/turismo.elejido.es\\\/wp-content\\\/uploads\\\/2021\\\/10\\\/Recreacion-romana-Nov-2021-cuadrado-SUSPE-300x300-1.jpg\",\"datePublished\":\"2021-10-23T08:58:38+00:00\",\"dateModified\":\"2021-11-30T14:08:25+00:00\",\"breadcrumb\":{\"@id\":\"https:\\\/\\\/turismo.elejido.es\\\/index.php\\\/events\\\/recreacion-historica-romana\\\/#breadcrumb\"},\"inLanguage\":\"es\",\"potentialAction\":[{\"@type\":\"ReadAction\",\"target\":[\"https:\\\/\\\/turismo.elejido.es\\\/index.php\\\/events\\\/recreacion-historica-romana\\\/\"]}]},{\"@type\":\"ImageObject\",\"inLanguage\":\"es\",\"@id\":\"https:\\\/\\\/turismo.elejido.es\\\/index.php\\\/events\\\/recreacion-historica-romana\\\/#primaryimage\",\"url\":\"https:\\\/\\\/turismo.elejido.es\\\/wp-content\\\/uploads\\\/2021\\\/10\\\/Recreacion-romana-Nov-2021-cuadrado-SUSPE-300x300-1.jpg\",\"contentUrl\":\"https:\\\/\\\/turismo.elejido.es\\\/wp-content\\\/uploads\\\/2021\\\/10\\\/Recreacion-romana-Nov-2021-cuadrado-SUSPE-300x300-1.jpg\",\"width\":300,\"height\":300},{\"@type\":\"BreadcrumbList\",\"@id\":\"https:\\\/\\\/turismo.elejido.es\\\/index.php\\\/events\\\/recreacion-historica-romana\\\/#breadcrumb\",\"itemListElement\":[{\"@type\":\"ListItem\",\"position\":1,\"name\":\"Inicio\",\"item\":\"https:\\\/\\\/turismo.elejido.es\\\/\"},{\"@type\":\"ListItem\",\"position\":2,\"name\":\"Eventos\",\"item\":\"https:\\\/\\\/turismo.elejido.es\\\/index.php\\\/events\\\/\"},{\"@type\":\"ListItem\",\"position\":3,\"name\":\"MVRGI &#8211; Recreaci\u00f3n hist\u00f3rica romana\"}]},{\"@type\":\"WebSite\",\"@id\":\"https:\\\/\\\/turismo.elejido.es\\\/#website\",\"url\":\"https:\\\/\\\/turismo.elejido.es\\\/\",\"name\":\"Turismo El Ejido\",\"description\":\"Portal Oficial de Turismo del Municipio de El Ejido, Almerimar y Balerma situado en la costa de Almer\u00eda.\",\"publisher\":{\"@id\":\"https:\\\/\\\/turismo.elejido.es\\\/#organization\"},\"potentialAction\":[{\"@type\":\"SearchAction\",\"target\":{\"@type\":\"EntryPoint\",\"urlTemplate\":\"https:\\\/\\\/turismo.elejido.es\\\/?s={search_term_string}\"},\"query-input\":{\"@type\":\"PropertyValueSpecification\",\"valueRequired\":true,\"valueName\":\"search_term_string\"}}],\"inLanguage\":\"es\"},{\"@type\":\"Organization\",\"@id\":\"https:\\\/\\\/turismo.elejido.es\\\/#organization\",\"name\":\"Turismo El Ejido\",\"url\":\"https:\\\/\\\/turismo.elejido.es\\\/\",\"logo\":{\"@type\":\"ImageObject\",\"inLanguage\":\"es\",\"@id\":\"https:\\\/\\\/turismo.elejido.es\\\/#\\\/schema\\\/logo\\\/image\\\/\",\"url\":\"https:\\\/\\\/turismo.elejido.es\\\/wp-content\\\/uploads\\\/2020\\\/12\\\/elejidoNaranja.png\",\"contentUrl\":\"https:\\\/\\\/turismo.elejido.es\\\/wp-content\\\/uploads\\\/2020\\\/12\\\/elejidoNaranja.png\",\"width\":163,\"height\":92,\"caption\":\"Turismo El Ejido\"},\"image\":{\"@id\":\"https:\\\/\\\/turismo.elejido.es\\\/#\\\/schema\\\/logo\\\/image\\\/\"}}]}<\/script>\n<!-- \/ Yoast SEO plugin. -->","yoast_head_json":{"title":"MVRGI - Recreaci\u00f3n hist\u00f3rica romana - Turismo El Ejido","robots":{"index":"index","follow":"follow","max-snippet":"max-snippet:-1","max-image-preview":"max-image-preview:large","max-video-preview":"max-video-preview:-1"},"canonical":"https:\/\/turismo.elejido.es\/index.php\/events\/recreacion-historica-romana\/","og_locale":"es_ES","og_type":"article","og_title":"MVRGI - Recreaci\u00f3n hist\u00f3rica romana - Turismo El Ejido","og_description":"MVRGI &#8211; Recreaci\u00f3n Hist\u00f3rica Romana &#8211; Suspendido Se suspende para 2021 por razones ajenas al Ayuntamiento de El Ejido. No te pierdas la recreaci\u00f3n hist\u00f3rica de la antigua ciudad romana de Murgi. Te esperamos el s\u00e1bado 11 de diciembre en el Parque Municipal de El Ejido. M\u00e1s informaci\u00f3n en la web de Cultura El Ejido.","og_url":"https:\/\/turismo.elejido.es\/index.php\/events\/recreacion-historica-romana\/","og_site_name":"Turismo El Ejido","article_modified_time":"2021-11-30T14:08:25+00:00","og_image":[{"width":300,"height":300,"url":"https:\/\/turismo.elejido.es\/wp-content\/uploads\/2021\/10\/Recreacion-romana-Nov-2021-cuadrado-SUSPE-300x300-1.jpg","type":"image\/jpeg"}],"twitter_card":"summary_large_image","twitter_misc":{"Tiempo de lectura":"1 minuto"},"schema":{"@context":"https:\/\/schema.org","@graph":[{"@type":"WebPage","@id":"https:\/\/turismo.elejido.es\/index.php\/events\/recreacion-historica-romana\/","url":"https:\/\/turismo.elejido.es\/index.php\/events\/recreacion-historica-romana\/","name":"MVRGI - Recreaci\u00f3n hist\u00f3rica romana - Turismo El Ejido","isPartOf":{"@id":"https:\/\/turismo.elejido.es\/#website"},"primaryImageOfPage":{"@id":"https:\/\/turismo.elejido.es\/index.php\/events\/recreacion-historica-romana\/#primaryimage"},"image":{"@id":"https:\/\/turismo.elejido.es\/index.php\/events\/recreacion-historica-romana\/#primaryimage"},"thumbnailUrl":"https:\/\/turismo.elejido.es\/wp-content\/uploads\/2021\/10\/Recreacion-romana-Nov-2021-cuadrado-SUSPE-300x300-1.jpg","datePublished":"2021-10-23T08:58:38+00:00","dateModified":"2021-11-30T14:08:25+00:00","breadcrumb":{"@id":"https:\/\/turismo.elejido.es\/index.php\/events\/recreacion-historica-romana\/#breadcrumb"},"inLanguage":"es","potentialAction":[{"@type":"ReadAction","target":["https:\/\/turismo.elejido.es\/index.php\/events\/recreacion-historica-romana\/"]}]},{"@type":"ImageObject","inLanguage":"es","@id":"https:\/\/turismo.elejido.es\/index.php\/events\/recreacion-historica-romana\/#primaryimage","url":"https:\/\/turismo.elejido.es\/wp-content\/uploads\/2021\/10\/Recreacion-romana-Nov-2021-cuadrado-SUSPE-300x300-1.jpg","contentUrl":"https:\/\/turismo.elejido.es\/wp-content\/uploads\/2021\/10\/Recreacion-romana-Nov-2021-cuadrado-SUSPE-300x300-1.jpg","width":300,"height":300},{"@type":"BreadcrumbList","@id":"https:\/\/turismo.elejido.es\/index.php\/events\/recreacion-historica-romana\/#breadcrumb","itemListElement":[{"@type":"ListItem","position":1,"name":"Inicio","item":"https:\/\/turismo.elejido.es\/"},{"@type":"ListItem","position":2,"name":"Eventos","item":"https:\/\/turismo.elejido.es\/index.php\/events\/"},{"@type":"ListItem","position":3,"name":"MVRGI &#8211; Recreaci\u00f3n hist\u00f3rica romana"}]},{"@type":"WebSite","@id":"https:\/\/turismo.elejido.es\/#website","url":"https:\/\/turismo.elejido.es\/","name":"Turismo El Ejido","description":"Portal Oficial de Turismo del Municipio de El Ejido, Almerimar y Balerma situado en la costa de Almer\u00eda.","publisher":{"@id":"https:\/\/turismo.elejido.es\/#organization"},"potentialAction":[{"@type":"SearchAction","target":{"@type":"EntryPoint","urlTemplate":"https:\/\/turismo.elejido.es\/?s={search_term_string}"},"query-input":{"@type":"PropertyValueSpecification","valueRequired":true,"valueName":"search_term_string"}}],"inLanguage":"es"},{"@type":"Organization","@id":"https:\/\/turismo.elejido.es\/#organization","name":"Turismo El Ejido","url":"https:\/\/turismo.elejido.es\/","logo":{"@type":"ImageObject","inLanguage":"es","@id":"https:\/\/turismo.elejido.es\/#\/schema\/logo\/image\/","url":"https:\/\/turismo.elejido.es\/wp-content\/uploads\/2020\/12\/elejidoNaranja.png","contentUrl":"https:\/\/turismo.elejido.es\/wp-content\/uploads\/2020\/12\/elejidoNaranja.png","width":163,"height":92,"caption":"Turismo El Ejido"},"image":{"@id":"https:\/\/turismo.elejido.es\/#\/schema\/logo\/image\/"}}]}},"_links":{"self":[{"href":"https:\/\/turismo.elejido.es\/index.php\/wp-json\/wp\/v2\/mec-events\/17046","targetHints":{"allow":["GET"]}}],"collection":[{"href":"https:\/\/turismo.elejido.es\/index.php\/wp-json\/wp\/v2\/mec-events"}],"about":[{"href":"https:\/\/turismo.elejido.es\/index.php\/wp-json\/wp\/v2\/types\/mec-events"}],"author":[{"embeddable":true,"href":"https:\/\/turismo.elejido.es\/index.php\/wp-json\/wp\/v2\/users\/5"}],"replies":[{"embeddable":true,"href":"https:\/\/turismo.elejido.es\/index.php\/wp-json\/wp\/v2\/comments?post=17046"}],"wp:featuredmedia":[{"embeddable":true,"href":"https:\/\/turismo.elejido.es\/index.php\/wp-json\/wp\/v2\/media\/17419"}],"wp:attachment":[{"href":"https:\/\/turismo.elejido.es\/index.php\/wp-json\/wp\/v2\/media?parent=17046"}],"wp:term":[{"taxonomy":"post_tag","embeddable":true,"href":"https:\/\/turismo.elejido.es\/index.php\/wp-json\/wp\/v2\/tags?post=17046"},{"taxonomy":"mec_category","embeddable":true,"href":"https:\/\/turismo.elejido.es\/index.php\/wp-json\/wp\/v2\/mec_category?post=17046"}],"curies":[{"name":"wp","href":"https:\/\/api.w.org\/{rel}","templated":true}]}}