{"id":17662,"date":"2021-12-20T12:28:46","date_gmt":"2021-12-20T11:28:46","guid":{"rendered":"https:\/\/turismo.elejido.es\/?post_type=mec-events&#038;p=17662"},"modified":"2021-12-20T12:30:51","modified_gmt":"2021-12-20T11:30:51","slug":"plantilla-eventos-503","status":"publish","type":"mec-events","link":"https:\/\/turismo.elejido.es\/index.php\/events\/plantilla-eventos-503\/","title":{"rendered":"C\u00f3mo conoc\u00ed a mi suegra"},"content":{"rendered":"\n<div class=\"wp-block-nk-awb nk-awb alturaSlider is-layout-constrained wp-block-nk-awb-is-layout-constrained\"><div class=\"nk-awb-wrap\" data-awb-type=\"image\" data-awb-image-background-size=\"cover\" data-awb-image-background-position=\"49% 57%\" data-awb-parallax=\"scroll\" data-awb-parallax-speed=\"0.5\" data-awb-parallax-mobile=\"false\"><div class=\"nk-awb-inner\"><img loading=\"lazy\" decoding=\"async\" src=\"https:\/\/app.elejido.es\/turismo\/wp-content\/uploads\/2021\/12\/co\u0301mo-conoci\u0301-a-mi-suegra.jpeg\" class=\"wp-image-17664 jarallax-img\" width=\"1334\" height=\"1334\" srcset=\"https:\/\/turismo.elejido.es\/wp-content\/uploads\/2021\/12\/co\u0301mo-conoci\u0301-a-mi-suegra.jpeg 1334w, https:\/\/turismo.elejido.es\/wp-content\/uploads\/2021\/12\/co\u0301mo-conoci\u0301-a-mi-suegra-500x500.jpeg 500w, https:\/\/turismo.elejido.es\/wp-content\/uploads\/2021\/12\/co\u0301mo-conoci\u0301-a-mi-suegra-1080x1080.jpeg 1080w, https:\/\/turismo.elejido.es\/wp-content\/uploads\/2021\/12\/co\u0301mo-conoci\u0301-a-mi-suegra-150x150.jpeg 150w, https:\/\/turismo.elejido.es\/wp-content\/uploads\/2021\/12\/co\u0301mo-conoci\u0301-a-mi-suegra-768x768.jpeg 768w, https:\/\/turismo.elejido.es\/wp-content\/uploads\/2021\/12\/co\u0301mo-conoci\u0301-a-mi-suegra-300x300.jpeg 300w, https:\/\/turismo.elejido.es\/wp-content\/uploads\/2021\/12\/co\u0301mo-conoci\u0301-a-mi-suegra-800x800.jpeg 800w, https:\/\/turismo.elejido.es\/wp-content\/uploads\/2021\/12\/co\u0301mo-conoci\u0301-a-mi-suegra-1280x1280.jpeg 1280w, https:\/\/turismo.elejido.es\/wp-content\/uploads\/2021\/12\/co\u0301mo-conoci\u0301-a-mi-suegra-600x600.jpeg 600w\" sizes=\"auto, (max-width: 1334px) 100vw, 1334px\" \/><\/div><\/div><\/div>\n\n\n\n<div style=\"height:40px\" aria-hidden=\"true\" class=\"wp-block-spacer\"><\/div>\n\n\n<div class=\"breadcrumbs align  wp-block-bcn-breadcrumb-trail has-text-color has-background\" vocab=\"https:\/\/schema.org\/\" typeof=\"BreadcrumbList\">\n\t<span><\/span>\n\t<span property=\"itemListElement\" typeof=\"ListItem\"><a property=\"item\" typeof=\"WebPage\" title=\"Ir a Turismo El Ejido.\" href=\"https:\/\/turismo.elejido.es\" class=\"home\" aria-current=\"page\"><span property=\"name\">Turismo El Ejido<\/span><\/a><meta property=\"position\" content=\"1\"><\/span><\/div>\n\n\n\n<div style=\"height:50px\" aria-hidden=\"true\" class=\"wp-block-spacer\"><\/div>\n\n\n\n<h1 class=\"wp-block-heading\">C\u00f3mo conoc\u00ed a mi suegra<\/h1>\n\n\n\n<div style=\"height:25px\" aria-hidden=\"true\" class=\"wp-block-spacer\"><\/div>\n\n\n\n<p>Ismael Lemais y La Kiskillosa presentan un espect\u00e1culo de mon\u00f3logos sobre la vida cotidiana con mucho humor. <em>C\u00f3mo conoc\u00ed a mi suegra<\/em> es un an\u00e1lisis en clave de humor de la relaci\u00f3n de esta pareja de influencers sevillana. M\u00e1s informaci\u00f3n en la web <a href=\"https:\/\/culturaelejido.sacatuentrada.es\/es\/productos\/descripcion\/como-conoci-a-mi-suegra\">Cultura El Ejido<\/a>.<\/p>\n\n\n\n<div style=\"height:70px\" aria-hidden=\"true\" class=\"wp-block-spacer\"><\/div>\n\n\n\n<iframe loading=\"lazy\" src=\"https:\/\/www.google.com\/maps\/embed?pb=!1m18!1m12!1m3!1d3195.917232437798!2d-2.8134390843673565!3d36.77255297695444!2m3!1f0!2f0!3f0!3m2!1i1024!2i768!4f13.1!3m3!1m2!1s0xd7042e41b5ae8cf%3A0xde223dcab6eb62f3!2sAuditorio%20de%20El%20Ejido%20-%20%C3%81rea%20de%20Cultura!5e0!3m2!1ses-419!2ses!4v1611826219784!5m2!1ses-419!2ses\" width=\"600\" height=\"450\" frameborder=\"0\" style=\"border:0;\" allowfullscreen=\"\" aria-hidden=\"false\" tabindex=\"0\"><\/iframe>\n","protected":false},"excerpt":{"rendered":"<p>C\u00f3mo conoc\u00ed a mi suegra Ismael Lemais y La Kiskillosa presentan un espect\u00e1culo de mon\u00f3logos sobre la vida cotidiana con mucho humor. C\u00f3mo conoc\u00ed a mi suegra es un an\u00e1lisis en clave de humor de la relaci\u00f3n de esta pareja de influencers sevillana. M\u00e1s informaci\u00f3n en la web Cultura El Ejido.<\/p>\n","protected":false},"author":5,"featured_media":17664,"comment_status":"closed","ping_status":"closed","template":"","tags":[],"mec_category":[101],"class_list":["post-17662","mec-events","type-mec-events","status-publish","has-post-thumbnail","hentry","mec_category-teatro","entry","has-media"],"yoast_head":"<!-- This site is optimized with the Yoast SEO plugin v27.4 - https:\/\/yoast.com\/product\/yoast-seo-wordpress\/ -->\n<title>C\u00f3mo conoc\u00ed a mi suegra - Turismo El Ejido<\/title>\n<meta name=\"robots\" content=\"index, follow, max-snippet:-1, max-image-preview:large, max-video-preview:-1\" \/>\n<link rel=\"canonical\" href=\"https:\/\/turismo.elejido.es\/index.php\/events\/plantilla-eventos-503\/\" \/>\n<meta property=\"og:locale\" content=\"es_ES\" \/>\n<meta property=\"og:type\" content=\"article\" \/>\n<meta property=\"og:title\" content=\"C\u00f3mo conoc\u00ed a mi suegra - Turismo El Ejido\" \/>\n<meta property=\"og:description\" content=\"C\u00f3mo conoc\u00ed a mi suegra Ismael Lemais y La Kiskillosa presentan un espect\u00e1culo de mon\u00f3logos sobre la vida cotidiana con mucho humor. C\u00f3mo conoc\u00ed a mi suegra es un an\u00e1lisis en clave de humor de la relaci\u00f3n de esta pareja de influencers sevillana. M\u00e1s informaci\u00f3n en la web Cultura El Ejido.\" \/>\n<meta property=\"og:url\" content=\"https:\/\/turismo.elejido.es\/index.php\/events\/plantilla-eventos-503\/\" \/>\n<meta property=\"og:site_name\" content=\"Turismo El Ejido\" \/>\n<meta property=\"article:modified_time\" content=\"2021-12-20T11:30:51+00:00\" \/>\n<meta property=\"og:image\" content=\"https:\/\/turismo.elejido.es\/wp-content\/uploads\/2021\/12\/co\u0301mo-conoci\u0301-a-mi-suegra.jpeg\" \/>\n\t<meta property=\"og:image:width\" content=\"1334\" \/>\n\t<meta property=\"og:image:height\" content=\"1334\" \/>\n\t<meta property=\"og:image:type\" content=\"image\/jpeg\" \/>\n<meta name=\"twitter:card\" content=\"summary_large_image\" \/>\n<meta name=\"twitter:label1\" content=\"Tiempo de lectura\" \/>\n\t<meta name=\"twitter:data1\" content=\"1 minuto\" \/>\n<script type=\"application\/ld+json\" class=\"yoast-schema-graph\">{\"@context\":\"https:\\\/\\\/schema.org\",\"@graph\":[{\"@type\":\"WebPage\",\"@id\":\"https:\\\/\\\/turismo.elejido.es\\\/index.php\\\/events\\\/plantilla-eventos-503\\\/\",\"url\":\"https:\\\/\\\/turismo.elejido.es\\\/index.php\\\/events\\\/plantilla-eventos-503\\\/\",\"name\":\"C\u00f3mo conoc\u00ed a mi suegra - Turismo El Ejido\",\"isPartOf\":{\"@id\":\"https:\\\/\\\/turismo.elejido.es\\\/#website\"},\"primaryImageOfPage\":{\"@id\":\"https:\\\/\\\/turismo.elejido.es\\\/index.php\\\/events\\\/plantilla-eventos-503\\\/#primaryimage\"},\"image\":{\"@id\":\"https:\\\/\\\/turismo.elejido.es\\\/index.php\\\/events\\\/plantilla-eventos-503\\\/#primaryimage\"},\"thumbnailUrl\":\"https:\\\/\\\/turismo.elejido.es\\\/wp-content\\\/uploads\\\/2021\\\/12\\\/co\u0301mo-conoci\u0301-a-mi-suegra.jpeg\",\"datePublished\":\"2021-12-20T11:28:46+00:00\",\"dateModified\":\"2021-12-20T11:30:51+00:00\",\"breadcrumb\":{\"@id\":\"https:\\\/\\\/turismo.elejido.es\\\/index.php\\\/events\\\/plantilla-eventos-503\\\/#breadcrumb\"},\"inLanguage\":\"es\",\"potentialAction\":[{\"@type\":\"ReadAction\",\"target\":[\"https:\\\/\\\/turismo.elejido.es\\\/index.php\\\/events\\\/plantilla-eventos-503\\\/\"]}]},{\"@type\":\"ImageObject\",\"inLanguage\":\"es\",\"@id\":\"https:\\\/\\\/turismo.elejido.es\\\/index.php\\\/events\\\/plantilla-eventos-503\\\/#primaryimage\",\"url\":\"https:\\\/\\\/turismo.elejido.es\\\/wp-content\\\/uploads\\\/2021\\\/12\\\/co\u0301mo-conoci\u0301-a-mi-suegra.jpeg\",\"contentUrl\":\"https:\\\/\\\/turismo.elejido.es\\\/wp-content\\\/uploads\\\/2021\\\/12\\\/co\u0301mo-conoci\u0301-a-mi-suegra.jpeg\",\"width\":1334,\"height\":1334},{\"@type\":\"BreadcrumbList\",\"@id\":\"https:\\\/\\\/turismo.elejido.es\\\/index.php\\\/events\\\/plantilla-eventos-503\\\/#breadcrumb\",\"itemListElement\":[{\"@type\":\"ListItem\",\"position\":1,\"name\":\"Inicio\",\"item\":\"https:\\\/\\\/turismo.elejido.es\\\/\"},{\"@type\":\"ListItem\",\"position\":2,\"name\":\"Eventos\",\"item\":\"https:\\\/\\\/turismo.elejido.es\\\/index.php\\\/events\\\/\"},{\"@type\":\"ListItem\",\"position\":3,\"name\":\"C\u00f3mo conoc\u00ed a mi suegra\"}]},{\"@type\":\"WebSite\",\"@id\":\"https:\\\/\\\/turismo.elejido.es\\\/#website\",\"url\":\"https:\\\/\\\/turismo.elejido.es\\\/\",\"name\":\"Turismo El Ejido\",\"description\":\"Portal Oficial de Turismo del Municipio de El Ejido, Almerimar y Balerma situado en la costa de Almer\u00eda.\",\"publisher\":{\"@id\":\"https:\\\/\\\/turismo.elejido.es\\\/#organization\"},\"potentialAction\":[{\"@type\":\"SearchAction\",\"target\":{\"@type\":\"EntryPoint\",\"urlTemplate\":\"https:\\\/\\\/turismo.elejido.es\\\/?s={search_term_string}\"},\"query-input\":{\"@type\":\"PropertyValueSpecification\",\"valueRequired\":true,\"valueName\":\"search_term_string\"}}],\"inLanguage\":\"es\"},{\"@type\":\"Organization\",\"@id\":\"https:\\\/\\\/turismo.elejido.es\\\/#organization\",\"name\":\"Turismo El Ejido\",\"url\":\"https:\\\/\\\/turismo.elejido.es\\\/\",\"logo\":{\"@type\":\"ImageObject\",\"inLanguage\":\"es\",\"@id\":\"https:\\\/\\\/turismo.elejido.es\\\/#\\\/schema\\\/logo\\\/image\\\/\",\"url\":\"https:\\\/\\\/turismo.elejido.es\\\/wp-content\\\/uploads\\\/2020\\\/12\\\/elejidoNaranja.png\",\"contentUrl\":\"https:\\\/\\\/turismo.elejido.es\\\/wp-content\\\/uploads\\\/2020\\\/12\\\/elejidoNaranja.png\",\"width\":163,\"height\":92,\"caption\":\"Turismo El Ejido\"},\"image\":{\"@id\":\"https:\\\/\\\/turismo.elejido.es\\\/#\\\/schema\\\/logo\\\/image\\\/\"}}]}<\/script>\n<!-- \/ Yoast SEO plugin. -->","yoast_head_json":{"title":"C\u00f3mo conoc\u00ed a mi suegra - Turismo El Ejido","robots":{"index":"index","follow":"follow","max-snippet":"max-snippet:-1","max-image-preview":"max-image-preview:large","max-video-preview":"max-video-preview:-1"},"canonical":"https:\/\/turismo.elejido.es\/index.php\/events\/plantilla-eventos-503\/","og_locale":"es_ES","og_type":"article","og_title":"C\u00f3mo conoc\u00ed a mi suegra - Turismo El Ejido","og_description":"C\u00f3mo conoc\u00ed a mi suegra Ismael Lemais y La Kiskillosa presentan un espect\u00e1culo de mon\u00f3logos sobre la vida cotidiana con mucho humor. C\u00f3mo conoc\u00ed a mi suegra es un an\u00e1lisis en clave de humor de la relaci\u00f3n de esta pareja de influencers sevillana. M\u00e1s informaci\u00f3n en la web Cultura El Ejido.","og_url":"https:\/\/turismo.elejido.es\/index.php\/events\/plantilla-eventos-503\/","og_site_name":"Turismo El Ejido","article_modified_time":"2021-12-20T11:30:51+00:00","og_image":[{"width":1334,"height":1334,"url":"https:\/\/turismo.elejido.es\/wp-content\/uploads\/2021\/12\/co\u0301mo-conoci\u0301-a-mi-suegra.jpeg","type":"image\/jpeg"}],"twitter_card":"summary_large_image","twitter_misc":{"Tiempo de lectura":"1 minuto"},"schema":{"@context":"https:\/\/schema.org","@graph":[{"@type":"WebPage","@id":"https:\/\/turismo.elejido.es\/index.php\/events\/plantilla-eventos-503\/","url":"https:\/\/turismo.elejido.es\/index.php\/events\/plantilla-eventos-503\/","name":"C\u00f3mo conoc\u00ed a mi suegra - Turismo El Ejido","isPartOf":{"@id":"https:\/\/turismo.elejido.es\/#website"},"primaryImageOfPage":{"@id":"https:\/\/turismo.elejido.es\/index.php\/events\/plantilla-eventos-503\/#primaryimage"},"image":{"@id":"https:\/\/turismo.elejido.es\/index.php\/events\/plantilla-eventos-503\/#primaryimage"},"thumbnailUrl":"https:\/\/turismo.elejido.es\/wp-content\/uploads\/2021\/12\/co\u0301mo-conoci\u0301-a-mi-suegra.jpeg","datePublished":"2021-12-20T11:28:46+00:00","dateModified":"2021-12-20T11:30:51+00:00","breadcrumb":{"@id":"https:\/\/turismo.elejido.es\/index.php\/events\/plantilla-eventos-503\/#breadcrumb"},"inLanguage":"es","potentialAction":[{"@type":"ReadAction","target":["https:\/\/turismo.elejido.es\/index.php\/events\/plantilla-eventos-503\/"]}]},{"@type":"ImageObject","inLanguage":"es","@id":"https:\/\/turismo.elejido.es\/index.php\/events\/plantilla-eventos-503\/#primaryimage","url":"https:\/\/turismo.elejido.es\/wp-content\/uploads\/2021\/12\/co\u0301mo-conoci\u0301-a-mi-suegra.jpeg","contentUrl":"https:\/\/turismo.elejido.es\/wp-content\/uploads\/2021\/12\/co\u0301mo-conoci\u0301-a-mi-suegra.jpeg","width":1334,"height":1334},{"@type":"BreadcrumbList","@id":"https:\/\/turismo.elejido.es\/index.php\/events\/plantilla-eventos-503\/#breadcrumb","itemListElement":[{"@type":"ListItem","position":1,"name":"Inicio","item":"https:\/\/turismo.elejido.es\/"},{"@type":"ListItem","position":2,"name":"Eventos","item":"https:\/\/turismo.elejido.es\/index.php\/events\/"},{"@type":"ListItem","position":3,"name":"C\u00f3mo conoc\u00ed a mi suegra"}]},{"@type":"WebSite","@id":"https:\/\/turismo.elejido.es\/#website","url":"https:\/\/turismo.elejido.es\/","name":"Turismo El Ejido","description":"Portal Oficial de Turismo del Municipio de El Ejido, Almerimar y Balerma situado en la costa de Almer\u00eda.","publisher":{"@id":"https:\/\/turismo.elejido.es\/#organization"},"potentialAction":[{"@type":"SearchAction","target":{"@type":"EntryPoint","urlTemplate":"https:\/\/turismo.elejido.es\/?s={search_term_string}"},"query-input":{"@type":"PropertyValueSpecification","valueRequired":true,"valueName":"search_term_string"}}],"inLanguage":"es"},{"@type":"Organization","@id":"https:\/\/turismo.elejido.es\/#organization","name":"Turismo El Ejido","url":"https:\/\/turismo.elejido.es\/","logo":{"@type":"ImageObject","inLanguage":"es","@id":"https:\/\/turismo.elejido.es\/#\/schema\/logo\/image\/","url":"https:\/\/turismo.elejido.es\/wp-content\/uploads\/2020\/12\/elejidoNaranja.png","contentUrl":"https:\/\/turismo.elejido.es\/wp-content\/uploads\/2020\/12\/elejidoNaranja.png","width":163,"height":92,"caption":"Turismo El Ejido"},"image":{"@id":"https:\/\/turismo.elejido.es\/#\/schema\/logo\/image\/"}}]}},"_links":{"self":[{"href":"https:\/\/turismo.elejido.es\/index.php\/wp-json\/wp\/v2\/mec-events\/17662","targetHints":{"allow":["GET"]}}],"collection":[{"href":"https:\/\/turismo.elejido.es\/index.php\/wp-json\/wp\/v2\/mec-events"}],"about":[{"href":"https:\/\/turismo.elejido.es\/index.php\/wp-json\/wp\/v2\/types\/mec-events"}],"author":[{"embeddable":true,"href":"https:\/\/turismo.elejido.es\/index.php\/wp-json\/wp\/v2\/users\/5"}],"replies":[{"embeddable":true,"href":"https:\/\/turismo.elejido.es\/index.php\/wp-json\/wp\/v2\/comments?post=17662"}],"wp:featuredmedia":[{"embeddable":true,"href":"https:\/\/turismo.elejido.es\/index.php\/wp-json\/wp\/v2\/media\/17664"}],"wp:attachment":[{"href":"https:\/\/turismo.elejido.es\/index.php\/wp-json\/wp\/v2\/media?parent=17662"}],"wp:term":[{"taxonomy":"post_tag","embeddable":true,"href":"https:\/\/turismo.elejido.es\/index.php\/wp-json\/wp\/v2\/tags?post=17662"},{"taxonomy":"mec_category","embeddable":true,"href":"https:\/\/turismo.elejido.es\/index.php\/wp-json\/wp\/v2\/mec_category?post=17662"}],"curies":[{"name":"wp","href":"https:\/\/api.w.org\/{rel}","templated":true}]}}