{"id":17962,"date":"2022-03-10T13:23:21","date_gmt":"2022-03-10T12:23:21","guid":{"rendered":"https:\/\/turismo.elejido.es\/?post_type=mec-events&#038;p=17962"},"modified":"2022-03-10T13:23:23","modified_gmt":"2022-03-10T12:23:23","slug":"plantilla-eventos-503-712-852","status":"publish","type":"mec-events","link":"https:\/\/turismo.elejido.es\/index.php\/events\/plantilla-eventos-503-712-852\/","title":{"rendered":"\u00abTropical Summer\u00bb &#8211; Uili So"},"content":{"rendered":"\n<div class=\"wp-block-nk-awb nk-awb alturaSlider is-layout-constrained wp-block-nk-awb-is-layout-constrained\"><div class=\"nk-awb-wrap\" data-awb-type=\"image\" data-awb-image-background-size=\"cover\" data-awb-image-background-position=\"50% 46%\" data-awb-parallax=\"scroll\" data-awb-parallax-speed=\"0.5\" data-awb-parallax-mobile=\"false\"><div class=\"nk-awb-inner\"><img loading=\"lazy\" decoding=\"async\" src=\"https:\/\/app.elejido.es\/turismo\/wp-content\/uploads\/2022\/03\/0512-Tropical-Summer-cuadrado-cartel-768x768-1.jpg\" class=\"wp-image-17964 jarallax-img\" width=\"768\" height=\"768\" srcset=\"https:\/\/turismo.elejido.es\/wp-content\/uploads\/2022\/03\/0512-Tropical-Summer-cuadrado-cartel-768x768-1.jpg 768w, https:\/\/turismo.elejido.es\/wp-content\/uploads\/2022\/03\/0512-Tropical-Summer-cuadrado-cartel-768x768-1-500x500.jpg 500w, https:\/\/turismo.elejido.es\/wp-content\/uploads\/2022\/03\/0512-Tropical-Summer-cuadrado-cartel-768x768-1-150x150.jpg 150w, https:\/\/turismo.elejido.es\/wp-content\/uploads\/2022\/03\/0512-Tropical-Summer-cuadrado-cartel-768x768-1-300x300.jpg 300w, https:\/\/turismo.elejido.es\/wp-content\/uploads\/2022\/03\/0512-Tropical-Summer-cuadrado-cartel-768x768-1-600x600.jpg 600w\" sizes=\"auto, (max-width: 768px) 100vw, 768px\" \/><\/div><\/div><\/div>\n\n\n\n<div style=\"height:40px\" aria-hidden=\"true\" class=\"wp-block-spacer\"><\/div>\n\n\n<div class=\"breadcrumbs align  wp-block-bcn-breadcrumb-trail has-text-color has-background\" vocab=\"https:\/\/schema.org\/\" typeof=\"BreadcrumbList\">\n\t<span><\/span>\n\t<span property=\"itemListElement\" typeof=\"ListItem\"><a property=\"item\" typeof=\"WebPage\" title=\"Ir a Turismo El Ejido.\" href=\"https:\/\/turismo.elejido.es\" class=\"home\" aria-current=\"page\"><span property=\"name\">Turismo El Ejido<\/span><\/a><meta property=\"position\" content=\"1\"><\/span><\/div>\n\n\n\n<div style=\"height:50px\" aria-hidden=\"true\" class=\"wp-block-spacer\"><\/div>\n\n\n\n<h1 class=\"wp-block-heading\">\u00abTropical Summer\u00bb &#8211; Uili So<\/h1>\n\n\n\n<div style=\"height:25px\" aria-hidden=\"true\" class=\"wp-block-spacer\"><\/div>\n\n\n\n<p>El objetivo de este espect\u00e1culo es divertirse desde el principio hasta el final, utilizando t\u00e9cnicas de circo como malabares, rueda de circo, acrobacias y mucho humor.<\/p>\n\n\n\n<p>M\u00e1s informaci\u00f3n en la web <a href=\"https:\/\/cultura.elejido.es\/\">Cultura El Ejido<\/a>. <\/p>\n\n\n\n<div style=\"height:70px\" aria-hidden=\"true\" class=\"wp-block-spacer\"><\/div>\n","protected":false},"excerpt":{"rendered":"<p>\u00abTropical Summer\u00bb &#8211; Uili So El objetivo de este espect\u00e1culo es divertirse desde el principio hasta el final, utilizando t\u00e9cnicas de circo como malabares, rueda de circo, acrobacias y mucho humor. M\u00e1s informaci\u00f3n en la web Cultura El Ejido.<\/p>\n","protected":false},"author":5,"featured_media":17964,"comment_status":"closed","ping_status":"closed","template":"","tags":[],"mec_category":[101],"class_list":["post-17962","mec-events","type-mec-events","status-publish","has-post-thumbnail","hentry","mec_category-teatro","entry","has-media"],"yoast_head":"<!-- This site is optimized with the Yoast SEO plugin v27.4 - https:\/\/yoast.com\/product\/yoast-seo-wordpress\/ -->\n<title>&quot;Tropical Summer&quot; - Uili So - Turismo El Ejido<\/title>\n<meta name=\"description\" content=\"No te pierdas el show Tropical Summer de Uili So que tendr\u00e1 lugar en varias localizaciones del municipio de El Ejido.\" \/>\n<meta name=\"robots\" content=\"index, follow, max-snippet:-1, max-image-preview:large, max-video-preview:-1\" \/>\n<link rel=\"canonical\" href=\"https:\/\/turismo.elejido.es\/index.php\/events\/plantilla-eventos-503-712-852\/\" \/>\n<meta property=\"og:locale\" content=\"es_ES\" \/>\n<meta property=\"og:type\" content=\"article\" \/>\n<meta property=\"og:title\" content=\"&quot;Tropical Summer&quot; - Uili So - Turismo El Ejido\" \/>\n<meta property=\"og:description\" content=\"No te pierdas el show Tropical Summer de Uili So que tendr\u00e1 lugar en varias localizaciones del municipio de El Ejido.\" \/>\n<meta property=\"og:url\" content=\"https:\/\/turismo.elejido.es\/index.php\/events\/plantilla-eventos-503-712-852\/\" \/>\n<meta property=\"og:site_name\" content=\"Turismo El Ejido\" \/>\n<meta property=\"article:modified_time\" content=\"2022-03-10T12:23:23+00:00\" \/>\n<meta property=\"og:image\" content=\"https:\/\/turismo.elejido.es\/wp-content\/uploads\/2022\/03\/0512-Tropical-Summer-cuadrado-cartel-768x768-1.jpg\" \/>\n\t<meta property=\"og:image:width\" content=\"768\" \/>\n\t<meta property=\"og:image:height\" content=\"768\" \/>\n\t<meta property=\"og:image:type\" content=\"image\/jpeg\" \/>\n<meta name=\"twitter:card\" content=\"summary_large_image\" \/>\n<meta name=\"twitter:label1\" content=\"Tiempo de lectura\" \/>\n\t<meta name=\"twitter:data1\" content=\"1 minuto\" \/>\n<script type=\"application\/ld+json\" class=\"yoast-schema-graph\">{\"@context\":\"https:\\\/\\\/schema.org\",\"@graph\":[{\"@type\":\"WebPage\",\"@id\":\"https:\\\/\\\/turismo.elejido.es\\\/index.php\\\/events\\\/plantilla-eventos-503-712-852\\\/\",\"url\":\"https:\\\/\\\/turismo.elejido.es\\\/index.php\\\/events\\\/plantilla-eventos-503-712-852\\\/\",\"name\":\"\\\"Tropical Summer\\\" - Uili So - Turismo El Ejido\",\"isPartOf\":{\"@id\":\"https:\\\/\\\/turismo.elejido.es\\\/#website\"},\"primaryImageOfPage\":{\"@id\":\"https:\\\/\\\/turismo.elejido.es\\\/index.php\\\/events\\\/plantilla-eventos-503-712-852\\\/#primaryimage\"},\"image\":{\"@id\":\"https:\\\/\\\/turismo.elejido.es\\\/index.php\\\/events\\\/plantilla-eventos-503-712-852\\\/#primaryimage\"},\"thumbnailUrl\":\"https:\\\/\\\/turismo.elejido.es\\\/wp-content\\\/uploads\\\/2022\\\/03\\\/0512-Tropical-Summer-cuadrado-cartel-768x768-1.jpg\",\"datePublished\":\"2022-03-10T12:23:21+00:00\",\"dateModified\":\"2022-03-10T12:23:23+00:00\",\"description\":\"No te pierdas el show Tropical Summer de Uili So que tendr\u00e1 lugar en varias localizaciones del municipio de El Ejido.\",\"breadcrumb\":{\"@id\":\"https:\\\/\\\/turismo.elejido.es\\\/index.php\\\/events\\\/plantilla-eventos-503-712-852\\\/#breadcrumb\"},\"inLanguage\":\"es\",\"potentialAction\":[{\"@type\":\"ReadAction\",\"target\":[\"https:\\\/\\\/turismo.elejido.es\\\/index.php\\\/events\\\/plantilla-eventos-503-712-852\\\/\"]}]},{\"@type\":\"ImageObject\",\"inLanguage\":\"es\",\"@id\":\"https:\\\/\\\/turismo.elejido.es\\\/index.php\\\/events\\\/plantilla-eventos-503-712-852\\\/#primaryimage\",\"url\":\"https:\\\/\\\/turismo.elejido.es\\\/wp-content\\\/uploads\\\/2022\\\/03\\\/0512-Tropical-Summer-cuadrado-cartel-768x768-1.jpg\",\"contentUrl\":\"https:\\\/\\\/turismo.elejido.es\\\/wp-content\\\/uploads\\\/2022\\\/03\\\/0512-Tropical-Summer-cuadrado-cartel-768x768-1.jpg\",\"width\":768,\"height\":768},{\"@type\":\"BreadcrumbList\",\"@id\":\"https:\\\/\\\/turismo.elejido.es\\\/index.php\\\/events\\\/plantilla-eventos-503-712-852\\\/#breadcrumb\",\"itemListElement\":[{\"@type\":\"ListItem\",\"position\":1,\"name\":\"Inicio\",\"item\":\"https:\\\/\\\/turismo.elejido.es\\\/\"},{\"@type\":\"ListItem\",\"position\":2,\"name\":\"Eventos\",\"item\":\"https:\\\/\\\/turismo.elejido.es\\\/index.php\\\/events\\\/\"},{\"@type\":\"ListItem\",\"position\":3,\"name\":\"\u00abTropical Summer\u00bb &#8211; Uili So\"}]},{\"@type\":\"WebSite\",\"@id\":\"https:\\\/\\\/turismo.elejido.es\\\/#website\",\"url\":\"https:\\\/\\\/turismo.elejido.es\\\/\",\"name\":\"Turismo El Ejido\",\"description\":\"Portal Oficial de Turismo del Municipio de El Ejido, Almerimar y Balerma situado en la costa de Almer\u00eda.\",\"publisher\":{\"@id\":\"https:\\\/\\\/turismo.elejido.es\\\/#organization\"},\"potentialAction\":[{\"@type\":\"SearchAction\",\"target\":{\"@type\":\"EntryPoint\",\"urlTemplate\":\"https:\\\/\\\/turismo.elejido.es\\\/?s={search_term_string}\"},\"query-input\":{\"@type\":\"PropertyValueSpecification\",\"valueRequired\":true,\"valueName\":\"search_term_string\"}}],\"inLanguage\":\"es\"},{\"@type\":\"Organization\",\"@id\":\"https:\\\/\\\/turismo.elejido.es\\\/#organization\",\"name\":\"Turismo El Ejido\",\"url\":\"https:\\\/\\\/turismo.elejido.es\\\/\",\"logo\":{\"@type\":\"ImageObject\",\"inLanguage\":\"es\",\"@id\":\"https:\\\/\\\/turismo.elejido.es\\\/#\\\/schema\\\/logo\\\/image\\\/\",\"url\":\"https:\\\/\\\/turismo.elejido.es\\\/wp-content\\\/uploads\\\/2020\\\/12\\\/elejidoNaranja.png\",\"contentUrl\":\"https:\\\/\\\/turismo.elejido.es\\\/wp-content\\\/uploads\\\/2020\\\/12\\\/elejidoNaranja.png\",\"width\":163,\"height\":92,\"caption\":\"Turismo El Ejido\"},\"image\":{\"@id\":\"https:\\\/\\\/turismo.elejido.es\\\/#\\\/schema\\\/logo\\\/image\\\/\"}}]}<\/script>\n<!-- \/ Yoast SEO plugin. -->","yoast_head_json":{"title":"\"Tropical Summer\" - Uili So - Turismo El Ejido","description":"No te pierdas el show Tropical Summer de Uili So que tendr\u00e1 lugar en varias localizaciones del municipio de El Ejido.","robots":{"index":"index","follow":"follow","max-snippet":"max-snippet:-1","max-image-preview":"max-image-preview:large","max-video-preview":"max-video-preview:-1"},"canonical":"https:\/\/turismo.elejido.es\/index.php\/events\/plantilla-eventos-503-712-852\/","og_locale":"es_ES","og_type":"article","og_title":"\"Tropical Summer\" - Uili So - Turismo El Ejido","og_description":"No te pierdas el show Tropical Summer de Uili So que tendr\u00e1 lugar en varias localizaciones del municipio de El Ejido.","og_url":"https:\/\/turismo.elejido.es\/index.php\/events\/plantilla-eventos-503-712-852\/","og_site_name":"Turismo El Ejido","article_modified_time":"2022-03-10T12:23:23+00:00","og_image":[{"width":768,"height":768,"url":"https:\/\/turismo.elejido.es\/wp-content\/uploads\/2022\/03\/0512-Tropical-Summer-cuadrado-cartel-768x768-1.jpg","type":"image\/jpeg"}],"twitter_card":"summary_large_image","twitter_misc":{"Tiempo de lectura":"1 minuto"},"schema":{"@context":"https:\/\/schema.org","@graph":[{"@type":"WebPage","@id":"https:\/\/turismo.elejido.es\/index.php\/events\/plantilla-eventos-503-712-852\/","url":"https:\/\/turismo.elejido.es\/index.php\/events\/plantilla-eventos-503-712-852\/","name":"\"Tropical Summer\" - Uili So - Turismo El Ejido","isPartOf":{"@id":"https:\/\/turismo.elejido.es\/#website"},"primaryImageOfPage":{"@id":"https:\/\/turismo.elejido.es\/index.php\/events\/plantilla-eventos-503-712-852\/#primaryimage"},"image":{"@id":"https:\/\/turismo.elejido.es\/index.php\/events\/plantilla-eventos-503-712-852\/#primaryimage"},"thumbnailUrl":"https:\/\/turismo.elejido.es\/wp-content\/uploads\/2022\/03\/0512-Tropical-Summer-cuadrado-cartel-768x768-1.jpg","datePublished":"2022-03-10T12:23:21+00:00","dateModified":"2022-03-10T12:23:23+00:00","description":"No te pierdas el show Tropical Summer de Uili So que tendr\u00e1 lugar en varias localizaciones del municipio de El Ejido.","breadcrumb":{"@id":"https:\/\/turismo.elejido.es\/index.php\/events\/plantilla-eventos-503-712-852\/#breadcrumb"},"inLanguage":"es","potentialAction":[{"@type":"ReadAction","target":["https:\/\/turismo.elejido.es\/index.php\/events\/plantilla-eventos-503-712-852\/"]}]},{"@type":"ImageObject","inLanguage":"es","@id":"https:\/\/turismo.elejido.es\/index.php\/events\/plantilla-eventos-503-712-852\/#primaryimage","url":"https:\/\/turismo.elejido.es\/wp-content\/uploads\/2022\/03\/0512-Tropical-Summer-cuadrado-cartel-768x768-1.jpg","contentUrl":"https:\/\/turismo.elejido.es\/wp-content\/uploads\/2022\/03\/0512-Tropical-Summer-cuadrado-cartel-768x768-1.jpg","width":768,"height":768},{"@type":"BreadcrumbList","@id":"https:\/\/turismo.elejido.es\/index.php\/events\/plantilla-eventos-503-712-852\/#breadcrumb","itemListElement":[{"@type":"ListItem","position":1,"name":"Inicio","item":"https:\/\/turismo.elejido.es\/"},{"@type":"ListItem","position":2,"name":"Eventos","item":"https:\/\/turismo.elejido.es\/index.php\/events\/"},{"@type":"ListItem","position":3,"name":"\u00abTropical Summer\u00bb &#8211; Uili So"}]},{"@type":"WebSite","@id":"https:\/\/turismo.elejido.es\/#website","url":"https:\/\/turismo.elejido.es\/","name":"Turismo El Ejido","description":"Portal Oficial de Turismo del Municipio de El Ejido, Almerimar y Balerma situado en la costa de Almer\u00eda.","publisher":{"@id":"https:\/\/turismo.elejido.es\/#organization"},"potentialAction":[{"@type":"SearchAction","target":{"@type":"EntryPoint","urlTemplate":"https:\/\/turismo.elejido.es\/?s={search_term_string}"},"query-input":{"@type":"PropertyValueSpecification","valueRequired":true,"valueName":"search_term_string"}}],"inLanguage":"es"},{"@type":"Organization","@id":"https:\/\/turismo.elejido.es\/#organization","name":"Turismo El Ejido","url":"https:\/\/turismo.elejido.es\/","logo":{"@type":"ImageObject","inLanguage":"es","@id":"https:\/\/turismo.elejido.es\/#\/schema\/logo\/image\/","url":"https:\/\/turismo.elejido.es\/wp-content\/uploads\/2020\/12\/elejidoNaranja.png","contentUrl":"https:\/\/turismo.elejido.es\/wp-content\/uploads\/2020\/12\/elejidoNaranja.png","width":163,"height":92,"caption":"Turismo El Ejido"},"image":{"@id":"https:\/\/turismo.elejido.es\/#\/schema\/logo\/image\/"}}]}},"_links":{"self":[{"href":"https:\/\/turismo.elejido.es\/index.php\/wp-json\/wp\/v2\/mec-events\/17962","targetHints":{"allow":["GET"]}}],"collection":[{"href":"https:\/\/turismo.elejido.es\/index.php\/wp-json\/wp\/v2\/mec-events"}],"about":[{"href":"https:\/\/turismo.elejido.es\/index.php\/wp-json\/wp\/v2\/types\/mec-events"}],"author":[{"embeddable":true,"href":"https:\/\/turismo.elejido.es\/index.php\/wp-json\/wp\/v2\/users\/5"}],"replies":[{"embeddable":true,"href":"https:\/\/turismo.elejido.es\/index.php\/wp-json\/wp\/v2\/comments?post=17962"}],"wp:featuredmedia":[{"embeddable":true,"href":"https:\/\/turismo.elejido.es\/index.php\/wp-json\/wp\/v2\/media\/17964"}],"wp:attachment":[{"href":"https:\/\/turismo.elejido.es\/index.php\/wp-json\/wp\/v2\/media?parent=17962"}],"wp:term":[{"taxonomy":"post_tag","embeddable":true,"href":"https:\/\/turismo.elejido.es\/index.php\/wp-json\/wp\/v2\/tags?post=17962"},{"taxonomy":"mec_category","embeddable":true,"href":"https:\/\/turismo.elejido.es\/index.php\/wp-json\/wp\/v2\/mec_category?post=17962"}],"curies":[{"name":"wp","href":"https:\/\/api.w.org\/{rel}","templated":true}]}}