{"id":18006,"date":"2022-03-11T13:36:20","date_gmt":"2022-03-11T12:36:20","guid":{"rendered":"https:\/\/turismo.elejido.es\/?post_type=mec-events&#038;p=18006"},"modified":"2022-03-11T13:37:36","modified_gmt":"2022-03-11T12:37:36","slug":"plantilla-eventos-503-712-165","status":"publish","type":"mec-events","link":"https:\/\/turismo.elejido.es\/index.php\/events\/plantilla-eventos-503-712-165\/","title":{"rendered":"Manuel L\u00f3pez, pianista solo con la mano izquierda"},"content":{"rendered":"\n<div class=\"wp-block-nk-awb nk-awb alturaSlider is-layout-constrained wp-block-nk-awb-is-layout-constrained\"><div class=\"nk-awb-wrap\" data-awb-type=\"image\" data-awb-image-background-size=\"cover\" data-awb-image-background-position=\"52% 21%\" data-awb-parallax=\"scroll\" data-awb-parallax-speed=\"0.5\" data-awb-parallax-mobile=\"false\"><div class=\"nk-awb-inner\"><img loading=\"lazy\" decoding=\"async\" src=\"https:\/\/app.elejido.es\/turismo\/wp-content\/uploads\/2022\/03\/0526-Manuel-Lopez-1-Cropped.jpg\" class=\"wp-image-18008 jarallax-img\" width=\"446\" height=\"446\" srcset=\"https:\/\/turismo.elejido.es\/wp-content\/uploads\/2022\/03\/0526-Manuel-Lopez-1-Cropped.jpg 446w, https:\/\/turismo.elejido.es\/wp-content\/uploads\/2022\/03\/0526-Manuel-Lopez-1-Cropped-150x150.jpg 150w, https:\/\/turismo.elejido.es\/wp-content\/uploads\/2022\/03\/0526-Manuel-Lopez-1-Cropped-300x300.jpg 300w\" sizes=\"auto, (max-width: 446px) 100vw, 446px\" \/><\/div><\/div><\/div>\n\n\n\n<div style=\"height:40px\" aria-hidden=\"true\" class=\"wp-block-spacer\"><\/div>\n\n\n<div class=\"breadcrumbs align  wp-block-bcn-breadcrumb-trail has-text-color has-background\" vocab=\"https:\/\/schema.org\/\" typeof=\"BreadcrumbList\">\n\t<span><\/span>\n\t<span property=\"itemListElement\" typeof=\"ListItem\"><a property=\"item\" typeof=\"WebPage\" title=\"Ir a Turismo El Ejido.\" href=\"https:\/\/turismo.elejido.es\" class=\"home\" aria-current=\"page\"><span property=\"name\">Turismo El Ejido<\/span><\/a><meta property=\"position\" content=\"1\"><\/span><\/div>\n\n\n\n<div style=\"height:50px\" aria-hidden=\"true\" class=\"wp-block-spacer\"><\/div>\n\n\n\n<h1 class=\"wp-block-heading\">Manuel L\u00f3pez, pianista solo con la mano izquierda<\/h1>\n\n\n\n<div style=\"height:25px\" aria-hidden=\"true\" class=\"wp-block-spacer\"><\/div>\n\n\n\n<p>En el maravilloso entorno del Jard\u00edn de la Almunya del Sur, el pianista dist\u00f3nico Manuel L\u00f3pez, nos emocionar\u00e1 con su talento. M\u00e1s informaci\u00f3n y entradas en la web <a href=\"https:\/\/cultura.elejido.es\/?ai1ec_event=fte-2022-manuel-lopez-pianista-solo-con-la-mano-izquierda-jueves-26-de-marzo\">Cultura El Ejido<\/a>. <\/p>\n\n\n\n<div style=\"height:70px\" aria-hidden=\"true\" class=\"wp-block-spacer\"><\/div>\n\n\n\n<iframe src=\"https:\/\/www.google.com\/maps\/embed?pb=!1m14!1m8!1m3!1d12786.172182417535!2d-2.863185!3d36.757538!3m2!1i1024!2i768!4f13.1!3m3!1m2!1s0x0%3A0xffe0f4447204d3f2!2sJard%C3%ADn%20Bot%C3%A1nico%20La%20Almunya%20del%20Sur!5e0!3m2!1ses!2ses!4v1647001906119!5m2!1ses!2ses\" width=\"600\" height=\"450\" style=\"border:0;\" allowfullscreen=\"\" loading=\"lazy\"><\/iframe>\n","protected":false},"excerpt":{"rendered":"<p>Manuel L\u00f3pez, pianista solo con la mano izquierda En el maravilloso entorno del Jard\u00edn de la Almunya del Sur, el pianista dist\u00f3nico Manuel L\u00f3pez, nos emocionar\u00e1 con su talento. M\u00e1s informaci\u00f3n y entradas en la web Cultura El Ejido.<\/p>\n","protected":false},"author":5,"featured_media":18008,"comment_status":"closed","ping_status":"closed","template":"","tags":[],"mec_category":[103],"class_list":["post-18006","mec-events","type-mec-events","status-publish","has-post-thumbnail","hentry","mec_category-musica","entry","has-media"],"yoast_head":"<!-- This site is optimized with the Yoast SEO plugin v27.4 - https:\/\/yoast.com\/product\/yoast-seo-wordpress\/ -->\n<title>Manuel L\u00f3pez, pianista solo con la mano izquierda - Turismo El Ejido<\/title>\n<meta name=\"description\" content=\"No te pierdas el concierto de Manuel L\u00f3pez, pianista solo con la mano izquierda, que se realizar\u00e1 en el Jard\u00edn Bot\u00e1nico La Almunya del Sur.\" \/>\n<meta name=\"robots\" content=\"index, follow, max-snippet:-1, max-image-preview:large, max-video-preview:-1\" \/>\n<link rel=\"canonical\" href=\"https:\/\/turismo.elejido.es\/index.php\/events\/plantilla-eventos-503-712-165\/\" \/>\n<meta property=\"og:locale\" content=\"es_ES\" \/>\n<meta property=\"og:type\" content=\"article\" \/>\n<meta property=\"og:title\" content=\"Manuel L\u00f3pez, pianista solo con la mano izquierda - Turismo El Ejido\" \/>\n<meta property=\"og:description\" content=\"No te pierdas el concierto de Manuel L\u00f3pez, pianista solo con la mano izquierda, que se realizar\u00e1 en el Jard\u00edn Bot\u00e1nico La Almunya del Sur.\" \/>\n<meta property=\"og:url\" content=\"https:\/\/turismo.elejido.es\/index.php\/events\/plantilla-eventos-503-712-165\/\" \/>\n<meta property=\"og:site_name\" content=\"Turismo El Ejido\" \/>\n<meta property=\"article:modified_time\" content=\"2022-03-11T12:37:36+00:00\" \/>\n<meta property=\"og:image\" content=\"https:\/\/turismo.elejido.es\/wp-content\/uploads\/2022\/03\/0526-Manuel-Lopez-1-Cropped.jpg\" \/>\n\t<meta property=\"og:image:width\" content=\"446\" \/>\n\t<meta property=\"og:image:height\" content=\"446\" \/>\n\t<meta property=\"og:image:type\" content=\"image\/jpeg\" \/>\n<meta name=\"twitter:card\" content=\"summary_large_image\" \/>\n<meta name=\"twitter:label1\" content=\"Tiempo de lectura\" \/>\n\t<meta name=\"twitter:data1\" content=\"1 minuto\" \/>\n<script type=\"application\/ld+json\" class=\"yoast-schema-graph\">{\"@context\":\"https:\\\/\\\/schema.org\",\"@graph\":[{\"@type\":\"WebPage\",\"@id\":\"https:\\\/\\\/turismo.elejido.es\\\/index.php\\\/events\\\/plantilla-eventos-503-712-165\\\/\",\"url\":\"https:\\\/\\\/turismo.elejido.es\\\/index.php\\\/events\\\/plantilla-eventos-503-712-165\\\/\",\"name\":\"Manuel L\u00f3pez, pianista solo con la mano izquierda - Turismo El Ejido\",\"isPartOf\":{\"@id\":\"https:\\\/\\\/turismo.elejido.es\\\/#website\"},\"primaryImageOfPage\":{\"@id\":\"https:\\\/\\\/turismo.elejido.es\\\/index.php\\\/events\\\/plantilla-eventos-503-712-165\\\/#primaryimage\"},\"image\":{\"@id\":\"https:\\\/\\\/turismo.elejido.es\\\/index.php\\\/events\\\/plantilla-eventos-503-712-165\\\/#primaryimage\"},\"thumbnailUrl\":\"https:\\\/\\\/turismo.elejido.es\\\/wp-content\\\/uploads\\\/2022\\\/03\\\/0526-Manuel-Lopez-1-Cropped.jpg\",\"datePublished\":\"2022-03-11T12:36:20+00:00\",\"dateModified\":\"2022-03-11T12:37:36+00:00\",\"description\":\"No te pierdas el concierto de Manuel L\u00f3pez, pianista solo con la mano izquierda, que se realizar\u00e1 en el Jard\u00edn Bot\u00e1nico La Almunya del Sur.\",\"breadcrumb\":{\"@id\":\"https:\\\/\\\/turismo.elejido.es\\\/index.php\\\/events\\\/plantilla-eventos-503-712-165\\\/#breadcrumb\"},\"inLanguage\":\"es\",\"potentialAction\":[{\"@type\":\"ReadAction\",\"target\":[\"https:\\\/\\\/turismo.elejido.es\\\/index.php\\\/events\\\/plantilla-eventos-503-712-165\\\/\"]}]},{\"@type\":\"ImageObject\",\"inLanguage\":\"es\",\"@id\":\"https:\\\/\\\/turismo.elejido.es\\\/index.php\\\/events\\\/plantilla-eventos-503-712-165\\\/#primaryimage\",\"url\":\"https:\\\/\\\/turismo.elejido.es\\\/wp-content\\\/uploads\\\/2022\\\/03\\\/0526-Manuel-Lopez-1-Cropped.jpg\",\"contentUrl\":\"https:\\\/\\\/turismo.elejido.es\\\/wp-content\\\/uploads\\\/2022\\\/03\\\/0526-Manuel-Lopez-1-Cropped.jpg\",\"width\":446,\"height\":446},{\"@type\":\"BreadcrumbList\",\"@id\":\"https:\\\/\\\/turismo.elejido.es\\\/index.php\\\/events\\\/plantilla-eventos-503-712-165\\\/#breadcrumb\",\"itemListElement\":[{\"@type\":\"ListItem\",\"position\":1,\"name\":\"Inicio\",\"item\":\"https:\\\/\\\/turismo.elejido.es\\\/\"},{\"@type\":\"ListItem\",\"position\":2,\"name\":\"Eventos\",\"item\":\"https:\\\/\\\/turismo.elejido.es\\\/index.php\\\/events\\\/\"},{\"@type\":\"ListItem\",\"position\":3,\"name\":\"Manuel L\u00f3pez, pianista solo con la mano izquierda\"}]},{\"@type\":\"WebSite\",\"@id\":\"https:\\\/\\\/turismo.elejido.es\\\/#website\",\"url\":\"https:\\\/\\\/turismo.elejido.es\\\/\",\"name\":\"Turismo El Ejido\",\"description\":\"Portal Oficial de Turismo del Municipio de El Ejido, Almerimar y Balerma situado en la costa de Almer\u00eda.\",\"publisher\":{\"@id\":\"https:\\\/\\\/turismo.elejido.es\\\/#organization\"},\"potentialAction\":[{\"@type\":\"SearchAction\",\"target\":{\"@type\":\"EntryPoint\",\"urlTemplate\":\"https:\\\/\\\/turismo.elejido.es\\\/?s={search_term_string}\"},\"query-input\":{\"@type\":\"PropertyValueSpecification\",\"valueRequired\":true,\"valueName\":\"search_term_string\"}}],\"inLanguage\":\"es\"},{\"@type\":\"Organization\",\"@id\":\"https:\\\/\\\/turismo.elejido.es\\\/#organization\",\"name\":\"Turismo El Ejido\",\"url\":\"https:\\\/\\\/turismo.elejido.es\\\/\",\"logo\":{\"@type\":\"ImageObject\",\"inLanguage\":\"es\",\"@id\":\"https:\\\/\\\/turismo.elejido.es\\\/#\\\/schema\\\/logo\\\/image\\\/\",\"url\":\"https:\\\/\\\/turismo.elejido.es\\\/wp-content\\\/uploads\\\/2020\\\/12\\\/elejidoNaranja.png\",\"contentUrl\":\"https:\\\/\\\/turismo.elejido.es\\\/wp-content\\\/uploads\\\/2020\\\/12\\\/elejidoNaranja.png\",\"width\":163,\"height\":92,\"caption\":\"Turismo El Ejido\"},\"image\":{\"@id\":\"https:\\\/\\\/turismo.elejido.es\\\/#\\\/schema\\\/logo\\\/image\\\/\"}}]}<\/script>\n<!-- \/ Yoast SEO plugin. -->","yoast_head_json":{"title":"Manuel L\u00f3pez, pianista solo con la mano izquierda - Turismo El Ejido","description":"No te pierdas el concierto de Manuel L\u00f3pez, pianista solo con la mano izquierda, que se realizar\u00e1 en el Jard\u00edn Bot\u00e1nico La Almunya del Sur.","robots":{"index":"index","follow":"follow","max-snippet":"max-snippet:-1","max-image-preview":"max-image-preview:large","max-video-preview":"max-video-preview:-1"},"canonical":"https:\/\/turismo.elejido.es\/index.php\/events\/plantilla-eventos-503-712-165\/","og_locale":"es_ES","og_type":"article","og_title":"Manuel L\u00f3pez, pianista solo con la mano izquierda - Turismo El Ejido","og_description":"No te pierdas el concierto de Manuel L\u00f3pez, pianista solo con la mano izquierda, que se realizar\u00e1 en el Jard\u00edn Bot\u00e1nico La Almunya del Sur.","og_url":"https:\/\/turismo.elejido.es\/index.php\/events\/plantilla-eventos-503-712-165\/","og_site_name":"Turismo El Ejido","article_modified_time":"2022-03-11T12:37:36+00:00","og_image":[{"width":446,"height":446,"url":"https:\/\/turismo.elejido.es\/wp-content\/uploads\/2022\/03\/0526-Manuel-Lopez-1-Cropped.jpg","type":"image\/jpeg"}],"twitter_card":"summary_large_image","twitter_misc":{"Tiempo de lectura":"1 minuto"},"schema":{"@context":"https:\/\/schema.org","@graph":[{"@type":"WebPage","@id":"https:\/\/turismo.elejido.es\/index.php\/events\/plantilla-eventos-503-712-165\/","url":"https:\/\/turismo.elejido.es\/index.php\/events\/plantilla-eventos-503-712-165\/","name":"Manuel L\u00f3pez, pianista solo con la mano izquierda - Turismo El Ejido","isPartOf":{"@id":"https:\/\/turismo.elejido.es\/#website"},"primaryImageOfPage":{"@id":"https:\/\/turismo.elejido.es\/index.php\/events\/plantilla-eventos-503-712-165\/#primaryimage"},"image":{"@id":"https:\/\/turismo.elejido.es\/index.php\/events\/plantilla-eventos-503-712-165\/#primaryimage"},"thumbnailUrl":"https:\/\/turismo.elejido.es\/wp-content\/uploads\/2022\/03\/0526-Manuel-Lopez-1-Cropped.jpg","datePublished":"2022-03-11T12:36:20+00:00","dateModified":"2022-03-11T12:37:36+00:00","description":"No te pierdas el concierto de Manuel L\u00f3pez, pianista solo con la mano izquierda, que se realizar\u00e1 en el Jard\u00edn Bot\u00e1nico La Almunya del Sur.","breadcrumb":{"@id":"https:\/\/turismo.elejido.es\/index.php\/events\/plantilla-eventos-503-712-165\/#breadcrumb"},"inLanguage":"es","potentialAction":[{"@type":"ReadAction","target":["https:\/\/turismo.elejido.es\/index.php\/events\/plantilla-eventos-503-712-165\/"]}]},{"@type":"ImageObject","inLanguage":"es","@id":"https:\/\/turismo.elejido.es\/index.php\/events\/plantilla-eventos-503-712-165\/#primaryimage","url":"https:\/\/turismo.elejido.es\/wp-content\/uploads\/2022\/03\/0526-Manuel-Lopez-1-Cropped.jpg","contentUrl":"https:\/\/turismo.elejido.es\/wp-content\/uploads\/2022\/03\/0526-Manuel-Lopez-1-Cropped.jpg","width":446,"height":446},{"@type":"BreadcrumbList","@id":"https:\/\/turismo.elejido.es\/index.php\/events\/plantilla-eventos-503-712-165\/#breadcrumb","itemListElement":[{"@type":"ListItem","position":1,"name":"Inicio","item":"https:\/\/turismo.elejido.es\/"},{"@type":"ListItem","position":2,"name":"Eventos","item":"https:\/\/turismo.elejido.es\/index.php\/events\/"},{"@type":"ListItem","position":3,"name":"Manuel L\u00f3pez, pianista solo con la mano izquierda"}]},{"@type":"WebSite","@id":"https:\/\/turismo.elejido.es\/#website","url":"https:\/\/turismo.elejido.es\/","name":"Turismo El Ejido","description":"Portal Oficial de Turismo del Municipio de El Ejido, Almerimar y Balerma situado en la costa de Almer\u00eda.","publisher":{"@id":"https:\/\/turismo.elejido.es\/#organization"},"potentialAction":[{"@type":"SearchAction","target":{"@type":"EntryPoint","urlTemplate":"https:\/\/turismo.elejido.es\/?s={search_term_string}"},"query-input":{"@type":"PropertyValueSpecification","valueRequired":true,"valueName":"search_term_string"}}],"inLanguage":"es"},{"@type":"Organization","@id":"https:\/\/turismo.elejido.es\/#organization","name":"Turismo El Ejido","url":"https:\/\/turismo.elejido.es\/","logo":{"@type":"ImageObject","inLanguage":"es","@id":"https:\/\/turismo.elejido.es\/#\/schema\/logo\/image\/","url":"https:\/\/turismo.elejido.es\/wp-content\/uploads\/2020\/12\/elejidoNaranja.png","contentUrl":"https:\/\/turismo.elejido.es\/wp-content\/uploads\/2020\/12\/elejidoNaranja.png","width":163,"height":92,"caption":"Turismo El Ejido"},"image":{"@id":"https:\/\/turismo.elejido.es\/#\/schema\/logo\/image\/"}}]}},"_links":{"self":[{"href":"https:\/\/turismo.elejido.es\/index.php\/wp-json\/wp\/v2\/mec-events\/18006","targetHints":{"allow":["GET"]}}],"collection":[{"href":"https:\/\/turismo.elejido.es\/index.php\/wp-json\/wp\/v2\/mec-events"}],"about":[{"href":"https:\/\/turismo.elejido.es\/index.php\/wp-json\/wp\/v2\/types\/mec-events"}],"author":[{"embeddable":true,"href":"https:\/\/turismo.elejido.es\/index.php\/wp-json\/wp\/v2\/users\/5"}],"replies":[{"embeddable":true,"href":"https:\/\/turismo.elejido.es\/index.php\/wp-json\/wp\/v2\/comments?post=18006"}],"wp:featuredmedia":[{"embeddable":true,"href":"https:\/\/turismo.elejido.es\/index.php\/wp-json\/wp\/v2\/media\/18008"}],"wp:attachment":[{"href":"https:\/\/turismo.elejido.es\/index.php\/wp-json\/wp\/v2\/media?parent=18006"}],"wp:term":[{"taxonomy":"post_tag","embeddable":true,"href":"https:\/\/turismo.elejido.es\/index.php\/wp-json\/wp\/v2\/tags?post=18006"},{"taxonomy":"mec_category","embeddable":true,"href":"https:\/\/turismo.elejido.es\/index.php\/wp-json\/wp\/v2\/mec_category?post=18006"}],"curies":[{"name":"wp","href":"https:\/\/api.w.org\/{rel}","templated":true}]}}