{"id":18044,"date":"2022-03-14T11:38:00","date_gmt":"2022-03-14T10:38:00","guid":{"rendered":"https:\/\/turismo.elejido.es\/?post_type=mec-events&#038;p=18044"},"modified":"2022-05-04T09:58:21","modified_gmt":"2022-05-04T07:58:21","slug":"plantilla-eventos-503-934-394","status":"publish","type":"mec-events","link":"https:\/\/turismo.elejido.es\/index.php\/events\/plantilla-eventos-503-934-394\/","title":{"rendered":"\u00ab\u00bfC\u00f3mo hemos llegado hasta aqu\u00ed?\u00bb &#8211; Teatro del barrio"},"content":{"rendered":"\n<div class=\"wp-block-nk-awb nk-awb alturaSlider is-layout-constrained wp-block-nk-awb-is-layout-constrained\"><div class=\"nk-awb-wrap\" data-awb-type=\"image\" data-awb-image-background-size=\"cover\" data-awb-image-background-position=\"49% 57%\" data-awb-parallax=\"scroll\" data-awb-parallax-speed=\"0.5\" data-awb-parallax-mobile=\"false\"><div class=\"nk-awb-inner\"><img loading=\"lazy\" decoding=\"async\" src=\"https:\/\/app.elejido.es\/turismo\/wp-content\/uploads\/2022\/03\/609-Como-hemos-llegado-cartel-768x1086-Cropped.jpg\" class=\"wp-image-18046 jarallax-img\" width=\"768\" height=\"768\" srcset=\"https:\/\/turismo.elejido.es\/wp-content\/uploads\/2022\/03\/609-Como-hemos-llegado-cartel-768x1086-Cropped.jpg 768w, https:\/\/turismo.elejido.es\/wp-content\/uploads\/2022\/03\/609-Como-hemos-llegado-cartel-768x1086-Cropped-500x500.jpg 500w, https:\/\/turismo.elejido.es\/wp-content\/uploads\/2022\/03\/609-Como-hemos-llegado-cartel-768x1086-Cropped-150x150.jpg 150w, https:\/\/turismo.elejido.es\/wp-content\/uploads\/2022\/03\/609-Como-hemos-llegado-cartel-768x1086-Cropped-300x300.jpg 300w, https:\/\/turismo.elejido.es\/wp-content\/uploads\/2022\/03\/609-Como-hemos-llegado-cartel-768x1086-Cropped-600x600.jpg 600w\" sizes=\"auto, (max-width: 768px) 100vw, 768px\" \/><\/div><\/div><\/div>\n\n\n\n<div style=\"height:40px\" aria-hidden=\"true\" class=\"wp-block-spacer\"><\/div>\n\n\n<div class=\"breadcrumbs align  wp-block-bcn-breadcrumb-trail has-text-color has-background\" vocab=\"https:\/\/schema.org\/\" typeof=\"BreadcrumbList\">\n\t<span><\/span>\n\t<span property=\"itemListElement\" typeof=\"ListItem\"><a property=\"item\" typeof=\"WebPage\" title=\"Ir a Turismo El Ejido.\" href=\"https:\/\/turismo.elejido.es\" class=\"home\" aria-current=\"page\"><span property=\"name\">Turismo El Ejido<\/span><\/a><meta property=\"position\" content=\"1\"><\/span><\/div>\n\n\n\n<div style=\"height:50px\" aria-hidden=\"true\" class=\"wp-block-spacer\"><\/div>\n\n\n\n<h1 class=\"wp-block-heading\">\u00ab\u00bfC\u00f3mo hemos llegado hasta aqu\u00ed?\u00bb &#8211; Teatro del barrio<\/h1>\n\n\n\n<div style=\"height:25px\" aria-hidden=\"true\" class=\"wp-block-spacer\"><\/div>\n\n\n\n<p><strong>C\u00edrculo Recreativo y Cultural de El Ejido<\/strong><\/p>\n\n\n\n<p>C\u00f3mo hemos llegado hasta aqu\u00ed es un t\u00edtulo que oscila entre el talk show, la autoficci\u00f3n, el panfleto pol\u00edtico y el an\u00e1lisis social y el viaje del h\u00e9roe mitol\u00f3gico cl\u00e1sico, que contiene desaf\u00edos y emociones universales, solo que, aqu\u00ed, el h\u00e9roe es una bollera de Plasencia obsesionada con su madre, que ha cumplido cuarenta (o m\u00e1s) sumida en la precariedad. M\u00e1s informaci\u00f3n en la web<a href=\"https:\/\/cultura.elejido.es\/?ai1ec_event=fte-2022-teatro-del-barrio-como-hemos-llegado-hasta-aqui-jueves-9-de-junio\"> Cultura El Ejido<\/a>.<\/p>\n\n\n\n<div style=\"height:70px\" aria-hidden=\"true\" class=\"wp-block-spacer\"><\/div>\n\n\n\n<iframe src=\"https:\/\/www.google.com\/maps\/embed?pb=!1m18!1m12!1m3!1d3195.9286877459153!2d-2.8165028845569804!3d36.77227817995435!2m3!1f0!2f0!3f0!3m2!1i1024!2i768!4f13.1!3m3!1m2!1s0xd7042e0e8944e43%3A0x3fe91e4fbeb3055!2sCirculo%20Cultural%20y%20Recreativo%20de%20El%20Ejido!5e0!3m2!1ses!2ses!4v1647254124117!5m2!1ses!2ses\" width=\"600\" height=\"450\" style=\"border:0;\" allowfullscreen=\"\" loading=\"lazy\"><\/iframe>\n","protected":false},"excerpt":{"rendered":"<p>\u00ab\u00bfC\u00f3mo hemos llegado hasta aqu\u00ed?\u00bb &#8211; Teatro del barrio C\u00edrculo Recreativo y Cultural de El Ejido C\u00f3mo hemos llegado hasta aqu\u00ed es un t\u00edtulo que oscila entre el talk show, la autoficci\u00f3n, el panfleto pol\u00edtico y el an\u00e1lisis social y el viaje del h\u00e9roe mitol\u00f3gico cl\u00e1sico, que contiene desaf\u00edos y emociones universales, solo que, aqu\u00ed, [&hellip;]<\/p>\n","protected":false},"author":5,"featured_media":18046,"comment_status":"closed","ping_status":"closed","template":"","tags":[],"mec_category":[101],"class_list":["post-18044","mec-events","type-mec-events","status-publish","has-post-thumbnail","hentry","mec_category-teatro","entry","has-media"],"yoast_head":"<!-- This site is optimized with the Yoast SEO plugin v27.4 - https:\/\/yoast.com\/product\/yoast-seo-wordpress\/ -->\n<title>&quot;\u00bfC\u00f3mo hemos llegado hasta aqu\u00ed?&quot; - Teatro del barrio - Turismo El Ejido<\/title>\n<meta name=\"description\" content=\"No te pierdas la obra de teatro C\u00f3mo hemos llegado hasta aqu\u00ed que la compa\u00f1\u00eda Teatro del barrio trae a El Ejido.\" \/>\n<meta name=\"robots\" content=\"index, follow, max-snippet:-1, max-image-preview:large, max-video-preview:-1\" \/>\n<link rel=\"canonical\" href=\"https:\/\/turismo.elejido.es\/index.php\/events\/plantilla-eventos-503-934-394\/\" \/>\n<meta property=\"og:locale\" content=\"es_ES\" \/>\n<meta property=\"og:type\" content=\"article\" \/>\n<meta property=\"og:title\" content=\"&quot;\u00bfC\u00f3mo hemos llegado hasta aqu\u00ed?&quot; - Teatro del barrio - Turismo El Ejido\" \/>\n<meta property=\"og:description\" content=\"No te pierdas la obra de teatro C\u00f3mo hemos llegado hasta aqu\u00ed que la compa\u00f1\u00eda Teatro del barrio trae a El Ejido.\" \/>\n<meta property=\"og:url\" content=\"https:\/\/turismo.elejido.es\/index.php\/events\/plantilla-eventos-503-934-394\/\" \/>\n<meta property=\"og:site_name\" content=\"Turismo El Ejido\" \/>\n<meta property=\"article:modified_time\" content=\"2022-05-04T07:58:21+00:00\" \/>\n<meta property=\"og:image\" content=\"https:\/\/turismo.elejido.es\/wp-content\/uploads\/2022\/03\/609-Como-hemos-llegado-cartel-768x1086-Cropped.jpg\" \/>\n\t<meta property=\"og:image:width\" content=\"768\" \/>\n\t<meta property=\"og:image:height\" content=\"768\" \/>\n\t<meta property=\"og:image:type\" content=\"image\/jpeg\" \/>\n<meta name=\"twitter:card\" content=\"summary_large_image\" \/>\n<meta name=\"twitter:label1\" content=\"Tiempo de lectura\" \/>\n\t<meta name=\"twitter:data1\" content=\"1 minuto\" \/>\n<script type=\"application\/ld+json\" class=\"yoast-schema-graph\">{\"@context\":\"https:\\\/\\\/schema.org\",\"@graph\":[{\"@type\":\"WebPage\",\"@id\":\"https:\\\/\\\/turismo.elejido.es\\\/index.php\\\/events\\\/plantilla-eventos-503-934-394\\\/\",\"url\":\"https:\\\/\\\/turismo.elejido.es\\\/index.php\\\/events\\\/plantilla-eventos-503-934-394\\\/\",\"name\":\"\\\"\u00bfC\u00f3mo hemos llegado hasta aqu\u00ed?\\\" - Teatro del barrio - Turismo El Ejido\",\"isPartOf\":{\"@id\":\"https:\\\/\\\/turismo.elejido.es\\\/#website\"},\"primaryImageOfPage\":{\"@id\":\"https:\\\/\\\/turismo.elejido.es\\\/index.php\\\/events\\\/plantilla-eventos-503-934-394\\\/#primaryimage\"},\"image\":{\"@id\":\"https:\\\/\\\/turismo.elejido.es\\\/index.php\\\/events\\\/plantilla-eventos-503-934-394\\\/#primaryimage\"},\"thumbnailUrl\":\"https:\\\/\\\/turismo.elejido.es\\\/wp-content\\\/uploads\\\/2022\\\/03\\\/609-Como-hemos-llegado-cartel-768x1086-Cropped.jpg\",\"datePublished\":\"2022-03-14T10:38:00+00:00\",\"dateModified\":\"2022-05-04T07:58:21+00:00\",\"description\":\"No te pierdas la obra de teatro C\u00f3mo hemos llegado hasta aqu\u00ed que la compa\u00f1\u00eda Teatro del barrio trae a El Ejido.\",\"breadcrumb\":{\"@id\":\"https:\\\/\\\/turismo.elejido.es\\\/index.php\\\/events\\\/plantilla-eventos-503-934-394\\\/#breadcrumb\"},\"inLanguage\":\"es\",\"potentialAction\":[{\"@type\":\"ReadAction\",\"target\":[\"https:\\\/\\\/turismo.elejido.es\\\/index.php\\\/events\\\/plantilla-eventos-503-934-394\\\/\"]}]},{\"@type\":\"ImageObject\",\"inLanguage\":\"es\",\"@id\":\"https:\\\/\\\/turismo.elejido.es\\\/index.php\\\/events\\\/plantilla-eventos-503-934-394\\\/#primaryimage\",\"url\":\"https:\\\/\\\/turismo.elejido.es\\\/wp-content\\\/uploads\\\/2022\\\/03\\\/609-Como-hemos-llegado-cartel-768x1086-Cropped.jpg\",\"contentUrl\":\"https:\\\/\\\/turismo.elejido.es\\\/wp-content\\\/uploads\\\/2022\\\/03\\\/609-Como-hemos-llegado-cartel-768x1086-Cropped.jpg\",\"width\":768,\"height\":768},{\"@type\":\"BreadcrumbList\",\"@id\":\"https:\\\/\\\/turismo.elejido.es\\\/index.php\\\/events\\\/plantilla-eventos-503-934-394\\\/#breadcrumb\",\"itemListElement\":[{\"@type\":\"ListItem\",\"position\":1,\"name\":\"Inicio\",\"item\":\"https:\\\/\\\/turismo.elejido.es\\\/\"},{\"@type\":\"ListItem\",\"position\":2,\"name\":\"Eventos\",\"item\":\"https:\\\/\\\/turismo.elejido.es\\\/index.php\\\/events\\\/\"},{\"@type\":\"ListItem\",\"position\":3,\"name\":\"\u00ab\u00bfC\u00f3mo hemos llegado hasta aqu\u00ed?\u00bb &#8211; Teatro del barrio\"}]},{\"@type\":\"WebSite\",\"@id\":\"https:\\\/\\\/turismo.elejido.es\\\/#website\",\"url\":\"https:\\\/\\\/turismo.elejido.es\\\/\",\"name\":\"Turismo El Ejido\",\"description\":\"Portal Oficial de Turismo del Municipio de El Ejido, Almerimar y Balerma situado en la costa de Almer\u00eda.\",\"publisher\":{\"@id\":\"https:\\\/\\\/turismo.elejido.es\\\/#organization\"},\"potentialAction\":[{\"@type\":\"SearchAction\",\"target\":{\"@type\":\"EntryPoint\",\"urlTemplate\":\"https:\\\/\\\/turismo.elejido.es\\\/?s={search_term_string}\"},\"query-input\":{\"@type\":\"PropertyValueSpecification\",\"valueRequired\":true,\"valueName\":\"search_term_string\"}}],\"inLanguage\":\"es\"},{\"@type\":\"Organization\",\"@id\":\"https:\\\/\\\/turismo.elejido.es\\\/#organization\",\"name\":\"Turismo El Ejido\",\"url\":\"https:\\\/\\\/turismo.elejido.es\\\/\",\"logo\":{\"@type\":\"ImageObject\",\"inLanguage\":\"es\",\"@id\":\"https:\\\/\\\/turismo.elejido.es\\\/#\\\/schema\\\/logo\\\/image\\\/\",\"url\":\"https:\\\/\\\/turismo.elejido.es\\\/wp-content\\\/uploads\\\/2020\\\/12\\\/elejidoNaranja.png\",\"contentUrl\":\"https:\\\/\\\/turismo.elejido.es\\\/wp-content\\\/uploads\\\/2020\\\/12\\\/elejidoNaranja.png\",\"width\":163,\"height\":92,\"caption\":\"Turismo El Ejido\"},\"image\":{\"@id\":\"https:\\\/\\\/turismo.elejido.es\\\/#\\\/schema\\\/logo\\\/image\\\/\"}}]}<\/script>\n<!-- \/ Yoast SEO plugin. -->","yoast_head_json":{"title":"\"\u00bfC\u00f3mo hemos llegado hasta aqu\u00ed?\" - Teatro del barrio - Turismo El Ejido","description":"No te pierdas la obra de teatro C\u00f3mo hemos llegado hasta aqu\u00ed que la compa\u00f1\u00eda Teatro del barrio trae a El Ejido.","robots":{"index":"index","follow":"follow","max-snippet":"max-snippet:-1","max-image-preview":"max-image-preview:large","max-video-preview":"max-video-preview:-1"},"canonical":"https:\/\/turismo.elejido.es\/index.php\/events\/plantilla-eventos-503-934-394\/","og_locale":"es_ES","og_type":"article","og_title":"\"\u00bfC\u00f3mo hemos llegado hasta aqu\u00ed?\" - Teatro del barrio - Turismo El Ejido","og_description":"No te pierdas la obra de teatro C\u00f3mo hemos llegado hasta aqu\u00ed que la compa\u00f1\u00eda Teatro del barrio trae a El Ejido.","og_url":"https:\/\/turismo.elejido.es\/index.php\/events\/plantilla-eventos-503-934-394\/","og_site_name":"Turismo El Ejido","article_modified_time":"2022-05-04T07:58:21+00:00","og_image":[{"width":768,"height":768,"url":"https:\/\/turismo.elejido.es\/wp-content\/uploads\/2022\/03\/609-Como-hemos-llegado-cartel-768x1086-Cropped.jpg","type":"image\/jpeg"}],"twitter_card":"summary_large_image","twitter_misc":{"Tiempo de lectura":"1 minuto"},"schema":{"@context":"https:\/\/schema.org","@graph":[{"@type":"WebPage","@id":"https:\/\/turismo.elejido.es\/index.php\/events\/plantilla-eventos-503-934-394\/","url":"https:\/\/turismo.elejido.es\/index.php\/events\/plantilla-eventos-503-934-394\/","name":"\"\u00bfC\u00f3mo hemos llegado hasta aqu\u00ed?\" - Teatro del barrio - Turismo El Ejido","isPartOf":{"@id":"https:\/\/turismo.elejido.es\/#website"},"primaryImageOfPage":{"@id":"https:\/\/turismo.elejido.es\/index.php\/events\/plantilla-eventos-503-934-394\/#primaryimage"},"image":{"@id":"https:\/\/turismo.elejido.es\/index.php\/events\/plantilla-eventos-503-934-394\/#primaryimage"},"thumbnailUrl":"https:\/\/turismo.elejido.es\/wp-content\/uploads\/2022\/03\/609-Como-hemos-llegado-cartel-768x1086-Cropped.jpg","datePublished":"2022-03-14T10:38:00+00:00","dateModified":"2022-05-04T07:58:21+00:00","description":"No te pierdas la obra de teatro C\u00f3mo hemos llegado hasta aqu\u00ed que la compa\u00f1\u00eda Teatro del barrio trae a El Ejido.","breadcrumb":{"@id":"https:\/\/turismo.elejido.es\/index.php\/events\/plantilla-eventos-503-934-394\/#breadcrumb"},"inLanguage":"es","potentialAction":[{"@type":"ReadAction","target":["https:\/\/turismo.elejido.es\/index.php\/events\/plantilla-eventos-503-934-394\/"]}]},{"@type":"ImageObject","inLanguage":"es","@id":"https:\/\/turismo.elejido.es\/index.php\/events\/plantilla-eventos-503-934-394\/#primaryimage","url":"https:\/\/turismo.elejido.es\/wp-content\/uploads\/2022\/03\/609-Como-hemos-llegado-cartel-768x1086-Cropped.jpg","contentUrl":"https:\/\/turismo.elejido.es\/wp-content\/uploads\/2022\/03\/609-Como-hemos-llegado-cartel-768x1086-Cropped.jpg","width":768,"height":768},{"@type":"BreadcrumbList","@id":"https:\/\/turismo.elejido.es\/index.php\/events\/plantilla-eventos-503-934-394\/#breadcrumb","itemListElement":[{"@type":"ListItem","position":1,"name":"Inicio","item":"https:\/\/turismo.elejido.es\/"},{"@type":"ListItem","position":2,"name":"Eventos","item":"https:\/\/turismo.elejido.es\/index.php\/events\/"},{"@type":"ListItem","position":3,"name":"\u00ab\u00bfC\u00f3mo hemos llegado hasta aqu\u00ed?\u00bb &#8211; Teatro del barrio"}]},{"@type":"WebSite","@id":"https:\/\/turismo.elejido.es\/#website","url":"https:\/\/turismo.elejido.es\/","name":"Turismo El Ejido","description":"Portal Oficial de Turismo del Municipio de El Ejido, Almerimar y Balerma situado en la costa de Almer\u00eda.","publisher":{"@id":"https:\/\/turismo.elejido.es\/#organization"},"potentialAction":[{"@type":"SearchAction","target":{"@type":"EntryPoint","urlTemplate":"https:\/\/turismo.elejido.es\/?s={search_term_string}"},"query-input":{"@type":"PropertyValueSpecification","valueRequired":true,"valueName":"search_term_string"}}],"inLanguage":"es"},{"@type":"Organization","@id":"https:\/\/turismo.elejido.es\/#organization","name":"Turismo El Ejido","url":"https:\/\/turismo.elejido.es\/","logo":{"@type":"ImageObject","inLanguage":"es","@id":"https:\/\/turismo.elejido.es\/#\/schema\/logo\/image\/","url":"https:\/\/turismo.elejido.es\/wp-content\/uploads\/2020\/12\/elejidoNaranja.png","contentUrl":"https:\/\/turismo.elejido.es\/wp-content\/uploads\/2020\/12\/elejidoNaranja.png","width":163,"height":92,"caption":"Turismo El Ejido"},"image":{"@id":"https:\/\/turismo.elejido.es\/#\/schema\/logo\/image\/"}}]}},"_links":{"self":[{"href":"https:\/\/turismo.elejido.es\/index.php\/wp-json\/wp\/v2\/mec-events\/18044","targetHints":{"allow":["GET"]}}],"collection":[{"href":"https:\/\/turismo.elejido.es\/index.php\/wp-json\/wp\/v2\/mec-events"}],"about":[{"href":"https:\/\/turismo.elejido.es\/index.php\/wp-json\/wp\/v2\/types\/mec-events"}],"author":[{"embeddable":true,"href":"https:\/\/turismo.elejido.es\/index.php\/wp-json\/wp\/v2\/users\/5"}],"replies":[{"embeddable":true,"href":"https:\/\/turismo.elejido.es\/index.php\/wp-json\/wp\/v2\/comments?post=18044"}],"wp:featuredmedia":[{"embeddable":true,"href":"https:\/\/turismo.elejido.es\/index.php\/wp-json\/wp\/v2\/media\/18046"}],"wp:attachment":[{"href":"https:\/\/turismo.elejido.es\/index.php\/wp-json\/wp\/v2\/media?parent=18044"}],"wp:term":[{"taxonomy":"post_tag","embeddable":true,"href":"https:\/\/turismo.elejido.es\/index.php\/wp-json\/wp\/v2\/tags?post=18044"},{"taxonomy":"mec_category","embeddable":true,"href":"https:\/\/turismo.elejido.es\/index.php\/wp-json\/wp\/v2\/mec_category?post=18044"}],"curies":[{"name":"wp","href":"https:\/\/api.w.org\/{rel}","templated":true}]}}