{"id":18166,"date":"2022-04-29T10:05:28","date_gmt":"2022-04-29T08:05:28","guid":{"rendered":"https:\/\/turismo.elejido.es\/?post_type=mec-events&#038;p=18166"},"modified":"2022-04-29T10:05:29","modified_gmt":"2022-04-29T08:05:29","slug":"plantilla-eventos-503-399-717-291","status":"publish","type":"mec-events","link":"https:\/\/turismo.elejido.es\/index.php\/events\/plantilla-eventos-503-399-717-291\/","title":{"rendered":"Mercastock 2022"},"content":{"rendered":"\n<div class=\"wp-block-nk-awb nk-awb alturaSlider is-layout-constrained wp-block-nk-awb-is-layout-constrained\"><div class=\"nk-awb-wrap\" data-awb-type=\"image\" data-awb-image-background-size=\"cover\" data-awb-image-background-position=\"49% 23%\" data-awb-parallax=\"scroll\" data-awb-parallax-speed=\"0.5\" data-awb-parallax-mobile=\"false\"><div class=\"nk-awb-inner\"><img loading=\"lazy\" decoding=\"async\" src=\"https:\/\/app.elejido.es\/turismo\/wp-content\/uploads\/2022\/04\/MERCASTOCK-Cropped.jpg\" class=\"wp-image-18170 jarallax-img\" width=\"1587\" height=\"1587\" srcset=\"https:\/\/turismo.elejido.es\/wp-content\/uploads\/2022\/04\/MERCASTOCK-Cropped.jpg 1587w, https:\/\/turismo.elejido.es\/wp-content\/uploads\/2022\/04\/MERCASTOCK-Cropped-500x500.jpg 500w, https:\/\/turismo.elejido.es\/wp-content\/uploads\/2022\/04\/MERCASTOCK-Cropped-1080x1080.jpg 1080w, https:\/\/turismo.elejido.es\/wp-content\/uploads\/2022\/04\/MERCASTOCK-Cropped-150x150.jpg 150w, https:\/\/turismo.elejido.es\/wp-content\/uploads\/2022\/04\/MERCASTOCK-Cropped-768x768.jpg 768w, https:\/\/turismo.elejido.es\/wp-content\/uploads\/2022\/04\/MERCASTOCK-Cropped-300x300.jpg 300w, https:\/\/turismo.elejido.es\/wp-content\/uploads\/2022\/04\/MERCASTOCK-Cropped-1536x1536.jpg 1536w, https:\/\/turismo.elejido.es\/wp-content\/uploads\/2022\/04\/MERCASTOCK-Cropped-800x800.jpg 800w, https:\/\/turismo.elejido.es\/wp-content\/uploads\/2022\/04\/MERCASTOCK-Cropped-1280x1280.jpg 1280w, https:\/\/turismo.elejido.es\/wp-content\/uploads\/2022\/04\/MERCASTOCK-Cropped-600x600.jpg 600w\" sizes=\"auto, (max-width: 1587px) 100vw, 1587px\" \/><\/div><\/div><\/div>\n\n\n\n<div style=\"height:40px\" aria-hidden=\"true\" class=\"wp-block-spacer\"><\/div>\n\n\n<div class=\"breadcrumbs align  wp-block-bcn-breadcrumb-trail has-text-color has-background\" vocab=\"https:\/\/schema.org\/\" typeof=\"BreadcrumbList\">\n\t<span><\/span>\n\t<span property=\"itemListElement\" typeof=\"ListItem\"><a property=\"item\" typeof=\"WebPage\" title=\"Ir a Turismo El Ejido.\" href=\"https:\/\/turismo.elejido.es\" class=\"home\" aria-current=\"page\"><span property=\"name\">Turismo El Ejido<\/span><\/a><meta property=\"position\" content=\"1\"><\/span><\/div>\n\n\n\n<div style=\"height:50px\" aria-hidden=\"true\" class=\"wp-block-spacer\"><\/div>\n\n\n\n<h1 class=\"wp-block-heading\">Mercastock 2022<\/h1>\n\n\n\n<div style=\"height:25px\" aria-hidden=\"true\" class=\"wp-block-spacer\"><\/div>\n\n\n\n<p>Vuelve el mercado de saldos Mercastock el lunes 2 de mayo a la Plaza Mayor de El Ejido en horario de 10:00 &#8211; 20:00. No pierdas la oportunidad de comprar multitud de productos de primeras marcas a precios de saldo en textil, calzados, complementos, ropa infantil, cosm\u00e9tica, lencer\u00eda, papeler\u00eda o art\u00edculos de regalo, entre otros. Adem\u00e1s contar\u00e1 con animaci\u00f3n infantil y una actuaci\u00f3n musical. <\/p>\n\n\n\n<figure class=\"wp-block-image size-large\"><img loading=\"lazy\" decoding=\"async\" width=\"763\" height=\"1080\" src=\"https:\/\/app.elejido.es\/turismo\/wp-content\/uploads\/2022\/04\/MERCASTOCK-763x1080.jpg\" alt=\"\" class=\"wp-image-18169\" srcset=\"https:\/\/turismo.elejido.es\/wp-content\/uploads\/2022\/04\/MERCASTOCK-763x1080.jpg 763w, https:\/\/turismo.elejido.es\/wp-content\/uploads\/2022\/04\/MERCASTOCK-353x500.jpg 353w, https:\/\/turismo.elejido.es\/wp-content\/uploads\/2022\/04\/MERCASTOCK-768x1086.jpg 768w, https:\/\/turismo.elejido.es\/wp-content\/uploads\/2022\/04\/MERCASTOCK-1086x1536.jpg 1086w, https:\/\/turismo.elejido.es\/wp-content\/uploads\/2022\/04\/MERCASTOCK-1448x2048.jpg 1448w, https:\/\/turismo.elejido.es\/wp-content\/uploads\/2022\/04\/MERCASTOCK-500x707.jpg 500w, https:\/\/turismo.elejido.es\/wp-content\/uploads\/2022\/04\/MERCASTOCK-800x1132.jpg 800w, https:\/\/turismo.elejido.es\/wp-content\/uploads\/2022\/04\/MERCASTOCK-1280x1811.jpg 1280w, https:\/\/turismo.elejido.es\/wp-content\/uploads\/2022\/04\/MERCASTOCK.jpg 1587w\" sizes=\"auto, (max-width: 763px) 100vw, 763px\" \/><\/figure>\n\n\n\n<div style=\"height:70px\" aria-hidden=\"true\" class=\"wp-block-spacer\"><\/div>\n\n\n\n<iframe src=\"https:\/\/www.google.com\/maps\/embed?pb=!1m14!1m8!1m3!1d12783.277995211118!2d-2.8130987!3d36.7748974!3m2!1i1024!2i768!4f13.1!3m3!1m2!1s0x0%3A0x961ae08ac55aeb8a!2sPlaza%20Mayor%20de%20El%20Ejido!5e0!3m2!1ses!2ses!4v1651219296326!5m2!1ses!2ses\" width=\"600\" height=\"450\" style=\"border:0;\" allowfullscreen=\"\" loading=\"lazy\" referrerpolicy=\"no-referrer-when-downgrade\"><\/iframe>\n","protected":false},"excerpt":{"rendered":"<p>Mercastock 2022 Vuelve el mercado de saldos Mercastock el lunes 2 de mayo a la Plaza Mayor de El Ejido en horario de 10:00 &#8211; 20:00. No pierdas la oportunidad de comprar multitud de productos de primeras marcas a precios de saldo en textil, calzados, complementos, ropa infantil, cosm\u00e9tica, lencer\u00eda, papeler\u00eda o art\u00edculos de regalo, [&hellip;]<\/p>\n","protected":false},"author":5,"featured_media":18170,"comment_status":"closed","ping_status":"closed","template":"","tags":[],"mec_category":[773],"class_list":["post-18166","mec-events","type-mec-events","status-publish","has-post-thumbnail","hentry","mec_category-ocio","entry","has-media"],"yoast_head":"<!-- This site is optimized with the Yoast SEO plugin v27.4 - https:\/\/yoast.com\/product\/yoast-seo-wordpress\/ -->\n<title>Mercastock 2022 - Turismo El Ejido<\/title>\n<meta name=\"description\" content=\"Vuelve el mercado de saldos &quot;Mercastock&quot; a El Ejido, con una gran variedad de productos de moda, complementos o belleza a precios de saldo.\" \/>\n<meta name=\"robots\" content=\"index, follow, max-snippet:-1, max-image-preview:large, max-video-preview:-1\" \/>\n<link rel=\"canonical\" href=\"https:\/\/turismo.elejido.es\/index.php\/events\/plantilla-eventos-503-399-717-291\/\" \/>\n<meta property=\"og:locale\" content=\"es_ES\" \/>\n<meta property=\"og:type\" content=\"article\" \/>\n<meta property=\"og:title\" content=\"Mercastock 2022 - Turismo El Ejido\" \/>\n<meta property=\"og:description\" content=\"Vuelve el mercado de saldos &quot;Mercastock&quot; a El Ejido, con una gran variedad de productos de moda, complementos o belleza a precios de saldo.\" \/>\n<meta property=\"og:url\" content=\"https:\/\/turismo.elejido.es\/index.php\/events\/plantilla-eventos-503-399-717-291\/\" \/>\n<meta property=\"og:site_name\" content=\"Turismo El Ejido\" \/>\n<meta property=\"article:modified_time\" content=\"2022-04-29T08:05:29+00:00\" \/>\n<meta property=\"og:image\" content=\"https:\/\/turismo.elejido.es\/wp-content\/uploads\/2022\/04\/MERCASTOCK-Cropped.jpg\" \/>\n\t<meta property=\"og:image:width\" content=\"1587\" \/>\n\t<meta property=\"og:image:height\" content=\"1587\" \/>\n\t<meta property=\"og:image:type\" content=\"image\/jpeg\" \/>\n<meta name=\"twitter:card\" content=\"summary_large_image\" \/>\n<meta name=\"twitter:label1\" content=\"Tiempo de lectura\" \/>\n\t<meta name=\"twitter:data1\" content=\"1 minuto\" \/>\n<script type=\"application\/ld+json\" class=\"yoast-schema-graph\">{\"@context\":\"https:\\\/\\\/schema.org\",\"@graph\":[{\"@type\":\"WebPage\",\"@id\":\"https:\\\/\\\/turismo.elejido.es\\\/index.php\\\/events\\\/plantilla-eventos-503-399-717-291\\\/\",\"url\":\"https:\\\/\\\/turismo.elejido.es\\\/index.php\\\/events\\\/plantilla-eventos-503-399-717-291\\\/\",\"name\":\"Mercastock 2022 - Turismo El Ejido\",\"isPartOf\":{\"@id\":\"https:\\\/\\\/turismo.elejido.es\\\/#website\"},\"primaryImageOfPage\":{\"@id\":\"https:\\\/\\\/turismo.elejido.es\\\/index.php\\\/events\\\/plantilla-eventos-503-399-717-291\\\/#primaryimage\"},\"image\":{\"@id\":\"https:\\\/\\\/turismo.elejido.es\\\/index.php\\\/events\\\/plantilla-eventos-503-399-717-291\\\/#primaryimage\"},\"thumbnailUrl\":\"https:\\\/\\\/turismo.elejido.es\\\/wp-content\\\/uploads\\\/2022\\\/04\\\/MERCASTOCK-Cropped.jpg\",\"datePublished\":\"2022-04-29T08:05:28+00:00\",\"dateModified\":\"2022-04-29T08:05:29+00:00\",\"description\":\"Vuelve el mercado de saldos \\\"Mercastock\\\" a El Ejido, con una gran variedad de productos de moda, complementos o belleza a precios de saldo.\",\"breadcrumb\":{\"@id\":\"https:\\\/\\\/turismo.elejido.es\\\/index.php\\\/events\\\/plantilla-eventos-503-399-717-291\\\/#breadcrumb\"},\"inLanguage\":\"es\",\"potentialAction\":[{\"@type\":\"ReadAction\",\"target\":[\"https:\\\/\\\/turismo.elejido.es\\\/index.php\\\/events\\\/plantilla-eventos-503-399-717-291\\\/\"]}]},{\"@type\":\"ImageObject\",\"inLanguage\":\"es\",\"@id\":\"https:\\\/\\\/turismo.elejido.es\\\/index.php\\\/events\\\/plantilla-eventos-503-399-717-291\\\/#primaryimage\",\"url\":\"https:\\\/\\\/turismo.elejido.es\\\/wp-content\\\/uploads\\\/2022\\\/04\\\/MERCASTOCK-Cropped.jpg\",\"contentUrl\":\"https:\\\/\\\/turismo.elejido.es\\\/wp-content\\\/uploads\\\/2022\\\/04\\\/MERCASTOCK-Cropped.jpg\",\"width\":1587,\"height\":1587},{\"@type\":\"BreadcrumbList\",\"@id\":\"https:\\\/\\\/turismo.elejido.es\\\/index.php\\\/events\\\/plantilla-eventos-503-399-717-291\\\/#breadcrumb\",\"itemListElement\":[{\"@type\":\"ListItem\",\"position\":1,\"name\":\"Inicio\",\"item\":\"https:\\\/\\\/turismo.elejido.es\\\/\"},{\"@type\":\"ListItem\",\"position\":2,\"name\":\"Eventos\",\"item\":\"https:\\\/\\\/turismo.elejido.es\\\/index.php\\\/events\\\/\"},{\"@type\":\"ListItem\",\"position\":3,\"name\":\"Mercastock 2022\"}]},{\"@type\":\"WebSite\",\"@id\":\"https:\\\/\\\/turismo.elejido.es\\\/#website\",\"url\":\"https:\\\/\\\/turismo.elejido.es\\\/\",\"name\":\"Turismo El Ejido\",\"description\":\"Portal Oficial de Turismo del Municipio de El Ejido, Almerimar y Balerma situado en la costa de Almer\u00eda.\",\"publisher\":{\"@id\":\"https:\\\/\\\/turismo.elejido.es\\\/#organization\"},\"potentialAction\":[{\"@type\":\"SearchAction\",\"target\":{\"@type\":\"EntryPoint\",\"urlTemplate\":\"https:\\\/\\\/turismo.elejido.es\\\/?s={search_term_string}\"},\"query-input\":{\"@type\":\"PropertyValueSpecification\",\"valueRequired\":true,\"valueName\":\"search_term_string\"}}],\"inLanguage\":\"es\"},{\"@type\":\"Organization\",\"@id\":\"https:\\\/\\\/turismo.elejido.es\\\/#organization\",\"name\":\"Turismo El Ejido\",\"url\":\"https:\\\/\\\/turismo.elejido.es\\\/\",\"logo\":{\"@type\":\"ImageObject\",\"inLanguage\":\"es\",\"@id\":\"https:\\\/\\\/turismo.elejido.es\\\/#\\\/schema\\\/logo\\\/image\\\/\",\"url\":\"https:\\\/\\\/turismo.elejido.es\\\/wp-content\\\/uploads\\\/2020\\\/12\\\/elejidoNaranja.png\",\"contentUrl\":\"https:\\\/\\\/turismo.elejido.es\\\/wp-content\\\/uploads\\\/2020\\\/12\\\/elejidoNaranja.png\",\"width\":163,\"height\":92,\"caption\":\"Turismo El Ejido\"},\"image\":{\"@id\":\"https:\\\/\\\/turismo.elejido.es\\\/#\\\/schema\\\/logo\\\/image\\\/\"}}]}<\/script>\n<!-- \/ Yoast SEO plugin. -->","yoast_head_json":{"title":"Mercastock 2022 - Turismo El Ejido","description":"Vuelve el mercado de saldos \"Mercastock\" a El Ejido, con una gran variedad de productos de moda, complementos o belleza a precios de saldo.","robots":{"index":"index","follow":"follow","max-snippet":"max-snippet:-1","max-image-preview":"max-image-preview:large","max-video-preview":"max-video-preview:-1"},"canonical":"https:\/\/turismo.elejido.es\/index.php\/events\/plantilla-eventos-503-399-717-291\/","og_locale":"es_ES","og_type":"article","og_title":"Mercastock 2022 - Turismo El Ejido","og_description":"Vuelve el mercado de saldos \"Mercastock\" a El Ejido, con una gran variedad de productos de moda, complementos o belleza a precios de saldo.","og_url":"https:\/\/turismo.elejido.es\/index.php\/events\/plantilla-eventos-503-399-717-291\/","og_site_name":"Turismo El Ejido","article_modified_time":"2022-04-29T08:05:29+00:00","og_image":[{"width":1587,"height":1587,"url":"https:\/\/turismo.elejido.es\/wp-content\/uploads\/2022\/04\/MERCASTOCK-Cropped.jpg","type":"image\/jpeg"}],"twitter_card":"summary_large_image","twitter_misc":{"Tiempo de lectura":"1 minuto"},"schema":{"@context":"https:\/\/schema.org","@graph":[{"@type":"WebPage","@id":"https:\/\/turismo.elejido.es\/index.php\/events\/plantilla-eventos-503-399-717-291\/","url":"https:\/\/turismo.elejido.es\/index.php\/events\/plantilla-eventos-503-399-717-291\/","name":"Mercastock 2022 - Turismo El Ejido","isPartOf":{"@id":"https:\/\/turismo.elejido.es\/#website"},"primaryImageOfPage":{"@id":"https:\/\/turismo.elejido.es\/index.php\/events\/plantilla-eventos-503-399-717-291\/#primaryimage"},"image":{"@id":"https:\/\/turismo.elejido.es\/index.php\/events\/plantilla-eventos-503-399-717-291\/#primaryimage"},"thumbnailUrl":"https:\/\/turismo.elejido.es\/wp-content\/uploads\/2022\/04\/MERCASTOCK-Cropped.jpg","datePublished":"2022-04-29T08:05:28+00:00","dateModified":"2022-04-29T08:05:29+00:00","description":"Vuelve el mercado de saldos \"Mercastock\" a El Ejido, con una gran variedad de productos de moda, complementos o belleza a precios de saldo.","breadcrumb":{"@id":"https:\/\/turismo.elejido.es\/index.php\/events\/plantilla-eventos-503-399-717-291\/#breadcrumb"},"inLanguage":"es","potentialAction":[{"@type":"ReadAction","target":["https:\/\/turismo.elejido.es\/index.php\/events\/plantilla-eventos-503-399-717-291\/"]}]},{"@type":"ImageObject","inLanguage":"es","@id":"https:\/\/turismo.elejido.es\/index.php\/events\/plantilla-eventos-503-399-717-291\/#primaryimage","url":"https:\/\/turismo.elejido.es\/wp-content\/uploads\/2022\/04\/MERCASTOCK-Cropped.jpg","contentUrl":"https:\/\/turismo.elejido.es\/wp-content\/uploads\/2022\/04\/MERCASTOCK-Cropped.jpg","width":1587,"height":1587},{"@type":"BreadcrumbList","@id":"https:\/\/turismo.elejido.es\/index.php\/events\/plantilla-eventos-503-399-717-291\/#breadcrumb","itemListElement":[{"@type":"ListItem","position":1,"name":"Inicio","item":"https:\/\/turismo.elejido.es\/"},{"@type":"ListItem","position":2,"name":"Eventos","item":"https:\/\/turismo.elejido.es\/index.php\/events\/"},{"@type":"ListItem","position":3,"name":"Mercastock 2022"}]},{"@type":"WebSite","@id":"https:\/\/turismo.elejido.es\/#website","url":"https:\/\/turismo.elejido.es\/","name":"Turismo El Ejido","description":"Portal Oficial de Turismo del Municipio de El Ejido, Almerimar y Balerma situado en la costa de Almer\u00eda.","publisher":{"@id":"https:\/\/turismo.elejido.es\/#organization"},"potentialAction":[{"@type":"SearchAction","target":{"@type":"EntryPoint","urlTemplate":"https:\/\/turismo.elejido.es\/?s={search_term_string}"},"query-input":{"@type":"PropertyValueSpecification","valueRequired":true,"valueName":"search_term_string"}}],"inLanguage":"es"},{"@type":"Organization","@id":"https:\/\/turismo.elejido.es\/#organization","name":"Turismo El Ejido","url":"https:\/\/turismo.elejido.es\/","logo":{"@type":"ImageObject","inLanguage":"es","@id":"https:\/\/turismo.elejido.es\/#\/schema\/logo\/image\/","url":"https:\/\/turismo.elejido.es\/wp-content\/uploads\/2020\/12\/elejidoNaranja.png","contentUrl":"https:\/\/turismo.elejido.es\/wp-content\/uploads\/2020\/12\/elejidoNaranja.png","width":163,"height":92,"caption":"Turismo El Ejido"},"image":{"@id":"https:\/\/turismo.elejido.es\/#\/schema\/logo\/image\/"}}]}},"_links":{"self":[{"href":"https:\/\/turismo.elejido.es\/index.php\/wp-json\/wp\/v2\/mec-events\/18166","targetHints":{"allow":["GET"]}}],"collection":[{"href":"https:\/\/turismo.elejido.es\/index.php\/wp-json\/wp\/v2\/mec-events"}],"about":[{"href":"https:\/\/turismo.elejido.es\/index.php\/wp-json\/wp\/v2\/types\/mec-events"}],"author":[{"embeddable":true,"href":"https:\/\/turismo.elejido.es\/index.php\/wp-json\/wp\/v2\/users\/5"}],"replies":[{"embeddable":true,"href":"https:\/\/turismo.elejido.es\/index.php\/wp-json\/wp\/v2\/comments?post=18166"}],"wp:featuredmedia":[{"embeddable":true,"href":"https:\/\/turismo.elejido.es\/index.php\/wp-json\/wp\/v2\/media\/18170"}],"wp:attachment":[{"href":"https:\/\/turismo.elejido.es\/index.php\/wp-json\/wp\/v2\/media?parent=18166"}],"wp:term":[{"taxonomy":"post_tag","embeddable":true,"href":"https:\/\/turismo.elejido.es\/index.php\/wp-json\/wp\/v2\/tags?post=18166"},{"taxonomy":"mec_category","embeddable":true,"href":"https:\/\/turismo.elejido.es\/index.php\/wp-json\/wp\/v2\/mec_category?post=18166"}],"curies":[{"name":"wp","href":"https:\/\/api.w.org\/{rel}","templated":true}]}}