{"id":18355,"date":"2022-06-17T11:41:13","date_gmt":"2022-06-17T09:41:13","guid":{"rendered":"https:\/\/turismo.elejido.es\/?post_type=mec-events&#038;p=18355"},"modified":"2022-06-17T11:41:15","modified_gmt":"2022-06-17T09:41:15","slug":"plantilla-eventos-503-399-717-291-931-530","status":"publish","type":"mec-events","link":"https:\/\/turismo.elejido.es\/index.php\/events\/plantilla-eventos-503-399-717-291-931-530\/","title":{"rendered":"Concierto D\u00fao Tolgahan \u00c7o\u011fulu y Sinan Ayy\u0131ld\u0131z"},"content":{"rendered":"\n<div class=\"wp-block-nk-awb nk-awb alturaSlider is-layout-constrained wp-block-nk-awb-is-layout-constrained\"><div class=\"nk-awb-wrap\" data-awb-type=\"image\" data-awb-image-background-size=\"cover\" data-awb-image-background-position=\"49% 23%\" data-awb-parallax=\"scroll\" data-awb-parallax-speed=\"0.5\" data-awb-parallax-mobile=\"false\"><div class=\"nk-awb-inner\"><img loading=\"lazy\" decoding=\"async\" src=\"https:\/\/app.elejido.es\/turismo\/wp-content\/uploads\/2022\/06\/Fusion-cultural-2022.jpg\" class=\"wp-image-18357 jarallax-img\" width=\"2067\" height=\"2067\" srcset=\"https:\/\/turismo.elejido.es\/wp-content\/uploads\/2022\/06\/Fusion-cultural-2022.jpg 2067w, https:\/\/turismo.elejido.es\/wp-content\/uploads\/2022\/06\/Fusion-cultural-2022-500x500.jpg 500w, https:\/\/turismo.elejido.es\/wp-content\/uploads\/2022\/06\/Fusion-cultural-2022-1080x1080.jpg 1080w, https:\/\/turismo.elejido.es\/wp-content\/uploads\/2022\/06\/Fusion-cultural-2022-150x150.jpg 150w, https:\/\/turismo.elejido.es\/wp-content\/uploads\/2022\/06\/Fusion-cultural-2022-768x768.jpg 768w, https:\/\/turismo.elejido.es\/wp-content\/uploads\/2022\/06\/Fusion-cultural-2022-300x300.jpg 300w, https:\/\/turismo.elejido.es\/wp-content\/uploads\/2022\/06\/Fusion-cultural-2022-1536x1536.jpg 1536w, https:\/\/turismo.elejido.es\/wp-content\/uploads\/2022\/06\/Fusion-cultural-2022-2048x2048.jpg 2048w, https:\/\/turismo.elejido.es\/wp-content\/uploads\/2022\/06\/Fusion-cultural-2022-800x800.jpg 800w, https:\/\/turismo.elejido.es\/wp-content\/uploads\/2022\/06\/Fusion-cultural-2022-1280x1280.jpg 1280w, https:\/\/turismo.elejido.es\/wp-content\/uploads\/2022\/06\/Fusion-cultural-2022-1920x1920.jpg 1920w, https:\/\/turismo.elejido.es\/wp-content\/uploads\/2022\/06\/Fusion-cultural-2022-600x600.jpg 600w\" sizes=\"auto, (max-width: 2067px) 100vw, 2067px\" \/><\/div><\/div><\/div>\n\n\n\n<div style=\"height:40px\" aria-hidden=\"true\" class=\"wp-block-spacer\"><\/div>\n\n\n<div class=\"breadcrumbs align  wp-block-bcn-breadcrumb-trail has-text-color has-background\" vocab=\"https:\/\/schema.org\/\" typeof=\"BreadcrumbList\">\n\t<span><\/span>\n\t<span property=\"itemListElement\" typeof=\"ListItem\"><a property=\"item\" typeof=\"WebPage\" title=\"Ir a Turismo El Ejido.\" href=\"https:\/\/turismo.elejido.es\" class=\"home\" aria-current=\"page\"><span property=\"name\">Turismo El Ejido<\/span><\/a><meta property=\"position\" content=\"1\"><\/span><\/div>\n\n\n\n<div style=\"height:50px\" aria-hidden=\"true\" class=\"wp-block-spacer\"><\/div>\n\n\n\n<h1 class=\"wp-block-heading\">Concierto D\u00fao Tolgahan \u00c7o\u011fulu y Sinan Ayy\u0131ld\u0131z<\/h1>\n\n\n\n<div style=\"height:25px\" aria-hidden=\"true\" class=\"wp-block-spacer\"><\/div>\n\n\n\n<p>\u00a1Vuelven los conciertos al Castillo de Guardias Viejas! No te pierdas el concierto de este d\u00fao de artistas que se compone de una guitarra microtonal y un ba\u011flama, uno de los instrumentos principales de la m\u00fasica tradicional y popular turca. <\/p>\n\n\n\n<p>Entrada con invitaci\u00f3n hasta completar aforo, cons\u00edguela en el \u00c1rea de Cultura. M\u00e1s informaci\u00f3n en la web <a href=\"https:\/\/cultura.elejido.es\/?ai1ec_event=fusion-cultural-espana-turquia-concierto-duo-tolgahan-cogulu-y-sinan-ayyildiz\">Cultura El Ejido.<\/a> <\/p>\n\n\n\n<div style=\"height:70px\" aria-hidden=\"true\" class=\"wp-block-spacer\"><\/div>\n\n\n\n<iframe src=\"https:\/\/www.google.com\/maps\/embed?pb=!1m14!1m8!1m3!1d12795.692078595064!2d-2.8514879!3d36.7003877!3m2!1i1024!2i768!4f13.1!3m3!1m2!1s0x0%3A0xb0dbb44a7c0a1152!2sCastillo%20de%20Guardias%20Viejas!5e0!3m2!1ses!2ses!4v1655458624324!5m2!1ses!2ses\" width=\"600\" height=\"450\" style=\"border:0;\" allowfullscreen=\"\" loading=\"lazy\" referrerpolicy=\"no-referrer-when-downgrade\"><\/iframe>\n","protected":false},"excerpt":{"rendered":"<p>Concierto D\u00fao Tolgahan \u00c7o\u011fulu y Sinan Ayy\u0131ld\u0131z \u00a1Vuelven los conciertos al Castillo de Guardias Viejas! No te pierdas el concierto de este d\u00fao de artistas que se compone de una guitarra microtonal y un ba\u011flama, uno de los instrumentos principales de la m\u00fasica tradicional y popular turca. Entrada con invitaci\u00f3n hasta completar aforo, cons\u00edguela en [&hellip;]<\/p>\n","protected":false},"author":5,"featured_media":18357,"comment_status":"closed","ping_status":"closed","template":"","tags":[],"mec_category":[103],"class_list":["post-18355","mec-events","type-mec-events","status-publish","has-post-thumbnail","hentry","mec_category-musica","entry","has-media"],"yoast_head":"<!-- This site is optimized with the Yoast SEO plugin v27.4 - https:\/\/yoast.com\/product\/yoast-seo-wordpress\/ -->\n<title>Concierto D\u00fao Tolgahan \u00c7o\u011fulu y Sinan Ayy\u0131ld\u0131z - Turismo El Ejido<\/title>\n<meta name=\"description\" content=\"Vuelven los conciertos al Castillo de Guardias Viejas con el d\u00fao Tolgahan \u00c7o\u011fulu y Sinan Ayy\u0131ld\u0131z, no te quedes sin entrada.\" \/>\n<meta name=\"robots\" content=\"index, follow, max-snippet:-1, max-image-preview:large, max-video-preview:-1\" \/>\n<link rel=\"canonical\" href=\"https:\/\/turismo.elejido.es\/index.php\/events\/plantilla-eventos-503-399-717-291-931-530\/\" \/>\n<meta property=\"og:locale\" content=\"es_ES\" \/>\n<meta property=\"og:type\" content=\"article\" \/>\n<meta property=\"og:title\" content=\"Concierto D\u00fao Tolgahan \u00c7o\u011fulu y Sinan Ayy\u0131ld\u0131z - Turismo El Ejido\" \/>\n<meta property=\"og:description\" content=\"Vuelven los conciertos al Castillo de Guardias Viejas con el d\u00fao Tolgahan \u00c7o\u011fulu y Sinan Ayy\u0131ld\u0131z, no te quedes sin entrada.\" \/>\n<meta property=\"og:url\" content=\"https:\/\/turismo.elejido.es\/index.php\/events\/plantilla-eventos-503-399-717-291-931-530\/\" \/>\n<meta property=\"og:site_name\" content=\"Turismo El Ejido\" \/>\n<meta property=\"article:modified_time\" content=\"2022-06-17T09:41:15+00:00\" \/>\n<meta property=\"og:image\" content=\"https:\/\/turismo.elejido.es\/wp-content\/uploads\/2022\/06\/Fusion-cultural-2022-1080x1080.jpg\" \/>\n\t<meta property=\"og:image:width\" content=\"1080\" \/>\n\t<meta property=\"og:image:height\" content=\"1080\" \/>\n\t<meta property=\"og:image:type\" content=\"image\/jpeg\" \/>\n<meta name=\"twitter:card\" content=\"summary_large_image\" \/>\n<meta name=\"twitter:label1\" content=\"Tiempo de lectura\" \/>\n\t<meta name=\"twitter:data1\" content=\"1 minuto\" \/>\n<script type=\"application\/ld+json\" class=\"yoast-schema-graph\">{\"@context\":\"https:\\\/\\\/schema.org\",\"@graph\":[{\"@type\":\"WebPage\",\"@id\":\"https:\\\/\\\/turismo.elejido.es\\\/index.php\\\/events\\\/plantilla-eventos-503-399-717-291-931-530\\\/\",\"url\":\"https:\\\/\\\/turismo.elejido.es\\\/index.php\\\/events\\\/plantilla-eventos-503-399-717-291-931-530\\\/\",\"name\":\"Concierto D\u00fao Tolgahan \u00c7o\u011fulu y Sinan Ayy\u0131ld\u0131z - Turismo El Ejido\",\"isPartOf\":{\"@id\":\"https:\\\/\\\/turismo.elejido.es\\\/#website\"},\"primaryImageOfPage\":{\"@id\":\"https:\\\/\\\/turismo.elejido.es\\\/index.php\\\/events\\\/plantilla-eventos-503-399-717-291-931-530\\\/#primaryimage\"},\"image\":{\"@id\":\"https:\\\/\\\/turismo.elejido.es\\\/index.php\\\/events\\\/plantilla-eventos-503-399-717-291-931-530\\\/#primaryimage\"},\"thumbnailUrl\":\"https:\\\/\\\/turismo.elejido.es\\\/wp-content\\\/uploads\\\/2022\\\/06\\\/Fusion-cultural-2022.jpg\",\"datePublished\":\"2022-06-17T09:41:13+00:00\",\"dateModified\":\"2022-06-17T09:41:15+00:00\",\"description\":\"Vuelven los conciertos al Castillo de Guardias Viejas con el d\u00fao Tolgahan \u00c7o\u011fulu y Sinan Ayy\u0131ld\u0131z, no te quedes sin entrada.\",\"breadcrumb\":{\"@id\":\"https:\\\/\\\/turismo.elejido.es\\\/index.php\\\/events\\\/plantilla-eventos-503-399-717-291-931-530\\\/#breadcrumb\"},\"inLanguage\":\"es\",\"potentialAction\":[{\"@type\":\"ReadAction\",\"target\":[\"https:\\\/\\\/turismo.elejido.es\\\/index.php\\\/events\\\/plantilla-eventos-503-399-717-291-931-530\\\/\"]}]},{\"@type\":\"ImageObject\",\"inLanguage\":\"es\",\"@id\":\"https:\\\/\\\/turismo.elejido.es\\\/index.php\\\/events\\\/plantilla-eventos-503-399-717-291-931-530\\\/#primaryimage\",\"url\":\"https:\\\/\\\/turismo.elejido.es\\\/wp-content\\\/uploads\\\/2022\\\/06\\\/Fusion-cultural-2022.jpg\",\"contentUrl\":\"https:\\\/\\\/turismo.elejido.es\\\/wp-content\\\/uploads\\\/2022\\\/06\\\/Fusion-cultural-2022.jpg\",\"width\":2067,\"height\":2067},{\"@type\":\"BreadcrumbList\",\"@id\":\"https:\\\/\\\/turismo.elejido.es\\\/index.php\\\/events\\\/plantilla-eventos-503-399-717-291-931-530\\\/#breadcrumb\",\"itemListElement\":[{\"@type\":\"ListItem\",\"position\":1,\"name\":\"Inicio\",\"item\":\"https:\\\/\\\/turismo.elejido.es\\\/\"},{\"@type\":\"ListItem\",\"position\":2,\"name\":\"Eventos\",\"item\":\"https:\\\/\\\/turismo.elejido.es\\\/index.php\\\/events\\\/\"},{\"@type\":\"ListItem\",\"position\":3,\"name\":\"Concierto D\u00fao Tolgahan \u00c7o\u011fulu y Sinan Ayy\u0131ld\u0131z\"}]},{\"@type\":\"WebSite\",\"@id\":\"https:\\\/\\\/turismo.elejido.es\\\/#website\",\"url\":\"https:\\\/\\\/turismo.elejido.es\\\/\",\"name\":\"Turismo El Ejido\",\"description\":\"Portal Oficial de Turismo del Municipio de El Ejido, Almerimar y Balerma situado en la costa de Almer\u00eda.\",\"publisher\":{\"@id\":\"https:\\\/\\\/turismo.elejido.es\\\/#organization\"},\"potentialAction\":[{\"@type\":\"SearchAction\",\"target\":{\"@type\":\"EntryPoint\",\"urlTemplate\":\"https:\\\/\\\/turismo.elejido.es\\\/?s={search_term_string}\"},\"query-input\":{\"@type\":\"PropertyValueSpecification\",\"valueRequired\":true,\"valueName\":\"search_term_string\"}}],\"inLanguage\":\"es\"},{\"@type\":\"Organization\",\"@id\":\"https:\\\/\\\/turismo.elejido.es\\\/#organization\",\"name\":\"Turismo El Ejido\",\"url\":\"https:\\\/\\\/turismo.elejido.es\\\/\",\"logo\":{\"@type\":\"ImageObject\",\"inLanguage\":\"es\",\"@id\":\"https:\\\/\\\/turismo.elejido.es\\\/#\\\/schema\\\/logo\\\/image\\\/\",\"url\":\"https:\\\/\\\/turismo.elejido.es\\\/wp-content\\\/uploads\\\/2020\\\/12\\\/elejidoNaranja.png\",\"contentUrl\":\"https:\\\/\\\/turismo.elejido.es\\\/wp-content\\\/uploads\\\/2020\\\/12\\\/elejidoNaranja.png\",\"width\":163,\"height\":92,\"caption\":\"Turismo El Ejido\"},\"image\":{\"@id\":\"https:\\\/\\\/turismo.elejido.es\\\/#\\\/schema\\\/logo\\\/image\\\/\"}}]}<\/script>\n<!-- \/ Yoast SEO plugin. -->","yoast_head_json":{"title":"Concierto D\u00fao Tolgahan \u00c7o\u011fulu y Sinan Ayy\u0131ld\u0131z - Turismo El Ejido","description":"Vuelven los conciertos al Castillo de Guardias Viejas con el d\u00fao Tolgahan \u00c7o\u011fulu y Sinan Ayy\u0131ld\u0131z, no te quedes sin entrada.","robots":{"index":"index","follow":"follow","max-snippet":"max-snippet:-1","max-image-preview":"max-image-preview:large","max-video-preview":"max-video-preview:-1"},"canonical":"https:\/\/turismo.elejido.es\/index.php\/events\/plantilla-eventos-503-399-717-291-931-530\/","og_locale":"es_ES","og_type":"article","og_title":"Concierto D\u00fao Tolgahan \u00c7o\u011fulu y Sinan Ayy\u0131ld\u0131z - Turismo El Ejido","og_description":"Vuelven los conciertos al Castillo de Guardias Viejas con el d\u00fao Tolgahan \u00c7o\u011fulu y Sinan Ayy\u0131ld\u0131z, no te quedes sin entrada.","og_url":"https:\/\/turismo.elejido.es\/index.php\/events\/plantilla-eventos-503-399-717-291-931-530\/","og_site_name":"Turismo El Ejido","article_modified_time":"2022-06-17T09:41:15+00:00","og_image":[{"width":1080,"height":1080,"url":"https:\/\/turismo.elejido.es\/wp-content\/uploads\/2022\/06\/Fusion-cultural-2022-1080x1080.jpg","type":"image\/jpeg"}],"twitter_card":"summary_large_image","twitter_misc":{"Tiempo de lectura":"1 minuto"},"schema":{"@context":"https:\/\/schema.org","@graph":[{"@type":"WebPage","@id":"https:\/\/turismo.elejido.es\/index.php\/events\/plantilla-eventos-503-399-717-291-931-530\/","url":"https:\/\/turismo.elejido.es\/index.php\/events\/plantilla-eventos-503-399-717-291-931-530\/","name":"Concierto D\u00fao Tolgahan \u00c7o\u011fulu y Sinan Ayy\u0131ld\u0131z - Turismo El Ejido","isPartOf":{"@id":"https:\/\/turismo.elejido.es\/#website"},"primaryImageOfPage":{"@id":"https:\/\/turismo.elejido.es\/index.php\/events\/plantilla-eventos-503-399-717-291-931-530\/#primaryimage"},"image":{"@id":"https:\/\/turismo.elejido.es\/index.php\/events\/plantilla-eventos-503-399-717-291-931-530\/#primaryimage"},"thumbnailUrl":"https:\/\/turismo.elejido.es\/wp-content\/uploads\/2022\/06\/Fusion-cultural-2022.jpg","datePublished":"2022-06-17T09:41:13+00:00","dateModified":"2022-06-17T09:41:15+00:00","description":"Vuelven los conciertos al Castillo de Guardias Viejas con el d\u00fao Tolgahan \u00c7o\u011fulu y Sinan Ayy\u0131ld\u0131z, no te quedes sin entrada.","breadcrumb":{"@id":"https:\/\/turismo.elejido.es\/index.php\/events\/plantilla-eventos-503-399-717-291-931-530\/#breadcrumb"},"inLanguage":"es","potentialAction":[{"@type":"ReadAction","target":["https:\/\/turismo.elejido.es\/index.php\/events\/plantilla-eventos-503-399-717-291-931-530\/"]}]},{"@type":"ImageObject","inLanguage":"es","@id":"https:\/\/turismo.elejido.es\/index.php\/events\/plantilla-eventos-503-399-717-291-931-530\/#primaryimage","url":"https:\/\/turismo.elejido.es\/wp-content\/uploads\/2022\/06\/Fusion-cultural-2022.jpg","contentUrl":"https:\/\/turismo.elejido.es\/wp-content\/uploads\/2022\/06\/Fusion-cultural-2022.jpg","width":2067,"height":2067},{"@type":"BreadcrumbList","@id":"https:\/\/turismo.elejido.es\/index.php\/events\/plantilla-eventos-503-399-717-291-931-530\/#breadcrumb","itemListElement":[{"@type":"ListItem","position":1,"name":"Inicio","item":"https:\/\/turismo.elejido.es\/"},{"@type":"ListItem","position":2,"name":"Eventos","item":"https:\/\/turismo.elejido.es\/index.php\/events\/"},{"@type":"ListItem","position":3,"name":"Concierto D\u00fao Tolgahan \u00c7o\u011fulu y Sinan Ayy\u0131ld\u0131z"}]},{"@type":"WebSite","@id":"https:\/\/turismo.elejido.es\/#website","url":"https:\/\/turismo.elejido.es\/","name":"Turismo El Ejido","description":"Portal Oficial de Turismo del Municipio de El Ejido, Almerimar y Balerma situado en la costa de Almer\u00eda.","publisher":{"@id":"https:\/\/turismo.elejido.es\/#organization"},"potentialAction":[{"@type":"SearchAction","target":{"@type":"EntryPoint","urlTemplate":"https:\/\/turismo.elejido.es\/?s={search_term_string}"},"query-input":{"@type":"PropertyValueSpecification","valueRequired":true,"valueName":"search_term_string"}}],"inLanguage":"es"},{"@type":"Organization","@id":"https:\/\/turismo.elejido.es\/#organization","name":"Turismo El Ejido","url":"https:\/\/turismo.elejido.es\/","logo":{"@type":"ImageObject","inLanguage":"es","@id":"https:\/\/turismo.elejido.es\/#\/schema\/logo\/image\/","url":"https:\/\/turismo.elejido.es\/wp-content\/uploads\/2020\/12\/elejidoNaranja.png","contentUrl":"https:\/\/turismo.elejido.es\/wp-content\/uploads\/2020\/12\/elejidoNaranja.png","width":163,"height":92,"caption":"Turismo El Ejido"},"image":{"@id":"https:\/\/turismo.elejido.es\/#\/schema\/logo\/image\/"}}]}},"_links":{"self":[{"href":"https:\/\/turismo.elejido.es\/index.php\/wp-json\/wp\/v2\/mec-events\/18355","targetHints":{"allow":["GET"]}}],"collection":[{"href":"https:\/\/turismo.elejido.es\/index.php\/wp-json\/wp\/v2\/mec-events"}],"about":[{"href":"https:\/\/turismo.elejido.es\/index.php\/wp-json\/wp\/v2\/types\/mec-events"}],"author":[{"embeddable":true,"href":"https:\/\/turismo.elejido.es\/index.php\/wp-json\/wp\/v2\/users\/5"}],"replies":[{"embeddable":true,"href":"https:\/\/turismo.elejido.es\/index.php\/wp-json\/wp\/v2\/comments?post=18355"}],"wp:featuredmedia":[{"embeddable":true,"href":"https:\/\/turismo.elejido.es\/index.php\/wp-json\/wp\/v2\/media\/18357"}],"wp:attachment":[{"href":"https:\/\/turismo.elejido.es\/index.php\/wp-json\/wp\/v2\/media?parent=18355"}],"wp:term":[{"taxonomy":"post_tag","embeddable":true,"href":"https:\/\/turismo.elejido.es\/index.php\/wp-json\/wp\/v2\/tags?post=18355"},{"taxonomy":"mec_category","embeddable":true,"href":"https:\/\/turismo.elejido.es\/index.php\/wp-json\/wp\/v2\/mec_category?post=18355"}],"curies":[{"name":"wp","href":"https:\/\/api.w.org\/{rel}","templated":true}]}}