{"id":18401,"date":"2022-06-29T11:24:13","date_gmt":"2022-06-29T09:24:13","guid":{"rendered":"https:\/\/turismo.elejido.es\/?post_type=mec-events&#038;p=18401"},"modified":"2022-07-06T17:14:48","modified_gmt":"2022-07-06T15:14:48","slug":"carrera-nocturna-ciudad-de-balerma","status":"publish","type":"mec-events","link":"https:\/\/turismo.elejido.es\/index.php\/events\/carrera-nocturna-ciudad-de-balerma\/","title":{"rendered":"IX Edici\u00f3n Carrera Nocturna Ciudad de Balerma"},"content":{"rendered":"\n<div class=\"wp-block-nk-awb nk-awb alturaSlider is-layout-constrained wp-block-nk-awb-is-layout-constrained\"><div class=\"nk-awb-wrap\" data-awb-type=\"image\" data-awb-image-background-size=\"cover\" data-awb-image-background-position=\"49% 23%\" data-awb-parallax=\"scroll\" data-awb-parallax-speed=\"0.5\" data-awb-parallax-mobile=\"false\"><div class=\"nk-awb-inner\"><img loading=\"lazy\" decoding=\"async\" src=\"https:\/\/app.elejido.es\/turismo\/wp-content\/uploads\/2022\/06\/288677678_5361524887242208_5763952302868471421_n-Cropped.jpg\" class=\"wp-image-18403 jarallax-img\" width=\"492\" height=\"492\" srcset=\"https:\/\/turismo.elejido.es\/wp-content\/uploads\/2022\/06\/288677678_5361524887242208_5763952302868471421_n-Cropped.jpg 492w, https:\/\/turismo.elejido.es\/wp-content\/uploads\/2022\/06\/288677678_5361524887242208_5763952302868471421_n-Cropped-150x150.jpg 150w, https:\/\/turismo.elejido.es\/wp-content\/uploads\/2022\/06\/288677678_5361524887242208_5763952302868471421_n-Cropped-300x300.jpg 300w\" sizes=\"auto, (max-width: 492px) 100vw, 492px\" \/><\/div><\/div><\/div>\n\n\n\n<div style=\"height:40px\" aria-hidden=\"true\" class=\"wp-block-spacer\"><\/div>\n\n\n<div class=\"breadcrumbs align  wp-block-bcn-breadcrumb-trail has-text-color has-background\" vocab=\"https:\/\/schema.org\/\" typeof=\"BreadcrumbList\">\n\t<span><\/span>\n\t<span property=\"itemListElement\" typeof=\"ListItem\"><a property=\"item\" typeof=\"WebPage\" title=\"Ir a Turismo El Ejido.\" href=\"https:\/\/turismo.elejido.es\" class=\"home\" aria-current=\"page\"><span property=\"name\">Turismo El Ejido<\/span><\/a><meta property=\"position\" content=\"1\"><\/span><\/div>\n\n\n\n<div style=\"height:50px\" aria-hidden=\"true\" class=\"wp-block-spacer\"><\/div>\n\n\n\n<h1 class=\"wp-block-heading\">IX Edici\u00f3n Carrera Nocturna Ciudad de Balerma<\/h1>\n\n\n\n<div style=\"height:25px\" aria-hidden=\"true\" class=\"wp-block-spacer\"><\/div>\n\n\n\n<p>Abiertas las inscripciones para participar en la IX edici\u00f3n de la \u00abCarrera Nocturna\u00bb Ciudad de Balerma que se celebrar\u00e1 el pr\u00f3ximo 23 de julio. M\u00e1s informaci\u00f3n e inscripciones en la web del <a href=\"https:\/\/imd.elejido.es\/?p=21825\">IMD<\/a>. <\/p>\n\n\n\n<div style=\"height:70px\" aria-hidden=\"true\" class=\"wp-block-spacer\"><\/div>\n\n\n\n<iframe src=\"https:\/\/www.google.com\/maps\/embed?pb=!1m18!1m12!1m3!1d12790.552592377786!2d-2.88857185!3d36.7312508!2m3!1f0!2f0!3f0!3m2!1i1024!2i768!4f13.1!3m3!1m2!1s0xd705b3b16ee6887%3A0xbbaad7cc750371c0!2s04712%20Balerma%2C%20Almer%C3%ADa!5e0!3m2!1ses!2ses!4v1656494492290!5m2!1ses!2ses\" width=\"600\" height=\"450\" style=\"border:0;\" allowfullscreen=\"\" loading=\"lazy\" referrerpolicy=\"no-referrer-when-downgrade\"><\/iframe>\n","protected":false},"excerpt":{"rendered":"<p>IX Edici\u00f3n Carrera Nocturna Ciudad de Balerma Abiertas las inscripciones para participar en la IX edici\u00f3n de la \u00abCarrera Nocturna\u00bb Ciudad de Balerma que se celebrar\u00e1 el pr\u00f3ximo 23 de julio. M\u00e1s informaci\u00f3n e inscripciones en la web del IMD.<\/p>\n","protected":false},"author":5,"featured_media":18403,"comment_status":"closed","ping_status":"closed","template":"","tags":[207],"mec_category":[99],"class_list":["post-18401","mec-events","type-mec-events","status-publish","has-post-thumbnail","hentry","tag-balerma","mec_category-deportes","entry","has-media"],"yoast_head":"<!-- This site is optimized with the Yoast SEO plugin v27.4 - https:\/\/yoast.com\/product\/yoast-seo-wordpress\/ -->\n<title>IX Edici\u00f3n Carrera Nocturna Ciudad de Balerma - Turismo El Ejido<\/title>\n<meta name=\"description\" content=\"Abiertas las inscripciones para la IX edici\u00f3n de la \u00abCarrera Nocturna\u00bb Ciudad de Balerma que se celebrar\u00e1 el pr\u00f3ximo 23 de julio.\" \/>\n<meta name=\"robots\" content=\"index, follow, max-snippet:-1, max-image-preview:large, max-video-preview:-1\" \/>\n<link rel=\"canonical\" href=\"https:\/\/turismo.elejido.es\/index.php\/events\/carrera-nocturna-ciudad-de-balerma\/\" \/>\n<meta property=\"og:locale\" content=\"es_ES\" \/>\n<meta property=\"og:type\" content=\"article\" \/>\n<meta property=\"og:title\" content=\"IX Edici\u00f3n Carrera Nocturna Ciudad de Balerma - Turismo El Ejido\" \/>\n<meta property=\"og:description\" content=\"Abiertas las inscripciones para la IX edici\u00f3n de la \u00abCarrera Nocturna\u00bb Ciudad de Balerma que se celebrar\u00e1 el pr\u00f3ximo 23 de julio.\" \/>\n<meta property=\"og:url\" content=\"https:\/\/turismo.elejido.es\/index.php\/events\/carrera-nocturna-ciudad-de-balerma\/\" \/>\n<meta property=\"og:site_name\" content=\"Turismo El Ejido\" \/>\n<meta property=\"article:modified_time\" content=\"2022-07-06T15:14:48+00:00\" \/>\n<meta property=\"og:image\" content=\"https:\/\/turismo.elejido.es\/wp-content\/uploads\/2022\/06\/288677678_5361524887242208_5763952302868471421_n-Cropped.jpg\" \/>\n\t<meta property=\"og:image:width\" content=\"492\" \/>\n\t<meta property=\"og:image:height\" content=\"492\" \/>\n\t<meta property=\"og:image:type\" content=\"image\/jpeg\" \/>\n<meta name=\"twitter:card\" content=\"summary_large_image\" \/>\n<meta name=\"twitter:label1\" content=\"Tiempo de lectura\" \/>\n\t<meta name=\"twitter:data1\" content=\"1 minuto\" \/>\n<script type=\"application\/ld+json\" class=\"yoast-schema-graph\">{\"@context\":\"https:\\\/\\\/schema.org\",\"@graph\":[{\"@type\":\"WebPage\",\"@id\":\"https:\\\/\\\/turismo.elejido.es\\\/index.php\\\/events\\\/carrera-nocturna-ciudad-de-balerma\\\/\",\"url\":\"https:\\\/\\\/turismo.elejido.es\\\/index.php\\\/events\\\/carrera-nocturna-ciudad-de-balerma\\\/\",\"name\":\"IX Edici\u00f3n Carrera Nocturna Ciudad de Balerma - Turismo El Ejido\",\"isPartOf\":{\"@id\":\"https:\\\/\\\/turismo.elejido.es\\\/#website\"},\"primaryImageOfPage\":{\"@id\":\"https:\\\/\\\/turismo.elejido.es\\\/index.php\\\/events\\\/carrera-nocturna-ciudad-de-balerma\\\/#primaryimage\"},\"image\":{\"@id\":\"https:\\\/\\\/turismo.elejido.es\\\/index.php\\\/events\\\/carrera-nocturna-ciudad-de-balerma\\\/#primaryimage\"},\"thumbnailUrl\":\"https:\\\/\\\/turismo.elejido.es\\\/wp-content\\\/uploads\\\/2022\\\/06\\\/288677678_5361524887242208_5763952302868471421_n-Cropped.jpg\",\"datePublished\":\"2022-06-29T09:24:13+00:00\",\"dateModified\":\"2022-07-06T15:14:48+00:00\",\"description\":\"Abiertas las inscripciones para la IX edici\u00f3n de la \u00abCarrera Nocturna\u00bb Ciudad de Balerma que se celebrar\u00e1 el pr\u00f3ximo 23 de julio.\",\"breadcrumb\":{\"@id\":\"https:\\\/\\\/turismo.elejido.es\\\/index.php\\\/events\\\/carrera-nocturna-ciudad-de-balerma\\\/#breadcrumb\"},\"inLanguage\":\"es\",\"potentialAction\":[{\"@type\":\"ReadAction\",\"target\":[\"https:\\\/\\\/turismo.elejido.es\\\/index.php\\\/events\\\/carrera-nocturna-ciudad-de-balerma\\\/\"]}]},{\"@type\":\"ImageObject\",\"inLanguage\":\"es\",\"@id\":\"https:\\\/\\\/turismo.elejido.es\\\/index.php\\\/events\\\/carrera-nocturna-ciudad-de-balerma\\\/#primaryimage\",\"url\":\"https:\\\/\\\/turismo.elejido.es\\\/wp-content\\\/uploads\\\/2022\\\/06\\\/288677678_5361524887242208_5763952302868471421_n-Cropped.jpg\",\"contentUrl\":\"https:\\\/\\\/turismo.elejido.es\\\/wp-content\\\/uploads\\\/2022\\\/06\\\/288677678_5361524887242208_5763952302868471421_n-Cropped.jpg\",\"width\":492,\"height\":492},{\"@type\":\"BreadcrumbList\",\"@id\":\"https:\\\/\\\/turismo.elejido.es\\\/index.php\\\/events\\\/carrera-nocturna-ciudad-de-balerma\\\/#breadcrumb\",\"itemListElement\":[{\"@type\":\"ListItem\",\"position\":1,\"name\":\"Inicio\",\"item\":\"https:\\\/\\\/turismo.elejido.es\\\/\"},{\"@type\":\"ListItem\",\"position\":2,\"name\":\"Eventos\",\"item\":\"https:\\\/\\\/turismo.elejido.es\\\/index.php\\\/events\\\/\"},{\"@type\":\"ListItem\",\"position\":3,\"name\":\"IX Edici\u00f3n Carrera Nocturna Ciudad de Balerma\"}]},{\"@type\":\"WebSite\",\"@id\":\"https:\\\/\\\/turismo.elejido.es\\\/#website\",\"url\":\"https:\\\/\\\/turismo.elejido.es\\\/\",\"name\":\"Turismo El Ejido\",\"description\":\"Portal Oficial de Turismo del Municipio de El Ejido, Almerimar y Balerma situado en la costa de Almer\u00eda.\",\"publisher\":{\"@id\":\"https:\\\/\\\/turismo.elejido.es\\\/#organization\"},\"potentialAction\":[{\"@type\":\"SearchAction\",\"target\":{\"@type\":\"EntryPoint\",\"urlTemplate\":\"https:\\\/\\\/turismo.elejido.es\\\/?s={search_term_string}\"},\"query-input\":{\"@type\":\"PropertyValueSpecification\",\"valueRequired\":true,\"valueName\":\"search_term_string\"}}],\"inLanguage\":\"es\"},{\"@type\":\"Organization\",\"@id\":\"https:\\\/\\\/turismo.elejido.es\\\/#organization\",\"name\":\"Turismo El Ejido\",\"url\":\"https:\\\/\\\/turismo.elejido.es\\\/\",\"logo\":{\"@type\":\"ImageObject\",\"inLanguage\":\"es\",\"@id\":\"https:\\\/\\\/turismo.elejido.es\\\/#\\\/schema\\\/logo\\\/image\\\/\",\"url\":\"https:\\\/\\\/turismo.elejido.es\\\/wp-content\\\/uploads\\\/2020\\\/12\\\/elejidoNaranja.png\",\"contentUrl\":\"https:\\\/\\\/turismo.elejido.es\\\/wp-content\\\/uploads\\\/2020\\\/12\\\/elejidoNaranja.png\",\"width\":163,\"height\":92,\"caption\":\"Turismo El Ejido\"},\"image\":{\"@id\":\"https:\\\/\\\/turismo.elejido.es\\\/#\\\/schema\\\/logo\\\/image\\\/\"}}]}<\/script>\n<!-- \/ Yoast SEO plugin. -->","yoast_head_json":{"title":"IX Edici\u00f3n Carrera Nocturna Ciudad de Balerma - Turismo El Ejido","description":"Abiertas las inscripciones para la IX edici\u00f3n de la \u00abCarrera Nocturna\u00bb Ciudad de Balerma que se celebrar\u00e1 el pr\u00f3ximo 23 de julio.","robots":{"index":"index","follow":"follow","max-snippet":"max-snippet:-1","max-image-preview":"max-image-preview:large","max-video-preview":"max-video-preview:-1"},"canonical":"https:\/\/turismo.elejido.es\/index.php\/events\/carrera-nocturna-ciudad-de-balerma\/","og_locale":"es_ES","og_type":"article","og_title":"IX Edici\u00f3n Carrera Nocturna Ciudad de Balerma - Turismo El Ejido","og_description":"Abiertas las inscripciones para la IX edici\u00f3n de la \u00abCarrera Nocturna\u00bb Ciudad de Balerma que se celebrar\u00e1 el pr\u00f3ximo 23 de julio.","og_url":"https:\/\/turismo.elejido.es\/index.php\/events\/carrera-nocturna-ciudad-de-balerma\/","og_site_name":"Turismo El Ejido","article_modified_time":"2022-07-06T15:14:48+00:00","og_image":[{"width":492,"height":492,"url":"https:\/\/turismo.elejido.es\/wp-content\/uploads\/2022\/06\/288677678_5361524887242208_5763952302868471421_n-Cropped.jpg","type":"image\/jpeg"}],"twitter_card":"summary_large_image","twitter_misc":{"Tiempo de lectura":"1 minuto"},"schema":{"@context":"https:\/\/schema.org","@graph":[{"@type":"WebPage","@id":"https:\/\/turismo.elejido.es\/index.php\/events\/carrera-nocturna-ciudad-de-balerma\/","url":"https:\/\/turismo.elejido.es\/index.php\/events\/carrera-nocturna-ciudad-de-balerma\/","name":"IX Edici\u00f3n Carrera Nocturna Ciudad de Balerma - Turismo El Ejido","isPartOf":{"@id":"https:\/\/turismo.elejido.es\/#website"},"primaryImageOfPage":{"@id":"https:\/\/turismo.elejido.es\/index.php\/events\/carrera-nocturna-ciudad-de-balerma\/#primaryimage"},"image":{"@id":"https:\/\/turismo.elejido.es\/index.php\/events\/carrera-nocturna-ciudad-de-balerma\/#primaryimage"},"thumbnailUrl":"https:\/\/turismo.elejido.es\/wp-content\/uploads\/2022\/06\/288677678_5361524887242208_5763952302868471421_n-Cropped.jpg","datePublished":"2022-06-29T09:24:13+00:00","dateModified":"2022-07-06T15:14:48+00:00","description":"Abiertas las inscripciones para la IX edici\u00f3n de la \u00abCarrera Nocturna\u00bb Ciudad de Balerma que se celebrar\u00e1 el pr\u00f3ximo 23 de julio.","breadcrumb":{"@id":"https:\/\/turismo.elejido.es\/index.php\/events\/carrera-nocturna-ciudad-de-balerma\/#breadcrumb"},"inLanguage":"es","potentialAction":[{"@type":"ReadAction","target":["https:\/\/turismo.elejido.es\/index.php\/events\/carrera-nocturna-ciudad-de-balerma\/"]}]},{"@type":"ImageObject","inLanguage":"es","@id":"https:\/\/turismo.elejido.es\/index.php\/events\/carrera-nocturna-ciudad-de-balerma\/#primaryimage","url":"https:\/\/turismo.elejido.es\/wp-content\/uploads\/2022\/06\/288677678_5361524887242208_5763952302868471421_n-Cropped.jpg","contentUrl":"https:\/\/turismo.elejido.es\/wp-content\/uploads\/2022\/06\/288677678_5361524887242208_5763952302868471421_n-Cropped.jpg","width":492,"height":492},{"@type":"BreadcrumbList","@id":"https:\/\/turismo.elejido.es\/index.php\/events\/carrera-nocturna-ciudad-de-balerma\/#breadcrumb","itemListElement":[{"@type":"ListItem","position":1,"name":"Inicio","item":"https:\/\/turismo.elejido.es\/"},{"@type":"ListItem","position":2,"name":"Eventos","item":"https:\/\/turismo.elejido.es\/index.php\/events\/"},{"@type":"ListItem","position":3,"name":"IX Edici\u00f3n Carrera Nocturna Ciudad de Balerma"}]},{"@type":"WebSite","@id":"https:\/\/turismo.elejido.es\/#website","url":"https:\/\/turismo.elejido.es\/","name":"Turismo El Ejido","description":"Portal Oficial de Turismo del Municipio de El Ejido, Almerimar y Balerma situado en la costa de Almer\u00eda.","publisher":{"@id":"https:\/\/turismo.elejido.es\/#organization"},"potentialAction":[{"@type":"SearchAction","target":{"@type":"EntryPoint","urlTemplate":"https:\/\/turismo.elejido.es\/?s={search_term_string}"},"query-input":{"@type":"PropertyValueSpecification","valueRequired":true,"valueName":"search_term_string"}}],"inLanguage":"es"},{"@type":"Organization","@id":"https:\/\/turismo.elejido.es\/#organization","name":"Turismo El Ejido","url":"https:\/\/turismo.elejido.es\/","logo":{"@type":"ImageObject","inLanguage":"es","@id":"https:\/\/turismo.elejido.es\/#\/schema\/logo\/image\/","url":"https:\/\/turismo.elejido.es\/wp-content\/uploads\/2020\/12\/elejidoNaranja.png","contentUrl":"https:\/\/turismo.elejido.es\/wp-content\/uploads\/2020\/12\/elejidoNaranja.png","width":163,"height":92,"caption":"Turismo El Ejido"},"image":{"@id":"https:\/\/turismo.elejido.es\/#\/schema\/logo\/image\/"}}]}},"_links":{"self":[{"href":"https:\/\/turismo.elejido.es\/index.php\/wp-json\/wp\/v2\/mec-events\/18401","targetHints":{"allow":["GET"]}}],"collection":[{"href":"https:\/\/turismo.elejido.es\/index.php\/wp-json\/wp\/v2\/mec-events"}],"about":[{"href":"https:\/\/turismo.elejido.es\/index.php\/wp-json\/wp\/v2\/types\/mec-events"}],"author":[{"embeddable":true,"href":"https:\/\/turismo.elejido.es\/index.php\/wp-json\/wp\/v2\/users\/5"}],"replies":[{"embeddable":true,"href":"https:\/\/turismo.elejido.es\/index.php\/wp-json\/wp\/v2\/comments?post=18401"}],"wp:featuredmedia":[{"embeddable":true,"href":"https:\/\/turismo.elejido.es\/index.php\/wp-json\/wp\/v2\/media\/18403"}],"wp:attachment":[{"href":"https:\/\/turismo.elejido.es\/index.php\/wp-json\/wp\/v2\/media?parent=18401"}],"wp:term":[{"taxonomy":"post_tag","embeddable":true,"href":"https:\/\/turismo.elejido.es\/index.php\/wp-json\/wp\/v2\/tags?post=18401"},{"taxonomy":"mec_category","embeddable":true,"href":"https:\/\/turismo.elejido.es\/index.php\/wp-json\/wp\/v2\/mec_category?post=18401"}],"curies":[{"name":"wp","href":"https:\/\/api.w.org\/{rel}","templated":true}]}}