{"id":18427,"date":"2022-07-01T11:39:48","date_gmt":"2022-07-01T09:39:48","guid":{"rendered":"https:\/\/turismo.elejido.es\/?post_type=mec-events&#038;p=18427"},"modified":"2022-07-06T17:17:06","modified_gmt":"2022-07-06T15:17:06","slug":"conciertos-castillo-zalema-flamenco-medieval","status":"publish","type":"mec-events","link":"https:\/\/turismo.elejido.es\/index.php\/events\/conciertos-castillo-zalema-flamenco-medieval\/","title":{"rendered":"XIII Ciclo de Conciertos Castillo de Guardias Viejas &#8211; Zalema \u00abFlamenco Medieval\u00bb"},"content":{"rendered":"\n<div class=\"wp-block-nk-awb nk-awb alturaSlider is-layout-constrained wp-block-nk-awb-is-layout-constrained\"><div class=\"nk-awb-wrap\" data-awb-type=\"image\" data-awb-image-background-size=\"cover\" data-awb-image-background-position=\"46% 44%\" data-awb-parallax=\"scroll\" data-awb-parallax-speed=\"0.5\" data-awb-parallax-mobile=\"false\"><div class=\"nk-awb-inner\"><img loading=\"lazy\" decoding=\"async\" src=\"https:\/\/app.elejido.es\/turismo\/wp-content\/uploads\/2022\/07\/Castillo-0714-Zalema-Cropped.jpg\" class=\"wp-image-18429 jarallax-img\" width=\"850\" height=\"850\" srcset=\"https:\/\/turismo.elejido.es\/wp-content\/uploads\/2022\/07\/Castillo-0714-Zalema-Cropped.jpg 850w, https:\/\/turismo.elejido.es\/wp-content\/uploads\/2022\/07\/Castillo-0714-Zalema-Cropped-500x500.jpg 500w, https:\/\/turismo.elejido.es\/wp-content\/uploads\/2022\/07\/Castillo-0714-Zalema-Cropped-150x150.jpg 150w, https:\/\/turismo.elejido.es\/wp-content\/uploads\/2022\/07\/Castillo-0714-Zalema-Cropped-768x768.jpg 768w, https:\/\/turismo.elejido.es\/wp-content\/uploads\/2022\/07\/Castillo-0714-Zalema-Cropped-300x300.jpg 300w, https:\/\/turismo.elejido.es\/wp-content\/uploads\/2022\/07\/Castillo-0714-Zalema-Cropped-800x800.jpg 800w, https:\/\/turismo.elejido.es\/wp-content\/uploads\/2022\/07\/Castillo-0714-Zalema-Cropped-600x600.jpg 600w\" sizes=\"auto, (max-width: 850px) 100vw, 850px\" \/><\/div><\/div><\/div>\n\n\n\n<div style=\"height:40px\" aria-hidden=\"true\" class=\"wp-block-spacer\"><\/div>\n\n\n<div class=\"breadcrumbs align  wp-block-bcn-breadcrumb-trail has-text-color has-background\" vocab=\"https:\/\/schema.org\/\" typeof=\"BreadcrumbList\">\n\t<span><\/span>\n\t<span property=\"itemListElement\" typeof=\"ListItem\"><a property=\"item\" typeof=\"WebPage\" title=\"Ir a Turismo El Ejido.\" href=\"https:\/\/turismo.elejido.es\" class=\"home\" aria-current=\"page\"><span property=\"name\">Turismo El Ejido<\/span><\/a><meta property=\"position\" content=\"1\"><\/span><\/div>\n\n\n\n<div style=\"height:50px\" aria-hidden=\"true\" class=\"wp-block-spacer\"><\/div>\n\n\n\n<h1 class=\"wp-block-heading\">XIII Ciclo de Conciertos Castillo de Guardias Viejas &#8211; Zalema \u00abFlamenco Medieval\u00bb<\/h1>\n\n\n\n<div style=\"height:25px\" aria-hidden=\"true\" class=\"wp-block-spacer\"><\/div>\n\n\n\n<p>No te pierdas el concierto de Zalema \u00abFlamenco Medieval\u00bb en el Castillo de Guardias Viejas el pr\u00f3ximo jueves 14 de julio. M\u00e1s informaci\u00f3n en la web <a href=\"https:\/\/cultura.elejido.es\/?ai1ec_event=verano-cultural-2022-de-el-ejido-zalema-flamenco-medieval\">Cultura El Ejido<\/a>.<\/p>\n\n\n\n<div style=\"height:70px\" aria-hidden=\"true\" class=\"wp-block-spacer\"><\/div>\n\n\n\n<iframe src=\"https:\/\/www.google.com\/maps\/embed?pb=!1m14!1m8!1m3!1d12795.692078595064!2d-2.8514879!3d36.7003877!3m2!1i1024!2i768!4f13.1!3m3!1m2!1s0x0%3A0xb0dbb44a7c0a1152!2sCastillo%20de%20Guardias%20Viejas!5e0!3m2!1ses!2ses!4v1656501379506!5m2!1ses!2ses\" width=\"600\" height=\"450\" style=\"border:0;\" allowfullscreen=\"\" loading=\"lazy\" referrerpolicy=\"no-referrer-when-downgrade\"><\/iframe>\n\n\n\n<p><\/p>\n","protected":false},"excerpt":{"rendered":"<p>XIII Ciclo de Conciertos Castillo de Guardias Viejas &#8211; Zalema \u00abFlamenco Medieval\u00bb No te pierdas el concierto de Zalema \u00abFlamenco Medieval\u00bb en el Castillo de Guardias Viejas el pr\u00f3ximo jueves 14 de julio. M\u00e1s informaci\u00f3n en la web Cultura El Ejido.<\/p>\n","protected":false},"author":5,"featured_media":18429,"comment_status":"closed","ping_status":"closed","template":"","tags":[991],"mec_category":[103],"class_list":["post-18427","mec-events","type-mec-events","status-publish","has-post-thumbnail","hentry","tag-castillo-de-guardias-viejas","mec_category-musica","entry","has-media"],"yoast_head":"<!-- This site is optimized with the Yoast SEO plugin v27.4 - https:\/\/yoast.com\/product\/yoast-seo-wordpress\/ -->\n<title>XIII Ciclo de Conciertos Castillo de Guardias Viejas - Zalema &quot;Flamenco Medieval&quot; - Turismo El Ejido<\/title>\n<meta name=\"description\" content=\"No te pierdas el concierto de Zalema &quot;Flamenco Medieval&quot; en el Castillo de Guardias Viejas el pr\u00f3ximo jueves 14 de julio.\" \/>\n<meta name=\"robots\" content=\"index, follow, max-snippet:-1, max-image-preview:large, max-video-preview:-1\" \/>\n<link rel=\"canonical\" href=\"https:\/\/turismo.elejido.es\/index.php\/events\/conciertos-castillo-zalema-flamenco-medieval\/\" \/>\n<meta property=\"og:locale\" content=\"es_ES\" \/>\n<meta property=\"og:type\" content=\"article\" \/>\n<meta property=\"og:title\" content=\"XIII Ciclo de Conciertos Castillo de Guardias Viejas - Zalema &quot;Flamenco Medieval&quot; - Turismo El Ejido\" \/>\n<meta property=\"og:description\" content=\"No te pierdas el concierto de Zalema &quot;Flamenco Medieval&quot; en el Castillo de Guardias Viejas el pr\u00f3ximo jueves 14 de julio.\" \/>\n<meta property=\"og:url\" content=\"https:\/\/turismo.elejido.es\/index.php\/events\/conciertos-castillo-zalema-flamenco-medieval\/\" \/>\n<meta property=\"og:site_name\" content=\"Turismo El Ejido\" \/>\n<meta property=\"article:modified_time\" content=\"2022-07-06T15:17:06+00:00\" \/>\n<meta property=\"og:image\" content=\"https:\/\/turismo.elejido.es\/wp-content\/uploads\/2022\/07\/Castillo-0714-Zalema-Cropped.jpg\" \/>\n\t<meta property=\"og:image:width\" content=\"850\" \/>\n\t<meta property=\"og:image:height\" content=\"850\" \/>\n\t<meta property=\"og:image:type\" content=\"image\/jpeg\" \/>\n<meta name=\"twitter:card\" content=\"summary_large_image\" \/>\n<meta name=\"twitter:label1\" content=\"Tiempo de lectura\" \/>\n\t<meta name=\"twitter:data1\" content=\"1 minuto\" \/>\n<script type=\"application\/ld+json\" class=\"yoast-schema-graph\">{\"@context\":\"https:\\\/\\\/schema.org\",\"@graph\":[{\"@type\":\"WebPage\",\"@id\":\"https:\\\/\\\/turismo.elejido.es\\\/index.php\\\/events\\\/conciertos-castillo-zalema-flamenco-medieval\\\/\",\"url\":\"https:\\\/\\\/turismo.elejido.es\\\/index.php\\\/events\\\/conciertos-castillo-zalema-flamenco-medieval\\\/\",\"name\":\"XIII Ciclo de Conciertos Castillo de Guardias Viejas - Zalema \\\"Flamenco Medieval\\\" - Turismo El Ejido\",\"isPartOf\":{\"@id\":\"https:\\\/\\\/turismo.elejido.es\\\/#website\"},\"primaryImageOfPage\":{\"@id\":\"https:\\\/\\\/turismo.elejido.es\\\/index.php\\\/events\\\/conciertos-castillo-zalema-flamenco-medieval\\\/#primaryimage\"},\"image\":{\"@id\":\"https:\\\/\\\/turismo.elejido.es\\\/index.php\\\/events\\\/conciertos-castillo-zalema-flamenco-medieval\\\/#primaryimage\"},\"thumbnailUrl\":\"https:\\\/\\\/turismo.elejido.es\\\/wp-content\\\/uploads\\\/2022\\\/07\\\/Castillo-0714-Zalema-Cropped.jpg\",\"datePublished\":\"2022-07-01T09:39:48+00:00\",\"dateModified\":\"2022-07-06T15:17:06+00:00\",\"description\":\"No te pierdas el concierto de Zalema \\\"Flamenco Medieval\\\" en el Castillo de Guardias Viejas el pr\u00f3ximo jueves 14 de julio.\",\"breadcrumb\":{\"@id\":\"https:\\\/\\\/turismo.elejido.es\\\/index.php\\\/events\\\/conciertos-castillo-zalema-flamenco-medieval\\\/#breadcrumb\"},\"inLanguage\":\"es\",\"potentialAction\":[{\"@type\":\"ReadAction\",\"target\":[\"https:\\\/\\\/turismo.elejido.es\\\/index.php\\\/events\\\/conciertos-castillo-zalema-flamenco-medieval\\\/\"]}]},{\"@type\":\"ImageObject\",\"inLanguage\":\"es\",\"@id\":\"https:\\\/\\\/turismo.elejido.es\\\/index.php\\\/events\\\/conciertos-castillo-zalema-flamenco-medieval\\\/#primaryimage\",\"url\":\"https:\\\/\\\/turismo.elejido.es\\\/wp-content\\\/uploads\\\/2022\\\/07\\\/Castillo-0714-Zalema-Cropped.jpg\",\"contentUrl\":\"https:\\\/\\\/turismo.elejido.es\\\/wp-content\\\/uploads\\\/2022\\\/07\\\/Castillo-0714-Zalema-Cropped.jpg\",\"width\":850,\"height\":850},{\"@type\":\"BreadcrumbList\",\"@id\":\"https:\\\/\\\/turismo.elejido.es\\\/index.php\\\/events\\\/conciertos-castillo-zalema-flamenco-medieval\\\/#breadcrumb\",\"itemListElement\":[{\"@type\":\"ListItem\",\"position\":1,\"name\":\"Inicio\",\"item\":\"https:\\\/\\\/turismo.elejido.es\\\/\"},{\"@type\":\"ListItem\",\"position\":2,\"name\":\"Eventos\",\"item\":\"https:\\\/\\\/turismo.elejido.es\\\/index.php\\\/events\\\/\"},{\"@type\":\"ListItem\",\"position\":3,\"name\":\"XIII Ciclo de Conciertos Castillo de Guardias Viejas &#8211; Zalema \u00abFlamenco Medieval\u00bb\"}]},{\"@type\":\"WebSite\",\"@id\":\"https:\\\/\\\/turismo.elejido.es\\\/#website\",\"url\":\"https:\\\/\\\/turismo.elejido.es\\\/\",\"name\":\"Turismo El Ejido\",\"description\":\"Portal Oficial de Turismo del Municipio de El Ejido, Almerimar y Balerma situado en la costa de Almer\u00eda.\",\"publisher\":{\"@id\":\"https:\\\/\\\/turismo.elejido.es\\\/#organization\"},\"potentialAction\":[{\"@type\":\"SearchAction\",\"target\":{\"@type\":\"EntryPoint\",\"urlTemplate\":\"https:\\\/\\\/turismo.elejido.es\\\/?s={search_term_string}\"},\"query-input\":{\"@type\":\"PropertyValueSpecification\",\"valueRequired\":true,\"valueName\":\"search_term_string\"}}],\"inLanguage\":\"es\"},{\"@type\":\"Organization\",\"@id\":\"https:\\\/\\\/turismo.elejido.es\\\/#organization\",\"name\":\"Turismo El Ejido\",\"url\":\"https:\\\/\\\/turismo.elejido.es\\\/\",\"logo\":{\"@type\":\"ImageObject\",\"inLanguage\":\"es\",\"@id\":\"https:\\\/\\\/turismo.elejido.es\\\/#\\\/schema\\\/logo\\\/image\\\/\",\"url\":\"https:\\\/\\\/turismo.elejido.es\\\/wp-content\\\/uploads\\\/2020\\\/12\\\/elejidoNaranja.png\",\"contentUrl\":\"https:\\\/\\\/turismo.elejido.es\\\/wp-content\\\/uploads\\\/2020\\\/12\\\/elejidoNaranja.png\",\"width\":163,\"height\":92,\"caption\":\"Turismo El Ejido\"},\"image\":{\"@id\":\"https:\\\/\\\/turismo.elejido.es\\\/#\\\/schema\\\/logo\\\/image\\\/\"}}]}<\/script>\n<!-- \/ Yoast SEO plugin. -->","yoast_head_json":{"title":"XIII Ciclo de Conciertos Castillo de Guardias Viejas - Zalema \"Flamenco Medieval\" - Turismo El Ejido","description":"No te pierdas el concierto de Zalema \"Flamenco Medieval\" en el Castillo de Guardias Viejas el pr\u00f3ximo jueves 14 de julio.","robots":{"index":"index","follow":"follow","max-snippet":"max-snippet:-1","max-image-preview":"max-image-preview:large","max-video-preview":"max-video-preview:-1"},"canonical":"https:\/\/turismo.elejido.es\/index.php\/events\/conciertos-castillo-zalema-flamenco-medieval\/","og_locale":"es_ES","og_type":"article","og_title":"XIII Ciclo de Conciertos Castillo de Guardias Viejas - Zalema \"Flamenco Medieval\" - Turismo El Ejido","og_description":"No te pierdas el concierto de Zalema \"Flamenco Medieval\" en el Castillo de Guardias Viejas el pr\u00f3ximo jueves 14 de julio.","og_url":"https:\/\/turismo.elejido.es\/index.php\/events\/conciertos-castillo-zalema-flamenco-medieval\/","og_site_name":"Turismo El Ejido","article_modified_time":"2022-07-06T15:17:06+00:00","og_image":[{"width":850,"height":850,"url":"https:\/\/turismo.elejido.es\/wp-content\/uploads\/2022\/07\/Castillo-0714-Zalema-Cropped.jpg","type":"image\/jpeg"}],"twitter_card":"summary_large_image","twitter_misc":{"Tiempo de lectura":"1 minuto"},"schema":{"@context":"https:\/\/schema.org","@graph":[{"@type":"WebPage","@id":"https:\/\/turismo.elejido.es\/index.php\/events\/conciertos-castillo-zalema-flamenco-medieval\/","url":"https:\/\/turismo.elejido.es\/index.php\/events\/conciertos-castillo-zalema-flamenco-medieval\/","name":"XIII Ciclo de Conciertos Castillo de Guardias Viejas - Zalema \"Flamenco Medieval\" - Turismo El Ejido","isPartOf":{"@id":"https:\/\/turismo.elejido.es\/#website"},"primaryImageOfPage":{"@id":"https:\/\/turismo.elejido.es\/index.php\/events\/conciertos-castillo-zalema-flamenco-medieval\/#primaryimage"},"image":{"@id":"https:\/\/turismo.elejido.es\/index.php\/events\/conciertos-castillo-zalema-flamenco-medieval\/#primaryimage"},"thumbnailUrl":"https:\/\/turismo.elejido.es\/wp-content\/uploads\/2022\/07\/Castillo-0714-Zalema-Cropped.jpg","datePublished":"2022-07-01T09:39:48+00:00","dateModified":"2022-07-06T15:17:06+00:00","description":"No te pierdas el concierto de Zalema \"Flamenco Medieval\" en el Castillo de Guardias Viejas el pr\u00f3ximo jueves 14 de julio.","breadcrumb":{"@id":"https:\/\/turismo.elejido.es\/index.php\/events\/conciertos-castillo-zalema-flamenco-medieval\/#breadcrumb"},"inLanguage":"es","potentialAction":[{"@type":"ReadAction","target":["https:\/\/turismo.elejido.es\/index.php\/events\/conciertos-castillo-zalema-flamenco-medieval\/"]}]},{"@type":"ImageObject","inLanguage":"es","@id":"https:\/\/turismo.elejido.es\/index.php\/events\/conciertos-castillo-zalema-flamenco-medieval\/#primaryimage","url":"https:\/\/turismo.elejido.es\/wp-content\/uploads\/2022\/07\/Castillo-0714-Zalema-Cropped.jpg","contentUrl":"https:\/\/turismo.elejido.es\/wp-content\/uploads\/2022\/07\/Castillo-0714-Zalema-Cropped.jpg","width":850,"height":850},{"@type":"BreadcrumbList","@id":"https:\/\/turismo.elejido.es\/index.php\/events\/conciertos-castillo-zalema-flamenco-medieval\/#breadcrumb","itemListElement":[{"@type":"ListItem","position":1,"name":"Inicio","item":"https:\/\/turismo.elejido.es\/"},{"@type":"ListItem","position":2,"name":"Eventos","item":"https:\/\/turismo.elejido.es\/index.php\/events\/"},{"@type":"ListItem","position":3,"name":"XIII Ciclo de Conciertos Castillo de Guardias Viejas &#8211; Zalema \u00abFlamenco Medieval\u00bb"}]},{"@type":"WebSite","@id":"https:\/\/turismo.elejido.es\/#website","url":"https:\/\/turismo.elejido.es\/","name":"Turismo El Ejido","description":"Portal Oficial de Turismo del Municipio de El Ejido, Almerimar y Balerma situado en la costa de Almer\u00eda.","publisher":{"@id":"https:\/\/turismo.elejido.es\/#organization"},"potentialAction":[{"@type":"SearchAction","target":{"@type":"EntryPoint","urlTemplate":"https:\/\/turismo.elejido.es\/?s={search_term_string}"},"query-input":{"@type":"PropertyValueSpecification","valueRequired":true,"valueName":"search_term_string"}}],"inLanguage":"es"},{"@type":"Organization","@id":"https:\/\/turismo.elejido.es\/#organization","name":"Turismo El Ejido","url":"https:\/\/turismo.elejido.es\/","logo":{"@type":"ImageObject","inLanguage":"es","@id":"https:\/\/turismo.elejido.es\/#\/schema\/logo\/image\/","url":"https:\/\/turismo.elejido.es\/wp-content\/uploads\/2020\/12\/elejidoNaranja.png","contentUrl":"https:\/\/turismo.elejido.es\/wp-content\/uploads\/2020\/12\/elejidoNaranja.png","width":163,"height":92,"caption":"Turismo El Ejido"},"image":{"@id":"https:\/\/turismo.elejido.es\/#\/schema\/logo\/image\/"}}]}},"_links":{"self":[{"href":"https:\/\/turismo.elejido.es\/index.php\/wp-json\/wp\/v2\/mec-events\/18427","targetHints":{"allow":["GET"]}}],"collection":[{"href":"https:\/\/turismo.elejido.es\/index.php\/wp-json\/wp\/v2\/mec-events"}],"about":[{"href":"https:\/\/turismo.elejido.es\/index.php\/wp-json\/wp\/v2\/types\/mec-events"}],"author":[{"embeddable":true,"href":"https:\/\/turismo.elejido.es\/index.php\/wp-json\/wp\/v2\/users\/5"}],"replies":[{"embeddable":true,"href":"https:\/\/turismo.elejido.es\/index.php\/wp-json\/wp\/v2\/comments?post=18427"}],"wp:featuredmedia":[{"embeddable":true,"href":"https:\/\/turismo.elejido.es\/index.php\/wp-json\/wp\/v2\/media\/18429"}],"wp:attachment":[{"href":"https:\/\/turismo.elejido.es\/index.php\/wp-json\/wp\/v2\/media?parent=18427"}],"wp:term":[{"taxonomy":"post_tag","embeddable":true,"href":"https:\/\/turismo.elejido.es\/index.php\/wp-json\/wp\/v2\/tags?post=18427"},{"taxonomy":"mec_category","embeddable":true,"href":"https:\/\/turismo.elejido.es\/index.php\/wp-json\/wp\/v2\/mec_category?post=18427"}],"curies":[{"name":"wp","href":"https:\/\/api.w.org\/{rel}","templated":true}]}}