{"id":18971,"date":"2022-09-26T11:11:17","date_gmt":"2022-09-26T09:11:17","guid":{"rendered":"https:\/\/turismo.elejido.es\/?post_type=mec-events&#038;p=18971"},"modified":"2022-09-26T11:19:16","modified_gmt":"2022-09-26T09:19:16","slug":"mi-gran-noche-de-humor","status":"publish","type":"mec-events","link":"https:\/\/turismo.elejido.es\/index.php\/events\/mi-gran-noche-de-humor\/","title":{"rendered":"\u00abMi gran noche de humor\u00bb &#8211; Jos\u00e9 Luis Calero"},"content":{"rendered":"\n<div class=\"wp-block-nk-awb nk-awb alturaSlider is-layout-constrained wp-block-nk-awb-is-layout-constrained\"><div class=\"nk-awb-wrap\" data-awb-type=\"image\" data-awb-image-background-size=\"cover\" data-awb-image-background-position=\"50% 31%\" data-awb-parallax=\"scroll\" data-awb-parallax-speed=\"0.5\" data-awb-parallax-mobile=\"false\"><div class=\"nk-awb-inner\"><img loading=\"lazy\" decoding=\"async\" src=\"https:\/\/app.elejido.es\/turismo\/wp-content\/uploads\/2022\/09\/1007-Mi-gran-noche-de-humor-1448x2048-Cropped.jpg\" class=\"wp-image-18973 jarallax-img\" width=\"338\" height=\"338\" srcset=\"https:\/\/turismo.elejido.es\/wp-content\/uploads\/2022\/09\/1007-Mi-gran-noche-de-humor-1448x2048-Cropped.jpg 338w, https:\/\/turismo.elejido.es\/wp-content\/uploads\/2022\/09\/1007-Mi-gran-noche-de-humor-1448x2048-Cropped-150x150.jpg 150w, https:\/\/turismo.elejido.es\/wp-content\/uploads\/2022\/09\/1007-Mi-gran-noche-de-humor-1448x2048-Cropped-300x300.jpg 300w\" sizes=\"auto, (max-width: 338px) 100vw, 338px\" \/><\/div><\/div><\/div>\n\n\n\n<div style=\"height:40px\" aria-hidden=\"true\" class=\"wp-block-spacer\"><\/div>\n\n\n<div class=\"breadcrumbs align  wp-block-bcn-breadcrumb-trail has-text-color has-background\" vocab=\"https:\/\/schema.org\/\" typeof=\"BreadcrumbList\">\n\t<span><\/span>\n\t<span property=\"itemListElement\" typeof=\"ListItem\"><a property=\"item\" typeof=\"WebPage\" title=\"Ir a Turismo El Ejido.\" href=\"https:\/\/turismo.elejido.es\" class=\"home\" aria-current=\"page\"><span property=\"name\">Turismo El Ejido<\/span><\/a><meta property=\"position\" content=\"1\"><\/span><\/div>\n\n\n\n<div style=\"height:50px\" aria-hidden=\"true\" class=\"wp-block-spacer\"><\/div>\n\n\n\n<h1 class=\"wp-block-heading\">\u00abMi gran noche de humor\u00bb &#8211; Jos\u00e9 Luis Calero<\/h1>\n\n\n\n<div style=\"height:25px\" aria-hidden=\"true\" class=\"wp-block-spacer\"><\/div>\n\n\n\n<p>El humorista Jos\u00e9 Luis Calero aterriza ahora en los teatros para conseguir hacernos llegar a un gran orgasmo humor\u00edstico en directo, sin pantallas de m\u00f3viles de por medio ni nada.<\/p>\n\n\n\n<div style=\"height:70px\" aria-hidden=\"true\" class=\"wp-block-spacer\"><\/div>\n\n\n\n<iframe src=\"https:\/\/www.google.com\/maps\/embed?pb=!1m14!1m8!1m3!1d12783.69698925343!2d-2.8112375!3d36.7723847!3m2!1i1024!2i768!4f13.1!3m3!1m2!1s0x0%3A0xde223dcab6eb62f3!2sAuditorio%20de%20El%20Ejido!5e0!3m2!1ses!2ses!4v1664181614489!5m2!1ses!2ses\" width=\"600\" height=\"450\" style=\"border:0;\" allowfullscreen=\"\" loading=\"lazy\" referrerpolicy=\"no-referrer-when-downgrade\"><\/iframe>\n","protected":false},"excerpt":{"rendered":"<p>\u00abMi gran noche de humor\u00bb &#8211; Jos\u00e9 Luis Calero El humorista Jos\u00e9 Luis Calero aterriza ahora en los teatros para conseguir hacernos llegar a un gran orgasmo humor\u00edstico en directo, sin pantallas de m\u00f3viles de por medio ni nada.<\/p>\n","protected":false},"author":5,"featured_media":18973,"comment_status":"closed","ping_status":"closed","template":"","tags":[],"mec_category":[101],"class_list":["post-18971","mec-events","type-mec-events","status-publish","has-post-thumbnail","hentry","mec_category-teatro","entry","has-media"],"yoast_head":"<!-- This site is optimized with the Yoast SEO plugin v27.4 - https:\/\/yoast.com\/product\/yoast-seo-wordpress\/ -->\n<title>&quot;Mi gran noche de humor&quot; - Jos\u00e9 Luis Calero - Turismo El Ejido<\/title>\n<meta name=\"description\" content=\"Jos\u00e9 Luis Calero llega a El Ejido con su espect\u00e1culo &quot;Mi gran noche de humor&quot;, no te lo pierdas, risas aseguradas.\" \/>\n<meta name=\"robots\" content=\"index, follow, max-snippet:-1, max-image-preview:large, max-video-preview:-1\" \/>\n<link rel=\"canonical\" href=\"https:\/\/turismo.elejido.es\/index.php\/events\/mi-gran-noche-de-humor\/\" \/>\n<meta property=\"og:locale\" content=\"es_ES\" \/>\n<meta property=\"og:type\" content=\"article\" \/>\n<meta property=\"og:title\" content=\"&quot;Mi gran noche de humor&quot; - Jos\u00e9 Luis Calero - Turismo El Ejido\" \/>\n<meta property=\"og:description\" content=\"Jos\u00e9 Luis Calero llega a El Ejido con su espect\u00e1culo &quot;Mi gran noche de humor&quot;, no te lo pierdas, risas aseguradas.\" \/>\n<meta property=\"og:url\" content=\"https:\/\/turismo.elejido.es\/index.php\/events\/mi-gran-noche-de-humor\/\" \/>\n<meta property=\"og:site_name\" content=\"Turismo El Ejido\" \/>\n<meta property=\"article:modified_time\" content=\"2022-09-26T09:19:16+00:00\" \/>\n<meta property=\"og:image\" content=\"https:\/\/turismo.elejido.es\/wp-content\/uploads\/2022\/09\/1007-Mi-gran-noche-de-humor-1448x2048-Cropped.jpg\" \/>\n\t<meta property=\"og:image:width\" content=\"338\" \/>\n\t<meta property=\"og:image:height\" content=\"338\" \/>\n\t<meta property=\"og:image:type\" content=\"image\/jpeg\" \/>\n<meta name=\"twitter:card\" content=\"summary_large_image\" \/>\n<meta name=\"twitter:label1\" content=\"Tiempo de lectura\" \/>\n\t<meta name=\"twitter:data1\" content=\"1 minuto\" \/>\n<script type=\"application\/ld+json\" class=\"yoast-schema-graph\">{\"@context\":\"https:\\\/\\\/schema.org\",\"@graph\":[{\"@type\":\"WebPage\",\"@id\":\"https:\\\/\\\/turismo.elejido.es\\\/index.php\\\/events\\\/mi-gran-noche-de-humor\\\/\",\"url\":\"https:\\\/\\\/turismo.elejido.es\\\/index.php\\\/events\\\/mi-gran-noche-de-humor\\\/\",\"name\":\"\\\"Mi gran noche de humor\\\" - Jos\u00e9 Luis Calero - Turismo El Ejido\",\"isPartOf\":{\"@id\":\"https:\\\/\\\/turismo.elejido.es\\\/#website\"},\"primaryImageOfPage\":{\"@id\":\"https:\\\/\\\/turismo.elejido.es\\\/index.php\\\/events\\\/mi-gran-noche-de-humor\\\/#primaryimage\"},\"image\":{\"@id\":\"https:\\\/\\\/turismo.elejido.es\\\/index.php\\\/events\\\/mi-gran-noche-de-humor\\\/#primaryimage\"},\"thumbnailUrl\":\"https:\\\/\\\/turismo.elejido.es\\\/wp-content\\\/uploads\\\/2022\\\/09\\\/1007-Mi-gran-noche-de-humor-1448x2048-Cropped.jpg\",\"datePublished\":\"2022-09-26T09:11:17+00:00\",\"dateModified\":\"2022-09-26T09:19:16+00:00\",\"description\":\"Jos\u00e9 Luis Calero llega a El Ejido con su espect\u00e1culo \\\"Mi gran noche de humor\\\", no te lo pierdas, risas aseguradas.\",\"breadcrumb\":{\"@id\":\"https:\\\/\\\/turismo.elejido.es\\\/index.php\\\/events\\\/mi-gran-noche-de-humor\\\/#breadcrumb\"},\"inLanguage\":\"es\",\"potentialAction\":[{\"@type\":\"ReadAction\",\"target\":[\"https:\\\/\\\/turismo.elejido.es\\\/index.php\\\/events\\\/mi-gran-noche-de-humor\\\/\"]}]},{\"@type\":\"ImageObject\",\"inLanguage\":\"es\",\"@id\":\"https:\\\/\\\/turismo.elejido.es\\\/index.php\\\/events\\\/mi-gran-noche-de-humor\\\/#primaryimage\",\"url\":\"https:\\\/\\\/turismo.elejido.es\\\/wp-content\\\/uploads\\\/2022\\\/09\\\/1007-Mi-gran-noche-de-humor-1448x2048-Cropped.jpg\",\"contentUrl\":\"https:\\\/\\\/turismo.elejido.es\\\/wp-content\\\/uploads\\\/2022\\\/09\\\/1007-Mi-gran-noche-de-humor-1448x2048-Cropped.jpg\",\"width\":338,\"height\":338},{\"@type\":\"BreadcrumbList\",\"@id\":\"https:\\\/\\\/turismo.elejido.es\\\/index.php\\\/events\\\/mi-gran-noche-de-humor\\\/#breadcrumb\",\"itemListElement\":[{\"@type\":\"ListItem\",\"position\":1,\"name\":\"Inicio\",\"item\":\"https:\\\/\\\/turismo.elejido.es\\\/\"},{\"@type\":\"ListItem\",\"position\":2,\"name\":\"Eventos\",\"item\":\"https:\\\/\\\/turismo.elejido.es\\\/index.php\\\/events\\\/\"},{\"@type\":\"ListItem\",\"position\":3,\"name\":\"\u00abMi gran noche de humor\u00bb &#8211; Jos\u00e9 Luis Calero\"}]},{\"@type\":\"WebSite\",\"@id\":\"https:\\\/\\\/turismo.elejido.es\\\/#website\",\"url\":\"https:\\\/\\\/turismo.elejido.es\\\/\",\"name\":\"Turismo El Ejido\",\"description\":\"Portal Oficial de Turismo del Municipio de El Ejido, Almerimar y Balerma situado en la costa de Almer\u00eda.\",\"publisher\":{\"@id\":\"https:\\\/\\\/turismo.elejido.es\\\/#organization\"},\"potentialAction\":[{\"@type\":\"SearchAction\",\"target\":{\"@type\":\"EntryPoint\",\"urlTemplate\":\"https:\\\/\\\/turismo.elejido.es\\\/?s={search_term_string}\"},\"query-input\":{\"@type\":\"PropertyValueSpecification\",\"valueRequired\":true,\"valueName\":\"search_term_string\"}}],\"inLanguage\":\"es\"},{\"@type\":\"Organization\",\"@id\":\"https:\\\/\\\/turismo.elejido.es\\\/#organization\",\"name\":\"Turismo El Ejido\",\"url\":\"https:\\\/\\\/turismo.elejido.es\\\/\",\"logo\":{\"@type\":\"ImageObject\",\"inLanguage\":\"es\",\"@id\":\"https:\\\/\\\/turismo.elejido.es\\\/#\\\/schema\\\/logo\\\/image\\\/\",\"url\":\"https:\\\/\\\/turismo.elejido.es\\\/wp-content\\\/uploads\\\/2020\\\/12\\\/elejidoNaranja.png\",\"contentUrl\":\"https:\\\/\\\/turismo.elejido.es\\\/wp-content\\\/uploads\\\/2020\\\/12\\\/elejidoNaranja.png\",\"width\":163,\"height\":92,\"caption\":\"Turismo El Ejido\"},\"image\":{\"@id\":\"https:\\\/\\\/turismo.elejido.es\\\/#\\\/schema\\\/logo\\\/image\\\/\"}}]}<\/script>\n<!-- \/ Yoast SEO plugin. -->","yoast_head_json":{"title":"\"Mi gran noche de humor\" - Jos\u00e9 Luis Calero - Turismo El Ejido","description":"Jos\u00e9 Luis Calero llega a El Ejido con su espect\u00e1culo \"Mi gran noche de humor\", no te lo pierdas, risas aseguradas.","robots":{"index":"index","follow":"follow","max-snippet":"max-snippet:-1","max-image-preview":"max-image-preview:large","max-video-preview":"max-video-preview:-1"},"canonical":"https:\/\/turismo.elejido.es\/index.php\/events\/mi-gran-noche-de-humor\/","og_locale":"es_ES","og_type":"article","og_title":"\"Mi gran noche de humor\" - Jos\u00e9 Luis Calero - Turismo El Ejido","og_description":"Jos\u00e9 Luis Calero llega a El Ejido con su espect\u00e1culo \"Mi gran noche de humor\", no te lo pierdas, risas aseguradas.","og_url":"https:\/\/turismo.elejido.es\/index.php\/events\/mi-gran-noche-de-humor\/","og_site_name":"Turismo El Ejido","article_modified_time":"2022-09-26T09:19:16+00:00","og_image":[{"width":338,"height":338,"url":"https:\/\/turismo.elejido.es\/wp-content\/uploads\/2022\/09\/1007-Mi-gran-noche-de-humor-1448x2048-Cropped.jpg","type":"image\/jpeg"}],"twitter_card":"summary_large_image","twitter_misc":{"Tiempo de lectura":"1 minuto"},"schema":{"@context":"https:\/\/schema.org","@graph":[{"@type":"WebPage","@id":"https:\/\/turismo.elejido.es\/index.php\/events\/mi-gran-noche-de-humor\/","url":"https:\/\/turismo.elejido.es\/index.php\/events\/mi-gran-noche-de-humor\/","name":"\"Mi gran noche de humor\" - Jos\u00e9 Luis Calero - Turismo El Ejido","isPartOf":{"@id":"https:\/\/turismo.elejido.es\/#website"},"primaryImageOfPage":{"@id":"https:\/\/turismo.elejido.es\/index.php\/events\/mi-gran-noche-de-humor\/#primaryimage"},"image":{"@id":"https:\/\/turismo.elejido.es\/index.php\/events\/mi-gran-noche-de-humor\/#primaryimage"},"thumbnailUrl":"https:\/\/turismo.elejido.es\/wp-content\/uploads\/2022\/09\/1007-Mi-gran-noche-de-humor-1448x2048-Cropped.jpg","datePublished":"2022-09-26T09:11:17+00:00","dateModified":"2022-09-26T09:19:16+00:00","description":"Jos\u00e9 Luis Calero llega a El Ejido con su espect\u00e1culo \"Mi gran noche de humor\", no te lo pierdas, risas aseguradas.","breadcrumb":{"@id":"https:\/\/turismo.elejido.es\/index.php\/events\/mi-gran-noche-de-humor\/#breadcrumb"},"inLanguage":"es","potentialAction":[{"@type":"ReadAction","target":["https:\/\/turismo.elejido.es\/index.php\/events\/mi-gran-noche-de-humor\/"]}]},{"@type":"ImageObject","inLanguage":"es","@id":"https:\/\/turismo.elejido.es\/index.php\/events\/mi-gran-noche-de-humor\/#primaryimage","url":"https:\/\/turismo.elejido.es\/wp-content\/uploads\/2022\/09\/1007-Mi-gran-noche-de-humor-1448x2048-Cropped.jpg","contentUrl":"https:\/\/turismo.elejido.es\/wp-content\/uploads\/2022\/09\/1007-Mi-gran-noche-de-humor-1448x2048-Cropped.jpg","width":338,"height":338},{"@type":"BreadcrumbList","@id":"https:\/\/turismo.elejido.es\/index.php\/events\/mi-gran-noche-de-humor\/#breadcrumb","itemListElement":[{"@type":"ListItem","position":1,"name":"Inicio","item":"https:\/\/turismo.elejido.es\/"},{"@type":"ListItem","position":2,"name":"Eventos","item":"https:\/\/turismo.elejido.es\/index.php\/events\/"},{"@type":"ListItem","position":3,"name":"\u00abMi gran noche de humor\u00bb &#8211; Jos\u00e9 Luis Calero"}]},{"@type":"WebSite","@id":"https:\/\/turismo.elejido.es\/#website","url":"https:\/\/turismo.elejido.es\/","name":"Turismo El Ejido","description":"Portal Oficial de Turismo del Municipio de El Ejido, Almerimar y Balerma situado en la costa de Almer\u00eda.","publisher":{"@id":"https:\/\/turismo.elejido.es\/#organization"},"potentialAction":[{"@type":"SearchAction","target":{"@type":"EntryPoint","urlTemplate":"https:\/\/turismo.elejido.es\/?s={search_term_string}"},"query-input":{"@type":"PropertyValueSpecification","valueRequired":true,"valueName":"search_term_string"}}],"inLanguage":"es"},{"@type":"Organization","@id":"https:\/\/turismo.elejido.es\/#organization","name":"Turismo El Ejido","url":"https:\/\/turismo.elejido.es\/","logo":{"@type":"ImageObject","inLanguage":"es","@id":"https:\/\/turismo.elejido.es\/#\/schema\/logo\/image\/","url":"https:\/\/turismo.elejido.es\/wp-content\/uploads\/2020\/12\/elejidoNaranja.png","contentUrl":"https:\/\/turismo.elejido.es\/wp-content\/uploads\/2020\/12\/elejidoNaranja.png","width":163,"height":92,"caption":"Turismo El Ejido"},"image":{"@id":"https:\/\/turismo.elejido.es\/#\/schema\/logo\/image\/"}}]}},"_links":{"self":[{"href":"https:\/\/turismo.elejido.es\/index.php\/wp-json\/wp\/v2\/mec-events\/18971","targetHints":{"allow":["GET"]}}],"collection":[{"href":"https:\/\/turismo.elejido.es\/index.php\/wp-json\/wp\/v2\/mec-events"}],"about":[{"href":"https:\/\/turismo.elejido.es\/index.php\/wp-json\/wp\/v2\/types\/mec-events"}],"author":[{"embeddable":true,"href":"https:\/\/turismo.elejido.es\/index.php\/wp-json\/wp\/v2\/users\/5"}],"replies":[{"embeddable":true,"href":"https:\/\/turismo.elejido.es\/index.php\/wp-json\/wp\/v2\/comments?post=18971"}],"wp:featuredmedia":[{"embeddable":true,"href":"https:\/\/turismo.elejido.es\/index.php\/wp-json\/wp\/v2\/media\/18973"}],"wp:attachment":[{"href":"https:\/\/turismo.elejido.es\/index.php\/wp-json\/wp\/v2\/media?parent=18971"}],"wp:term":[{"taxonomy":"post_tag","embeddable":true,"href":"https:\/\/turismo.elejido.es\/index.php\/wp-json\/wp\/v2\/tags?post=18971"},{"taxonomy":"mec_category","embeddable":true,"href":"https:\/\/turismo.elejido.es\/index.php\/wp-json\/wp\/v2\/mec_category?post=18971"}],"curies":[{"name":"wp","href":"https:\/\/api.w.org\/{rel}","templated":true}]}}