{"id":19932,"date":"2022-12-12T12:56:49","date_gmt":"2022-12-12T11:56:49","guid":{"rendered":"https:\/\/turismo.elejido.es\/?post_type=mec-events&#038;p=19932"},"modified":"2022-12-12T12:59:49","modified_gmt":"2022-12-12T11:59:49","slug":"concierto-coral-lola-callejon","status":"publish","type":"mec-events","link":"https:\/\/turismo.elejido.es\/index.php\/events\/concierto-coral-lola-callejon\/","title":{"rendered":"Concierto de Navidad Coral Lola Callej\u00f3n"},"content":{"rendered":"\n<div class=\"wp-block-nk-awb nk-awb alturaSlider is-layout-constrained wp-block-nk-awb-is-layout-constrained\"><div class=\"nk-awb-wrap\" data-awb-type=\"image\" data-awb-image-background-size=\"cover\" data-awb-image-background-position=\"53% 74%\" data-awb-parallax=\"scroll\" data-awb-parallax-speed=\"0.5\" data-awb-parallax-mobile=\"false\"><div class=\"nk-awb-inner\"><img loading=\"lazy\" decoding=\"async\" src=\"https:\/\/app.elejido.es\/turismo\/wp-content\/uploads\/2022\/11\/Feliz-Navidad-2022_cropped.png\" class=\"wp-image-19613 jarallax-img\" width=\"844\" height=\"844\" srcset=\"https:\/\/turismo.elejido.es\/wp-content\/uploads\/2022\/11\/Feliz-Navidad-2022_cropped.png 844w, https:\/\/turismo.elejido.es\/wp-content\/uploads\/2022\/11\/Feliz-Navidad-2022_cropped-500x500.png 500w, https:\/\/turismo.elejido.es\/wp-content\/uploads\/2022\/11\/Feliz-Navidad-2022_cropped-150x150.png 150w, https:\/\/turismo.elejido.es\/wp-content\/uploads\/2022\/11\/Feliz-Navidad-2022_cropped-768x768.png 768w, https:\/\/turismo.elejido.es\/wp-content\/uploads\/2022\/11\/Feliz-Navidad-2022_cropped-300x300.png 300w, https:\/\/turismo.elejido.es\/wp-content\/uploads\/2022\/11\/Feliz-Navidad-2022_cropped-800x800.png 800w, https:\/\/turismo.elejido.es\/wp-content\/uploads\/2022\/11\/Feliz-Navidad-2022_cropped-600x600.png 600w\" sizes=\"auto, (max-width: 844px) 100vw, 844px\" \/><\/div><\/div><\/div>\n\n\n\n<div style=\"height:40px\" aria-hidden=\"true\" class=\"wp-block-spacer\"><\/div>\n\n\n<div class=\"breadcrumbs align  wp-block-bcn-breadcrumb-trail has-text-color has-background\" vocab=\"https:\/\/schema.org\/\" typeof=\"BreadcrumbList\">\n\t<span><\/span>\n\t<span property=\"itemListElement\" typeof=\"ListItem\"><a property=\"item\" typeof=\"WebPage\" title=\"Ir a Turismo El Ejido.\" href=\"https:\/\/turismo.elejido.es\" class=\"home\" aria-current=\"page\"><span property=\"name\">Turismo El Ejido<\/span><\/a><meta property=\"position\" content=\"1\"><\/span><\/div>\n\n\n\n<div style=\"height:50px\" aria-hidden=\"true\" class=\"wp-block-spacer\"><\/div>\n\n\n\n<h1 class=\"wp-block-heading\">Concierto de Navidad Coral Lola Callej\u00f3n<\/h1>\n\n\n\n<div style=\"height:25px\" aria-hidden=\"true\" class=\"wp-block-spacer\"><\/div>\n\n\n\n<p>No te pierdas el concierto de Navidad de la Coral Lola Callej\u00f3n el pr\u00f3ximo 23 de diciembre en la iglesia de San Isidro Labrador de El Ejido a las 20:00. <\/p>\n\n\n\n<p>#NavidadenElEjido<\/p>\n\n\n\n<div style=\"height:70px\" aria-hidden=\"true\" class=\"wp-block-spacer\"><\/div>\n\n\n\n<iframe src=\"https:\/\/www.google.com\/maps\/embed?pb=!1m14!1m8!1m3!1d12783.211676274006!2d-2.8144121!3d36.7752951!3m2!1i1024!2i768!4f13.1!3m3!1m2!1s0x0%3A0x3ac4a41032e719b7!2sParroquia%20de%20San%20Isidro%20Labrador!5e0!3m2!1ses!2ses!4v1670846378827!5m2!1ses!2ses\" width=\"600\" height=\"450\" style=\"border:0;\" allowfullscreen=\"\" loading=\"lazy\" referrerpolicy=\"no-referrer-when-downgrade\"><\/iframe>\n","protected":false},"excerpt":{"rendered":"<p>Concierto de Navidad Coral Lola Callej\u00f3n No te pierdas el concierto de Navidad de la Coral Lola Callej\u00f3n el pr\u00f3ximo 23 de diciembre en la iglesia de San Isidro Labrador de El Ejido a las 20:00. #NavidadenElEjido<\/p>\n","protected":false},"author":5,"featured_media":19613,"comment_status":"closed","ping_status":"closed","template":"","tags":[],"mec_category":[103,1103],"class_list":["post-19932","mec-events","type-mec-events","status-publish","has-post-thumbnail","hentry","mec_category-musica","mec_category-navidad","entry","has-media"],"yoast_head":"<!-- This site is optimized with the Yoast SEO plugin v27.4 - https:\/\/yoast.com\/product\/yoast-seo-wordpress\/ -->\n<title>Concierto de Navidad Coral Lola Callej\u00f3n - Turismo El Ejido<\/title>\n<meta name=\"description\" content=\"No te pierdas el concierto de Navidad de la Coral Lola Callej\u00f3n el pr\u00f3ximo 23 de diciembre en la iglesia de San Isidro de El Ejido.\" \/>\n<meta name=\"robots\" content=\"index, follow, max-snippet:-1, max-image-preview:large, max-video-preview:-1\" \/>\n<link rel=\"canonical\" href=\"https:\/\/turismo.elejido.es\/index.php\/events\/concierto-coral-lola-callejon\/\" \/>\n<meta property=\"og:locale\" content=\"es_ES\" \/>\n<meta property=\"og:type\" content=\"article\" \/>\n<meta property=\"og:title\" content=\"Concierto de Navidad Coral Lola Callej\u00f3n - Turismo El Ejido\" \/>\n<meta property=\"og:description\" content=\"No te pierdas el concierto de Navidad de la Coral Lola Callej\u00f3n el pr\u00f3ximo 23 de diciembre en la iglesia de San Isidro de El Ejido.\" \/>\n<meta property=\"og:url\" content=\"https:\/\/turismo.elejido.es\/index.php\/events\/concierto-coral-lola-callejon\/\" \/>\n<meta property=\"og:site_name\" content=\"Turismo El Ejido\" \/>\n<meta property=\"article:modified_time\" content=\"2022-12-12T11:59:49+00:00\" \/>\n<meta property=\"og:image\" content=\"https:\/\/turismo.elejido.es\/wp-content\/uploads\/2022\/11\/Feliz-Navidad-2022_cropped.png\" \/>\n\t<meta property=\"og:image:width\" content=\"844\" \/>\n\t<meta property=\"og:image:height\" content=\"844\" \/>\n\t<meta property=\"og:image:type\" content=\"image\/png\" \/>\n<meta name=\"twitter:card\" content=\"summary_large_image\" \/>\n<meta name=\"twitter:label1\" content=\"Tiempo de lectura\" \/>\n\t<meta name=\"twitter:data1\" content=\"1 minuto\" \/>\n<script type=\"application\/ld+json\" class=\"yoast-schema-graph\">{\"@context\":\"https:\\\/\\\/schema.org\",\"@graph\":[{\"@type\":\"WebPage\",\"@id\":\"https:\\\/\\\/turismo.elejido.es\\\/index.php\\\/events\\\/concierto-coral-lola-callejon\\\/\",\"url\":\"https:\\\/\\\/turismo.elejido.es\\\/index.php\\\/events\\\/concierto-coral-lola-callejon\\\/\",\"name\":\"Concierto de Navidad Coral Lola Callej\u00f3n - Turismo El Ejido\",\"isPartOf\":{\"@id\":\"https:\\\/\\\/turismo.elejido.es\\\/#website\"},\"primaryImageOfPage\":{\"@id\":\"https:\\\/\\\/turismo.elejido.es\\\/index.php\\\/events\\\/concierto-coral-lola-callejon\\\/#primaryimage\"},\"image\":{\"@id\":\"https:\\\/\\\/turismo.elejido.es\\\/index.php\\\/events\\\/concierto-coral-lola-callejon\\\/#primaryimage\"},\"thumbnailUrl\":\"https:\\\/\\\/turismo.elejido.es\\\/wp-content\\\/uploads\\\/2022\\\/11\\\/Feliz-Navidad-2022_cropped.png\",\"datePublished\":\"2022-12-12T11:56:49+00:00\",\"dateModified\":\"2022-12-12T11:59:49+00:00\",\"description\":\"No te pierdas el concierto de Navidad de la Coral Lola Callej\u00f3n el pr\u00f3ximo 23 de diciembre en la iglesia de San Isidro de El Ejido.\",\"breadcrumb\":{\"@id\":\"https:\\\/\\\/turismo.elejido.es\\\/index.php\\\/events\\\/concierto-coral-lola-callejon\\\/#breadcrumb\"},\"inLanguage\":\"es\",\"potentialAction\":[{\"@type\":\"ReadAction\",\"target\":[\"https:\\\/\\\/turismo.elejido.es\\\/index.php\\\/events\\\/concierto-coral-lola-callejon\\\/\"]}]},{\"@type\":\"ImageObject\",\"inLanguage\":\"es\",\"@id\":\"https:\\\/\\\/turismo.elejido.es\\\/index.php\\\/events\\\/concierto-coral-lola-callejon\\\/#primaryimage\",\"url\":\"https:\\\/\\\/turismo.elejido.es\\\/wp-content\\\/uploads\\\/2022\\\/11\\\/Feliz-Navidad-2022_cropped.png\",\"contentUrl\":\"https:\\\/\\\/turismo.elejido.es\\\/wp-content\\\/uploads\\\/2022\\\/11\\\/Feliz-Navidad-2022_cropped.png\",\"width\":844,\"height\":844},{\"@type\":\"BreadcrumbList\",\"@id\":\"https:\\\/\\\/turismo.elejido.es\\\/index.php\\\/events\\\/concierto-coral-lola-callejon\\\/#breadcrumb\",\"itemListElement\":[{\"@type\":\"ListItem\",\"position\":1,\"name\":\"Inicio\",\"item\":\"https:\\\/\\\/turismo.elejido.es\\\/\"},{\"@type\":\"ListItem\",\"position\":2,\"name\":\"Eventos\",\"item\":\"https:\\\/\\\/turismo.elejido.es\\\/index.php\\\/events\\\/\"},{\"@type\":\"ListItem\",\"position\":3,\"name\":\"Concierto de Navidad Coral Lola Callej\u00f3n\"}]},{\"@type\":\"WebSite\",\"@id\":\"https:\\\/\\\/turismo.elejido.es\\\/#website\",\"url\":\"https:\\\/\\\/turismo.elejido.es\\\/\",\"name\":\"Turismo El Ejido\",\"description\":\"Portal Oficial de Turismo del Municipio de El Ejido, Almerimar y Balerma situado en la costa de Almer\u00eda.\",\"publisher\":{\"@id\":\"https:\\\/\\\/turismo.elejido.es\\\/#organization\"},\"potentialAction\":[{\"@type\":\"SearchAction\",\"target\":{\"@type\":\"EntryPoint\",\"urlTemplate\":\"https:\\\/\\\/turismo.elejido.es\\\/?s={search_term_string}\"},\"query-input\":{\"@type\":\"PropertyValueSpecification\",\"valueRequired\":true,\"valueName\":\"search_term_string\"}}],\"inLanguage\":\"es\"},{\"@type\":\"Organization\",\"@id\":\"https:\\\/\\\/turismo.elejido.es\\\/#organization\",\"name\":\"Turismo El Ejido\",\"url\":\"https:\\\/\\\/turismo.elejido.es\\\/\",\"logo\":{\"@type\":\"ImageObject\",\"inLanguage\":\"es\",\"@id\":\"https:\\\/\\\/turismo.elejido.es\\\/#\\\/schema\\\/logo\\\/image\\\/\",\"url\":\"https:\\\/\\\/turismo.elejido.es\\\/wp-content\\\/uploads\\\/2020\\\/12\\\/elejidoNaranja.png\",\"contentUrl\":\"https:\\\/\\\/turismo.elejido.es\\\/wp-content\\\/uploads\\\/2020\\\/12\\\/elejidoNaranja.png\",\"width\":163,\"height\":92,\"caption\":\"Turismo El Ejido\"},\"image\":{\"@id\":\"https:\\\/\\\/turismo.elejido.es\\\/#\\\/schema\\\/logo\\\/image\\\/\"}}]}<\/script>\n<!-- \/ Yoast SEO plugin. -->","yoast_head_json":{"title":"Concierto de Navidad Coral Lola Callej\u00f3n - Turismo El Ejido","description":"No te pierdas el concierto de Navidad de la Coral Lola Callej\u00f3n el pr\u00f3ximo 23 de diciembre en la iglesia de San Isidro de El Ejido.","robots":{"index":"index","follow":"follow","max-snippet":"max-snippet:-1","max-image-preview":"max-image-preview:large","max-video-preview":"max-video-preview:-1"},"canonical":"https:\/\/turismo.elejido.es\/index.php\/events\/concierto-coral-lola-callejon\/","og_locale":"es_ES","og_type":"article","og_title":"Concierto de Navidad Coral Lola Callej\u00f3n - Turismo El Ejido","og_description":"No te pierdas el concierto de Navidad de la Coral Lola Callej\u00f3n el pr\u00f3ximo 23 de diciembre en la iglesia de San Isidro de El Ejido.","og_url":"https:\/\/turismo.elejido.es\/index.php\/events\/concierto-coral-lola-callejon\/","og_site_name":"Turismo El Ejido","article_modified_time":"2022-12-12T11:59:49+00:00","og_image":[{"width":844,"height":844,"url":"https:\/\/turismo.elejido.es\/wp-content\/uploads\/2022\/11\/Feliz-Navidad-2022_cropped.png","type":"image\/png"}],"twitter_card":"summary_large_image","twitter_misc":{"Tiempo de lectura":"1 minuto"},"schema":{"@context":"https:\/\/schema.org","@graph":[{"@type":"WebPage","@id":"https:\/\/turismo.elejido.es\/index.php\/events\/concierto-coral-lola-callejon\/","url":"https:\/\/turismo.elejido.es\/index.php\/events\/concierto-coral-lola-callejon\/","name":"Concierto de Navidad Coral Lola Callej\u00f3n - Turismo El Ejido","isPartOf":{"@id":"https:\/\/turismo.elejido.es\/#website"},"primaryImageOfPage":{"@id":"https:\/\/turismo.elejido.es\/index.php\/events\/concierto-coral-lola-callejon\/#primaryimage"},"image":{"@id":"https:\/\/turismo.elejido.es\/index.php\/events\/concierto-coral-lola-callejon\/#primaryimage"},"thumbnailUrl":"https:\/\/turismo.elejido.es\/wp-content\/uploads\/2022\/11\/Feliz-Navidad-2022_cropped.png","datePublished":"2022-12-12T11:56:49+00:00","dateModified":"2022-12-12T11:59:49+00:00","description":"No te pierdas el concierto de Navidad de la Coral Lola Callej\u00f3n el pr\u00f3ximo 23 de diciembre en la iglesia de San Isidro de El Ejido.","breadcrumb":{"@id":"https:\/\/turismo.elejido.es\/index.php\/events\/concierto-coral-lola-callejon\/#breadcrumb"},"inLanguage":"es","potentialAction":[{"@type":"ReadAction","target":["https:\/\/turismo.elejido.es\/index.php\/events\/concierto-coral-lola-callejon\/"]}]},{"@type":"ImageObject","inLanguage":"es","@id":"https:\/\/turismo.elejido.es\/index.php\/events\/concierto-coral-lola-callejon\/#primaryimage","url":"https:\/\/turismo.elejido.es\/wp-content\/uploads\/2022\/11\/Feliz-Navidad-2022_cropped.png","contentUrl":"https:\/\/turismo.elejido.es\/wp-content\/uploads\/2022\/11\/Feliz-Navidad-2022_cropped.png","width":844,"height":844},{"@type":"BreadcrumbList","@id":"https:\/\/turismo.elejido.es\/index.php\/events\/concierto-coral-lola-callejon\/#breadcrumb","itemListElement":[{"@type":"ListItem","position":1,"name":"Inicio","item":"https:\/\/turismo.elejido.es\/"},{"@type":"ListItem","position":2,"name":"Eventos","item":"https:\/\/turismo.elejido.es\/index.php\/events\/"},{"@type":"ListItem","position":3,"name":"Concierto de Navidad Coral Lola Callej\u00f3n"}]},{"@type":"WebSite","@id":"https:\/\/turismo.elejido.es\/#website","url":"https:\/\/turismo.elejido.es\/","name":"Turismo El Ejido","description":"Portal Oficial de Turismo del Municipio de El Ejido, Almerimar y Balerma situado en la costa de Almer\u00eda.","publisher":{"@id":"https:\/\/turismo.elejido.es\/#organization"},"potentialAction":[{"@type":"SearchAction","target":{"@type":"EntryPoint","urlTemplate":"https:\/\/turismo.elejido.es\/?s={search_term_string}"},"query-input":{"@type":"PropertyValueSpecification","valueRequired":true,"valueName":"search_term_string"}}],"inLanguage":"es"},{"@type":"Organization","@id":"https:\/\/turismo.elejido.es\/#organization","name":"Turismo El Ejido","url":"https:\/\/turismo.elejido.es\/","logo":{"@type":"ImageObject","inLanguage":"es","@id":"https:\/\/turismo.elejido.es\/#\/schema\/logo\/image\/","url":"https:\/\/turismo.elejido.es\/wp-content\/uploads\/2020\/12\/elejidoNaranja.png","contentUrl":"https:\/\/turismo.elejido.es\/wp-content\/uploads\/2020\/12\/elejidoNaranja.png","width":163,"height":92,"caption":"Turismo El Ejido"},"image":{"@id":"https:\/\/turismo.elejido.es\/#\/schema\/logo\/image\/"}}]}},"_links":{"self":[{"href":"https:\/\/turismo.elejido.es\/index.php\/wp-json\/wp\/v2\/mec-events\/19932","targetHints":{"allow":["GET"]}}],"collection":[{"href":"https:\/\/turismo.elejido.es\/index.php\/wp-json\/wp\/v2\/mec-events"}],"about":[{"href":"https:\/\/turismo.elejido.es\/index.php\/wp-json\/wp\/v2\/types\/mec-events"}],"author":[{"embeddable":true,"href":"https:\/\/turismo.elejido.es\/index.php\/wp-json\/wp\/v2\/users\/5"}],"replies":[{"embeddable":true,"href":"https:\/\/turismo.elejido.es\/index.php\/wp-json\/wp\/v2\/comments?post=19932"}],"wp:featuredmedia":[{"embeddable":true,"href":"https:\/\/turismo.elejido.es\/index.php\/wp-json\/wp\/v2\/media\/19613"}],"wp:attachment":[{"href":"https:\/\/turismo.elejido.es\/index.php\/wp-json\/wp\/v2\/media?parent=19932"}],"wp:term":[{"taxonomy":"post_tag","embeddable":true,"href":"https:\/\/turismo.elejido.es\/index.php\/wp-json\/wp\/v2\/tags?post=19932"},{"taxonomy":"mec_category","embeddable":true,"href":"https:\/\/turismo.elejido.es\/index.php\/wp-json\/wp\/v2\/mec_category?post=19932"}],"curies":[{"name":"wp","href":"https:\/\/api.w.org\/{rel}","templated":true}]}}