{"id":20116,"date":"2023-02-06T10:30:10","date_gmt":"2023-02-06T09:30:10","guid":{"rendered":"https:\/\/turismo.elejido.es\/?post_type=mec-events&#038;p=20116"},"modified":"2025-02-21T13:05:36","modified_gmt":"2025-02-21T12:05:36","slug":"carnaval-el-ejido","status":"publish","type":"mec-events","link":"https:\/\/turismo.elejido.es\/index.php\/events\/carnaval-el-ejido\/","title":{"rendered":"Carnaval El Ejido"},"content":{"rendered":"\n<div class=\"wp-block-nk-awb nk-awb alturaSlider is-layout-constrained wp-block-nk-awb-is-layout-constrained\"><div class=\"nk-awb-wrap\" data-awb-type=\"image\" data-awb-image-background-size=\"cover\" data-awb-image-background-position=\"49% 0%\" data-awb-parallax=\"scroll\" data-awb-parallax-speed=\"0.5\" data-awb-parallax-mobile=\"false\"><div class=\"nk-awb-inner\"><img loading=\"lazy\" decoding=\"async\" src=\"https:\/\/app.elejido.es\/turismo\/wp-content\/uploads\/2023\/02\/2362X3107-CARNAVALIMP-1-1168x1536-1.jpg\" class=\"wp-image-24624 jarallax-img\" width=\"1166\" height=\"1166\" srcset=\"https:\/\/turismo.elejido.es\/wp-content\/uploads\/2023\/02\/2362X3107-CARNAVALIMP-1-1168x1536-1.jpg 1166w, https:\/\/turismo.elejido.es\/wp-content\/uploads\/2023\/02\/2362X3107-CARNAVALIMP-1-1168x1536-1-500x500.jpg 500w, https:\/\/turismo.elejido.es\/wp-content\/uploads\/2023\/02\/2362X3107-CARNAVALIMP-1-1168x1536-1-1080x1080.jpg 1080w, https:\/\/turismo.elejido.es\/wp-content\/uploads\/2023\/02\/2362X3107-CARNAVALIMP-1-1168x1536-1-150x150.jpg 150w, https:\/\/turismo.elejido.es\/wp-content\/uploads\/2023\/02\/2362X3107-CARNAVALIMP-1-1168x1536-1-768x768.jpg 768w, https:\/\/turismo.elejido.es\/wp-content\/uploads\/2023\/02\/2362X3107-CARNAVALIMP-1-1168x1536-1-300x300.jpg 300w, https:\/\/turismo.elejido.es\/wp-content\/uploads\/2023\/02\/2362X3107-CARNAVALIMP-1-1168x1536-1-800x800.jpg 800w, https:\/\/turismo.elejido.es\/wp-content\/uploads\/2023\/02\/2362X3107-CARNAVALIMP-1-1168x1536-1-600x600.jpg 600w\" sizes=\"auto, (max-width: 1166px) 100vw, 1166px\" \/><\/div><\/div><\/div>\n\n\n\n<div style=\"height:40px\" aria-hidden=\"true\" class=\"wp-block-spacer\"><\/div>\n\n\n<div class=\"breadcrumbs align  wp-block-bcn-breadcrumb-trail has-text-color has-background\" vocab=\"https:\/\/schema.org\/\" typeof=\"BreadcrumbList\">\n\t<span><\/span>\n\t<span property=\"itemListElement\" typeof=\"ListItem\"><a property=\"item\" typeof=\"WebPage\" title=\"Ir a Turismo El Ejido.\" href=\"https:\/\/turismo.elejido.es\" class=\"home\" aria-current=\"page\"><span property=\"name\">Turismo El Ejido<\/span><\/a><meta property=\"position\" content=\"1\"><\/span><\/div>\n\n\n\n<div style=\"height:50px\" aria-hidden=\"true\" class=\"wp-block-spacer\"><\/div>\n\n\n\n<h1 class=\"wp-block-heading\">Carnaval El Ejido<\/h1>\n\n\n\n<p>\u00a1Ven y disfruta del Carnaval de El Ejido! El pr\u00f3ximo s\u00e1bado 1 de marzo te esperamos con la siguiente la programaci\u00f3n:<\/p>\n\n\n\n<p>10:30h.- Pasacalles \u201cLa gran carrera\u201d con salida desde el Auditorio de El Ejido.<\/p>\n\n\n\n<p>10:30 &#8211; 11:30h.-Inscripciones para el Concurso de disfraces en la Plaza Mayor.<\/p>\n\n\n\n<p>11:00.- Espect\u00e1culo Nius de la compa\u00f1\u00eda Xa Teatre, en la Plaza Mayor.<\/p>\n\n\n\n<p>12:00h.- Gran fiesta de Carnaval con muchas sorpresas y regalos.<\/p>\n\n\n\n<p>13:30h.- Lady Pop en concierto.<\/p>\n\n\n\n<p>M\u00e1s informaci\u00f3n en la web <a href=\"https:\/\/cultura.elejido.es\/?ai1ec_event=carnaval-el-ejido-2025-sabado1-de-marzo-10-h\">Cultura El Ejido<\/a>. <\/p>\n\n\n\n<div style=\"height:55px\" aria-hidden=\"true\" class=\"wp-block-spacer\"><\/div>\n\n\n\n<iframe src=\"https:\/\/www.google.com\/maps\/embed?pb=!1m18!1m12!1m3!1d13732.759466654259!2d-2.8215024369865986!3d36.770863544540894!2m3!1f0!2f0!3f0!3m2!1i1024!2i768!4f13.1!3m3!1m2!1s0xd7042e764472939%3A0xc4b315f706edfdec!2s04700%20El%20Ejido%2C%20Almer%C3%ADa!5e1!3m2!1ses!2ses!4v1740139358744!5m2!1ses!2ses\" width=\"600\" height=\"450\" style=\"border:0;\" allowfullscreen=\"\" loading=\"lazy\" referrerpolicy=\"no-referrer-when-downgrade\"><\/iframe>\n\n\n\n<div style=\"height:70px\" aria-hidden=\"true\" class=\"wp-block-spacer\"><\/div>\n","protected":false},"excerpt":{"rendered":"<p>Carnaval El Ejido \u00a1Ven y disfruta del Carnaval de El Ejido! El pr\u00f3ximo s\u00e1bado 1 de marzo te esperamos con la siguiente la programaci\u00f3n: 10:30h.- Pasacalles \u201cLa gran carrera\u201d con salida desde el Auditorio de El Ejido. 10:30 &#8211; 11:30h.-Inscripciones para el Concurso de disfraces en la Plaza Mayor. 11:00.- Espect\u00e1culo Nius de la compa\u00f1\u00eda [&hellip;]<\/p>\n","protected":false},"author":5,"featured_media":24624,"comment_status":"closed","ping_status":"closed","template":"","tags":[],"mec_category":[773],"class_list":["post-20116","mec-events","type-mec-events","status-publish","has-post-thumbnail","hentry","mec_category-ocio","entry","has-media"],"yoast_head":"<!-- This site is optimized with the Yoast SEO plugin v27.4 - https:\/\/yoast.com\/product\/yoast-seo-wordpress\/ -->\n<title>Carnaval El Ejido - Turismo El Ejido<\/title>\n<meta name=\"description\" content=\"El s\u00e1bado 1 de marzo te esperamos en El Ejido para pas\u00e1rtelo en grande con todo lo que tenemos preparado para el Carnaval.\" \/>\n<meta name=\"robots\" content=\"index, follow, max-snippet:-1, max-image-preview:large, max-video-preview:-1\" \/>\n<link rel=\"canonical\" href=\"https:\/\/turismo.elejido.es\/index.php\/events\/carnaval-el-ejido\/\" \/>\n<meta property=\"og:locale\" content=\"es_ES\" \/>\n<meta property=\"og:type\" content=\"article\" \/>\n<meta property=\"og:title\" content=\"Carnaval El Ejido - Turismo El Ejido\" \/>\n<meta property=\"og:description\" content=\"El s\u00e1bado 1 de marzo te esperamos en El Ejido para pas\u00e1rtelo en grande con todo lo que tenemos preparado para el Carnaval.\" \/>\n<meta property=\"og:url\" content=\"https:\/\/turismo.elejido.es\/index.php\/events\/carnaval-el-ejido\/\" \/>\n<meta property=\"og:site_name\" content=\"Turismo El Ejido\" \/>\n<meta property=\"article:modified_time\" content=\"2025-02-21T12:05:36+00:00\" \/>\n<meta property=\"og:image\" content=\"https:\/\/turismo.elejido.es\/wp-content\/uploads\/2023\/02\/2362X3107-CARNAVALIMP-1-1168x1536-1.jpg\" \/>\n\t<meta property=\"og:image:width\" content=\"1166\" \/>\n\t<meta property=\"og:image:height\" content=\"1166\" \/>\n\t<meta property=\"og:image:type\" content=\"image\/jpeg\" \/>\n<meta name=\"twitter:card\" content=\"summary_large_image\" \/>\n<meta name=\"twitter:label1\" content=\"Tiempo de lectura\" \/>\n\t<meta name=\"twitter:data1\" content=\"1 minuto\" \/>\n<script type=\"application\/ld+json\" class=\"yoast-schema-graph\">{\"@context\":\"https:\\\/\\\/schema.org\",\"@graph\":[{\"@type\":\"WebPage\",\"@id\":\"https:\\\/\\\/turismo.elejido.es\\\/index.php\\\/events\\\/carnaval-el-ejido\\\/\",\"url\":\"https:\\\/\\\/turismo.elejido.es\\\/index.php\\\/events\\\/carnaval-el-ejido\\\/\",\"name\":\"Carnaval El Ejido - Turismo El Ejido\",\"isPartOf\":{\"@id\":\"https:\\\/\\\/turismo.elejido.es\\\/#website\"},\"primaryImageOfPage\":{\"@id\":\"https:\\\/\\\/turismo.elejido.es\\\/index.php\\\/events\\\/carnaval-el-ejido\\\/#primaryimage\"},\"image\":{\"@id\":\"https:\\\/\\\/turismo.elejido.es\\\/index.php\\\/events\\\/carnaval-el-ejido\\\/#primaryimage\"},\"thumbnailUrl\":\"https:\\\/\\\/turismo.elejido.es\\\/wp-content\\\/uploads\\\/2023\\\/02\\\/2362X3107-CARNAVALIMP-1-1168x1536-1.jpg\",\"datePublished\":\"2023-02-06T09:30:10+00:00\",\"dateModified\":\"2025-02-21T12:05:36+00:00\",\"description\":\"El s\u00e1bado 1 de marzo te esperamos en El Ejido para pas\u00e1rtelo en grande con todo lo que tenemos preparado para el Carnaval.\",\"breadcrumb\":{\"@id\":\"https:\\\/\\\/turismo.elejido.es\\\/index.php\\\/events\\\/carnaval-el-ejido\\\/#breadcrumb\"},\"inLanguage\":\"es\",\"potentialAction\":[{\"@type\":\"ReadAction\",\"target\":[\"https:\\\/\\\/turismo.elejido.es\\\/index.php\\\/events\\\/carnaval-el-ejido\\\/\"]}]},{\"@type\":\"ImageObject\",\"inLanguage\":\"es\",\"@id\":\"https:\\\/\\\/turismo.elejido.es\\\/index.php\\\/events\\\/carnaval-el-ejido\\\/#primaryimage\",\"url\":\"https:\\\/\\\/turismo.elejido.es\\\/wp-content\\\/uploads\\\/2023\\\/02\\\/2362X3107-CARNAVALIMP-1-1168x1536-1.jpg\",\"contentUrl\":\"https:\\\/\\\/turismo.elejido.es\\\/wp-content\\\/uploads\\\/2023\\\/02\\\/2362X3107-CARNAVALIMP-1-1168x1536-1.jpg\",\"width\":1166,\"height\":1166,\"caption\":\"CREATOR: gd-jpeg v1.0 (using IJG JPEG v62), quality = 82\"},{\"@type\":\"BreadcrumbList\",\"@id\":\"https:\\\/\\\/turismo.elejido.es\\\/index.php\\\/events\\\/carnaval-el-ejido\\\/#breadcrumb\",\"itemListElement\":[{\"@type\":\"ListItem\",\"position\":1,\"name\":\"Inicio\",\"item\":\"https:\\\/\\\/turismo.elejido.es\\\/\"},{\"@type\":\"ListItem\",\"position\":2,\"name\":\"Eventos\",\"item\":\"https:\\\/\\\/turismo.elejido.es\\\/index.php\\\/events\\\/\"},{\"@type\":\"ListItem\",\"position\":3,\"name\":\"Carnaval El Ejido\"}]},{\"@type\":\"WebSite\",\"@id\":\"https:\\\/\\\/turismo.elejido.es\\\/#website\",\"url\":\"https:\\\/\\\/turismo.elejido.es\\\/\",\"name\":\"Turismo El Ejido\",\"description\":\"Portal Oficial de Turismo del Municipio de El Ejido, Almerimar y Balerma situado en la costa de Almer\u00eda.\",\"publisher\":{\"@id\":\"https:\\\/\\\/turismo.elejido.es\\\/#organization\"},\"potentialAction\":[{\"@type\":\"SearchAction\",\"target\":{\"@type\":\"EntryPoint\",\"urlTemplate\":\"https:\\\/\\\/turismo.elejido.es\\\/?s={search_term_string}\"},\"query-input\":{\"@type\":\"PropertyValueSpecification\",\"valueRequired\":true,\"valueName\":\"search_term_string\"}}],\"inLanguage\":\"es\"},{\"@type\":\"Organization\",\"@id\":\"https:\\\/\\\/turismo.elejido.es\\\/#organization\",\"name\":\"Turismo El Ejido\",\"url\":\"https:\\\/\\\/turismo.elejido.es\\\/\",\"logo\":{\"@type\":\"ImageObject\",\"inLanguage\":\"es\",\"@id\":\"https:\\\/\\\/turismo.elejido.es\\\/#\\\/schema\\\/logo\\\/image\\\/\",\"url\":\"https:\\\/\\\/turismo.elejido.es\\\/wp-content\\\/uploads\\\/2020\\\/12\\\/elejidoNaranja.png\",\"contentUrl\":\"https:\\\/\\\/turismo.elejido.es\\\/wp-content\\\/uploads\\\/2020\\\/12\\\/elejidoNaranja.png\",\"width\":163,\"height\":92,\"caption\":\"Turismo El Ejido\"},\"image\":{\"@id\":\"https:\\\/\\\/turismo.elejido.es\\\/#\\\/schema\\\/logo\\\/image\\\/\"}}]}<\/script>\n<!-- \/ Yoast SEO plugin. -->","yoast_head_json":{"title":"Carnaval El Ejido - Turismo El Ejido","description":"El s\u00e1bado 1 de marzo te esperamos en El Ejido para pas\u00e1rtelo en grande con todo lo que tenemos preparado para el Carnaval.","robots":{"index":"index","follow":"follow","max-snippet":"max-snippet:-1","max-image-preview":"max-image-preview:large","max-video-preview":"max-video-preview:-1"},"canonical":"https:\/\/turismo.elejido.es\/index.php\/events\/carnaval-el-ejido\/","og_locale":"es_ES","og_type":"article","og_title":"Carnaval El Ejido - Turismo El Ejido","og_description":"El s\u00e1bado 1 de marzo te esperamos en El Ejido para pas\u00e1rtelo en grande con todo lo que tenemos preparado para el Carnaval.","og_url":"https:\/\/turismo.elejido.es\/index.php\/events\/carnaval-el-ejido\/","og_site_name":"Turismo El Ejido","article_modified_time":"2025-02-21T12:05:36+00:00","og_image":[{"width":1166,"height":1166,"url":"https:\/\/turismo.elejido.es\/wp-content\/uploads\/2023\/02\/2362X3107-CARNAVALIMP-1-1168x1536-1.jpg","type":"image\/jpeg"}],"twitter_card":"summary_large_image","twitter_misc":{"Tiempo de lectura":"1 minuto"},"schema":{"@context":"https:\/\/schema.org","@graph":[{"@type":"WebPage","@id":"https:\/\/turismo.elejido.es\/index.php\/events\/carnaval-el-ejido\/","url":"https:\/\/turismo.elejido.es\/index.php\/events\/carnaval-el-ejido\/","name":"Carnaval El Ejido - Turismo El Ejido","isPartOf":{"@id":"https:\/\/turismo.elejido.es\/#website"},"primaryImageOfPage":{"@id":"https:\/\/turismo.elejido.es\/index.php\/events\/carnaval-el-ejido\/#primaryimage"},"image":{"@id":"https:\/\/turismo.elejido.es\/index.php\/events\/carnaval-el-ejido\/#primaryimage"},"thumbnailUrl":"https:\/\/turismo.elejido.es\/wp-content\/uploads\/2023\/02\/2362X3107-CARNAVALIMP-1-1168x1536-1.jpg","datePublished":"2023-02-06T09:30:10+00:00","dateModified":"2025-02-21T12:05:36+00:00","description":"El s\u00e1bado 1 de marzo te esperamos en El Ejido para pas\u00e1rtelo en grande con todo lo que tenemos preparado para el Carnaval.","breadcrumb":{"@id":"https:\/\/turismo.elejido.es\/index.php\/events\/carnaval-el-ejido\/#breadcrumb"},"inLanguage":"es","potentialAction":[{"@type":"ReadAction","target":["https:\/\/turismo.elejido.es\/index.php\/events\/carnaval-el-ejido\/"]}]},{"@type":"ImageObject","inLanguage":"es","@id":"https:\/\/turismo.elejido.es\/index.php\/events\/carnaval-el-ejido\/#primaryimage","url":"https:\/\/turismo.elejido.es\/wp-content\/uploads\/2023\/02\/2362X3107-CARNAVALIMP-1-1168x1536-1.jpg","contentUrl":"https:\/\/turismo.elejido.es\/wp-content\/uploads\/2023\/02\/2362X3107-CARNAVALIMP-1-1168x1536-1.jpg","width":1166,"height":1166,"caption":"CREATOR: gd-jpeg v1.0 (using IJG JPEG v62), quality = 82"},{"@type":"BreadcrumbList","@id":"https:\/\/turismo.elejido.es\/index.php\/events\/carnaval-el-ejido\/#breadcrumb","itemListElement":[{"@type":"ListItem","position":1,"name":"Inicio","item":"https:\/\/turismo.elejido.es\/"},{"@type":"ListItem","position":2,"name":"Eventos","item":"https:\/\/turismo.elejido.es\/index.php\/events\/"},{"@type":"ListItem","position":3,"name":"Carnaval El Ejido"}]},{"@type":"WebSite","@id":"https:\/\/turismo.elejido.es\/#website","url":"https:\/\/turismo.elejido.es\/","name":"Turismo El Ejido","description":"Portal Oficial de Turismo del Municipio de El Ejido, Almerimar y Balerma situado en la costa de Almer\u00eda.","publisher":{"@id":"https:\/\/turismo.elejido.es\/#organization"},"potentialAction":[{"@type":"SearchAction","target":{"@type":"EntryPoint","urlTemplate":"https:\/\/turismo.elejido.es\/?s={search_term_string}"},"query-input":{"@type":"PropertyValueSpecification","valueRequired":true,"valueName":"search_term_string"}}],"inLanguage":"es"},{"@type":"Organization","@id":"https:\/\/turismo.elejido.es\/#organization","name":"Turismo El Ejido","url":"https:\/\/turismo.elejido.es\/","logo":{"@type":"ImageObject","inLanguage":"es","@id":"https:\/\/turismo.elejido.es\/#\/schema\/logo\/image\/","url":"https:\/\/turismo.elejido.es\/wp-content\/uploads\/2020\/12\/elejidoNaranja.png","contentUrl":"https:\/\/turismo.elejido.es\/wp-content\/uploads\/2020\/12\/elejidoNaranja.png","width":163,"height":92,"caption":"Turismo El Ejido"},"image":{"@id":"https:\/\/turismo.elejido.es\/#\/schema\/logo\/image\/"}}]}},"_links":{"self":[{"href":"https:\/\/turismo.elejido.es\/index.php\/wp-json\/wp\/v2\/mec-events\/20116","targetHints":{"allow":["GET"]}}],"collection":[{"href":"https:\/\/turismo.elejido.es\/index.php\/wp-json\/wp\/v2\/mec-events"}],"about":[{"href":"https:\/\/turismo.elejido.es\/index.php\/wp-json\/wp\/v2\/types\/mec-events"}],"author":[{"embeddable":true,"href":"https:\/\/turismo.elejido.es\/index.php\/wp-json\/wp\/v2\/users\/5"}],"replies":[{"embeddable":true,"href":"https:\/\/turismo.elejido.es\/index.php\/wp-json\/wp\/v2\/comments?post=20116"}],"wp:featuredmedia":[{"embeddable":true,"href":"https:\/\/turismo.elejido.es\/index.php\/wp-json\/wp\/v2\/media\/24624"}],"wp:attachment":[{"href":"https:\/\/turismo.elejido.es\/index.php\/wp-json\/wp\/v2\/media?parent=20116"}],"wp:term":[{"taxonomy":"post_tag","embeddable":true,"href":"https:\/\/turismo.elejido.es\/index.php\/wp-json\/wp\/v2\/tags?post=20116"},{"taxonomy":"mec_category","embeddable":true,"href":"https:\/\/turismo.elejido.es\/index.php\/wp-json\/wp\/v2\/mec_category?post=20116"}],"curies":[{"name":"wp","href":"https:\/\/api.w.org\/{rel}","templated":true}]}}