{"id":20698,"date":"2023-04-04T10:08:11","date_gmt":"2023-04-04T08:08:11","guid":{"rendered":"https:\/\/turismo.elejido.es\/?post_type=mec-events&#038;p=20698"},"modified":"2023-04-04T10:09:22","modified_gmt":"2023-04-04T08:09:22","slug":"festival-de-teatro-de-el-ejido-2023-muerte-de-un-viajante","status":"publish","type":"mec-events","link":"https:\/\/turismo.elejido.es\/index.php\/events\/festival-de-teatro-de-el-ejido-2023-muerte-de-un-viajante\/","title":{"rendered":"Festival de Teatro de El Ejido 2023 &#8211; \u00abMuerte de un viajante\u00bb"},"content":{"rendered":"\n<div class=\"wp-block-nk-awb nk-awb alturaSlider is-layout-constrained wp-block-nk-awb-is-layout-constrained\"><div class=\"nk-awb-wrap\" data-awb-type=\"image\" data-awb-image-background-size=\"cover\" data-awb-image-background-position=\"48% 0%\" data-awb-parallax=\"scroll\" data-awb-parallax-speed=\"0.5\" data-awb-parallax-mobile=\"false\"><div class=\"nk-awb-inner\"><img loading=\"lazy\" decoding=\"async\" src=\"https:\/\/app.elejido.es\/turismo\/wp-content\/uploads\/2023\/04\/0428-Muerte-de-un-viajante-cartel.jpg\" class=\"wp-image-20699 jarallax-img\" width=\"850\" height=\"850\" srcset=\"https:\/\/turismo.elejido.es\/wp-content\/uploads\/2023\/04\/0428-Muerte-de-un-viajante-cartel.jpg 850w, https:\/\/turismo.elejido.es\/wp-content\/uploads\/2023\/04\/0428-Muerte-de-un-viajante-cartel-500x500.jpg 500w, https:\/\/turismo.elejido.es\/wp-content\/uploads\/2023\/04\/0428-Muerte-de-un-viajante-cartel-150x150.jpg 150w, https:\/\/turismo.elejido.es\/wp-content\/uploads\/2023\/04\/0428-Muerte-de-un-viajante-cartel-768x768.jpg 768w, https:\/\/turismo.elejido.es\/wp-content\/uploads\/2023\/04\/0428-Muerte-de-un-viajante-cartel-300x300.jpg 300w, https:\/\/turismo.elejido.es\/wp-content\/uploads\/2023\/04\/0428-Muerte-de-un-viajante-cartel-800x800.jpg 800w, https:\/\/turismo.elejido.es\/wp-content\/uploads\/2023\/04\/0428-Muerte-de-un-viajante-cartel-600x600.jpg 600w\" sizes=\"auto, (max-width: 850px) 100vw, 850px\" \/><\/div><\/div><\/div>\n\n\n\n<div style=\"height:40px\" aria-hidden=\"true\" class=\"wp-block-spacer\"><\/div>\n\n\n<div class=\"breadcrumbs align  wp-block-bcn-breadcrumb-trail has-text-color has-background\" vocab=\"https:\/\/schema.org\/\" typeof=\"BreadcrumbList\">\n\t<span><\/span>\n\t<span property=\"itemListElement\" typeof=\"ListItem\"><a property=\"item\" typeof=\"WebPage\" title=\"Ir a Turismo El Ejido.\" href=\"https:\/\/turismo.elejido.es\" class=\"home\" aria-current=\"page\"><span property=\"name\">Turismo El Ejido<\/span><\/a><meta property=\"position\" content=\"1\"><\/span><\/div>\n\n\n\n<div style=\"height:50px\" aria-hidden=\"true\" class=\"wp-block-spacer\"><\/div>\n\n\n\n<h1 class=\"wp-block-heading\">Festival de Teatro de El Ejido 2023 &#8211; \u00abMuerte de un viajante\u00bb<\/h1>\n\n\n\n<p><img loading=\"lazy\" decoding=\"async\" height=\"16\" width=\"16\" src=\"https:\/\/static.xx.fbcdn.net\/images\/emoji.php\/v9\/t8c\/1\/16\/1f389.png\" alt=\"\ud83c\udf89\">\u00a1La 46 edici\u00f3n del Festival de Teatro de El Ejido ya est\u00e1 aqu\u00ed!<img loading=\"lazy\" decoding=\"async\" height=\"16\" width=\"16\" src=\"https:\/\/static.xx.fbcdn.net\/images\/emoji.php\/v9\/t8c\/1\/16\/1f389.png\" alt=\"\ud83c\udf89\">  <\/p>\n\n\n\n<p>Disfruta de la obra teatral \u00abMuerte de un viajante\u00bb en El Ejido, con Imanol Arias. M\u00e1s informaci\u00f3n y entradas en la web <a href=\"https:\/\/cultura.elejido.es\/?ai1ec_event=fte-2023-okapi-producciones-muerte-de-un-viajante-viernes-28-de-abril\">Cultura El Ejido<\/a>.  <\/p>\n\n\n\n<div style=\"height:56px\" aria-hidden=\"true\" class=\"wp-block-spacer\"><\/div>\n\n\n\n<iframe src=\"https:\/\/www.google.com\/maps\/embed?pb=!1m14!1m8!1m3!1d12783.685683890637!2d-2.8112294!3d36.7724525!3m2!1i1024!2i768!4f13.1!3m3!1m2!1s0xd7042e41b5ae8cf%3A0xde223dcab6eb62f3!2sAuditorio%20de%20El%20Ejido!5e0!3m2!1ses!2ses!4v1678457760731!5m2!1ses!2ses\" width=\"600\" height=\"450\" style=\"border:0;\" allowfullscreen=\"\" loading=\"lazy\" referrerpolicy=\"no-referrer-when-downgrade\"><\/iframe>\n\n\n\n<div style=\"height:61px\" aria-hidden=\"true\" class=\"wp-block-spacer\"><\/div>\n","protected":false},"excerpt":{"rendered":"<p>Festival de Teatro de El Ejido 2023 &#8211; \u00abMuerte de un viajante\u00bb \u00a1La 46 edici\u00f3n del Festival de Teatro de El Ejido ya est\u00e1 aqu\u00ed! Disfruta de la obra teatral \u00abMuerte de un viajante\u00bb en El Ejido, con Imanol Arias. M\u00e1s informaci\u00f3n y entradas en la web Cultura El Ejido.<\/p>\n","protected":false},"author":5,"featured_media":20699,"comment_status":"closed","ping_status":"closed","template":"","tags":[],"mec_category":[101],"class_list":["post-20698","mec-events","type-mec-events","status-publish","has-post-thumbnail","hentry","mec_category-teatro","entry","has-media"],"yoast_head":"<!-- This site is optimized with the Yoast SEO plugin v27.4 - https:\/\/yoast.com\/product\/yoast-seo-wordpress\/ -->\n<title>Festival de Teatro de El Ejido 2023 - &quot;Muerte de un viajante&quot;<\/title>\n<meta name=\"description\" content=\"\u00a1La 46 edici\u00f3n del Festival de Teatro de El Ejido ya est\u00e1 aqu\u00ed! No te quedes sin ver la obra teatral Muerte de un viajante.\" \/>\n<meta name=\"robots\" content=\"index, follow, max-snippet:-1, max-image-preview:large, max-video-preview:-1\" \/>\n<link rel=\"canonical\" href=\"https:\/\/turismo.elejido.es\/index.php\/events\/festival-de-teatro-de-el-ejido-2023-muerte-de-un-viajante\/\" \/>\n<meta property=\"og:locale\" content=\"es_ES\" \/>\n<meta property=\"og:type\" content=\"article\" \/>\n<meta property=\"og:title\" content=\"Festival de Teatro de El Ejido 2023 - &quot;Muerte de un viajante&quot;\" \/>\n<meta property=\"og:description\" content=\"\u00a1La 46 edici\u00f3n del Festival de Teatro de El Ejido ya est\u00e1 aqu\u00ed! No te quedes sin ver la obra teatral Muerte de un viajante.\" \/>\n<meta property=\"og:url\" content=\"https:\/\/turismo.elejido.es\/index.php\/events\/festival-de-teatro-de-el-ejido-2023-muerte-de-un-viajante\/\" \/>\n<meta property=\"og:site_name\" content=\"Turismo El Ejido\" \/>\n<meta property=\"article:modified_time\" content=\"2023-04-04T08:09:22+00:00\" \/>\n<meta property=\"og:image\" content=\"https:\/\/turismo.elejido.es\/wp-content\/uploads\/2023\/04\/0428-Muerte-de-un-viajante-cartel.jpg\" \/>\n\t<meta property=\"og:image:width\" content=\"850\" \/>\n\t<meta property=\"og:image:height\" content=\"850\" \/>\n\t<meta property=\"og:image:type\" content=\"image\/jpeg\" \/>\n<meta name=\"twitter:card\" content=\"summary_large_image\" \/>\n<meta name=\"twitter:label1\" content=\"Tiempo de lectura\" \/>\n\t<meta name=\"twitter:data1\" content=\"1 minuto\" \/>\n<script type=\"application\/ld+json\" class=\"yoast-schema-graph\">{\"@context\":\"https:\\\/\\\/schema.org\",\"@graph\":[{\"@type\":\"WebPage\",\"@id\":\"https:\\\/\\\/turismo.elejido.es\\\/index.php\\\/events\\\/festival-de-teatro-de-el-ejido-2023-muerte-de-un-viajante\\\/\",\"url\":\"https:\\\/\\\/turismo.elejido.es\\\/index.php\\\/events\\\/festival-de-teatro-de-el-ejido-2023-muerte-de-un-viajante\\\/\",\"name\":\"Festival de Teatro de El Ejido 2023 - \\\"Muerte de un viajante\\\"\",\"isPartOf\":{\"@id\":\"https:\\\/\\\/turismo.elejido.es\\\/#website\"},\"primaryImageOfPage\":{\"@id\":\"https:\\\/\\\/turismo.elejido.es\\\/index.php\\\/events\\\/festival-de-teatro-de-el-ejido-2023-muerte-de-un-viajante\\\/#primaryimage\"},\"image\":{\"@id\":\"https:\\\/\\\/turismo.elejido.es\\\/index.php\\\/events\\\/festival-de-teatro-de-el-ejido-2023-muerte-de-un-viajante\\\/#primaryimage\"},\"thumbnailUrl\":\"https:\\\/\\\/turismo.elejido.es\\\/wp-content\\\/uploads\\\/2023\\\/04\\\/0428-Muerte-de-un-viajante-cartel.jpg\",\"datePublished\":\"2023-04-04T08:08:11+00:00\",\"dateModified\":\"2023-04-04T08:09:22+00:00\",\"description\":\"\u00a1La 46 edici\u00f3n del Festival de Teatro de El Ejido ya est\u00e1 aqu\u00ed! No te quedes sin ver la obra teatral Muerte de un viajante.\",\"breadcrumb\":{\"@id\":\"https:\\\/\\\/turismo.elejido.es\\\/index.php\\\/events\\\/festival-de-teatro-de-el-ejido-2023-muerte-de-un-viajante\\\/#breadcrumb\"},\"inLanguage\":\"es\",\"potentialAction\":[{\"@type\":\"ReadAction\",\"target\":[\"https:\\\/\\\/turismo.elejido.es\\\/index.php\\\/events\\\/festival-de-teatro-de-el-ejido-2023-muerte-de-un-viajante\\\/\"]}]},{\"@type\":\"ImageObject\",\"inLanguage\":\"es\",\"@id\":\"https:\\\/\\\/turismo.elejido.es\\\/index.php\\\/events\\\/festival-de-teatro-de-el-ejido-2023-muerte-de-un-viajante\\\/#primaryimage\",\"url\":\"https:\\\/\\\/turismo.elejido.es\\\/wp-content\\\/uploads\\\/2023\\\/04\\\/0428-Muerte-de-un-viajante-cartel.jpg\",\"contentUrl\":\"https:\\\/\\\/turismo.elejido.es\\\/wp-content\\\/uploads\\\/2023\\\/04\\\/0428-Muerte-de-un-viajante-cartel.jpg\",\"width\":850,\"height\":850},{\"@type\":\"BreadcrumbList\",\"@id\":\"https:\\\/\\\/turismo.elejido.es\\\/index.php\\\/events\\\/festival-de-teatro-de-el-ejido-2023-muerte-de-un-viajante\\\/#breadcrumb\",\"itemListElement\":[{\"@type\":\"ListItem\",\"position\":1,\"name\":\"Inicio\",\"item\":\"https:\\\/\\\/turismo.elejido.es\\\/\"},{\"@type\":\"ListItem\",\"position\":2,\"name\":\"Eventos\",\"item\":\"https:\\\/\\\/turismo.elejido.es\\\/index.php\\\/events\\\/\"},{\"@type\":\"ListItem\",\"position\":3,\"name\":\"Festival de Teatro de El Ejido 2023 &#8211; \u00abMuerte de un viajante\u00bb\"}]},{\"@type\":\"WebSite\",\"@id\":\"https:\\\/\\\/turismo.elejido.es\\\/#website\",\"url\":\"https:\\\/\\\/turismo.elejido.es\\\/\",\"name\":\"Turismo El Ejido\",\"description\":\"Portal Oficial de Turismo del Municipio de El Ejido, Almerimar y Balerma situado en la costa de Almer\u00eda.\",\"publisher\":{\"@id\":\"https:\\\/\\\/turismo.elejido.es\\\/#organization\"},\"potentialAction\":[{\"@type\":\"SearchAction\",\"target\":{\"@type\":\"EntryPoint\",\"urlTemplate\":\"https:\\\/\\\/turismo.elejido.es\\\/?s={search_term_string}\"},\"query-input\":{\"@type\":\"PropertyValueSpecification\",\"valueRequired\":true,\"valueName\":\"search_term_string\"}}],\"inLanguage\":\"es\"},{\"@type\":\"Organization\",\"@id\":\"https:\\\/\\\/turismo.elejido.es\\\/#organization\",\"name\":\"Turismo El Ejido\",\"url\":\"https:\\\/\\\/turismo.elejido.es\\\/\",\"logo\":{\"@type\":\"ImageObject\",\"inLanguage\":\"es\",\"@id\":\"https:\\\/\\\/turismo.elejido.es\\\/#\\\/schema\\\/logo\\\/image\\\/\",\"url\":\"https:\\\/\\\/turismo.elejido.es\\\/wp-content\\\/uploads\\\/2020\\\/12\\\/elejidoNaranja.png\",\"contentUrl\":\"https:\\\/\\\/turismo.elejido.es\\\/wp-content\\\/uploads\\\/2020\\\/12\\\/elejidoNaranja.png\",\"width\":163,\"height\":92,\"caption\":\"Turismo El Ejido\"},\"image\":{\"@id\":\"https:\\\/\\\/turismo.elejido.es\\\/#\\\/schema\\\/logo\\\/image\\\/\"}}]}<\/script>\n<!-- \/ Yoast SEO plugin. -->","yoast_head_json":{"title":"Festival de Teatro de El Ejido 2023 - \"Muerte de un viajante\"","description":"\u00a1La 46 edici\u00f3n del Festival de Teatro de El Ejido ya est\u00e1 aqu\u00ed! No te quedes sin ver la obra teatral Muerte de un viajante.","robots":{"index":"index","follow":"follow","max-snippet":"max-snippet:-1","max-image-preview":"max-image-preview:large","max-video-preview":"max-video-preview:-1"},"canonical":"https:\/\/turismo.elejido.es\/index.php\/events\/festival-de-teatro-de-el-ejido-2023-muerte-de-un-viajante\/","og_locale":"es_ES","og_type":"article","og_title":"Festival de Teatro de El Ejido 2023 - \"Muerte de un viajante\"","og_description":"\u00a1La 46 edici\u00f3n del Festival de Teatro de El Ejido ya est\u00e1 aqu\u00ed! No te quedes sin ver la obra teatral Muerte de un viajante.","og_url":"https:\/\/turismo.elejido.es\/index.php\/events\/festival-de-teatro-de-el-ejido-2023-muerte-de-un-viajante\/","og_site_name":"Turismo El Ejido","article_modified_time":"2023-04-04T08:09:22+00:00","og_image":[{"width":850,"height":850,"url":"https:\/\/turismo.elejido.es\/wp-content\/uploads\/2023\/04\/0428-Muerte-de-un-viajante-cartel.jpg","type":"image\/jpeg"}],"twitter_card":"summary_large_image","twitter_misc":{"Tiempo de lectura":"1 minuto"},"schema":{"@context":"https:\/\/schema.org","@graph":[{"@type":"WebPage","@id":"https:\/\/turismo.elejido.es\/index.php\/events\/festival-de-teatro-de-el-ejido-2023-muerte-de-un-viajante\/","url":"https:\/\/turismo.elejido.es\/index.php\/events\/festival-de-teatro-de-el-ejido-2023-muerte-de-un-viajante\/","name":"Festival de Teatro de El Ejido 2023 - \"Muerte de un viajante\"","isPartOf":{"@id":"https:\/\/turismo.elejido.es\/#website"},"primaryImageOfPage":{"@id":"https:\/\/turismo.elejido.es\/index.php\/events\/festival-de-teatro-de-el-ejido-2023-muerte-de-un-viajante\/#primaryimage"},"image":{"@id":"https:\/\/turismo.elejido.es\/index.php\/events\/festival-de-teatro-de-el-ejido-2023-muerte-de-un-viajante\/#primaryimage"},"thumbnailUrl":"https:\/\/turismo.elejido.es\/wp-content\/uploads\/2023\/04\/0428-Muerte-de-un-viajante-cartel.jpg","datePublished":"2023-04-04T08:08:11+00:00","dateModified":"2023-04-04T08:09:22+00:00","description":"\u00a1La 46 edici\u00f3n del Festival de Teatro de El Ejido ya est\u00e1 aqu\u00ed! No te quedes sin ver la obra teatral Muerte de un viajante.","breadcrumb":{"@id":"https:\/\/turismo.elejido.es\/index.php\/events\/festival-de-teatro-de-el-ejido-2023-muerte-de-un-viajante\/#breadcrumb"},"inLanguage":"es","potentialAction":[{"@type":"ReadAction","target":["https:\/\/turismo.elejido.es\/index.php\/events\/festival-de-teatro-de-el-ejido-2023-muerte-de-un-viajante\/"]}]},{"@type":"ImageObject","inLanguage":"es","@id":"https:\/\/turismo.elejido.es\/index.php\/events\/festival-de-teatro-de-el-ejido-2023-muerte-de-un-viajante\/#primaryimage","url":"https:\/\/turismo.elejido.es\/wp-content\/uploads\/2023\/04\/0428-Muerte-de-un-viajante-cartel.jpg","contentUrl":"https:\/\/turismo.elejido.es\/wp-content\/uploads\/2023\/04\/0428-Muerte-de-un-viajante-cartel.jpg","width":850,"height":850},{"@type":"BreadcrumbList","@id":"https:\/\/turismo.elejido.es\/index.php\/events\/festival-de-teatro-de-el-ejido-2023-muerte-de-un-viajante\/#breadcrumb","itemListElement":[{"@type":"ListItem","position":1,"name":"Inicio","item":"https:\/\/turismo.elejido.es\/"},{"@type":"ListItem","position":2,"name":"Eventos","item":"https:\/\/turismo.elejido.es\/index.php\/events\/"},{"@type":"ListItem","position":3,"name":"Festival de Teatro de El Ejido 2023 &#8211; \u00abMuerte de un viajante\u00bb"}]},{"@type":"WebSite","@id":"https:\/\/turismo.elejido.es\/#website","url":"https:\/\/turismo.elejido.es\/","name":"Turismo El Ejido","description":"Portal Oficial de Turismo del Municipio de El Ejido, Almerimar y Balerma situado en la costa de Almer\u00eda.","publisher":{"@id":"https:\/\/turismo.elejido.es\/#organization"},"potentialAction":[{"@type":"SearchAction","target":{"@type":"EntryPoint","urlTemplate":"https:\/\/turismo.elejido.es\/?s={search_term_string}"},"query-input":{"@type":"PropertyValueSpecification","valueRequired":true,"valueName":"search_term_string"}}],"inLanguage":"es"},{"@type":"Organization","@id":"https:\/\/turismo.elejido.es\/#organization","name":"Turismo El Ejido","url":"https:\/\/turismo.elejido.es\/","logo":{"@type":"ImageObject","inLanguage":"es","@id":"https:\/\/turismo.elejido.es\/#\/schema\/logo\/image\/","url":"https:\/\/turismo.elejido.es\/wp-content\/uploads\/2020\/12\/elejidoNaranja.png","contentUrl":"https:\/\/turismo.elejido.es\/wp-content\/uploads\/2020\/12\/elejidoNaranja.png","width":163,"height":92,"caption":"Turismo El Ejido"},"image":{"@id":"https:\/\/turismo.elejido.es\/#\/schema\/logo\/image\/"}}]}},"_links":{"self":[{"href":"https:\/\/turismo.elejido.es\/index.php\/wp-json\/wp\/v2\/mec-events\/20698","targetHints":{"allow":["GET"]}}],"collection":[{"href":"https:\/\/turismo.elejido.es\/index.php\/wp-json\/wp\/v2\/mec-events"}],"about":[{"href":"https:\/\/turismo.elejido.es\/index.php\/wp-json\/wp\/v2\/types\/mec-events"}],"author":[{"embeddable":true,"href":"https:\/\/turismo.elejido.es\/index.php\/wp-json\/wp\/v2\/users\/5"}],"replies":[{"embeddable":true,"href":"https:\/\/turismo.elejido.es\/index.php\/wp-json\/wp\/v2\/comments?post=20698"}],"wp:featuredmedia":[{"embeddable":true,"href":"https:\/\/turismo.elejido.es\/index.php\/wp-json\/wp\/v2\/media\/20699"}],"wp:attachment":[{"href":"https:\/\/turismo.elejido.es\/index.php\/wp-json\/wp\/v2\/media?parent=20698"}],"wp:term":[{"taxonomy":"post_tag","embeddable":true,"href":"https:\/\/turismo.elejido.es\/index.php\/wp-json\/wp\/v2\/tags?post=20698"},{"taxonomy":"mec_category","embeddable":true,"href":"https:\/\/turismo.elejido.es\/index.php\/wp-json\/wp\/v2\/mec_category?post=20698"}],"curies":[{"name":"wp","href":"https:\/\/api.w.org\/{rel}","templated":true}]}}