{"id":20710,"date":"2023-04-04T11:09:06","date_gmt":"2023-04-04T09:09:06","guid":{"rendered":"https:\/\/turismo.elejido.es\/?post_type=mec-events&#038;p=20710"},"modified":"2023-04-04T11:09:08","modified_gmt":"2023-04-04T09:09:08","slug":"festival-de-teatro-de-el-ejido-2023-hoy-puede-ser-mi-gran-noche","status":"publish","type":"mec-events","link":"https:\/\/turismo.elejido.es\/index.php\/events\/festival-de-teatro-de-el-ejido-2023-hoy-puede-ser-mi-gran-noche\/","title":{"rendered":"Festival de Teatro de El Ejido 2023 &#8211; \u00abHoy puede ser mi gran noche\u00bb"},"content":{"rendered":"\n<div class=\"wp-block-nk-awb nk-awb alturaSlider is-layout-constrained wp-block-nk-awb-is-layout-constrained\"><div class=\"nk-awb-wrap\" data-awb-type=\"image\" data-awb-image-background-size=\"cover\" data-awb-image-background-position=\"55% 48%\" data-awb-parallax=\"scroll\" data-awb-parallax-speed=\"0.5\" data-awb-parallax-mobile=\"false\"><div class=\"nk-awb-inner\"><img loading=\"lazy\" decoding=\"async\" src=\"https:\/\/app.elejido.es\/turismo\/wp-content\/uploads\/2023\/04\/0511-Hoy-puede-ser-mi-gran-noche-cartel.jpg\" class=\"wp-image-20711 jarallax-img\" width=\"842\" height=\"842\" srcset=\"https:\/\/turismo.elejido.es\/wp-content\/uploads\/2023\/04\/0511-Hoy-puede-ser-mi-gran-noche-cartel.jpg 842w, https:\/\/turismo.elejido.es\/wp-content\/uploads\/2023\/04\/0511-Hoy-puede-ser-mi-gran-noche-cartel-500x500.jpg 500w, https:\/\/turismo.elejido.es\/wp-content\/uploads\/2023\/04\/0511-Hoy-puede-ser-mi-gran-noche-cartel-150x150.jpg 150w, https:\/\/turismo.elejido.es\/wp-content\/uploads\/2023\/04\/0511-Hoy-puede-ser-mi-gran-noche-cartel-768x768.jpg 768w, https:\/\/turismo.elejido.es\/wp-content\/uploads\/2023\/04\/0511-Hoy-puede-ser-mi-gran-noche-cartel-300x300.jpg 300w, https:\/\/turismo.elejido.es\/wp-content\/uploads\/2023\/04\/0511-Hoy-puede-ser-mi-gran-noche-cartel-800x800.jpg 800w, https:\/\/turismo.elejido.es\/wp-content\/uploads\/2023\/04\/0511-Hoy-puede-ser-mi-gran-noche-cartel-600x600.jpg 600w\" sizes=\"auto, (max-width: 842px) 100vw, 842px\" \/><\/div><\/div><\/div>\n\n\n\n<div style=\"height:40px\" aria-hidden=\"true\" class=\"wp-block-spacer\"><\/div>\n\n\n<div class=\"breadcrumbs align  wp-block-bcn-breadcrumb-trail has-text-color has-background\" vocab=\"https:\/\/schema.org\/\" typeof=\"BreadcrumbList\">\n\t<span><\/span>\n\t<span property=\"itemListElement\" typeof=\"ListItem\"><a property=\"item\" typeof=\"WebPage\" title=\"Ir a Turismo El Ejido.\" href=\"https:\/\/turismo.elejido.es\" class=\"home\" aria-current=\"page\"><span property=\"name\">Turismo El Ejido<\/span><\/a><meta property=\"position\" content=\"1\"><\/span><\/div>\n\n\n\n<div style=\"height:50px\" aria-hidden=\"true\" class=\"wp-block-spacer\"><\/div>\n\n\n\n<h1 class=\"wp-block-heading\">Festival de Teatro de El Ejido 2023 &#8211; \u00abHoy puede ser mi gran noche\u00bb<\/h1>\n\n\n\n<p><img loading=\"lazy\" decoding=\"async\" height=\"16\" width=\"16\" src=\"https:\/\/static.xx.fbcdn.net\/images\/emoji.php\/v9\/t8c\/1\/16\/1f389.png\" alt=\"\ud83c\udf89\">\u00a1La 46 edici\u00f3n del Festival de Teatro de El Ejido ya est\u00e1 aqu\u00ed!<img loading=\"lazy\" decoding=\"async\" height=\"16\" width=\"16\" src=\"https:\/\/static.xx.fbcdn.net\/images\/emoji.php\/v9\/t8c\/1\/16\/1f389.png\" alt=\"\ud83c\udf89\">  <\/p>\n\n\n\n<p>Disfruta de la obra \u00abHoy puede ser mi gran noche\u00bb en El Ejido. M\u00e1s informaci\u00f3n y entradas en la web <a href=\"https:\/\/cultura.elejido.es\/?ai1ec_event=fte-2023-teatro-en-vilo-hoy-puede-ser-mi-gran-noche-jueves-11-de-mayo\">Cultura El Ejido<\/a>.  <\/p>\n\n\n\n<div style=\"height:56px\" aria-hidden=\"true\" class=\"wp-block-spacer\"><\/div>\n\n\n\n<iframe src=\"https:\/\/www.google.com\/maps\/embed?pb=!1m14!1m8!1m3!1d12783.685683890637!2d-2.8112294!3d36.7724525!3m2!1i1024!2i768!4f13.1!3m3!1m2!1s0xd7042e41b5ae8cf%3A0xde223dcab6eb62f3!2sAuditorio%20de%20El%20Ejido!5e0!3m2!1ses!2ses!4v1678457760731!5m2!1ses!2ses\" width=\"600\" height=\"450\" style=\"border:0;\" allowfullscreen=\"\" loading=\"lazy\" referrerpolicy=\"no-referrer-when-downgrade\"><\/iframe>\n\n\n\n<div style=\"height:61px\" aria-hidden=\"true\" class=\"wp-block-spacer\"><\/div>\n","protected":false},"excerpt":{"rendered":"<p>Festival de Teatro de El Ejido 2023 &#8211; \u00abHoy puede ser mi gran noche\u00bb \u00a1La 46 edici\u00f3n del Festival de Teatro de El Ejido ya est\u00e1 aqu\u00ed! Disfruta de la obra \u00abHoy puede ser mi gran noche\u00bb en El Ejido. M\u00e1s informaci\u00f3n y entradas en la web Cultura El Ejido.<\/p>\n","protected":false},"author":5,"featured_media":20711,"comment_status":"closed","ping_status":"closed","template":"","tags":[],"mec_category":[101],"class_list":["post-20710","mec-events","type-mec-events","status-publish","has-post-thumbnail","hentry","mec_category-teatro","entry","has-media"],"yoast_head":"<!-- This site is optimized with the Yoast SEO plugin v27.4 - https:\/\/yoast.com\/product\/yoast-seo-wordpress\/ -->\n<title>Festival de Teatro de El Ejido 2023 - &quot;Hoy puede ser mi gran noche&quot;<\/title>\n<meta name=\"description\" content=\"\u00a1La 46 edici\u00f3n del Festival de Teatro de El Ejido ya est\u00e1 aqu\u00ed! Disfruta de la obra &quot;Hoy puede ser mi gran noche&quot; en El Ejido.\" \/>\n<meta name=\"robots\" content=\"index, follow, max-snippet:-1, max-image-preview:large, max-video-preview:-1\" \/>\n<link rel=\"canonical\" href=\"https:\/\/turismo.elejido.es\/index.php\/events\/festival-de-teatro-de-el-ejido-2023-hoy-puede-ser-mi-gran-noche\/\" \/>\n<meta property=\"og:locale\" content=\"es_ES\" \/>\n<meta property=\"og:type\" content=\"article\" \/>\n<meta property=\"og:title\" content=\"Festival de Teatro de El Ejido 2023 - &quot;Hoy puede ser mi gran noche&quot;\" \/>\n<meta property=\"og:description\" content=\"\u00a1La 46 edici\u00f3n del Festival de Teatro de El Ejido ya est\u00e1 aqu\u00ed! Disfruta de la obra &quot;Hoy puede ser mi gran noche&quot; en El Ejido.\" \/>\n<meta property=\"og:url\" content=\"https:\/\/turismo.elejido.es\/index.php\/events\/festival-de-teatro-de-el-ejido-2023-hoy-puede-ser-mi-gran-noche\/\" \/>\n<meta property=\"og:site_name\" content=\"Turismo El Ejido\" \/>\n<meta property=\"article:modified_time\" content=\"2023-04-04T09:09:08+00:00\" \/>\n<meta property=\"og:image\" content=\"https:\/\/turismo.elejido.es\/wp-content\/uploads\/2023\/04\/0511-Hoy-puede-ser-mi-gran-noche-cartel.jpg\" \/>\n\t<meta property=\"og:image:width\" content=\"842\" \/>\n\t<meta property=\"og:image:height\" content=\"842\" \/>\n\t<meta property=\"og:image:type\" content=\"image\/jpeg\" \/>\n<meta name=\"twitter:card\" content=\"summary_large_image\" \/>\n<meta name=\"twitter:label1\" content=\"Tiempo de lectura\" \/>\n\t<meta name=\"twitter:data1\" content=\"1 minuto\" \/>\n<script type=\"application\/ld+json\" class=\"yoast-schema-graph\">{\"@context\":\"https:\\\/\\\/schema.org\",\"@graph\":[{\"@type\":\"WebPage\",\"@id\":\"https:\\\/\\\/turismo.elejido.es\\\/index.php\\\/events\\\/festival-de-teatro-de-el-ejido-2023-hoy-puede-ser-mi-gran-noche\\\/\",\"url\":\"https:\\\/\\\/turismo.elejido.es\\\/index.php\\\/events\\\/festival-de-teatro-de-el-ejido-2023-hoy-puede-ser-mi-gran-noche\\\/\",\"name\":\"Festival de Teatro de El Ejido 2023 - \\\"Hoy puede ser mi gran noche\\\"\",\"isPartOf\":{\"@id\":\"https:\\\/\\\/turismo.elejido.es\\\/#website\"},\"primaryImageOfPage\":{\"@id\":\"https:\\\/\\\/turismo.elejido.es\\\/index.php\\\/events\\\/festival-de-teatro-de-el-ejido-2023-hoy-puede-ser-mi-gran-noche\\\/#primaryimage\"},\"image\":{\"@id\":\"https:\\\/\\\/turismo.elejido.es\\\/index.php\\\/events\\\/festival-de-teatro-de-el-ejido-2023-hoy-puede-ser-mi-gran-noche\\\/#primaryimage\"},\"thumbnailUrl\":\"https:\\\/\\\/turismo.elejido.es\\\/wp-content\\\/uploads\\\/2023\\\/04\\\/0511-Hoy-puede-ser-mi-gran-noche-cartel.jpg\",\"datePublished\":\"2023-04-04T09:09:06+00:00\",\"dateModified\":\"2023-04-04T09:09:08+00:00\",\"description\":\"\u00a1La 46 edici\u00f3n del Festival de Teatro de El Ejido ya est\u00e1 aqu\u00ed! Disfruta de la obra \\\"Hoy puede ser mi gran noche\\\" en El Ejido.\",\"breadcrumb\":{\"@id\":\"https:\\\/\\\/turismo.elejido.es\\\/index.php\\\/events\\\/festival-de-teatro-de-el-ejido-2023-hoy-puede-ser-mi-gran-noche\\\/#breadcrumb\"},\"inLanguage\":\"es\",\"potentialAction\":[{\"@type\":\"ReadAction\",\"target\":[\"https:\\\/\\\/turismo.elejido.es\\\/index.php\\\/events\\\/festival-de-teatro-de-el-ejido-2023-hoy-puede-ser-mi-gran-noche\\\/\"]}]},{\"@type\":\"ImageObject\",\"inLanguage\":\"es\",\"@id\":\"https:\\\/\\\/turismo.elejido.es\\\/index.php\\\/events\\\/festival-de-teatro-de-el-ejido-2023-hoy-puede-ser-mi-gran-noche\\\/#primaryimage\",\"url\":\"https:\\\/\\\/turismo.elejido.es\\\/wp-content\\\/uploads\\\/2023\\\/04\\\/0511-Hoy-puede-ser-mi-gran-noche-cartel.jpg\",\"contentUrl\":\"https:\\\/\\\/turismo.elejido.es\\\/wp-content\\\/uploads\\\/2023\\\/04\\\/0511-Hoy-puede-ser-mi-gran-noche-cartel.jpg\",\"width\":842,\"height\":842},{\"@type\":\"BreadcrumbList\",\"@id\":\"https:\\\/\\\/turismo.elejido.es\\\/index.php\\\/events\\\/festival-de-teatro-de-el-ejido-2023-hoy-puede-ser-mi-gran-noche\\\/#breadcrumb\",\"itemListElement\":[{\"@type\":\"ListItem\",\"position\":1,\"name\":\"Inicio\",\"item\":\"https:\\\/\\\/turismo.elejido.es\\\/\"},{\"@type\":\"ListItem\",\"position\":2,\"name\":\"Eventos\",\"item\":\"https:\\\/\\\/turismo.elejido.es\\\/index.php\\\/events\\\/\"},{\"@type\":\"ListItem\",\"position\":3,\"name\":\"Festival de Teatro de El Ejido 2023 &#8211; \u00abHoy puede ser mi gran noche\u00bb\"}]},{\"@type\":\"WebSite\",\"@id\":\"https:\\\/\\\/turismo.elejido.es\\\/#website\",\"url\":\"https:\\\/\\\/turismo.elejido.es\\\/\",\"name\":\"Turismo El Ejido\",\"description\":\"Portal Oficial de Turismo del Municipio de El Ejido, Almerimar y Balerma situado en la costa de Almer\u00eda.\",\"publisher\":{\"@id\":\"https:\\\/\\\/turismo.elejido.es\\\/#organization\"},\"potentialAction\":[{\"@type\":\"SearchAction\",\"target\":{\"@type\":\"EntryPoint\",\"urlTemplate\":\"https:\\\/\\\/turismo.elejido.es\\\/?s={search_term_string}\"},\"query-input\":{\"@type\":\"PropertyValueSpecification\",\"valueRequired\":true,\"valueName\":\"search_term_string\"}}],\"inLanguage\":\"es\"},{\"@type\":\"Organization\",\"@id\":\"https:\\\/\\\/turismo.elejido.es\\\/#organization\",\"name\":\"Turismo El Ejido\",\"url\":\"https:\\\/\\\/turismo.elejido.es\\\/\",\"logo\":{\"@type\":\"ImageObject\",\"inLanguage\":\"es\",\"@id\":\"https:\\\/\\\/turismo.elejido.es\\\/#\\\/schema\\\/logo\\\/image\\\/\",\"url\":\"https:\\\/\\\/turismo.elejido.es\\\/wp-content\\\/uploads\\\/2020\\\/12\\\/elejidoNaranja.png\",\"contentUrl\":\"https:\\\/\\\/turismo.elejido.es\\\/wp-content\\\/uploads\\\/2020\\\/12\\\/elejidoNaranja.png\",\"width\":163,\"height\":92,\"caption\":\"Turismo El Ejido\"},\"image\":{\"@id\":\"https:\\\/\\\/turismo.elejido.es\\\/#\\\/schema\\\/logo\\\/image\\\/\"}}]}<\/script>\n<!-- \/ Yoast SEO plugin. -->","yoast_head_json":{"title":"Festival de Teatro de El Ejido 2023 - \"Hoy puede ser mi gran noche\"","description":"\u00a1La 46 edici\u00f3n del Festival de Teatro de El Ejido ya est\u00e1 aqu\u00ed! Disfruta de la obra \"Hoy puede ser mi gran noche\" en El Ejido.","robots":{"index":"index","follow":"follow","max-snippet":"max-snippet:-1","max-image-preview":"max-image-preview:large","max-video-preview":"max-video-preview:-1"},"canonical":"https:\/\/turismo.elejido.es\/index.php\/events\/festival-de-teatro-de-el-ejido-2023-hoy-puede-ser-mi-gran-noche\/","og_locale":"es_ES","og_type":"article","og_title":"Festival de Teatro de El Ejido 2023 - \"Hoy puede ser mi gran noche\"","og_description":"\u00a1La 46 edici\u00f3n del Festival de Teatro de El Ejido ya est\u00e1 aqu\u00ed! Disfruta de la obra \"Hoy puede ser mi gran noche\" en El Ejido.","og_url":"https:\/\/turismo.elejido.es\/index.php\/events\/festival-de-teatro-de-el-ejido-2023-hoy-puede-ser-mi-gran-noche\/","og_site_name":"Turismo El Ejido","article_modified_time":"2023-04-04T09:09:08+00:00","og_image":[{"width":842,"height":842,"url":"https:\/\/turismo.elejido.es\/wp-content\/uploads\/2023\/04\/0511-Hoy-puede-ser-mi-gran-noche-cartel.jpg","type":"image\/jpeg"}],"twitter_card":"summary_large_image","twitter_misc":{"Tiempo de lectura":"1 minuto"},"schema":{"@context":"https:\/\/schema.org","@graph":[{"@type":"WebPage","@id":"https:\/\/turismo.elejido.es\/index.php\/events\/festival-de-teatro-de-el-ejido-2023-hoy-puede-ser-mi-gran-noche\/","url":"https:\/\/turismo.elejido.es\/index.php\/events\/festival-de-teatro-de-el-ejido-2023-hoy-puede-ser-mi-gran-noche\/","name":"Festival de Teatro de El Ejido 2023 - \"Hoy puede ser mi gran noche\"","isPartOf":{"@id":"https:\/\/turismo.elejido.es\/#website"},"primaryImageOfPage":{"@id":"https:\/\/turismo.elejido.es\/index.php\/events\/festival-de-teatro-de-el-ejido-2023-hoy-puede-ser-mi-gran-noche\/#primaryimage"},"image":{"@id":"https:\/\/turismo.elejido.es\/index.php\/events\/festival-de-teatro-de-el-ejido-2023-hoy-puede-ser-mi-gran-noche\/#primaryimage"},"thumbnailUrl":"https:\/\/turismo.elejido.es\/wp-content\/uploads\/2023\/04\/0511-Hoy-puede-ser-mi-gran-noche-cartel.jpg","datePublished":"2023-04-04T09:09:06+00:00","dateModified":"2023-04-04T09:09:08+00:00","description":"\u00a1La 46 edici\u00f3n del Festival de Teatro de El Ejido ya est\u00e1 aqu\u00ed! Disfruta de la obra \"Hoy puede ser mi gran noche\" en El Ejido.","breadcrumb":{"@id":"https:\/\/turismo.elejido.es\/index.php\/events\/festival-de-teatro-de-el-ejido-2023-hoy-puede-ser-mi-gran-noche\/#breadcrumb"},"inLanguage":"es","potentialAction":[{"@type":"ReadAction","target":["https:\/\/turismo.elejido.es\/index.php\/events\/festival-de-teatro-de-el-ejido-2023-hoy-puede-ser-mi-gran-noche\/"]}]},{"@type":"ImageObject","inLanguage":"es","@id":"https:\/\/turismo.elejido.es\/index.php\/events\/festival-de-teatro-de-el-ejido-2023-hoy-puede-ser-mi-gran-noche\/#primaryimage","url":"https:\/\/turismo.elejido.es\/wp-content\/uploads\/2023\/04\/0511-Hoy-puede-ser-mi-gran-noche-cartel.jpg","contentUrl":"https:\/\/turismo.elejido.es\/wp-content\/uploads\/2023\/04\/0511-Hoy-puede-ser-mi-gran-noche-cartel.jpg","width":842,"height":842},{"@type":"BreadcrumbList","@id":"https:\/\/turismo.elejido.es\/index.php\/events\/festival-de-teatro-de-el-ejido-2023-hoy-puede-ser-mi-gran-noche\/#breadcrumb","itemListElement":[{"@type":"ListItem","position":1,"name":"Inicio","item":"https:\/\/turismo.elejido.es\/"},{"@type":"ListItem","position":2,"name":"Eventos","item":"https:\/\/turismo.elejido.es\/index.php\/events\/"},{"@type":"ListItem","position":3,"name":"Festival de Teatro de El Ejido 2023 &#8211; \u00abHoy puede ser mi gran noche\u00bb"}]},{"@type":"WebSite","@id":"https:\/\/turismo.elejido.es\/#website","url":"https:\/\/turismo.elejido.es\/","name":"Turismo El Ejido","description":"Portal Oficial de Turismo del Municipio de El Ejido, Almerimar y Balerma situado en la costa de Almer\u00eda.","publisher":{"@id":"https:\/\/turismo.elejido.es\/#organization"},"potentialAction":[{"@type":"SearchAction","target":{"@type":"EntryPoint","urlTemplate":"https:\/\/turismo.elejido.es\/?s={search_term_string}"},"query-input":{"@type":"PropertyValueSpecification","valueRequired":true,"valueName":"search_term_string"}}],"inLanguage":"es"},{"@type":"Organization","@id":"https:\/\/turismo.elejido.es\/#organization","name":"Turismo El Ejido","url":"https:\/\/turismo.elejido.es\/","logo":{"@type":"ImageObject","inLanguage":"es","@id":"https:\/\/turismo.elejido.es\/#\/schema\/logo\/image\/","url":"https:\/\/turismo.elejido.es\/wp-content\/uploads\/2020\/12\/elejidoNaranja.png","contentUrl":"https:\/\/turismo.elejido.es\/wp-content\/uploads\/2020\/12\/elejidoNaranja.png","width":163,"height":92,"caption":"Turismo El Ejido"},"image":{"@id":"https:\/\/turismo.elejido.es\/#\/schema\/logo\/image\/"}}]}},"_links":{"self":[{"href":"https:\/\/turismo.elejido.es\/index.php\/wp-json\/wp\/v2\/mec-events\/20710","targetHints":{"allow":["GET"]}}],"collection":[{"href":"https:\/\/turismo.elejido.es\/index.php\/wp-json\/wp\/v2\/mec-events"}],"about":[{"href":"https:\/\/turismo.elejido.es\/index.php\/wp-json\/wp\/v2\/types\/mec-events"}],"author":[{"embeddable":true,"href":"https:\/\/turismo.elejido.es\/index.php\/wp-json\/wp\/v2\/users\/5"}],"replies":[{"embeddable":true,"href":"https:\/\/turismo.elejido.es\/index.php\/wp-json\/wp\/v2\/comments?post=20710"}],"wp:featuredmedia":[{"embeddable":true,"href":"https:\/\/turismo.elejido.es\/index.php\/wp-json\/wp\/v2\/media\/20711"}],"wp:attachment":[{"href":"https:\/\/turismo.elejido.es\/index.php\/wp-json\/wp\/v2\/media?parent=20710"}],"wp:term":[{"taxonomy":"post_tag","embeddable":true,"href":"https:\/\/turismo.elejido.es\/index.php\/wp-json\/wp\/v2\/tags?post=20710"},{"taxonomy":"mec_category","embeddable":true,"href":"https:\/\/turismo.elejido.es\/index.php\/wp-json\/wp\/v2\/mec_category?post=20710"}],"curies":[{"name":"wp","href":"https:\/\/api.w.org\/{rel}","templated":true}]}}