{"id":20732,"date":"2023-04-07T11:35:33","date_gmt":"2023-04-07T09:35:33","guid":{"rendered":"https:\/\/turismo.elejido.es\/?post_type=mec-events&#038;p=20732"},"modified":"2023-04-07T11:35:35","modified_gmt":"2023-04-07T09:35:35","slug":"festival-de-teatro-de-el-ejido-2023-oh-vino","status":"publish","type":"mec-events","link":"https:\/\/turismo.elejido.es\/index.php\/events\/festival-de-teatro-de-el-ejido-2023-oh-vino\/","title":{"rendered":"Festival de Teatro de El Ejido 2023 &#8211; \u00abOh Vino\u00bb"},"content":{"rendered":"\n<div class=\"wp-block-nk-awb nk-awb alturaSlider is-layout-constrained wp-block-nk-awb-is-layout-constrained\"><div class=\"nk-awb-wrap\" data-awb-type=\"image\" data-awb-image-background-size=\"cover\" data-awb-image-background-position=\"52% 32%\" data-awb-parallax=\"scroll\" data-awb-parallax-speed=\"0.5\" data-awb-parallax-mobile=\"false\"><div class=\"nk-awb-inner\"><img loading=\"lazy\" decoding=\"async\" src=\"https:\/\/app.elejido.es\/turismo\/wp-content\/uploads\/2023\/04\/0507-Oh-vino-cartel.jpg\" class=\"wp-image-20733 jarallax-img\" width=\"559\" height=\"559\" srcset=\"https:\/\/turismo.elejido.es\/wp-content\/uploads\/2023\/04\/0507-Oh-vino-cartel.jpg 559w, https:\/\/turismo.elejido.es\/wp-content\/uploads\/2023\/04\/0507-Oh-vino-cartel-500x500.jpg 500w, https:\/\/turismo.elejido.es\/wp-content\/uploads\/2023\/04\/0507-Oh-vino-cartel-150x150.jpg 150w, https:\/\/turismo.elejido.es\/wp-content\/uploads\/2023\/04\/0507-Oh-vino-cartel-300x300.jpg 300w\" sizes=\"auto, (max-width: 559px) 100vw, 559px\" \/><\/div><\/div><\/div>\n\n\n\n<div style=\"height:40px\" aria-hidden=\"true\" class=\"wp-block-spacer\"><\/div>\n\n\n<div class=\"breadcrumbs align  wp-block-bcn-breadcrumb-trail has-text-color has-background\" vocab=\"https:\/\/schema.org\/\" typeof=\"BreadcrumbList\">\n\t<span><\/span>\n\t<span property=\"itemListElement\" typeof=\"ListItem\"><a property=\"item\" typeof=\"WebPage\" title=\"Ir a Turismo El Ejido.\" href=\"https:\/\/turismo.elejido.es\" class=\"home\" aria-current=\"page\"><span property=\"name\">Turismo El Ejido<\/span><\/a><meta property=\"position\" content=\"1\"><\/span><\/div>\n\n\n\n<div style=\"height:50px\" aria-hidden=\"true\" class=\"wp-block-spacer\"><\/div>\n\n\n\n<h1 class=\"wp-block-heading\">Festival de Teatro de El Ejido 2023 &#8211; \u00abOh Vino\u00bb<\/h1>\n\n\n\n<p><img loading=\"lazy\" decoding=\"async\" height=\"16\" width=\"16\" src=\"https:\/\/static.xx.fbcdn.net\/images\/emoji.php\/v9\/t8c\/1\/16\/1f389.png\" alt=\"\ud83c\udf89\">\u00a1La 46 edici\u00f3n del Festival de Teatro de El Ejido ya est\u00e1 aqu\u00ed!<img loading=\"lazy\" decoding=\"async\" height=\"16\" width=\"16\" src=\"https:\/\/static.xx.fbcdn.net\/images\/emoji.php\/v9\/t8c\/1\/16\/1f389.png\" alt=\"\ud83c\udf89\">  <\/p>\n\n\n\n<p>Disfruta de la obra \u00abOh Vino\u00bb en el Centro de Visitantes del Yacimiento de Ciavieja. M\u00e1s informaci\u00f3n y reservas en la web <a href=\"https:\/\/cultura.elejido.es\/?ai1ec_event=fte-2023-la-liquida-teatro-oh-vino-domingo-7-de-mayo\">Cultura El Ejido<\/a>.  <\/p>\n\n\n\n<div style=\"height:56px\" aria-hidden=\"true\" class=\"wp-block-spacer\"><\/div>\n\n\n\n<iframe src=\"https:\/\/www.google.com\/maps\/embed?pb=!1m14!1m8!1m3!1d12783.131999351552!2d-2.8011174!3d36.7757729!3m2!1i1024!2i768!4f13.1!3m3!1m2!1s0xd7042ec781c7635%3A0xe06363c3dc1c6964!2sCentro%20recepci%C3%B3n%20de%20visitantes%20Yacimiento%20Arqueol%C3%B3gico%20%C3%81ngel%20Aguilers%20Alf%C3%A9rez%20(Ciavieja)!5e0!3m2!1ses!2ses!4v1680860053955!5m2!1ses!2ses\" width=\"600\" height=\"450\" style=\"border:0;\" allowfullscreen=\"\" loading=\"lazy\" referrerpolicy=\"no-referrer-when-downgrade\"><\/iframe>\n\n\n\n<div style=\"height:61px\" aria-hidden=\"true\" class=\"wp-block-spacer\"><\/div>\n","protected":false},"excerpt":{"rendered":"<p>Festival de Teatro de El Ejido 2023 &#8211; \u00abOh Vino\u00bb \u00a1La 46 edici\u00f3n del Festival de Teatro de El Ejido ya est\u00e1 aqu\u00ed! Disfruta de la obra \u00abOh Vino\u00bb en el Centro de Visitantes del Yacimiento de Ciavieja. M\u00e1s informaci\u00f3n y reservas en la web Cultura El Ejido.<\/p>\n","protected":false},"author":5,"featured_media":20733,"comment_status":"closed","ping_status":"closed","template":"","tags":[],"mec_category":[101],"class_list":["post-20732","mec-events","type-mec-events","status-publish","has-post-thumbnail","hentry","mec_category-teatro","entry","has-media"],"yoast_head":"<!-- This site is optimized with the Yoast SEO plugin v27.4 - https:\/\/yoast.com\/product\/yoast-seo-wordpress\/ -->\n<title>Festival de Teatro de El Ejido 2023 - &quot;Oh Vino&quot;<\/title>\n<meta name=\"description\" content=\"\u00a1La 46 edici\u00f3n del Festival de Teatro de El Ejido ya est\u00e1 aqu\u00ed! Disfruta de la obra Oh Vino&quot; en el Yacimiento de Ciavieja de El Ejido.\" \/>\n<meta name=\"robots\" content=\"index, follow, max-snippet:-1, max-image-preview:large, max-video-preview:-1\" \/>\n<link rel=\"canonical\" href=\"https:\/\/turismo.elejido.es\/index.php\/events\/festival-de-teatro-de-el-ejido-2023-oh-vino\/\" \/>\n<meta property=\"og:locale\" content=\"es_ES\" \/>\n<meta property=\"og:type\" content=\"article\" \/>\n<meta property=\"og:title\" content=\"Festival de Teatro de El Ejido 2023 - &quot;Oh Vino&quot;\" \/>\n<meta property=\"og:description\" content=\"\u00a1La 46 edici\u00f3n del Festival de Teatro de El Ejido ya est\u00e1 aqu\u00ed! Disfruta de la obra Oh Vino&quot; en el Yacimiento de Ciavieja de El Ejido.\" \/>\n<meta property=\"og:url\" content=\"https:\/\/turismo.elejido.es\/index.php\/events\/festival-de-teatro-de-el-ejido-2023-oh-vino\/\" \/>\n<meta property=\"og:site_name\" content=\"Turismo El Ejido\" \/>\n<meta property=\"article:modified_time\" content=\"2023-04-07T09:35:35+00:00\" \/>\n<meta property=\"og:image\" content=\"https:\/\/turismo.elejido.es\/wp-content\/uploads\/2023\/04\/0507-Oh-vino-cartel.jpg\" \/>\n\t<meta property=\"og:image:width\" content=\"559\" \/>\n\t<meta property=\"og:image:height\" content=\"559\" \/>\n\t<meta property=\"og:image:type\" content=\"image\/jpeg\" \/>\n<meta name=\"twitter:card\" content=\"summary_large_image\" \/>\n<meta name=\"twitter:label1\" content=\"Tiempo de lectura\" \/>\n\t<meta name=\"twitter:data1\" content=\"1 minuto\" \/>\n<script type=\"application\/ld+json\" class=\"yoast-schema-graph\">{\"@context\":\"https:\\\/\\\/schema.org\",\"@graph\":[{\"@type\":\"WebPage\",\"@id\":\"https:\\\/\\\/turismo.elejido.es\\\/index.php\\\/events\\\/festival-de-teatro-de-el-ejido-2023-oh-vino\\\/\",\"url\":\"https:\\\/\\\/turismo.elejido.es\\\/index.php\\\/events\\\/festival-de-teatro-de-el-ejido-2023-oh-vino\\\/\",\"name\":\"Festival de Teatro de El Ejido 2023 - \\\"Oh Vino\\\"\",\"isPartOf\":{\"@id\":\"https:\\\/\\\/turismo.elejido.es\\\/#website\"},\"primaryImageOfPage\":{\"@id\":\"https:\\\/\\\/turismo.elejido.es\\\/index.php\\\/events\\\/festival-de-teatro-de-el-ejido-2023-oh-vino\\\/#primaryimage\"},\"image\":{\"@id\":\"https:\\\/\\\/turismo.elejido.es\\\/index.php\\\/events\\\/festival-de-teatro-de-el-ejido-2023-oh-vino\\\/#primaryimage\"},\"thumbnailUrl\":\"https:\\\/\\\/turismo.elejido.es\\\/wp-content\\\/uploads\\\/2023\\\/04\\\/0507-Oh-vino-cartel.jpg\",\"datePublished\":\"2023-04-07T09:35:33+00:00\",\"dateModified\":\"2023-04-07T09:35:35+00:00\",\"description\":\"\u00a1La 46 edici\u00f3n del Festival de Teatro de El Ejido ya est\u00e1 aqu\u00ed! Disfruta de la obra Oh Vino\\\" en el Yacimiento de Ciavieja de El Ejido.\",\"breadcrumb\":{\"@id\":\"https:\\\/\\\/turismo.elejido.es\\\/index.php\\\/events\\\/festival-de-teatro-de-el-ejido-2023-oh-vino\\\/#breadcrumb\"},\"inLanguage\":\"es\",\"potentialAction\":[{\"@type\":\"ReadAction\",\"target\":[\"https:\\\/\\\/turismo.elejido.es\\\/index.php\\\/events\\\/festival-de-teatro-de-el-ejido-2023-oh-vino\\\/\"]}]},{\"@type\":\"ImageObject\",\"inLanguage\":\"es\",\"@id\":\"https:\\\/\\\/turismo.elejido.es\\\/index.php\\\/events\\\/festival-de-teatro-de-el-ejido-2023-oh-vino\\\/#primaryimage\",\"url\":\"https:\\\/\\\/turismo.elejido.es\\\/wp-content\\\/uploads\\\/2023\\\/04\\\/0507-Oh-vino-cartel.jpg\",\"contentUrl\":\"https:\\\/\\\/turismo.elejido.es\\\/wp-content\\\/uploads\\\/2023\\\/04\\\/0507-Oh-vino-cartel.jpg\",\"width\":559,\"height\":559},{\"@type\":\"BreadcrumbList\",\"@id\":\"https:\\\/\\\/turismo.elejido.es\\\/index.php\\\/events\\\/festival-de-teatro-de-el-ejido-2023-oh-vino\\\/#breadcrumb\",\"itemListElement\":[{\"@type\":\"ListItem\",\"position\":1,\"name\":\"Inicio\",\"item\":\"https:\\\/\\\/turismo.elejido.es\\\/\"},{\"@type\":\"ListItem\",\"position\":2,\"name\":\"Eventos\",\"item\":\"https:\\\/\\\/turismo.elejido.es\\\/index.php\\\/events\\\/\"},{\"@type\":\"ListItem\",\"position\":3,\"name\":\"Festival de Teatro de El Ejido 2023 &#8211; \u00abOh Vino\u00bb\"}]},{\"@type\":\"WebSite\",\"@id\":\"https:\\\/\\\/turismo.elejido.es\\\/#website\",\"url\":\"https:\\\/\\\/turismo.elejido.es\\\/\",\"name\":\"Turismo El Ejido\",\"description\":\"Portal Oficial de Turismo del Municipio de El Ejido, Almerimar y Balerma situado en la costa de Almer\u00eda.\",\"publisher\":{\"@id\":\"https:\\\/\\\/turismo.elejido.es\\\/#organization\"},\"potentialAction\":[{\"@type\":\"SearchAction\",\"target\":{\"@type\":\"EntryPoint\",\"urlTemplate\":\"https:\\\/\\\/turismo.elejido.es\\\/?s={search_term_string}\"},\"query-input\":{\"@type\":\"PropertyValueSpecification\",\"valueRequired\":true,\"valueName\":\"search_term_string\"}}],\"inLanguage\":\"es\"},{\"@type\":\"Organization\",\"@id\":\"https:\\\/\\\/turismo.elejido.es\\\/#organization\",\"name\":\"Turismo El Ejido\",\"url\":\"https:\\\/\\\/turismo.elejido.es\\\/\",\"logo\":{\"@type\":\"ImageObject\",\"inLanguage\":\"es\",\"@id\":\"https:\\\/\\\/turismo.elejido.es\\\/#\\\/schema\\\/logo\\\/image\\\/\",\"url\":\"https:\\\/\\\/turismo.elejido.es\\\/wp-content\\\/uploads\\\/2020\\\/12\\\/elejidoNaranja.png\",\"contentUrl\":\"https:\\\/\\\/turismo.elejido.es\\\/wp-content\\\/uploads\\\/2020\\\/12\\\/elejidoNaranja.png\",\"width\":163,\"height\":92,\"caption\":\"Turismo El Ejido\"},\"image\":{\"@id\":\"https:\\\/\\\/turismo.elejido.es\\\/#\\\/schema\\\/logo\\\/image\\\/\"}}]}<\/script>\n<!-- \/ Yoast SEO plugin. -->","yoast_head_json":{"title":"Festival de Teatro de El Ejido 2023 - \"Oh Vino\"","description":"\u00a1La 46 edici\u00f3n del Festival de Teatro de El Ejido ya est\u00e1 aqu\u00ed! Disfruta de la obra Oh Vino\" en el Yacimiento de Ciavieja de El Ejido.","robots":{"index":"index","follow":"follow","max-snippet":"max-snippet:-1","max-image-preview":"max-image-preview:large","max-video-preview":"max-video-preview:-1"},"canonical":"https:\/\/turismo.elejido.es\/index.php\/events\/festival-de-teatro-de-el-ejido-2023-oh-vino\/","og_locale":"es_ES","og_type":"article","og_title":"Festival de Teatro de El Ejido 2023 - \"Oh Vino\"","og_description":"\u00a1La 46 edici\u00f3n del Festival de Teatro de El Ejido ya est\u00e1 aqu\u00ed! Disfruta de la obra Oh Vino\" en el Yacimiento de Ciavieja de El Ejido.","og_url":"https:\/\/turismo.elejido.es\/index.php\/events\/festival-de-teatro-de-el-ejido-2023-oh-vino\/","og_site_name":"Turismo El Ejido","article_modified_time":"2023-04-07T09:35:35+00:00","og_image":[{"width":559,"height":559,"url":"https:\/\/turismo.elejido.es\/wp-content\/uploads\/2023\/04\/0507-Oh-vino-cartel.jpg","type":"image\/jpeg"}],"twitter_card":"summary_large_image","twitter_misc":{"Tiempo de lectura":"1 minuto"},"schema":{"@context":"https:\/\/schema.org","@graph":[{"@type":"WebPage","@id":"https:\/\/turismo.elejido.es\/index.php\/events\/festival-de-teatro-de-el-ejido-2023-oh-vino\/","url":"https:\/\/turismo.elejido.es\/index.php\/events\/festival-de-teatro-de-el-ejido-2023-oh-vino\/","name":"Festival de Teatro de El Ejido 2023 - \"Oh Vino\"","isPartOf":{"@id":"https:\/\/turismo.elejido.es\/#website"},"primaryImageOfPage":{"@id":"https:\/\/turismo.elejido.es\/index.php\/events\/festival-de-teatro-de-el-ejido-2023-oh-vino\/#primaryimage"},"image":{"@id":"https:\/\/turismo.elejido.es\/index.php\/events\/festival-de-teatro-de-el-ejido-2023-oh-vino\/#primaryimage"},"thumbnailUrl":"https:\/\/turismo.elejido.es\/wp-content\/uploads\/2023\/04\/0507-Oh-vino-cartel.jpg","datePublished":"2023-04-07T09:35:33+00:00","dateModified":"2023-04-07T09:35:35+00:00","description":"\u00a1La 46 edici\u00f3n del Festival de Teatro de El Ejido ya est\u00e1 aqu\u00ed! Disfruta de la obra Oh Vino\" en el Yacimiento de Ciavieja de El Ejido.","breadcrumb":{"@id":"https:\/\/turismo.elejido.es\/index.php\/events\/festival-de-teatro-de-el-ejido-2023-oh-vino\/#breadcrumb"},"inLanguage":"es","potentialAction":[{"@type":"ReadAction","target":["https:\/\/turismo.elejido.es\/index.php\/events\/festival-de-teatro-de-el-ejido-2023-oh-vino\/"]}]},{"@type":"ImageObject","inLanguage":"es","@id":"https:\/\/turismo.elejido.es\/index.php\/events\/festival-de-teatro-de-el-ejido-2023-oh-vino\/#primaryimage","url":"https:\/\/turismo.elejido.es\/wp-content\/uploads\/2023\/04\/0507-Oh-vino-cartel.jpg","contentUrl":"https:\/\/turismo.elejido.es\/wp-content\/uploads\/2023\/04\/0507-Oh-vino-cartel.jpg","width":559,"height":559},{"@type":"BreadcrumbList","@id":"https:\/\/turismo.elejido.es\/index.php\/events\/festival-de-teatro-de-el-ejido-2023-oh-vino\/#breadcrumb","itemListElement":[{"@type":"ListItem","position":1,"name":"Inicio","item":"https:\/\/turismo.elejido.es\/"},{"@type":"ListItem","position":2,"name":"Eventos","item":"https:\/\/turismo.elejido.es\/index.php\/events\/"},{"@type":"ListItem","position":3,"name":"Festival de Teatro de El Ejido 2023 &#8211; \u00abOh Vino\u00bb"}]},{"@type":"WebSite","@id":"https:\/\/turismo.elejido.es\/#website","url":"https:\/\/turismo.elejido.es\/","name":"Turismo El Ejido","description":"Portal Oficial de Turismo del Municipio de El Ejido, Almerimar y Balerma situado en la costa de Almer\u00eda.","publisher":{"@id":"https:\/\/turismo.elejido.es\/#organization"},"potentialAction":[{"@type":"SearchAction","target":{"@type":"EntryPoint","urlTemplate":"https:\/\/turismo.elejido.es\/?s={search_term_string}"},"query-input":{"@type":"PropertyValueSpecification","valueRequired":true,"valueName":"search_term_string"}}],"inLanguage":"es"},{"@type":"Organization","@id":"https:\/\/turismo.elejido.es\/#organization","name":"Turismo El Ejido","url":"https:\/\/turismo.elejido.es\/","logo":{"@type":"ImageObject","inLanguage":"es","@id":"https:\/\/turismo.elejido.es\/#\/schema\/logo\/image\/","url":"https:\/\/turismo.elejido.es\/wp-content\/uploads\/2020\/12\/elejidoNaranja.png","contentUrl":"https:\/\/turismo.elejido.es\/wp-content\/uploads\/2020\/12\/elejidoNaranja.png","width":163,"height":92,"caption":"Turismo El Ejido"},"image":{"@id":"https:\/\/turismo.elejido.es\/#\/schema\/logo\/image\/"}}]}},"_links":{"self":[{"href":"https:\/\/turismo.elejido.es\/index.php\/wp-json\/wp\/v2\/mec-events\/20732","targetHints":{"allow":["GET"]}}],"collection":[{"href":"https:\/\/turismo.elejido.es\/index.php\/wp-json\/wp\/v2\/mec-events"}],"about":[{"href":"https:\/\/turismo.elejido.es\/index.php\/wp-json\/wp\/v2\/types\/mec-events"}],"author":[{"embeddable":true,"href":"https:\/\/turismo.elejido.es\/index.php\/wp-json\/wp\/v2\/users\/5"}],"replies":[{"embeddable":true,"href":"https:\/\/turismo.elejido.es\/index.php\/wp-json\/wp\/v2\/comments?post=20732"}],"wp:featuredmedia":[{"embeddable":true,"href":"https:\/\/turismo.elejido.es\/index.php\/wp-json\/wp\/v2\/media\/20733"}],"wp:attachment":[{"href":"https:\/\/turismo.elejido.es\/index.php\/wp-json\/wp\/v2\/media?parent=20732"}],"wp:term":[{"taxonomy":"post_tag","embeddable":true,"href":"https:\/\/turismo.elejido.es\/index.php\/wp-json\/wp\/v2\/tags?post=20732"},{"taxonomy":"mec_category","embeddable":true,"href":"https:\/\/turismo.elejido.es\/index.php\/wp-json\/wp\/v2\/mec_category?post=20732"}],"curies":[{"name":"wp","href":"https:\/\/api.w.org\/{rel}","templated":true}]}}