{"id":20897,"date":"2023-04-19T10:49:17","date_gmt":"2023-04-19T08:49:17","guid":{"rendered":"https:\/\/turismo.elejido.es\/?post_type=mec-events&#038;p=20897"},"modified":"2023-04-20T14:46:26","modified_gmt":"2023-04-20T12:46:26","slug":"haz-un-dibujo-para-mama","status":"publish","type":"mec-events","link":"https:\/\/turismo.elejido.es\/index.php\/events\/haz-un-dibujo-para-mama\/","title":{"rendered":"Haz tu dibujo para mam\u00e1"},"content":{"rendered":"\n<div class=\"wp-block-nk-awb nk-awb alturaSlider is-layout-constrained wp-block-nk-awb-is-layout-constrained\"><div class=\"nk-awb-wrap\" data-awb-type=\"image\" data-awb-image-background-size=\"cover\" data-awb-image-background-position=\"48% 77%\" data-awb-parallax=\"scroll\" data-awb-parallax-speed=\"0.5\" data-awb-parallax-mobile=\"false\"><div class=\"nk-awb-inner\"><img loading=\"lazy\" decoding=\"async\" src=\"https:\/\/app.elejido.es\/turismo\/wp-content\/uploads\/2023\/04\/has-un-dibujo-a-tu-mama.png\" class=\"wp-image-20898 jarallax-img\" width=\"1586\" height=\"1586\" srcset=\"https:\/\/turismo.elejido.es\/wp-content\/uploads\/2023\/04\/has-un-dibujo-a-tu-mama.png 1586w, https:\/\/turismo.elejido.es\/wp-content\/uploads\/2023\/04\/has-un-dibujo-a-tu-mama-500x500.png 500w, https:\/\/turismo.elejido.es\/wp-content\/uploads\/2023\/04\/has-un-dibujo-a-tu-mama-1080x1080.png 1080w, https:\/\/turismo.elejido.es\/wp-content\/uploads\/2023\/04\/has-un-dibujo-a-tu-mama-150x150.png 150w, https:\/\/turismo.elejido.es\/wp-content\/uploads\/2023\/04\/has-un-dibujo-a-tu-mama-768x768.png 768w, https:\/\/turismo.elejido.es\/wp-content\/uploads\/2023\/04\/has-un-dibujo-a-tu-mama-300x300.png 300w, https:\/\/turismo.elejido.es\/wp-content\/uploads\/2023\/04\/has-un-dibujo-a-tu-mama-1536x1536.png 1536w, https:\/\/turismo.elejido.es\/wp-content\/uploads\/2023\/04\/has-un-dibujo-a-tu-mama-800x800.png 800w, https:\/\/turismo.elejido.es\/wp-content\/uploads\/2023\/04\/has-un-dibujo-a-tu-mama-1280x1280.png 1280w, https:\/\/turismo.elejido.es\/wp-content\/uploads\/2023\/04\/has-un-dibujo-a-tu-mama-600x600.png 600w\" sizes=\"auto, (max-width: 1586px) 100vw, 1586px\" \/><\/div><\/div><\/div>\n\n\n\n<div style=\"height:40px\" aria-hidden=\"true\" class=\"wp-block-spacer\"><\/div>\n\n\n<div class=\"breadcrumbs align  wp-block-bcn-breadcrumb-trail has-text-color has-background\" vocab=\"https:\/\/schema.org\/\" typeof=\"BreadcrumbList\">\n\t<span><\/span>\n\t<span property=\"itemListElement\" typeof=\"ListItem\"><a property=\"item\" typeof=\"WebPage\" title=\"Ir a Turismo El Ejido.\" href=\"https:\/\/turismo.elejido.es\" class=\"home\" aria-current=\"page\"><span property=\"name\">Turismo El Ejido<\/span><\/a><meta property=\"position\" content=\"1\"><\/span><\/div>\n\n\n\n<div style=\"height:50px\" aria-hidden=\"true\" class=\"wp-block-spacer\"><\/div>\n\n\n\n<h1 class=\"wp-block-heading\">HAZ TU DIBUJO PARA MAM\u00c1<\/h1>\n\n\n\n<p>Disfruta de una gran variedad de talleres, animaci\u00f3n infantil, m\u00fasica y muchas sorpresas m\u00e1s. <\/p>\n\n\n\n<p><\/p>\n\n\n\n<div style=\"height:56px\" aria-hidden=\"true\" class=\"wp-block-spacer\"><\/div>\n","protected":false},"excerpt":{"rendered":"<p>HAZ TU DIBUJO PARA MAM\u00c1 Disfruta de una gran variedad de talleres, animaci\u00f3n infantil, m\u00fasica y muchas sorpresas m\u00e1s.<\/p>\n","protected":false},"author":5,"featured_media":20898,"comment_status":"closed","ping_status":"closed","template":"","tags":[],"mec_category":[774],"class_list":["post-20897","mec-events","type-mec-events","status-publish","has-post-thumbnail","hentry","mec_category-ocio-es","entry","has-media"],"yoast_head":"<!-- This site is optimized with the Yoast SEO plugin v27.4 - https:\/\/yoast.com\/product\/yoast-seo-wordpress\/ -->\n<title>Haz tu dibujo para mam\u00e1<\/title>\n<meta name=\"description\" content=\"Divi\u00e9rtete en el talle de &quot;Haz un dibujo para mam\u00e1&quot; y deja volar la imaginaci\u00f3n. Habr\u00e1 talleres, animaci\u00f3n infantil y mucho m\u00e1s.\" \/>\n<meta name=\"robots\" content=\"index, follow, max-snippet:-1, max-image-preview:large, max-video-preview:-1\" \/>\n<link rel=\"canonical\" href=\"https:\/\/turismo.elejido.es\/index.php\/events\/haz-un-dibujo-para-mama\/\" \/>\n<meta property=\"og:locale\" content=\"es_ES\" \/>\n<meta property=\"og:type\" content=\"article\" \/>\n<meta property=\"og:title\" content=\"Haz tu dibujo para mam\u00e1\" \/>\n<meta property=\"og:description\" content=\"Divi\u00e9rtete en el talle de &quot;Haz un dibujo para mam\u00e1&quot; y deja volar la imaginaci\u00f3n. Habr\u00e1 talleres, animaci\u00f3n infantil y mucho m\u00e1s.\" \/>\n<meta property=\"og:url\" content=\"https:\/\/turismo.elejido.es\/index.php\/events\/haz-un-dibujo-para-mama\/\" \/>\n<meta property=\"og:site_name\" content=\"Turismo El Ejido\" \/>\n<meta property=\"article:modified_time\" content=\"2023-04-20T12:46:26+00:00\" \/>\n<meta property=\"og:image\" content=\"https:\/\/turismo.elejido.es\/wp-content\/uploads\/2023\/04\/has-un-dibujo-a-tu-mama.png\" \/>\n\t<meta property=\"og:image:width\" content=\"1586\" \/>\n\t<meta property=\"og:image:height\" content=\"1586\" \/>\n\t<meta property=\"og:image:type\" content=\"image\/png\" \/>\n<meta name=\"twitter:card\" content=\"summary_large_image\" \/>\n<meta name=\"twitter:label1\" content=\"Tiempo de lectura\" \/>\n\t<meta name=\"twitter:data1\" content=\"1 minuto\" \/>\n<script type=\"application\/ld+json\" class=\"yoast-schema-graph\">{\"@context\":\"https:\\\/\\\/schema.org\",\"@graph\":[{\"@type\":\"WebPage\",\"@id\":\"https:\\\/\\\/turismo.elejido.es\\\/index.php\\\/events\\\/haz-un-dibujo-para-mama\\\/\",\"url\":\"https:\\\/\\\/turismo.elejido.es\\\/index.php\\\/events\\\/haz-un-dibujo-para-mama\\\/\",\"name\":\"Haz tu dibujo para mam\u00e1\",\"isPartOf\":{\"@id\":\"https:\\\/\\\/turismo.elejido.es\\\/#website\"},\"primaryImageOfPage\":{\"@id\":\"https:\\\/\\\/turismo.elejido.es\\\/index.php\\\/events\\\/haz-un-dibujo-para-mama\\\/#primaryimage\"},\"image\":{\"@id\":\"https:\\\/\\\/turismo.elejido.es\\\/index.php\\\/events\\\/haz-un-dibujo-para-mama\\\/#primaryimage\"},\"thumbnailUrl\":\"https:\\\/\\\/turismo.elejido.es\\\/wp-content\\\/uploads\\\/2023\\\/04\\\/has-un-dibujo-a-tu-mama.png\",\"datePublished\":\"2023-04-19T08:49:17+00:00\",\"dateModified\":\"2023-04-20T12:46:26+00:00\",\"description\":\"Divi\u00e9rtete en el talle de \\\"Haz un dibujo para mam\u00e1\\\" y deja volar la imaginaci\u00f3n. Habr\u00e1 talleres, animaci\u00f3n infantil y mucho m\u00e1s.\",\"breadcrumb\":{\"@id\":\"https:\\\/\\\/turismo.elejido.es\\\/index.php\\\/events\\\/haz-un-dibujo-para-mama\\\/#breadcrumb\"},\"inLanguage\":\"es\",\"potentialAction\":[{\"@type\":\"ReadAction\",\"target\":[\"https:\\\/\\\/turismo.elejido.es\\\/index.php\\\/events\\\/haz-un-dibujo-para-mama\\\/\"]}]},{\"@type\":\"ImageObject\",\"inLanguage\":\"es\",\"@id\":\"https:\\\/\\\/turismo.elejido.es\\\/index.php\\\/events\\\/haz-un-dibujo-para-mama\\\/#primaryimage\",\"url\":\"https:\\\/\\\/turismo.elejido.es\\\/wp-content\\\/uploads\\\/2023\\\/04\\\/has-un-dibujo-a-tu-mama.png\",\"contentUrl\":\"https:\\\/\\\/turismo.elejido.es\\\/wp-content\\\/uploads\\\/2023\\\/04\\\/has-un-dibujo-a-tu-mama.png\",\"width\":1586,\"height\":1586},{\"@type\":\"BreadcrumbList\",\"@id\":\"https:\\\/\\\/turismo.elejido.es\\\/index.php\\\/events\\\/haz-un-dibujo-para-mama\\\/#breadcrumb\",\"itemListElement\":[{\"@type\":\"ListItem\",\"position\":1,\"name\":\"Inicio\",\"item\":\"https:\\\/\\\/turismo.elejido.es\\\/\"},{\"@type\":\"ListItem\",\"position\":2,\"name\":\"Eventos\",\"item\":\"https:\\\/\\\/turismo.elejido.es\\\/index.php\\\/events\\\/\"},{\"@type\":\"ListItem\",\"position\":3,\"name\":\"Haz tu dibujo para mam\u00e1\"}]},{\"@type\":\"WebSite\",\"@id\":\"https:\\\/\\\/turismo.elejido.es\\\/#website\",\"url\":\"https:\\\/\\\/turismo.elejido.es\\\/\",\"name\":\"Turismo El Ejido\",\"description\":\"Portal Oficial de Turismo del Municipio de El Ejido, Almerimar y Balerma situado en la costa de Almer\u00eda.\",\"publisher\":{\"@id\":\"https:\\\/\\\/turismo.elejido.es\\\/#organization\"},\"potentialAction\":[{\"@type\":\"SearchAction\",\"target\":{\"@type\":\"EntryPoint\",\"urlTemplate\":\"https:\\\/\\\/turismo.elejido.es\\\/?s={search_term_string}\"},\"query-input\":{\"@type\":\"PropertyValueSpecification\",\"valueRequired\":true,\"valueName\":\"search_term_string\"}}],\"inLanguage\":\"es\"},{\"@type\":\"Organization\",\"@id\":\"https:\\\/\\\/turismo.elejido.es\\\/#organization\",\"name\":\"Turismo El Ejido\",\"url\":\"https:\\\/\\\/turismo.elejido.es\\\/\",\"logo\":{\"@type\":\"ImageObject\",\"inLanguage\":\"es\",\"@id\":\"https:\\\/\\\/turismo.elejido.es\\\/#\\\/schema\\\/logo\\\/image\\\/\",\"url\":\"https:\\\/\\\/turismo.elejido.es\\\/wp-content\\\/uploads\\\/2020\\\/12\\\/elejidoNaranja.png\",\"contentUrl\":\"https:\\\/\\\/turismo.elejido.es\\\/wp-content\\\/uploads\\\/2020\\\/12\\\/elejidoNaranja.png\",\"width\":163,\"height\":92,\"caption\":\"Turismo El Ejido\"},\"image\":{\"@id\":\"https:\\\/\\\/turismo.elejido.es\\\/#\\\/schema\\\/logo\\\/image\\\/\"}}]}<\/script>\n<!-- \/ Yoast SEO plugin. -->","yoast_head_json":{"title":"Haz tu dibujo para mam\u00e1","description":"Divi\u00e9rtete en el talle de \"Haz un dibujo para mam\u00e1\" y deja volar la imaginaci\u00f3n. Habr\u00e1 talleres, animaci\u00f3n infantil y mucho m\u00e1s.","robots":{"index":"index","follow":"follow","max-snippet":"max-snippet:-1","max-image-preview":"max-image-preview:large","max-video-preview":"max-video-preview:-1"},"canonical":"https:\/\/turismo.elejido.es\/index.php\/events\/haz-un-dibujo-para-mama\/","og_locale":"es_ES","og_type":"article","og_title":"Haz tu dibujo para mam\u00e1","og_description":"Divi\u00e9rtete en el talle de \"Haz un dibujo para mam\u00e1\" y deja volar la imaginaci\u00f3n. Habr\u00e1 talleres, animaci\u00f3n infantil y mucho m\u00e1s.","og_url":"https:\/\/turismo.elejido.es\/index.php\/events\/haz-un-dibujo-para-mama\/","og_site_name":"Turismo El Ejido","article_modified_time":"2023-04-20T12:46:26+00:00","og_image":[{"width":1586,"height":1586,"url":"https:\/\/turismo.elejido.es\/wp-content\/uploads\/2023\/04\/has-un-dibujo-a-tu-mama.png","type":"image\/png"}],"twitter_card":"summary_large_image","twitter_misc":{"Tiempo de lectura":"1 minuto"},"schema":{"@context":"https:\/\/schema.org","@graph":[{"@type":"WebPage","@id":"https:\/\/turismo.elejido.es\/index.php\/events\/haz-un-dibujo-para-mama\/","url":"https:\/\/turismo.elejido.es\/index.php\/events\/haz-un-dibujo-para-mama\/","name":"Haz tu dibujo para mam\u00e1","isPartOf":{"@id":"https:\/\/turismo.elejido.es\/#website"},"primaryImageOfPage":{"@id":"https:\/\/turismo.elejido.es\/index.php\/events\/haz-un-dibujo-para-mama\/#primaryimage"},"image":{"@id":"https:\/\/turismo.elejido.es\/index.php\/events\/haz-un-dibujo-para-mama\/#primaryimage"},"thumbnailUrl":"https:\/\/turismo.elejido.es\/wp-content\/uploads\/2023\/04\/has-un-dibujo-a-tu-mama.png","datePublished":"2023-04-19T08:49:17+00:00","dateModified":"2023-04-20T12:46:26+00:00","description":"Divi\u00e9rtete en el talle de \"Haz un dibujo para mam\u00e1\" y deja volar la imaginaci\u00f3n. Habr\u00e1 talleres, animaci\u00f3n infantil y mucho m\u00e1s.","breadcrumb":{"@id":"https:\/\/turismo.elejido.es\/index.php\/events\/haz-un-dibujo-para-mama\/#breadcrumb"},"inLanguage":"es","potentialAction":[{"@type":"ReadAction","target":["https:\/\/turismo.elejido.es\/index.php\/events\/haz-un-dibujo-para-mama\/"]}]},{"@type":"ImageObject","inLanguage":"es","@id":"https:\/\/turismo.elejido.es\/index.php\/events\/haz-un-dibujo-para-mama\/#primaryimage","url":"https:\/\/turismo.elejido.es\/wp-content\/uploads\/2023\/04\/has-un-dibujo-a-tu-mama.png","contentUrl":"https:\/\/turismo.elejido.es\/wp-content\/uploads\/2023\/04\/has-un-dibujo-a-tu-mama.png","width":1586,"height":1586},{"@type":"BreadcrumbList","@id":"https:\/\/turismo.elejido.es\/index.php\/events\/haz-un-dibujo-para-mama\/#breadcrumb","itemListElement":[{"@type":"ListItem","position":1,"name":"Inicio","item":"https:\/\/turismo.elejido.es\/"},{"@type":"ListItem","position":2,"name":"Eventos","item":"https:\/\/turismo.elejido.es\/index.php\/events\/"},{"@type":"ListItem","position":3,"name":"Haz tu dibujo para mam\u00e1"}]},{"@type":"WebSite","@id":"https:\/\/turismo.elejido.es\/#website","url":"https:\/\/turismo.elejido.es\/","name":"Turismo El Ejido","description":"Portal Oficial de Turismo del Municipio de El Ejido, Almerimar y Balerma situado en la costa de Almer\u00eda.","publisher":{"@id":"https:\/\/turismo.elejido.es\/#organization"},"potentialAction":[{"@type":"SearchAction","target":{"@type":"EntryPoint","urlTemplate":"https:\/\/turismo.elejido.es\/?s={search_term_string}"},"query-input":{"@type":"PropertyValueSpecification","valueRequired":true,"valueName":"search_term_string"}}],"inLanguage":"es"},{"@type":"Organization","@id":"https:\/\/turismo.elejido.es\/#organization","name":"Turismo El Ejido","url":"https:\/\/turismo.elejido.es\/","logo":{"@type":"ImageObject","inLanguage":"es","@id":"https:\/\/turismo.elejido.es\/#\/schema\/logo\/image\/","url":"https:\/\/turismo.elejido.es\/wp-content\/uploads\/2020\/12\/elejidoNaranja.png","contentUrl":"https:\/\/turismo.elejido.es\/wp-content\/uploads\/2020\/12\/elejidoNaranja.png","width":163,"height":92,"caption":"Turismo El Ejido"},"image":{"@id":"https:\/\/turismo.elejido.es\/#\/schema\/logo\/image\/"}}]}},"_links":{"self":[{"href":"https:\/\/turismo.elejido.es\/index.php\/wp-json\/wp\/v2\/mec-events\/20897","targetHints":{"allow":["GET"]}}],"collection":[{"href":"https:\/\/turismo.elejido.es\/index.php\/wp-json\/wp\/v2\/mec-events"}],"about":[{"href":"https:\/\/turismo.elejido.es\/index.php\/wp-json\/wp\/v2\/types\/mec-events"}],"author":[{"embeddable":true,"href":"https:\/\/turismo.elejido.es\/index.php\/wp-json\/wp\/v2\/users\/5"}],"replies":[{"embeddable":true,"href":"https:\/\/turismo.elejido.es\/index.php\/wp-json\/wp\/v2\/comments?post=20897"}],"wp:featuredmedia":[{"embeddable":true,"href":"https:\/\/turismo.elejido.es\/index.php\/wp-json\/wp\/v2\/media\/20898"}],"wp:attachment":[{"href":"https:\/\/turismo.elejido.es\/index.php\/wp-json\/wp\/v2\/media?parent=20897"}],"wp:term":[{"taxonomy":"post_tag","embeddable":true,"href":"https:\/\/turismo.elejido.es\/index.php\/wp-json\/wp\/v2\/tags?post=20897"},{"taxonomy":"mec_category","embeddable":true,"href":"https:\/\/turismo.elejido.es\/index.php\/wp-json\/wp\/v2\/mec_category?post=20897"}],"curies":[{"name":"wp","href":"https:\/\/api.w.org\/{rel}","templated":true}]}}