{"id":20915,"date":"2023-04-21T10:37:05","date_gmt":"2023-04-21T08:37:05","guid":{"rendered":"https:\/\/turismo.elejido.es\/?post_type=mec-events&#038;p=20915"},"modified":"2023-04-21T11:28:59","modified_gmt":"2023-04-21T09:28:59","slug":"club-del-rio-el-ejido-al-natural","status":"publish","type":"mec-events","link":"https:\/\/turismo.elejido.es\/index.php\/events\/club-del-rio-el-ejido-al-natural\/","title":{"rendered":"Club del r\u00edo &#8211; En concierto \u00abEl Ejido al natural\u00bb"},"content":{"rendered":"\n<div class=\"wp-block-nk-awb nk-awb alturaSlider is-layout-constrained wp-block-nk-awb-is-layout-constrained\"><div class=\"nk-awb-wrap\" data-awb-type=\"image\" data-awb-image-background-size=\"cover\" data-awb-image-background-position=\"49% 78%\" data-awb-parallax=\"scroll\" data-awb-parallax-speed=\"0.5\" data-awb-parallax-mobile=\"false\"><div class=\"nk-awb-inner\"><img loading=\"lazy\" decoding=\"async\" src=\"https:\/\/app.elejido.es\/turismo\/wp-content\/uploads\/2023\/04\/05-27-EEAN-Club-del-rio.jpg\" class=\"wp-image-20916 jarallax-img\" width=\"1080\" height=\"1080\" srcset=\"https:\/\/turismo.elejido.es\/wp-content\/uploads\/2023\/04\/05-27-EEAN-Club-del-rio.jpg 1080w, https:\/\/turismo.elejido.es\/wp-content\/uploads\/2023\/04\/05-27-EEAN-Club-del-rio-500x500.jpg 500w, https:\/\/turismo.elejido.es\/wp-content\/uploads\/2023\/04\/05-27-EEAN-Club-del-rio-150x150.jpg 150w, https:\/\/turismo.elejido.es\/wp-content\/uploads\/2023\/04\/05-27-EEAN-Club-del-rio-768x768.jpg 768w, https:\/\/turismo.elejido.es\/wp-content\/uploads\/2023\/04\/05-27-EEAN-Club-del-rio-300x300.jpg 300w, https:\/\/turismo.elejido.es\/wp-content\/uploads\/2023\/04\/05-27-EEAN-Club-del-rio-800x800.jpg 800w, https:\/\/turismo.elejido.es\/wp-content\/uploads\/2023\/04\/05-27-EEAN-Club-del-rio-600x600.jpg 600w\" sizes=\"auto, (max-width: 1080px) 100vw, 1080px\" \/><\/div><\/div><\/div>\n\n\n\n<div style=\"height:40px\" aria-hidden=\"true\" class=\"wp-block-spacer\"><\/div>\n\n\n<div class=\"breadcrumbs align  wp-block-bcn-breadcrumb-trail has-text-color has-background\" vocab=\"https:\/\/schema.org\/\" typeof=\"BreadcrumbList\">\n\t<span><\/span>\n\t<span property=\"itemListElement\" typeof=\"ListItem\"><a property=\"item\" typeof=\"WebPage\" title=\"Ir a Turismo El Ejido.\" href=\"https:\/\/turismo.elejido.es\" class=\"home\" aria-current=\"page\"><span property=\"name\">Turismo El Ejido<\/span><\/a><meta property=\"position\" content=\"1\"><\/span><\/div>\n\n\n\n<div style=\"height:50px\" aria-hidden=\"true\" class=\"wp-block-spacer\"><\/div>\n\n\n\n<h1 class=\"wp-block-heading\">Club del r\u00edo &#8211; En concierto \u00abEl Ejido al natural\u00bb<\/h1>\n\n\n\n<p>\u00abEl Ejido al natural\u00bb trae en concierto al Club del R\u00edo. <\/p>\n\n\n\n<p>Disfruta del concierto el s\u00e1bado 27 de mayo el grupo llega para ofrecer un concierto al aire libre a las 20:00h en el Campo de Rugby de Almerimar. M\u00e1s informaci\u00f3n en <a href=\"https:\/\/cultura.elejido.es\/?ai1ec_event=fte-2023-club-del-rio-en-concierto-el-ejido-al-natural-sabado-27-de-mayo\">Cultura El Ejido<\/a>.<\/p>\n\n\n\n<div style=\"height:56px\" aria-hidden=\"true\" class=\"wp-block-spacer\"><\/div>\n\n\n\n<iframe src=\"https:\/\/www.google.com\/maps\/embed?pb=!1m14!1m8!1m3!1d12795.555742342933!2d-2.7944108!3d36.7012067!3m2!1i1024!2i768!4f13.1!3m3!1m2!1s0xd705d9ec940855b%3A0x46e79f3c485fcfb6!2sCampo%20de%20Rugby%20Almerimar!5e0!3m2!1ses!2ses!4v1682066072615!5m2!1ses!2ses\" width=\"600\" height=\"450\" style=\"border:0;\" allowfullscreen=\"\" loading=\"lazy\" referrerpolicy=\"no-referrer-when-downgrade\"><\/iframe>\n\n\n\n<div style=\"height:61px\" aria-hidden=\"true\" class=\"wp-block-spacer\"><\/div>\n","protected":false},"excerpt":{"rendered":"<p>Club del r\u00edo &#8211; En concierto \u00abEl Ejido al natural\u00bb \u00abEl Ejido al natural\u00bb trae en concierto al Club del R\u00edo. Disfruta del concierto el s\u00e1bado 27 de mayo el grupo llega para ofrecer un concierto al aire libre a las 20:00h en el Campo de Rugby de Almerimar. M\u00e1s informaci\u00f3n en Cultura El Ejido.<\/p>\n","protected":false},"author":5,"featured_media":20916,"comment_status":"closed","ping_status":"closed","template":"","tags":[],"mec_category":[103],"class_list":["post-20915","mec-events","type-mec-events","status-publish","has-post-thumbnail","hentry","mec_category-musica","entry","has-media"],"yoast_head":"<!-- This site is optimized with the Yoast SEO plugin v27.4 - https:\/\/yoast.com\/product\/yoast-seo-wordpress\/ -->\n<title>Club del r\u00edo - En concierto &quot;El Ejido al natural&quot;<\/title>\n<meta name=\"description\" content=\"Disfruta del Club del R\u00edo en concierto. El d\u00eda 27 de mayo el grupo ofrecer\u00e1 un concierto al aire libre a las 20:00h\" \/>\n<meta name=\"robots\" content=\"index, follow, max-snippet:-1, max-image-preview:large, max-video-preview:-1\" \/>\n<link rel=\"canonical\" href=\"https:\/\/turismo.elejido.es\/index.php\/events\/club-del-rio-el-ejido-al-natural\/\" \/>\n<meta property=\"og:locale\" content=\"es_ES\" \/>\n<meta property=\"og:type\" content=\"article\" \/>\n<meta property=\"og:title\" content=\"Club del r\u00edo - En concierto &quot;El Ejido al natural&quot;\" \/>\n<meta property=\"og:description\" content=\"Disfruta del Club del R\u00edo en concierto. El d\u00eda 27 de mayo el grupo ofrecer\u00e1 un concierto al aire libre a las 20:00h\" \/>\n<meta property=\"og:url\" content=\"https:\/\/turismo.elejido.es\/index.php\/events\/club-del-rio-el-ejido-al-natural\/\" \/>\n<meta property=\"og:site_name\" content=\"Turismo El Ejido\" \/>\n<meta property=\"article:modified_time\" content=\"2023-04-21T09:28:59+00:00\" \/>\n<meta property=\"og:image\" content=\"https:\/\/turismo.elejido.es\/wp-content\/uploads\/2023\/04\/05-27-EEAN-Club-del-rio.jpg\" \/>\n\t<meta property=\"og:image:width\" content=\"1080\" \/>\n\t<meta property=\"og:image:height\" content=\"1080\" \/>\n\t<meta property=\"og:image:type\" content=\"image\/jpeg\" \/>\n<meta name=\"twitter:card\" content=\"summary_large_image\" \/>\n<meta name=\"twitter:label1\" content=\"Tiempo de lectura\" \/>\n\t<meta name=\"twitter:data1\" content=\"1 minuto\" \/>\n<script type=\"application\/ld+json\" class=\"yoast-schema-graph\">{\"@context\":\"https:\\\/\\\/schema.org\",\"@graph\":[{\"@type\":\"WebPage\",\"@id\":\"https:\\\/\\\/turismo.elejido.es\\\/index.php\\\/events\\\/club-del-rio-el-ejido-al-natural\\\/\",\"url\":\"https:\\\/\\\/turismo.elejido.es\\\/index.php\\\/events\\\/club-del-rio-el-ejido-al-natural\\\/\",\"name\":\"Club del r\u00edo - En concierto \\\"El Ejido al natural\\\"\",\"isPartOf\":{\"@id\":\"https:\\\/\\\/turismo.elejido.es\\\/#website\"},\"primaryImageOfPage\":{\"@id\":\"https:\\\/\\\/turismo.elejido.es\\\/index.php\\\/events\\\/club-del-rio-el-ejido-al-natural\\\/#primaryimage\"},\"image\":{\"@id\":\"https:\\\/\\\/turismo.elejido.es\\\/index.php\\\/events\\\/club-del-rio-el-ejido-al-natural\\\/#primaryimage\"},\"thumbnailUrl\":\"https:\\\/\\\/turismo.elejido.es\\\/wp-content\\\/uploads\\\/2023\\\/04\\\/05-27-EEAN-Club-del-rio.jpg\",\"datePublished\":\"2023-04-21T08:37:05+00:00\",\"dateModified\":\"2023-04-21T09:28:59+00:00\",\"description\":\"Disfruta del Club del R\u00edo en concierto. El d\u00eda 27 de mayo el grupo ofrecer\u00e1 un concierto al aire libre a las 20:00h\",\"breadcrumb\":{\"@id\":\"https:\\\/\\\/turismo.elejido.es\\\/index.php\\\/events\\\/club-del-rio-el-ejido-al-natural\\\/#breadcrumb\"},\"inLanguage\":\"es\",\"potentialAction\":[{\"@type\":\"ReadAction\",\"target\":[\"https:\\\/\\\/turismo.elejido.es\\\/index.php\\\/events\\\/club-del-rio-el-ejido-al-natural\\\/\"]}]},{\"@type\":\"ImageObject\",\"inLanguage\":\"es\",\"@id\":\"https:\\\/\\\/turismo.elejido.es\\\/index.php\\\/events\\\/club-del-rio-el-ejido-al-natural\\\/#primaryimage\",\"url\":\"https:\\\/\\\/turismo.elejido.es\\\/wp-content\\\/uploads\\\/2023\\\/04\\\/05-27-EEAN-Club-del-rio.jpg\",\"contentUrl\":\"https:\\\/\\\/turismo.elejido.es\\\/wp-content\\\/uploads\\\/2023\\\/04\\\/05-27-EEAN-Club-del-rio.jpg\",\"width\":1080,\"height\":1080},{\"@type\":\"BreadcrumbList\",\"@id\":\"https:\\\/\\\/turismo.elejido.es\\\/index.php\\\/events\\\/club-del-rio-el-ejido-al-natural\\\/#breadcrumb\",\"itemListElement\":[{\"@type\":\"ListItem\",\"position\":1,\"name\":\"Inicio\",\"item\":\"https:\\\/\\\/turismo.elejido.es\\\/\"},{\"@type\":\"ListItem\",\"position\":2,\"name\":\"Eventos\",\"item\":\"https:\\\/\\\/turismo.elejido.es\\\/index.php\\\/events\\\/\"},{\"@type\":\"ListItem\",\"position\":3,\"name\":\"Club del r\u00edo &#8211; En concierto \u00abEl Ejido al natural\u00bb\"}]},{\"@type\":\"WebSite\",\"@id\":\"https:\\\/\\\/turismo.elejido.es\\\/#website\",\"url\":\"https:\\\/\\\/turismo.elejido.es\\\/\",\"name\":\"Turismo El Ejido\",\"description\":\"Portal Oficial de Turismo del Municipio de El Ejido, Almerimar y Balerma situado en la costa de Almer\u00eda.\",\"publisher\":{\"@id\":\"https:\\\/\\\/turismo.elejido.es\\\/#organization\"},\"potentialAction\":[{\"@type\":\"SearchAction\",\"target\":{\"@type\":\"EntryPoint\",\"urlTemplate\":\"https:\\\/\\\/turismo.elejido.es\\\/?s={search_term_string}\"},\"query-input\":{\"@type\":\"PropertyValueSpecification\",\"valueRequired\":true,\"valueName\":\"search_term_string\"}}],\"inLanguage\":\"es\"},{\"@type\":\"Organization\",\"@id\":\"https:\\\/\\\/turismo.elejido.es\\\/#organization\",\"name\":\"Turismo El Ejido\",\"url\":\"https:\\\/\\\/turismo.elejido.es\\\/\",\"logo\":{\"@type\":\"ImageObject\",\"inLanguage\":\"es\",\"@id\":\"https:\\\/\\\/turismo.elejido.es\\\/#\\\/schema\\\/logo\\\/image\\\/\",\"url\":\"https:\\\/\\\/turismo.elejido.es\\\/wp-content\\\/uploads\\\/2020\\\/12\\\/elejidoNaranja.png\",\"contentUrl\":\"https:\\\/\\\/turismo.elejido.es\\\/wp-content\\\/uploads\\\/2020\\\/12\\\/elejidoNaranja.png\",\"width\":163,\"height\":92,\"caption\":\"Turismo El Ejido\"},\"image\":{\"@id\":\"https:\\\/\\\/turismo.elejido.es\\\/#\\\/schema\\\/logo\\\/image\\\/\"}}]}<\/script>\n<!-- \/ Yoast SEO plugin. -->","yoast_head_json":{"title":"Club del r\u00edo - En concierto \"El Ejido al natural\"","description":"Disfruta del Club del R\u00edo en concierto. El d\u00eda 27 de mayo el grupo ofrecer\u00e1 un concierto al aire libre a las 20:00h","robots":{"index":"index","follow":"follow","max-snippet":"max-snippet:-1","max-image-preview":"max-image-preview:large","max-video-preview":"max-video-preview:-1"},"canonical":"https:\/\/turismo.elejido.es\/index.php\/events\/club-del-rio-el-ejido-al-natural\/","og_locale":"es_ES","og_type":"article","og_title":"Club del r\u00edo - En concierto \"El Ejido al natural\"","og_description":"Disfruta del Club del R\u00edo en concierto. El d\u00eda 27 de mayo el grupo ofrecer\u00e1 un concierto al aire libre a las 20:00h","og_url":"https:\/\/turismo.elejido.es\/index.php\/events\/club-del-rio-el-ejido-al-natural\/","og_site_name":"Turismo El Ejido","article_modified_time":"2023-04-21T09:28:59+00:00","og_image":[{"width":1080,"height":1080,"url":"https:\/\/turismo.elejido.es\/wp-content\/uploads\/2023\/04\/05-27-EEAN-Club-del-rio.jpg","type":"image\/jpeg"}],"twitter_card":"summary_large_image","twitter_misc":{"Tiempo de lectura":"1 minuto"},"schema":{"@context":"https:\/\/schema.org","@graph":[{"@type":"WebPage","@id":"https:\/\/turismo.elejido.es\/index.php\/events\/club-del-rio-el-ejido-al-natural\/","url":"https:\/\/turismo.elejido.es\/index.php\/events\/club-del-rio-el-ejido-al-natural\/","name":"Club del r\u00edo - En concierto \"El Ejido al natural\"","isPartOf":{"@id":"https:\/\/turismo.elejido.es\/#website"},"primaryImageOfPage":{"@id":"https:\/\/turismo.elejido.es\/index.php\/events\/club-del-rio-el-ejido-al-natural\/#primaryimage"},"image":{"@id":"https:\/\/turismo.elejido.es\/index.php\/events\/club-del-rio-el-ejido-al-natural\/#primaryimage"},"thumbnailUrl":"https:\/\/turismo.elejido.es\/wp-content\/uploads\/2023\/04\/05-27-EEAN-Club-del-rio.jpg","datePublished":"2023-04-21T08:37:05+00:00","dateModified":"2023-04-21T09:28:59+00:00","description":"Disfruta del Club del R\u00edo en concierto. El d\u00eda 27 de mayo el grupo ofrecer\u00e1 un concierto al aire libre a las 20:00h","breadcrumb":{"@id":"https:\/\/turismo.elejido.es\/index.php\/events\/club-del-rio-el-ejido-al-natural\/#breadcrumb"},"inLanguage":"es","potentialAction":[{"@type":"ReadAction","target":["https:\/\/turismo.elejido.es\/index.php\/events\/club-del-rio-el-ejido-al-natural\/"]}]},{"@type":"ImageObject","inLanguage":"es","@id":"https:\/\/turismo.elejido.es\/index.php\/events\/club-del-rio-el-ejido-al-natural\/#primaryimage","url":"https:\/\/turismo.elejido.es\/wp-content\/uploads\/2023\/04\/05-27-EEAN-Club-del-rio.jpg","contentUrl":"https:\/\/turismo.elejido.es\/wp-content\/uploads\/2023\/04\/05-27-EEAN-Club-del-rio.jpg","width":1080,"height":1080},{"@type":"BreadcrumbList","@id":"https:\/\/turismo.elejido.es\/index.php\/events\/club-del-rio-el-ejido-al-natural\/#breadcrumb","itemListElement":[{"@type":"ListItem","position":1,"name":"Inicio","item":"https:\/\/turismo.elejido.es\/"},{"@type":"ListItem","position":2,"name":"Eventos","item":"https:\/\/turismo.elejido.es\/index.php\/events\/"},{"@type":"ListItem","position":3,"name":"Club del r\u00edo &#8211; En concierto \u00abEl Ejido al natural\u00bb"}]},{"@type":"WebSite","@id":"https:\/\/turismo.elejido.es\/#website","url":"https:\/\/turismo.elejido.es\/","name":"Turismo El Ejido","description":"Portal Oficial de Turismo del Municipio de El Ejido, Almerimar y Balerma situado en la costa de Almer\u00eda.","publisher":{"@id":"https:\/\/turismo.elejido.es\/#organization"},"potentialAction":[{"@type":"SearchAction","target":{"@type":"EntryPoint","urlTemplate":"https:\/\/turismo.elejido.es\/?s={search_term_string}"},"query-input":{"@type":"PropertyValueSpecification","valueRequired":true,"valueName":"search_term_string"}}],"inLanguage":"es"},{"@type":"Organization","@id":"https:\/\/turismo.elejido.es\/#organization","name":"Turismo El Ejido","url":"https:\/\/turismo.elejido.es\/","logo":{"@type":"ImageObject","inLanguage":"es","@id":"https:\/\/turismo.elejido.es\/#\/schema\/logo\/image\/","url":"https:\/\/turismo.elejido.es\/wp-content\/uploads\/2020\/12\/elejidoNaranja.png","contentUrl":"https:\/\/turismo.elejido.es\/wp-content\/uploads\/2020\/12\/elejidoNaranja.png","width":163,"height":92,"caption":"Turismo El Ejido"},"image":{"@id":"https:\/\/turismo.elejido.es\/#\/schema\/logo\/image\/"}}]}},"_links":{"self":[{"href":"https:\/\/turismo.elejido.es\/index.php\/wp-json\/wp\/v2\/mec-events\/20915","targetHints":{"allow":["GET"]}}],"collection":[{"href":"https:\/\/turismo.elejido.es\/index.php\/wp-json\/wp\/v2\/mec-events"}],"about":[{"href":"https:\/\/turismo.elejido.es\/index.php\/wp-json\/wp\/v2\/types\/mec-events"}],"author":[{"embeddable":true,"href":"https:\/\/turismo.elejido.es\/index.php\/wp-json\/wp\/v2\/users\/5"}],"replies":[{"embeddable":true,"href":"https:\/\/turismo.elejido.es\/index.php\/wp-json\/wp\/v2\/comments?post=20915"}],"wp:featuredmedia":[{"embeddable":true,"href":"https:\/\/turismo.elejido.es\/index.php\/wp-json\/wp\/v2\/media\/20916"}],"wp:attachment":[{"href":"https:\/\/turismo.elejido.es\/index.php\/wp-json\/wp\/v2\/media?parent=20915"}],"wp:term":[{"taxonomy":"post_tag","embeddable":true,"href":"https:\/\/turismo.elejido.es\/index.php\/wp-json\/wp\/v2\/tags?post=20915"},{"taxonomy":"mec_category","embeddable":true,"href":"https:\/\/turismo.elejido.es\/index.php\/wp-json\/wp\/v2\/mec_category?post=20915"}],"curies":[{"name":"wp","href":"https:\/\/api.w.org\/{rel}","templated":true}]}}