{"id":21789,"date":"2023-11-16T15:27:32","date_gmt":"2023-11-16T14:27:32","guid":{"rendered":"https:\/\/turismo.elejido.es\/?post_type=mec-events&#038;p=21789"},"modified":"2023-12-07T13:23:48","modified_gmt":"2023-12-07T12:23:48","slug":"queen-sinfonico","status":"publish","type":"mec-events","link":"https:\/\/turismo.elejido.es\/index.php\/events\/queen-sinfonico\/","title":{"rendered":"Queen Sinf\u00f3nico"},"content":{"rendered":"\n<div class=\"wp-block-nk-awb nk-awb alturaSlider is-layout-constrained wp-block-nk-awb-is-layout-constrained\"><div class=\"nk-awb-wrap\" data-awb-type=\"image\" data-awb-image-background-size=\"cover\" data-awb-image-background-position=\"51% 27%\" data-awb-parallax=\"scroll\" data-awb-parallax-speed=\"0.5\" data-awb-parallax-mobile=\"false\"><div class=\"nk-awb-inner\"><img loading=\"lazy\" decoding=\"async\" src=\"https:\/\/app.elejido.es\/turismo\/wp-content\/uploads\/2023\/11\/Queen-sinfonico-cartel.jpeg\" class=\"wp-image-21790 jarallax-img\" width=\"1126\" height=\"1126\" srcset=\"https:\/\/turismo.elejido.es\/wp-content\/uploads\/2023\/11\/Queen-sinfonico-cartel.jpeg 1126w, https:\/\/turismo.elejido.es\/wp-content\/uploads\/2023\/11\/Queen-sinfonico-cartel-500x500.jpeg 500w, https:\/\/turismo.elejido.es\/wp-content\/uploads\/2023\/11\/Queen-sinfonico-cartel-1080x1080.jpeg 1080w, https:\/\/turismo.elejido.es\/wp-content\/uploads\/2023\/11\/Queen-sinfonico-cartel-150x150.jpeg 150w, https:\/\/turismo.elejido.es\/wp-content\/uploads\/2023\/11\/Queen-sinfonico-cartel-768x768.jpeg 768w, https:\/\/turismo.elejido.es\/wp-content\/uploads\/2023\/11\/Queen-sinfonico-cartel-300x300.jpeg 300w, https:\/\/turismo.elejido.es\/wp-content\/uploads\/2023\/11\/Queen-sinfonico-cartel-800x800.jpeg 800w, https:\/\/turismo.elejido.es\/wp-content\/uploads\/2023\/11\/Queen-sinfonico-cartel-600x600.jpeg 600w\" sizes=\"auto, (max-width: 1126px) 100vw, 1126px\" \/><\/div><\/div><\/div>\n\n\n\n<div style=\"height:40px\" aria-hidden=\"true\" class=\"wp-block-spacer\"><\/div>\n\n\n<div class=\"breadcrumbs align  wp-block-bcn-breadcrumb-trail has-text-color has-background\" vocab=\"https:\/\/schema.org\/\" typeof=\"BreadcrumbList\">\n\t<span><\/span>\n\t<span property=\"itemListElement\" typeof=\"ListItem\"><a property=\"item\" typeof=\"WebPage\" title=\"Ir a Turismo El Ejido.\" href=\"https:\/\/turismo.elejido.es\" class=\"home\" aria-current=\"page\"><span property=\"name\">Turismo El Ejido<\/span><\/a><meta property=\"position\" content=\"1\"><\/span><\/div>\n\n\n\n<div style=\"height:50px\" aria-hidden=\"true\" class=\"wp-block-spacer\"><\/div>\n\n\n\n<h1 class=\"wp-block-heading\">Queen Sinf\u00f3nico<\/h1>\n\n\n\n<p><br>Una gran espect\u00e1culo que repasa los grandes \u00e9xitos de la m\u00edtica banda liderada por Freddie Mercury. Con la colaboraci\u00f3n de la Orquesta Ciudad de Almer\u00eda y el Ayuntamiento de El Ejido.<br>Un euro por entrada ser\u00e1 destinado para un donativo solidario para la Asociaci\u00f3n de Ni\u00f1os con C\u00e1ncer ARGAR. M\u00e1s informaci\u00f3n y entradas en la web <a href=\"https:\/\/cultura.elejido.es\/?ai1ec_event=otono-cultural-de-el-ejido-queen-sinfonico\">Cultura El Ejido<\/a>.<\/p>\n\n\n\n<p> <\/p>\n\n\n\n<div style=\"height:56px\" aria-hidden=\"true\" class=\"wp-block-spacer\"><\/div>\n\n\n\n<iframe src=\"https:\/\/www.google.com\/maps\/embed?pb=!1m14!1m8!1m3!1d12783.685683890637!2d-2.8112294!3d36.7724525!3m2!1i1024!2i768!4f13.1!3m3!1m2!1s0xd7042e41b5ae8cf%3A0xde223dcab6eb62f3!2sAuditorio%20de%20El%20Ejido!5e0!3m2!1ses!2ses!4v1678457760731!5m2!1ses!2ses\" width=\"600\" height=\"450\" style=\"border:0;\" allowfullscreen=\"\" loading=\"lazy\" referrerpolicy=\"no-referrer-when-downgrade\"><\/iframe>\n\n\n\n<div style=\"height:61px\" aria-hidden=\"true\" class=\"wp-block-spacer\"><\/div>\n","protected":false},"excerpt":{"rendered":"<p>Queen Sinf\u00f3nico Una gran espect\u00e1culo que repasa los grandes \u00e9xitos de la m\u00edtica banda liderada por Freddie Mercury. Con la colaboraci\u00f3n de la Orquesta Ciudad de Almer\u00eda y el Ayuntamiento de El Ejido.Un euro por entrada ser\u00e1 destinado para un donativo solidario para la Asociaci\u00f3n de Ni\u00f1os con C\u00e1ncer ARGAR. M\u00e1s informaci\u00f3n y entradas en [&hellip;]<\/p>\n","protected":false},"author":5,"featured_media":21790,"comment_status":"closed","ping_status":"closed","template":"","tags":[],"mec_category":[],"class_list":["post-21789","mec-events","type-mec-events","status-publish","has-post-thumbnail","hentry","entry","has-media"],"yoast_head":"<!-- This site is optimized with the Yoast SEO plugin v27.4 - https:\/\/yoast.com\/product\/yoast-seo-wordpress\/ -->\n<title>Queen Sinf\u00f3nico<\/title>\n<meta name=\"description\" content=\"Una gran espect\u00e1culo que repasa los grandes \u00e9xitos de la m\u00edtica banda liderada por Freddie Mercury. \u00bfTe lo vas a perder?\" \/>\n<meta name=\"robots\" content=\"index, follow, max-snippet:-1, max-image-preview:large, max-video-preview:-1\" \/>\n<link rel=\"canonical\" href=\"https:\/\/turismo.elejido.es\/index.php\/events\/queen-sinfonico\/\" \/>\n<meta property=\"og:locale\" content=\"es_ES\" \/>\n<meta property=\"og:type\" content=\"article\" \/>\n<meta property=\"og:title\" content=\"Queen Sinf\u00f3nico\" \/>\n<meta property=\"og:description\" content=\"Una gran espect\u00e1culo que repasa los grandes \u00e9xitos de la m\u00edtica banda liderada por Freddie Mercury. \u00bfTe lo vas a perder?\" \/>\n<meta property=\"og:url\" content=\"https:\/\/turismo.elejido.es\/index.php\/events\/queen-sinfonico\/\" \/>\n<meta property=\"og:site_name\" content=\"Turismo El Ejido\" \/>\n<meta property=\"article:modified_time\" content=\"2023-12-07T12:23:48+00:00\" \/>\n<meta property=\"og:image\" content=\"https:\/\/turismo.elejido.es\/wp-content\/uploads\/2023\/11\/Queen-sinfonico-cartel.jpeg\" \/>\n\t<meta property=\"og:image:width\" content=\"1126\" \/>\n\t<meta property=\"og:image:height\" content=\"1126\" \/>\n\t<meta property=\"og:image:type\" content=\"image\/jpeg\" \/>\n<meta name=\"twitter:card\" content=\"summary_large_image\" \/>\n<meta name=\"twitter:label1\" content=\"Tiempo de lectura\" \/>\n\t<meta name=\"twitter:data1\" content=\"1 minuto\" \/>\n<script type=\"application\/ld+json\" class=\"yoast-schema-graph\">{\"@context\":\"https:\\\/\\\/schema.org\",\"@graph\":[{\"@type\":\"WebPage\",\"@id\":\"https:\\\/\\\/turismo.elejido.es\\\/index.php\\\/events\\\/queen-sinfonico\\\/\",\"url\":\"https:\\\/\\\/turismo.elejido.es\\\/index.php\\\/events\\\/queen-sinfonico\\\/\",\"name\":\"Queen Sinf\u00f3nico\",\"isPartOf\":{\"@id\":\"https:\\\/\\\/turismo.elejido.es\\\/#website\"},\"primaryImageOfPage\":{\"@id\":\"https:\\\/\\\/turismo.elejido.es\\\/index.php\\\/events\\\/queen-sinfonico\\\/#primaryimage\"},\"image\":{\"@id\":\"https:\\\/\\\/turismo.elejido.es\\\/index.php\\\/events\\\/queen-sinfonico\\\/#primaryimage\"},\"thumbnailUrl\":\"https:\\\/\\\/turismo.elejido.es\\\/wp-content\\\/uploads\\\/2023\\\/11\\\/Queen-sinfonico-cartel.jpeg\",\"datePublished\":\"2023-11-16T14:27:32+00:00\",\"dateModified\":\"2023-12-07T12:23:48+00:00\",\"description\":\"Una gran espect\u00e1culo que repasa los grandes \u00e9xitos de la m\u00edtica banda liderada por Freddie Mercury. \u00bfTe lo vas a perder?\",\"breadcrumb\":{\"@id\":\"https:\\\/\\\/turismo.elejido.es\\\/index.php\\\/events\\\/queen-sinfonico\\\/#breadcrumb\"},\"inLanguage\":\"es\",\"potentialAction\":[{\"@type\":\"ReadAction\",\"target\":[\"https:\\\/\\\/turismo.elejido.es\\\/index.php\\\/events\\\/queen-sinfonico\\\/\"]}]},{\"@type\":\"ImageObject\",\"inLanguage\":\"es\",\"@id\":\"https:\\\/\\\/turismo.elejido.es\\\/index.php\\\/events\\\/queen-sinfonico\\\/#primaryimage\",\"url\":\"https:\\\/\\\/turismo.elejido.es\\\/wp-content\\\/uploads\\\/2023\\\/11\\\/Queen-sinfonico-cartel.jpeg\",\"contentUrl\":\"https:\\\/\\\/turismo.elejido.es\\\/wp-content\\\/uploads\\\/2023\\\/11\\\/Queen-sinfonico-cartel.jpeg\",\"width\":1126,\"height\":1126},{\"@type\":\"BreadcrumbList\",\"@id\":\"https:\\\/\\\/turismo.elejido.es\\\/index.php\\\/events\\\/queen-sinfonico\\\/#breadcrumb\",\"itemListElement\":[{\"@type\":\"ListItem\",\"position\":1,\"name\":\"Inicio\",\"item\":\"https:\\\/\\\/turismo.elejido.es\\\/\"},{\"@type\":\"ListItem\",\"position\":2,\"name\":\"Eventos\",\"item\":\"https:\\\/\\\/turismo.elejido.es\\\/index.php\\\/events\\\/\"},{\"@type\":\"ListItem\",\"position\":3,\"name\":\"Queen Sinf\u00f3nico\"}]},{\"@type\":\"WebSite\",\"@id\":\"https:\\\/\\\/turismo.elejido.es\\\/#website\",\"url\":\"https:\\\/\\\/turismo.elejido.es\\\/\",\"name\":\"Turismo El Ejido\",\"description\":\"Portal Oficial de Turismo del Municipio de El Ejido, Almerimar y Balerma situado en la costa de Almer\u00eda.\",\"publisher\":{\"@id\":\"https:\\\/\\\/turismo.elejido.es\\\/#organization\"},\"potentialAction\":[{\"@type\":\"SearchAction\",\"target\":{\"@type\":\"EntryPoint\",\"urlTemplate\":\"https:\\\/\\\/turismo.elejido.es\\\/?s={search_term_string}\"},\"query-input\":{\"@type\":\"PropertyValueSpecification\",\"valueRequired\":true,\"valueName\":\"search_term_string\"}}],\"inLanguage\":\"es\"},{\"@type\":\"Organization\",\"@id\":\"https:\\\/\\\/turismo.elejido.es\\\/#organization\",\"name\":\"Turismo El Ejido\",\"url\":\"https:\\\/\\\/turismo.elejido.es\\\/\",\"logo\":{\"@type\":\"ImageObject\",\"inLanguage\":\"es\",\"@id\":\"https:\\\/\\\/turismo.elejido.es\\\/#\\\/schema\\\/logo\\\/image\\\/\",\"url\":\"https:\\\/\\\/turismo.elejido.es\\\/wp-content\\\/uploads\\\/2020\\\/12\\\/elejidoNaranja.png\",\"contentUrl\":\"https:\\\/\\\/turismo.elejido.es\\\/wp-content\\\/uploads\\\/2020\\\/12\\\/elejidoNaranja.png\",\"width\":163,\"height\":92,\"caption\":\"Turismo El Ejido\"},\"image\":{\"@id\":\"https:\\\/\\\/turismo.elejido.es\\\/#\\\/schema\\\/logo\\\/image\\\/\"}}]}<\/script>\n<!-- \/ Yoast SEO plugin. -->","yoast_head_json":{"title":"Queen Sinf\u00f3nico","description":"Una gran espect\u00e1culo que repasa los grandes \u00e9xitos de la m\u00edtica banda liderada por Freddie Mercury. \u00bfTe lo vas a perder?","robots":{"index":"index","follow":"follow","max-snippet":"max-snippet:-1","max-image-preview":"max-image-preview:large","max-video-preview":"max-video-preview:-1"},"canonical":"https:\/\/turismo.elejido.es\/index.php\/events\/queen-sinfonico\/","og_locale":"es_ES","og_type":"article","og_title":"Queen Sinf\u00f3nico","og_description":"Una gran espect\u00e1culo que repasa los grandes \u00e9xitos de la m\u00edtica banda liderada por Freddie Mercury. \u00bfTe lo vas a perder?","og_url":"https:\/\/turismo.elejido.es\/index.php\/events\/queen-sinfonico\/","og_site_name":"Turismo El Ejido","article_modified_time":"2023-12-07T12:23:48+00:00","og_image":[{"width":1126,"height":1126,"url":"https:\/\/turismo.elejido.es\/wp-content\/uploads\/2023\/11\/Queen-sinfonico-cartel.jpeg","type":"image\/jpeg"}],"twitter_card":"summary_large_image","twitter_misc":{"Tiempo de lectura":"1 minuto"},"schema":{"@context":"https:\/\/schema.org","@graph":[{"@type":"WebPage","@id":"https:\/\/turismo.elejido.es\/index.php\/events\/queen-sinfonico\/","url":"https:\/\/turismo.elejido.es\/index.php\/events\/queen-sinfonico\/","name":"Queen Sinf\u00f3nico","isPartOf":{"@id":"https:\/\/turismo.elejido.es\/#website"},"primaryImageOfPage":{"@id":"https:\/\/turismo.elejido.es\/index.php\/events\/queen-sinfonico\/#primaryimage"},"image":{"@id":"https:\/\/turismo.elejido.es\/index.php\/events\/queen-sinfonico\/#primaryimage"},"thumbnailUrl":"https:\/\/turismo.elejido.es\/wp-content\/uploads\/2023\/11\/Queen-sinfonico-cartel.jpeg","datePublished":"2023-11-16T14:27:32+00:00","dateModified":"2023-12-07T12:23:48+00:00","description":"Una gran espect\u00e1culo que repasa los grandes \u00e9xitos de la m\u00edtica banda liderada por Freddie Mercury. \u00bfTe lo vas a perder?","breadcrumb":{"@id":"https:\/\/turismo.elejido.es\/index.php\/events\/queen-sinfonico\/#breadcrumb"},"inLanguage":"es","potentialAction":[{"@type":"ReadAction","target":["https:\/\/turismo.elejido.es\/index.php\/events\/queen-sinfonico\/"]}]},{"@type":"ImageObject","inLanguage":"es","@id":"https:\/\/turismo.elejido.es\/index.php\/events\/queen-sinfonico\/#primaryimage","url":"https:\/\/turismo.elejido.es\/wp-content\/uploads\/2023\/11\/Queen-sinfonico-cartel.jpeg","contentUrl":"https:\/\/turismo.elejido.es\/wp-content\/uploads\/2023\/11\/Queen-sinfonico-cartel.jpeg","width":1126,"height":1126},{"@type":"BreadcrumbList","@id":"https:\/\/turismo.elejido.es\/index.php\/events\/queen-sinfonico\/#breadcrumb","itemListElement":[{"@type":"ListItem","position":1,"name":"Inicio","item":"https:\/\/turismo.elejido.es\/"},{"@type":"ListItem","position":2,"name":"Eventos","item":"https:\/\/turismo.elejido.es\/index.php\/events\/"},{"@type":"ListItem","position":3,"name":"Queen Sinf\u00f3nico"}]},{"@type":"WebSite","@id":"https:\/\/turismo.elejido.es\/#website","url":"https:\/\/turismo.elejido.es\/","name":"Turismo El Ejido","description":"Portal Oficial de Turismo del Municipio de El Ejido, Almerimar y Balerma situado en la costa de Almer\u00eda.","publisher":{"@id":"https:\/\/turismo.elejido.es\/#organization"},"potentialAction":[{"@type":"SearchAction","target":{"@type":"EntryPoint","urlTemplate":"https:\/\/turismo.elejido.es\/?s={search_term_string}"},"query-input":{"@type":"PropertyValueSpecification","valueRequired":true,"valueName":"search_term_string"}}],"inLanguage":"es"},{"@type":"Organization","@id":"https:\/\/turismo.elejido.es\/#organization","name":"Turismo El Ejido","url":"https:\/\/turismo.elejido.es\/","logo":{"@type":"ImageObject","inLanguage":"es","@id":"https:\/\/turismo.elejido.es\/#\/schema\/logo\/image\/","url":"https:\/\/turismo.elejido.es\/wp-content\/uploads\/2020\/12\/elejidoNaranja.png","contentUrl":"https:\/\/turismo.elejido.es\/wp-content\/uploads\/2020\/12\/elejidoNaranja.png","width":163,"height":92,"caption":"Turismo El Ejido"},"image":{"@id":"https:\/\/turismo.elejido.es\/#\/schema\/logo\/image\/"}}]}},"_links":{"self":[{"href":"https:\/\/turismo.elejido.es\/index.php\/wp-json\/wp\/v2\/mec-events\/21789","targetHints":{"allow":["GET"]}}],"collection":[{"href":"https:\/\/turismo.elejido.es\/index.php\/wp-json\/wp\/v2\/mec-events"}],"about":[{"href":"https:\/\/turismo.elejido.es\/index.php\/wp-json\/wp\/v2\/types\/mec-events"}],"author":[{"embeddable":true,"href":"https:\/\/turismo.elejido.es\/index.php\/wp-json\/wp\/v2\/users\/5"}],"replies":[{"embeddable":true,"href":"https:\/\/turismo.elejido.es\/index.php\/wp-json\/wp\/v2\/comments?post=21789"}],"wp:featuredmedia":[{"embeddable":true,"href":"https:\/\/turismo.elejido.es\/index.php\/wp-json\/wp\/v2\/media\/21790"}],"wp:attachment":[{"href":"https:\/\/turismo.elejido.es\/index.php\/wp-json\/wp\/v2\/media?parent=21789"}],"wp:term":[{"taxonomy":"post_tag","embeddable":true,"href":"https:\/\/turismo.elejido.es\/index.php\/wp-json\/wp\/v2\/tags?post=21789"},{"taxonomy":"mec_category","embeddable":true,"href":"https:\/\/turismo.elejido.es\/index.php\/wp-json\/wp\/v2\/mec_category?post=21789"}],"curies":[{"name":"wp","href":"https:\/\/api.w.org\/{rel}","templated":true}]}}