{"id":21872,"date":"2023-11-22T10:01:35","date_gmt":"2023-11-22T09:01:35","guid":{"rendered":"https:\/\/turismo.elejido.es\/?post_type=mec-events&#038;p=21872"},"modified":"2023-11-22T10:01:36","modified_gmt":"2023-11-22T09:01:36","slug":"presentacion-libro-la-ultima-navidad","status":"publish","type":"mec-events","link":"https:\/\/turismo.elejido.es\/index.php\/events\/presentacion-libro-la-ultima-navidad\/","title":{"rendered":"Presentaci\u00f3n libro \u00abLa \u00faltima Navidad\u00bb"},"content":{"rendered":"\n<div class=\"wp-block-nk-awb nk-awb alturaSlider is-layout-constrained wp-block-nk-awb-is-layout-constrained\"><div class=\"nk-awb-wrap\" data-awb-type=\"image\" data-awb-image-background-size=\"cover\" data-awb-image-background-position=\"51% 27%\" data-awb-parallax=\"scroll\" data-awb-parallax-speed=\"0.5\" data-awb-parallax-mobile=\"false\"><div class=\"nk-awb-inner\"><img loading=\"lazy\" decoding=\"async\" src=\"https:\/\/app.elejido.es\/turismo\/wp-content\/uploads\/2023\/11\/navidad-el-ejido-2023.png\" class=\"wp-image-21775 jarallax-img\" width=\"761\" height=\"761\" srcset=\"https:\/\/turismo.elejido.es\/wp-content\/uploads\/2023\/11\/navidad-el-ejido-2023.png 761w, https:\/\/turismo.elejido.es\/wp-content\/uploads\/2023\/11\/navidad-el-ejido-2023-500x500.png 500w, https:\/\/turismo.elejido.es\/wp-content\/uploads\/2023\/11\/navidad-el-ejido-2023-150x150.png 150w, https:\/\/turismo.elejido.es\/wp-content\/uploads\/2023\/11\/navidad-el-ejido-2023-300x300.png 300w, https:\/\/turismo.elejido.es\/wp-content\/uploads\/2023\/11\/navidad-el-ejido-2023-600x600.png 600w\" sizes=\"auto, (max-width: 761px) 100vw, 761px\" \/><\/div><\/div><\/div>\n\n\n\n<div style=\"height:40px\" aria-hidden=\"true\" class=\"wp-block-spacer\"><\/div>\n\n\n<div class=\"breadcrumbs align  wp-block-bcn-breadcrumb-trail has-text-color has-background\" vocab=\"https:\/\/schema.org\/\" typeof=\"BreadcrumbList\">\n\t<span><\/span>\n\t<span property=\"itemListElement\" typeof=\"ListItem\"><a property=\"item\" typeof=\"WebPage\" title=\"Ir a Turismo El Ejido.\" href=\"https:\/\/turismo.elejido.es\" class=\"home\" aria-current=\"page\"><span property=\"name\">Turismo El Ejido<\/span><\/a><meta property=\"position\" content=\"1\"><\/span><\/div>\n\n\n\n<div style=\"height:50px\" aria-hidden=\"true\" class=\"wp-block-spacer\"><\/div>\n\n\n\n<h1 class=\"wp-block-heading\">Presentaci\u00f3n libro \u00abLa \u00faltima Navidad\u00bb <\/h1>\n\n\n\n<p><br>Ra\u00fal Javier Fern\u00e1ndez Baena presentar\u00e1 su libro \u00abLa \u00faltima Navidad\u00bb el 26 de diciembre a las 20:00 en el hall del Auditorio de El Ejido. <\/p>\n\n\n\n<p> <\/p>\n\n\n\n<div style=\"height:56px\" aria-hidden=\"true\" class=\"wp-block-spacer\"><\/div>\n\n\n\n<iframe src=\"https:\/\/www.google.com\/maps\/embed?pb=!1m14!1m8!1m3!1d12783.685683890637!2d-2.8112294!3d36.7724525!3m2!1i1024!2i768!4f13.1!3m3!1m2!1s0xd7042e41b5ae8cf%3A0xde223dcab6eb62f3!2sAuditorio%20de%20El%20Ejido!5e0!3m2!1ses!2ses!4v1678457760731!5m2!1ses!2ses\" width=\"600\" height=\"450\" style=\"border:0;\" allowfullscreen=\"\" loading=\"lazy\" referrerpolicy=\"no-referrer-when-downgrade\"><\/iframe>\n\n\n\n<div style=\"height:61px\" aria-hidden=\"true\" class=\"wp-block-spacer\"><\/div>\n","protected":false},"excerpt":{"rendered":"<p>Presentaci\u00f3n libro \u00abLa \u00faltima Navidad\u00bb Ra\u00fal Javier Fern\u00e1ndez Baena presentar\u00e1 su libro \u00abLa \u00faltima Navidad\u00bb el 26 de diciembre a las 20:00 en el hall del Auditorio de El Ejido.<\/p>\n","protected":false},"author":5,"featured_media":21775,"comment_status":"closed","ping_status":"closed","template":"","tags":[],"mec_category":[103,1103],"class_list":["post-21872","mec-events","type-mec-events","status-publish","has-post-thumbnail","hentry","mec_category-musica","mec_category-navidad","entry","has-media"],"yoast_head":"<!-- This site is optimized with the Yoast SEO plugin v27.4 - https:\/\/yoast.com\/product\/yoast-seo-wordpress\/ -->\n<title>Presentaci\u00f3n libro &quot;La \u00faltima Navidad&quot;<\/title>\n<meta name=\"description\" content=\"Ra\u00fal Javier Fern\u00e1ndez Baena presentar\u00e1 su libro &quot;La \u00faltima Navidad&quot; el 26 de diciembre a las 20:00 en el hall del Auditorio de El Ejido.\" \/>\n<meta name=\"robots\" content=\"index, follow, max-snippet:-1, max-image-preview:large, max-video-preview:-1\" \/>\n<link rel=\"canonical\" href=\"https:\/\/turismo.elejido.es\/index.php\/events\/presentacion-libro-la-ultima-navidad\/\" \/>\n<meta property=\"og:locale\" content=\"es_ES\" \/>\n<meta property=\"og:type\" content=\"article\" \/>\n<meta property=\"og:title\" content=\"Presentaci\u00f3n libro &quot;La \u00faltima Navidad&quot;\" \/>\n<meta property=\"og:description\" content=\"Ra\u00fal Javier Fern\u00e1ndez Baena presentar\u00e1 su libro &quot;La \u00faltima Navidad&quot; el 26 de diciembre a las 20:00 en el hall del Auditorio de El Ejido.\" \/>\n<meta property=\"og:url\" content=\"https:\/\/turismo.elejido.es\/index.php\/events\/presentacion-libro-la-ultima-navidad\/\" \/>\n<meta property=\"og:site_name\" content=\"Turismo El Ejido\" \/>\n<meta property=\"article:modified_time\" content=\"2023-11-22T09:01:36+00:00\" \/>\n<meta property=\"og:image\" content=\"https:\/\/turismo.elejido.es\/wp-content\/uploads\/2023\/11\/navidad-el-ejido-2023.png\" \/>\n\t<meta property=\"og:image:width\" content=\"761\" \/>\n\t<meta property=\"og:image:height\" content=\"761\" \/>\n\t<meta property=\"og:image:type\" content=\"image\/png\" \/>\n<meta name=\"twitter:card\" content=\"summary_large_image\" \/>\n<meta name=\"twitter:label1\" content=\"Tiempo de lectura\" \/>\n\t<meta name=\"twitter:data1\" content=\"1 minuto\" \/>\n<script type=\"application\/ld+json\" class=\"yoast-schema-graph\">{\"@context\":\"https:\\\/\\\/schema.org\",\"@graph\":[{\"@type\":\"WebPage\",\"@id\":\"https:\\\/\\\/turismo.elejido.es\\\/index.php\\\/events\\\/presentacion-libro-la-ultima-navidad\\\/\",\"url\":\"https:\\\/\\\/turismo.elejido.es\\\/index.php\\\/events\\\/presentacion-libro-la-ultima-navidad\\\/\",\"name\":\"Presentaci\u00f3n libro \\\"La \u00faltima Navidad\\\"\",\"isPartOf\":{\"@id\":\"https:\\\/\\\/turismo.elejido.es\\\/#website\"},\"primaryImageOfPage\":{\"@id\":\"https:\\\/\\\/turismo.elejido.es\\\/index.php\\\/events\\\/presentacion-libro-la-ultima-navidad\\\/#primaryimage\"},\"image\":{\"@id\":\"https:\\\/\\\/turismo.elejido.es\\\/index.php\\\/events\\\/presentacion-libro-la-ultima-navidad\\\/#primaryimage\"},\"thumbnailUrl\":\"https:\\\/\\\/turismo.elejido.es\\\/wp-content\\\/uploads\\\/2023\\\/11\\\/navidad-el-ejido-2023.png\",\"datePublished\":\"2023-11-22T09:01:35+00:00\",\"dateModified\":\"2023-11-22T09:01:36+00:00\",\"description\":\"Ra\u00fal Javier Fern\u00e1ndez Baena presentar\u00e1 su libro \\\"La \u00faltima Navidad\\\" el 26 de diciembre a las 20:00 en el hall del Auditorio de El Ejido.\",\"breadcrumb\":{\"@id\":\"https:\\\/\\\/turismo.elejido.es\\\/index.php\\\/events\\\/presentacion-libro-la-ultima-navidad\\\/#breadcrumb\"},\"inLanguage\":\"es\",\"potentialAction\":[{\"@type\":\"ReadAction\",\"target\":[\"https:\\\/\\\/turismo.elejido.es\\\/index.php\\\/events\\\/presentacion-libro-la-ultima-navidad\\\/\"]}]},{\"@type\":\"ImageObject\",\"inLanguage\":\"es\",\"@id\":\"https:\\\/\\\/turismo.elejido.es\\\/index.php\\\/events\\\/presentacion-libro-la-ultima-navidad\\\/#primaryimage\",\"url\":\"https:\\\/\\\/turismo.elejido.es\\\/wp-content\\\/uploads\\\/2023\\\/11\\\/navidad-el-ejido-2023.png\",\"contentUrl\":\"https:\\\/\\\/turismo.elejido.es\\\/wp-content\\\/uploads\\\/2023\\\/11\\\/navidad-el-ejido-2023.png\",\"width\":761,\"height\":761},{\"@type\":\"BreadcrumbList\",\"@id\":\"https:\\\/\\\/turismo.elejido.es\\\/index.php\\\/events\\\/presentacion-libro-la-ultima-navidad\\\/#breadcrumb\",\"itemListElement\":[{\"@type\":\"ListItem\",\"position\":1,\"name\":\"Inicio\",\"item\":\"https:\\\/\\\/turismo.elejido.es\\\/\"},{\"@type\":\"ListItem\",\"position\":2,\"name\":\"Eventos\",\"item\":\"https:\\\/\\\/turismo.elejido.es\\\/index.php\\\/events\\\/\"},{\"@type\":\"ListItem\",\"position\":3,\"name\":\"Presentaci\u00f3n libro \u00abLa \u00faltima Navidad\u00bb\"}]},{\"@type\":\"WebSite\",\"@id\":\"https:\\\/\\\/turismo.elejido.es\\\/#website\",\"url\":\"https:\\\/\\\/turismo.elejido.es\\\/\",\"name\":\"Turismo El Ejido\",\"description\":\"Portal Oficial de Turismo del Municipio de El Ejido, Almerimar y Balerma situado en la costa de Almer\u00eda.\",\"publisher\":{\"@id\":\"https:\\\/\\\/turismo.elejido.es\\\/#organization\"},\"potentialAction\":[{\"@type\":\"SearchAction\",\"target\":{\"@type\":\"EntryPoint\",\"urlTemplate\":\"https:\\\/\\\/turismo.elejido.es\\\/?s={search_term_string}\"},\"query-input\":{\"@type\":\"PropertyValueSpecification\",\"valueRequired\":true,\"valueName\":\"search_term_string\"}}],\"inLanguage\":\"es\"},{\"@type\":\"Organization\",\"@id\":\"https:\\\/\\\/turismo.elejido.es\\\/#organization\",\"name\":\"Turismo El Ejido\",\"url\":\"https:\\\/\\\/turismo.elejido.es\\\/\",\"logo\":{\"@type\":\"ImageObject\",\"inLanguage\":\"es\",\"@id\":\"https:\\\/\\\/turismo.elejido.es\\\/#\\\/schema\\\/logo\\\/image\\\/\",\"url\":\"https:\\\/\\\/turismo.elejido.es\\\/wp-content\\\/uploads\\\/2020\\\/12\\\/elejidoNaranja.png\",\"contentUrl\":\"https:\\\/\\\/turismo.elejido.es\\\/wp-content\\\/uploads\\\/2020\\\/12\\\/elejidoNaranja.png\",\"width\":163,\"height\":92,\"caption\":\"Turismo El Ejido\"},\"image\":{\"@id\":\"https:\\\/\\\/turismo.elejido.es\\\/#\\\/schema\\\/logo\\\/image\\\/\"}}]}<\/script>\n<!-- \/ Yoast SEO plugin. -->","yoast_head_json":{"title":"Presentaci\u00f3n libro \"La \u00faltima Navidad\"","description":"Ra\u00fal Javier Fern\u00e1ndez Baena presentar\u00e1 su libro \"La \u00faltima Navidad\" el 26 de diciembre a las 20:00 en el hall del Auditorio de El Ejido.","robots":{"index":"index","follow":"follow","max-snippet":"max-snippet:-1","max-image-preview":"max-image-preview:large","max-video-preview":"max-video-preview:-1"},"canonical":"https:\/\/turismo.elejido.es\/index.php\/events\/presentacion-libro-la-ultima-navidad\/","og_locale":"es_ES","og_type":"article","og_title":"Presentaci\u00f3n libro \"La \u00faltima Navidad\"","og_description":"Ra\u00fal Javier Fern\u00e1ndez Baena presentar\u00e1 su libro \"La \u00faltima Navidad\" el 26 de diciembre a las 20:00 en el hall del Auditorio de El Ejido.","og_url":"https:\/\/turismo.elejido.es\/index.php\/events\/presentacion-libro-la-ultima-navidad\/","og_site_name":"Turismo El Ejido","article_modified_time":"2023-11-22T09:01:36+00:00","og_image":[{"width":761,"height":761,"url":"https:\/\/turismo.elejido.es\/wp-content\/uploads\/2023\/11\/navidad-el-ejido-2023.png","type":"image\/png"}],"twitter_card":"summary_large_image","twitter_misc":{"Tiempo de lectura":"1 minuto"},"schema":{"@context":"https:\/\/schema.org","@graph":[{"@type":"WebPage","@id":"https:\/\/turismo.elejido.es\/index.php\/events\/presentacion-libro-la-ultima-navidad\/","url":"https:\/\/turismo.elejido.es\/index.php\/events\/presentacion-libro-la-ultima-navidad\/","name":"Presentaci\u00f3n libro \"La \u00faltima Navidad\"","isPartOf":{"@id":"https:\/\/turismo.elejido.es\/#website"},"primaryImageOfPage":{"@id":"https:\/\/turismo.elejido.es\/index.php\/events\/presentacion-libro-la-ultima-navidad\/#primaryimage"},"image":{"@id":"https:\/\/turismo.elejido.es\/index.php\/events\/presentacion-libro-la-ultima-navidad\/#primaryimage"},"thumbnailUrl":"https:\/\/turismo.elejido.es\/wp-content\/uploads\/2023\/11\/navidad-el-ejido-2023.png","datePublished":"2023-11-22T09:01:35+00:00","dateModified":"2023-11-22T09:01:36+00:00","description":"Ra\u00fal Javier Fern\u00e1ndez Baena presentar\u00e1 su libro \"La \u00faltima Navidad\" el 26 de diciembre a las 20:00 en el hall del Auditorio de El Ejido.","breadcrumb":{"@id":"https:\/\/turismo.elejido.es\/index.php\/events\/presentacion-libro-la-ultima-navidad\/#breadcrumb"},"inLanguage":"es","potentialAction":[{"@type":"ReadAction","target":["https:\/\/turismo.elejido.es\/index.php\/events\/presentacion-libro-la-ultima-navidad\/"]}]},{"@type":"ImageObject","inLanguage":"es","@id":"https:\/\/turismo.elejido.es\/index.php\/events\/presentacion-libro-la-ultima-navidad\/#primaryimage","url":"https:\/\/turismo.elejido.es\/wp-content\/uploads\/2023\/11\/navidad-el-ejido-2023.png","contentUrl":"https:\/\/turismo.elejido.es\/wp-content\/uploads\/2023\/11\/navidad-el-ejido-2023.png","width":761,"height":761},{"@type":"BreadcrumbList","@id":"https:\/\/turismo.elejido.es\/index.php\/events\/presentacion-libro-la-ultima-navidad\/#breadcrumb","itemListElement":[{"@type":"ListItem","position":1,"name":"Inicio","item":"https:\/\/turismo.elejido.es\/"},{"@type":"ListItem","position":2,"name":"Eventos","item":"https:\/\/turismo.elejido.es\/index.php\/events\/"},{"@type":"ListItem","position":3,"name":"Presentaci\u00f3n libro \u00abLa \u00faltima Navidad\u00bb"}]},{"@type":"WebSite","@id":"https:\/\/turismo.elejido.es\/#website","url":"https:\/\/turismo.elejido.es\/","name":"Turismo El Ejido","description":"Portal Oficial de Turismo del Municipio de El Ejido, Almerimar y Balerma situado en la costa de Almer\u00eda.","publisher":{"@id":"https:\/\/turismo.elejido.es\/#organization"},"potentialAction":[{"@type":"SearchAction","target":{"@type":"EntryPoint","urlTemplate":"https:\/\/turismo.elejido.es\/?s={search_term_string}"},"query-input":{"@type":"PropertyValueSpecification","valueRequired":true,"valueName":"search_term_string"}}],"inLanguage":"es"},{"@type":"Organization","@id":"https:\/\/turismo.elejido.es\/#organization","name":"Turismo El Ejido","url":"https:\/\/turismo.elejido.es\/","logo":{"@type":"ImageObject","inLanguage":"es","@id":"https:\/\/turismo.elejido.es\/#\/schema\/logo\/image\/","url":"https:\/\/turismo.elejido.es\/wp-content\/uploads\/2020\/12\/elejidoNaranja.png","contentUrl":"https:\/\/turismo.elejido.es\/wp-content\/uploads\/2020\/12\/elejidoNaranja.png","width":163,"height":92,"caption":"Turismo El Ejido"},"image":{"@id":"https:\/\/turismo.elejido.es\/#\/schema\/logo\/image\/"}}]}},"_links":{"self":[{"href":"https:\/\/turismo.elejido.es\/index.php\/wp-json\/wp\/v2\/mec-events\/21872","targetHints":{"allow":["GET"]}}],"collection":[{"href":"https:\/\/turismo.elejido.es\/index.php\/wp-json\/wp\/v2\/mec-events"}],"about":[{"href":"https:\/\/turismo.elejido.es\/index.php\/wp-json\/wp\/v2\/types\/mec-events"}],"author":[{"embeddable":true,"href":"https:\/\/turismo.elejido.es\/index.php\/wp-json\/wp\/v2\/users\/5"}],"replies":[{"embeddable":true,"href":"https:\/\/turismo.elejido.es\/index.php\/wp-json\/wp\/v2\/comments?post=21872"}],"wp:featuredmedia":[{"embeddable":true,"href":"https:\/\/turismo.elejido.es\/index.php\/wp-json\/wp\/v2\/media\/21775"}],"wp:attachment":[{"href":"https:\/\/turismo.elejido.es\/index.php\/wp-json\/wp\/v2\/media?parent=21872"}],"wp:term":[{"taxonomy":"post_tag","embeddable":true,"href":"https:\/\/turismo.elejido.es\/index.php\/wp-json\/wp\/v2\/tags?post=21872"},{"taxonomy":"mec_category","embeddable":true,"href":"https:\/\/turismo.elejido.es\/index.php\/wp-json\/wp\/v2\/mec_category?post=21872"}],"curies":[{"name":"wp","href":"https:\/\/api.w.org\/{rel}","templated":true}]}}