{"id":22034,"date":"2024-01-10T09:54:49","date_gmt":"2024-01-10T08:54:49","guid":{"rendered":"https:\/\/turismo.elejido.es\/?post_type=mec-events&#038;p=22034"},"modified":"2024-01-12T12:16:57","modified_gmt":"2024-01-12T11:16:57","slug":"angel-martin-punto-para-los-locos","status":"publish","type":"mec-events","link":"https:\/\/turismo.elejido.es\/index.php\/events\/angel-martin-punto-para-los-locos\/","title":{"rendered":"\u00c1ngel Mart\u00edn \u00abPunto para los locos\u00bb"},"content":{"rendered":"\n<div class=\"wp-block-nk-awb nk-awb alturaSlider is-layout-constrained wp-block-nk-awb-is-layout-constrained\"><div class=\"nk-awb-wrap\" data-awb-type=\"image\" data-awb-image-background-size=\"cover\" data-awb-image-background-position=\"89% 23%\" data-awb-parallax=\"scroll\" data-awb-parallax-speed=\"0.5\" data-awb-parallax-mobile=\"false\"><div class=\"nk-awb-inner\"><img loading=\"lazy\" decoding=\"async\" src=\"https:\/\/app.elejido.es\/turismo\/wp-content\/uploads\/2024\/01\/02-03-21-Angel-Martin-.jpg\" class=\"wp-image-22040 jarallax-img\" width=\"992\" height=\"702\" srcset=\"https:\/\/turismo.elejido.es\/wp-content\/uploads\/2024\/01\/02-03-21-Angel-Martin-.jpg 992w, https:\/\/turismo.elejido.es\/wp-content\/uploads\/2024\/01\/02-03-21-Angel-Martin--500x354.jpg 500w, https:\/\/turismo.elejido.es\/wp-content\/uploads\/2024\/01\/02-03-21-Angel-Martin--768x543.jpg 768w, https:\/\/turismo.elejido.es\/wp-content\/uploads\/2024\/01\/02-03-21-Angel-Martin--800x566.jpg 800w\" sizes=\"auto, (max-width: 992px) 100vw, 992px\" \/><\/div><\/div><\/div>\n\n\n\n<div style=\"height:40px\" aria-hidden=\"true\" class=\"wp-block-spacer\"><\/div>\n\n\n<div class=\"breadcrumbs align  wp-block-bcn-breadcrumb-trail has-text-color has-background\" vocab=\"https:\/\/schema.org\/\" typeof=\"BreadcrumbList\">\n\t<span><\/span>\n\t<span property=\"itemListElement\" typeof=\"ListItem\"><a property=\"item\" typeof=\"WebPage\" title=\"Ir a Turismo El Ejido.\" href=\"https:\/\/turismo.elejido.es\" class=\"home\" aria-current=\"page\"><span property=\"name\">Turismo El Ejido<\/span><\/a><meta property=\"position\" content=\"1\"><\/span><\/div>\n\n\n\n<div style=\"height:50px\" aria-hidden=\"true\" class=\"wp-block-spacer\"><\/div>\n\n\n\n<h1 class=\"wp-block-heading\">\u00c1ngel Mart\u00edn \u00abPunto para los locos\u00bb<\/h1>\n\n\n\n<p><br>Con&nbsp;<strong>\u201cPunto para los locos\u201d<\/strong>,&nbsp;<strong>\u00c1ngel Mart\u00edn<\/strong>&nbsp;intentar\u00e1 que te des cuenta de que lo \u00fanico que nos diferencia no es si est\u00e1s o no est\u00e1s loco, sino a que volumen est\u00e1n en tu cabeza la voz de la verg\u00fcenza, el miedo, los agobios, la impaciencia&#8230; e intentar\u00e1 que, la pr\u00f3xima vez que una de esas voces vuelva, no puedas evitar burlarte de ella y poner en el marcador otro \u201cpunto para los locos\u00bb.<\/p>\n\n\n\n<p>El d\u00eda 3 de febrero, tienes una cita en el Auditorio de El Ejido con \u00c1ngel Mart\u00edn. La diversi\u00f3n y las risas est\u00e1n aseguradas.<\/p>\n\n\n\n<p><\/p>\n\n\n\n<p><\/p>\n\n\n\n<p> <\/p>\n\n\n\n<div style=\"height:56px\" aria-hidden=\"true\" class=\"wp-block-spacer\"><\/div>\n\n\n\n<iframe src=\"https:\/\/www.google.com\/maps\/embed?pb=!1m14!1m8!1m3!1d12783.685683890637!2d-2.8112294!3d36.7724525!3m2!1i1024!2i768!4f13.1!3m3!1m2!1s0xd7042e41b5ae8cf%3A0xde223dcab6eb62f3!2sAuditorio%20de%20El%20Ejido!5e0!3m2!1ses!2ses!4v1702371460819!5m2!1ses!2ses\" width=\"600\" height=\"450\" style=\"border:0;\" allowfullscreen=\"\" loading=\"lazy\" referrerpolicy=\"no-referrer-when-downgrade\"><\/iframe>\n\n\n\n<div style=\"height:61px\" aria-hidden=\"true\" class=\"wp-block-spacer\"><\/div>\n","protected":false},"excerpt":{"rendered":"<p>\u00c1ngel Mart\u00edn \u00abPunto para los locos\u00bb Con&nbsp;\u201cPunto para los locos\u201d,&nbsp;\u00c1ngel Mart\u00edn&nbsp;intentar\u00e1 que te des cuenta de que lo \u00fanico que nos diferencia no es si est\u00e1s o no est\u00e1s loco, sino a que volumen est\u00e1n en tu cabeza la voz de la verg\u00fcenza, el miedo, los agobios, la impaciencia&#8230; e intentar\u00e1 que, la pr\u00f3xima vez [&hellip;]<\/p>\n","protected":false},"author":5,"featured_media":22085,"comment_status":"closed","ping_status":"closed","template":"","tags":[],"mec_category":[773,101],"class_list":["post-22034","mec-events","type-mec-events","status-publish","has-post-thumbnail","hentry","mec_category-ocio","mec_category-teatro","entry","has-media"],"yoast_head":"<!-- This site is optimized with the Yoast SEO plugin v27.4 - https:\/\/yoast.com\/product\/yoast-seo-wordpress\/ -->\n<title>\u00c1ngel Mart\u00edn &quot;Punto para los locos&quot;<\/title>\n<meta name=\"description\" content=\"El d\u00eda 3 de febrero, tienes una cita en el Auditorio de El Ejido con \u00c1ngel Mart\u00edn. La diversi\u00f3n y las risas est\u00e1n aseguradas.\" \/>\n<meta name=\"robots\" content=\"index, follow, max-snippet:-1, max-image-preview:large, max-video-preview:-1\" \/>\n<link rel=\"canonical\" href=\"https:\/\/turismo.elejido.es\/index.php\/events\/angel-martin-punto-para-los-locos\/\" \/>\n<meta property=\"og:locale\" content=\"es_ES\" \/>\n<meta property=\"og:type\" content=\"article\" \/>\n<meta property=\"og:title\" content=\"\u00c1ngel Mart\u00edn &quot;Punto para los locos&quot;\" \/>\n<meta property=\"og:description\" content=\"El d\u00eda 3 de febrero, tienes una cita en el Auditorio de El Ejido con \u00c1ngel Mart\u00edn. La diversi\u00f3n y las risas est\u00e1n aseguradas.\" \/>\n<meta property=\"og:url\" content=\"https:\/\/turismo.elejido.es\/index.php\/events\/angel-martin-punto-para-los-locos\/\" \/>\n<meta property=\"og:site_name\" content=\"Turismo El Ejido\" \/>\n<meta property=\"article:modified_time\" content=\"2024-01-12T11:16:57+00:00\" \/>\n<meta property=\"og:image\" content=\"https:\/\/turismo.elejido.es\/wp-content\/uploads\/2024\/01\/02-03-21-Angel-Martin-Punto-para-los-locos-cartel.jpg\" \/>\n\t<meta property=\"og:image:width\" content=\"699\" \/>\n\t<meta property=\"og:image:height\" content=\"699\" \/>\n\t<meta property=\"og:image:type\" content=\"image\/jpeg\" \/>\n<meta name=\"twitter:card\" content=\"summary_large_image\" \/>\n<meta name=\"twitter:label1\" content=\"Tiempo de lectura\" \/>\n\t<meta name=\"twitter:data1\" content=\"1 minuto\" \/>\n<script type=\"application\/ld+json\" class=\"yoast-schema-graph\">{\"@context\":\"https:\\\/\\\/schema.org\",\"@graph\":[{\"@type\":\"WebPage\",\"@id\":\"https:\\\/\\\/turismo.elejido.es\\\/index.php\\\/events\\\/angel-martin-punto-para-los-locos\\\/\",\"url\":\"https:\\\/\\\/turismo.elejido.es\\\/index.php\\\/events\\\/angel-martin-punto-para-los-locos\\\/\",\"name\":\"\u00c1ngel Mart\u00edn \\\"Punto para los locos\\\"\",\"isPartOf\":{\"@id\":\"https:\\\/\\\/turismo.elejido.es\\\/#website\"},\"primaryImageOfPage\":{\"@id\":\"https:\\\/\\\/turismo.elejido.es\\\/index.php\\\/events\\\/angel-martin-punto-para-los-locos\\\/#primaryimage\"},\"image\":{\"@id\":\"https:\\\/\\\/turismo.elejido.es\\\/index.php\\\/events\\\/angel-martin-punto-para-los-locos\\\/#primaryimage\"},\"thumbnailUrl\":\"https:\\\/\\\/turismo.elejido.es\\\/wp-content\\\/uploads\\\/2024\\\/01\\\/02-03-21-Angel-Martin-Punto-para-los-locos-cartel.jpg\",\"datePublished\":\"2024-01-10T08:54:49+00:00\",\"dateModified\":\"2024-01-12T11:16:57+00:00\",\"description\":\"El d\u00eda 3 de febrero, tienes una cita en el Auditorio de El Ejido con \u00c1ngel Mart\u00edn. La diversi\u00f3n y las risas est\u00e1n aseguradas.\",\"breadcrumb\":{\"@id\":\"https:\\\/\\\/turismo.elejido.es\\\/index.php\\\/events\\\/angel-martin-punto-para-los-locos\\\/#breadcrumb\"},\"inLanguage\":\"es\",\"potentialAction\":[{\"@type\":\"ReadAction\",\"target\":[\"https:\\\/\\\/turismo.elejido.es\\\/index.php\\\/events\\\/angel-martin-punto-para-los-locos\\\/\"]}]},{\"@type\":\"ImageObject\",\"inLanguage\":\"es\",\"@id\":\"https:\\\/\\\/turismo.elejido.es\\\/index.php\\\/events\\\/angel-martin-punto-para-los-locos\\\/#primaryimage\",\"url\":\"https:\\\/\\\/turismo.elejido.es\\\/wp-content\\\/uploads\\\/2024\\\/01\\\/02-03-21-Angel-Martin-Punto-para-los-locos-cartel.jpg\",\"contentUrl\":\"https:\\\/\\\/turismo.elejido.es\\\/wp-content\\\/uploads\\\/2024\\\/01\\\/02-03-21-Angel-Martin-Punto-para-los-locos-cartel.jpg\",\"width\":699,\"height\":699},{\"@type\":\"BreadcrumbList\",\"@id\":\"https:\\\/\\\/turismo.elejido.es\\\/index.php\\\/events\\\/angel-martin-punto-para-los-locos\\\/#breadcrumb\",\"itemListElement\":[{\"@type\":\"ListItem\",\"position\":1,\"name\":\"Inicio\",\"item\":\"https:\\\/\\\/turismo.elejido.es\\\/\"},{\"@type\":\"ListItem\",\"position\":2,\"name\":\"Eventos\",\"item\":\"https:\\\/\\\/turismo.elejido.es\\\/index.php\\\/events\\\/\"},{\"@type\":\"ListItem\",\"position\":3,\"name\":\"\u00c1ngel Mart\u00edn \u00abPunto para los locos\u00bb\"}]},{\"@type\":\"WebSite\",\"@id\":\"https:\\\/\\\/turismo.elejido.es\\\/#website\",\"url\":\"https:\\\/\\\/turismo.elejido.es\\\/\",\"name\":\"Turismo El Ejido\",\"description\":\"Portal Oficial de Turismo del Municipio de El Ejido, Almerimar y Balerma situado en la costa de Almer\u00eda.\",\"publisher\":{\"@id\":\"https:\\\/\\\/turismo.elejido.es\\\/#organization\"},\"potentialAction\":[{\"@type\":\"SearchAction\",\"target\":{\"@type\":\"EntryPoint\",\"urlTemplate\":\"https:\\\/\\\/turismo.elejido.es\\\/?s={search_term_string}\"},\"query-input\":{\"@type\":\"PropertyValueSpecification\",\"valueRequired\":true,\"valueName\":\"search_term_string\"}}],\"inLanguage\":\"es\"},{\"@type\":\"Organization\",\"@id\":\"https:\\\/\\\/turismo.elejido.es\\\/#organization\",\"name\":\"Turismo El Ejido\",\"url\":\"https:\\\/\\\/turismo.elejido.es\\\/\",\"logo\":{\"@type\":\"ImageObject\",\"inLanguage\":\"es\",\"@id\":\"https:\\\/\\\/turismo.elejido.es\\\/#\\\/schema\\\/logo\\\/image\\\/\",\"url\":\"https:\\\/\\\/turismo.elejido.es\\\/wp-content\\\/uploads\\\/2020\\\/12\\\/elejidoNaranja.png\",\"contentUrl\":\"https:\\\/\\\/turismo.elejido.es\\\/wp-content\\\/uploads\\\/2020\\\/12\\\/elejidoNaranja.png\",\"width\":163,\"height\":92,\"caption\":\"Turismo El Ejido\"},\"image\":{\"@id\":\"https:\\\/\\\/turismo.elejido.es\\\/#\\\/schema\\\/logo\\\/image\\\/\"}}]}<\/script>\n<!-- \/ Yoast SEO plugin. -->","yoast_head_json":{"title":"\u00c1ngel Mart\u00edn \"Punto para los locos\"","description":"El d\u00eda 3 de febrero, tienes una cita en el Auditorio de El Ejido con \u00c1ngel Mart\u00edn. La diversi\u00f3n y las risas est\u00e1n aseguradas.","robots":{"index":"index","follow":"follow","max-snippet":"max-snippet:-1","max-image-preview":"max-image-preview:large","max-video-preview":"max-video-preview:-1"},"canonical":"https:\/\/turismo.elejido.es\/index.php\/events\/angel-martin-punto-para-los-locos\/","og_locale":"es_ES","og_type":"article","og_title":"\u00c1ngel Mart\u00edn \"Punto para los locos\"","og_description":"El d\u00eda 3 de febrero, tienes una cita en el Auditorio de El Ejido con \u00c1ngel Mart\u00edn. La diversi\u00f3n y las risas est\u00e1n aseguradas.","og_url":"https:\/\/turismo.elejido.es\/index.php\/events\/angel-martin-punto-para-los-locos\/","og_site_name":"Turismo El Ejido","article_modified_time":"2024-01-12T11:16:57+00:00","og_image":[{"width":699,"height":699,"url":"https:\/\/turismo.elejido.es\/wp-content\/uploads\/2024\/01\/02-03-21-Angel-Martin-Punto-para-los-locos-cartel.jpg","type":"image\/jpeg"}],"twitter_card":"summary_large_image","twitter_misc":{"Tiempo de lectura":"1 minuto"},"schema":{"@context":"https:\/\/schema.org","@graph":[{"@type":"WebPage","@id":"https:\/\/turismo.elejido.es\/index.php\/events\/angel-martin-punto-para-los-locos\/","url":"https:\/\/turismo.elejido.es\/index.php\/events\/angel-martin-punto-para-los-locos\/","name":"\u00c1ngel Mart\u00edn \"Punto para los locos\"","isPartOf":{"@id":"https:\/\/turismo.elejido.es\/#website"},"primaryImageOfPage":{"@id":"https:\/\/turismo.elejido.es\/index.php\/events\/angel-martin-punto-para-los-locos\/#primaryimage"},"image":{"@id":"https:\/\/turismo.elejido.es\/index.php\/events\/angel-martin-punto-para-los-locos\/#primaryimage"},"thumbnailUrl":"https:\/\/turismo.elejido.es\/wp-content\/uploads\/2024\/01\/02-03-21-Angel-Martin-Punto-para-los-locos-cartel.jpg","datePublished":"2024-01-10T08:54:49+00:00","dateModified":"2024-01-12T11:16:57+00:00","description":"El d\u00eda 3 de febrero, tienes una cita en el Auditorio de El Ejido con \u00c1ngel Mart\u00edn. La diversi\u00f3n y las risas est\u00e1n aseguradas.","breadcrumb":{"@id":"https:\/\/turismo.elejido.es\/index.php\/events\/angel-martin-punto-para-los-locos\/#breadcrumb"},"inLanguage":"es","potentialAction":[{"@type":"ReadAction","target":["https:\/\/turismo.elejido.es\/index.php\/events\/angel-martin-punto-para-los-locos\/"]}]},{"@type":"ImageObject","inLanguage":"es","@id":"https:\/\/turismo.elejido.es\/index.php\/events\/angel-martin-punto-para-los-locos\/#primaryimage","url":"https:\/\/turismo.elejido.es\/wp-content\/uploads\/2024\/01\/02-03-21-Angel-Martin-Punto-para-los-locos-cartel.jpg","contentUrl":"https:\/\/turismo.elejido.es\/wp-content\/uploads\/2024\/01\/02-03-21-Angel-Martin-Punto-para-los-locos-cartel.jpg","width":699,"height":699},{"@type":"BreadcrumbList","@id":"https:\/\/turismo.elejido.es\/index.php\/events\/angel-martin-punto-para-los-locos\/#breadcrumb","itemListElement":[{"@type":"ListItem","position":1,"name":"Inicio","item":"https:\/\/turismo.elejido.es\/"},{"@type":"ListItem","position":2,"name":"Eventos","item":"https:\/\/turismo.elejido.es\/index.php\/events\/"},{"@type":"ListItem","position":3,"name":"\u00c1ngel Mart\u00edn \u00abPunto para los locos\u00bb"}]},{"@type":"WebSite","@id":"https:\/\/turismo.elejido.es\/#website","url":"https:\/\/turismo.elejido.es\/","name":"Turismo El Ejido","description":"Portal Oficial de Turismo del Municipio de El Ejido, Almerimar y Balerma situado en la costa de Almer\u00eda.","publisher":{"@id":"https:\/\/turismo.elejido.es\/#organization"},"potentialAction":[{"@type":"SearchAction","target":{"@type":"EntryPoint","urlTemplate":"https:\/\/turismo.elejido.es\/?s={search_term_string}"},"query-input":{"@type":"PropertyValueSpecification","valueRequired":true,"valueName":"search_term_string"}}],"inLanguage":"es"},{"@type":"Organization","@id":"https:\/\/turismo.elejido.es\/#organization","name":"Turismo El Ejido","url":"https:\/\/turismo.elejido.es\/","logo":{"@type":"ImageObject","inLanguage":"es","@id":"https:\/\/turismo.elejido.es\/#\/schema\/logo\/image\/","url":"https:\/\/turismo.elejido.es\/wp-content\/uploads\/2020\/12\/elejidoNaranja.png","contentUrl":"https:\/\/turismo.elejido.es\/wp-content\/uploads\/2020\/12\/elejidoNaranja.png","width":163,"height":92,"caption":"Turismo El Ejido"},"image":{"@id":"https:\/\/turismo.elejido.es\/#\/schema\/logo\/image\/"}}]}},"_links":{"self":[{"href":"https:\/\/turismo.elejido.es\/index.php\/wp-json\/wp\/v2\/mec-events\/22034","targetHints":{"allow":["GET"]}}],"collection":[{"href":"https:\/\/turismo.elejido.es\/index.php\/wp-json\/wp\/v2\/mec-events"}],"about":[{"href":"https:\/\/turismo.elejido.es\/index.php\/wp-json\/wp\/v2\/types\/mec-events"}],"author":[{"embeddable":true,"href":"https:\/\/turismo.elejido.es\/index.php\/wp-json\/wp\/v2\/users\/5"}],"replies":[{"embeddable":true,"href":"https:\/\/turismo.elejido.es\/index.php\/wp-json\/wp\/v2\/comments?post=22034"}],"wp:featuredmedia":[{"embeddable":true,"href":"https:\/\/turismo.elejido.es\/index.php\/wp-json\/wp\/v2\/media\/22085"}],"wp:attachment":[{"href":"https:\/\/turismo.elejido.es\/index.php\/wp-json\/wp\/v2\/media?parent=22034"}],"wp:term":[{"taxonomy":"post_tag","embeddable":true,"href":"https:\/\/turismo.elejido.es\/index.php\/wp-json\/wp\/v2\/tags?post=22034"},{"taxonomy":"mec_category","embeddable":true,"href":"https:\/\/turismo.elejido.es\/index.php\/wp-json\/wp\/v2\/mec_category?post=22034"}],"curies":[{"name":"wp","href":"https:\/\/api.w.org\/{rel}","templated":true}]}}