{"id":22195,"date":"2024-01-31T15:21:03","date_gmt":"2024-01-31T14:21:03","guid":{"rendered":"https:\/\/turismo.elejido.es\/?post_type=mec-events&#038;p=22195"},"modified":"2024-02-01T09:32:21","modified_gmt":"2024-02-01T08:32:21","slug":"san-valentin-2024","status":"publish","type":"mec-events","link":"https:\/\/turismo.elejido.es\/index.php\/events\/san-valentin-2024\/","title":{"rendered":"San Valent\u00edn 2024"},"content":{"rendered":"\n<div class=\"wp-block-nk-awb nk-awb alturaSlider is-layout-constrained wp-block-nk-awb-is-layout-constrained\"><div class=\"nk-awb-wrap\" data-awb-type=\"image\" data-awb-image-background-size=\"cover\" data-awb-image-background-position=\"50% 0%\" data-awb-parallax=\"scroll\" data-awb-parallax-speed=\"0.5\" data-awb-parallax-mobile=\"false\"><div class=\"nk-awb-inner\"><img loading=\"lazy\" decoding=\"async\" src=\"https:\/\/app.elejido.es\/turismo\/wp-content\/uploads\/2024\/01\/San-Valentin.png\" class=\"wp-image-22205 jarallax-img\" width=\"1512\" height=\"1512\" srcset=\"https:\/\/turismo.elejido.es\/wp-content\/uploads\/2024\/01\/San-Valentin.png 1512w, https:\/\/turismo.elejido.es\/wp-content\/uploads\/2024\/01\/San-Valentin-500x500.png 500w, https:\/\/turismo.elejido.es\/wp-content\/uploads\/2024\/01\/San-Valentin-1080x1080.png 1080w, https:\/\/turismo.elejido.es\/wp-content\/uploads\/2024\/01\/San-Valentin-150x150.png 150w, https:\/\/turismo.elejido.es\/wp-content\/uploads\/2024\/01\/San-Valentin-768x768.png 768w, https:\/\/turismo.elejido.es\/wp-content\/uploads\/2024\/01\/San-Valentin-300x300.png 300w, https:\/\/turismo.elejido.es\/wp-content\/uploads\/2024\/01\/San-Valentin-800x800.png 800w, https:\/\/turismo.elejido.es\/wp-content\/uploads\/2024\/01\/San-Valentin-1280x1280.png 1280w, https:\/\/turismo.elejido.es\/wp-content\/uploads\/2024\/01\/San-Valentin-600x600.png 600w\" sizes=\"auto, (max-width: 1512px) 100vw, 1512px\" \/><\/div><\/div><\/div>\n\n\n\n<div style=\"height:40px\" aria-hidden=\"true\" class=\"wp-block-spacer\"><\/div>\n\n\n<div class=\"breadcrumbs align  wp-block-bcn-breadcrumb-trail has-text-color has-background\" vocab=\"https:\/\/schema.org\/\" typeof=\"BreadcrumbList\">\n\t<span><\/span>\n\t<span property=\"itemListElement\" typeof=\"ListItem\"><a property=\"item\" typeof=\"WebPage\" title=\"Ir a Turismo El Ejido.\" href=\"https:\/\/turismo.elejido.es\" class=\"home\" aria-current=\"page\"><span property=\"name\">Turismo El Ejido<\/span><\/a><meta property=\"position\" content=\"1\"><\/span><\/div>\n\n\n\n<div style=\"height:50px\" aria-hidden=\"true\" class=\"wp-block-spacer\"><\/div>\n\n\n\n<h1 class=\"wp-block-heading\">San Valent\u00edn 2024<\/h1>\n\n\n\n<p><br><\/p>\n\n\n\n<p><\/p>\n\n\n\n<p><strong>Entre los d\u00edas 5 y 14 de febrero<\/strong> la animaci\u00f3n llegar\u00e1 a los n\u00facleos y al centro de El Ejido, con la instalaci\u00f3n de un fotomat\u00f3n con atrezzo de la tem\u00e1tica de San Valent\u00edn en 12 espacios diferentes. Cupido estar\u00e1 muy presente los <strong>d\u00edas 10, 12, 13 y 14 de febrero<\/strong> en las zonas comerciales de El Ejido Norte, La Loma, Santo Domingo, Centro Comercial Copo, Zona del Auditorio, Ejido Centro, Miguel \u00c1ngel y Bulevar acompa\u00f1ado por un violinista y un gran coraz\u00f3n. \u00a1Sal a su b\u00fasqueda! \u00c9l y el comercio local te est\u00e1n esperando<\/p>\n\n\n\n<p> <\/p>\n\n\n\n<div style=\"height:56px\" aria-hidden=\"true\" class=\"wp-block-spacer\"><\/div>\n\n\n\n<figure class=\"wp-block-image size-large\"><img loading=\"lazy\" decoding=\"async\" width=\"1920\" height=\"1080\" src=\"https:\/\/app.elejido.es\/turismo\/wp-content\/uploads\/2024\/01\/240131-CAMPANA-SAN-VALENTIN-3-1920x1080.jpg\" alt=\"\" class=\"wp-image-22198\" srcset=\"https:\/\/turismo.elejido.es\/wp-content\/uploads\/2024\/01\/240131-CAMPANA-SAN-VALENTIN-3-1920x1080.jpg 1920w, https:\/\/turismo.elejido.es\/wp-content\/uploads\/2024\/01\/240131-CAMPANA-SAN-VALENTIN-3-500x281.jpg 500w, https:\/\/turismo.elejido.es\/wp-content\/uploads\/2024\/01\/240131-CAMPANA-SAN-VALENTIN-3-768x432.jpg 768w, https:\/\/turismo.elejido.es\/wp-content\/uploads\/2024\/01\/240131-CAMPANA-SAN-VALENTIN-3-1536x864.jpg 1536w, https:\/\/turismo.elejido.es\/wp-content\/uploads\/2024\/01\/240131-CAMPANA-SAN-VALENTIN-3-2048x1152.jpg 2048w, https:\/\/turismo.elejido.es\/wp-content\/uploads\/2024\/01\/240131-CAMPANA-SAN-VALENTIN-3-800x450.jpg 800w, https:\/\/turismo.elejido.es\/wp-content\/uploads\/2024\/01\/240131-CAMPANA-SAN-VALENTIN-3-1280x720.jpg 1280w\" sizes=\"auto, (max-width: 1920px) 100vw, 1920px\" \/><\/figure>\n\n\n\n\n\n<div style=\"height:61px\" aria-hidden=\"true\" class=\"wp-block-spacer\"><\/div>\n","protected":false},"excerpt":{"rendered":"<p>San Valent\u00edn 2024 Entre los d\u00edas 5 y 14 de febrero la animaci\u00f3n llegar\u00e1 a los n\u00facleos y al centro de El Ejido, con la instalaci\u00f3n de un fotomat\u00f3n con atrezzo de la tem\u00e1tica de San Valent\u00edn en 12 espacios diferentes. Cupido estar\u00e1 muy presente los d\u00edas 10, 12, 13 y 14 de febrero en [&hellip;]<\/p>\n","protected":false},"author":5,"featured_media":22205,"comment_status":"closed","ping_status":"closed","template":"","tags":[],"mec_category":[774],"class_list":["post-22195","mec-events","type-mec-events","status-publish","has-post-thumbnail","hentry","mec_category-ocio-es","entry","has-media"],"yoast_head":"<!-- This site is optimized with the Yoast SEO plugin v27.4 - https:\/\/yoast.com\/product\/yoast-seo-wordpress\/ -->\n<title>San Valent\u00edn 2024<\/title>\n<meta name=\"description\" content=\"Entre los d\u00edas 5 y 14 de febrero la animaci\u00f3n llegar\u00e1 a los n\u00facleos y al centro de El Ejido, con la instalaci\u00f3n de un fotomat\u00f3n.\" \/>\n<meta name=\"robots\" content=\"index, follow, max-snippet:-1, max-image-preview:large, max-video-preview:-1\" \/>\n<link rel=\"canonical\" href=\"https:\/\/turismo.elejido.es\/index.php\/events\/san-valentin-2024\/\" \/>\n<meta property=\"og:locale\" content=\"es_ES\" \/>\n<meta property=\"og:type\" content=\"article\" \/>\n<meta property=\"og:title\" content=\"San Valent\u00edn 2024\" \/>\n<meta property=\"og:description\" content=\"Entre los d\u00edas 5 y 14 de febrero la animaci\u00f3n llegar\u00e1 a los n\u00facleos y al centro de El Ejido, con la instalaci\u00f3n de un fotomat\u00f3n.\" \/>\n<meta property=\"og:url\" content=\"https:\/\/turismo.elejido.es\/index.php\/events\/san-valentin-2024\/\" \/>\n<meta property=\"og:site_name\" content=\"Turismo El Ejido\" \/>\n<meta property=\"article:modified_time\" content=\"2024-02-01T08:32:21+00:00\" \/>\n<meta property=\"og:image\" content=\"https:\/\/turismo.elejido.es\/wp-content\/uploads\/2024\/01\/San-Valentin.png\" \/>\n\t<meta property=\"og:image:width\" content=\"1512\" \/>\n\t<meta property=\"og:image:height\" content=\"1512\" \/>\n\t<meta property=\"og:image:type\" content=\"image\/png\" \/>\n<meta name=\"twitter:card\" content=\"summary_large_image\" \/>\n<meta name=\"twitter:label1\" content=\"Tiempo de lectura\" \/>\n\t<meta name=\"twitter:data1\" content=\"1 minuto\" \/>\n<script type=\"application\/ld+json\" class=\"yoast-schema-graph\">{\"@context\":\"https:\\\/\\\/schema.org\",\"@graph\":[{\"@type\":\"WebPage\",\"@id\":\"https:\\\/\\\/turismo.elejido.es\\\/index.php\\\/events\\\/san-valentin-2024\\\/\",\"url\":\"https:\\\/\\\/turismo.elejido.es\\\/index.php\\\/events\\\/san-valentin-2024\\\/\",\"name\":\"San Valent\u00edn 2024\",\"isPartOf\":{\"@id\":\"https:\\\/\\\/turismo.elejido.es\\\/#website\"},\"primaryImageOfPage\":{\"@id\":\"https:\\\/\\\/turismo.elejido.es\\\/index.php\\\/events\\\/san-valentin-2024\\\/#primaryimage\"},\"image\":{\"@id\":\"https:\\\/\\\/turismo.elejido.es\\\/index.php\\\/events\\\/san-valentin-2024\\\/#primaryimage\"},\"thumbnailUrl\":\"https:\\\/\\\/turismo.elejido.es\\\/wp-content\\\/uploads\\\/2024\\\/01\\\/San-Valentin.png\",\"datePublished\":\"2024-01-31T14:21:03+00:00\",\"dateModified\":\"2024-02-01T08:32:21+00:00\",\"description\":\"Entre los d\u00edas 5 y 14 de febrero la animaci\u00f3n llegar\u00e1 a los n\u00facleos y al centro de El Ejido, con la instalaci\u00f3n de un fotomat\u00f3n.\",\"breadcrumb\":{\"@id\":\"https:\\\/\\\/turismo.elejido.es\\\/index.php\\\/events\\\/san-valentin-2024\\\/#breadcrumb\"},\"inLanguage\":\"es\",\"potentialAction\":[{\"@type\":\"ReadAction\",\"target\":[\"https:\\\/\\\/turismo.elejido.es\\\/index.php\\\/events\\\/san-valentin-2024\\\/\"]}]},{\"@type\":\"ImageObject\",\"inLanguage\":\"es\",\"@id\":\"https:\\\/\\\/turismo.elejido.es\\\/index.php\\\/events\\\/san-valentin-2024\\\/#primaryimage\",\"url\":\"https:\\\/\\\/turismo.elejido.es\\\/wp-content\\\/uploads\\\/2024\\\/01\\\/San-Valentin.png\",\"contentUrl\":\"https:\\\/\\\/turismo.elejido.es\\\/wp-content\\\/uploads\\\/2024\\\/01\\\/San-Valentin.png\",\"width\":1512,\"height\":1512},{\"@type\":\"BreadcrumbList\",\"@id\":\"https:\\\/\\\/turismo.elejido.es\\\/index.php\\\/events\\\/san-valentin-2024\\\/#breadcrumb\",\"itemListElement\":[{\"@type\":\"ListItem\",\"position\":1,\"name\":\"Inicio\",\"item\":\"https:\\\/\\\/turismo.elejido.es\\\/\"},{\"@type\":\"ListItem\",\"position\":2,\"name\":\"Eventos\",\"item\":\"https:\\\/\\\/turismo.elejido.es\\\/index.php\\\/events\\\/\"},{\"@type\":\"ListItem\",\"position\":3,\"name\":\"San Valent\u00edn 2024\"}]},{\"@type\":\"WebSite\",\"@id\":\"https:\\\/\\\/turismo.elejido.es\\\/#website\",\"url\":\"https:\\\/\\\/turismo.elejido.es\\\/\",\"name\":\"Turismo El Ejido\",\"description\":\"Portal Oficial de Turismo del Municipio de El Ejido, Almerimar y Balerma situado en la costa de Almer\u00eda.\",\"publisher\":{\"@id\":\"https:\\\/\\\/turismo.elejido.es\\\/#organization\"},\"potentialAction\":[{\"@type\":\"SearchAction\",\"target\":{\"@type\":\"EntryPoint\",\"urlTemplate\":\"https:\\\/\\\/turismo.elejido.es\\\/?s={search_term_string}\"},\"query-input\":{\"@type\":\"PropertyValueSpecification\",\"valueRequired\":true,\"valueName\":\"search_term_string\"}}],\"inLanguage\":\"es\"},{\"@type\":\"Organization\",\"@id\":\"https:\\\/\\\/turismo.elejido.es\\\/#organization\",\"name\":\"Turismo El Ejido\",\"url\":\"https:\\\/\\\/turismo.elejido.es\\\/\",\"logo\":{\"@type\":\"ImageObject\",\"inLanguage\":\"es\",\"@id\":\"https:\\\/\\\/turismo.elejido.es\\\/#\\\/schema\\\/logo\\\/image\\\/\",\"url\":\"https:\\\/\\\/turismo.elejido.es\\\/wp-content\\\/uploads\\\/2020\\\/12\\\/elejidoNaranja.png\",\"contentUrl\":\"https:\\\/\\\/turismo.elejido.es\\\/wp-content\\\/uploads\\\/2020\\\/12\\\/elejidoNaranja.png\",\"width\":163,\"height\":92,\"caption\":\"Turismo El Ejido\"},\"image\":{\"@id\":\"https:\\\/\\\/turismo.elejido.es\\\/#\\\/schema\\\/logo\\\/image\\\/\"}}]}<\/script>\n<!-- \/ Yoast SEO plugin. -->","yoast_head_json":{"title":"San Valent\u00edn 2024","description":"Entre los d\u00edas 5 y 14 de febrero la animaci\u00f3n llegar\u00e1 a los n\u00facleos y al centro de El Ejido, con la instalaci\u00f3n de un fotomat\u00f3n.","robots":{"index":"index","follow":"follow","max-snippet":"max-snippet:-1","max-image-preview":"max-image-preview:large","max-video-preview":"max-video-preview:-1"},"canonical":"https:\/\/turismo.elejido.es\/index.php\/events\/san-valentin-2024\/","og_locale":"es_ES","og_type":"article","og_title":"San Valent\u00edn 2024","og_description":"Entre los d\u00edas 5 y 14 de febrero la animaci\u00f3n llegar\u00e1 a los n\u00facleos y al centro de El Ejido, con la instalaci\u00f3n de un fotomat\u00f3n.","og_url":"https:\/\/turismo.elejido.es\/index.php\/events\/san-valentin-2024\/","og_site_name":"Turismo El Ejido","article_modified_time":"2024-02-01T08:32:21+00:00","og_image":[{"width":1512,"height":1512,"url":"https:\/\/turismo.elejido.es\/wp-content\/uploads\/2024\/01\/San-Valentin.png","type":"image\/png"}],"twitter_card":"summary_large_image","twitter_misc":{"Tiempo de lectura":"1 minuto"},"schema":{"@context":"https:\/\/schema.org","@graph":[{"@type":"WebPage","@id":"https:\/\/turismo.elejido.es\/index.php\/events\/san-valentin-2024\/","url":"https:\/\/turismo.elejido.es\/index.php\/events\/san-valentin-2024\/","name":"San Valent\u00edn 2024","isPartOf":{"@id":"https:\/\/turismo.elejido.es\/#website"},"primaryImageOfPage":{"@id":"https:\/\/turismo.elejido.es\/index.php\/events\/san-valentin-2024\/#primaryimage"},"image":{"@id":"https:\/\/turismo.elejido.es\/index.php\/events\/san-valentin-2024\/#primaryimage"},"thumbnailUrl":"https:\/\/turismo.elejido.es\/wp-content\/uploads\/2024\/01\/San-Valentin.png","datePublished":"2024-01-31T14:21:03+00:00","dateModified":"2024-02-01T08:32:21+00:00","description":"Entre los d\u00edas 5 y 14 de febrero la animaci\u00f3n llegar\u00e1 a los n\u00facleos y al centro de El Ejido, con la instalaci\u00f3n de un fotomat\u00f3n.","breadcrumb":{"@id":"https:\/\/turismo.elejido.es\/index.php\/events\/san-valentin-2024\/#breadcrumb"},"inLanguage":"es","potentialAction":[{"@type":"ReadAction","target":["https:\/\/turismo.elejido.es\/index.php\/events\/san-valentin-2024\/"]}]},{"@type":"ImageObject","inLanguage":"es","@id":"https:\/\/turismo.elejido.es\/index.php\/events\/san-valentin-2024\/#primaryimage","url":"https:\/\/turismo.elejido.es\/wp-content\/uploads\/2024\/01\/San-Valentin.png","contentUrl":"https:\/\/turismo.elejido.es\/wp-content\/uploads\/2024\/01\/San-Valentin.png","width":1512,"height":1512},{"@type":"BreadcrumbList","@id":"https:\/\/turismo.elejido.es\/index.php\/events\/san-valentin-2024\/#breadcrumb","itemListElement":[{"@type":"ListItem","position":1,"name":"Inicio","item":"https:\/\/turismo.elejido.es\/"},{"@type":"ListItem","position":2,"name":"Eventos","item":"https:\/\/turismo.elejido.es\/index.php\/events\/"},{"@type":"ListItem","position":3,"name":"San Valent\u00edn 2024"}]},{"@type":"WebSite","@id":"https:\/\/turismo.elejido.es\/#website","url":"https:\/\/turismo.elejido.es\/","name":"Turismo El Ejido","description":"Portal Oficial de Turismo del Municipio de El Ejido, Almerimar y Balerma situado en la costa de Almer\u00eda.","publisher":{"@id":"https:\/\/turismo.elejido.es\/#organization"},"potentialAction":[{"@type":"SearchAction","target":{"@type":"EntryPoint","urlTemplate":"https:\/\/turismo.elejido.es\/?s={search_term_string}"},"query-input":{"@type":"PropertyValueSpecification","valueRequired":true,"valueName":"search_term_string"}}],"inLanguage":"es"},{"@type":"Organization","@id":"https:\/\/turismo.elejido.es\/#organization","name":"Turismo El Ejido","url":"https:\/\/turismo.elejido.es\/","logo":{"@type":"ImageObject","inLanguage":"es","@id":"https:\/\/turismo.elejido.es\/#\/schema\/logo\/image\/","url":"https:\/\/turismo.elejido.es\/wp-content\/uploads\/2020\/12\/elejidoNaranja.png","contentUrl":"https:\/\/turismo.elejido.es\/wp-content\/uploads\/2020\/12\/elejidoNaranja.png","width":163,"height":92,"caption":"Turismo El Ejido"},"image":{"@id":"https:\/\/turismo.elejido.es\/#\/schema\/logo\/image\/"}}]}},"_links":{"self":[{"href":"https:\/\/turismo.elejido.es\/index.php\/wp-json\/wp\/v2\/mec-events\/22195","targetHints":{"allow":["GET"]}}],"collection":[{"href":"https:\/\/turismo.elejido.es\/index.php\/wp-json\/wp\/v2\/mec-events"}],"about":[{"href":"https:\/\/turismo.elejido.es\/index.php\/wp-json\/wp\/v2\/types\/mec-events"}],"author":[{"embeddable":true,"href":"https:\/\/turismo.elejido.es\/index.php\/wp-json\/wp\/v2\/users\/5"}],"replies":[{"embeddable":true,"href":"https:\/\/turismo.elejido.es\/index.php\/wp-json\/wp\/v2\/comments?post=22195"}],"wp:featuredmedia":[{"embeddable":true,"href":"https:\/\/turismo.elejido.es\/index.php\/wp-json\/wp\/v2\/media\/22205"}],"wp:attachment":[{"href":"https:\/\/turismo.elejido.es\/index.php\/wp-json\/wp\/v2\/media?parent=22195"}],"wp:term":[{"taxonomy":"post_tag","embeddable":true,"href":"https:\/\/turismo.elejido.es\/index.php\/wp-json\/wp\/v2\/tags?post=22195"},{"taxonomy":"mec_category","embeddable":true,"href":"https:\/\/turismo.elejido.es\/index.php\/wp-json\/wp\/v2\/mec_category?post=22195"}],"curies":[{"name":"wp","href":"https:\/\/api.w.org\/{rel}","templated":true}]}}