{"id":22252,"date":"2024-02-21T11:28:28","date_gmt":"2024-02-21T10:28:28","guid":{"rendered":"https:\/\/turismo.elejido.es\/?post_type=mec-events&#038;p=22252"},"modified":"2024-02-21T11:28:29","modified_gmt":"2024-02-21T10:28:29","slug":"comandante-lara-cia-viaje-con-nosotros","status":"publish","type":"mec-events","link":"https:\/\/turismo.elejido.es\/index.php\/events\/comandante-lara-cia-viaje-con-nosotros\/","title":{"rendered":"Comandante Lara &#038; C\u00eda \u201cViaje con Nosotros\u201d"},"content":{"rendered":"\n<div class=\"wp-block-nk-awb nk-awb alturaSlider is-layout-constrained wp-block-nk-awb-is-layout-constrained\"><div class=\"nk-awb-wrap\" data-awb-type=\"image\" data-awb-image-background-size=\"cover\" data-awb-image-background-position=\"51% 1%\" data-awb-parallax=\"scroll\" data-awb-parallax-speed=\"0.5\" data-awb-parallax-mobile=\"false\"><div class=\"nk-awb-inner\"><img loading=\"lazy\" decoding=\"async\" src=\"https:\/\/app.elejido.es\/turismo\/wp-content\/uploads\/2024\/02\/viaje-con-nosotros-Cropped.jpg\" class=\"wp-image-22254 jarallax-img\" width=\"1820\" height=\"1820\" srcset=\"https:\/\/turismo.elejido.es\/wp-content\/uploads\/2024\/02\/viaje-con-nosotros-Cropped.jpg 1820w, https:\/\/turismo.elejido.es\/wp-content\/uploads\/2024\/02\/viaje-con-nosotros-Cropped-500x500.jpg 500w, https:\/\/turismo.elejido.es\/wp-content\/uploads\/2024\/02\/viaje-con-nosotros-Cropped-1080x1080.jpg 1080w, https:\/\/turismo.elejido.es\/wp-content\/uploads\/2024\/02\/viaje-con-nosotros-Cropped-150x150.jpg 150w, https:\/\/turismo.elejido.es\/wp-content\/uploads\/2024\/02\/viaje-con-nosotros-Cropped-768x768.jpg 768w, https:\/\/turismo.elejido.es\/wp-content\/uploads\/2024\/02\/viaje-con-nosotros-Cropped-300x300.jpg 300w, https:\/\/turismo.elejido.es\/wp-content\/uploads\/2024\/02\/viaje-con-nosotros-Cropped-1536x1536.jpg 1536w, https:\/\/turismo.elejido.es\/wp-content\/uploads\/2024\/02\/viaje-con-nosotros-Cropped-800x800.jpg 800w, https:\/\/turismo.elejido.es\/wp-content\/uploads\/2024\/02\/viaje-con-nosotros-Cropped-1280x1280.jpg 1280w, https:\/\/turismo.elejido.es\/wp-content\/uploads\/2024\/02\/viaje-con-nosotros-Cropped-600x600.jpg 600w\" sizes=\"auto, (max-width: 1820px) 100vw, 1820px\" \/><\/div><\/div><\/div>\n\n\n\n<div style=\"height:40px\" aria-hidden=\"true\" class=\"wp-block-spacer\"><\/div>\n\n\n<div class=\"breadcrumbs align  wp-block-bcn-breadcrumb-trail has-text-color has-background\" vocab=\"https:\/\/schema.org\/\" typeof=\"BreadcrumbList\">\n\t<span><\/span>\n\t<span property=\"itemListElement\" typeof=\"ListItem\"><a property=\"item\" typeof=\"WebPage\" title=\"Ir a Turismo El Ejido.\" href=\"https:\/\/turismo.elejido.es\" class=\"home\" aria-current=\"page\"><span property=\"name\">Turismo El Ejido<\/span><\/a><meta property=\"position\" content=\"1\"><\/span><\/div>\n\n\n\n<div style=\"height:50px\" aria-hidden=\"true\" class=\"wp-block-spacer\"><\/div>\n\n\n\n<h1 class=\"wp-block-heading\">Comandante Lara &amp; C\u00eda \u201cViaje con Nosotros\u201d<\/h1>\n\n\n\n<div style=\"height:25px\" aria-hidden=\"true\" class=\"wp-block-spacer\"><\/div>\n\n\n\n<p>El S\u00e1bado 13 de abril a las 21:00h en el Auditorio de El Ejido, la aerol\u00ednea AIR Kej\u00f6\u00e8rsen y su tripulaci\u00f3n te estar\u00e1n esperando para recibirte, darte asiento e instrucciones de seguridad y emprender un vuelo hacia la carcajada. El Comandante Lara y su personal de cabina (Vicente Ruidos y Jes\u00fas Tapia) har\u00e1n todo lo necesario para que todos los pasajeros pasen el mejor y m\u00e1s divertido vuelo de sus vidas. \u00a1No te lo pierdas! Consigue tus entradas en <a href=\"https:\/\/culturaelejido.sacatuentrada.es\/\">https:\/\/culturaelejido.sacatuentrada.es\/<\/a><\/p>\n\n\n\n<p><img loading=\"lazy\" decoding=\"async\" height=\"16\" width=\"16\" alt=\"\ud83d\udccd\" src=\"https:\/\/static.xx.fbcdn.net\/images\/emoji.php\/v9\/t2d\/1\/16\/1f4cd.png\"> Auditorio de El Ejido<\/p>\n\n\n\n<p><img loading=\"lazy\" decoding=\"async\" height=\"16\" width=\"16\" src=\"https:\/\/static.xx.fbcdn.net\/images\/emoji.php\/v9\/t7e\/1\/16\/1f4c5.png\" alt=\"\ud83d\udcc5\"> 13 de Abril<\/p>\n\n\n\n<p><img loading=\"lazy\" decoding=\"async\" height=\"16\" width=\"16\" src=\"https:\/\/static.xx.fbcdn.net\/images\/emoji.php\/v9\/t31\/1\/16\/1f559.png\" alt=\"\ud83d\udd59\"> Horario: 21:00h<\/p>\n\n\n\n<p><\/p>\n\n\n\n<p><\/p>\n\n\n\n<div style=\"height:70px\" aria-hidden=\"true\" class=\"wp-block-spacer\"><\/div>\n\n\n\n<iframe loading=\"lazy\" src=\"https:\/\/www.google.com\/maps\/embed?pb=!1m18!1m12!1m3!1d3195.917232437798!2d-2.8134390843673565!3d36.77255297695444!2m3!1f0!2f0!3f0!3m2!1i1024!2i768!4f13.1!3m3!1m2!1s0xd7042e41b5ae8cf%3A0xde223dcab6eb62f3!2sAuditorio%20de%20El%20Ejido%20-%20%C3%81rea%20de%20Cultura!5e0!3m2!1ses-419!2ses!4v1611826219784!5m2!1ses-419!2ses\" width=\"600\" height=\"450\" frameborder=\"0\" style=\"border:0;\" allowfullscreen=\"\" aria-hidden=\"false\" tabindex=\"0\"><\/iframe>\n","protected":false},"excerpt":{"rendered":"<p>Comandante Lara &amp; C\u00eda \u201cViaje con Nosotros\u201d El S\u00e1bado 13 de abril a las 21:00h en el Auditorio de El Ejido, la aerol\u00ednea AIR Kej\u00f6\u00e8rsen y su tripulaci\u00f3n te estar\u00e1n esperando para recibirte, darte asiento e instrucciones de seguridad y emprender un vuelo hacia la carcajada. El Comandante Lara y su personal de cabina (Vicente [&hellip;]<\/p>\n","protected":false},"author":5,"featured_media":22254,"comment_status":"closed","ping_status":"closed","template":"","tags":[],"mec_category":[774,101],"class_list":["post-22252","mec-events","type-mec-events","status-publish","has-post-thumbnail","hentry","mec_category-ocio-es","mec_category-teatro","entry","has-media"],"yoast_head":"<!-- This site is optimized with the Yoast SEO plugin v27.4 - https:\/\/yoast.com\/product\/yoast-seo-wordpress\/ -->\n<title>Comandante Lara &amp; C\u00eda \u201cViaje con Nosotros\u201d - Turismo El Ejido<\/title>\n<meta name=\"description\" content=\"No te pierdas el mejor y m\u00e1s desternillante vuelo de tu vida. La compa\u00f1\u00eda AIR Kej\u00f6\u00e8rsen y su tripulaci\u00f3n te est\u00e1n esperando.\" \/>\n<meta name=\"robots\" content=\"index, follow, max-snippet:-1, max-image-preview:large, max-video-preview:-1\" \/>\n<link rel=\"canonical\" href=\"https:\/\/turismo.elejido.es\/index.php\/events\/comandante-lara-cia-viaje-con-nosotros\/\" \/>\n<meta property=\"og:locale\" content=\"es_ES\" \/>\n<meta property=\"og:type\" content=\"article\" \/>\n<meta property=\"og:title\" content=\"Comandante Lara &amp; C\u00eda \u201cViaje con Nosotros\u201d - Turismo El Ejido\" \/>\n<meta property=\"og:description\" content=\"No te pierdas el mejor y m\u00e1s desternillante vuelo de tu vida. La compa\u00f1\u00eda AIR Kej\u00f6\u00e8rsen y su tripulaci\u00f3n te est\u00e1n esperando.\" \/>\n<meta property=\"og:url\" content=\"https:\/\/turismo.elejido.es\/index.php\/events\/comandante-lara-cia-viaje-con-nosotros\/\" \/>\n<meta property=\"og:site_name\" content=\"Turismo El Ejido\" \/>\n<meta property=\"article:modified_time\" content=\"2024-02-21T10:28:29+00:00\" \/>\n<meta property=\"og:image\" content=\"https:\/\/turismo.elejido.es\/wp-content\/uploads\/2024\/02\/viaje-con-nosotros-Cropped.jpg\" \/>\n\t<meta property=\"og:image:width\" content=\"1820\" \/>\n\t<meta property=\"og:image:height\" content=\"1820\" \/>\n\t<meta property=\"og:image:type\" content=\"image\/jpeg\" \/>\n<meta name=\"twitter:card\" content=\"summary_large_image\" \/>\n<meta name=\"twitter:label1\" content=\"Tiempo de lectura\" \/>\n\t<meta name=\"twitter:data1\" content=\"2 minutos\" \/>\n<script type=\"application\/ld+json\" class=\"yoast-schema-graph\">{\"@context\":\"https:\\\/\\\/schema.org\",\"@graph\":[{\"@type\":\"WebPage\",\"@id\":\"https:\\\/\\\/turismo.elejido.es\\\/index.php\\\/events\\\/comandante-lara-cia-viaje-con-nosotros\\\/\",\"url\":\"https:\\\/\\\/turismo.elejido.es\\\/index.php\\\/events\\\/comandante-lara-cia-viaje-con-nosotros\\\/\",\"name\":\"Comandante Lara & C\u00eda \u201cViaje con Nosotros\u201d - Turismo El Ejido\",\"isPartOf\":{\"@id\":\"https:\\\/\\\/turismo.elejido.es\\\/#website\"},\"primaryImageOfPage\":{\"@id\":\"https:\\\/\\\/turismo.elejido.es\\\/index.php\\\/events\\\/comandante-lara-cia-viaje-con-nosotros\\\/#primaryimage\"},\"image\":{\"@id\":\"https:\\\/\\\/turismo.elejido.es\\\/index.php\\\/events\\\/comandante-lara-cia-viaje-con-nosotros\\\/#primaryimage\"},\"thumbnailUrl\":\"https:\\\/\\\/turismo.elejido.es\\\/wp-content\\\/uploads\\\/2024\\\/02\\\/viaje-con-nosotros-Cropped.jpg\",\"datePublished\":\"2024-02-21T10:28:28+00:00\",\"dateModified\":\"2024-02-21T10:28:29+00:00\",\"description\":\"No te pierdas el mejor y m\u00e1s desternillante vuelo de tu vida. La compa\u00f1\u00eda AIR Kej\u00f6\u00e8rsen y su tripulaci\u00f3n te est\u00e1n esperando.\",\"breadcrumb\":{\"@id\":\"https:\\\/\\\/turismo.elejido.es\\\/index.php\\\/events\\\/comandante-lara-cia-viaje-con-nosotros\\\/#breadcrumb\"},\"inLanguage\":\"es\",\"potentialAction\":[{\"@type\":\"ReadAction\",\"target\":[\"https:\\\/\\\/turismo.elejido.es\\\/index.php\\\/events\\\/comandante-lara-cia-viaje-con-nosotros\\\/\"]}]},{\"@type\":\"ImageObject\",\"inLanguage\":\"es\",\"@id\":\"https:\\\/\\\/turismo.elejido.es\\\/index.php\\\/events\\\/comandante-lara-cia-viaje-con-nosotros\\\/#primaryimage\",\"url\":\"https:\\\/\\\/turismo.elejido.es\\\/wp-content\\\/uploads\\\/2024\\\/02\\\/viaje-con-nosotros-Cropped.jpg\",\"contentUrl\":\"https:\\\/\\\/turismo.elejido.es\\\/wp-content\\\/uploads\\\/2024\\\/02\\\/viaje-con-nosotros-Cropped.jpg\",\"width\":1820,\"height\":1820},{\"@type\":\"BreadcrumbList\",\"@id\":\"https:\\\/\\\/turismo.elejido.es\\\/index.php\\\/events\\\/comandante-lara-cia-viaje-con-nosotros\\\/#breadcrumb\",\"itemListElement\":[{\"@type\":\"ListItem\",\"position\":1,\"name\":\"Inicio\",\"item\":\"https:\\\/\\\/turismo.elejido.es\\\/\"},{\"@type\":\"ListItem\",\"position\":2,\"name\":\"Eventos\",\"item\":\"https:\\\/\\\/turismo.elejido.es\\\/index.php\\\/events\\\/\"},{\"@type\":\"ListItem\",\"position\":3,\"name\":\"Comandante Lara &#038; C\u00eda \u201cViaje con Nosotros\u201d\"}]},{\"@type\":\"WebSite\",\"@id\":\"https:\\\/\\\/turismo.elejido.es\\\/#website\",\"url\":\"https:\\\/\\\/turismo.elejido.es\\\/\",\"name\":\"Turismo El Ejido\",\"description\":\"Portal Oficial de Turismo del Municipio de El Ejido, Almerimar y Balerma situado en la costa de Almer\u00eda.\",\"publisher\":{\"@id\":\"https:\\\/\\\/turismo.elejido.es\\\/#organization\"},\"potentialAction\":[{\"@type\":\"SearchAction\",\"target\":{\"@type\":\"EntryPoint\",\"urlTemplate\":\"https:\\\/\\\/turismo.elejido.es\\\/?s={search_term_string}\"},\"query-input\":{\"@type\":\"PropertyValueSpecification\",\"valueRequired\":true,\"valueName\":\"search_term_string\"}}],\"inLanguage\":\"es\"},{\"@type\":\"Organization\",\"@id\":\"https:\\\/\\\/turismo.elejido.es\\\/#organization\",\"name\":\"Turismo El Ejido\",\"url\":\"https:\\\/\\\/turismo.elejido.es\\\/\",\"logo\":{\"@type\":\"ImageObject\",\"inLanguage\":\"es\",\"@id\":\"https:\\\/\\\/turismo.elejido.es\\\/#\\\/schema\\\/logo\\\/image\\\/\",\"url\":\"https:\\\/\\\/turismo.elejido.es\\\/wp-content\\\/uploads\\\/2020\\\/12\\\/elejidoNaranja.png\",\"contentUrl\":\"https:\\\/\\\/turismo.elejido.es\\\/wp-content\\\/uploads\\\/2020\\\/12\\\/elejidoNaranja.png\",\"width\":163,\"height\":92,\"caption\":\"Turismo El Ejido\"},\"image\":{\"@id\":\"https:\\\/\\\/turismo.elejido.es\\\/#\\\/schema\\\/logo\\\/image\\\/\"}}]}<\/script>\n<!-- \/ Yoast SEO plugin. -->","yoast_head_json":{"title":"Comandante Lara & C\u00eda \u201cViaje con Nosotros\u201d - Turismo El Ejido","description":"No te pierdas el mejor y m\u00e1s desternillante vuelo de tu vida. La compa\u00f1\u00eda AIR Kej\u00f6\u00e8rsen y su tripulaci\u00f3n te est\u00e1n esperando.","robots":{"index":"index","follow":"follow","max-snippet":"max-snippet:-1","max-image-preview":"max-image-preview:large","max-video-preview":"max-video-preview:-1"},"canonical":"https:\/\/turismo.elejido.es\/index.php\/events\/comandante-lara-cia-viaje-con-nosotros\/","og_locale":"es_ES","og_type":"article","og_title":"Comandante Lara & C\u00eda \u201cViaje con Nosotros\u201d - Turismo El Ejido","og_description":"No te pierdas el mejor y m\u00e1s desternillante vuelo de tu vida. La compa\u00f1\u00eda AIR Kej\u00f6\u00e8rsen y su tripulaci\u00f3n te est\u00e1n esperando.","og_url":"https:\/\/turismo.elejido.es\/index.php\/events\/comandante-lara-cia-viaje-con-nosotros\/","og_site_name":"Turismo El Ejido","article_modified_time":"2024-02-21T10:28:29+00:00","og_image":[{"width":1820,"height":1820,"url":"https:\/\/turismo.elejido.es\/wp-content\/uploads\/2024\/02\/viaje-con-nosotros-Cropped.jpg","type":"image\/jpeg"}],"twitter_card":"summary_large_image","twitter_misc":{"Tiempo de lectura":"2 minutos"},"schema":{"@context":"https:\/\/schema.org","@graph":[{"@type":"WebPage","@id":"https:\/\/turismo.elejido.es\/index.php\/events\/comandante-lara-cia-viaje-con-nosotros\/","url":"https:\/\/turismo.elejido.es\/index.php\/events\/comandante-lara-cia-viaje-con-nosotros\/","name":"Comandante Lara & C\u00eda \u201cViaje con Nosotros\u201d - Turismo El Ejido","isPartOf":{"@id":"https:\/\/turismo.elejido.es\/#website"},"primaryImageOfPage":{"@id":"https:\/\/turismo.elejido.es\/index.php\/events\/comandante-lara-cia-viaje-con-nosotros\/#primaryimage"},"image":{"@id":"https:\/\/turismo.elejido.es\/index.php\/events\/comandante-lara-cia-viaje-con-nosotros\/#primaryimage"},"thumbnailUrl":"https:\/\/turismo.elejido.es\/wp-content\/uploads\/2024\/02\/viaje-con-nosotros-Cropped.jpg","datePublished":"2024-02-21T10:28:28+00:00","dateModified":"2024-02-21T10:28:29+00:00","description":"No te pierdas el mejor y m\u00e1s desternillante vuelo de tu vida. La compa\u00f1\u00eda AIR Kej\u00f6\u00e8rsen y su tripulaci\u00f3n te est\u00e1n esperando.","breadcrumb":{"@id":"https:\/\/turismo.elejido.es\/index.php\/events\/comandante-lara-cia-viaje-con-nosotros\/#breadcrumb"},"inLanguage":"es","potentialAction":[{"@type":"ReadAction","target":["https:\/\/turismo.elejido.es\/index.php\/events\/comandante-lara-cia-viaje-con-nosotros\/"]}]},{"@type":"ImageObject","inLanguage":"es","@id":"https:\/\/turismo.elejido.es\/index.php\/events\/comandante-lara-cia-viaje-con-nosotros\/#primaryimage","url":"https:\/\/turismo.elejido.es\/wp-content\/uploads\/2024\/02\/viaje-con-nosotros-Cropped.jpg","contentUrl":"https:\/\/turismo.elejido.es\/wp-content\/uploads\/2024\/02\/viaje-con-nosotros-Cropped.jpg","width":1820,"height":1820},{"@type":"BreadcrumbList","@id":"https:\/\/turismo.elejido.es\/index.php\/events\/comandante-lara-cia-viaje-con-nosotros\/#breadcrumb","itemListElement":[{"@type":"ListItem","position":1,"name":"Inicio","item":"https:\/\/turismo.elejido.es\/"},{"@type":"ListItem","position":2,"name":"Eventos","item":"https:\/\/turismo.elejido.es\/index.php\/events\/"},{"@type":"ListItem","position":3,"name":"Comandante Lara &#038; C\u00eda \u201cViaje con Nosotros\u201d"}]},{"@type":"WebSite","@id":"https:\/\/turismo.elejido.es\/#website","url":"https:\/\/turismo.elejido.es\/","name":"Turismo El Ejido","description":"Portal Oficial de Turismo del Municipio de El Ejido, Almerimar y Balerma situado en la costa de Almer\u00eda.","publisher":{"@id":"https:\/\/turismo.elejido.es\/#organization"},"potentialAction":[{"@type":"SearchAction","target":{"@type":"EntryPoint","urlTemplate":"https:\/\/turismo.elejido.es\/?s={search_term_string}"},"query-input":{"@type":"PropertyValueSpecification","valueRequired":true,"valueName":"search_term_string"}}],"inLanguage":"es"},{"@type":"Organization","@id":"https:\/\/turismo.elejido.es\/#organization","name":"Turismo El Ejido","url":"https:\/\/turismo.elejido.es\/","logo":{"@type":"ImageObject","inLanguage":"es","@id":"https:\/\/turismo.elejido.es\/#\/schema\/logo\/image\/","url":"https:\/\/turismo.elejido.es\/wp-content\/uploads\/2020\/12\/elejidoNaranja.png","contentUrl":"https:\/\/turismo.elejido.es\/wp-content\/uploads\/2020\/12\/elejidoNaranja.png","width":163,"height":92,"caption":"Turismo El Ejido"},"image":{"@id":"https:\/\/turismo.elejido.es\/#\/schema\/logo\/image\/"}}]}},"_links":{"self":[{"href":"https:\/\/turismo.elejido.es\/index.php\/wp-json\/wp\/v2\/mec-events\/22252","targetHints":{"allow":["GET"]}}],"collection":[{"href":"https:\/\/turismo.elejido.es\/index.php\/wp-json\/wp\/v2\/mec-events"}],"about":[{"href":"https:\/\/turismo.elejido.es\/index.php\/wp-json\/wp\/v2\/types\/mec-events"}],"author":[{"embeddable":true,"href":"https:\/\/turismo.elejido.es\/index.php\/wp-json\/wp\/v2\/users\/5"}],"replies":[{"embeddable":true,"href":"https:\/\/turismo.elejido.es\/index.php\/wp-json\/wp\/v2\/comments?post=22252"}],"wp:featuredmedia":[{"embeddable":true,"href":"https:\/\/turismo.elejido.es\/index.php\/wp-json\/wp\/v2\/media\/22254"}],"wp:attachment":[{"href":"https:\/\/turismo.elejido.es\/index.php\/wp-json\/wp\/v2\/media?parent=22252"}],"wp:term":[{"taxonomy":"post_tag","embeddable":true,"href":"https:\/\/turismo.elejido.es\/index.php\/wp-json\/wp\/v2\/tags?post=22252"},{"taxonomy":"mec_category","embeddable":true,"href":"https:\/\/turismo.elejido.es\/index.php\/wp-json\/wp\/v2\/mec_category?post=22252"}],"curies":[{"name":"wp","href":"https:\/\/api.w.org\/{rel}","templated":true}]}}