{"id":22275,"date":"2024-03-01T13:43:27","date_gmt":"2024-03-01T12:43:27","guid":{"rendered":"https:\/\/turismo.elejido.es\/?post_type=mec-events&#038;p=22275"},"modified":"2025-03-11T14:36:02","modified_gmt":"2025-03-11T13:36:02","slug":"feria-del-comercio-de-el-ejido","status":"publish","type":"mec-events","link":"https:\/\/turismo.elejido.es\/index.php\/events\/feria-del-comercio-de-el-ejido\/","title":{"rendered":"Feria del Comercio de El Ejido"},"content":{"rendered":"\n<div class=\"wp-block-nk-awb nk-awb alturaSlider is-layout-constrained wp-block-nk-awb-is-layout-constrained\"><div class=\"nk-awb-wrap\" data-awb-type=\"image\" data-awb-image-background-size=\"cover\" data-awb-image-background-position=\"52% 51%\" data-awb-parallax=\"scroll\" data-awb-parallax-speed=\"0.5\" data-awb-parallax-mobile=\"false\"><div class=\"nk-awb-inner\"><img loading=\"lazy\" decoding=\"async\" src=\"https:\/\/app.elejido.es\/turismo\/wp-content\/uploads\/2024\/03\/RRSS_3-5.jpg\" class=\"wp-image-24639 jarallax-img\" width=\"2476\" height=\"2476\" srcset=\"https:\/\/turismo.elejido.es\/wp-content\/uploads\/2024\/03\/RRSS_3-5.jpg 2476w, https:\/\/turismo.elejido.es\/wp-content\/uploads\/2024\/03\/RRSS_3-5-500x500.jpg 500w, https:\/\/turismo.elejido.es\/wp-content\/uploads\/2024\/03\/RRSS_3-5-1080x1080.jpg 1080w, https:\/\/turismo.elejido.es\/wp-content\/uploads\/2024\/03\/RRSS_3-5-150x150.jpg 150w, https:\/\/turismo.elejido.es\/wp-content\/uploads\/2024\/03\/RRSS_3-5-768x768.jpg 768w, https:\/\/turismo.elejido.es\/wp-content\/uploads\/2024\/03\/RRSS_3-5-300x300.jpg 300w, https:\/\/turismo.elejido.es\/wp-content\/uploads\/2024\/03\/RRSS_3-5-1536x1536.jpg 1536w, https:\/\/turismo.elejido.es\/wp-content\/uploads\/2024\/03\/RRSS_3-5-2048x2048.jpg 2048w, https:\/\/turismo.elejido.es\/wp-content\/uploads\/2024\/03\/RRSS_3-5-800x800.jpg 800w, https:\/\/turismo.elejido.es\/wp-content\/uploads\/2024\/03\/RRSS_3-5-1280x1280.jpg 1280w, https:\/\/turismo.elejido.es\/wp-content\/uploads\/2024\/03\/RRSS_3-5-1920x1920.jpg 1920w, https:\/\/turismo.elejido.es\/wp-content\/uploads\/2024\/03\/RRSS_3-5-600x600.jpg 600w\" sizes=\"auto, (max-width: 2476px) 100vw, 2476px\" \/><\/div><\/div><\/div>\n\n\n\n<div style=\"height:40px\" aria-hidden=\"true\" class=\"wp-block-spacer\"><\/div>\n\n\n<div class=\"breadcrumbs align  wp-block-bcn-breadcrumb-trail has-text-color has-background\" vocab=\"https:\/\/schema.org\/\" typeof=\"BreadcrumbList\">\n\t<span><\/span>\n\t<span property=\"itemListElement\" typeof=\"ListItem\"><a property=\"item\" typeof=\"WebPage\" title=\"Ir a Turismo El Ejido.\" href=\"https:\/\/turismo.elejido.es\" class=\"home\" aria-current=\"page\"><span property=\"name\">Turismo El Ejido<\/span><\/a><meta property=\"position\" content=\"1\"><\/span><\/div>\n\n\n\n<div style=\"height:50px\" aria-hidden=\"true\" class=\"wp-block-spacer\"><\/div>\n\n\n\n<h1 class=\"wp-block-heading\">Feria del Comercio de El Ejido<\/h1>\n\n\n\n<div style=\"height:25px\" aria-hidden=\"true\" class=\"wp-block-spacer\"><\/div>\n\n\n\n<p>\u00a1No te pierdas la II Feria del Comercio de El Ejido! Una combinaci\u00f3n de comercio local, gastronom\u00eda, m\u00fasica en directo, DJ, ludoteca y foodtrucks que se celebrar\u00e1 los d\u00edas 22 y 23 de marzo en la antigua Nave de Ejidomar de 10:30 a 20:30. \u00a1Te esperamos!<\/p>\n\n\n\n<p><img loading=\"lazy\" decoding=\"async\" height=\"16\" width=\"16\" src=\"https:\/\/static.xx.fbcdn.net\/images\/emoji.php\/v9\/t2d\/1\/16\/1f4cd.png\" alt=\"\ud83d\udccd\"> Nave Ejidomar (Avenida Nicol\u00e1s Salmer\u00f3n, junto Polic\u00eda Local).<\/p>\n\n\n\n<p><img loading=\"lazy\" decoding=\"async\" height=\"16\" width=\"16\" src=\"https:\/\/static.xx.fbcdn.net\/images\/emoji.php\/v9\/t7e\/1\/16\/1f4c5.png\" alt=\"\ud83d\udcc5\"> 22 y 23 de marzo.<\/p>\n\n\n\n<p><img loading=\"lazy\" decoding=\"async\" height=\"16\" width=\"16\" src=\"https:\/\/static.xx.fbcdn.net\/images\/emoji.php\/v9\/t31\/1\/16\/1f559.png\" alt=\"\ud83d\udd59\"> 10:30-20:30<\/p>\n\n\n\n<p>M\u00e1s informaci\u00f3n en: <a href=\"https:\/\/elejido.es\/comercio\/index.php\/feria-del-comercio\/\">https:\/\/elejido.es\/comercio\/index.php\/feria-del-comercio\/<\/a><\/p>\n\n\n\n<p><\/p>\n\n\n\n<div style=\"height:70px\" aria-hidden=\"true\" class=\"wp-block-spacer\"><\/div>\n\n\n\n<figure class=\"wp-block-image size-large\"><img loading=\"lazy\" decoding=\"async\" width=\"865\" height=\"1080\" src=\"https:\/\/app.elejido.es\/turismo\/wp-content\/uploads\/2025\/03\/RRSS_3-5-865x1080.png\" alt=\"\" class=\"wp-image-24640\" srcset=\"https:\/\/turismo.elejido.es\/wp-content\/uploads\/2025\/03\/RRSS_3-5-865x1080.png 865w, https:\/\/turismo.elejido.es\/wp-content\/uploads\/2025\/03\/RRSS_3-5-401x500.png 401w, https:\/\/turismo.elejido.es\/wp-content\/uploads\/2025\/03\/RRSS_3-5-768x959.png 768w, https:\/\/turismo.elejido.es\/wp-content\/uploads\/2025\/03\/RRSS_3-5-1230x1536.png 1230w, https:\/\/turismo.elejido.es\/wp-content\/uploads\/2025\/03\/RRSS_3-5-1641x2048.png 1641w, https:\/\/turismo.elejido.es\/wp-content\/uploads\/2025\/03\/RRSS_3-5-500x624.png 500w, https:\/\/turismo.elejido.es\/wp-content\/uploads\/2025\/03\/RRSS_3-5-800x999.png 800w, https:\/\/turismo.elejido.es\/wp-content\/uploads\/2025\/03\/RRSS_3-5-1280x1598.png 1280w, https:\/\/turismo.elejido.es\/wp-content\/uploads\/2025\/03\/RRSS_3-5-1920x2397.png 1920w\" sizes=\"auto, (max-width: 865px) 100vw, 865px\" \/><\/figure>\n\n\n\n<iframe src=\"https:\/\/www.google.com\/maps\/embed?pb=!1m18!1m12!1m3!1d3196.007535974641!2d-2.8115939885086165!3d36.77038667213989!2m3!1f0!2f0!3f0!3m2!1i1024!2i768!4f13.1!3m3!1m2!1s0xd70431815a4af87%3A0xc79d93a6061b7ad0!2sPolic%C3%ADa%20Local%20de%20El%20Ejido!5e0!3m2!1ses!2ses!4v1709295979358!5m2!1ses!2ses\" width=\"600\" height=\"450\" style=\"border:0;\" allowfullscreen=\"\" loading=\"lazy\" referrerpolicy=\"no-referrer-when-downgrade\"><\/iframe>\n","protected":false},"excerpt":{"rendered":"<p>Feria del Comercio de El Ejido \u00a1No te pierdas la II Feria del Comercio de El Ejido! Una combinaci\u00f3n de comercio local, gastronom\u00eda, m\u00fasica en directo, DJ, ludoteca y foodtrucks que se celebrar\u00e1 los d\u00edas 22 y 23 de marzo en la antigua Nave de Ejidomar de 10:30 a 20:30. \u00a1Te esperamos! Nave Ejidomar (Avenida [&hellip;]<\/p>\n","protected":false},"author":5,"featured_media":24639,"comment_status":"closed","ping_status":"closed","template":"","tags":[],"mec_category":[774],"class_list":["post-22275","mec-events","type-mec-events","status-publish","has-post-thumbnail","hentry","mec_category-ocio-es","entry","has-media"],"yoast_head":"<!-- This site is optimized with the Yoast SEO plugin v27.4 - https:\/\/yoast.com\/product\/yoast-seo-wordpress\/ -->\n<title>Feria del Comercio de El Ejido - Turismo El Ejido<\/title>\n<meta name=\"description\" content=\"No te pierdas la II Feria del Comercio de El Ejido los d\u00edas 22 y 23 de marzo en la Nave de Ejidomar. Ven y disfruta del comercio local.\" \/>\n<meta name=\"robots\" content=\"index, follow, max-snippet:-1, max-image-preview:large, max-video-preview:-1\" \/>\n<link rel=\"canonical\" href=\"https:\/\/turismo.elejido.es\/index.php\/events\/feria-del-comercio-de-el-ejido\/\" \/>\n<meta property=\"og:locale\" content=\"es_ES\" \/>\n<meta property=\"og:type\" content=\"article\" \/>\n<meta property=\"og:title\" content=\"Feria del Comercio de El Ejido - Turismo El Ejido\" \/>\n<meta property=\"og:description\" content=\"No te pierdas la II Feria del Comercio de El Ejido los d\u00edas 22 y 23 de marzo en la Nave de Ejidomar. Ven y disfruta del comercio local.\" \/>\n<meta property=\"og:url\" content=\"https:\/\/turismo.elejido.es\/index.php\/events\/feria-del-comercio-de-el-ejido\/\" \/>\n<meta property=\"og:site_name\" content=\"Turismo El Ejido\" \/>\n<meta property=\"article:modified_time\" content=\"2025-03-11T13:36:02+00:00\" \/>\n<meta property=\"og:image\" content=\"https:\/\/turismo.elejido.es\/wp-content\/uploads\/2024\/03\/RRSS_3-5.jpg\" \/>\n\t<meta property=\"og:image:width\" content=\"2476\" \/>\n\t<meta property=\"og:image:height\" content=\"2476\" \/>\n\t<meta property=\"og:image:type\" content=\"image\/jpeg\" \/>\n<meta name=\"twitter:card\" content=\"summary_large_image\" \/>\n<meta name=\"twitter:label1\" content=\"Tiempo de lectura\" \/>\n\t<meta name=\"twitter:data1\" content=\"2 minutos\" \/>\n<script type=\"application\/ld+json\" class=\"yoast-schema-graph\">{\"@context\":\"https:\\\/\\\/schema.org\",\"@graph\":[{\"@type\":\"WebPage\",\"@id\":\"https:\\\/\\\/turismo.elejido.es\\\/index.php\\\/events\\\/feria-del-comercio-de-el-ejido\\\/\",\"url\":\"https:\\\/\\\/turismo.elejido.es\\\/index.php\\\/events\\\/feria-del-comercio-de-el-ejido\\\/\",\"name\":\"Feria del Comercio de El Ejido - Turismo El Ejido\",\"isPartOf\":{\"@id\":\"https:\\\/\\\/turismo.elejido.es\\\/#website\"},\"primaryImageOfPage\":{\"@id\":\"https:\\\/\\\/turismo.elejido.es\\\/index.php\\\/events\\\/feria-del-comercio-de-el-ejido\\\/#primaryimage\"},\"image\":{\"@id\":\"https:\\\/\\\/turismo.elejido.es\\\/index.php\\\/events\\\/feria-del-comercio-de-el-ejido\\\/#primaryimage\"},\"thumbnailUrl\":\"https:\\\/\\\/turismo.elejido.es\\\/wp-content\\\/uploads\\\/2024\\\/03\\\/RRSS_3-5.jpg\",\"datePublished\":\"2024-03-01T12:43:27+00:00\",\"dateModified\":\"2025-03-11T13:36:02+00:00\",\"description\":\"No te pierdas la II Feria del Comercio de El Ejido los d\u00edas 22 y 23 de marzo en la Nave de Ejidomar. Ven y disfruta del comercio local.\",\"breadcrumb\":{\"@id\":\"https:\\\/\\\/turismo.elejido.es\\\/index.php\\\/events\\\/feria-del-comercio-de-el-ejido\\\/#breadcrumb\"},\"inLanguage\":\"es\",\"potentialAction\":[{\"@type\":\"ReadAction\",\"target\":[\"https:\\\/\\\/turismo.elejido.es\\\/index.php\\\/events\\\/feria-del-comercio-de-el-ejido\\\/\"]}]},{\"@type\":\"ImageObject\",\"inLanguage\":\"es\",\"@id\":\"https:\\\/\\\/turismo.elejido.es\\\/index.php\\\/events\\\/feria-del-comercio-de-el-ejido\\\/#primaryimage\",\"url\":\"https:\\\/\\\/turismo.elejido.es\\\/wp-content\\\/uploads\\\/2024\\\/03\\\/RRSS_3-5.jpg\",\"contentUrl\":\"https:\\\/\\\/turismo.elejido.es\\\/wp-content\\\/uploads\\\/2024\\\/03\\\/RRSS_3-5.jpg\",\"width\":2476,\"height\":2476},{\"@type\":\"BreadcrumbList\",\"@id\":\"https:\\\/\\\/turismo.elejido.es\\\/index.php\\\/events\\\/feria-del-comercio-de-el-ejido\\\/#breadcrumb\",\"itemListElement\":[{\"@type\":\"ListItem\",\"position\":1,\"name\":\"Inicio\",\"item\":\"https:\\\/\\\/turismo.elejido.es\\\/\"},{\"@type\":\"ListItem\",\"position\":2,\"name\":\"Eventos\",\"item\":\"https:\\\/\\\/turismo.elejido.es\\\/index.php\\\/events\\\/\"},{\"@type\":\"ListItem\",\"position\":3,\"name\":\"Feria del Comercio de El Ejido\"}]},{\"@type\":\"WebSite\",\"@id\":\"https:\\\/\\\/turismo.elejido.es\\\/#website\",\"url\":\"https:\\\/\\\/turismo.elejido.es\\\/\",\"name\":\"Turismo El Ejido\",\"description\":\"Portal Oficial de Turismo del Municipio de El Ejido, Almerimar y Balerma situado en la costa de Almer\u00eda.\",\"publisher\":{\"@id\":\"https:\\\/\\\/turismo.elejido.es\\\/#organization\"},\"potentialAction\":[{\"@type\":\"SearchAction\",\"target\":{\"@type\":\"EntryPoint\",\"urlTemplate\":\"https:\\\/\\\/turismo.elejido.es\\\/?s={search_term_string}\"},\"query-input\":{\"@type\":\"PropertyValueSpecification\",\"valueRequired\":true,\"valueName\":\"search_term_string\"}}],\"inLanguage\":\"es\"},{\"@type\":\"Organization\",\"@id\":\"https:\\\/\\\/turismo.elejido.es\\\/#organization\",\"name\":\"Turismo El Ejido\",\"url\":\"https:\\\/\\\/turismo.elejido.es\\\/\",\"logo\":{\"@type\":\"ImageObject\",\"inLanguage\":\"es\",\"@id\":\"https:\\\/\\\/turismo.elejido.es\\\/#\\\/schema\\\/logo\\\/image\\\/\",\"url\":\"https:\\\/\\\/turismo.elejido.es\\\/wp-content\\\/uploads\\\/2020\\\/12\\\/elejidoNaranja.png\",\"contentUrl\":\"https:\\\/\\\/turismo.elejido.es\\\/wp-content\\\/uploads\\\/2020\\\/12\\\/elejidoNaranja.png\",\"width\":163,\"height\":92,\"caption\":\"Turismo El Ejido\"},\"image\":{\"@id\":\"https:\\\/\\\/turismo.elejido.es\\\/#\\\/schema\\\/logo\\\/image\\\/\"}}]}<\/script>\n<!-- \/ Yoast SEO plugin. -->","yoast_head_json":{"title":"Feria del Comercio de El Ejido - Turismo El Ejido","description":"No te pierdas la II Feria del Comercio de El Ejido los d\u00edas 22 y 23 de marzo en la Nave de Ejidomar. Ven y disfruta del comercio local.","robots":{"index":"index","follow":"follow","max-snippet":"max-snippet:-1","max-image-preview":"max-image-preview:large","max-video-preview":"max-video-preview:-1"},"canonical":"https:\/\/turismo.elejido.es\/index.php\/events\/feria-del-comercio-de-el-ejido\/","og_locale":"es_ES","og_type":"article","og_title":"Feria del Comercio de El Ejido - Turismo El Ejido","og_description":"No te pierdas la II Feria del Comercio de El Ejido los d\u00edas 22 y 23 de marzo en la Nave de Ejidomar. Ven y disfruta del comercio local.","og_url":"https:\/\/turismo.elejido.es\/index.php\/events\/feria-del-comercio-de-el-ejido\/","og_site_name":"Turismo El Ejido","article_modified_time":"2025-03-11T13:36:02+00:00","og_image":[{"width":2476,"height":2476,"url":"https:\/\/turismo.elejido.es\/wp-content\/uploads\/2024\/03\/RRSS_3-5.jpg","type":"image\/jpeg"}],"twitter_card":"summary_large_image","twitter_misc":{"Tiempo de lectura":"2 minutos"},"schema":{"@context":"https:\/\/schema.org","@graph":[{"@type":"WebPage","@id":"https:\/\/turismo.elejido.es\/index.php\/events\/feria-del-comercio-de-el-ejido\/","url":"https:\/\/turismo.elejido.es\/index.php\/events\/feria-del-comercio-de-el-ejido\/","name":"Feria del Comercio de El Ejido - Turismo El Ejido","isPartOf":{"@id":"https:\/\/turismo.elejido.es\/#website"},"primaryImageOfPage":{"@id":"https:\/\/turismo.elejido.es\/index.php\/events\/feria-del-comercio-de-el-ejido\/#primaryimage"},"image":{"@id":"https:\/\/turismo.elejido.es\/index.php\/events\/feria-del-comercio-de-el-ejido\/#primaryimage"},"thumbnailUrl":"https:\/\/turismo.elejido.es\/wp-content\/uploads\/2024\/03\/RRSS_3-5.jpg","datePublished":"2024-03-01T12:43:27+00:00","dateModified":"2025-03-11T13:36:02+00:00","description":"No te pierdas la II Feria del Comercio de El Ejido los d\u00edas 22 y 23 de marzo en la Nave de Ejidomar. Ven y disfruta del comercio local.","breadcrumb":{"@id":"https:\/\/turismo.elejido.es\/index.php\/events\/feria-del-comercio-de-el-ejido\/#breadcrumb"},"inLanguage":"es","potentialAction":[{"@type":"ReadAction","target":["https:\/\/turismo.elejido.es\/index.php\/events\/feria-del-comercio-de-el-ejido\/"]}]},{"@type":"ImageObject","inLanguage":"es","@id":"https:\/\/turismo.elejido.es\/index.php\/events\/feria-del-comercio-de-el-ejido\/#primaryimage","url":"https:\/\/turismo.elejido.es\/wp-content\/uploads\/2024\/03\/RRSS_3-5.jpg","contentUrl":"https:\/\/turismo.elejido.es\/wp-content\/uploads\/2024\/03\/RRSS_3-5.jpg","width":2476,"height":2476},{"@type":"BreadcrumbList","@id":"https:\/\/turismo.elejido.es\/index.php\/events\/feria-del-comercio-de-el-ejido\/#breadcrumb","itemListElement":[{"@type":"ListItem","position":1,"name":"Inicio","item":"https:\/\/turismo.elejido.es\/"},{"@type":"ListItem","position":2,"name":"Eventos","item":"https:\/\/turismo.elejido.es\/index.php\/events\/"},{"@type":"ListItem","position":3,"name":"Feria del Comercio de El Ejido"}]},{"@type":"WebSite","@id":"https:\/\/turismo.elejido.es\/#website","url":"https:\/\/turismo.elejido.es\/","name":"Turismo El Ejido","description":"Portal Oficial de Turismo del Municipio de El Ejido, Almerimar y Balerma situado en la costa de Almer\u00eda.","publisher":{"@id":"https:\/\/turismo.elejido.es\/#organization"},"potentialAction":[{"@type":"SearchAction","target":{"@type":"EntryPoint","urlTemplate":"https:\/\/turismo.elejido.es\/?s={search_term_string}"},"query-input":{"@type":"PropertyValueSpecification","valueRequired":true,"valueName":"search_term_string"}}],"inLanguage":"es"},{"@type":"Organization","@id":"https:\/\/turismo.elejido.es\/#organization","name":"Turismo El Ejido","url":"https:\/\/turismo.elejido.es\/","logo":{"@type":"ImageObject","inLanguage":"es","@id":"https:\/\/turismo.elejido.es\/#\/schema\/logo\/image\/","url":"https:\/\/turismo.elejido.es\/wp-content\/uploads\/2020\/12\/elejidoNaranja.png","contentUrl":"https:\/\/turismo.elejido.es\/wp-content\/uploads\/2020\/12\/elejidoNaranja.png","width":163,"height":92,"caption":"Turismo El Ejido"},"image":{"@id":"https:\/\/turismo.elejido.es\/#\/schema\/logo\/image\/"}}]}},"_links":{"self":[{"href":"https:\/\/turismo.elejido.es\/index.php\/wp-json\/wp\/v2\/mec-events\/22275","targetHints":{"allow":["GET"]}}],"collection":[{"href":"https:\/\/turismo.elejido.es\/index.php\/wp-json\/wp\/v2\/mec-events"}],"about":[{"href":"https:\/\/turismo.elejido.es\/index.php\/wp-json\/wp\/v2\/types\/mec-events"}],"author":[{"embeddable":true,"href":"https:\/\/turismo.elejido.es\/index.php\/wp-json\/wp\/v2\/users\/5"}],"replies":[{"embeddable":true,"href":"https:\/\/turismo.elejido.es\/index.php\/wp-json\/wp\/v2\/comments?post=22275"}],"wp:featuredmedia":[{"embeddable":true,"href":"https:\/\/turismo.elejido.es\/index.php\/wp-json\/wp\/v2\/media\/24639"}],"wp:attachment":[{"href":"https:\/\/turismo.elejido.es\/index.php\/wp-json\/wp\/v2\/media?parent=22275"}],"wp:term":[{"taxonomy":"post_tag","embeddable":true,"href":"https:\/\/turismo.elejido.es\/index.php\/wp-json\/wp\/v2\/tags?post=22275"},{"taxonomy":"mec_category","embeddable":true,"href":"https:\/\/turismo.elejido.es\/index.php\/wp-json\/wp\/v2\/mec_category?post=22275"}],"curies":[{"name":"wp","href":"https:\/\/api.w.org\/{rel}","templated":true}]}}