{"id":22280,"date":"2024-03-01T14:05:41","date_gmt":"2024-03-01T13:05:41","guid":{"rendered":"https:\/\/turismo.elejido.es\/?post_type=mec-events&#038;p=22280"},"modified":"2026-02-13T14:06:16","modified_gmt":"2026-02-13T13:06:16","slug":"el-ejido-al-natural","status":"publish","type":"mec-events","link":"https:\/\/turismo.elejido.es\/index.php\/events\/el-ejido-al-natural\/","title":{"rendered":"El Ejido al Natural"},"content":{"rendered":"\n<div style=\"height:40px\" aria-hidden=\"true\" class=\"wp-block-spacer\"><\/div>\n\n\n<div class=\"breadcrumbs align  wp-block-bcn-breadcrumb-trail has-text-color has-background\" vocab=\"https:\/\/schema.org\/\" typeof=\"BreadcrumbList\">\n\t<span><\/span>\n\t<span property=\"itemListElement\" typeof=\"ListItem\"><a property=\"item\" typeof=\"WebPage\" title=\"Ir a Turismo El Ejido.\" href=\"https:\/\/turismo.elejido.es\" class=\"home\" aria-current=\"page\"><span property=\"name\">Turismo El Ejido<\/span><\/a><meta property=\"position\" content=\"1\"><\/span><\/div>\n\n\n\n<div style=\"height:50px\" aria-hidden=\"true\" class=\"wp-block-spacer\"><\/div>\n\n\n\n<h1 class=\"wp-block-heading\">El Ejido al Natural<\/h1>\n\n\n\n<div style=\"height:25px\" aria-hidden=\"true\" class=\"wp-block-spacer\"><\/div>\n\n\n\n<p><strong>El s\u00e1bado, 4 de julio,<\/strong>&nbsp;el Campo de Rugby de Almerimar se transformar\u00e1 en el punto de encuentro donde la m\u00fasica en directo, el Mediterr\u00e1neo y la mejor energ\u00eda se dan la mano.<\/p>\n\n\n\n<p>Una noche para cantar, saltar y dejarse llevar en un entorno abierto, cuidado y con identidad propia.<\/p>\n\n\n\n<p>Sobre el escenario:\u00a0<strong>Silo\u00e9<\/strong>,\u00a0<strong>La La Love You<\/strong>,\u00a0<strong>Ni\u00f1a Polaca<\/strong>\u00a0y\u00a0<strong>Hoonine<\/strong>. Cuatro proyectos en plena efervescencia, con himnos generacionales, directos potentes y una conexi\u00f3n real con el p\u00fablico.<br><strong>El Ejido al Natural<\/strong>\u00a0no es solo un festival: es una forma de vivir la m\u00fasica, al aire libre y sin artificios.<\/p>\n\n\n\n<p>\ud83c\udf9f\ufe0fM\u00e1s informaci\u00f3n y entradas en\u00a0<a href=\"https:\/\/cultura.elejido.es\/\">Cultura El Ejido<\/a>.<\/p>\n\n\n<div class=\"wp-block-image\">\n<figure class=\"aligncenter size-large is-resized\"><img loading=\"lazy\" decoding=\"async\" src=\"https:\/\/app.elejido.es\/turismo\/wp-content\/uploads\/2026\/02\/EJAN-CARTEL-2026_ADS-CARTEL-scaled-1-864x1080.jpg\" alt=\"\" class=\"wp-image-25605\" width=\"216\" height=\"270\" srcset=\"https:\/\/turismo.elejido.es\/wp-content\/uploads\/2026\/02\/EJAN-CARTEL-2026_ADS-CARTEL-scaled-1-864x1080.jpg 864w, https:\/\/turismo.elejido.es\/wp-content\/uploads\/2026\/02\/EJAN-CARTEL-2026_ADS-CARTEL-scaled-1-400x500.jpg 400w, https:\/\/turismo.elejido.es\/wp-content\/uploads\/2026\/02\/EJAN-CARTEL-2026_ADS-CARTEL-scaled-1-768x960.jpg 768w, https:\/\/turismo.elejido.es\/wp-content\/uploads\/2026\/02\/EJAN-CARTEL-2026_ADS-CARTEL-scaled-1-1229x1536.jpg 1229w, https:\/\/turismo.elejido.es\/wp-content\/uploads\/2026\/02\/EJAN-CARTEL-2026_ADS-CARTEL-scaled-1-1638x2048.jpg 1638w, https:\/\/turismo.elejido.es\/wp-content\/uploads\/2026\/02\/EJAN-CARTEL-2026_ADS-CARTEL-scaled-1-500x625.jpg 500w, https:\/\/turismo.elejido.es\/wp-content\/uploads\/2026\/02\/EJAN-CARTEL-2026_ADS-CARTEL-scaled-1-800x1000.jpg 800w, https:\/\/turismo.elejido.es\/wp-content\/uploads\/2026\/02\/EJAN-CARTEL-2026_ADS-CARTEL-scaled-1-1280x1600.jpg 1280w, https:\/\/turismo.elejido.es\/wp-content\/uploads\/2026\/02\/EJAN-CARTEL-2026_ADS-CARTEL-scaled-1-1920x2400.jpg 1920w, https:\/\/turismo.elejido.es\/wp-content\/uploads\/2026\/02\/EJAN-CARTEL-2026_ADS-CARTEL-scaled-1.jpg 2048w\" sizes=\"auto, (max-width: 216px) 100vw, 216px\" \/><\/figure>\n<\/div>\n\n\n<div style=\"height:70px\" aria-hidden=\"true\" class=\"wp-block-spacer\"><\/div>\n\n\n\n<iframe src=\"https:\/\/www.google.com\/maps\/embed?pb=!1m18!1m12!1m3!1d3198.8889367443585!2d-2.7969910885117337!3d36.70120667215987!2m3!1f0!2f0!3f0!3m2!1i1024!2i768!4f13.1!3m3!1m2!1s0xd705db265cd558b%3A0x59b45bc9c846e4e5!2sCampo%20de%20Rugby%20Almerimar!5e0!3m2!1ses!2ses!4v1709297775704!5m2!1ses!2ses\" width=\"600\" height=\"450\" style=\"border:0;\" allowfullscreen=\"\" loading=\"lazy\" referrerpolicy=\"no-referrer-when-downgrade\"><\/iframe>\n","protected":false},"excerpt":{"rendered":"<p>El Ejido al Natural El s\u00e1bado, 4 de julio,&nbsp;el Campo de Rugby de Almerimar se transformar\u00e1 en el punto de encuentro donde la m\u00fasica en directo, el Mediterr\u00e1neo y la mejor energ\u00eda se dan la mano. Una noche para cantar, saltar y dejarse llevar en un entorno abierto, cuidado y con identidad propia. Sobre el [&hellip;]<\/p>\n","protected":false},"author":5,"featured_media":25603,"comment_status":"closed","ping_status":"closed","template":"","tags":[],"mec_category":[103],"class_list":["post-22280","mec-events","type-mec-events","status-publish","has-post-thumbnail","hentry","mec_category-musica","entry","has-media"],"yoast_head":"<!-- This site is optimized with the Yoast SEO plugin v27.4 - https:\/\/yoast.com\/product\/yoast-seo-wordpress\/ -->\n<title>El Ejido al Natural - Turismo El Ejido<\/title>\n<meta name=\"description\" content=\"Silo\u00e9, La La Love You, Ni\u00f1a Polaca y Hoonine. Cuatro proyectos en plena efervescencia y una conexi\u00f3n real con el p\u00fablico.\" \/>\n<meta name=\"robots\" content=\"index, follow, max-snippet:-1, max-image-preview:large, max-video-preview:-1\" \/>\n<link rel=\"canonical\" href=\"https:\/\/turismo.elejido.es\/index.php\/events\/el-ejido-al-natural\/\" \/>\n<meta property=\"og:locale\" content=\"es_ES\" \/>\n<meta property=\"og:type\" content=\"article\" \/>\n<meta property=\"og:title\" content=\"El Ejido al Natural - Turismo El Ejido\" \/>\n<meta property=\"og:description\" content=\"Silo\u00e9, La La Love You, Ni\u00f1a Polaca y Hoonine. Cuatro proyectos en plena efervescencia y una conexi\u00f3n real con el p\u00fablico.\" \/>\n<meta property=\"og:url\" content=\"https:\/\/turismo.elejido.es\/index.php\/events\/el-ejido-al-natural\/\" \/>\n<meta property=\"og:site_name\" content=\"Turismo El Ejido\" \/>\n<meta property=\"article:modified_time\" content=\"2026-02-13T13:06:16+00:00\" \/>\n<meta property=\"og:image\" content=\"https:\/\/turismo.elejido.es\/wp-content\/uploads\/2024\/03\/EJAN-CARTEL-2026_ADS-CARTEL-scaled-Cropped.jpg\" \/>\n\t<meta property=\"og:image:width\" content=\"1694\" \/>\n\t<meta property=\"og:image:height\" content=\"1694\" \/>\n\t<meta property=\"og:image:type\" content=\"image\/jpeg\" \/>\n<meta name=\"twitter:card\" content=\"summary_large_image\" \/>\n<meta name=\"twitter:label1\" content=\"Tiempo de lectura\" \/>\n\t<meta name=\"twitter:data1\" content=\"1 minuto\" \/>\n<script type=\"application\/ld+json\" class=\"yoast-schema-graph\">{\"@context\":\"https:\\\/\\\/schema.org\",\"@graph\":[{\"@type\":\"WebPage\",\"@id\":\"https:\\\/\\\/turismo.elejido.es\\\/index.php\\\/events\\\/el-ejido-al-natural\\\/\",\"url\":\"https:\\\/\\\/turismo.elejido.es\\\/index.php\\\/events\\\/el-ejido-al-natural\\\/\",\"name\":\"El Ejido al Natural - Turismo El Ejido\",\"isPartOf\":{\"@id\":\"https:\\\/\\\/turismo.elejido.es\\\/#website\"},\"primaryImageOfPage\":{\"@id\":\"https:\\\/\\\/turismo.elejido.es\\\/index.php\\\/events\\\/el-ejido-al-natural\\\/#primaryimage\"},\"image\":{\"@id\":\"https:\\\/\\\/turismo.elejido.es\\\/index.php\\\/events\\\/el-ejido-al-natural\\\/#primaryimage\"},\"thumbnailUrl\":\"https:\\\/\\\/turismo.elejido.es\\\/wp-content\\\/uploads\\\/2024\\\/03\\\/EJAN-CARTEL-2026_ADS-CARTEL-scaled-Cropped.jpg\",\"datePublished\":\"2024-03-01T13:05:41+00:00\",\"dateModified\":\"2026-02-13T13:06:16+00:00\",\"description\":\"Silo\u00e9, La La Love You, Ni\u00f1a Polaca y Hoonine. Cuatro proyectos en plena efervescencia y una conexi\u00f3n real con el p\u00fablico.\",\"breadcrumb\":{\"@id\":\"https:\\\/\\\/turismo.elejido.es\\\/index.php\\\/events\\\/el-ejido-al-natural\\\/#breadcrumb\"},\"inLanguage\":\"es\",\"potentialAction\":[{\"@type\":\"ReadAction\",\"target\":[\"https:\\\/\\\/turismo.elejido.es\\\/index.php\\\/events\\\/el-ejido-al-natural\\\/\"]}]},{\"@type\":\"ImageObject\",\"inLanguage\":\"es\",\"@id\":\"https:\\\/\\\/turismo.elejido.es\\\/index.php\\\/events\\\/el-ejido-al-natural\\\/#primaryimage\",\"url\":\"https:\\\/\\\/turismo.elejido.es\\\/wp-content\\\/uploads\\\/2024\\\/03\\\/EJAN-CARTEL-2026_ADS-CARTEL-scaled-Cropped.jpg\",\"contentUrl\":\"https:\\\/\\\/turismo.elejido.es\\\/wp-content\\\/uploads\\\/2024\\\/03\\\/EJAN-CARTEL-2026_ADS-CARTEL-scaled-Cropped.jpg\",\"width\":1694,\"height\":1694},{\"@type\":\"BreadcrumbList\",\"@id\":\"https:\\\/\\\/turismo.elejido.es\\\/index.php\\\/events\\\/el-ejido-al-natural\\\/#breadcrumb\",\"itemListElement\":[{\"@type\":\"ListItem\",\"position\":1,\"name\":\"Inicio\",\"item\":\"https:\\\/\\\/turismo.elejido.es\\\/\"},{\"@type\":\"ListItem\",\"position\":2,\"name\":\"Eventos\",\"item\":\"https:\\\/\\\/turismo.elejido.es\\\/index.php\\\/events\\\/\"},{\"@type\":\"ListItem\",\"position\":3,\"name\":\"El Ejido al Natural\"}]},{\"@type\":\"WebSite\",\"@id\":\"https:\\\/\\\/turismo.elejido.es\\\/#website\",\"url\":\"https:\\\/\\\/turismo.elejido.es\\\/\",\"name\":\"Turismo El Ejido\",\"description\":\"Portal Oficial de Turismo del Municipio de El Ejido, Almerimar y Balerma situado en la costa de Almer\u00eda.\",\"publisher\":{\"@id\":\"https:\\\/\\\/turismo.elejido.es\\\/#organization\"},\"potentialAction\":[{\"@type\":\"SearchAction\",\"target\":{\"@type\":\"EntryPoint\",\"urlTemplate\":\"https:\\\/\\\/turismo.elejido.es\\\/?s={search_term_string}\"},\"query-input\":{\"@type\":\"PropertyValueSpecification\",\"valueRequired\":true,\"valueName\":\"search_term_string\"}}],\"inLanguage\":\"es\"},{\"@type\":\"Organization\",\"@id\":\"https:\\\/\\\/turismo.elejido.es\\\/#organization\",\"name\":\"Turismo El Ejido\",\"url\":\"https:\\\/\\\/turismo.elejido.es\\\/\",\"logo\":{\"@type\":\"ImageObject\",\"inLanguage\":\"es\",\"@id\":\"https:\\\/\\\/turismo.elejido.es\\\/#\\\/schema\\\/logo\\\/image\\\/\",\"url\":\"https:\\\/\\\/turismo.elejido.es\\\/wp-content\\\/uploads\\\/2020\\\/12\\\/elejidoNaranja.png\",\"contentUrl\":\"https:\\\/\\\/turismo.elejido.es\\\/wp-content\\\/uploads\\\/2020\\\/12\\\/elejidoNaranja.png\",\"width\":163,\"height\":92,\"caption\":\"Turismo El Ejido\"},\"image\":{\"@id\":\"https:\\\/\\\/turismo.elejido.es\\\/#\\\/schema\\\/logo\\\/image\\\/\"}}]}<\/script>\n<!-- \/ Yoast SEO plugin. -->","yoast_head_json":{"title":"El Ejido al Natural - Turismo El Ejido","description":"Silo\u00e9, La La Love You, Ni\u00f1a Polaca y Hoonine. Cuatro proyectos en plena efervescencia y una conexi\u00f3n real con el p\u00fablico.","robots":{"index":"index","follow":"follow","max-snippet":"max-snippet:-1","max-image-preview":"max-image-preview:large","max-video-preview":"max-video-preview:-1"},"canonical":"https:\/\/turismo.elejido.es\/index.php\/events\/el-ejido-al-natural\/","og_locale":"es_ES","og_type":"article","og_title":"El Ejido al Natural - Turismo El Ejido","og_description":"Silo\u00e9, La La Love You, Ni\u00f1a Polaca y Hoonine. Cuatro proyectos en plena efervescencia y una conexi\u00f3n real con el p\u00fablico.","og_url":"https:\/\/turismo.elejido.es\/index.php\/events\/el-ejido-al-natural\/","og_site_name":"Turismo El Ejido","article_modified_time":"2026-02-13T13:06:16+00:00","og_image":[{"width":1694,"height":1694,"url":"https:\/\/turismo.elejido.es\/wp-content\/uploads\/2024\/03\/EJAN-CARTEL-2026_ADS-CARTEL-scaled-Cropped.jpg","type":"image\/jpeg"}],"twitter_card":"summary_large_image","twitter_misc":{"Tiempo de lectura":"1 minuto"},"schema":{"@context":"https:\/\/schema.org","@graph":[{"@type":"WebPage","@id":"https:\/\/turismo.elejido.es\/index.php\/events\/el-ejido-al-natural\/","url":"https:\/\/turismo.elejido.es\/index.php\/events\/el-ejido-al-natural\/","name":"El Ejido al Natural - Turismo El Ejido","isPartOf":{"@id":"https:\/\/turismo.elejido.es\/#website"},"primaryImageOfPage":{"@id":"https:\/\/turismo.elejido.es\/index.php\/events\/el-ejido-al-natural\/#primaryimage"},"image":{"@id":"https:\/\/turismo.elejido.es\/index.php\/events\/el-ejido-al-natural\/#primaryimage"},"thumbnailUrl":"https:\/\/turismo.elejido.es\/wp-content\/uploads\/2024\/03\/EJAN-CARTEL-2026_ADS-CARTEL-scaled-Cropped.jpg","datePublished":"2024-03-01T13:05:41+00:00","dateModified":"2026-02-13T13:06:16+00:00","description":"Silo\u00e9, La La Love You, Ni\u00f1a Polaca y Hoonine. Cuatro proyectos en plena efervescencia y una conexi\u00f3n real con el p\u00fablico.","breadcrumb":{"@id":"https:\/\/turismo.elejido.es\/index.php\/events\/el-ejido-al-natural\/#breadcrumb"},"inLanguage":"es","potentialAction":[{"@type":"ReadAction","target":["https:\/\/turismo.elejido.es\/index.php\/events\/el-ejido-al-natural\/"]}]},{"@type":"ImageObject","inLanguage":"es","@id":"https:\/\/turismo.elejido.es\/index.php\/events\/el-ejido-al-natural\/#primaryimage","url":"https:\/\/turismo.elejido.es\/wp-content\/uploads\/2024\/03\/EJAN-CARTEL-2026_ADS-CARTEL-scaled-Cropped.jpg","contentUrl":"https:\/\/turismo.elejido.es\/wp-content\/uploads\/2024\/03\/EJAN-CARTEL-2026_ADS-CARTEL-scaled-Cropped.jpg","width":1694,"height":1694},{"@type":"BreadcrumbList","@id":"https:\/\/turismo.elejido.es\/index.php\/events\/el-ejido-al-natural\/#breadcrumb","itemListElement":[{"@type":"ListItem","position":1,"name":"Inicio","item":"https:\/\/turismo.elejido.es\/"},{"@type":"ListItem","position":2,"name":"Eventos","item":"https:\/\/turismo.elejido.es\/index.php\/events\/"},{"@type":"ListItem","position":3,"name":"El Ejido al Natural"}]},{"@type":"WebSite","@id":"https:\/\/turismo.elejido.es\/#website","url":"https:\/\/turismo.elejido.es\/","name":"Turismo El Ejido","description":"Portal Oficial de Turismo del Municipio de El Ejido, Almerimar y Balerma situado en la costa de Almer\u00eda.","publisher":{"@id":"https:\/\/turismo.elejido.es\/#organization"},"potentialAction":[{"@type":"SearchAction","target":{"@type":"EntryPoint","urlTemplate":"https:\/\/turismo.elejido.es\/?s={search_term_string}"},"query-input":{"@type":"PropertyValueSpecification","valueRequired":true,"valueName":"search_term_string"}}],"inLanguage":"es"},{"@type":"Organization","@id":"https:\/\/turismo.elejido.es\/#organization","name":"Turismo El Ejido","url":"https:\/\/turismo.elejido.es\/","logo":{"@type":"ImageObject","inLanguage":"es","@id":"https:\/\/turismo.elejido.es\/#\/schema\/logo\/image\/","url":"https:\/\/turismo.elejido.es\/wp-content\/uploads\/2020\/12\/elejidoNaranja.png","contentUrl":"https:\/\/turismo.elejido.es\/wp-content\/uploads\/2020\/12\/elejidoNaranja.png","width":163,"height":92,"caption":"Turismo El Ejido"},"image":{"@id":"https:\/\/turismo.elejido.es\/#\/schema\/logo\/image\/"}}]}},"_links":{"self":[{"href":"https:\/\/turismo.elejido.es\/index.php\/wp-json\/wp\/v2\/mec-events\/22280","targetHints":{"allow":["GET"]}}],"collection":[{"href":"https:\/\/turismo.elejido.es\/index.php\/wp-json\/wp\/v2\/mec-events"}],"about":[{"href":"https:\/\/turismo.elejido.es\/index.php\/wp-json\/wp\/v2\/types\/mec-events"}],"author":[{"embeddable":true,"href":"https:\/\/turismo.elejido.es\/index.php\/wp-json\/wp\/v2\/users\/5"}],"replies":[{"embeddable":true,"href":"https:\/\/turismo.elejido.es\/index.php\/wp-json\/wp\/v2\/comments?post=22280"}],"wp:featuredmedia":[{"embeddable":true,"href":"https:\/\/turismo.elejido.es\/index.php\/wp-json\/wp\/v2\/media\/25603"}],"wp:attachment":[{"href":"https:\/\/turismo.elejido.es\/index.php\/wp-json\/wp\/v2\/media?parent=22280"}],"wp:term":[{"taxonomy":"post_tag","embeddable":true,"href":"https:\/\/turismo.elejido.es\/index.php\/wp-json\/wp\/v2\/tags?post=22280"},{"taxonomy":"mec_category","embeddable":true,"href":"https:\/\/turismo.elejido.es\/index.php\/wp-json\/wp\/v2\/mec_category?post=22280"}],"curies":[{"name":"wp","href":"https:\/\/api.w.org\/{rel}","templated":true}]}}