{"id":22398,"date":"2024-03-20T08:33:40","date_gmt":"2024-03-20T07:33:40","guid":{"rendered":"https:\/\/turismo.elejido.es\/?post_type=mec-events&#038;p=22398"},"modified":"2024-03-27T13:58:06","modified_gmt":"2024-03-27T12:58:06","slug":"aprendiendo-a-mirar-los-flamencos-de-punta-entinas-sabinar","status":"publish","type":"mec-events","link":"https:\/\/turismo.elejido.es\/index.php\/events\/aprendiendo-a-mirar-los-flamencos-de-punta-entinas-sabinar\/","title":{"rendered":"Aprendiendo a mirar los flamencos de Punta Entinas-Sabinar"},"content":{"rendered":"\n<div style=\"height:40px\" aria-hidden=\"true\" class=\"wp-block-spacer\"><\/div>\n\n\n<div class=\"breadcrumbs align  wp-block-bcn-breadcrumb-trail has-text-color has-background\" vocab=\"https:\/\/schema.org\/\" typeof=\"BreadcrumbList\">\n\t<span><\/span>\n\t<span property=\"itemListElement\" typeof=\"ListItem\"><a property=\"item\" typeof=\"WebPage\" title=\"Ir a Turismo El Ejido.\" href=\"https:\/\/turismo.elejido.es\" class=\"home\" aria-current=\"page\"><span property=\"name\">Turismo El Ejido<\/span><\/a><meta property=\"position\" content=\"1\"><\/span><\/div>\n\n\n\n<div style=\"height:50px\" aria-hidden=\"true\" class=\"wp-block-spacer\"><\/div>\n\n\n\n<h1 class=\"wp-block-heading\">Aprendiendo a mirar los flamencos de Punta Entinas-Sabinar<\/h1>\n\n\n\n<div style=\"height:25px\" aria-hidden=\"true\" class=\"wp-block-spacer\"><\/div>\n\n\n\n<p>No te pierdas el taller infantil que celebraremos el s\u00e1bado 30 de marzo en el Centro de Interpretaci\u00f3n de Punta Entinas-Sabinar. Aprenderemos sobre las aves y haremos sales de colores de Punta Entinas-Sabinar. Plazas limitadas. \u00a1No lo dudes y ap\u00fantate! <\/p>\n\n\n\n<p><strong><mark style=\"background-color:rgba(0, 0, 0, 0)\" class=\"has-inline-color has-vivid-red-color\">AFORO COMPLETO<\/mark><\/strong><\/p>\n\n\n\n<div style=\"height:70px\" aria-hidden=\"true\" class=\"wp-block-spacer\"><\/div>\n\n\n\n<figure class=\"wp-block-image size-large\"><img loading=\"lazy\" decoding=\"async\" width=\"763\" height=\"1080\" src=\"https:\/\/app.elejido.es\/turismo\/wp-content\/uploads\/2024\/03\/Taller-de-flamencos-1-763x1080.png\" alt=\"\" class=\"wp-image-22402\" srcset=\"https:\/\/turismo.elejido.es\/wp-content\/uploads\/2024\/03\/Taller-de-flamencos-1-763x1080.png 763w, https:\/\/turismo.elejido.es\/wp-content\/uploads\/2024\/03\/Taller-de-flamencos-1-353x500.png 353w, https:\/\/turismo.elejido.es\/wp-content\/uploads\/2024\/03\/Taller-de-flamencos-1-768x1086.png 768w, https:\/\/turismo.elejido.es\/wp-content\/uploads\/2024\/03\/Taller-de-flamencos-1-1086x1536.png 1086w, https:\/\/turismo.elejido.es\/wp-content\/uploads\/2024\/03\/Taller-de-flamencos-1-1448x2048.png 1448w, https:\/\/turismo.elejido.es\/wp-content\/uploads\/2024\/03\/Taller-de-flamencos-1-500x707.png 500w, https:\/\/turismo.elejido.es\/wp-content\/uploads\/2024\/03\/Taller-de-flamencos-1-800x1132.png 800w, https:\/\/turismo.elejido.es\/wp-content\/uploads\/2024\/03\/Taller-de-flamencos-1-1280x1811.png 1280w, https:\/\/turismo.elejido.es\/wp-content\/uploads\/2024\/03\/Taller-de-flamencos-1.png 1587w\" sizes=\"auto, (max-width: 763px) 100vw, 763px\" \/><\/figure>\n\n\n\n<div style=\"height:50px\" aria-hidden=\"true\" class=\"wp-block-spacer\"><\/div>\n\n\n\n<iframe src=\"https:\/\/www.google.com\/maps\/embed?pb=!1m18!1m12!1m3!1d3195.9214221340717!2d-2.8138096885084893!3d36.77245247213935!2m3!1f0!2f0!3f0!3m2!1i1024!2i768!4f13.1!3m3!1m2!1s0xd7042e41b5ae8cf%3A0xde223dcab6eb62f3!2sAuditorio%20de%20El%20Ejido!5e0!3m2!1ses!2ses!4v1709301698293!5m2!1ses!2ses\" width=\"600\" height=\"450\" style=\"border:0;\" allowfullscreen=\"\" loading=\"lazy\" referrerpolicy=\"no-referrer-when-downgrade\"><\/iframe>\n","protected":false},"excerpt":{"rendered":"<p>Aprendiendo a mirar los flamencos de Punta Entinas-Sabinar No te pierdas el taller infantil que celebraremos el s\u00e1bado 30 de marzo en el Centro de Interpretaci\u00f3n de Punta Entinas-Sabinar. Aprenderemos sobre las aves y haremos sales de colores de Punta Entinas-Sabinar. Plazas limitadas. \u00a1No lo dudes y ap\u00fantate! AFORO COMPLETO<\/p>\n","protected":false},"author":5,"featured_media":22400,"comment_status":"closed","ping_status":"closed","template":"","tags":[],"mec_category":[984,773,1106],"class_list":["post-22398","mec-events","type-mec-events","status-publish","has-post-thumbnail","hentry","mec_category-actividad-medioambiental","mec_category-ocio","mec_category-punta-entinas","entry","has-media"],"yoast_head":"<!-- This site is optimized with the Yoast SEO plugin v27.4 - https:\/\/yoast.com\/product\/yoast-seo-wordpress\/ -->\n<title>Aprendiendo a mirar los flamencos de Punta Entinas-Sabinar - Turismo El Ejido<\/title>\n<meta name=\"description\" content=\"Concierto de la Orquesta Sinf\u00f3nica Ciudad de El Ejido en colaboraci\u00f3n con el coro del Conservatorio de M\u00fasica de El Ejido.\" \/>\n<meta name=\"robots\" content=\"index, follow, max-snippet:-1, max-image-preview:large, max-video-preview:-1\" \/>\n<link rel=\"canonical\" href=\"https:\/\/turismo.elejido.es\/index.php\/events\/aprendiendo-a-mirar-los-flamencos-de-punta-entinas-sabinar\/\" \/>\n<meta property=\"og:locale\" content=\"es_ES\" \/>\n<meta property=\"og:type\" content=\"article\" \/>\n<meta property=\"og:title\" content=\"Aprendiendo a mirar los flamencos de Punta Entinas-Sabinar - Turismo El Ejido\" \/>\n<meta property=\"og:description\" content=\"Concierto de la Orquesta Sinf\u00f3nica Ciudad de El Ejido en colaboraci\u00f3n con el coro del Conservatorio de M\u00fasica de El Ejido.\" \/>\n<meta property=\"og:url\" content=\"https:\/\/turismo.elejido.es\/index.php\/events\/aprendiendo-a-mirar-los-flamencos-de-punta-entinas-sabinar\/\" \/>\n<meta property=\"og:site_name\" content=\"Turismo El Ejido\" \/>\n<meta property=\"article:modified_time\" content=\"2024-03-27T12:58:06+00:00\" \/>\n<meta property=\"og:image\" content=\"https:\/\/turismo.elejido.es\/wp-content\/uploads\/2024\/03\/Taller-de-flamencos-cropped.png\" \/>\n\t<meta property=\"og:image:width\" content=\"1587\" \/>\n\t<meta property=\"og:image:height\" content=\"1587\" \/>\n\t<meta property=\"og:image:type\" content=\"image\/png\" \/>\n<meta name=\"twitter:card\" content=\"summary_large_image\" \/>\n<meta name=\"twitter:label1\" content=\"Tiempo de lectura\" \/>\n\t<meta name=\"twitter:data1\" content=\"1 minuto\" \/>\n<script type=\"application\/ld+json\" class=\"yoast-schema-graph\">{\"@context\":\"https:\\\/\\\/schema.org\",\"@graph\":[{\"@type\":\"WebPage\",\"@id\":\"https:\\\/\\\/turismo.elejido.es\\\/index.php\\\/events\\\/aprendiendo-a-mirar-los-flamencos-de-punta-entinas-sabinar\\\/\",\"url\":\"https:\\\/\\\/turismo.elejido.es\\\/index.php\\\/events\\\/aprendiendo-a-mirar-los-flamencos-de-punta-entinas-sabinar\\\/\",\"name\":\"Aprendiendo a mirar los flamencos de Punta Entinas-Sabinar - Turismo El Ejido\",\"isPartOf\":{\"@id\":\"https:\\\/\\\/turismo.elejido.es\\\/#website\"},\"primaryImageOfPage\":{\"@id\":\"https:\\\/\\\/turismo.elejido.es\\\/index.php\\\/events\\\/aprendiendo-a-mirar-los-flamencos-de-punta-entinas-sabinar\\\/#primaryimage\"},\"image\":{\"@id\":\"https:\\\/\\\/turismo.elejido.es\\\/index.php\\\/events\\\/aprendiendo-a-mirar-los-flamencos-de-punta-entinas-sabinar\\\/#primaryimage\"},\"thumbnailUrl\":\"https:\\\/\\\/turismo.elejido.es\\\/wp-content\\\/uploads\\\/2024\\\/03\\\/Taller-de-flamencos-cropped.png\",\"datePublished\":\"2024-03-20T07:33:40+00:00\",\"dateModified\":\"2024-03-27T12:58:06+00:00\",\"description\":\"Concierto de la Orquesta Sinf\u00f3nica Ciudad de El Ejido en colaboraci\u00f3n con el coro del Conservatorio de M\u00fasica de El Ejido.\",\"breadcrumb\":{\"@id\":\"https:\\\/\\\/turismo.elejido.es\\\/index.php\\\/events\\\/aprendiendo-a-mirar-los-flamencos-de-punta-entinas-sabinar\\\/#breadcrumb\"},\"inLanguage\":\"es\",\"potentialAction\":[{\"@type\":\"ReadAction\",\"target\":[\"https:\\\/\\\/turismo.elejido.es\\\/index.php\\\/events\\\/aprendiendo-a-mirar-los-flamencos-de-punta-entinas-sabinar\\\/\"]}]},{\"@type\":\"ImageObject\",\"inLanguage\":\"es\",\"@id\":\"https:\\\/\\\/turismo.elejido.es\\\/index.php\\\/events\\\/aprendiendo-a-mirar-los-flamencos-de-punta-entinas-sabinar\\\/#primaryimage\",\"url\":\"https:\\\/\\\/turismo.elejido.es\\\/wp-content\\\/uploads\\\/2024\\\/03\\\/Taller-de-flamencos-cropped.png\",\"contentUrl\":\"https:\\\/\\\/turismo.elejido.es\\\/wp-content\\\/uploads\\\/2024\\\/03\\\/Taller-de-flamencos-cropped.png\",\"width\":1587,\"height\":1587},{\"@type\":\"BreadcrumbList\",\"@id\":\"https:\\\/\\\/turismo.elejido.es\\\/index.php\\\/events\\\/aprendiendo-a-mirar-los-flamencos-de-punta-entinas-sabinar\\\/#breadcrumb\",\"itemListElement\":[{\"@type\":\"ListItem\",\"position\":1,\"name\":\"Inicio\",\"item\":\"https:\\\/\\\/turismo.elejido.es\\\/\"},{\"@type\":\"ListItem\",\"position\":2,\"name\":\"Eventos\",\"item\":\"https:\\\/\\\/turismo.elejido.es\\\/index.php\\\/events\\\/\"},{\"@type\":\"ListItem\",\"position\":3,\"name\":\"Aprendiendo a mirar los flamencos de Punta Entinas-Sabinar\"}]},{\"@type\":\"WebSite\",\"@id\":\"https:\\\/\\\/turismo.elejido.es\\\/#website\",\"url\":\"https:\\\/\\\/turismo.elejido.es\\\/\",\"name\":\"Turismo El Ejido\",\"description\":\"Portal Oficial de Turismo del Municipio de El Ejido, Almerimar y Balerma situado en la costa de Almer\u00eda.\",\"publisher\":{\"@id\":\"https:\\\/\\\/turismo.elejido.es\\\/#organization\"},\"potentialAction\":[{\"@type\":\"SearchAction\",\"target\":{\"@type\":\"EntryPoint\",\"urlTemplate\":\"https:\\\/\\\/turismo.elejido.es\\\/?s={search_term_string}\"},\"query-input\":{\"@type\":\"PropertyValueSpecification\",\"valueRequired\":true,\"valueName\":\"search_term_string\"}}],\"inLanguage\":\"es\"},{\"@type\":\"Organization\",\"@id\":\"https:\\\/\\\/turismo.elejido.es\\\/#organization\",\"name\":\"Turismo El Ejido\",\"url\":\"https:\\\/\\\/turismo.elejido.es\\\/\",\"logo\":{\"@type\":\"ImageObject\",\"inLanguage\":\"es\",\"@id\":\"https:\\\/\\\/turismo.elejido.es\\\/#\\\/schema\\\/logo\\\/image\\\/\",\"url\":\"https:\\\/\\\/turismo.elejido.es\\\/wp-content\\\/uploads\\\/2020\\\/12\\\/elejidoNaranja.png\",\"contentUrl\":\"https:\\\/\\\/turismo.elejido.es\\\/wp-content\\\/uploads\\\/2020\\\/12\\\/elejidoNaranja.png\",\"width\":163,\"height\":92,\"caption\":\"Turismo El Ejido\"},\"image\":{\"@id\":\"https:\\\/\\\/turismo.elejido.es\\\/#\\\/schema\\\/logo\\\/image\\\/\"}}]}<\/script>\n<!-- \/ Yoast SEO plugin. -->","yoast_head_json":{"title":"Aprendiendo a mirar los flamencos de Punta Entinas-Sabinar - Turismo El Ejido","description":"Concierto de la Orquesta Sinf\u00f3nica Ciudad de El Ejido en colaboraci\u00f3n con el coro del Conservatorio de M\u00fasica de El Ejido.","robots":{"index":"index","follow":"follow","max-snippet":"max-snippet:-1","max-image-preview":"max-image-preview:large","max-video-preview":"max-video-preview:-1"},"canonical":"https:\/\/turismo.elejido.es\/index.php\/events\/aprendiendo-a-mirar-los-flamencos-de-punta-entinas-sabinar\/","og_locale":"es_ES","og_type":"article","og_title":"Aprendiendo a mirar los flamencos de Punta Entinas-Sabinar - Turismo El Ejido","og_description":"Concierto de la Orquesta Sinf\u00f3nica Ciudad de El Ejido en colaboraci\u00f3n con el coro del Conservatorio de M\u00fasica de El Ejido.","og_url":"https:\/\/turismo.elejido.es\/index.php\/events\/aprendiendo-a-mirar-los-flamencos-de-punta-entinas-sabinar\/","og_site_name":"Turismo El Ejido","article_modified_time":"2024-03-27T12:58:06+00:00","og_image":[{"width":1587,"height":1587,"url":"https:\/\/turismo.elejido.es\/wp-content\/uploads\/2024\/03\/Taller-de-flamencos-cropped.png","type":"image\/png"}],"twitter_card":"summary_large_image","twitter_misc":{"Tiempo de lectura":"1 minuto"},"schema":{"@context":"https:\/\/schema.org","@graph":[{"@type":"WebPage","@id":"https:\/\/turismo.elejido.es\/index.php\/events\/aprendiendo-a-mirar-los-flamencos-de-punta-entinas-sabinar\/","url":"https:\/\/turismo.elejido.es\/index.php\/events\/aprendiendo-a-mirar-los-flamencos-de-punta-entinas-sabinar\/","name":"Aprendiendo a mirar los flamencos de Punta Entinas-Sabinar - Turismo El Ejido","isPartOf":{"@id":"https:\/\/turismo.elejido.es\/#website"},"primaryImageOfPage":{"@id":"https:\/\/turismo.elejido.es\/index.php\/events\/aprendiendo-a-mirar-los-flamencos-de-punta-entinas-sabinar\/#primaryimage"},"image":{"@id":"https:\/\/turismo.elejido.es\/index.php\/events\/aprendiendo-a-mirar-los-flamencos-de-punta-entinas-sabinar\/#primaryimage"},"thumbnailUrl":"https:\/\/turismo.elejido.es\/wp-content\/uploads\/2024\/03\/Taller-de-flamencos-cropped.png","datePublished":"2024-03-20T07:33:40+00:00","dateModified":"2024-03-27T12:58:06+00:00","description":"Concierto de la Orquesta Sinf\u00f3nica Ciudad de El Ejido en colaboraci\u00f3n con el coro del Conservatorio de M\u00fasica de El Ejido.","breadcrumb":{"@id":"https:\/\/turismo.elejido.es\/index.php\/events\/aprendiendo-a-mirar-los-flamencos-de-punta-entinas-sabinar\/#breadcrumb"},"inLanguage":"es","potentialAction":[{"@type":"ReadAction","target":["https:\/\/turismo.elejido.es\/index.php\/events\/aprendiendo-a-mirar-los-flamencos-de-punta-entinas-sabinar\/"]}]},{"@type":"ImageObject","inLanguage":"es","@id":"https:\/\/turismo.elejido.es\/index.php\/events\/aprendiendo-a-mirar-los-flamencos-de-punta-entinas-sabinar\/#primaryimage","url":"https:\/\/turismo.elejido.es\/wp-content\/uploads\/2024\/03\/Taller-de-flamencos-cropped.png","contentUrl":"https:\/\/turismo.elejido.es\/wp-content\/uploads\/2024\/03\/Taller-de-flamencos-cropped.png","width":1587,"height":1587},{"@type":"BreadcrumbList","@id":"https:\/\/turismo.elejido.es\/index.php\/events\/aprendiendo-a-mirar-los-flamencos-de-punta-entinas-sabinar\/#breadcrumb","itemListElement":[{"@type":"ListItem","position":1,"name":"Inicio","item":"https:\/\/turismo.elejido.es\/"},{"@type":"ListItem","position":2,"name":"Eventos","item":"https:\/\/turismo.elejido.es\/index.php\/events\/"},{"@type":"ListItem","position":3,"name":"Aprendiendo a mirar los flamencos de Punta Entinas-Sabinar"}]},{"@type":"WebSite","@id":"https:\/\/turismo.elejido.es\/#website","url":"https:\/\/turismo.elejido.es\/","name":"Turismo El Ejido","description":"Portal Oficial de Turismo del Municipio de El Ejido, Almerimar y Balerma situado en la costa de Almer\u00eda.","publisher":{"@id":"https:\/\/turismo.elejido.es\/#organization"},"potentialAction":[{"@type":"SearchAction","target":{"@type":"EntryPoint","urlTemplate":"https:\/\/turismo.elejido.es\/?s={search_term_string}"},"query-input":{"@type":"PropertyValueSpecification","valueRequired":true,"valueName":"search_term_string"}}],"inLanguage":"es"},{"@type":"Organization","@id":"https:\/\/turismo.elejido.es\/#organization","name":"Turismo El Ejido","url":"https:\/\/turismo.elejido.es\/","logo":{"@type":"ImageObject","inLanguage":"es","@id":"https:\/\/turismo.elejido.es\/#\/schema\/logo\/image\/","url":"https:\/\/turismo.elejido.es\/wp-content\/uploads\/2020\/12\/elejidoNaranja.png","contentUrl":"https:\/\/turismo.elejido.es\/wp-content\/uploads\/2020\/12\/elejidoNaranja.png","width":163,"height":92,"caption":"Turismo El Ejido"},"image":{"@id":"https:\/\/turismo.elejido.es\/#\/schema\/logo\/image\/"}}]}},"_links":{"self":[{"href":"https:\/\/turismo.elejido.es\/index.php\/wp-json\/wp\/v2\/mec-events\/22398","targetHints":{"allow":["GET"]}}],"collection":[{"href":"https:\/\/turismo.elejido.es\/index.php\/wp-json\/wp\/v2\/mec-events"}],"about":[{"href":"https:\/\/turismo.elejido.es\/index.php\/wp-json\/wp\/v2\/types\/mec-events"}],"author":[{"embeddable":true,"href":"https:\/\/turismo.elejido.es\/index.php\/wp-json\/wp\/v2\/users\/5"}],"replies":[{"embeddable":true,"href":"https:\/\/turismo.elejido.es\/index.php\/wp-json\/wp\/v2\/comments?post=22398"}],"wp:featuredmedia":[{"embeddable":true,"href":"https:\/\/turismo.elejido.es\/index.php\/wp-json\/wp\/v2\/media\/22400"}],"wp:attachment":[{"href":"https:\/\/turismo.elejido.es\/index.php\/wp-json\/wp\/v2\/media?parent=22398"}],"wp:term":[{"taxonomy":"post_tag","embeddable":true,"href":"https:\/\/turismo.elejido.es\/index.php\/wp-json\/wp\/v2\/tags?post=22398"},{"taxonomy":"mec_category","embeddable":true,"href":"https:\/\/turismo.elejido.es\/index.php\/wp-json\/wp\/v2\/mec_category?post=22398"}],"curies":[{"name":"wp","href":"https:\/\/api.w.org\/{rel}","templated":true}]}}