{"id":22738,"date":"2024-04-23T09:54:57","date_gmt":"2024-04-23T07:54:57","guid":{"rendered":"https:\/\/turismo.elejido.es\/?post_type=mec-events&#038;p=22738"},"modified":"2024-04-24T10:23:31","modified_gmt":"2024-04-24T08:23:31","slug":"viva-festival-de-teatro-de-el-ejido-2024","status":"publish","type":"mec-events","link":"https:\/\/turismo.elejido.es\/index.php\/events\/viva-festival-de-teatro-de-el-ejido-2024\/","title":{"rendered":"\u00ab\u00a1Viva!\u00bb &#8211; Festival de Teatro de El Ejido 2024"},"content":{"rendered":"\n<div class=\"wp-block-nk-awb nk-awb alturaSlider is-layout-constrained wp-block-nk-awb-is-layout-constrained\"><div class=\"nk-awb-wrap\" data-awb-type=\"image\" data-awb-image-background-size=\"cover\" data-awb-image-background-position=\"54% 89%\" data-awb-parallax=\"scroll\" data-awb-parallax-speed=\"0.5\" data-awb-parallax-mobile=\"false\"><div class=\"nk-awb-inner\"><img loading=\"lazy\" decoding=\"async\" src=\"https:\/\/app.elejido.es\/turismo\/wp-content\/uploads\/2024\/04\/0504-Viva-cartel.jpg\" class=\"wp-image-22739 jarallax-img\" width=\"992\" height=\"992\" srcset=\"https:\/\/turismo.elejido.es\/wp-content\/uploads\/2024\/04\/0504-Viva-cartel.jpg 992w, https:\/\/turismo.elejido.es\/wp-content\/uploads\/2024\/04\/0504-Viva-cartel-500x500.jpg 500w, https:\/\/turismo.elejido.es\/wp-content\/uploads\/2024\/04\/0504-Viva-cartel-150x150.jpg 150w, https:\/\/turismo.elejido.es\/wp-content\/uploads\/2024\/04\/0504-Viva-cartel-768x768.jpg 768w, https:\/\/turismo.elejido.es\/wp-content\/uploads\/2024\/04\/0504-Viva-cartel-300x300.jpg 300w, https:\/\/turismo.elejido.es\/wp-content\/uploads\/2024\/04\/0504-Viva-cartel-800x800.jpg 800w, https:\/\/turismo.elejido.es\/wp-content\/uploads\/2024\/04\/0504-Viva-cartel-600x600.jpg 600w\" sizes=\"auto, (max-width: 992px) 100vw, 992px\" \/><\/div><\/div><\/div>\n\n\n\n<div style=\"height:40px\" aria-hidden=\"true\" class=\"wp-block-spacer\"><\/div>\n\n\n<div class=\"breadcrumbs align  wp-block-bcn-breadcrumb-trail has-text-color has-background\" vocab=\"https:\/\/schema.org\/\" typeof=\"BreadcrumbList\">\n\t<span><\/span>\n\t<span property=\"itemListElement\" typeof=\"ListItem\"><a property=\"item\" typeof=\"WebPage\" title=\"Ir a Turismo El Ejido.\" href=\"https:\/\/turismo.elejido.es\" class=\"home\" aria-current=\"page\"><span property=\"name\">Turismo El Ejido<\/span><\/a><meta property=\"position\" content=\"1\"><\/span><\/div>\n\n\n\n<div style=\"height:50px\" aria-hidden=\"true\" class=\"wp-block-spacer\"><\/div>\n\n\n\n<h1 class=\"wp-block-heading\">\u00ab\u00a1Viva!\u00bb &#8211; Festival de Teatro de El Ejido 2024<\/h1>\n\n\n\n<div style=\"height:25px\" aria-hidden=\"true\" class=\"wp-block-spacer\"><\/div>\n\n\n\n<p>\u00a1La 47 edici\u00f3n del Festival de Teatro de El Ejido ya est\u00e1 aqu\u00ed!<\/p>\n\n\n\n<p>El espect\u00e1culo \u00a1Viva! de la Compa\u00f1\u00eda Manuel Li\u00f1\u00e1n llega al Festival de Teatro de El Ejido. En clave de celebraci\u00f3n, Li\u00f1\u00e1n propone la pluralidad del baile, las distintas formas y la singularidad de cada una de ellas. Junto a seis bailaores-bailarines, que ser\u00e1n los encargados de explorar y bucear en este universo fascinante del travestismo, y exponer as\u00ed, la parte formal de estas identidades, que forman nuestra propia naturaleza. M\u00e1s informaci\u00f3n y entradas en <a href=\"https:\/\/cultura.elejido.es\/?ai1ec_event=fte-2024-cia-manuel-linan-viva-sabado-4-de-mayo\">Cultura El Ejido<\/a>. <\/p>\n\n\n\n<div style=\"height:70px\" aria-hidden=\"true\" class=\"wp-block-spacer\"><\/div>\n\n\n\n<iframe src=\"https:\/\/www.google.com\/maps\/embed?pb=!1m18!1m12!1m3!1d3195.9214221340717!2d-2.8138096885084893!3d36.77245247213935!2m3!1f0!2f0!3f0!3m2!1i1024!2i768!4f13.1!3m3!1m2!1s0xd7042e41b5ae8cf%3A0xde223dcab6eb62f3!2sAuditorio%20de%20El%20Ejido!5e0!3m2!1ses!2ses!4v1709301698293!5m2!1ses!2ses\" width=\"600\" height=\"450\" style=\"border:0;\" allowfullscreen=\"\" loading=\"lazy\" referrerpolicy=\"no-referrer-when-downgrade\"><\/iframe>\n","protected":false},"excerpt":{"rendered":"<p>\u00ab\u00a1Viva!\u00bb &#8211; Festival de Teatro de El Ejido 2024 \u00a1La 47 edici\u00f3n del Festival de Teatro de El Ejido ya est\u00e1 aqu\u00ed! El espect\u00e1culo \u00a1Viva! de la Compa\u00f1\u00eda Manuel Li\u00f1\u00e1n llega al Festival de Teatro de El Ejido. En clave de celebraci\u00f3n, Li\u00f1\u00e1n propone la pluralidad del baile, las distintas formas y la singularidad de [&hellip;]<\/p>\n","protected":false},"author":5,"featured_media":22739,"comment_status":"closed","ping_status":"closed","template":"","tags":[],"mec_category":[101],"class_list":["post-22738","mec-events","type-mec-events","status-publish","has-post-thumbnail","hentry","mec_category-teatro","entry","has-media"],"yoast_head":"<!-- This site is optimized with the Yoast SEO plugin v27.4 - https:\/\/yoast.com\/product\/yoast-seo-wordpress\/ -->\n<title>&quot;\u00a1Viva!&quot; - Festival de Teatro de El Ejido 2024<\/title>\n<meta name=\"description\" content=\"El espect\u00e1culo \u00a1Viva! de la Compa\u00f1\u00eda Manuel Li\u00f1\u00e1n llega al Festival de Teatro de El Ejido. M\u00e1s informaci\u00f3n.\" \/>\n<meta name=\"robots\" content=\"index, follow, max-snippet:-1, max-image-preview:large, max-video-preview:-1\" \/>\n<link rel=\"canonical\" href=\"https:\/\/turismo.elejido.es\/index.php\/events\/viva-festival-de-teatro-de-el-ejido-2024\/\" \/>\n<meta property=\"og:locale\" content=\"es_ES\" \/>\n<meta property=\"og:type\" content=\"article\" \/>\n<meta property=\"og:title\" content=\"&quot;\u00a1Viva!&quot; - Festival de Teatro de El Ejido 2024\" \/>\n<meta property=\"og:description\" content=\"El espect\u00e1culo \u00a1Viva! de la Compa\u00f1\u00eda Manuel Li\u00f1\u00e1n llega al Festival de Teatro de El Ejido. M\u00e1s informaci\u00f3n.\" \/>\n<meta property=\"og:url\" content=\"https:\/\/turismo.elejido.es\/index.php\/events\/viva-festival-de-teatro-de-el-ejido-2024\/\" \/>\n<meta property=\"og:site_name\" content=\"Turismo El Ejido\" \/>\n<meta property=\"article:modified_time\" content=\"2024-04-24T08:23:31+00:00\" \/>\n<meta property=\"og:image\" content=\"https:\/\/turismo.elejido.es\/wp-content\/uploads\/2024\/04\/0504-Viva-cartel.jpg\" \/>\n\t<meta property=\"og:image:width\" content=\"992\" \/>\n\t<meta property=\"og:image:height\" content=\"992\" \/>\n\t<meta property=\"og:image:type\" content=\"image\/jpeg\" \/>\n<meta name=\"twitter:card\" content=\"summary_large_image\" \/>\n<meta name=\"twitter:label1\" content=\"Tiempo de lectura\" \/>\n\t<meta name=\"twitter:data1\" content=\"1 minuto\" \/>\n<script type=\"application\/ld+json\" class=\"yoast-schema-graph\">{\"@context\":\"https:\\\/\\\/schema.org\",\"@graph\":[{\"@type\":\"WebPage\",\"@id\":\"https:\\\/\\\/turismo.elejido.es\\\/index.php\\\/events\\\/viva-festival-de-teatro-de-el-ejido-2024\\\/\",\"url\":\"https:\\\/\\\/turismo.elejido.es\\\/index.php\\\/events\\\/viva-festival-de-teatro-de-el-ejido-2024\\\/\",\"name\":\"\\\"\u00a1Viva!\\\" - Festival de Teatro de El Ejido 2024\",\"isPartOf\":{\"@id\":\"https:\\\/\\\/turismo.elejido.es\\\/#website\"},\"primaryImageOfPage\":{\"@id\":\"https:\\\/\\\/turismo.elejido.es\\\/index.php\\\/events\\\/viva-festival-de-teatro-de-el-ejido-2024\\\/#primaryimage\"},\"image\":{\"@id\":\"https:\\\/\\\/turismo.elejido.es\\\/index.php\\\/events\\\/viva-festival-de-teatro-de-el-ejido-2024\\\/#primaryimage\"},\"thumbnailUrl\":\"https:\\\/\\\/turismo.elejido.es\\\/wp-content\\\/uploads\\\/2024\\\/04\\\/0504-Viva-cartel.jpg\",\"datePublished\":\"2024-04-23T07:54:57+00:00\",\"dateModified\":\"2024-04-24T08:23:31+00:00\",\"description\":\"El espect\u00e1culo \u00a1Viva! de la Compa\u00f1\u00eda Manuel Li\u00f1\u00e1n llega al Festival de Teatro de El Ejido. M\u00e1s informaci\u00f3n.\",\"breadcrumb\":{\"@id\":\"https:\\\/\\\/turismo.elejido.es\\\/index.php\\\/events\\\/viva-festival-de-teatro-de-el-ejido-2024\\\/#breadcrumb\"},\"inLanguage\":\"es\",\"potentialAction\":[{\"@type\":\"ReadAction\",\"target\":[\"https:\\\/\\\/turismo.elejido.es\\\/index.php\\\/events\\\/viva-festival-de-teatro-de-el-ejido-2024\\\/\"]}]},{\"@type\":\"ImageObject\",\"inLanguage\":\"es\",\"@id\":\"https:\\\/\\\/turismo.elejido.es\\\/index.php\\\/events\\\/viva-festival-de-teatro-de-el-ejido-2024\\\/#primaryimage\",\"url\":\"https:\\\/\\\/turismo.elejido.es\\\/wp-content\\\/uploads\\\/2024\\\/04\\\/0504-Viva-cartel.jpg\",\"contentUrl\":\"https:\\\/\\\/turismo.elejido.es\\\/wp-content\\\/uploads\\\/2024\\\/04\\\/0504-Viva-cartel.jpg\",\"width\":992,\"height\":992},{\"@type\":\"BreadcrumbList\",\"@id\":\"https:\\\/\\\/turismo.elejido.es\\\/index.php\\\/events\\\/viva-festival-de-teatro-de-el-ejido-2024\\\/#breadcrumb\",\"itemListElement\":[{\"@type\":\"ListItem\",\"position\":1,\"name\":\"Inicio\",\"item\":\"https:\\\/\\\/turismo.elejido.es\\\/\"},{\"@type\":\"ListItem\",\"position\":2,\"name\":\"Eventos\",\"item\":\"https:\\\/\\\/turismo.elejido.es\\\/index.php\\\/events\\\/\"},{\"@type\":\"ListItem\",\"position\":3,\"name\":\"\u00ab\u00a1Viva!\u00bb &#8211; Festival de Teatro de El Ejido 2024\"}]},{\"@type\":\"WebSite\",\"@id\":\"https:\\\/\\\/turismo.elejido.es\\\/#website\",\"url\":\"https:\\\/\\\/turismo.elejido.es\\\/\",\"name\":\"Turismo El Ejido\",\"description\":\"Portal Oficial de Turismo del Municipio de El Ejido, Almerimar y Balerma situado en la costa de Almer\u00eda.\",\"publisher\":{\"@id\":\"https:\\\/\\\/turismo.elejido.es\\\/#organization\"},\"potentialAction\":[{\"@type\":\"SearchAction\",\"target\":{\"@type\":\"EntryPoint\",\"urlTemplate\":\"https:\\\/\\\/turismo.elejido.es\\\/?s={search_term_string}\"},\"query-input\":{\"@type\":\"PropertyValueSpecification\",\"valueRequired\":true,\"valueName\":\"search_term_string\"}}],\"inLanguage\":\"es\"},{\"@type\":\"Organization\",\"@id\":\"https:\\\/\\\/turismo.elejido.es\\\/#organization\",\"name\":\"Turismo El Ejido\",\"url\":\"https:\\\/\\\/turismo.elejido.es\\\/\",\"logo\":{\"@type\":\"ImageObject\",\"inLanguage\":\"es\",\"@id\":\"https:\\\/\\\/turismo.elejido.es\\\/#\\\/schema\\\/logo\\\/image\\\/\",\"url\":\"https:\\\/\\\/turismo.elejido.es\\\/wp-content\\\/uploads\\\/2020\\\/12\\\/elejidoNaranja.png\",\"contentUrl\":\"https:\\\/\\\/turismo.elejido.es\\\/wp-content\\\/uploads\\\/2020\\\/12\\\/elejidoNaranja.png\",\"width\":163,\"height\":92,\"caption\":\"Turismo El Ejido\"},\"image\":{\"@id\":\"https:\\\/\\\/turismo.elejido.es\\\/#\\\/schema\\\/logo\\\/image\\\/\"}}]}<\/script>\n<!-- \/ Yoast SEO plugin. -->","yoast_head_json":{"title":"\"\u00a1Viva!\" - Festival de Teatro de El Ejido 2024","description":"El espect\u00e1culo \u00a1Viva! de la Compa\u00f1\u00eda Manuel Li\u00f1\u00e1n llega al Festival de Teatro de El Ejido. M\u00e1s informaci\u00f3n.","robots":{"index":"index","follow":"follow","max-snippet":"max-snippet:-1","max-image-preview":"max-image-preview:large","max-video-preview":"max-video-preview:-1"},"canonical":"https:\/\/turismo.elejido.es\/index.php\/events\/viva-festival-de-teatro-de-el-ejido-2024\/","og_locale":"es_ES","og_type":"article","og_title":"\"\u00a1Viva!\" - Festival de Teatro de El Ejido 2024","og_description":"El espect\u00e1culo \u00a1Viva! de la Compa\u00f1\u00eda Manuel Li\u00f1\u00e1n llega al Festival de Teatro de El Ejido. M\u00e1s informaci\u00f3n.","og_url":"https:\/\/turismo.elejido.es\/index.php\/events\/viva-festival-de-teatro-de-el-ejido-2024\/","og_site_name":"Turismo El Ejido","article_modified_time":"2024-04-24T08:23:31+00:00","og_image":[{"width":992,"height":992,"url":"https:\/\/turismo.elejido.es\/wp-content\/uploads\/2024\/04\/0504-Viva-cartel.jpg","type":"image\/jpeg"}],"twitter_card":"summary_large_image","twitter_misc":{"Tiempo de lectura":"1 minuto"},"schema":{"@context":"https:\/\/schema.org","@graph":[{"@type":"WebPage","@id":"https:\/\/turismo.elejido.es\/index.php\/events\/viva-festival-de-teatro-de-el-ejido-2024\/","url":"https:\/\/turismo.elejido.es\/index.php\/events\/viva-festival-de-teatro-de-el-ejido-2024\/","name":"\"\u00a1Viva!\" - Festival de Teatro de El Ejido 2024","isPartOf":{"@id":"https:\/\/turismo.elejido.es\/#website"},"primaryImageOfPage":{"@id":"https:\/\/turismo.elejido.es\/index.php\/events\/viva-festival-de-teatro-de-el-ejido-2024\/#primaryimage"},"image":{"@id":"https:\/\/turismo.elejido.es\/index.php\/events\/viva-festival-de-teatro-de-el-ejido-2024\/#primaryimage"},"thumbnailUrl":"https:\/\/turismo.elejido.es\/wp-content\/uploads\/2024\/04\/0504-Viva-cartel.jpg","datePublished":"2024-04-23T07:54:57+00:00","dateModified":"2024-04-24T08:23:31+00:00","description":"El espect\u00e1culo \u00a1Viva! de la Compa\u00f1\u00eda Manuel Li\u00f1\u00e1n llega al Festival de Teatro de El Ejido. M\u00e1s informaci\u00f3n.","breadcrumb":{"@id":"https:\/\/turismo.elejido.es\/index.php\/events\/viva-festival-de-teatro-de-el-ejido-2024\/#breadcrumb"},"inLanguage":"es","potentialAction":[{"@type":"ReadAction","target":["https:\/\/turismo.elejido.es\/index.php\/events\/viva-festival-de-teatro-de-el-ejido-2024\/"]}]},{"@type":"ImageObject","inLanguage":"es","@id":"https:\/\/turismo.elejido.es\/index.php\/events\/viva-festival-de-teatro-de-el-ejido-2024\/#primaryimage","url":"https:\/\/turismo.elejido.es\/wp-content\/uploads\/2024\/04\/0504-Viva-cartel.jpg","contentUrl":"https:\/\/turismo.elejido.es\/wp-content\/uploads\/2024\/04\/0504-Viva-cartel.jpg","width":992,"height":992},{"@type":"BreadcrumbList","@id":"https:\/\/turismo.elejido.es\/index.php\/events\/viva-festival-de-teatro-de-el-ejido-2024\/#breadcrumb","itemListElement":[{"@type":"ListItem","position":1,"name":"Inicio","item":"https:\/\/turismo.elejido.es\/"},{"@type":"ListItem","position":2,"name":"Eventos","item":"https:\/\/turismo.elejido.es\/index.php\/events\/"},{"@type":"ListItem","position":3,"name":"\u00ab\u00a1Viva!\u00bb &#8211; Festival de Teatro de El Ejido 2024"}]},{"@type":"WebSite","@id":"https:\/\/turismo.elejido.es\/#website","url":"https:\/\/turismo.elejido.es\/","name":"Turismo El Ejido","description":"Portal Oficial de Turismo del Municipio de El Ejido, Almerimar y Balerma situado en la costa de Almer\u00eda.","publisher":{"@id":"https:\/\/turismo.elejido.es\/#organization"},"potentialAction":[{"@type":"SearchAction","target":{"@type":"EntryPoint","urlTemplate":"https:\/\/turismo.elejido.es\/?s={search_term_string}"},"query-input":{"@type":"PropertyValueSpecification","valueRequired":true,"valueName":"search_term_string"}}],"inLanguage":"es"},{"@type":"Organization","@id":"https:\/\/turismo.elejido.es\/#organization","name":"Turismo El Ejido","url":"https:\/\/turismo.elejido.es\/","logo":{"@type":"ImageObject","inLanguage":"es","@id":"https:\/\/turismo.elejido.es\/#\/schema\/logo\/image\/","url":"https:\/\/turismo.elejido.es\/wp-content\/uploads\/2020\/12\/elejidoNaranja.png","contentUrl":"https:\/\/turismo.elejido.es\/wp-content\/uploads\/2020\/12\/elejidoNaranja.png","width":163,"height":92,"caption":"Turismo El Ejido"},"image":{"@id":"https:\/\/turismo.elejido.es\/#\/schema\/logo\/image\/"}}]}},"_links":{"self":[{"href":"https:\/\/turismo.elejido.es\/index.php\/wp-json\/wp\/v2\/mec-events\/22738","targetHints":{"allow":["GET"]}}],"collection":[{"href":"https:\/\/turismo.elejido.es\/index.php\/wp-json\/wp\/v2\/mec-events"}],"about":[{"href":"https:\/\/turismo.elejido.es\/index.php\/wp-json\/wp\/v2\/types\/mec-events"}],"author":[{"embeddable":true,"href":"https:\/\/turismo.elejido.es\/index.php\/wp-json\/wp\/v2\/users\/5"}],"replies":[{"embeddable":true,"href":"https:\/\/turismo.elejido.es\/index.php\/wp-json\/wp\/v2\/comments?post=22738"}],"wp:featuredmedia":[{"embeddable":true,"href":"https:\/\/turismo.elejido.es\/index.php\/wp-json\/wp\/v2\/media\/22739"}],"wp:attachment":[{"href":"https:\/\/turismo.elejido.es\/index.php\/wp-json\/wp\/v2\/media?parent=22738"}],"wp:term":[{"taxonomy":"post_tag","embeddable":true,"href":"https:\/\/turismo.elejido.es\/index.php\/wp-json\/wp\/v2\/tags?post=22738"},{"taxonomy":"mec_category","embeddable":true,"href":"https:\/\/turismo.elejido.es\/index.php\/wp-json\/wp\/v2\/mec_category?post=22738"}],"curies":[{"name":"wp","href":"https:\/\/api.w.org\/{rel}","templated":true}]}}