{"id":22748,"date":"2024-04-23T11:00:28","date_gmt":"2024-04-23T09:00:28","guid":{"rendered":"https:\/\/turismo.elejido.es\/?post_type=mec-events&#038;p=22748"},"modified":"2024-04-24T10:17:31","modified_gmt":"2024-04-24T08:17:31","slug":"las-asambleistas-festival-de-teatro-de-el-ejido-2024","status":"publish","type":"mec-events","link":"https:\/\/turismo.elejido.es\/index.php\/events\/las-asambleistas-festival-de-teatro-de-el-ejido-2024\/","title":{"rendered":"\u00abLas asamble\u00edstas\u00bb &#8211; Festival de Teatro de El Ejido 2024"},"content":{"rendered":"\n<div class=\"wp-block-nk-awb nk-awb alturaSlider is-layout-constrained wp-block-nk-awb-is-layout-constrained\"><div class=\"nk-awb-wrap\" data-awb-type=\"image\" data-awb-image-background-size=\"cover\" data-awb-image-background-position=\"49% 8%\" data-awb-parallax=\"scroll\" data-awb-parallax-speed=\"0.5\" data-awb-parallax-mobile=\"false\"><div class=\"nk-awb-inner\"><img loading=\"lazy\" decoding=\"async\" src=\"https:\/\/app.elejido.es\/turismo\/wp-content\/uploads\/2024\/04\/0511-Las-asambleistas-cartel.jpg\" class=\"wp-image-22749 jarallax-img\" width=\"984\" height=\"984\" srcset=\"https:\/\/turismo.elejido.es\/wp-content\/uploads\/2024\/04\/0511-Las-asambleistas-cartel.jpg 984w, https:\/\/turismo.elejido.es\/wp-content\/uploads\/2024\/04\/0511-Las-asambleistas-cartel-500x500.jpg 500w, https:\/\/turismo.elejido.es\/wp-content\/uploads\/2024\/04\/0511-Las-asambleistas-cartel-150x150.jpg 150w, https:\/\/turismo.elejido.es\/wp-content\/uploads\/2024\/04\/0511-Las-asambleistas-cartel-768x768.jpg 768w, https:\/\/turismo.elejido.es\/wp-content\/uploads\/2024\/04\/0511-Las-asambleistas-cartel-300x300.jpg 300w, https:\/\/turismo.elejido.es\/wp-content\/uploads\/2024\/04\/0511-Las-asambleistas-cartel-800x800.jpg 800w, https:\/\/turismo.elejido.es\/wp-content\/uploads\/2024\/04\/0511-Las-asambleistas-cartel-600x600.jpg 600w\" sizes=\"auto, (max-width: 984px) 100vw, 984px\" \/><\/div><\/div><\/div>\n\n\n\n<div style=\"height:40px\" aria-hidden=\"true\" class=\"wp-block-spacer\"><\/div>\n\n\n<div class=\"breadcrumbs align  wp-block-bcn-breadcrumb-trail has-text-color has-background\" vocab=\"https:\/\/schema.org\/\" typeof=\"BreadcrumbList\">\n\t<span><\/span>\n\t<span property=\"itemListElement\" typeof=\"ListItem\"><a property=\"item\" typeof=\"WebPage\" title=\"Ir a Turismo El Ejido.\" href=\"https:\/\/turismo.elejido.es\" class=\"home\" aria-current=\"page\"><span property=\"name\">Turismo El Ejido<\/span><\/a><meta property=\"position\" content=\"1\"><\/span><\/div>\n\n\n\n<div style=\"height:50px\" aria-hidden=\"true\" class=\"wp-block-spacer\"><\/div>\n\n\n\n<h1 class=\"wp-block-heading\">\u00abLas asamble\u00edstas\u00bb &#8211; Festival de Teatro de El Ejido 2024<\/h1>\n\n\n\n<div style=\"height:25px\" aria-hidden=\"true\" class=\"wp-block-spacer\"><\/div>\n\n\n\n<p>\u00a1La 47 edici\u00f3n del Festival de Teatro de El Ejido ya est\u00e1 aqu\u00ed!<\/p>\n\n\n\n<p>La obra teatral \u00abLas asamble\u00edstas\u00bb llega al Festival de Teatro de El Ejido. Las protagonistas llevan a\u00f1os y a\u00f1os, siglos, tropezando una y otra vez con las mismas piedras, los mismos errores. Unos errores causados en su gran mayor\u00eda por las leyes creadas por los hombres. M\u00e1s informaci\u00f3n y entradas en <a href=\"https:\/\/cultura.elejido.es\/?ai1ec_event=fte-2024-pentacion-las-asambleistas-sabado-11-de-mayo\">Cultura El Ejido<\/a>. <\/p>\n\n\n\n<div style=\"height:70px\" aria-hidden=\"true\" class=\"wp-block-spacer\"><\/div>\n\n\n\n<iframe src=\"https:\/\/www.google.com\/maps\/embed?pb=!1m18!1m12!1m3!1d3195.921243002141!2d-2.8138043240524744!3d36.77245676926272!2m3!1f0!2f0!3f0!3m2!1i1024!2i768!4f13.1!3m3!1m2!1s0xd7042e41b5ae8cf%3A0xde223dcab6eb62f3!2sAuditorio%20de%20El%20Ejido!5e0!3m2!1ses!2ses!4v1713861434314!5m2!1ses!2ses\" width=\"600\" height=\"450\" style=\"border:0;\" allowfullscreen=\"\" loading=\"lazy\" referrerpolicy=\"no-referrer-when-downgrade\"><\/iframe>\n","protected":false},"excerpt":{"rendered":"<p>\u00abLas asamble\u00edstas\u00bb &#8211; Festival de Teatro de El Ejido 2024 \u00a1La 47 edici\u00f3n del Festival de Teatro de El Ejido ya est\u00e1 aqu\u00ed! La obra teatral \u00abLas asamble\u00edstas\u00bb llega al Festival de Teatro de El Ejido. Las protagonistas llevan a\u00f1os y a\u00f1os, siglos, tropezando una y otra vez con las mismas piedras, los mismos errores. [&hellip;]<\/p>\n","protected":false},"author":5,"featured_media":22749,"comment_status":"closed","ping_status":"closed","template":"","tags":[],"mec_category":[101],"class_list":["post-22748","mec-events","type-mec-events","status-publish","has-post-thumbnail","hentry","mec_category-teatro","entry","has-media"],"yoast_head":"<!-- This site is optimized with the Yoast SEO plugin v27.4 - https:\/\/yoast.com\/product\/yoast-seo-wordpress\/ -->\n<title>&quot;Las asamble\u00edstas&quot; - Festival de Teatro de El Ejido 2024<\/title>\n<meta name=\"description\" content=\"&quot;Las asamble\u00edstas&quot; llegan al Festival de Teatro de El Ejido. Las protagonistas llevan a\u00f1os y a\u00f1os, tropezando con las mismas piedras.\" \/>\n<meta name=\"robots\" content=\"index, follow, max-snippet:-1, max-image-preview:large, max-video-preview:-1\" \/>\n<link rel=\"canonical\" href=\"https:\/\/turismo.elejido.es\/index.php\/events\/las-asambleistas-festival-de-teatro-de-el-ejido-2024\/\" \/>\n<meta property=\"og:locale\" content=\"es_ES\" \/>\n<meta property=\"og:type\" content=\"article\" \/>\n<meta property=\"og:title\" content=\"&quot;Las asamble\u00edstas&quot; - Festival de Teatro de El Ejido 2024\" \/>\n<meta property=\"og:description\" content=\"&quot;Las asamble\u00edstas&quot; llegan al Festival de Teatro de El Ejido. Las protagonistas llevan a\u00f1os y a\u00f1os, tropezando con las mismas piedras.\" \/>\n<meta property=\"og:url\" content=\"https:\/\/turismo.elejido.es\/index.php\/events\/las-asambleistas-festival-de-teatro-de-el-ejido-2024\/\" \/>\n<meta property=\"og:site_name\" content=\"Turismo El Ejido\" \/>\n<meta property=\"article:modified_time\" content=\"2024-04-24T08:17:31+00:00\" \/>\n<meta property=\"og:image\" content=\"https:\/\/turismo.elejido.es\/wp-content\/uploads\/2024\/04\/0511-Las-asambleistas-cartel.jpg\" \/>\n\t<meta property=\"og:image:width\" content=\"984\" \/>\n\t<meta property=\"og:image:height\" content=\"984\" \/>\n\t<meta property=\"og:image:type\" content=\"image\/jpeg\" \/>\n<meta name=\"twitter:card\" content=\"summary_large_image\" \/>\n<meta name=\"twitter:label1\" content=\"Tiempo de lectura\" \/>\n\t<meta name=\"twitter:data1\" content=\"1 minuto\" \/>\n<script type=\"application\/ld+json\" class=\"yoast-schema-graph\">{\"@context\":\"https:\\\/\\\/schema.org\",\"@graph\":[{\"@type\":\"WebPage\",\"@id\":\"https:\\\/\\\/turismo.elejido.es\\\/index.php\\\/events\\\/las-asambleistas-festival-de-teatro-de-el-ejido-2024\\\/\",\"url\":\"https:\\\/\\\/turismo.elejido.es\\\/index.php\\\/events\\\/las-asambleistas-festival-de-teatro-de-el-ejido-2024\\\/\",\"name\":\"\\\"Las asamble\u00edstas\\\" - Festival de Teatro de El Ejido 2024\",\"isPartOf\":{\"@id\":\"https:\\\/\\\/turismo.elejido.es\\\/#website\"},\"primaryImageOfPage\":{\"@id\":\"https:\\\/\\\/turismo.elejido.es\\\/index.php\\\/events\\\/las-asambleistas-festival-de-teatro-de-el-ejido-2024\\\/#primaryimage\"},\"image\":{\"@id\":\"https:\\\/\\\/turismo.elejido.es\\\/index.php\\\/events\\\/las-asambleistas-festival-de-teatro-de-el-ejido-2024\\\/#primaryimage\"},\"thumbnailUrl\":\"https:\\\/\\\/turismo.elejido.es\\\/wp-content\\\/uploads\\\/2024\\\/04\\\/0511-Las-asambleistas-cartel.jpg\",\"datePublished\":\"2024-04-23T09:00:28+00:00\",\"dateModified\":\"2024-04-24T08:17:31+00:00\",\"description\":\"\\\"Las asamble\u00edstas\\\" llegan al Festival de Teatro de El Ejido. Las protagonistas llevan a\u00f1os y a\u00f1os, tropezando con las mismas piedras.\",\"breadcrumb\":{\"@id\":\"https:\\\/\\\/turismo.elejido.es\\\/index.php\\\/events\\\/las-asambleistas-festival-de-teatro-de-el-ejido-2024\\\/#breadcrumb\"},\"inLanguage\":\"es\",\"potentialAction\":[{\"@type\":\"ReadAction\",\"target\":[\"https:\\\/\\\/turismo.elejido.es\\\/index.php\\\/events\\\/las-asambleistas-festival-de-teatro-de-el-ejido-2024\\\/\"]}]},{\"@type\":\"ImageObject\",\"inLanguage\":\"es\",\"@id\":\"https:\\\/\\\/turismo.elejido.es\\\/index.php\\\/events\\\/las-asambleistas-festival-de-teatro-de-el-ejido-2024\\\/#primaryimage\",\"url\":\"https:\\\/\\\/turismo.elejido.es\\\/wp-content\\\/uploads\\\/2024\\\/04\\\/0511-Las-asambleistas-cartel.jpg\",\"contentUrl\":\"https:\\\/\\\/turismo.elejido.es\\\/wp-content\\\/uploads\\\/2024\\\/04\\\/0511-Las-asambleistas-cartel.jpg\",\"width\":984,\"height\":984},{\"@type\":\"BreadcrumbList\",\"@id\":\"https:\\\/\\\/turismo.elejido.es\\\/index.php\\\/events\\\/las-asambleistas-festival-de-teatro-de-el-ejido-2024\\\/#breadcrumb\",\"itemListElement\":[{\"@type\":\"ListItem\",\"position\":1,\"name\":\"Inicio\",\"item\":\"https:\\\/\\\/turismo.elejido.es\\\/\"},{\"@type\":\"ListItem\",\"position\":2,\"name\":\"Eventos\",\"item\":\"https:\\\/\\\/turismo.elejido.es\\\/index.php\\\/events\\\/\"},{\"@type\":\"ListItem\",\"position\":3,\"name\":\"\u00abLas asamble\u00edstas\u00bb &#8211; Festival de Teatro de El Ejido 2024\"}]},{\"@type\":\"WebSite\",\"@id\":\"https:\\\/\\\/turismo.elejido.es\\\/#website\",\"url\":\"https:\\\/\\\/turismo.elejido.es\\\/\",\"name\":\"Turismo El Ejido\",\"description\":\"Portal Oficial de Turismo del Municipio de El Ejido, Almerimar y Balerma situado en la costa de Almer\u00eda.\",\"publisher\":{\"@id\":\"https:\\\/\\\/turismo.elejido.es\\\/#organization\"},\"potentialAction\":[{\"@type\":\"SearchAction\",\"target\":{\"@type\":\"EntryPoint\",\"urlTemplate\":\"https:\\\/\\\/turismo.elejido.es\\\/?s={search_term_string}\"},\"query-input\":{\"@type\":\"PropertyValueSpecification\",\"valueRequired\":true,\"valueName\":\"search_term_string\"}}],\"inLanguage\":\"es\"},{\"@type\":\"Organization\",\"@id\":\"https:\\\/\\\/turismo.elejido.es\\\/#organization\",\"name\":\"Turismo El Ejido\",\"url\":\"https:\\\/\\\/turismo.elejido.es\\\/\",\"logo\":{\"@type\":\"ImageObject\",\"inLanguage\":\"es\",\"@id\":\"https:\\\/\\\/turismo.elejido.es\\\/#\\\/schema\\\/logo\\\/image\\\/\",\"url\":\"https:\\\/\\\/turismo.elejido.es\\\/wp-content\\\/uploads\\\/2020\\\/12\\\/elejidoNaranja.png\",\"contentUrl\":\"https:\\\/\\\/turismo.elejido.es\\\/wp-content\\\/uploads\\\/2020\\\/12\\\/elejidoNaranja.png\",\"width\":163,\"height\":92,\"caption\":\"Turismo El Ejido\"},\"image\":{\"@id\":\"https:\\\/\\\/turismo.elejido.es\\\/#\\\/schema\\\/logo\\\/image\\\/\"}}]}<\/script>\n<!-- \/ Yoast SEO plugin. -->","yoast_head_json":{"title":"\"Las asamble\u00edstas\" - Festival de Teatro de El Ejido 2024","description":"\"Las asamble\u00edstas\" llegan al Festival de Teatro de El Ejido. Las protagonistas llevan a\u00f1os y a\u00f1os, tropezando con las mismas piedras.","robots":{"index":"index","follow":"follow","max-snippet":"max-snippet:-1","max-image-preview":"max-image-preview:large","max-video-preview":"max-video-preview:-1"},"canonical":"https:\/\/turismo.elejido.es\/index.php\/events\/las-asambleistas-festival-de-teatro-de-el-ejido-2024\/","og_locale":"es_ES","og_type":"article","og_title":"\"Las asamble\u00edstas\" - Festival de Teatro de El Ejido 2024","og_description":"\"Las asamble\u00edstas\" llegan al Festival de Teatro de El Ejido. Las protagonistas llevan a\u00f1os y a\u00f1os, tropezando con las mismas piedras.","og_url":"https:\/\/turismo.elejido.es\/index.php\/events\/las-asambleistas-festival-de-teatro-de-el-ejido-2024\/","og_site_name":"Turismo El Ejido","article_modified_time":"2024-04-24T08:17:31+00:00","og_image":[{"width":984,"height":984,"url":"https:\/\/turismo.elejido.es\/wp-content\/uploads\/2024\/04\/0511-Las-asambleistas-cartel.jpg","type":"image\/jpeg"}],"twitter_card":"summary_large_image","twitter_misc":{"Tiempo de lectura":"1 minuto"},"schema":{"@context":"https:\/\/schema.org","@graph":[{"@type":"WebPage","@id":"https:\/\/turismo.elejido.es\/index.php\/events\/las-asambleistas-festival-de-teatro-de-el-ejido-2024\/","url":"https:\/\/turismo.elejido.es\/index.php\/events\/las-asambleistas-festival-de-teatro-de-el-ejido-2024\/","name":"\"Las asamble\u00edstas\" - Festival de Teatro de El Ejido 2024","isPartOf":{"@id":"https:\/\/turismo.elejido.es\/#website"},"primaryImageOfPage":{"@id":"https:\/\/turismo.elejido.es\/index.php\/events\/las-asambleistas-festival-de-teatro-de-el-ejido-2024\/#primaryimage"},"image":{"@id":"https:\/\/turismo.elejido.es\/index.php\/events\/las-asambleistas-festival-de-teatro-de-el-ejido-2024\/#primaryimage"},"thumbnailUrl":"https:\/\/turismo.elejido.es\/wp-content\/uploads\/2024\/04\/0511-Las-asambleistas-cartel.jpg","datePublished":"2024-04-23T09:00:28+00:00","dateModified":"2024-04-24T08:17:31+00:00","description":"\"Las asamble\u00edstas\" llegan al Festival de Teatro de El Ejido. Las protagonistas llevan a\u00f1os y a\u00f1os, tropezando con las mismas piedras.","breadcrumb":{"@id":"https:\/\/turismo.elejido.es\/index.php\/events\/las-asambleistas-festival-de-teatro-de-el-ejido-2024\/#breadcrumb"},"inLanguage":"es","potentialAction":[{"@type":"ReadAction","target":["https:\/\/turismo.elejido.es\/index.php\/events\/las-asambleistas-festival-de-teatro-de-el-ejido-2024\/"]}]},{"@type":"ImageObject","inLanguage":"es","@id":"https:\/\/turismo.elejido.es\/index.php\/events\/las-asambleistas-festival-de-teatro-de-el-ejido-2024\/#primaryimage","url":"https:\/\/turismo.elejido.es\/wp-content\/uploads\/2024\/04\/0511-Las-asambleistas-cartel.jpg","contentUrl":"https:\/\/turismo.elejido.es\/wp-content\/uploads\/2024\/04\/0511-Las-asambleistas-cartel.jpg","width":984,"height":984},{"@type":"BreadcrumbList","@id":"https:\/\/turismo.elejido.es\/index.php\/events\/las-asambleistas-festival-de-teatro-de-el-ejido-2024\/#breadcrumb","itemListElement":[{"@type":"ListItem","position":1,"name":"Inicio","item":"https:\/\/turismo.elejido.es\/"},{"@type":"ListItem","position":2,"name":"Eventos","item":"https:\/\/turismo.elejido.es\/index.php\/events\/"},{"@type":"ListItem","position":3,"name":"\u00abLas asamble\u00edstas\u00bb &#8211; Festival de Teatro de El Ejido 2024"}]},{"@type":"WebSite","@id":"https:\/\/turismo.elejido.es\/#website","url":"https:\/\/turismo.elejido.es\/","name":"Turismo El Ejido","description":"Portal Oficial de Turismo del Municipio de El Ejido, Almerimar y Balerma situado en la costa de Almer\u00eda.","publisher":{"@id":"https:\/\/turismo.elejido.es\/#organization"},"potentialAction":[{"@type":"SearchAction","target":{"@type":"EntryPoint","urlTemplate":"https:\/\/turismo.elejido.es\/?s={search_term_string}"},"query-input":{"@type":"PropertyValueSpecification","valueRequired":true,"valueName":"search_term_string"}}],"inLanguage":"es"},{"@type":"Organization","@id":"https:\/\/turismo.elejido.es\/#organization","name":"Turismo El Ejido","url":"https:\/\/turismo.elejido.es\/","logo":{"@type":"ImageObject","inLanguage":"es","@id":"https:\/\/turismo.elejido.es\/#\/schema\/logo\/image\/","url":"https:\/\/turismo.elejido.es\/wp-content\/uploads\/2020\/12\/elejidoNaranja.png","contentUrl":"https:\/\/turismo.elejido.es\/wp-content\/uploads\/2020\/12\/elejidoNaranja.png","width":163,"height":92,"caption":"Turismo El Ejido"},"image":{"@id":"https:\/\/turismo.elejido.es\/#\/schema\/logo\/image\/"}}]}},"_links":{"self":[{"href":"https:\/\/turismo.elejido.es\/index.php\/wp-json\/wp\/v2\/mec-events\/22748","targetHints":{"allow":["GET"]}}],"collection":[{"href":"https:\/\/turismo.elejido.es\/index.php\/wp-json\/wp\/v2\/mec-events"}],"about":[{"href":"https:\/\/turismo.elejido.es\/index.php\/wp-json\/wp\/v2\/types\/mec-events"}],"author":[{"embeddable":true,"href":"https:\/\/turismo.elejido.es\/index.php\/wp-json\/wp\/v2\/users\/5"}],"replies":[{"embeddable":true,"href":"https:\/\/turismo.elejido.es\/index.php\/wp-json\/wp\/v2\/comments?post=22748"}],"wp:featuredmedia":[{"embeddable":true,"href":"https:\/\/turismo.elejido.es\/index.php\/wp-json\/wp\/v2\/media\/22749"}],"wp:attachment":[{"href":"https:\/\/turismo.elejido.es\/index.php\/wp-json\/wp\/v2\/media?parent=22748"}],"wp:term":[{"taxonomy":"post_tag","embeddable":true,"href":"https:\/\/turismo.elejido.es\/index.php\/wp-json\/wp\/v2\/tags?post=22748"},{"taxonomy":"mec_category","embeddable":true,"href":"https:\/\/turismo.elejido.es\/index.php\/wp-json\/wp\/v2\/mec_category?post=22748"}],"curies":[{"name":"wp","href":"https:\/\/api.w.org\/{rel}","templated":true}]}}