{"id":23345,"date":"2024-07-03T10:40:32","date_gmt":"2024-07-03T08:40:32","guid":{"rendered":"https:\/\/turismo.elejido.es\/?post_type=mec-events&#038;p=23345"},"modified":"2024-07-03T10:41:16","modified_gmt":"2024-07-03T08:41:16","slug":"star-night","status":"publish","type":"mec-events","link":"https:\/\/turismo.elejido.es\/index.php\/en\/events\/star-night\/","title":{"rendered":"Star Night"},"content":{"rendered":"\n<div class=\"wp-block-nk-awb nk-awb alturaSlider is-layout-constrained wp-block-nk-awb-is-layout-constrained\"><div class=\"nk-awb-wrap\" data-awb-type=\"image\" data-awb-image-background-size=\"cover\" data-awb-image-background-position=\"47% 15%\" data-awb-parallax=\"scroll\" data-awb-parallax-speed=\"0.5\" data-awb-parallax-mobile=\"false\"><div class=\"nk-awb-inner\"><img loading=\"lazy\" decoding=\"async\" src=\"https:\/\/app.elejido.es\/turismo\/wp-content\/uploads\/2022\/07\/Noche-de-estrellas-2024_crop.png\" class=\"wp-image-23338 jarallax-img\" width=\"1414\" height=\"1414\" srcset=\"https:\/\/turismo.elejido.es\/wp-content\/uploads\/2022\/07\/Noche-de-estrellas-2024_crop.png 1414w, https:\/\/turismo.elejido.es\/wp-content\/uploads\/2022\/07\/Noche-de-estrellas-2024_crop-500x500.png 500w, https:\/\/turismo.elejido.es\/wp-content\/uploads\/2022\/07\/Noche-de-estrellas-2024_crop-1080x1080.png 1080w, https:\/\/turismo.elejido.es\/wp-content\/uploads\/2022\/07\/Noche-de-estrellas-2024_crop-150x150.png 150w, https:\/\/turismo.elejido.es\/wp-content\/uploads\/2022\/07\/Noche-de-estrellas-2024_crop-768x768.png 768w, https:\/\/turismo.elejido.es\/wp-content\/uploads\/2022\/07\/Noche-de-estrellas-2024_crop-300x300.png 300w, https:\/\/turismo.elejido.es\/wp-content\/uploads\/2022\/07\/Noche-de-estrellas-2024_crop-800x800.png 800w, https:\/\/turismo.elejido.es\/wp-content\/uploads\/2022\/07\/Noche-de-estrellas-2024_crop-1280x1280.png 1280w, https:\/\/turismo.elejido.es\/wp-content\/uploads\/2022\/07\/Noche-de-estrellas-2024_crop-600x600.png 600w\" sizes=\"auto, (max-width: 1414px) 100vw, 1414px\" \/><\/div><\/div><\/div>\n\n\n\n<div style=\"height:40px\" aria-hidden=\"true\" class=\"wp-block-spacer\"><\/div>\n\n\n<div class=\"breadcrumbs align  wp-block-bcn-breadcrumb-trail has-text-color has-background\" vocab=\"https:\/\/schema.org\/\" typeof=\"BreadcrumbList\">\n\t<span><\/span>\n\t<span property=\"itemListElement\" typeof=\"ListItem\"><a property=\"item\" typeof=\"WebPage\" title=\"Ir a Turismo El Ejido.\" href=\"https:\/\/turismo.elejido.es\" class=\"home\" aria-current=\"page\"><span property=\"name\">Turismo El Ejido<\/span><\/a><meta property=\"position\" content=\"1\"><\/span><\/div>\n\n\n\n<div style=\"height:50px\" aria-hidden=\"true\" class=\"wp-block-spacer\"><\/div>\n\n\n\n<h1 class=\"wp-block-heading\">Star Night<\/h1>\n\n\n\n<div style=\"height:25px\" aria-hidden=\"true\" class=\"wp-block-spacer\"><\/div>\n\n\n\n<p>One of the most special nights of the summer is back, Star Night! Join us in this activity where you can learn more about astronomy and see the stars through a professional telescope. We look forward to seeing you on 20 July and 24 August from 22:00 at Guardias Viejas Castle. Book your visit here: https:\/\/app.elejido.es\/turismo\/index.php\/verano-2024-reservas\/<\/p>\n\n\n\n<div style=\"height:70px\" aria-hidden=\"true\" class=\"wp-block-spacer\"><\/div>\n\n\n\n<figure class=\"wp-block-image size-large\"><img loading=\"lazy\" decoding=\"async\" width=\"764\" height=\"1080\" src=\"https:\/\/app.elejido.es\/turismo\/wp-content\/uploads\/2024\/07\/Noche-de-estrellas-2024-764x1080.png\" alt=\"\" class=\"wp-image-23340\" srcset=\"https:\/\/turismo.elejido.es\/wp-content\/uploads\/2024\/07\/Noche-de-estrellas-2024-764x1080.png 764w, https:\/\/turismo.elejido.es\/wp-content\/uploads\/2024\/07\/Noche-de-estrellas-2024-354x500.png 354w, https:\/\/turismo.elejido.es\/wp-content\/uploads\/2024\/07\/Noche-de-estrellas-2024-768x1086.png 768w, https:\/\/turismo.elejido.es\/wp-content\/uploads\/2024\/07\/Noche-de-estrellas-2024-1086x1536.png 1086w, https:\/\/turismo.elejido.es\/wp-content\/uploads\/2024\/07\/Noche-de-estrellas-2024-500x707.png 500w, https:\/\/turismo.elejido.es\/wp-content\/uploads\/2024\/07\/Noche-de-estrellas-2024-800x1132.png 800w, https:\/\/turismo.elejido.es\/wp-content\/uploads\/2024\/07\/Noche-de-estrellas-2024-1280x1810.png 1280w, https:\/\/turismo.elejido.es\/wp-content\/uploads\/2024\/07\/Noche-de-estrellas-2024.png 1414w\" sizes=\"auto, (max-width: 764px) 100vw, 764px\" \/><\/figure>\n\n\n\n<iframe src=\"https:\/\/www.google.com\/maps\/embed?pb=!1m18!1m12!1m3!1d3198.922841809109!2d-2.8540628238384302!3d36.70039197331884!2m3!1f0!2f0!3f0!3m2!1i1024!2i768!4f13.1!3m3!1m2!1s0xd705c7c134c793b%3A0xb0dbb44a7c0a1152!2sCastillo%20de%20Guardias%20Viejas!5e0!3m2!1ses!2ses!4v1689751852415!5m2!1ses!2ses\" width=\"600\" height=\"450\" style=\"border:0;\" allowfullscreen=\"\" loading=\"lazy\" referrerpolicy=\"no-referrer-when-downgrade\"><\/iframe>\n","protected":false},"excerpt":{"rendered":"<p>Star Night One of the most special nights of the summer is back, Star Night! Join us in this activity where you can learn more about astronomy and see the stars through a professional telescope. We look forward to seeing you on 20 July and 24 August from 22:00 at Guardias Viejas Castle. Book your [&hellip;]<\/p>\n","protected":false},"author":5,"featured_media":23338,"comment_status":"closed","ping_status":"closed","template":"","tags":[],"mec_category":[1391],"class_list":["post-23345","mec-events","type-mec-events","status-publish","has-post-thumbnail","hentry","mec_category-leisure","entry","has-media"],"yoast_head":"<!-- This site is optimized with the Yoast SEO plugin v27.4 - https:\/\/yoast.com\/product\/yoast-seo-wordpress\/ -->\n<title>Star Night - Turismo El Ejido<\/title>\n<meta name=\"description\" content=\"Acomp\u00e1\u00f1anos en esta actividad en la que podr\u00e1s aprender m\u00e1s sobre astronom\u00eda y ver las estrellas a trav\u00e9s de un telescopio profesional.\" \/>\n<meta name=\"robots\" content=\"index, follow, max-snippet:-1, max-image-preview:large, max-video-preview:-1\" \/>\n<link rel=\"canonical\" href=\"https:\/\/turismo.elejido.es\/index.php\/en\/events\/star-night\/\" \/>\n<meta property=\"og:locale\" content=\"es_ES\" \/>\n<meta property=\"og:type\" content=\"article\" \/>\n<meta property=\"og:title\" content=\"Star Night - Turismo El Ejido\" \/>\n<meta property=\"og:description\" content=\"Acomp\u00e1\u00f1anos en esta actividad en la que podr\u00e1s aprender m\u00e1s sobre astronom\u00eda y ver las estrellas a trav\u00e9s de un telescopio profesional.\" \/>\n<meta property=\"og:url\" content=\"https:\/\/turismo.elejido.es\/index.php\/en\/events\/star-night\/\" \/>\n<meta property=\"og:site_name\" content=\"Turismo El Ejido\" \/>\n<meta property=\"article:modified_time\" content=\"2024-07-03T08:41:16+00:00\" \/>\n<meta property=\"og:image\" content=\"https:\/\/turismo.elejido.es\/wp-content\/uploads\/2022\/07\/Noche-de-estrellas-2024_crop.png\" \/>\n\t<meta property=\"og:image:width\" content=\"1414\" \/>\n\t<meta property=\"og:image:height\" content=\"1414\" \/>\n\t<meta property=\"og:image:type\" content=\"image\/png\" \/>\n<meta name=\"twitter:card\" content=\"summary_large_image\" \/>\n<meta name=\"twitter:label1\" content=\"Tiempo de lectura\" \/>\n\t<meta name=\"twitter:data1\" content=\"1 minuto\" \/>\n<script type=\"application\/ld+json\" class=\"yoast-schema-graph\">{\"@context\":\"https:\\\/\\\/schema.org\",\"@graph\":[{\"@type\":\"WebPage\",\"@id\":\"https:\\\/\\\/turismo.elejido.es\\\/index.php\\\/en\\\/events\\\/star-night\\\/\",\"url\":\"https:\\\/\\\/turismo.elejido.es\\\/index.php\\\/en\\\/events\\\/star-night\\\/\",\"name\":\"Star Night - Turismo El Ejido\",\"isPartOf\":{\"@id\":\"https:\\\/\\\/turismo.elejido.es\\\/#website\"},\"primaryImageOfPage\":{\"@id\":\"https:\\\/\\\/turismo.elejido.es\\\/index.php\\\/en\\\/events\\\/star-night\\\/#primaryimage\"},\"image\":{\"@id\":\"https:\\\/\\\/turismo.elejido.es\\\/index.php\\\/en\\\/events\\\/star-night\\\/#primaryimage\"},\"thumbnailUrl\":\"https:\\\/\\\/turismo.elejido.es\\\/wp-content\\\/uploads\\\/2022\\\/07\\\/Noche-de-estrellas-2024_crop.png\",\"datePublished\":\"2024-07-03T08:40:32+00:00\",\"dateModified\":\"2024-07-03T08:41:16+00:00\",\"description\":\"Acomp\u00e1\u00f1anos en esta actividad en la que podr\u00e1s aprender m\u00e1s sobre astronom\u00eda y ver las estrellas a trav\u00e9s de un telescopio profesional.\",\"breadcrumb\":{\"@id\":\"https:\\\/\\\/turismo.elejido.es\\\/index.php\\\/en\\\/events\\\/star-night\\\/#breadcrumb\"},\"inLanguage\":\"es\",\"potentialAction\":[{\"@type\":\"ReadAction\",\"target\":[\"https:\\\/\\\/turismo.elejido.es\\\/index.php\\\/en\\\/events\\\/star-night\\\/\"]}]},{\"@type\":\"ImageObject\",\"inLanguage\":\"es\",\"@id\":\"https:\\\/\\\/turismo.elejido.es\\\/index.php\\\/en\\\/events\\\/star-night\\\/#primaryimage\",\"url\":\"https:\\\/\\\/turismo.elejido.es\\\/wp-content\\\/uploads\\\/2022\\\/07\\\/Noche-de-estrellas-2024_crop.png\",\"contentUrl\":\"https:\\\/\\\/turismo.elejido.es\\\/wp-content\\\/uploads\\\/2022\\\/07\\\/Noche-de-estrellas-2024_crop.png\",\"width\":1414,\"height\":1414},{\"@type\":\"BreadcrumbList\",\"@id\":\"https:\\\/\\\/turismo.elejido.es\\\/index.php\\\/en\\\/events\\\/star-night\\\/#breadcrumb\",\"itemListElement\":[{\"@type\":\"ListItem\",\"position\":1,\"name\":\"Inicio\",\"item\":\"https:\\\/\\\/turismo.elejido.es\\\/\"},{\"@type\":\"ListItem\",\"position\":2,\"name\":\"Eventos\",\"item\":\"https:\\\/\\\/turismo.elejido.es\\\/index.php\\\/events\\\/\"},{\"@type\":\"ListItem\",\"position\":3,\"name\":\"Star Night\"}]},{\"@type\":\"WebSite\",\"@id\":\"https:\\\/\\\/turismo.elejido.es\\\/#website\",\"url\":\"https:\\\/\\\/turismo.elejido.es\\\/\",\"name\":\"Turismo El Ejido\",\"description\":\"Portal Oficial de Turismo del Municipio de El Ejido, Almerimar y Balerma situado en la costa de Almer\u00eda.\",\"publisher\":{\"@id\":\"https:\\\/\\\/turismo.elejido.es\\\/#organization\"},\"potentialAction\":[{\"@type\":\"SearchAction\",\"target\":{\"@type\":\"EntryPoint\",\"urlTemplate\":\"https:\\\/\\\/turismo.elejido.es\\\/?s={search_term_string}\"},\"query-input\":{\"@type\":\"PropertyValueSpecification\",\"valueRequired\":true,\"valueName\":\"search_term_string\"}}],\"inLanguage\":\"es\"},{\"@type\":\"Organization\",\"@id\":\"https:\\\/\\\/turismo.elejido.es\\\/#organization\",\"name\":\"Turismo El Ejido\",\"url\":\"https:\\\/\\\/turismo.elejido.es\\\/\",\"logo\":{\"@type\":\"ImageObject\",\"inLanguage\":\"es\",\"@id\":\"https:\\\/\\\/turismo.elejido.es\\\/#\\\/schema\\\/logo\\\/image\\\/\",\"url\":\"https:\\\/\\\/turismo.elejido.es\\\/wp-content\\\/uploads\\\/2020\\\/12\\\/elejidoNaranja.png\",\"contentUrl\":\"https:\\\/\\\/turismo.elejido.es\\\/wp-content\\\/uploads\\\/2020\\\/12\\\/elejidoNaranja.png\",\"width\":163,\"height\":92,\"caption\":\"Turismo El Ejido\"},\"image\":{\"@id\":\"https:\\\/\\\/turismo.elejido.es\\\/#\\\/schema\\\/logo\\\/image\\\/\"}}]}<\/script>\n<!-- \/ Yoast SEO plugin. -->","yoast_head_json":{"title":"Star Night - Turismo El Ejido","description":"Acomp\u00e1\u00f1anos en esta actividad en la que podr\u00e1s aprender m\u00e1s sobre astronom\u00eda y ver las estrellas a trav\u00e9s de un telescopio profesional.","robots":{"index":"index","follow":"follow","max-snippet":"max-snippet:-1","max-image-preview":"max-image-preview:large","max-video-preview":"max-video-preview:-1"},"canonical":"https:\/\/turismo.elejido.es\/index.php\/en\/events\/star-night\/","og_locale":"es_ES","og_type":"article","og_title":"Star Night - Turismo El Ejido","og_description":"Acomp\u00e1\u00f1anos en esta actividad en la que podr\u00e1s aprender m\u00e1s sobre astronom\u00eda y ver las estrellas a trav\u00e9s de un telescopio profesional.","og_url":"https:\/\/turismo.elejido.es\/index.php\/en\/events\/star-night\/","og_site_name":"Turismo El Ejido","article_modified_time":"2024-07-03T08:41:16+00:00","og_image":[{"width":1414,"height":1414,"url":"https:\/\/turismo.elejido.es\/wp-content\/uploads\/2022\/07\/Noche-de-estrellas-2024_crop.png","type":"image\/png"}],"twitter_card":"summary_large_image","twitter_misc":{"Tiempo de lectura":"1 minuto"},"schema":{"@context":"https:\/\/schema.org","@graph":[{"@type":"WebPage","@id":"https:\/\/turismo.elejido.es\/index.php\/en\/events\/star-night\/","url":"https:\/\/turismo.elejido.es\/index.php\/en\/events\/star-night\/","name":"Star Night - Turismo El Ejido","isPartOf":{"@id":"https:\/\/turismo.elejido.es\/#website"},"primaryImageOfPage":{"@id":"https:\/\/turismo.elejido.es\/index.php\/en\/events\/star-night\/#primaryimage"},"image":{"@id":"https:\/\/turismo.elejido.es\/index.php\/en\/events\/star-night\/#primaryimage"},"thumbnailUrl":"https:\/\/turismo.elejido.es\/wp-content\/uploads\/2022\/07\/Noche-de-estrellas-2024_crop.png","datePublished":"2024-07-03T08:40:32+00:00","dateModified":"2024-07-03T08:41:16+00:00","description":"Acomp\u00e1\u00f1anos en esta actividad en la que podr\u00e1s aprender m\u00e1s sobre astronom\u00eda y ver las estrellas a trav\u00e9s de un telescopio profesional.","breadcrumb":{"@id":"https:\/\/turismo.elejido.es\/index.php\/en\/events\/star-night\/#breadcrumb"},"inLanguage":"es","potentialAction":[{"@type":"ReadAction","target":["https:\/\/turismo.elejido.es\/index.php\/en\/events\/star-night\/"]}]},{"@type":"ImageObject","inLanguage":"es","@id":"https:\/\/turismo.elejido.es\/index.php\/en\/events\/star-night\/#primaryimage","url":"https:\/\/turismo.elejido.es\/wp-content\/uploads\/2022\/07\/Noche-de-estrellas-2024_crop.png","contentUrl":"https:\/\/turismo.elejido.es\/wp-content\/uploads\/2022\/07\/Noche-de-estrellas-2024_crop.png","width":1414,"height":1414},{"@type":"BreadcrumbList","@id":"https:\/\/turismo.elejido.es\/index.php\/en\/events\/star-night\/#breadcrumb","itemListElement":[{"@type":"ListItem","position":1,"name":"Inicio","item":"https:\/\/turismo.elejido.es\/"},{"@type":"ListItem","position":2,"name":"Eventos","item":"https:\/\/turismo.elejido.es\/index.php\/events\/"},{"@type":"ListItem","position":3,"name":"Star Night"}]},{"@type":"WebSite","@id":"https:\/\/turismo.elejido.es\/#website","url":"https:\/\/turismo.elejido.es\/","name":"Turismo El Ejido","description":"Portal Oficial de Turismo del Municipio de El Ejido, Almerimar y Balerma situado en la costa de Almer\u00eda.","publisher":{"@id":"https:\/\/turismo.elejido.es\/#organization"},"potentialAction":[{"@type":"SearchAction","target":{"@type":"EntryPoint","urlTemplate":"https:\/\/turismo.elejido.es\/?s={search_term_string}"},"query-input":{"@type":"PropertyValueSpecification","valueRequired":true,"valueName":"search_term_string"}}],"inLanguage":"es"},{"@type":"Organization","@id":"https:\/\/turismo.elejido.es\/#organization","name":"Turismo El Ejido","url":"https:\/\/turismo.elejido.es\/","logo":{"@type":"ImageObject","inLanguage":"es","@id":"https:\/\/turismo.elejido.es\/#\/schema\/logo\/image\/","url":"https:\/\/turismo.elejido.es\/wp-content\/uploads\/2020\/12\/elejidoNaranja.png","contentUrl":"https:\/\/turismo.elejido.es\/wp-content\/uploads\/2020\/12\/elejidoNaranja.png","width":163,"height":92,"caption":"Turismo El Ejido"},"image":{"@id":"https:\/\/turismo.elejido.es\/#\/schema\/logo\/image\/"}}]}},"_links":{"self":[{"href":"https:\/\/turismo.elejido.es\/index.php\/wp-json\/wp\/v2\/mec-events\/23345","targetHints":{"allow":["GET"]}}],"collection":[{"href":"https:\/\/turismo.elejido.es\/index.php\/wp-json\/wp\/v2\/mec-events"}],"about":[{"href":"https:\/\/turismo.elejido.es\/index.php\/wp-json\/wp\/v2\/types\/mec-events"}],"author":[{"embeddable":true,"href":"https:\/\/turismo.elejido.es\/index.php\/wp-json\/wp\/v2\/users\/5"}],"replies":[{"embeddable":true,"href":"https:\/\/turismo.elejido.es\/index.php\/wp-json\/wp\/v2\/comments?post=23345"}],"wp:featuredmedia":[{"embeddable":true,"href":"https:\/\/turismo.elejido.es\/index.php\/wp-json\/wp\/v2\/media\/23338"}],"wp:attachment":[{"href":"https:\/\/turismo.elejido.es\/index.php\/wp-json\/wp\/v2\/media?parent=23345"}],"wp:term":[{"taxonomy":"post_tag","embeddable":true,"href":"https:\/\/turismo.elejido.es\/index.php\/wp-json\/wp\/v2\/tags?post=23345"},{"taxonomy":"mec_category","embeddable":true,"href":"https:\/\/turismo.elejido.es\/index.php\/wp-json\/wp\/v2\/mec_category?post=23345"}],"curies":[{"name":"wp","href":"https:\/\/api.w.org\/{rel}","templated":true}]}}