{"id":23359,"date":"2024-07-04T12:17:35","date_gmt":"2024-07-04T10:17:35","guid":{"rendered":"https:\/\/turismo.elejido.es\/?post_type=mec-events&#038;p=23359"},"modified":"2024-07-04T12:25:41","modified_gmt":"2024-07-04T10:25:41","slug":"25-anos-de-conciertos-en-el-castillo-de-guardias-viejas-verano-cultural","status":"publish","type":"mec-events","link":"https:\/\/turismo.elejido.es\/index.php\/events\/25-anos-de-conciertos-en-el-castillo-de-guardias-viejas-verano-cultural\/","title":{"rendered":"Conciertos en el Castillo de Guardias Viejas &#8211; Verano Cultural"},"content":{"rendered":"\n<div class=\"wp-block-nk-awb nk-awb alturaSlider is-layout-constrained wp-block-nk-awb-is-layout-constrained\"><div class=\"nk-awb-wrap\" data-awb-type=\"image\" data-awb-image-background-size=\"cover\" data-awb-image-background-position=\"53% 50%\" data-awb-parallax=\"scroll\" data-awb-parallax-speed=\"0.5\" data-awb-parallax-mobile=\"false\"><div class=\"nk-awb-inner\"><img loading=\"lazy\" decoding=\"async\" src=\"https:\/\/app.elejido.es\/turismo\/wp-content\/uploads\/2024\/07\/ciclo-conciertos-castillo.jpg\" class=\"wp-image-23360 jarallax-img\" width=\"1080\" height=\"1080\" srcset=\"https:\/\/turismo.elejido.es\/wp-content\/uploads\/2024\/07\/ciclo-conciertos-castillo.jpg 1080w, https:\/\/turismo.elejido.es\/wp-content\/uploads\/2024\/07\/ciclo-conciertos-castillo-500x500.jpg 500w, https:\/\/turismo.elejido.es\/wp-content\/uploads\/2024\/07\/ciclo-conciertos-castillo-150x150.jpg 150w, https:\/\/turismo.elejido.es\/wp-content\/uploads\/2024\/07\/ciclo-conciertos-castillo-768x768.jpg 768w, https:\/\/turismo.elejido.es\/wp-content\/uploads\/2024\/07\/ciclo-conciertos-castillo-300x300.jpg 300w, https:\/\/turismo.elejido.es\/wp-content\/uploads\/2024\/07\/ciclo-conciertos-castillo-800x800.jpg 800w, https:\/\/turismo.elejido.es\/wp-content\/uploads\/2024\/07\/ciclo-conciertos-castillo-600x600.jpg 600w\" sizes=\"auto, (max-width: 1080px) 100vw, 1080px\" \/><\/div><\/div><\/div>\n\n\n\n<div style=\"height:40px\" aria-hidden=\"true\" class=\"wp-block-spacer\"><\/div>\n\n\n<div class=\"breadcrumbs align  wp-block-bcn-breadcrumb-trail has-text-color has-background\" vocab=\"https:\/\/schema.org\/\" typeof=\"BreadcrumbList\">\n\t<span><\/span>\n\t<span property=\"itemListElement\" typeof=\"ListItem\"><a property=\"item\" typeof=\"WebPage\" title=\"Ir a Turismo El Ejido.\" href=\"https:\/\/turismo.elejido.es\" class=\"home\" aria-current=\"page\"><span property=\"name\">Turismo El Ejido<\/span><\/a><meta property=\"position\" content=\"1\"><\/span><\/div>\n\n\n\n<div style=\"height:50px\" aria-hidden=\"true\" class=\"wp-block-spacer\"><\/div>\n\n\n\n<h2 class=\"wp-block-heading\">25 a\u00f1os de conciertos en el Castillo de Guardias Viejas &#8211; Verano Cultural<\/h2>\n\n\n\n<div style=\"height:25px\" aria-hidden=\"true\" class=\"wp-block-spacer\"><\/div>\n\n\n\n<p>Este a\u00f1o celebramos los 25 a\u00f1os de conciertos en el Castillo de Guardias Viejas. No te pierdas la programaci\u00f3n de este cl\u00e1sico del verano en El Ejido. Toda la informaci\u00f3n y entradas en la web <a href=\"https:\/\/cultura.elejido.es\/\">cultura.elejido.es<\/a><\/p>\n\n\n\n<p><\/p>\n\n\n\n<figure class=\"wp-block-image size-full\"><img loading=\"lazy\" decoding=\"async\" width=\"1080\" height=\"1080\" src=\"https:\/\/app.elejido.es\/turismo\/wp-content\/uploads\/2024\/07\/ciclo-conciertos-castillo.jpg\" alt=\"\" class=\"wp-image-23360\" srcset=\"https:\/\/turismo.elejido.es\/wp-content\/uploads\/2024\/07\/ciclo-conciertos-castillo.jpg 1080w, https:\/\/turismo.elejido.es\/wp-content\/uploads\/2024\/07\/ciclo-conciertos-castillo-500x500.jpg 500w, https:\/\/turismo.elejido.es\/wp-content\/uploads\/2024\/07\/ciclo-conciertos-castillo-150x150.jpg 150w, https:\/\/turismo.elejido.es\/wp-content\/uploads\/2024\/07\/ciclo-conciertos-castillo-768x768.jpg 768w, https:\/\/turismo.elejido.es\/wp-content\/uploads\/2024\/07\/ciclo-conciertos-castillo-300x300.jpg 300w, https:\/\/turismo.elejido.es\/wp-content\/uploads\/2024\/07\/ciclo-conciertos-castillo-800x800.jpg 800w, https:\/\/turismo.elejido.es\/wp-content\/uploads\/2024\/07\/ciclo-conciertos-castillo-600x600.jpg 600w\" sizes=\"auto, (max-width: 1080px) 100vw, 1080px\" \/><\/figure>\n\n\n\n<div style=\"height:70px\" aria-hidden=\"true\" class=\"wp-block-spacer\"><\/div>\n","protected":false},"excerpt":{"rendered":"<p>25 a\u00f1os de conciertos en el Castillo de Guardias Viejas &#8211; Verano Cultural Este a\u00f1o celebramos los 25 a\u00f1os de conciertos en el Castillo de Guardias Viejas. No te pierdas la programaci\u00f3n de este cl\u00e1sico del verano en El Ejido. Toda la informaci\u00f3n y entradas en la web cultura.elejido.es<\/p>\n","protected":false},"author":5,"featured_media":23361,"comment_status":"closed","ping_status":"closed","template":"","tags":[],"mec_category":[103],"class_list":["post-23359","mec-events","type-mec-events","status-publish","has-post-thumbnail","hentry","mec_category-musica","entry","has-media"],"yoast_head":"<!-- This site is optimized with the Yoast SEO plugin v27.4 - https:\/\/yoast.com\/product\/yoast-seo-wordpress\/ -->\n<title>Conciertos en el Castillo de Guardias Viejas - Verano Cultural<\/title>\n<meta name=\"description\" content=\"Este a\u00f1o celebramos los 25 a\u00f1os de conciertos en el Castillo de Guardias Viejas. No te pierdas la programaci\u00f3n de este cl\u00e1sico del verano.\" \/>\n<meta name=\"robots\" content=\"index, follow, max-snippet:-1, max-image-preview:large, max-video-preview:-1\" \/>\n<link rel=\"canonical\" href=\"https:\/\/turismo.elejido.es\/index.php\/events\/25-anos-de-conciertos-en-el-castillo-de-guardias-viejas-verano-cultural\/\" \/>\n<meta property=\"og:locale\" content=\"es_ES\" \/>\n<meta property=\"og:type\" content=\"article\" \/>\n<meta property=\"og:title\" content=\"Conciertos en el Castillo de Guardias Viejas - Verano Cultural\" \/>\n<meta property=\"og:description\" content=\"Este a\u00f1o celebramos los 25 a\u00f1os de conciertos en el Castillo de Guardias Viejas. No te pierdas la programaci\u00f3n de este cl\u00e1sico del verano.\" \/>\n<meta property=\"og:url\" content=\"https:\/\/turismo.elejido.es\/index.php\/events\/25-anos-de-conciertos-en-el-castillo-de-guardias-viejas-verano-cultural\/\" \/>\n<meta property=\"og:site_name\" content=\"Turismo El Ejido\" \/>\n<meta property=\"article:modified_time\" content=\"2024-07-04T10:25:41+00:00\" \/>\n<meta property=\"og:image\" content=\"https:\/\/turismo.elejido.es\/wp-content\/uploads\/2024\/07\/verano-cultural-2024.jpg\" \/>\n\t<meta property=\"og:image:width\" content=\"1080\" \/>\n\t<meta property=\"og:image:height\" content=\"1080\" \/>\n\t<meta property=\"og:image:type\" content=\"image\/jpeg\" \/>\n<meta name=\"twitter:card\" content=\"summary_large_image\" \/>\n<meta name=\"twitter:label1\" content=\"Tiempo de lectura\" \/>\n\t<meta name=\"twitter:data1\" content=\"1 minuto\" \/>\n<script type=\"application\/ld+json\" class=\"yoast-schema-graph\">{\"@context\":\"https:\\\/\\\/schema.org\",\"@graph\":[{\"@type\":\"WebPage\",\"@id\":\"https:\\\/\\\/turismo.elejido.es\\\/index.php\\\/events\\\/25-anos-de-conciertos-en-el-castillo-de-guardias-viejas-verano-cultural\\\/\",\"url\":\"https:\\\/\\\/turismo.elejido.es\\\/index.php\\\/events\\\/25-anos-de-conciertos-en-el-castillo-de-guardias-viejas-verano-cultural\\\/\",\"name\":\"Conciertos en el Castillo de Guardias Viejas - Verano Cultural\",\"isPartOf\":{\"@id\":\"https:\\\/\\\/turismo.elejido.es\\\/#website\"},\"primaryImageOfPage\":{\"@id\":\"https:\\\/\\\/turismo.elejido.es\\\/index.php\\\/events\\\/25-anos-de-conciertos-en-el-castillo-de-guardias-viejas-verano-cultural\\\/#primaryimage\"},\"image\":{\"@id\":\"https:\\\/\\\/turismo.elejido.es\\\/index.php\\\/events\\\/25-anos-de-conciertos-en-el-castillo-de-guardias-viejas-verano-cultural\\\/#primaryimage\"},\"thumbnailUrl\":\"https:\\\/\\\/turismo.elejido.es\\\/wp-content\\\/uploads\\\/2024\\\/07\\\/verano-cultural-2024.jpg\",\"datePublished\":\"2024-07-04T10:17:35+00:00\",\"dateModified\":\"2024-07-04T10:25:41+00:00\",\"description\":\"Este a\u00f1o celebramos los 25 a\u00f1os de conciertos en el Castillo de Guardias Viejas. No te pierdas la programaci\u00f3n de este cl\u00e1sico del verano.\",\"breadcrumb\":{\"@id\":\"https:\\\/\\\/turismo.elejido.es\\\/index.php\\\/events\\\/25-anos-de-conciertos-en-el-castillo-de-guardias-viejas-verano-cultural\\\/#breadcrumb\"},\"inLanguage\":\"es\",\"potentialAction\":[{\"@type\":\"ReadAction\",\"target\":[\"https:\\\/\\\/turismo.elejido.es\\\/index.php\\\/events\\\/25-anos-de-conciertos-en-el-castillo-de-guardias-viejas-verano-cultural\\\/\"]}]},{\"@type\":\"ImageObject\",\"inLanguage\":\"es\",\"@id\":\"https:\\\/\\\/turismo.elejido.es\\\/index.php\\\/events\\\/25-anos-de-conciertos-en-el-castillo-de-guardias-viejas-verano-cultural\\\/#primaryimage\",\"url\":\"https:\\\/\\\/turismo.elejido.es\\\/wp-content\\\/uploads\\\/2024\\\/07\\\/verano-cultural-2024.jpg\",\"contentUrl\":\"https:\\\/\\\/turismo.elejido.es\\\/wp-content\\\/uploads\\\/2024\\\/07\\\/verano-cultural-2024.jpg\",\"width\":1080,\"height\":1080},{\"@type\":\"BreadcrumbList\",\"@id\":\"https:\\\/\\\/turismo.elejido.es\\\/index.php\\\/events\\\/25-anos-de-conciertos-en-el-castillo-de-guardias-viejas-verano-cultural\\\/#breadcrumb\",\"itemListElement\":[{\"@type\":\"ListItem\",\"position\":1,\"name\":\"Inicio\",\"item\":\"https:\\\/\\\/turismo.elejido.es\\\/\"},{\"@type\":\"ListItem\",\"position\":2,\"name\":\"Eventos\",\"item\":\"https:\\\/\\\/turismo.elejido.es\\\/index.php\\\/events\\\/\"},{\"@type\":\"ListItem\",\"position\":3,\"name\":\"Conciertos en el Castillo de Guardias Viejas &#8211; Verano Cultural\"}]},{\"@type\":\"WebSite\",\"@id\":\"https:\\\/\\\/turismo.elejido.es\\\/#website\",\"url\":\"https:\\\/\\\/turismo.elejido.es\\\/\",\"name\":\"Turismo El Ejido\",\"description\":\"Portal Oficial de Turismo del Municipio de El Ejido, Almerimar y Balerma situado en la costa de Almer\u00eda.\",\"publisher\":{\"@id\":\"https:\\\/\\\/turismo.elejido.es\\\/#organization\"},\"potentialAction\":[{\"@type\":\"SearchAction\",\"target\":{\"@type\":\"EntryPoint\",\"urlTemplate\":\"https:\\\/\\\/turismo.elejido.es\\\/?s={search_term_string}\"},\"query-input\":{\"@type\":\"PropertyValueSpecification\",\"valueRequired\":true,\"valueName\":\"search_term_string\"}}],\"inLanguage\":\"es\"},{\"@type\":\"Organization\",\"@id\":\"https:\\\/\\\/turismo.elejido.es\\\/#organization\",\"name\":\"Turismo El Ejido\",\"url\":\"https:\\\/\\\/turismo.elejido.es\\\/\",\"logo\":{\"@type\":\"ImageObject\",\"inLanguage\":\"es\",\"@id\":\"https:\\\/\\\/turismo.elejido.es\\\/#\\\/schema\\\/logo\\\/image\\\/\",\"url\":\"https:\\\/\\\/turismo.elejido.es\\\/wp-content\\\/uploads\\\/2020\\\/12\\\/elejidoNaranja.png\",\"contentUrl\":\"https:\\\/\\\/turismo.elejido.es\\\/wp-content\\\/uploads\\\/2020\\\/12\\\/elejidoNaranja.png\",\"width\":163,\"height\":92,\"caption\":\"Turismo El Ejido\"},\"image\":{\"@id\":\"https:\\\/\\\/turismo.elejido.es\\\/#\\\/schema\\\/logo\\\/image\\\/\"}}]}<\/script>\n<!-- \/ Yoast SEO plugin. -->","yoast_head_json":{"title":"Conciertos en el Castillo de Guardias Viejas - Verano Cultural","description":"Este a\u00f1o celebramos los 25 a\u00f1os de conciertos en el Castillo de Guardias Viejas. No te pierdas la programaci\u00f3n de este cl\u00e1sico del verano.","robots":{"index":"index","follow":"follow","max-snippet":"max-snippet:-1","max-image-preview":"max-image-preview:large","max-video-preview":"max-video-preview:-1"},"canonical":"https:\/\/turismo.elejido.es\/index.php\/events\/25-anos-de-conciertos-en-el-castillo-de-guardias-viejas-verano-cultural\/","og_locale":"es_ES","og_type":"article","og_title":"Conciertos en el Castillo de Guardias Viejas - Verano Cultural","og_description":"Este a\u00f1o celebramos los 25 a\u00f1os de conciertos en el Castillo de Guardias Viejas. No te pierdas la programaci\u00f3n de este cl\u00e1sico del verano.","og_url":"https:\/\/turismo.elejido.es\/index.php\/events\/25-anos-de-conciertos-en-el-castillo-de-guardias-viejas-verano-cultural\/","og_site_name":"Turismo El Ejido","article_modified_time":"2024-07-04T10:25:41+00:00","og_image":[{"width":1080,"height":1080,"url":"https:\/\/turismo.elejido.es\/wp-content\/uploads\/2024\/07\/verano-cultural-2024.jpg","type":"image\/jpeg"}],"twitter_card":"summary_large_image","twitter_misc":{"Tiempo de lectura":"1 minuto"},"schema":{"@context":"https:\/\/schema.org","@graph":[{"@type":"WebPage","@id":"https:\/\/turismo.elejido.es\/index.php\/events\/25-anos-de-conciertos-en-el-castillo-de-guardias-viejas-verano-cultural\/","url":"https:\/\/turismo.elejido.es\/index.php\/events\/25-anos-de-conciertos-en-el-castillo-de-guardias-viejas-verano-cultural\/","name":"Conciertos en el Castillo de Guardias Viejas - Verano Cultural","isPartOf":{"@id":"https:\/\/turismo.elejido.es\/#website"},"primaryImageOfPage":{"@id":"https:\/\/turismo.elejido.es\/index.php\/events\/25-anos-de-conciertos-en-el-castillo-de-guardias-viejas-verano-cultural\/#primaryimage"},"image":{"@id":"https:\/\/turismo.elejido.es\/index.php\/events\/25-anos-de-conciertos-en-el-castillo-de-guardias-viejas-verano-cultural\/#primaryimage"},"thumbnailUrl":"https:\/\/turismo.elejido.es\/wp-content\/uploads\/2024\/07\/verano-cultural-2024.jpg","datePublished":"2024-07-04T10:17:35+00:00","dateModified":"2024-07-04T10:25:41+00:00","description":"Este a\u00f1o celebramos los 25 a\u00f1os de conciertos en el Castillo de Guardias Viejas. No te pierdas la programaci\u00f3n de este cl\u00e1sico del verano.","breadcrumb":{"@id":"https:\/\/turismo.elejido.es\/index.php\/events\/25-anos-de-conciertos-en-el-castillo-de-guardias-viejas-verano-cultural\/#breadcrumb"},"inLanguage":"es","potentialAction":[{"@type":"ReadAction","target":["https:\/\/turismo.elejido.es\/index.php\/events\/25-anos-de-conciertos-en-el-castillo-de-guardias-viejas-verano-cultural\/"]}]},{"@type":"ImageObject","inLanguage":"es","@id":"https:\/\/turismo.elejido.es\/index.php\/events\/25-anos-de-conciertos-en-el-castillo-de-guardias-viejas-verano-cultural\/#primaryimage","url":"https:\/\/turismo.elejido.es\/wp-content\/uploads\/2024\/07\/verano-cultural-2024.jpg","contentUrl":"https:\/\/turismo.elejido.es\/wp-content\/uploads\/2024\/07\/verano-cultural-2024.jpg","width":1080,"height":1080},{"@type":"BreadcrumbList","@id":"https:\/\/turismo.elejido.es\/index.php\/events\/25-anos-de-conciertos-en-el-castillo-de-guardias-viejas-verano-cultural\/#breadcrumb","itemListElement":[{"@type":"ListItem","position":1,"name":"Inicio","item":"https:\/\/turismo.elejido.es\/"},{"@type":"ListItem","position":2,"name":"Eventos","item":"https:\/\/turismo.elejido.es\/index.php\/events\/"},{"@type":"ListItem","position":3,"name":"Conciertos en el Castillo de Guardias Viejas &#8211; Verano Cultural"}]},{"@type":"WebSite","@id":"https:\/\/turismo.elejido.es\/#website","url":"https:\/\/turismo.elejido.es\/","name":"Turismo El Ejido","description":"Portal Oficial de Turismo del Municipio de El Ejido, Almerimar y Balerma situado en la costa de Almer\u00eda.","publisher":{"@id":"https:\/\/turismo.elejido.es\/#organization"},"potentialAction":[{"@type":"SearchAction","target":{"@type":"EntryPoint","urlTemplate":"https:\/\/turismo.elejido.es\/?s={search_term_string}"},"query-input":{"@type":"PropertyValueSpecification","valueRequired":true,"valueName":"search_term_string"}}],"inLanguage":"es"},{"@type":"Organization","@id":"https:\/\/turismo.elejido.es\/#organization","name":"Turismo El Ejido","url":"https:\/\/turismo.elejido.es\/","logo":{"@type":"ImageObject","inLanguage":"es","@id":"https:\/\/turismo.elejido.es\/#\/schema\/logo\/image\/","url":"https:\/\/turismo.elejido.es\/wp-content\/uploads\/2020\/12\/elejidoNaranja.png","contentUrl":"https:\/\/turismo.elejido.es\/wp-content\/uploads\/2020\/12\/elejidoNaranja.png","width":163,"height":92,"caption":"Turismo El Ejido"},"image":{"@id":"https:\/\/turismo.elejido.es\/#\/schema\/logo\/image\/"}}]}},"_links":{"self":[{"href":"https:\/\/turismo.elejido.es\/index.php\/wp-json\/wp\/v2\/mec-events\/23359","targetHints":{"allow":["GET"]}}],"collection":[{"href":"https:\/\/turismo.elejido.es\/index.php\/wp-json\/wp\/v2\/mec-events"}],"about":[{"href":"https:\/\/turismo.elejido.es\/index.php\/wp-json\/wp\/v2\/types\/mec-events"}],"author":[{"embeddable":true,"href":"https:\/\/turismo.elejido.es\/index.php\/wp-json\/wp\/v2\/users\/5"}],"replies":[{"embeddable":true,"href":"https:\/\/turismo.elejido.es\/index.php\/wp-json\/wp\/v2\/comments?post=23359"}],"wp:featuredmedia":[{"embeddable":true,"href":"https:\/\/turismo.elejido.es\/index.php\/wp-json\/wp\/v2\/media\/23361"}],"wp:attachment":[{"href":"https:\/\/turismo.elejido.es\/index.php\/wp-json\/wp\/v2\/media?parent=23359"}],"wp:term":[{"taxonomy":"post_tag","embeddable":true,"href":"https:\/\/turismo.elejido.es\/index.php\/wp-json\/wp\/v2\/tags?post=23359"},{"taxonomy":"mec_category","embeddable":true,"href":"https:\/\/turismo.elejido.es\/index.php\/wp-json\/wp\/v2\/mec_category?post=23359"}],"curies":[{"name":"wp","href":"https:\/\/api.w.org\/{rel}","templated":true}]}}