{"id":23370,"date":"2024-07-05T11:52:11","date_gmt":"2024-07-05T09:52:11","guid":{"rendered":"https:\/\/turismo.elejido.es\/?post_type=mec-events&#038;p=23370"},"modified":"2024-07-05T11:52:11","modified_gmt":"2024-07-05T09:52:11","slug":"visita-guiada-a-la-torre-de-balerma-verano-cultural-867-167","status":"publish","type":"mec-events","link":"https:\/\/turismo.elejido.es\/index.php\/events\/visita-guiada-a-la-torre-de-balerma-verano-cultural-867-167\/","title":{"rendered":"Ruta Wim Kuipers &#8211; Verano Cultural"},"content":{"rendered":"\n<div class=\"wp-block-nk-awb nk-awb alturaSlider is-layout-constrained wp-block-nk-awb-is-layout-constrained\"><div class=\"nk-awb-wrap\" data-awb-type=\"image\" data-awb-image-background-size=\"cover\" data-awb-image-background-position=\"53% 50%\" data-awb-parallax=\"scroll\" data-awb-parallax-speed=\"0.5\" data-awb-parallax-mobile=\"false\"><div class=\"nk-awb-inner\"><img loading=\"lazy\" decoding=\"async\" src=\"https:\/\/app.elejido.es\/turismo\/wp-content\/uploads\/2024\/07\/449782078_18259083649216912_884576195448630829_n.jpg\" class=\"wp-image-23371 jarallax-img\" width=\"1440\" height=\"1440\" srcset=\"https:\/\/turismo.elejido.es\/wp-content\/uploads\/2024\/07\/449782078_18259083649216912_884576195448630829_n.jpg 1440w, https:\/\/turismo.elejido.es\/wp-content\/uploads\/2024\/07\/449782078_18259083649216912_884576195448630829_n-500x500.jpg 500w, https:\/\/turismo.elejido.es\/wp-content\/uploads\/2024\/07\/449782078_18259083649216912_884576195448630829_n-1080x1080.jpg 1080w, https:\/\/turismo.elejido.es\/wp-content\/uploads\/2024\/07\/449782078_18259083649216912_884576195448630829_n-150x150.jpg 150w, https:\/\/turismo.elejido.es\/wp-content\/uploads\/2024\/07\/449782078_18259083649216912_884576195448630829_n-768x768.jpg 768w, https:\/\/turismo.elejido.es\/wp-content\/uploads\/2024\/07\/449782078_18259083649216912_884576195448630829_n-300x300.jpg 300w, https:\/\/turismo.elejido.es\/wp-content\/uploads\/2024\/07\/449782078_18259083649216912_884576195448630829_n-800x800.jpg 800w, https:\/\/turismo.elejido.es\/wp-content\/uploads\/2024\/07\/449782078_18259083649216912_884576195448630829_n-1280x1280.jpg 1280w, https:\/\/turismo.elejido.es\/wp-content\/uploads\/2024\/07\/449782078_18259083649216912_884576195448630829_n-600x600.jpg 600w\" sizes=\"auto, (max-width: 1440px) 100vw, 1440px\" \/><\/div><\/div><\/div>\n\n\n\n<div style=\"height:40px\" aria-hidden=\"true\" class=\"wp-block-spacer\"><\/div>\n\n\n<div class=\"breadcrumbs align  wp-block-bcn-breadcrumb-trail has-text-color has-background\" vocab=\"https:\/\/schema.org\/\" typeof=\"BreadcrumbList\">\n\t<span><\/span>\n\t<span property=\"itemListElement\" typeof=\"ListItem\"><a property=\"item\" typeof=\"WebPage\" title=\"Ir a Turismo El Ejido.\" href=\"https:\/\/turismo.elejido.es\" class=\"home\" aria-current=\"page\"><span property=\"name\">Turismo El Ejido<\/span><\/a><meta property=\"position\" content=\"1\"><\/span><\/div>\n\n\n\n<div style=\"height:50px\" aria-hidden=\"true\" class=\"wp-block-spacer\"><\/div>\n\n\n\n<h2 class=\"wp-block-heading\">Ruta Wim Kuipers &#8211; Verano Cultural<\/h2>\n\n\n\n<div style=\"height:25px\" aria-hidden=\"true\" class=\"wp-block-spacer\"><\/div>\n\n\n\n<p>Las rutas se realizar\u00e1n los d\u00edas veinte de julio y veinticuatro de agosto, comenzando a las 19 horas. No se precisa de inscripci\u00f3n previa. Los interesados en la visita deber\u00e1n encontrarse en la plaza Win Kuipers, junto al castillo de Guardias Viejas, los d\u00edas se\u00f1alados, unos minutos antes de las 19 horas.<\/p>\n\n\n\n<p>S\u00e1bado 20 de julio, 19 h<br>Duraci\u00f3n: 1:30 horas<br>Lugar: Castillo de Guardias Viejas<\/p>\n\n\n\n<p>M\u00e1s info en la web <a href=\"http:\/\/cultura.elejido.es\">cultura.elejido.es<\/a>. <\/p>\n\n\n\n<div style=\"height:70px\" aria-hidden=\"true\" class=\"wp-block-spacer\"><\/div>\n","protected":false},"excerpt":{"rendered":"<p>Ruta Wim Kuipers &#8211; Verano Cultural Las rutas se realizar\u00e1n los d\u00edas veinte de julio y veinticuatro de agosto, comenzando a las 19 horas. No se precisa de inscripci\u00f3n previa. Los interesados en la visita deber\u00e1n encontrarse en la plaza Win Kuipers, junto al castillo de Guardias Viejas, los d\u00edas se\u00f1alados, unos minutos antes de [&hellip;]<\/p>\n","protected":false},"author":5,"featured_media":23371,"comment_status":"closed","ping_status":"closed","template":"","tags":[],"mec_category":[774],"class_list":["post-23370","mec-events","type-mec-events","status-publish","has-post-thumbnail","hentry","mec_category-ocio-es","entry","has-media"],"yoast_head":"<!-- This site is optimized with the Yoast SEO plugin v27.4 - https:\/\/yoast.com\/product\/yoast-seo-wordpress\/ -->\n<title>Ruta Wim Kuipers - Verano Cultural<\/title>\n<meta name=\"description\" content=\"Las visitas guiadas se celebrar\u00e1n los d\u00edas quince de julio y uno de agosto, comenzando a las 10:30 horas. M\u00e1s info sobre inscripciones.\" \/>\n<meta name=\"robots\" content=\"index, follow, max-snippet:-1, max-image-preview:large, max-video-preview:-1\" \/>\n<link rel=\"canonical\" href=\"https:\/\/turismo.elejido.es\/index.php\/events\/visita-guiada-a-la-torre-de-balerma-verano-cultural-867-167\/\" \/>\n<meta property=\"og:locale\" content=\"es_ES\" \/>\n<meta property=\"og:type\" content=\"article\" \/>\n<meta property=\"og:title\" content=\"Ruta Wim Kuipers - Verano Cultural\" \/>\n<meta property=\"og:description\" content=\"Las visitas guiadas se celebrar\u00e1n los d\u00edas quince de julio y uno de agosto, comenzando a las 10:30 horas. M\u00e1s info sobre inscripciones.\" \/>\n<meta property=\"og:url\" content=\"https:\/\/turismo.elejido.es\/index.php\/events\/visita-guiada-a-la-torre-de-balerma-verano-cultural-867-167\/\" \/>\n<meta property=\"og:site_name\" content=\"Turismo El Ejido\" \/>\n<meta property=\"og:image\" content=\"https:\/\/turismo.elejido.es\/wp-content\/uploads\/2024\/07\/449782078_18259083649216912_884576195448630829_n.jpg\" \/>\n\t<meta property=\"og:image:width\" content=\"1440\" \/>\n\t<meta property=\"og:image:height\" content=\"1440\" \/>\n\t<meta property=\"og:image:type\" content=\"image\/jpeg\" \/>\n<meta name=\"twitter:card\" content=\"summary_large_image\" \/>\n<meta name=\"twitter:label1\" content=\"Tiempo de lectura\" \/>\n\t<meta name=\"twitter:data1\" content=\"1 minuto\" \/>\n<script type=\"application\/ld+json\" class=\"yoast-schema-graph\">{\"@context\":\"https:\\\/\\\/schema.org\",\"@graph\":[{\"@type\":\"WebPage\",\"@id\":\"https:\\\/\\\/turismo.elejido.es\\\/index.php\\\/events\\\/visita-guiada-a-la-torre-de-balerma-verano-cultural-867-167\\\/\",\"url\":\"https:\\\/\\\/turismo.elejido.es\\\/index.php\\\/events\\\/visita-guiada-a-la-torre-de-balerma-verano-cultural-867-167\\\/\",\"name\":\"Ruta Wim Kuipers - Verano Cultural\",\"isPartOf\":{\"@id\":\"https:\\\/\\\/turismo.elejido.es\\\/#website\"},\"primaryImageOfPage\":{\"@id\":\"https:\\\/\\\/turismo.elejido.es\\\/index.php\\\/events\\\/visita-guiada-a-la-torre-de-balerma-verano-cultural-867-167\\\/#primaryimage\"},\"image\":{\"@id\":\"https:\\\/\\\/turismo.elejido.es\\\/index.php\\\/events\\\/visita-guiada-a-la-torre-de-balerma-verano-cultural-867-167\\\/#primaryimage\"},\"thumbnailUrl\":\"https:\\\/\\\/turismo.elejido.es\\\/wp-content\\\/uploads\\\/2024\\\/07\\\/449782078_18259083649216912_884576195448630829_n.jpg\",\"datePublished\":\"2024-07-05T09:52:11+00:00\",\"description\":\"Las visitas guiadas se celebrar\u00e1n los d\u00edas quince de julio y uno de agosto, comenzando a las 10:30 horas. M\u00e1s info sobre inscripciones.\",\"breadcrumb\":{\"@id\":\"https:\\\/\\\/turismo.elejido.es\\\/index.php\\\/events\\\/visita-guiada-a-la-torre-de-balerma-verano-cultural-867-167\\\/#breadcrumb\"},\"inLanguage\":\"es\",\"potentialAction\":[{\"@type\":\"ReadAction\",\"target\":[\"https:\\\/\\\/turismo.elejido.es\\\/index.php\\\/events\\\/visita-guiada-a-la-torre-de-balerma-verano-cultural-867-167\\\/\"]}]},{\"@type\":\"ImageObject\",\"inLanguage\":\"es\",\"@id\":\"https:\\\/\\\/turismo.elejido.es\\\/index.php\\\/events\\\/visita-guiada-a-la-torre-de-balerma-verano-cultural-867-167\\\/#primaryimage\",\"url\":\"https:\\\/\\\/turismo.elejido.es\\\/wp-content\\\/uploads\\\/2024\\\/07\\\/449782078_18259083649216912_884576195448630829_n.jpg\",\"contentUrl\":\"https:\\\/\\\/turismo.elejido.es\\\/wp-content\\\/uploads\\\/2024\\\/07\\\/449782078_18259083649216912_884576195448630829_n.jpg\",\"width\":1440,\"height\":1440},{\"@type\":\"BreadcrumbList\",\"@id\":\"https:\\\/\\\/turismo.elejido.es\\\/index.php\\\/events\\\/visita-guiada-a-la-torre-de-balerma-verano-cultural-867-167\\\/#breadcrumb\",\"itemListElement\":[{\"@type\":\"ListItem\",\"position\":1,\"name\":\"Inicio\",\"item\":\"https:\\\/\\\/turismo.elejido.es\\\/\"},{\"@type\":\"ListItem\",\"position\":2,\"name\":\"Eventos\",\"item\":\"https:\\\/\\\/turismo.elejido.es\\\/index.php\\\/events\\\/\"},{\"@type\":\"ListItem\",\"position\":3,\"name\":\"Ruta Wim Kuipers &#8211; Verano Cultural\"}]},{\"@type\":\"WebSite\",\"@id\":\"https:\\\/\\\/turismo.elejido.es\\\/#website\",\"url\":\"https:\\\/\\\/turismo.elejido.es\\\/\",\"name\":\"Turismo El Ejido\",\"description\":\"Portal Oficial de Turismo del Municipio de El Ejido, Almerimar y Balerma situado en la costa de Almer\u00eda.\",\"publisher\":{\"@id\":\"https:\\\/\\\/turismo.elejido.es\\\/#organization\"},\"potentialAction\":[{\"@type\":\"SearchAction\",\"target\":{\"@type\":\"EntryPoint\",\"urlTemplate\":\"https:\\\/\\\/turismo.elejido.es\\\/?s={search_term_string}\"},\"query-input\":{\"@type\":\"PropertyValueSpecification\",\"valueRequired\":true,\"valueName\":\"search_term_string\"}}],\"inLanguage\":\"es\"},{\"@type\":\"Organization\",\"@id\":\"https:\\\/\\\/turismo.elejido.es\\\/#organization\",\"name\":\"Turismo El Ejido\",\"url\":\"https:\\\/\\\/turismo.elejido.es\\\/\",\"logo\":{\"@type\":\"ImageObject\",\"inLanguage\":\"es\",\"@id\":\"https:\\\/\\\/turismo.elejido.es\\\/#\\\/schema\\\/logo\\\/image\\\/\",\"url\":\"https:\\\/\\\/turismo.elejido.es\\\/wp-content\\\/uploads\\\/2020\\\/12\\\/elejidoNaranja.png\",\"contentUrl\":\"https:\\\/\\\/turismo.elejido.es\\\/wp-content\\\/uploads\\\/2020\\\/12\\\/elejidoNaranja.png\",\"width\":163,\"height\":92,\"caption\":\"Turismo El Ejido\"},\"image\":{\"@id\":\"https:\\\/\\\/turismo.elejido.es\\\/#\\\/schema\\\/logo\\\/image\\\/\"}}]}<\/script>\n<!-- \/ Yoast SEO plugin. -->","yoast_head_json":{"title":"Ruta Wim Kuipers - Verano Cultural","description":"Las visitas guiadas se celebrar\u00e1n los d\u00edas quince de julio y uno de agosto, comenzando a las 10:30 horas. M\u00e1s info sobre inscripciones.","robots":{"index":"index","follow":"follow","max-snippet":"max-snippet:-1","max-image-preview":"max-image-preview:large","max-video-preview":"max-video-preview:-1"},"canonical":"https:\/\/turismo.elejido.es\/index.php\/events\/visita-guiada-a-la-torre-de-balerma-verano-cultural-867-167\/","og_locale":"es_ES","og_type":"article","og_title":"Ruta Wim Kuipers - Verano Cultural","og_description":"Las visitas guiadas se celebrar\u00e1n los d\u00edas quince de julio y uno de agosto, comenzando a las 10:30 horas. M\u00e1s info sobre inscripciones.","og_url":"https:\/\/turismo.elejido.es\/index.php\/events\/visita-guiada-a-la-torre-de-balerma-verano-cultural-867-167\/","og_site_name":"Turismo El Ejido","og_image":[{"width":1440,"height":1440,"url":"https:\/\/turismo.elejido.es\/wp-content\/uploads\/2024\/07\/449782078_18259083649216912_884576195448630829_n.jpg","type":"image\/jpeg"}],"twitter_card":"summary_large_image","twitter_misc":{"Tiempo de lectura":"1 minuto"},"schema":{"@context":"https:\/\/schema.org","@graph":[{"@type":"WebPage","@id":"https:\/\/turismo.elejido.es\/index.php\/events\/visita-guiada-a-la-torre-de-balerma-verano-cultural-867-167\/","url":"https:\/\/turismo.elejido.es\/index.php\/events\/visita-guiada-a-la-torre-de-balerma-verano-cultural-867-167\/","name":"Ruta Wim Kuipers - Verano Cultural","isPartOf":{"@id":"https:\/\/turismo.elejido.es\/#website"},"primaryImageOfPage":{"@id":"https:\/\/turismo.elejido.es\/index.php\/events\/visita-guiada-a-la-torre-de-balerma-verano-cultural-867-167\/#primaryimage"},"image":{"@id":"https:\/\/turismo.elejido.es\/index.php\/events\/visita-guiada-a-la-torre-de-balerma-verano-cultural-867-167\/#primaryimage"},"thumbnailUrl":"https:\/\/turismo.elejido.es\/wp-content\/uploads\/2024\/07\/449782078_18259083649216912_884576195448630829_n.jpg","datePublished":"2024-07-05T09:52:11+00:00","description":"Las visitas guiadas se celebrar\u00e1n los d\u00edas quince de julio y uno de agosto, comenzando a las 10:30 horas. M\u00e1s info sobre inscripciones.","breadcrumb":{"@id":"https:\/\/turismo.elejido.es\/index.php\/events\/visita-guiada-a-la-torre-de-balerma-verano-cultural-867-167\/#breadcrumb"},"inLanguage":"es","potentialAction":[{"@type":"ReadAction","target":["https:\/\/turismo.elejido.es\/index.php\/events\/visita-guiada-a-la-torre-de-balerma-verano-cultural-867-167\/"]}]},{"@type":"ImageObject","inLanguage":"es","@id":"https:\/\/turismo.elejido.es\/index.php\/events\/visita-guiada-a-la-torre-de-balerma-verano-cultural-867-167\/#primaryimage","url":"https:\/\/turismo.elejido.es\/wp-content\/uploads\/2024\/07\/449782078_18259083649216912_884576195448630829_n.jpg","contentUrl":"https:\/\/turismo.elejido.es\/wp-content\/uploads\/2024\/07\/449782078_18259083649216912_884576195448630829_n.jpg","width":1440,"height":1440},{"@type":"BreadcrumbList","@id":"https:\/\/turismo.elejido.es\/index.php\/events\/visita-guiada-a-la-torre-de-balerma-verano-cultural-867-167\/#breadcrumb","itemListElement":[{"@type":"ListItem","position":1,"name":"Inicio","item":"https:\/\/turismo.elejido.es\/"},{"@type":"ListItem","position":2,"name":"Eventos","item":"https:\/\/turismo.elejido.es\/index.php\/events\/"},{"@type":"ListItem","position":3,"name":"Ruta Wim Kuipers &#8211; Verano Cultural"}]},{"@type":"WebSite","@id":"https:\/\/turismo.elejido.es\/#website","url":"https:\/\/turismo.elejido.es\/","name":"Turismo El Ejido","description":"Portal Oficial de Turismo del Municipio de El Ejido, Almerimar y Balerma situado en la costa de Almer\u00eda.","publisher":{"@id":"https:\/\/turismo.elejido.es\/#organization"},"potentialAction":[{"@type":"SearchAction","target":{"@type":"EntryPoint","urlTemplate":"https:\/\/turismo.elejido.es\/?s={search_term_string}"},"query-input":{"@type":"PropertyValueSpecification","valueRequired":true,"valueName":"search_term_string"}}],"inLanguage":"es"},{"@type":"Organization","@id":"https:\/\/turismo.elejido.es\/#organization","name":"Turismo El Ejido","url":"https:\/\/turismo.elejido.es\/","logo":{"@type":"ImageObject","inLanguage":"es","@id":"https:\/\/turismo.elejido.es\/#\/schema\/logo\/image\/","url":"https:\/\/turismo.elejido.es\/wp-content\/uploads\/2020\/12\/elejidoNaranja.png","contentUrl":"https:\/\/turismo.elejido.es\/wp-content\/uploads\/2020\/12\/elejidoNaranja.png","width":163,"height":92,"caption":"Turismo El Ejido"},"image":{"@id":"https:\/\/turismo.elejido.es\/#\/schema\/logo\/image\/"}}]}},"_links":{"self":[{"href":"https:\/\/turismo.elejido.es\/index.php\/wp-json\/wp\/v2\/mec-events\/23370","targetHints":{"allow":["GET"]}}],"collection":[{"href":"https:\/\/turismo.elejido.es\/index.php\/wp-json\/wp\/v2\/mec-events"}],"about":[{"href":"https:\/\/turismo.elejido.es\/index.php\/wp-json\/wp\/v2\/types\/mec-events"}],"author":[{"embeddable":true,"href":"https:\/\/turismo.elejido.es\/index.php\/wp-json\/wp\/v2\/users\/5"}],"replies":[{"embeddable":true,"href":"https:\/\/turismo.elejido.es\/index.php\/wp-json\/wp\/v2\/comments?post=23370"}],"wp:featuredmedia":[{"embeddable":true,"href":"https:\/\/turismo.elejido.es\/index.php\/wp-json\/wp\/v2\/media\/23371"}],"wp:attachment":[{"href":"https:\/\/turismo.elejido.es\/index.php\/wp-json\/wp\/v2\/media?parent=23370"}],"wp:term":[{"taxonomy":"post_tag","embeddable":true,"href":"https:\/\/turismo.elejido.es\/index.php\/wp-json\/wp\/v2\/tags?post=23370"},{"taxonomy":"mec_category","embeddable":true,"href":"https:\/\/turismo.elejido.es\/index.php\/wp-json\/wp\/v2\/mec_category?post=23370"}],"curies":[{"name":"wp","href":"https:\/\/api.w.org\/{rel}","templated":true}]}}