{"id":23449,"date":"2024-07-26T12:41:51","date_gmt":"2024-07-26T10:41:51","guid":{"rendered":"https:\/\/turismo.elejido.es\/?post_type=mec-events&#038;p=23449"},"modified":"2024-07-26T12:41:53","modified_gmt":"2024-07-26T10:41:53","slug":"exposicion-tecnicas-de-placido-martinez","status":"publish","type":"mec-events","link":"https:\/\/turismo.elejido.es\/index.php\/events\/exposicion-tecnicas-de-placido-martinez\/","title":{"rendered":"Exposici\u00f3n \u00abT\u00e9cnicas\u00bb de Pl\u00e1cido Mart\u00ednez"},"content":{"rendered":"\n<div class=\"wp-block-nk-awb nk-awb alturaSlider is-layout-constrained wp-block-nk-awb-is-layout-constrained\"><div class=\"nk-awb-wrap\" data-awb-type=\"image\" data-awb-image-background-size=\"cover\" data-awb-image-background-position=\"50% 31%\" data-awb-parallax=\"scroll\" data-awb-parallax-speed=\"0.5\" data-awb-parallax-mobile=\"false\"><div class=\"nk-awb-inner\"><img loading=\"lazy\" decoding=\"async\" src=\"https:\/\/app.elejido.es\/turismo\/wp-content\/uploads\/2024\/07\/exposicion-placido.jpeg\" class=\"wp-image-23450 jarallax-img\" width=\"1127\" height=\"1127\" srcset=\"https:\/\/turismo.elejido.es\/wp-content\/uploads\/2024\/07\/exposicion-placido.jpeg 1127w, https:\/\/turismo.elejido.es\/wp-content\/uploads\/2024\/07\/exposicion-placido-500x500.jpeg 500w, https:\/\/turismo.elejido.es\/wp-content\/uploads\/2024\/07\/exposicion-placido-1080x1080.jpeg 1080w, https:\/\/turismo.elejido.es\/wp-content\/uploads\/2024\/07\/exposicion-placido-150x150.jpeg 150w, https:\/\/turismo.elejido.es\/wp-content\/uploads\/2024\/07\/exposicion-placido-768x768.jpeg 768w, https:\/\/turismo.elejido.es\/wp-content\/uploads\/2024\/07\/exposicion-placido-300x300.jpeg 300w, https:\/\/turismo.elejido.es\/wp-content\/uploads\/2024\/07\/exposicion-placido-800x800.jpeg 800w, https:\/\/turismo.elejido.es\/wp-content\/uploads\/2024\/07\/exposicion-placido-600x600.jpeg 600w\" sizes=\"auto, (max-width: 1127px) 100vw, 1127px\" \/><\/div><\/div><\/div>\n\n\n\n<div style=\"height:40px\" aria-hidden=\"true\" class=\"wp-block-spacer\"><\/div>\n\n\n<div class=\"breadcrumbs align  wp-block-bcn-breadcrumb-trail has-text-color has-background\" vocab=\"https:\/\/schema.org\/\" typeof=\"BreadcrumbList\">\n\t<span><\/span>\n\t<span property=\"itemListElement\" typeof=\"ListItem\"><a property=\"item\" typeof=\"WebPage\" title=\"Ir a Turismo El Ejido.\" href=\"https:\/\/turismo.elejido.es\" class=\"home\" aria-current=\"page\"><span property=\"name\">Turismo El Ejido<\/span><\/a><meta property=\"position\" content=\"1\"><\/span><\/div>\n\n\n\n<div style=\"height:50px\" aria-hidden=\"true\" class=\"wp-block-spacer\"><\/div>\n\n\n\n<h2 class=\"wp-block-heading\">Exposici\u00f3n \u00abT\u00e9cnicas\u00bb de Pl\u00e1cido Mart\u00ednez<\/h2>\n\n\n\n<p><br>Visita la exposici\u00f3n del artista Pl\u00e1cido Mart\u00ednez \u00abT\u00e9cnicas\u00bb, una muestra de sus obras m\u00e1s representativas usando diferentes t\u00e9cnicas. La Oficina de Turismo ubicada en Almerimar acoger\u00e1 esta exposici\u00f3n del 5 al 30 de agosto. <\/p>\n\n\n\n<p>Horario de visita:<\/p>\n\n\n\n<p>Lunes-Viernes: 9:00-14:00. <\/p>\n\n\n\n<div style=\"height:50px\" aria-hidden=\"true\" class=\"wp-block-spacer\"><\/div>\n\n\n\n<figure class=\"wp-block-image size-large\"><img loading=\"lazy\" decoding=\"async\" width=\"763\" height=\"1080\" src=\"https:\/\/app.elejido.es\/turismo\/wp-content\/uploads\/2024\/07\/exposicion-tecnicas-763x1080.jpeg\" alt=\"\" class=\"wp-image-23451\" srcset=\"https:\/\/turismo.elejido.es\/wp-content\/uploads\/2024\/07\/exposicion-tecnicas-763x1080.jpeg 763w, https:\/\/turismo.elejido.es\/wp-content\/uploads\/2024\/07\/exposicion-tecnicas-353x500.jpeg 353w, https:\/\/turismo.elejido.es\/wp-content\/uploads\/2024\/07\/exposicion-tecnicas-768x1086.jpeg 768w, https:\/\/turismo.elejido.es\/wp-content\/uploads\/2024\/07\/exposicion-tecnicas-1086x1536.jpeg 1086w, https:\/\/turismo.elejido.es\/wp-content\/uploads\/2024\/07\/exposicion-tecnicas-500x707.jpeg 500w, https:\/\/turismo.elejido.es\/wp-content\/uploads\/2024\/07\/exposicion-tecnicas-800x1132.jpeg 800w, https:\/\/turismo.elejido.es\/wp-content\/uploads\/2024\/07\/exposicion-tecnicas.jpeg 1131w\" sizes=\"auto, (max-width: 763px) 100vw, 763px\" \/><\/figure>\n\n\n\n<iframe src=\"https:\/\/www.google.com\/maps\/embed?pb=!1m14!1m8!1m3!1d12795.830726053324!2d-2.7909081!3d36.6995548!3m2!1i1024!2i768!4f13.1!3m3!1m2!1s0xd705d9b98f36031%3A0x48230d88ea962bc7!2sOficina%20de%20Turismo%20de%20El%20Ejido!5e0!3m2!1ses!2ses!4v1688808423255!5m2!1ses!2ses\" width=\"600\" height=\"450\" style=\"border:0;\" allowfullscreen=\"\" loading=\"lazy\" referrerpolicy=\"no-referrer-when-downgrade\"><\/iframe>\n\n\n\n<div style=\"height:56px\" aria-hidden=\"true\" class=\"wp-block-spacer\"><\/div>\n","protected":false},"excerpt":{"rendered":"<p>Exposici\u00f3n \u00abT\u00e9cnicas\u00bb de Pl\u00e1cido Mart\u00ednez Visita la exposici\u00f3n del artista Pl\u00e1cido Mart\u00ednez \u00abT\u00e9cnicas\u00bb, una muestra de sus obras m\u00e1s representativas usando diferentes t\u00e9cnicas. La Oficina de Turismo ubicada en Almerimar acoger\u00e1 esta exposici\u00f3n del 5 al 30 de agosto. Horario de visita: Lunes-Viernes: 9:00-14:00.<\/p>\n","protected":false},"author":5,"featured_media":23450,"comment_status":"closed","ping_status":"closed","template":"","tags":[],"mec_category":[774],"class_list":["post-23449","mec-events","type-mec-events","status-publish","has-post-thumbnail","hentry","mec_category-ocio-es","entry","has-media"],"yoast_head":"<!-- This site is optimized with the Yoast SEO plugin v27.4 - https:\/\/yoast.com\/product\/yoast-seo-wordpress\/ -->\n<title>Exposici\u00f3n &quot;T\u00e9cnicas&quot; de Pl\u00e1cido Mart\u00ednez<\/title>\n<meta name=\"description\" content=\"Visita la exposici\u00f3n del artista Pl\u00e1cido Mart\u00ednez &quot;T\u00e9cnicas&quot;, una muestra de sus obras m\u00e1s representativas usando diferentes t\u00e9cnicas.\" \/>\n<meta name=\"robots\" content=\"index, follow, max-snippet:-1, max-image-preview:large, max-video-preview:-1\" \/>\n<link rel=\"canonical\" href=\"https:\/\/turismo.elejido.es\/index.php\/events\/exposicion-tecnicas-de-placido-martinez\/\" \/>\n<meta property=\"og:locale\" content=\"es_ES\" \/>\n<meta property=\"og:type\" content=\"article\" \/>\n<meta property=\"og:title\" content=\"Exposici\u00f3n &quot;T\u00e9cnicas&quot; de Pl\u00e1cido Mart\u00ednez\" \/>\n<meta property=\"og:description\" content=\"Visita la exposici\u00f3n del artista Pl\u00e1cido Mart\u00ednez &quot;T\u00e9cnicas&quot;, una muestra de sus obras m\u00e1s representativas usando diferentes t\u00e9cnicas.\" \/>\n<meta property=\"og:url\" content=\"https:\/\/turismo.elejido.es\/index.php\/events\/exposicion-tecnicas-de-placido-martinez\/\" \/>\n<meta property=\"og:site_name\" content=\"Turismo El Ejido\" \/>\n<meta property=\"article:modified_time\" content=\"2024-07-26T10:41:53+00:00\" \/>\n<meta property=\"og:image\" content=\"https:\/\/turismo.elejido.es\/wp-content\/uploads\/2024\/07\/exposicion-placido.jpeg\" \/>\n\t<meta property=\"og:image:width\" content=\"1127\" \/>\n\t<meta property=\"og:image:height\" content=\"1127\" \/>\n\t<meta property=\"og:image:type\" content=\"image\/jpeg\" \/>\n<meta name=\"twitter:card\" content=\"summary_large_image\" \/>\n<meta name=\"twitter:label1\" content=\"Tiempo de lectura\" \/>\n\t<meta name=\"twitter:data1\" content=\"1 minuto\" \/>\n<script type=\"application\/ld+json\" class=\"yoast-schema-graph\">{\"@context\":\"https:\\\/\\\/schema.org\",\"@graph\":[{\"@type\":\"WebPage\",\"@id\":\"https:\\\/\\\/turismo.elejido.es\\\/index.php\\\/events\\\/exposicion-tecnicas-de-placido-martinez\\\/\",\"url\":\"https:\\\/\\\/turismo.elejido.es\\\/index.php\\\/events\\\/exposicion-tecnicas-de-placido-martinez\\\/\",\"name\":\"Exposici\u00f3n \\\"T\u00e9cnicas\\\" de Pl\u00e1cido Mart\u00ednez\",\"isPartOf\":{\"@id\":\"https:\\\/\\\/turismo.elejido.es\\\/#website\"},\"primaryImageOfPage\":{\"@id\":\"https:\\\/\\\/turismo.elejido.es\\\/index.php\\\/events\\\/exposicion-tecnicas-de-placido-martinez\\\/#primaryimage\"},\"image\":{\"@id\":\"https:\\\/\\\/turismo.elejido.es\\\/index.php\\\/events\\\/exposicion-tecnicas-de-placido-martinez\\\/#primaryimage\"},\"thumbnailUrl\":\"https:\\\/\\\/turismo.elejido.es\\\/wp-content\\\/uploads\\\/2024\\\/07\\\/exposicion-placido.jpeg\",\"datePublished\":\"2024-07-26T10:41:51+00:00\",\"dateModified\":\"2024-07-26T10:41:53+00:00\",\"description\":\"Visita la exposici\u00f3n del artista Pl\u00e1cido Mart\u00ednez \\\"T\u00e9cnicas\\\", una muestra de sus obras m\u00e1s representativas usando diferentes t\u00e9cnicas.\",\"breadcrumb\":{\"@id\":\"https:\\\/\\\/turismo.elejido.es\\\/index.php\\\/events\\\/exposicion-tecnicas-de-placido-martinez\\\/#breadcrumb\"},\"inLanguage\":\"es\",\"potentialAction\":[{\"@type\":\"ReadAction\",\"target\":[\"https:\\\/\\\/turismo.elejido.es\\\/index.php\\\/events\\\/exposicion-tecnicas-de-placido-martinez\\\/\"]}]},{\"@type\":\"ImageObject\",\"inLanguage\":\"es\",\"@id\":\"https:\\\/\\\/turismo.elejido.es\\\/index.php\\\/events\\\/exposicion-tecnicas-de-placido-martinez\\\/#primaryimage\",\"url\":\"https:\\\/\\\/turismo.elejido.es\\\/wp-content\\\/uploads\\\/2024\\\/07\\\/exposicion-placido.jpeg\",\"contentUrl\":\"https:\\\/\\\/turismo.elejido.es\\\/wp-content\\\/uploads\\\/2024\\\/07\\\/exposicion-placido.jpeg\",\"width\":1127,\"height\":1127},{\"@type\":\"BreadcrumbList\",\"@id\":\"https:\\\/\\\/turismo.elejido.es\\\/index.php\\\/events\\\/exposicion-tecnicas-de-placido-martinez\\\/#breadcrumb\",\"itemListElement\":[{\"@type\":\"ListItem\",\"position\":1,\"name\":\"Inicio\",\"item\":\"https:\\\/\\\/turismo.elejido.es\\\/\"},{\"@type\":\"ListItem\",\"position\":2,\"name\":\"Eventos\",\"item\":\"https:\\\/\\\/turismo.elejido.es\\\/index.php\\\/events\\\/\"},{\"@type\":\"ListItem\",\"position\":3,\"name\":\"Exposici\u00f3n \u00abT\u00e9cnicas\u00bb de Pl\u00e1cido Mart\u00ednez\"}]},{\"@type\":\"WebSite\",\"@id\":\"https:\\\/\\\/turismo.elejido.es\\\/#website\",\"url\":\"https:\\\/\\\/turismo.elejido.es\\\/\",\"name\":\"Turismo El Ejido\",\"description\":\"Portal Oficial de Turismo del Municipio de El Ejido, Almerimar y Balerma situado en la costa de Almer\u00eda.\",\"publisher\":{\"@id\":\"https:\\\/\\\/turismo.elejido.es\\\/#organization\"},\"potentialAction\":[{\"@type\":\"SearchAction\",\"target\":{\"@type\":\"EntryPoint\",\"urlTemplate\":\"https:\\\/\\\/turismo.elejido.es\\\/?s={search_term_string}\"},\"query-input\":{\"@type\":\"PropertyValueSpecification\",\"valueRequired\":true,\"valueName\":\"search_term_string\"}}],\"inLanguage\":\"es\"},{\"@type\":\"Organization\",\"@id\":\"https:\\\/\\\/turismo.elejido.es\\\/#organization\",\"name\":\"Turismo El Ejido\",\"url\":\"https:\\\/\\\/turismo.elejido.es\\\/\",\"logo\":{\"@type\":\"ImageObject\",\"inLanguage\":\"es\",\"@id\":\"https:\\\/\\\/turismo.elejido.es\\\/#\\\/schema\\\/logo\\\/image\\\/\",\"url\":\"https:\\\/\\\/turismo.elejido.es\\\/wp-content\\\/uploads\\\/2020\\\/12\\\/elejidoNaranja.png\",\"contentUrl\":\"https:\\\/\\\/turismo.elejido.es\\\/wp-content\\\/uploads\\\/2020\\\/12\\\/elejidoNaranja.png\",\"width\":163,\"height\":92,\"caption\":\"Turismo El Ejido\"},\"image\":{\"@id\":\"https:\\\/\\\/turismo.elejido.es\\\/#\\\/schema\\\/logo\\\/image\\\/\"}}]}<\/script>\n<!-- \/ Yoast SEO plugin. -->","yoast_head_json":{"title":"Exposici\u00f3n \"T\u00e9cnicas\" de Pl\u00e1cido Mart\u00ednez","description":"Visita la exposici\u00f3n del artista Pl\u00e1cido Mart\u00ednez \"T\u00e9cnicas\", una muestra de sus obras m\u00e1s representativas usando diferentes t\u00e9cnicas.","robots":{"index":"index","follow":"follow","max-snippet":"max-snippet:-1","max-image-preview":"max-image-preview:large","max-video-preview":"max-video-preview:-1"},"canonical":"https:\/\/turismo.elejido.es\/index.php\/events\/exposicion-tecnicas-de-placido-martinez\/","og_locale":"es_ES","og_type":"article","og_title":"Exposici\u00f3n \"T\u00e9cnicas\" de Pl\u00e1cido Mart\u00ednez","og_description":"Visita la exposici\u00f3n del artista Pl\u00e1cido Mart\u00ednez \"T\u00e9cnicas\", una muestra de sus obras m\u00e1s representativas usando diferentes t\u00e9cnicas.","og_url":"https:\/\/turismo.elejido.es\/index.php\/events\/exposicion-tecnicas-de-placido-martinez\/","og_site_name":"Turismo El Ejido","article_modified_time":"2024-07-26T10:41:53+00:00","og_image":[{"width":1127,"height":1127,"url":"https:\/\/turismo.elejido.es\/wp-content\/uploads\/2024\/07\/exposicion-placido.jpeg","type":"image\/jpeg"}],"twitter_card":"summary_large_image","twitter_misc":{"Tiempo de lectura":"1 minuto"},"schema":{"@context":"https:\/\/schema.org","@graph":[{"@type":"WebPage","@id":"https:\/\/turismo.elejido.es\/index.php\/events\/exposicion-tecnicas-de-placido-martinez\/","url":"https:\/\/turismo.elejido.es\/index.php\/events\/exposicion-tecnicas-de-placido-martinez\/","name":"Exposici\u00f3n \"T\u00e9cnicas\" de Pl\u00e1cido Mart\u00ednez","isPartOf":{"@id":"https:\/\/turismo.elejido.es\/#website"},"primaryImageOfPage":{"@id":"https:\/\/turismo.elejido.es\/index.php\/events\/exposicion-tecnicas-de-placido-martinez\/#primaryimage"},"image":{"@id":"https:\/\/turismo.elejido.es\/index.php\/events\/exposicion-tecnicas-de-placido-martinez\/#primaryimage"},"thumbnailUrl":"https:\/\/turismo.elejido.es\/wp-content\/uploads\/2024\/07\/exposicion-placido.jpeg","datePublished":"2024-07-26T10:41:51+00:00","dateModified":"2024-07-26T10:41:53+00:00","description":"Visita la exposici\u00f3n del artista Pl\u00e1cido Mart\u00ednez \"T\u00e9cnicas\", una muestra de sus obras m\u00e1s representativas usando diferentes t\u00e9cnicas.","breadcrumb":{"@id":"https:\/\/turismo.elejido.es\/index.php\/events\/exposicion-tecnicas-de-placido-martinez\/#breadcrumb"},"inLanguage":"es","potentialAction":[{"@type":"ReadAction","target":["https:\/\/turismo.elejido.es\/index.php\/events\/exposicion-tecnicas-de-placido-martinez\/"]}]},{"@type":"ImageObject","inLanguage":"es","@id":"https:\/\/turismo.elejido.es\/index.php\/events\/exposicion-tecnicas-de-placido-martinez\/#primaryimage","url":"https:\/\/turismo.elejido.es\/wp-content\/uploads\/2024\/07\/exposicion-placido.jpeg","contentUrl":"https:\/\/turismo.elejido.es\/wp-content\/uploads\/2024\/07\/exposicion-placido.jpeg","width":1127,"height":1127},{"@type":"BreadcrumbList","@id":"https:\/\/turismo.elejido.es\/index.php\/events\/exposicion-tecnicas-de-placido-martinez\/#breadcrumb","itemListElement":[{"@type":"ListItem","position":1,"name":"Inicio","item":"https:\/\/turismo.elejido.es\/"},{"@type":"ListItem","position":2,"name":"Eventos","item":"https:\/\/turismo.elejido.es\/index.php\/events\/"},{"@type":"ListItem","position":3,"name":"Exposici\u00f3n \u00abT\u00e9cnicas\u00bb de Pl\u00e1cido Mart\u00ednez"}]},{"@type":"WebSite","@id":"https:\/\/turismo.elejido.es\/#website","url":"https:\/\/turismo.elejido.es\/","name":"Turismo El Ejido","description":"Portal Oficial de Turismo del Municipio de El Ejido, Almerimar y Balerma situado en la costa de Almer\u00eda.","publisher":{"@id":"https:\/\/turismo.elejido.es\/#organization"},"potentialAction":[{"@type":"SearchAction","target":{"@type":"EntryPoint","urlTemplate":"https:\/\/turismo.elejido.es\/?s={search_term_string}"},"query-input":{"@type":"PropertyValueSpecification","valueRequired":true,"valueName":"search_term_string"}}],"inLanguage":"es"},{"@type":"Organization","@id":"https:\/\/turismo.elejido.es\/#organization","name":"Turismo El Ejido","url":"https:\/\/turismo.elejido.es\/","logo":{"@type":"ImageObject","inLanguage":"es","@id":"https:\/\/turismo.elejido.es\/#\/schema\/logo\/image\/","url":"https:\/\/turismo.elejido.es\/wp-content\/uploads\/2020\/12\/elejidoNaranja.png","contentUrl":"https:\/\/turismo.elejido.es\/wp-content\/uploads\/2020\/12\/elejidoNaranja.png","width":163,"height":92,"caption":"Turismo El Ejido"},"image":{"@id":"https:\/\/turismo.elejido.es\/#\/schema\/logo\/image\/"}}]}},"_links":{"self":[{"href":"https:\/\/turismo.elejido.es\/index.php\/wp-json\/wp\/v2\/mec-events\/23449","targetHints":{"allow":["GET"]}}],"collection":[{"href":"https:\/\/turismo.elejido.es\/index.php\/wp-json\/wp\/v2\/mec-events"}],"about":[{"href":"https:\/\/turismo.elejido.es\/index.php\/wp-json\/wp\/v2\/types\/mec-events"}],"author":[{"embeddable":true,"href":"https:\/\/turismo.elejido.es\/index.php\/wp-json\/wp\/v2\/users\/5"}],"replies":[{"embeddable":true,"href":"https:\/\/turismo.elejido.es\/index.php\/wp-json\/wp\/v2\/comments?post=23449"}],"wp:featuredmedia":[{"embeddable":true,"href":"https:\/\/turismo.elejido.es\/index.php\/wp-json\/wp\/v2\/media\/23450"}],"wp:attachment":[{"href":"https:\/\/turismo.elejido.es\/index.php\/wp-json\/wp\/v2\/media?parent=23449"}],"wp:term":[{"taxonomy":"post_tag","embeddable":true,"href":"https:\/\/turismo.elejido.es\/index.php\/wp-json\/wp\/v2\/tags?post=23449"},{"taxonomy":"mec_category","embeddable":true,"href":"https:\/\/turismo.elejido.es\/index.php\/wp-json\/wp\/v2\/mec_category?post=23449"}],"curies":[{"name":"wp","href":"https:\/\/api.w.org\/{rel}","templated":true}]}}