{"id":23624,"date":"2024-08-26T09:00:31","date_gmt":"2024-08-26T07:00:31","guid":{"rendered":"https:\/\/turismo.elejido.es\/?post_type=mec-events&#038;p=23624"},"modified":"2024-08-26T10:47:07","modified_gmt":"2024-08-26T08:47:07","slug":"sensi-falan-en-concierto-donde-el-mar-me-lleve","status":"publish","type":"mec-events","link":"https:\/\/turismo.elejido.es\/index.php\/events\/sensi-falan-en-concierto-donde-el-mar-me-lleve\/","title":{"rendered":"Sensi Fal\u00e1n en concierto \u00abDonde el mar me lleve\u00bb"},"content":{"rendered":"\n<div class=\"wp-block-nk-awb nk-awb alturaSlider is-layout-constrained wp-block-nk-awb-is-layout-constrained\"><div class=\"nk-awb-wrap\" data-awb-type=\"image\" data-awb-image-background-size=\"cover\" data-awb-image-background-position=\"48% 0%\" data-awb-parallax=\"scroll\" data-awb-parallax-speed=\"0.5\" data-awb-parallax-mobile=\"false\"><div class=\"nk-awb-inner\"><img loading=\"lazy\" decoding=\"async\" src=\"https:\/\/app.elejido.es\/turismo\/wp-content\/uploads\/2024\/08\/concierto-sensi-y-carlos-lopez_destacada.png\" class=\"wp-image-23637 jarallax-img\" width=\"1405\" height=\"1405\" srcset=\"https:\/\/turismo.elejido.es\/wp-content\/uploads\/2024\/08\/concierto-sensi-y-carlos-lopez_destacada.png 1405w, https:\/\/turismo.elejido.es\/wp-content\/uploads\/2024\/08\/concierto-sensi-y-carlos-lopez_destacada-500x500.png 500w, https:\/\/turismo.elejido.es\/wp-content\/uploads\/2024\/08\/concierto-sensi-y-carlos-lopez_destacada-1080x1080.png 1080w, https:\/\/turismo.elejido.es\/wp-content\/uploads\/2024\/08\/concierto-sensi-y-carlos-lopez_destacada-150x150.png 150w, https:\/\/turismo.elejido.es\/wp-content\/uploads\/2024\/08\/concierto-sensi-y-carlos-lopez_destacada-768x768.png 768w, https:\/\/turismo.elejido.es\/wp-content\/uploads\/2024\/08\/concierto-sensi-y-carlos-lopez_destacada-300x300.png 300w, https:\/\/turismo.elejido.es\/wp-content\/uploads\/2024\/08\/concierto-sensi-y-carlos-lopez_destacada-800x800.png 800w, https:\/\/turismo.elejido.es\/wp-content\/uploads\/2024\/08\/concierto-sensi-y-carlos-lopez_destacada-1280x1280.png 1280w, https:\/\/turismo.elejido.es\/wp-content\/uploads\/2024\/08\/concierto-sensi-y-carlos-lopez_destacada-600x600.png 600w\" sizes=\"auto, (max-width: 1405px) 100vw, 1405px\" \/><\/div><\/div><\/div>\n\n\n\n<div style=\"height:40px\" aria-hidden=\"true\" class=\"wp-block-spacer\"><\/div>\n\n\n<div class=\"breadcrumbs align  wp-block-bcn-breadcrumb-trail has-text-color has-background\" vocab=\"https:\/\/schema.org\/\" typeof=\"BreadcrumbList\">\n\t<span><\/span>\n\t<span property=\"itemListElement\" typeof=\"ListItem\"><a property=\"item\" typeof=\"WebPage\" title=\"Ir a Turismo El Ejido.\" href=\"https:\/\/turismo.elejido.es\" class=\"home\" aria-current=\"page\"><span property=\"name\">Turismo El Ejido<\/span><\/a><meta property=\"position\" content=\"1\"><\/span><\/div>\n\n\n\n<div style=\"height:50px\" aria-hidden=\"true\" class=\"wp-block-spacer\"><\/div>\n\n\n\n<h1 class=\"wp-block-heading\">Concierto Sensi Fal\u00e1n \u00abDonde el mar me lleve\u00bb<\/h1>\n\n\n\n<div style=\"height:25px\" aria-hidden=\"true\" class=\"wp-block-spacer\"><\/div>\n\n\n\n<p>No te pierdas el concierto de <strong>Sensi Fal\u00e1n<\/strong> en el que presentar\u00e1 su \u00faltimo disco \u00abDonde el mar me lleve\u00bb, acompa\u00f1ada por <strong>Carlos L\u00f3pez<\/strong> a la guitarra<img loading=\"lazy\" decoding=\"async\" height=\"16\" width=\"16\" src=\"https:\/\/static.xx.fbcdn.net\/images\/emoji.php\/v9\/tbc\/1\/16\/1f30a.png\" alt=\"\ud83c\udf0a\"><img loading=\"lazy\" decoding=\"async\" height=\"16\" width=\"16\" src=\"https:\/\/static.xx.fbcdn.net\/images\/emoji.php\/v9\/t1f\/1\/16\/1f3b6.png\" alt=\"\ud83c\udfb6\">.<\/p>\n\n\n\n<p><img loading=\"lazy\" decoding=\"async\" height=\"16\" width=\"16\" src=\"https:\/\/static.xx.fbcdn.net\/images\/emoji.php\/v9\/t1e\/1\/16\/1f33f.png\" alt=\"\ud83c\udf3f\"><img loading=\"lazy\" decoding=\"async\" height=\"16\" width=\"16\" src=\"https:\/\/static.xx.fbcdn.net\/images\/emoji.php\/v9\/t7e\/1\/16\/1f3a4.png\" alt=\"\ud83c\udfa4\"> Un evento m\u00e1gico para disfrutar de la m\u00fasica en un entorno natural \u00fanico, el Jard\u00edn Bot\u00e1nico La Almunya del Sur. Te esperamos el 7 de septiembre a las 22:00. <\/p>\n\n\n\n<p>\ud83d\udccd Concierto gratuito, pero con plazas limitadas. Reserva ya en el siguiente enlace: <a href=\"https:\/\/app.elejido.es\/turismo\/index.php\/ver-y-hacer\/eventos\/verano-2024-reservas\/\">https:\/\/app.elejido.es\/turismo\/index.php\/ver-y-hacer\/eventos\/verano-2024-reservas\/<\/a>.<\/p>\n\n\n\n<div style=\"height:70px\" aria-hidden=\"true\" class=\"wp-block-spacer\"><\/div>\n\n\n\n<figure class=\"wp-block-image size-large\"><img loading=\"lazy\" decoding=\"async\" width=\"764\" height=\"1080\" src=\"https:\/\/app.elejido.es\/turismo\/wp-content\/uploads\/2024\/08\/concierto-sensi-y-carlos-lopez-764x1080.png\" alt=\"\" class=\"wp-image-23636\" srcset=\"https:\/\/turismo.elejido.es\/wp-content\/uploads\/2024\/08\/concierto-sensi-y-carlos-lopez-764x1080.png 764w, https:\/\/turismo.elejido.es\/wp-content\/uploads\/2024\/08\/concierto-sensi-y-carlos-lopez-354x500.png 354w, https:\/\/turismo.elejido.es\/wp-content\/uploads\/2024\/08\/concierto-sensi-y-carlos-lopez-768x1086.png 768w, https:\/\/turismo.elejido.es\/wp-content\/uploads\/2024\/08\/concierto-sensi-y-carlos-lopez-1086x1536.png 1086w, https:\/\/turismo.elejido.es\/wp-content\/uploads\/2024\/08\/concierto-sensi-y-carlos-lopez-500x707.png 500w, https:\/\/turismo.elejido.es\/wp-content\/uploads\/2024\/08\/concierto-sensi-y-carlos-lopez-800x1132.png 800w, https:\/\/turismo.elejido.es\/wp-content\/uploads\/2024\/08\/concierto-sensi-y-carlos-lopez-1280x1810.png 1280w, https:\/\/turismo.elejido.es\/wp-content\/uploads\/2024\/08\/concierto-sensi-y-carlos-lopez.png 1414w\" sizes=\"auto, (max-width: 764px) 100vw, 764px\" \/><\/figure>\n\n\n\n<iframe src=\"https:\/\/www.google.com\/maps\/embed?pb=!1m14!1m8!1m3!1d12786.172182417535!2d-2.863185!3d36.757538!3m2!1i1024!2i768!4f13.1!3m3!1m2!1s0x0%3A0xffe0f4447204d3f2!2sJard%C3%ADn%20Bot%C3%A1nico%20La%20Almunya%20del%20Sur!5e0!3m2!1ses!2ses!4v1647001906119!5m2!1ses!2ses\" width=\"600\" height=\"450\" style=\"border:0;\" allowfullscreen=\"\" loading=\"lazy\"><\/iframe>\n","protected":false},"excerpt":{"rendered":"<p>Concierto Sensi Fal\u00e1n \u00abDonde el mar me lleve\u00bb No te pierdas el concierto de Sensi Fal\u00e1n en el que presentar\u00e1 su \u00faltimo disco \u00abDonde el mar me lleve\u00bb, acompa\u00f1ada por Carlos L\u00f3pez a la guitarra. Un evento m\u00e1gico para disfrutar de la m\u00fasica en un entorno natural \u00fanico, el Jard\u00edn Bot\u00e1nico La Almunya del Sur. [&hellip;]<\/p>\n","protected":false},"author":5,"featured_media":23637,"comment_status":"closed","ping_status":"closed","template":"","tags":[],"mec_category":[103],"class_list":["post-23624","mec-events","type-mec-events","status-publish","has-post-thumbnail","hentry","mec_category-musica","entry","has-media"],"yoast_head":"<!-- This site is optimized with the Yoast SEO plugin v27.4 - https:\/\/yoast.com\/product\/yoast-seo-wordpress\/ -->\n<title>Sensi Fal\u00e1n en concierto &quot;Donde el mar me lleve&quot; - Turismo El Ejido<\/title>\n<meta name=\"description\" content=\"No te pierdas el concierto de Sensi Fal\u00e1n en el Jard\u00edn Bot\u00e1nico La Almunya del Sur. Gratis con plazas limitadas. Reserva aqu\u00ed.\" \/>\n<meta name=\"robots\" content=\"index, follow, max-snippet:-1, max-image-preview:large, max-video-preview:-1\" \/>\n<link rel=\"canonical\" href=\"https:\/\/turismo.elejido.es\/index.php\/events\/sensi-falan-en-concierto-donde-el-mar-me-lleve\/\" \/>\n<meta property=\"og:locale\" content=\"es_ES\" \/>\n<meta property=\"og:type\" content=\"article\" \/>\n<meta property=\"og:title\" content=\"Sensi Fal\u00e1n en concierto &quot;Donde el mar me lleve&quot; - Turismo El Ejido\" \/>\n<meta property=\"og:description\" content=\"No te pierdas el concierto de Sensi Fal\u00e1n en el Jard\u00edn Bot\u00e1nico La Almunya del Sur. Gratis con plazas limitadas. Reserva aqu\u00ed.\" \/>\n<meta property=\"og:url\" content=\"https:\/\/turismo.elejido.es\/index.php\/events\/sensi-falan-en-concierto-donde-el-mar-me-lleve\/\" \/>\n<meta property=\"og:site_name\" content=\"Turismo El Ejido\" \/>\n<meta property=\"article:modified_time\" content=\"2024-08-26T08:47:07+00:00\" \/>\n<meta property=\"og:image\" content=\"https:\/\/turismo.elejido.es\/wp-content\/uploads\/2024\/08\/concierto-sensi-y-carlos-lopez_destacada.png\" \/>\n\t<meta property=\"og:image:width\" content=\"1405\" \/>\n\t<meta property=\"og:image:height\" content=\"1405\" \/>\n\t<meta property=\"og:image:type\" content=\"image\/png\" \/>\n<meta name=\"twitter:card\" content=\"summary_large_image\" \/>\n<meta name=\"twitter:label1\" content=\"Tiempo de lectura\" \/>\n\t<meta name=\"twitter:data1\" content=\"2 minutos\" \/>\n<script type=\"application\/ld+json\" class=\"yoast-schema-graph\">{\"@context\":\"https:\\\/\\\/schema.org\",\"@graph\":[{\"@type\":\"WebPage\",\"@id\":\"https:\\\/\\\/turismo.elejido.es\\\/index.php\\\/events\\\/sensi-falan-en-concierto-donde-el-mar-me-lleve\\\/\",\"url\":\"https:\\\/\\\/turismo.elejido.es\\\/index.php\\\/events\\\/sensi-falan-en-concierto-donde-el-mar-me-lleve\\\/\",\"name\":\"Sensi Fal\u00e1n en concierto \\\"Donde el mar me lleve\\\" - Turismo El Ejido\",\"isPartOf\":{\"@id\":\"https:\\\/\\\/turismo.elejido.es\\\/#website\"},\"primaryImageOfPage\":{\"@id\":\"https:\\\/\\\/turismo.elejido.es\\\/index.php\\\/events\\\/sensi-falan-en-concierto-donde-el-mar-me-lleve\\\/#primaryimage\"},\"image\":{\"@id\":\"https:\\\/\\\/turismo.elejido.es\\\/index.php\\\/events\\\/sensi-falan-en-concierto-donde-el-mar-me-lleve\\\/#primaryimage\"},\"thumbnailUrl\":\"https:\\\/\\\/turismo.elejido.es\\\/wp-content\\\/uploads\\\/2024\\\/08\\\/concierto-sensi-y-carlos-lopez_destacada.png\",\"datePublished\":\"2024-08-26T07:00:31+00:00\",\"dateModified\":\"2024-08-26T08:47:07+00:00\",\"description\":\"No te pierdas el concierto de Sensi Fal\u00e1n en el Jard\u00edn Bot\u00e1nico La Almunya del Sur. Gratis con plazas limitadas. Reserva aqu\u00ed.\",\"breadcrumb\":{\"@id\":\"https:\\\/\\\/turismo.elejido.es\\\/index.php\\\/events\\\/sensi-falan-en-concierto-donde-el-mar-me-lleve\\\/#breadcrumb\"},\"inLanguage\":\"es\",\"potentialAction\":[{\"@type\":\"ReadAction\",\"target\":[\"https:\\\/\\\/turismo.elejido.es\\\/index.php\\\/events\\\/sensi-falan-en-concierto-donde-el-mar-me-lleve\\\/\"]}]},{\"@type\":\"ImageObject\",\"inLanguage\":\"es\",\"@id\":\"https:\\\/\\\/turismo.elejido.es\\\/index.php\\\/events\\\/sensi-falan-en-concierto-donde-el-mar-me-lleve\\\/#primaryimage\",\"url\":\"https:\\\/\\\/turismo.elejido.es\\\/wp-content\\\/uploads\\\/2024\\\/08\\\/concierto-sensi-y-carlos-lopez_destacada.png\",\"contentUrl\":\"https:\\\/\\\/turismo.elejido.es\\\/wp-content\\\/uploads\\\/2024\\\/08\\\/concierto-sensi-y-carlos-lopez_destacada.png\",\"width\":1405,\"height\":1405},{\"@type\":\"BreadcrumbList\",\"@id\":\"https:\\\/\\\/turismo.elejido.es\\\/index.php\\\/events\\\/sensi-falan-en-concierto-donde-el-mar-me-lleve\\\/#breadcrumb\",\"itemListElement\":[{\"@type\":\"ListItem\",\"position\":1,\"name\":\"Inicio\",\"item\":\"https:\\\/\\\/turismo.elejido.es\\\/\"},{\"@type\":\"ListItem\",\"position\":2,\"name\":\"Eventos\",\"item\":\"https:\\\/\\\/turismo.elejido.es\\\/index.php\\\/events\\\/\"},{\"@type\":\"ListItem\",\"position\":3,\"name\":\"Sensi Fal\u00e1n en concierto \u00abDonde el mar me lleve\u00bb\"}]},{\"@type\":\"WebSite\",\"@id\":\"https:\\\/\\\/turismo.elejido.es\\\/#website\",\"url\":\"https:\\\/\\\/turismo.elejido.es\\\/\",\"name\":\"Turismo El Ejido\",\"description\":\"Portal Oficial de Turismo del Municipio de El Ejido, Almerimar y Balerma situado en la costa de Almer\u00eda.\",\"publisher\":{\"@id\":\"https:\\\/\\\/turismo.elejido.es\\\/#organization\"},\"potentialAction\":[{\"@type\":\"SearchAction\",\"target\":{\"@type\":\"EntryPoint\",\"urlTemplate\":\"https:\\\/\\\/turismo.elejido.es\\\/?s={search_term_string}\"},\"query-input\":{\"@type\":\"PropertyValueSpecification\",\"valueRequired\":true,\"valueName\":\"search_term_string\"}}],\"inLanguage\":\"es\"},{\"@type\":\"Organization\",\"@id\":\"https:\\\/\\\/turismo.elejido.es\\\/#organization\",\"name\":\"Turismo El Ejido\",\"url\":\"https:\\\/\\\/turismo.elejido.es\\\/\",\"logo\":{\"@type\":\"ImageObject\",\"inLanguage\":\"es\",\"@id\":\"https:\\\/\\\/turismo.elejido.es\\\/#\\\/schema\\\/logo\\\/image\\\/\",\"url\":\"https:\\\/\\\/turismo.elejido.es\\\/wp-content\\\/uploads\\\/2020\\\/12\\\/elejidoNaranja.png\",\"contentUrl\":\"https:\\\/\\\/turismo.elejido.es\\\/wp-content\\\/uploads\\\/2020\\\/12\\\/elejidoNaranja.png\",\"width\":163,\"height\":92,\"caption\":\"Turismo El Ejido\"},\"image\":{\"@id\":\"https:\\\/\\\/turismo.elejido.es\\\/#\\\/schema\\\/logo\\\/image\\\/\"}}]}<\/script>\n<!-- \/ Yoast SEO plugin. -->","yoast_head_json":{"title":"Sensi Fal\u00e1n en concierto \"Donde el mar me lleve\" - Turismo El Ejido","description":"No te pierdas el concierto de Sensi Fal\u00e1n en el Jard\u00edn Bot\u00e1nico La Almunya del Sur. Gratis con plazas limitadas. Reserva aqu\u00ed.","robots":{"index":"index","follow":"follow","max-snippet":"max-snippet:-1","max-image-preview":"max-image-preview:large","max-video-preview":"max-video-preview:-1"},"canonical":"https:\/\/turismo.elejido.es\/index.php\/events\/sensi-falan-en-concierto-donde-el-mar-me-lleve\/","og_locale":"es_ES","og_type":"article","og_title":"Sensi Fal\u00e1n en concierto \"Donde el mar me lleve\" - Turismo El Ejido","og_description":"No te pierdas el concierto de Sensi Fal\u00e1n en el Jard\u00edn Bot\u00e1nico La Almunya del Sur. Gratis con plazas limitadas. Reserva aqu\u00ed.","og_url":"https:\/\/turismo.elejido.es\/index.php\/events\/sensi-falan-en-concierto-donde-el-mar-me-lleve\/","og_site_name":"Turismo El Ejido","article_modified_time":"2024-08-26T08:47:07+00:00","og_image":[{"width":1405,"height":1405,"url":"https:\/\/turismo.elejido.es\/wp-content\/uploads\/2024\/08\/concierto-sensi-y-carlos-lopez_destacada.png","type":"image\/png"}],"twitter_card":"summary_large_image","twitter_misc":{"Tiempo de lectura":"2 minutos"},"schema":{"@context":"https:\/\/schema.org","@graph":[{"@type":"WebPage","@id":"https:\/\/turismo.elejido.es\/index.php\/events\/sensi-falan-en-concierto-donde-el-mar-me-lleve\/","url":"https:\/\/turismo.elejido.es\/index.php\/events\/sensi-falan-en-concierto-donde-el-mar-me-lleve\/","name":"Sensi Fal\u00e1n en concierto \"Donde el mar me lleve\" - Turismo El Ejido","isPartOf":{"@id":"https:\/\/turismo.elejido.es\/#website"},"primaryImageOfPage":{"@id":"https:\/\/turismo.elejido.es\/index.php\/events\/sensi-falan-en-concierto-donde-el-mar-me-lleve\/#primaryimage"},"image":{"@id":"https:\/\/turismo.elejido.es\/index.php\/events\/sensi-falan-en-concierto-donde-el-mar-me-lleve\/#primaryimage"},"thumbnailUrl":"https:\/\/turismo.elejido.es\/wp-content\/uploads\/2024\/08\/concierto-sensi-y-carlos-lopez_destacada.png","datePublished":"2024-08-26T07:00:31+00:00","dateModified":"2024-08-26T08:47:07+00:00","description":"No te pierdas el concierto de Sensi Fal\u00e1n en el Jard\u00edn Bot\u00e1nico La Almunya del Sur. Gratis con plazas limitadas. Reserva aqu\u00ed.","breadcrumb":{"@id":"https:\/\/turismo.elejido.es\/index.php\/events\/sensi-falan-en-concierto-donde-el-mar-me-lleve\/#breadcrumb"},"inLanguage":"es","potentialAction":[{"@type":"ReadAction","target":["https:\/\/turismo.elejido.es\/index.php\/events\/sensi-falan-en-concierto-donde-el-mar-me-lleve\/"]}]},{"@type":"ImageObject","inLanguage":"es","@id":"https:\/\/turismo.elejido.es\/index.php\/events\/sensi-falan-en-concierto-donde-el-mar-me-lleve\/#primaryimage","url":"https:\/\/turismo.elejido.es\/wp-content\/uploads\/2024\/08\/concierto-sensi-y-carlos-lopez_destacada.png","contentUrl":"https:\/\/turismo.elejido.es\/wp-content\/uploads\/2024\/08\/concierto-sensi-y-carlos-lopez_destacada.png","width":1405,"height":1405},{"@type":"BreadcrumbList","@id":"https:\/\/turismo.elejido.es\/index.php\/events\/sensi-falan-en-concierto-donde-el-mar-me-lleve\/#breadcrumb","itemListElement":[{"@type":"ListItem","position":1,"name":"Inicio","item":"https:\/\/turismo.elejido.es\/"},{"@type":"ListItem","position":2,"name":"Eventos","item":"https:\/\/turismo.elejido.es\/index.php\/events\/"},{"@type":"ListItem","position":3,"name":"Sensi Fal\u00e1n en concierto \u00abDonde el mar me lleve\u00bb"}]},{"@type":"WebSite","@id":"https:\/\/turismo.elejido.es\/#website","url":"https:\/\/turismo.elejido.es\/","name":"Turismo El Ejido","description":"Portal Oficial de Turismo del Municipio de El Ejido, Almerimar y Balerma situado en la costa de Almer\u00eda.","publisher":{"@id":"https:\/\/turismo.elejido.es\/#organization"},"potentialAction":[{"@type":"SearchAction","target":{"@type":"EntryPoint","urlTemplate":"https:\/\/turismo.elejido.es\/?s={search_term_string}"},"query-input":{"@type":"PropertyValueSpecification","valueRequired":true,"valueName":"search_term_string"}}],"inLanguage":"es"},{"@type":"Organization","@id":"https:\/\/turismo.elejido.es\/#organization","name":"Turismo El Ejido","url":"https:\/\/turismo.elejido.es\/","logo":{"@type":"ImageObject","inLanguage":"es","@id":"https:\/\/turismo.elejido.es\/#\/schema\/logo\/image\/","url":"https:\/\/turismo.elejido.es\/wp-content\/uploads\/2020\/12\/elejidoNaranja.png","contentUrl":"https:\/\/turismo.elejido.es\/wp-content\/uploads\/2020\/12\/elejidoNaranja.png","width":163,"height":92,"caption":"Turismo El Ejido"},"image":{"@id":"https:\/\/turismo.elejido.es\/#\/schema\/logo\/image\/"}}]}},"_links":{"self":[{"href":"https:\/\/turismo.elejido.es\/index.php\/wp-json\/wp\/v2\/mec-events\/23624","targetHints":{"allow":["GET"]}}],"collection":[{"href":"https:\/\/turismo.elejido.es\/index.php\/wp-json\/wp\/v2\/mec-events"}],"about":[{"href":"https:\/\/turismo.elejido.es\/index.php\/wp-json\/wp\/v2\/types\/mec-events"}],"author":[{"embeddable":true,"href":"https:\/\/turismo.elejido.es\/index.php\/wp-json\/wp\/v2\/users\/5"}],"replies":[{"embeddable":true,"href":"https:\/\/turismo.elejido.es\/index.php\/wp-json\/wp\/v2\/comments?post=23624"}],"wp:featuredmedia":[{"embeddable":true,"href":"https:\/\/turismo.elejido.es\/index.php\/wp-json\/wp\/v2\/media\/23637"}],"wp:attachment":[{"href":"https:\/\/turismo.elejido.es\/index.php\/wp-json\/wp\/v2\/media?parent=23624"}],"wp:term":[{"taxonomy":"post_tag","embeddable":true,"href":"https:\/\/turismo.elejido.es\/index.php\/wp-json\/wp\/v2\/tags?post=23624"},{"taxonomy":"mec_category","embeddable":true,"href":"https:\/\/turismo.elejido.es\/index.php\/wp-json\/wp\/v2\/mec_category?post=23624"}],"curies":[{"name":"wp","href":"https:\/\/api.w.org\/{rel}","templated":true}]}}