{"id":24314,"date":"2024-11-19T09:36:00","date_gmt":"2024-11-19T08:36:00","guid":{"rendered":"https:\/\/turismo.elejido.es\/?post_type=mec-events&#038;p=24314"},"modified":"2024-11-18T09:02:56","modified_gmt":"2024-11-18T08:02:56","slug":"exhibicion-alumnos-escuela-deportiva-municipal-little-park-2","status":"publish","type":"mec-events","link":"https:\/\/turismo.elejido.es\/index.php\/events\/exhibicion-alumnos-escuela-deportiva-municipal-little-park-2\/","title":{"rendered":"Exhibici\u00f3n alumnos Escuela Deportiva Municipal &#8211; Little Park"},"content":{"rendered":"\n<div class=\"wp-block-nk-awb nk-awb  alignwide alturaSlider is-layout-constrained wp-block-nk-awb-is-layout-constrained\"><div class=\"nk-awb-wrap\" data-awb-type=\"image\" data-awb-image-background-size=\"cover\" data-awb-image-background-position=\"47% 0%\" data-awb-parallax=\"scroll\" data-awb-parallax-speed=\"0.5\" data-awb-parallax-mobile=\"false\"><div class=\"nk-awb-inner\"><img loading=\"lazy\" decoding=\"async\" src=\"https:\/\/app.elejido.es\/turismo\/wp-content\/uploads\/2024\/11\/1-1.jpg\" class=\"wp-image-24301 jarallax-img\" width=\"2500\" height=\"2500\" srcset=\"https:\/\/turismo.elejido.es\/wp-content\/uploads\/2024\/11\/1-1.jpg 2500w, https:\/\/turismo.elejido.es\/wp-content\/uploads\/2024\/11\/1-1-500x500.jpg 500w, https:\/\/turismo.elejido.es\/wp-content\/uploads\/2024\/11\/1-1-1080x1080.jpg 1080w, https:\/\/turismo.elejido.es\/wp-content\/uploads\/2024\/11\/1-1-150x150.jpg 150w, https:\/\/turismo.elejido.es\/wp-content\/uploads\/2024\/11\/1-1-768x768.jpg 768w, https:\/\/turismo.elejido.es\/wp-content\/uploads\/2024\/11\/1-1-300x300.jpg 300w, https:\/\/turismo.elejido.es\/wp-content\/uploads\/2024\/11\/1-1-1536x1536.jpg 1536w, https:\/\/turismo.elejido.es\/wp-content\/uploads\/2024\/11\/1-1-2048x2048.jpg 2048w, https:\/\/turismo.elejido.es\/wp-content\/uploads\/2024\/11\/1-1-800x800.jpg 800w, https:\/\/turismo.elejido.es\/wp-content\/uploads\/2024\/11\/1-1-1280x1280.jpg 1280w, https:\/\/turismo.elejido.es\/wp-content\/uploads\/2024\/11\/1-1-1920x1920.jpg 1920w, https:\/\/turismo.elejido.es\/wp-content\/uploads\/2024\/11\/1-1-600x600.jpg 600w\" sizes=\"auto, (max-width: 2500px) 100vw, 2500px\" \/><\/div><\/div><\/div>\n\n\n\n<div style=\"height:40px\" aria-hidden=\"true\" class=\"wp-block-spacer\"><\/div>\n\n\n<div class=\"breadcrumbs align  wp-block-bcn-breadcrumb-trail has-text-color has-background\" vocab=\"https:\/\/schema.org\/\" typeof=\"BreadcrumbList\">\n\t<span><\/span>\n\t<span property=\"itemListElement\" typeof=\"ListItem\"><a property=\"item\" typeof=\"WebPage\" title=\"Ir a Turismo El Ejido.\" href=\"https:\/\/turismo.elejido.es\" class=\"home\" aria-current=\"page\"><span property=\"name\">Turismo El Ejido<\/span><\/a><meta property=\"position\" content=\"1\"><\/span><\/div>\n\n\n\n<div style=\"height:50px\" aria-hidden=\"true\" class=\"wp-block-spacer\"><\/div>\n\n\n\n<h2 class=\"wp-block-heading\">Exhibici\u00f3n alumnos Escuela Deportiva Municipal  &#8211; Little Park<\/h2>\n\n\n\n<div style=\"height:25px\" aria-hidden=\"true\" class=\"wp-block-spacer\"><\/div>\n\n\n\n<p>Esta Navidad cosecha ilusi\u00f3n. No te pierdas la exhibici\u00f3n de los alumnos de la Escuela Deportiva Municipal de la mano del profesor \u00abDani Ibarra\u00bb, el s\u00e1bado 14 de diciembre en la Plaza Mayor de El Ejido.  <\/p>\n\n\n\n<p>Actividad gratuita hasta completar aforo. <\/p>\n\n\n\n<p>#NavidadenElEjido #yoconsumoenelejido<\/p>\n\n\n\n<div style=\"height:70px\" aria-hidden=\"true\" class=\"wp-block-spacer\"><\/div>\n\n\n\n<iframe src=\"https:\/\/www.google.com\/maps\/embed?pb=!1m18!1m12!1m3!1d3195.8402901992285!2d-2.8150611240524364!3d36.77439866915335!2m3!1f0!2f0!3f0!3m2!1i1024!2i768!4f13.1!3m3!1m2!1s0xd7042e11b484835%3A0x961ae08ac55aeb8a!2sPlaza%20Mayor%20de%20El%20Ejido!5e0!3m2!1ses!2ses!4v1731662540764!5m2!1ses!2ses\" width=\"600\" height=\"450\" style=\"border:0;\" allowfullscreen=\"\" loading=\"lazy\" referrerpolicy=\"no-referrer-when-downgrade\"><\/iframe>\n","protected":false},"excerpt":{"rendered":"<p>Exhibici\u00f3n alumnos Escuela Deportiva Municipal &#8211; Little Park Esta Navidad cosecha ilusi\u00f3n. No te pierdas la exhibici\u00f3n de los alumnos de la Escuela Deportiva Municipal de la mano del profesor \u00abDani Ibarra\u00bb, el s\u00e1bado 14 de diciembre en la Plaza Mayor de El Ejido. Actividad gratuita hasta completar aforo. #NavidadenElEjido #yoconsumoenelejido<\/p>\n","protected":false},"author":5,"featured_media":24301,"comment_status":"closed","ping_status":"closed","template":"","tags":[],"mec_category":[1103],"class_list":["post-24314","mec-events","type-mec-events","status-publish","has-post-thumbnail","hentry","mec_category-navidad","entry","has-media"],"yoast_head":"<!-- This site is optimized with the Yoast SEO plugin v27.4 - https:\/\/yoast.com\/product\/yoast-seo-wordpress\/ -->\n<title>Exhibici\u00f3n alumnos Escuela Deportiva Municipal - Little Park<\/title>\n<meta name=\"description\" content=\"\u00a1Vuelve la magia de la Navidad a la Plaza Mayor de El Ejido! Consulta los horarios del Parque de Ocio Infantil Little Park.\" \/>\n<meta name=\"robots\" content=\"index, follow, max-snippet:-1, max-image-preview:large, max-video-preview:-1\" \/>\n<link rel=\"canonical\" href=\"https:\/\/turismo.elejido.es\/index.php\/events\/exhibicion-alumnos-escuela-deportiva-municipal-little-park-2\/\" \/>\n<meta property=\"og:locale\" content=\"es_ES\" \/>\n<meta property=\"og:type\" content=\"article\" \/>\n<meta property=\"og:title\" content=\"Exhibici\u00f3n alumnos Escuela Deportiva Municipal - Little Park\" \/>\n<meta property=\"og:description\" content=\"\u00a1Vuelve la magia de la Navidad a la Plaza Mayor de El Ejido! Consulta los horarios del Parque de Ocio Infantil Little Park.\" \/>\n<meta property=\"og:url\" content=\"https:\/\/turismo.elejido.es\/index.php\/events\/exhibicion-alumnos-escuela-deportiva-municipal-little-park-2\/\" \/>\n<meta property=\"og:site_name\" content=\"Turismo El Ejido\" \/>\n<meta property=\"og:image\" content=\"https:\/\/turismo.elejido.es\/wp-content\/uploads\/2024\/11\/1-1-1080x1080.jpg\" \/>\n\t<meta property=\"og:image:width\" content=\"1080\" \/>\n\t<meta property=\"og:image:height\" content=\"1080\" \/>\n\t<meta property=\"og:image:type\" content=\"image\/jpeg\" \/>\n<meta name=\"twitter:card\" content=\"summary_large_image\" \/>\n<meta name=\"twitter:label1\" content=\"Tiempo de lectura\" \/>\n\t<meta name=\"twitter:data1\" content=\"1 minuto\" \/>\n<script type=\"application\/ld+json\" class=\"yoast-schema-graph\">{\"@context\":\"https:\\\/\\\/schema.org\",\"@graph\":[{\"@type\":\"WebPage\",\"@id\":\"https:\\\/\\\/turismo.elejido.es\\\/index.php\\\/events\\\/exhibicion-alumnos-escuela-deportiva-municipal-little-park-2\\\/\",\"url\":\"https:\\\/\\\/turismo.elejido.es\\\/index.php\\\/events\\\/exhibicion-alumnos-escuela-deportiva-municipal-little-park-2\\\/\",\"name\":\"Exhibici\u00f3n alumnos Escuela Deportiva Municipal - Little Park\",\"isPartOf\":{\"@id\":\"https:\\\/\\\/turismo.elejido.es\\\/#website\"},\"primaryImageOfPage\":{\"@id\":\"https:\\\/\\\/turismo.elejido.es\\\/index.php\\\/events\\\/exhibicion-alumnos-escuela-deportiva-municipal-little-park-2\\\/#primaryimage\"},\"image\":{\"@id\":\"https:\\\/\\\/turismo.elejido.es\\\/index.php\\\/events\\\/exhibicion-alumnos-escuela-deportiva-municipal-little-park-2\\\/#primaryimage\"},\"thumbnailUrl\":\"https:\\\/\\\/turismo.elejido.es\\\/wp-content\\\/uploads\\\/2024\\\/11\\\/1-1.jpg\",\"datePublished\":\"2024-11-19T08:36:00+00:00\",\"description\":\"\u00a1Vuelve la magia de la Navidad a la Plaza Mayor de El Ejido! Consulta los horarios del Parque de Ocio Infantil Little Park.\",\"breadcrumb\":{\"@id\":\"https:\\\/\\\/turismo.elejido.es\\\/index.php\\\/events\\\/exhibicion-alumnos-escuela-deportiva-municipal-little-park-2\\\/#breadcrumb\"},\"inLanguage\":\"es\",\"potentialAction\":[{\"@type\":\"ReadAction\",\"target\":[\"https:\\\/\\\/turismo.elejido.es\\\/index.php\\\/events\\\/exhibicion-alumnos-escuela-deportiva-municipal-little-park-2\\\/\"]}]},{\"@type\":\"ImageObject\",\"inLanguage\":\"es\",\"@id\":\"https:\\\/\\\/turismo.elejido.es\\\/index.php\\\/events\\\/exhibicion-alumnos-escuela-deportiva-municipal-little-park-2\\\/#primaryimage\",\"url\":\"https:\\\/\\\/turismo.elejido.es\\\/wp-content\\\/uploads\\\/2024\\\/11\\\/1-1.jpg\",\"contentUrl\":\"https:\\\/\\\/turismo.elejido.es\\\/wp-content\\\/uploads\\\/2024\\\/11\\\/1-1.jpg\",\"width\":2500,\"height\":2500},{\"@type\":\"BreadcrumbList\",\"@id\":\"https:\\\/\\\/turismo.elejido.es\\\/index.php\\\/events\\\/exhibicion-alumnos-escuela-deportiva-municipal-little-park-2\\\/#breadcrumb\",\"itemListElement\":[{\"@type\":\"ListItem\",\"position\":1,\"name\":\"Inicio\",\"item\":\"https:\\\/\\\/turismo.elejido.es\\\/\"},{\"@type\":\"ListItem\",\"position\":2,\"name\":\"Eventos\",\"item\":\"https:\\\/\\\/turismo.elejido.es\\\/index.php\\\/events\\\/\"},{\"@type\":\"ListItem\",\"position\":3,\"name\":\"Exhibici\u00f3n alumnos Escuela Deportiva Municipal &#8211; Little Park\"}]},{\"@type\":\"WebSite\",\"@id\":\"https:\\\/\\\/turismo.elejido.es\\\/#website\",\"url\":\"https:\\\/\\\/turismo.elejido.es\\\/\",\"name\":\"Turismo El Ejido\",\"description\":\"Portal Oficial de Turismo del Municipio de El Ejido, Almerimar y Balerma situado en la costa de Almer\u00eda.\",\"publisher\":{\"@id\":\"https:\\\/\\\/turismo.elejido.es\\\/#organization\"},\"potentialAction\":[{\"@type\":\"SearchAction\",\"target\":{\"@type\":\"EntryPoint\",\"urlTemplate\":\"https:\\\/\\\/turismo.elejido.es\\\/?s={search_term_string}\"},\"query-input\":{\"@type\":\"PropertyValueSpecification\",\"valueRequired\":true,\"valueName\":\"search_term_string\"}}],\"inLanguage\":\"es\"},{\"@type\":\"Organization\",\"@id\":\"https:\\\/\\\/turismo.elejido.es\\\/#organization\",\"name\":\"Turismo El Ejido\",\"url\":\"https:\\\/\\\/turismo.elejido.es\\\/\",\"logo\":{\"@type\":\"ImageObject\",\"inLanguage\":\"es\",\"@id\":\"https:\\\/\\\/turismo.elejido.es\\\/#\\\/schema\\\/logo\\\/image\\\/\",\"url\":\"https:\\\/\\\/turismo.elejido.es\\\/wp-content\\\/uploads\\\/2020\\\/12\\\/elejidoNaranja.png\",\"contentUrl\":\"https:\\\/\\\/turismo.elejido.es\\\/wp-content\\\/uploads\\\/2020\\\/12\\\/elejidoNaranja.png\",\"width\":163,\"height\":92,\"caption\":\"Turismo El Ejido\"},\"image\":{\"@id\":\"https:\\\/\\\/turismo.elejido.es\\\/#\\\/schema\\\/logo\\\/image\\\/\"}}]}<\/script>\n<!-- \/ Yoast SEO plugin. -->","yoast_head_json":{"title":"Exhibici\u00f3n alumnos Escuela Deportiva Municipal - Little Park","description":"\u00a1Vuelve la magia de la Navidad a la Plaza Mayor de El Ejido! Consulta los horarios del Parque de Ocio Infantil Little Park.","robots":{"index":"index","follow":"follow","max-snippet":"max-snippet:-1","max-image-preview":"max-image-preview:large","max-video-preview":"max-video-preview:-1"},"canonical":"https:\/\/turismo.elejido.es\/index.php\/events\/exhibicion-alumnos-escuela-deportiva-municipal-little-park-2\/","og_locale":"es_ES","og_type":"article","og_title":"Exhibici\u00f3n alumnos Escuela Deportiva Municipal - Little Park","og_description":"\u00a1Vuelve la magia de la Navidad a la Plaza Mayor de El Ejido! Consulta los horarios del Parque de Ocio Infantil Little Park.","og_url":"https:\/\/turismo.elejido.es\/index.php\/events\/exhibicion-alumnos-escuela-deportiva-municipal-little-park-2\/","og_site_name":"Turismo El Ejido","og_image":[{"width":1080,"height":1080,"url":"https:\/\/turismo.elejido.es\/wp-content\/uploads\/2024\/11\/1-1-1080x1080.jpg","type":"image\/jpeg"}],"twitter_card":"summary_large_image","twitter_misc":{"Tiempo de lectura":"1 minuto"},"schema":{"@context":"https:\/\/schema.org","@graph":[{"@type":"WebPage","@id":"https:\/\/turismo.elejido.es\/index.php\/events\/exhibicion-alumnos-escuela-deportiva-municipal-little-park-2\/","url":"https:\/\/turismo.elejido.es\/index.php\/events\/exhibicion-alumnos-escuela-deportiva-municipal-little-park-2\/","name":"Exhibici\u00f3n alumnos Escuela Deportiva Municipal - Little Park","isPartOf":{"@id":"https:\/\/turismo.elejido.es\/#website"},"primaryImageOfPage":{"@id":"https:\/\/turismo.elejido.es\/index.php\/events\/exhibicion-alumnos-escuela-deportiva-municipal-little-park-2\/#primaryimage"},"image":{"@id":"https:\/\/turismo.elejido.es\/index.php\/events\/exhibicion-alumnos-escuela-deportiva-municipal-little-park-2\/#primaryimage"},"thumbnailUrl":"https:\/\/turismo.elejido.es\/wp-content\/uploads\/2024\/11\/1-1.jpg","datePublished":"2024-11-19T08:36:00+00:00","description":"\u00a1Vuelve la magia de la Navidad a la Plaza Mayor de El Ejido! Consulta los horarios del Parque de Ocio Infantil Little Park.","breadcrumb":{"@id":"https:\/\/turismo.elejido.es\/index.php\/events\/exhibicion-alumnos-escuela-deportiva-municipal-little-park-2\/#breadcrumb"},"inLanguage":"es","potentialAction":[{"@type":"ReadAction","target":["https:\/\/turismo.elejido.es\/index.php\/events\/exhibicion-alumnos-escuela-deportiva-municipal-little-park-2\/"]}]},{"@type":"ImageObject","inLanguage":"es","@id":"https:\/\/turismo.elejido.es\/index.php\/events\/exhibicion-alumnos-escuela-deportiva-municipal-little-park-2\/#primaryimage","url":"https:\/\/turismo.elejido.es\/wp-content\/uploads\/2024\/11\/1-1.jpg","contentUrl":"https:\/\/turismo.elejido.es\/wp-content\/uploads\/2024\/11\/1-1.jpg","width":2500,"height":2500},{"@type":"BreadcrumbList","@id":"https:\/\/turismo.elejido.es\/index.php\/events\/exhibicion-alumnos-escuela-deportiva-municipal-little-park-2\/#breadcrumb","itemListElement":[{"@type":"ListItem","position":1,"name":"Inicio","item":"https:\/\/turismo.elejido.es\/"},{"@type":"ListItem","position":2,"name":"Eventos","item":"https:\/\/turismo.elejido.es\/index.php\/events\/"},{"@type":"ListItem","position":3,"name":"Exhibici\u00f3n alumnos Escuela Deportiva Municipal &#8211; Little Park"}]},{"@type":"WebSite","@id":"https:\/\/turismo.elejido.es\/#website","url":"https:\/\/turismo.elejido.es\/","name":"Turismo El Ejido","description":"Portal Oficial de Turismo del Municipio de El Ejido, Almerimar y Balerma situado en la costa de Almer\u00eda.","publisher":{"@id":"https:\/\/turismo.elejido.es\/#organization"},"potentialAction":[{"@type":"SearchAction","target":{"@type":"EntryPoint","urlTemplate":"https:\/\/turismo.elejido.es\/?s={search_term_string}"},"query-input":{"@type":"PropertyValueSpecification","valueRequired":true,"valueName":"search_term_string"}}],"inLanguage":"es"},{"@type":"Organization","@id":"https:\/\/turismo.elejido.es\/#organization","name":"Turismo El Ejido","url":"https:\/\/turismo.elejido.es\/","logo":{"@type":"ImageObject","inLanguage":"es","@id":"https:\/\/turismo.elejido.es\/#\/schema\/logo\/image\/","url":"https:\/\/turismo.elejido.es\/wp-content\/uploads\/2020\/12\/elejidoNaranja.png","contentUrl":"https:\/\/turismo.elejido.es\/wp-content\/uploads\/2020\/12\/elejidoNaranja.png","width":163,"height":92,"caption":"Turismo El Ejido"},"image":{"@id":"https:\/\/turismo.elejido.es\/#\/schema\/logo\/image\/"}}]}},"_links":{"self":[{"href":"https:\/\/turismo.elejido.es\/index.php\/wp-json\/wp\/v2\/mec-events\/24314","targetHints":{"allow":["GET"]}}],"collection":[{"href":"https:\/\/turismo.elejido.es\/index.php\/wp-json\/wp\/v2\/mec-events"}],"about":[{"href":"https:\/\/turismo.elejido.es\/index.php\/wp-json\/wp\/v2\/types\/mec-events"}],"author":[{"embeddable":true,"href":"https:\/\/turismo.elejido.es\/index.php\/wp-json\/wp\/v2\/users\/5"}],"replies":[{"embeddable":true,"href":"https:\/\/turismo.elejido.es\/index.php\/wp-json\/wp\/v2\/comments?post=24314"}],"wp:featuredmedia":[{"embeddable":true,"href":"https:\/\/turismo.elejido.es\/index.php\/wp-json\/wp\/v2\/media\/24301"}],"wp:attachment":[{"href":"https:\/\/turismo.elejido.es\/index.php\/wp-json\/wp\/v2\/media?parent=24314"}],"wp:term":[{"taxonomy":"post_tag","embeddable":true,"href":"https:\/\/turismo.elejido.es\/index.php\/wp-json\/wp\/v2\/tags?post=24314"},{"taxonomy":"mec_category","embeddable":true,"href":"https:\/\/turismo.elejido.es\/index.php\/wp-json\/wp\/v2\/mec_category?post=24314"}],"curies":[{"name":"wp","href":"https:\/\/api.w.org\/{rel}","templated":true}]}}