{"id":24428,"date":"2024-12-17T09:02:29","date_gmt":"2024-12-17T08:02:29","guid":{"rendered":"https:\/\/turismo.elejido.es\/?post_type=mec-events&#038;p=24428"},"modified":"2024-12-17T09:02:31","modified_gmt":"2024-12-17T08:02:31","slug":"angeles-de-trapo-compania-de-teatro-talleres-en-familia","status":"publish","type":"mec-events","link":"https:\/\/turismo.elejido.es\/index.php\/events\/angeles-de-trapo-compania-de-teatro-talleres-en-familia\/","title":{"rendered":"\u00c1ngeles de Trapo Compa\u00f1\u00eda de Teatro \u00abTalleres en familia\u00bb"},"content":{"rendered":"\n<div class=\"wp-block-nk-awb nk-awb  alignwide alturaSlider is-layout-constrained wp-block-nk-awb-is-layout-constrained\"><div class=\"nk-awb-wrap\" data-awb-type=\"image\" data-awb-image-background-size=\"cover\" data-awb-image-background-position=\"47% 1%\" data-awb-parallax=\"scroll\" data-awb-parallax-speed=\"0.5\" data-awb-parallax-mobile=\"false\"><div class=\"nk-awb-inner\"><img loading=\"lazy\" decoding=\"async\" src=\"https:\/\/app.elejido.es\/turismo\/wp-content\/uploads\/2024\/12\/12-23-10-Talleres-en-familia-1.jpg\" class=\"wp-image-24429 jarallax-img\" width=\"663\" height=\"663\" srcset=\"https:\/\/turismo.elejido.es\/wp-content\/uploads\/2024\/12\/12-23-10-Talleres-en-familia-1.jpg 663w, https:\/\/turismo.elejido.es\/wp-content\/uploads\/2024\/12\/12-23-10-Talleres-en-familia-1-500x500.jpg 500w, https:\/\/turismo.elejido.es\/wp-content\/uploads\/2024\/12\/12-23-10-Talleres-en-familia-1-150x150.jpg 150w, https:\/\/turismo.elejido.es\/wp-content\/uploads\/2024\/12\/12-23-10-Talleres-en-familia-1-300x300.jpg 300w, https:\/\/turismo.elejido.es\/wp-content\/uploads\/2024\/12\/12-23-10-Talleres-en-familia-1-600x600.jpg 600w\" sizes=\"auto, (max-width: 663px) 100vw, 663px\" \/><\/div><\/div><\/div>\n\n\n\n<div style=\"height:40px\" aria-hidden=\"true\" class=\"wp-block-spacer\"><\/div>\n\n\n<div class=\"breadcrumbs align  wp-block-bcn-breadcrumb-trail has-text-color has-background\" vocab=\"https:\/\/schema.org\/\" typeof=\"BreadcrumbList\">\n\t<span><\/span>\n\t<span property=\"itemListElement\" typeof=\"ListItem\"><a property=\"item\" typeof=\"WebPage\" title=\"Ir a Turismo El Ejido.\" href=\"https:\/\/turismo.elejido.es\" class=\"home\" aria-current=\"page\"><span property=\"name\">Turismo El Ejido<\/span><\/a><meta property=\"position\" content=\"1\"><\/span><\/div>\n\n\n\n<div style=\"height:50px\" aria-hidden=\"true\" class=\"wp-block-spacer\"><\/div>\n\n\n\n<h2 class=\"wp-block-heading\">\u00c1ngeles de Trapo Compa\u00f1\u00eda de Teatro \u00abTalleres en familia\u00bb<\/h2>\n\n\n\n<div style=\"height:25px\" aria-hidden=\"true\" class=\"wp-block-spacer\"><\/div>\n\n\n\n<p>La compa\u00f1\u00eda \u00c1ngeles de trapo presenta: \u00a1Talleres en familia!<br>Una experiencia m\u00e1gica donde todas las familias tendr\u00e1n la oportunidad de dise\u00f1ar y pintar a mano sus propios adornos navide\u00f1os de madera. En un ambiente acogedor y festivo, podr\u00e1n dar rienda suelta a la creatividad mientras crean adornos \u00fanicos que dar\u00e1n un toque especial a sus hogares en estas fiestas.<\/p>\n\n\n\n<p><strong>Lunes 23 de diciembre &#8211; De 10:30 a 13:30h &#8211; C\/ Cervantes con C\/ Iglesia<\/strong><\/p>\n\n\n\n<p>M\u00e1s informaci\u00f3n en la web de <a href=\"https:\/\/cultura.elejido.es\/?ai1ec_event=navidad-2024-de-el-ejido-angeles-de-trapo-compania-de-teatro-talleres-en-familia\">Cultura El Ejido<\/a>. <\/p>\n\n\n\n<p>#NavidadenElEjido #yoconsumoenelejido<\/p>\n\n\n\n<div style=\"height:70px\" aria-hidden=\"true\" class=\"wp-block-spacer\"><\/div>\n\n\n\n<iframe src=\"https:\/\/www.google.com\/maps\/embed?pb=!1m18!1m12!1m3!1d1900.26523971269!2d-2.815683899778888!3d36.774106835869574!2m3!1f0!2f0!3f0!3m2!1i1024!2i768!4f13.1!3m3!1m2!1s0xd7042e113b112f9%3A0x737e0be34491bf89!2sCalle%20Iglesia%2C%2004700%20El%20Ejido%2C%20Almer%C3%ADa!5e0!3m2!1ses!2ses!4v1734422232812!5m2!1ses!2ses\" width=\"600\" height=\"450\" style=\"border:0;\" allowfullscreen=\"\" loading=\"lazy\" referrerpolicy=\"no-referrer-when-downgrade\"><\/iframe>\n","protected":false},"excerpt":{"rendered":"<p>\u00c1ngeles de Trapo Compa\u00f1\u00eda de Teatro \u00abTalleres en familia\u00bb La compa\u00f1\u00eda \u00c1ngeles de trapo presenta: \u00a1Talleres en familia!Una experiencia m\u00e1gica donde todas las familias tendr\u00e1n la oportunidad de dise\u00f1ar y pintar a mano sus propios adornos navide\u00f1os de madera. En un ambiente acogedor y festivo, podr\u00e1n dar rienda suelta a la creatividad mientras crean adornos [&hellip;]<\/p>\n","protected":false},"author":5,"featured_media":24429,"comment_status":"closed","ping_status":"closed","template":"","tags":[],"mec_category":[1103],"class_list":["post-24428","mec-events","type-mec-events","status-publish","has-post-thumbnail","hentry","mec_category-navidad","entry","has-media"],"yoast_head":"<!-- This site is optimized with the Yoast SEO plugin v27.4 - https:\/\/yoast.com\/product\/yoast-seo-wordpress\/ -->\n<title>\u00c1ngeles de Trapo Compa\u00f1\u00eda de Teatro &quot;Talleres en familia&quot;<\/title>\n<meta name=\"robots\" content=\"index, follow, max-snippet:-1, max-image-preview:large, max-video-preview:-1\" \/>\n<link rel=\"canonical\" href=\"https:\/\/turismo.elejido.es\/index.php\/events\/angeles-de-trapo-compania-de-teatro-talleres-en-familia\/\" \/>\n<meta property=\"og:locale\" content=\"es_ES\" \/>\n<meta property=\"og:type\" content=\"article\" \/>\n<meta property=\"og:title\" content=\"\u00c1ngeles de Trapo Compa\u00f1\u00eda de Teatro &quot;Talleres en familia&quot;\" \/>\n<meta property=\"og:description\" content=\"\u00c1ngeles de Trapo Compa\u00f1\u00eda de Teatro \u00abTalleres en familia\u00bb La compa\u00f1\u00eda \u00c1ngeles de trapo presenta: \u00a1Talleres en familia!Una experiencia m\u00e1gica donde todas las familias tendr\u00e1n la oportunidad de dise\u00f1ar y pintar a mano sus propios adornos navide\u00f1os de madera. En un ambiente acogedor y festivo, podr\u00e1n dar rienda suelta a la creatividad mientras crean adornos [&hellip;]\" \/>\n<meta property=\"og:url\" content=\"https:\/\/turismo.elejido.es\/index.php\/events\/angeles-de-trapo-compania-de-teatro-talleres-en-familia\/\" \/>\n<meta property=\"og:site_name\" content=\"Turismo El Ejido\" \/>\n<meta property=\"article:modified_time\" content=\"2024-12-17T08:02:31+00:00\" \/>\n<meta property=\"og:image\" content=\"https:\/\/turismo.elejido.es\/wp-content\/uploads\/2024\/12\/12-23-10-Talleres-en-familia-1.jpg\" \/>\n\t<meta property=\"og:image:width\" content=\"663\" \/>\n\t<meta property=\"og:image:height\" content=\"663\" \/>\n\t<meta property=\"og:image:type\" content=\"image\/jpeg\" \/>\n<meta name=\"twitter:card\" content=\"summary_large_image\" \/>\n<meta name=\"twitter:label1\" content=\"Tiempo de lectura\" \/>\n\t<meta name=\"twitter:data1\" content=\"1 minuto\" \/>\n<script type=\"application\/ld+json\" class=\"yoast-schema-graph\">{\"@context\":\"https:\\\/\\\/schema.org\",\"@graph\":[{\"@type\":\"WebPage\",\"@id\":\"https:\\\/\\\/turismo.elejido.es\\\/index.php\\\/events\\\/angeles-de-trapo-compania-de-teatro-talleres-en-familia\\\/\",\"url\":\"https:\\\/\\\/turismo.elejido.es\\\/index.php\\\/events\\\/angeles-de-trapo-compania-de-teatro-talleres-en-familia\\\/\",\"name\":\"\u00c1ngeles de Trapo Compa\u00f1\u00eda de Teatro \\\"Talleres en familia\\\"\",\"isPartOf\":{\"@id\":\"https:\\\/\\\/turismo.elejido.es\\\/#website\"},\"primaryImageOfPage\":{\"@id\":\"https:\\\/\\\/turismo.elejido.es\\\/index.php\\\/events\\\/angeles-de-trapo-compania-de-teatro-talleres-en-familia\\\/#primaryimage\"},\"image\":{\"@id\":\"https:\\\/\\\/turismo.elejido.es\\\/index.php\\\/events\\\/angeles-de-trapo-compania-de-teatro-talleres-en-familia\\\/#primaryimage\"},\"thumbnailUrl\":\"https:\\\/\\\/turismo.elejido.es\\\/wp-content\\\/uploads\\\/2024\\\/12\\\/12-23-10-Talleres-en-familia-1.jpg\",\"datePublished\":\"2024-12-17T08:02:29+00:00\",\"dateModified\":\"2024-12-17T08:02:31+00:00\",\"breadcrumb\":{\"@id\":\"https:\\\/\\\/turismo.elejido.es\\\/index.php\\\/events\\\/angeles-de-trapo-compania-de-teatro-talleres-en-familia\\\/#breadcrumb\"},\"inLanguage\":\"es\",\"potentialAction\":[{\"@type\":\"ReadAction\",\"target\":[\"https:\\\/\\\/turismo.elejido.es\\\/index.php\\\/events\\\/angeles-de-trapo-compania-de-teatro-talleres-en-familia\\\/\"]}]},{\"@type\":\"ImageObject\",\"inLanguage\":\"es\",\"@id\":\"https:\\\/\\\/turismo.elejido.es\\\/index.php\\\/events\\\/angeles-de-trapo-compania-de-teatro-talleres-en-familia\\\/#primaryimage\",\"url\":\"https:\\\/\\\/turismo.elejido.es\\\/wp-content\\\/uploads\\\/2024\\\/12\\\/12-23-10-Talleres-en-familia-1.jpg\",\"contentUrl\":\"https:\\\/\\\/turismo.elejido.es\\\/wp-content\\\/uploads\\\/2024\\\/12\\\/12-23-10-Talleres-en-familia-1.jpg\",\"width\":663,\"height\":663},{\"@type\":\"BreadcrumbList\",\"@id\":\"https:\\\/\\\/turismo.elejido.es\\\/index.php\\\/events\\\/angeles-de-trapo-compania-de-teatro-talleres-en-familia\\\/#breadcrumb\",\"itemListElement\":[{\"@type\":\"ListItem\",\"position\":1,\"name\":\"Inicio\",\"item\":\"https:\\\/\\\/turismo.elejido.es\\\/\"},{\"@type\":\"ListItem\",\"position\":2,\"name\":\"Eventos\",\"item\":\"https:\\\/\\\/turismo.elejido.es\\\/index.php\\\/events\\\/\"},{\"@type\":\"ListItem\",\"position\":3,\"name\":\"\u00c1ngeles de Trapo Compa\u00f1\u00eda de Teatro \u00abTalleres en familia\u00bb\"}]},{\"@type\":\"WebSite\",\"@id\":\"https:\\\/\\\/turismo.elejido.es\\\/#website\",\"url\":\"https:\\\/\\\/turismo.elejido.es\\\/\",\"name\":\"Turismo El Ejido\",\"description\":\"Portal Oficial de Turismo del Municipio de El Ejido, Almerimar y Balerma situado en la costa de Almer\u00eda.\",\"publisher\":{\"@id\":\"https:\\\/\\\/turismo.elejido.es\\\/#organization\"},\"potentialAction\":[{\"@type\":\"SearchAction\",\"target\":{\"@type\":\"EntryPoint\",\"urlTemplate\":\"https:\\\/\\\/turismo.elejido.es\\\/?s={search_term_string}\"},\"query-input\":{\"@type\":\"PropertyValueSpecification\",\"valueRequired\":true,\"valueName\":\"search_term_string\"}}],\"inLanguage\":\"es\"},{\"@type\":\"Organization\",\"@id\":\"https:\\\/\\\/turismo.elejido.es\\\/#organization\",\"name\":\"Turismo El Ejido\",\"url\":\"https:\\\/\\\/turismo.elejido.es\\\/\",\"logo\":{\"@type\":\"ImageObject\",\"inLanguage\":\"es\",\"@id\":\"https:\\\/\\\/turismo.elejido.es\\\/#\\\/schema\\\/logo\\\/image\\\/\",\"url\":\"https:\\\/\\\/turismo.elejido.es\\\/wp-content\\\/uploads\\\/2020\\\/12\\\/elejidoNaranja.png\",\"contentUrl\":\"https:\\\/\\\/turismo.elejido.es\\\/wp-content\\\/uploads\\\/2020\\\/12\\\/elejidoNaranja.png\",\"width\":163,\"height\":92,\"caption\":\"Turismo El Ejido\"},\"image\":{\"@id\":\"https:\\\/\\\/turismo.elejido.es\\\/#\\\/schema\\\/logo\\\/image\\\/\"}}]}<\/script>\n<!-- \/ Yoast SEO plugin. -->","yoast_head_json":{"title":"\u00c1ngeles de Trapo Compa\u00f1\u00eda de Teatro \"Talleres en familia\"","robots":{"index":"index","follow":"follow","max-snippet":"max-snippet:-1","max-image-preview":"max-image-preview:large","max-video-preview":"max-video-preview:-1"},"canonical":"https:\/\/turismo.elejido.es\/index.php\/events\/angeles-de-trapo-compania-de-teatro-talleres-en-familia\/","og_locale":"es_ES","og_type":"article","og_title":"\u00c1ngeles de Trapo Compa\u00f1\u00eda de Teatro \"Talleres en familia\"","og_description":"\u00c1ngeles de Trapo Compa\u00f1\u00eda de Teatro \u00abTalleres en familia\u00bb La compa\u00f1\u00eda \u00c1ngeles de trapo presenta: \u00a1Talleres en familia!Una experiencia m\u00e1gica donde todas las familias tendr\u00e1n la oportunidad de dise\u00f1ar y pintar a mano sus propios adornos navide\u00f1os de madera. En un ambiente acogedor y festivo, podr\u00e1n dar rienda suelta a la creatividad mientras crean adornos [&hellip;]","og_url":"https:\/\/turismo.elejido.es\/index.php\/events\/angeles-de-trapo-compania-de-teatro-talleres-en-familia\/","og_site_name":"Turismo El Ejido","article_modified_time":"2024-12-17T08:02:31+00:00","og_image":[{"width":663,"height":663,"url":"https:\/\/turismo.elejido.es\/wp-content\/uploads\/2024\/12\/12-23-10-Talleres-en-familia-1.jpg","type":"image\/jpeg"}],"twitter_card":"summary_large_image","twitter_misc":{"Tiempo de lectura":"1 minuto"},"schema":{"@context":"https:\/\/schema.org","@graph":[{"@type":"WebPage","@id":"https:\/\/turismo.elejido.es\/index.php\/events\/angeles-de-trapo-compania-de-teatro-talleres-en-familia\/","url":"https:\/\/turismo.elejido.es\/index.php\/events\/angeles-de-trapo-compania-de-teatro-talleres-en-familia\/","name":"\u00c1ngeles de Trapo Compa\u00f1\u00eda de Teatro \"Talleres en familia\"","isPartOf":{"@id":"https:\/\/turismo.elejido.es\/#website"},"primaryImageOfPage":{"@id":"https:\/\/turismo.elejido.es\/index.php\/events\/angeles-de-trapo-compania-de-teatro-talleres-en-familia\/#primaryimage"},"image":{"@id":"https:\/\/turismo.elejido.es\/index.php\/events\/angeles-de-trapo-compania-de-teatro-talleres-en-familia\/#primaryimage"},"thumbnailUrl":"https:\/\/turismo.elejido.es\/wp-content\/uploads\/2024\/12\/12-23-10-Talleres-en-familia-1.jpg","datePublished":"2024-12-17T08:02:29+00:00","dateModified":"2024-12-17T08:02:31+00:00","breadcrumb":{"@id":"https:\/\/turismo.elejido.es\/index.php\/events\/angeles-de-trapo-compania-de-teatro-talleres-en-familia\/#breadcrumb"},"inLanguage":"es","potentialAction":[{"@type":"ReadAction","target":["https:\/\/turismo.elejido.es\/index.php\/events\/angeles-de-trapo-compania-de-teatro-talleres-en-familia\/"]}]},{"@type":"ImageObject","inLanguage":"es","@id":"https:\/\/turismo.elejido.es\/index.php\/events\/angeles-de-trapo-compania-de-teatro-talleres-en-familia\/#primaryimage","url":"https:\/\/turismo.elejido.es\/wp-content\/uploads\/2024\/12\/12-23-10-Talleres-en-familia-1.jpg","contentUrl":"https:\/\/turismo.elejido.es\/wp-content\/uploads\/2024\/12\/12-23-10-Talleres-en-familia-1.jpg","width":663,"height":663},{"@type":"BreadcrumbList","@id":"https:\/\/turismo.elejido.es\/index.php\/events\/angeles-de-trapo-compania-de-teatro-talleres-en-familia\/#breadcrumb","itemListElement":[{"@type":"ListItem","position":1,"name":"Inicio","item":"https:\/\/turismo.elejido.es\/"},{"@type":"ListItem","position":2,"name":"Eventos","item":"https:\/\/turismo.elejido.es\/index.php\/events\/"},{"@type":"ListItem","position":3,"name":"\u00c1ngeles de Trapo Compa\u00f1\u00eda de Teatro \u00abTalleres en familia\u00bb"}]},{"@type":"WebSite","@id":"https:\/\/turismo.elejido.es\/#website","url":"https:\/\/turismo.elejido.es\/","name":"Turismo El Ejido","description":"Portal Oficial de Turismo del Municipio de El Ejido, Almerimar y Balerma situado en la costa de Almer\u00eda.","publisher":{"@id":"https:\/\/turismo.elejido.es\/#organization"},"potentialAction":[{"@type":"SearchAction","target":{"@type":"EntryPoint","urlTemplate":"https:\/\/turismo.elejido.es\/?s={search_term_string}"},"query-input":{"@type":"PropertyValueSpecification","valueRequired":true,"valueName":"search_term_string"}}],"inLanguage":"es"},{"@type":"Organization","@id":"https:\/\/turismo.elejido.es\/#organization","name":"Turismo El Ejido","url":"https:\/\/turismo.elejido.es\/","logo":{"@type":"ImageObject","inLanguage":"es","@id":"https:\/\/turismo.elejido.es\/#\/schema\/logo\/image\/","url":"https:\/\/turismo.elejido.es\/wp-content\/uploads\/2020\/12\/elejidoNaranja.png","contentUrl":"https:\/\/turismo.elejido.es\/wp-content\/uploads\/2020\/12\/elejidoNaranja.png","width":163,"height":92,"caption":"Turismo El Ejido"},"image":{"@id":"https:\/\/turismo.elejido.es\/#\/schema\/logo\/image\/"}}]}},"_links":{"self":[{"href":"https:\/\/turismo.elejido.es\/index.php\/wp-json\/wp\/v2\/mec-events\/24428","targetHints":{"allow":["GET"]}}],"collection":[{"href":"https:\/\/turismo.elejido.es\/index.php\/wp-json\/wp\/v2\/mec-events"}],"about":[{"href":"https:\/\/turismo.elejido.es\/index.php\/wp-json\/wp\/v2\/types\/mec-events"}],"author":[{"embeddable":true,"href":"https:\/\/turismo.elejido.es\/index.php\/wp-json\/wp\/v2\/users\/5"}],"replies":[{"embeddable":true,"href":"https:\/\/turismo.elejido.es\/index.php\/wp-json\/wp\/v2\/comments?post=24428"}],"wp:featuredmedia":[{"embeddable":true,"href":"https:\/\/turismo.elejido.es\/index.php\/wp-json\/wp\/v2\/media\/24429"}],"wp:attachment":[{"href":"https:\/\/turismo.elejido.es\/index.php\/wp-json\/wp\/v2\/media?parent=24428"}],"wp:term":[{"taxonomy":"post_tag","embeddable":true,"href":"https:\/\/turismo.elejido.es\/index.php\/wp-json\/wp\/v2\/tags?post=24428"},{"taxonomy":"mec_category","embeddable":true,"href":"https:\/\/turismo.elejido.es\/index.php\/wp-json\/wp\/v2\/mec_category?post=24428"}],"curies":[{"name":"wp","href":"https:\/\/api.w.org\/{rel}","templated":true}]}}