{"id":24603,"date":"2025-02-04T09:26:45","date_gmt":"2025-02-04T08:26:45","guid":{"rendered":"https:\/\/turismo.elejido.es\/?post_type=mec-events&#038;p=24603"},"modified":"2025-02-04T09:27:07","modified_gmt":"2025-02-04T08:27:07","slug":"medina-azahara-todo-tiene-su-fin","status":"publish","type":"mec-events","link":"https:\/\/turismo.elejido.es\/index.php\/events\/medina-azahara-todo-tiene-su-fin\/","title":{"rendered":"Medina Azahara \u00abTodo tiene su fin\u00bb"},"content":{"rendered":"\n<div class=\"wp-block-nk-awb nk-awb alturaSlider is-layout-constrained wp-block-nk-awb-is-layout-constrained\"><div class=\"nk-awb-wrap\" data-awb-type=\"image\" data-awb-image-background-size=\"cover\" data-awb-image-background-position=\"50% 49%\" data-awb-parallax=\"scroll\" data-awb-parallax-speed=\"0.5\" data-awb-parallax-mobile=\"false\"><div class=\"nk-awb-inner\"><img loading=\"lazy\" decoding=\"async\" src=\"https:\/\/app.elejido.es\/turismo\/wp-content\/uploads\/2025\/02\/MEDINA-AZAHARA-AGOTADAS-1.jpeg\" class=\"wp-image-24604 jarallax-img\" width=\"810\" height=\"810\" srcset=\"https:\/\/turismo.elejido.es\/wp-content\/uploads\/2025\/02\/MEDINA-AZAHARA-AGOTADAS-1.jpeg 810w, https:\/\/turismo.elejido.es\/wp-content\/uploads\/2025\/02\/MEDINA-AZAHARA-AGOTADAS-1-500x500.jpeg 500w, https:\/\/turismo.elejido.es\/wp-content\/uploads\/2025\/02\/MEDINA-AZAHARA-AGOTADAS-1-150x150.jpeg 150w, https:\/\/turismo.elejido.es\/wp-content\/uploads\/2025\/02\/MEDINA-AZAHARA-AGOTADAS-1-768x768.jpeg 768w, https:\/\/turismo.elejido.es\/wp-content\/uploads\/2025\/02\/MEDINA-AZAHARA-AGOTADAS-1-300x300.jpeg 300w, https:\/\/turismo.elejido.es\/wp-content\/uploads\/2025\/02\/MEDINA-AZAHARA-AGOTADAS-1-800x800.jpeg 800w, https:\/\/turismo.elejido.es\/wp-content\/uploads\/2025\/02\/MEDINA-AZAHARA-AGOTADAS-1-600x600.jpeg 600w\" sizes=\"auto, (max-width: 810px) 100vw, 810px\" \/><\/div><\/div><\/div>\n\n\n\n<div style=\"height:40px\" aria-hidden=\"true\" class=\"wp-block-spacer\"><\/div>\n\n\n<div class=\"breadcrumbs align  wp-block-bcn-breadcrumb-trail has-text-color has-background\" vocab=\"https:\/\/schema.org\/\" typeof=\"BreadcrumbList\">\n\t<span><\/span>\n\t<span property=\"itemListElement\" typeof=\"ListItem\"><a property=\"item\" typeof=\"WebPage\" title=\"Ir a Turismo El Ejido.\" href=\"https:\/\/turismo.elejido.es\" class=\"home\" aria-current=\"page\"><span property=\"name\">Turismo El Ejido<\/span><\/a><meta property=\"position\" content=\"1\"><\/span><\/div>\n\n\n\n<div style=\"height:50px\" aria-hidden=\"true\" class=\"wp-block-spacer\"><\/div>\n\n\n\n<h2 class=\"wp-block-heading\">Medina Azahara \u00abTodo tiene su fin\u00bb<\/h2>\n\n\n\n<p>En 2025\/2026 Medina Azahara se despedir\u00e1 definitivamente de los escenarios, poniendo fin a una carrera legendaria que ha marcado el rock andaluz durante m\u00e1s de cuatro d\u00e9cadas. Con un \u00faltimo tour cargado de emoci\u00f3n, titulado \u00abTodo Tiene Su Fin\u00bb, el grupo se prepara para ofrecer a sus seguidores un adi\u00f3s inolvidable. Esta gira ser\u00e1 un homenaje a todos los que los han acompa\u00f1ado desde sus inicios, recorriendo los grandes \u00e9xitos que han forjado su historia.<\/p>\n\n\n\n<p>\ud83c\udf9f\ufe0fM\u00e1s informaci\u00f3n en <a href=\"https:\/\/cultura.elejido.es\/?ai1ec_event=invierno-cultural-de-el-ejido-2025-medina-azahara-todo-tiene-su-fin-7-de-marzo\">Cultura El Ejido<\/a>. <\/p>\n\n\n\n<div style=\"height:70px\" aria-hidden=\"true\" class=\"wp-block-spacer\"><\/div>\n\n\n\n<iframe src=\"https:\/\/www.google.com\/maps\/embed?pb=!1m18!1m12!1m3!1d3195.921243002141!2d-2.8138043240524744!3d36.77245676926272!2m3!1f0!2f0!3f0!3m2!1i1024!2i768!4f13.1!3m3!1m2!1s0xd7042e41b5ae8cf%3A0xde223dcab6eb62f3!2sAuditorio%20de%20El%20Ejido!5e0!3m2!1ses!2ses!4v1727247609260!5m2!1ses!2ses\" width=\"600\" height=\"450\" style=\"border:0;\" allowfullscreen=\"\" loading=\"lazy\" referrerpolicy=\"no-referrer-when-downgrade\"><\/iframe>\n","protected":false},"excerpt":{"rendered":"<p>Medina Azahara \u00abTodo tiene su fin\u00bb En 2025\/2026 Medina Azahara se despedir\u00e1 definitivamente de los escenarios, poniendo fin a una carrera legendaria que ha marcado el rock andaluz durante m\u00e1s de cuatro d\u00e9cadas. Con un \u00faltimo tour cargado de emoci\u00f3n, titulado \u00abTodo Tiene Su Fin\u00bb, el grupo se prepara para ofrecer a sus seguidores un [&hellip;]<\/p>\n","protected":false},"author":5,"featured_media":24604,"comment_status":"closed","ping_status":"closed","template":"","tags":[],"mec_category":[103],"class_list":["post-24603","mec-events","type-mec-events","status-publish","has-post-thumbnail","hentry","mec_category-musica","entry","has-media"],"yoast_head":"<!-- This site is optimized with the Yoast SEO plugin v27.4 - https:\/\/yoast.com\/product\/yoast-seo-wordpress\/ -->\n<title>Medina Azahara &quot;Todo tiene su fin&quot;<\/title>\n<meta name=\"description\" content=\"Medina Azahara se despedir\u00e1 definitivamente de los escenarios, poniendo fin a una carrera legendaria que ha marcado el rock andaluz.\" \/>\n<meta name=\"robots\" content=\"index, follow, max-snippet:-1, max-image-preview:large, max-video-preview:-1\" \/>\n<link rel=\"canonical\" href=\"https:\/\/turismo.elejido.es\/index.php\/events\/medina-azahara-todo-tiene-su-fin\/\" \/>\n<meta property=\"og:locale\" content=\"es_ES\" \/>\n<meta property=\"og:type\" content=\"article\" \/>\n<meta property=\"og:title\" content=\"Medina Azahara &quot;Todo tiene su fin&quot;\" \/>\n<meta property=\"og:description\" content=\"Medina Azahara se despedir\u00e1 definitivamente de los escenarios, poniendo fin a una carrera legendaria que ha marcado el rock andaluz.\" \/>\n<meta property=\"og:url\" content=\"https:\/\/turismo.elejido.es\/index.php\/events\/medina-azahara-todo-tiene-su-fin\/\" \/>\n<meta property=\"og:site_name\" content=\"Turismo El Ejido\" \/>\n<meta property=\"article:modified_time\" content=\"2025-02-04T08:27:07+00:00\" \/>\n<meta property=\"og:image\" content=\"https:\/\/turismo.elejido.es\/wp-content\/uploads\/2025\/02\/MEDINA-AZAHARA-AGOTADAS-1.jpeg\" \/>\n\t<meta property=\"og:image:width\" content=\"810\" \/>\n\t<meta property=\"og:image:height\" content=\"810\" \/>\n\t<meta property=\"og:image:type\" content=\"image\/jpeg\" \/>\n<meta name=\"twitter:card\" content=\"summary_large_image\" \/>\n<meta name=\"twitter:label1\" content=\"Tiempo de lectura\" \/>\n\t<meta name=\"twitter:data1\" content=\"1 minuto\" \/>\n<script type=\"application\/ld+json\" class=\"yoast-schema-graph\">{\"@context\":\"https:\\\/\\\/schema.org\",\"@graph\":[{\"@type\":\"WebPage\",\"@id\":\"https:\\\/\\\/turismo.elejido.es\\\/index.php\\\/events\\\/medina-azahara-todo-tiene-su-fin\\\/\",\"url\":\"https:\\\/\\\/turismo.elejido.es\\\/index.php\\\/events\\\/medina-azahara-todo-tiene-su-fin\\\/\",\"name\":\"Medina Azahara \\\"Todo tiene su fin\\\"\",\"isPartOf\":{\"@id\":\"https:\\\/\\\/turismo.elejido.es\\\/#website\"},\"primaryImageOfPage\":{\"@id\":\"https:\\\/\\\/turismo.elejido.es\\\/index.php\\\/events\\\/medina-azahara-todo-tiene-su-fin\\\/#primaryimage\"},\"image\":{\"@id\":\"https:\\\/\\\/turismo.elejido.es\\\/index.php\\\/events\\\/medina-azahara-todo-tiene-su-fin\\\/#primaryimage\"},\"thumbnailUrl\":\"https:\\\/\\\/turismo.elejido.es\\\/wp-content\\\/uploads\\\/2025\\\/02\\\/MEDINA-AZAHARA-AGOTADAS-1.jpeg\",\"datePublished\":\"2025-02-04T08:26:45+00:00\",\"dateModified\":\"2025-02-04T08:27:07+00:00\",\"description\":\"Medina Azahara se despedir\u00e1 definitivamente de los escenarios, poniendo fin a una carrera legendaria que ha marcado el rock andaluz.\",\"breadcrumb\":{\"@id\":\"https:\\\/\\\/turismo.elejido.es\\\/index.php\\\/events\\\/medina-azahara-todo-tiene-su-fin\\\/#breadcrumb\"},\"inLanguage\":\"es\",\"potentialAction\":[{\"@type\":\"ReadAction\",\"target\":[\"https:\\\/\\\/turismo.elejido.es\\\/index.php\\\/events\\\/medina-azahara-todo-tiene-su-fin\\\/\"]}]},{\"@type\":\"ImageObject\",\"inLanguage\":\"es\",\"@id\":\"https:\\\/\\\/turismo.elejido.es\\\/index.php\\\/events\\\/medina-azahara-todo-tiene-su-fin\\\/#primaryimage\",\"url\":\"https:\\\/\\\/turismo.elejido.es\\\/wp-content\\\/uploads\\\/2025\\\/02\\\/MEDINA-AZAHARA-AGOTADAS-1.jpeg\",\"contentUrl\":\"https:\\\/\\\/turismo.elejido.es\\\/wp-content\\\/uploads\\\/2025\\\/02\\\/MEDINA-AZAHARA-AGOTADAS-1.jpeg\",\"width\":810,\"height\":810},{\"@type\":\"BreadcrumbList\",\"@id\":\"https:\\\/\\\/turismo.elejido.es\\\/index.php\\\/events\\\/medina-azahara-todo-tiene-su-fin\\\/#breadcrumb\",\"itemListElement\":[{\"@type\":\"ListItem\",\"position\":1,\"name\":\"Inicio\",\"item\":\"https:\\\/\\\/turismo.elejido.es\\\/\"},{\"@type\":\"ListItem\",\"position\":2,\"name\":\"Eventos\",\"item\":\"https:\\\/\\\/turismo.elejido.es\\\/index.php\\\/events\\\/\"},{\"@type\":\"ListItem\",\"position\":3,\"name\":\"Medina Azahara \u00abTodo tiene su fin\u00bb\"}]},{\"@type\":\"WebSite\",\"@id\":\"https:\\\/\\\/turismo.elejido.es\\\/#website\",\"url\":\"https:\\\/\\\/turismo.elejido.es\\\/\",\"name\":\"Turismo El Ejido\",\"description\":\"Portal Oficial de Turismo del Municipio de El Ejido, Almerimar y Balerma situado en la costa de Almer\u00eda.\",\"publisher\":{\"@id\":\"https:\\\/\\\/turismo.elejido.es\\\/#organization\"},\"potentialAction\":[{\"@type\":\"SearchAction\",\"target\":{\"@type\":\"EntryPoint\",\"urlTemplate\":\"https:\\\/\\\/turismo.elejido.es\\\/?s={search_term_string}\"},\"query-input\":{\"@type\":\"PropertyValueSpecification\",\"valueRequired\":true,\"valueName\":\"search_term_string\"}}],\"inLanguage\":\"es\"},{\"@type\":\"Organization\",\"@id\":\"https:\\\/\\\/turismo.elejido.es\\\/#organization\",\"name\":\"Turismo El Ejido\",\"url\":\"https:\\\/\\\/turismo.elejido.es\\\/\",\"logo\":{\"@type\":\"ImageObject\",\"inLanguage\":\"es\",\"@id\":\"https:\\\/\\\/turismo.elejido.es\\\/#\\\/schema\\\/logo\\\/image\\\/\",\"url\":\"https:\\\/\\\/turismo.elejido.es\\\/wp-content\\\/uploads\\\/2020\\\/12\\\/elejidoNaranja.png\",\"contentUrl\":\"https:\\\/\\\/turismo.elejido.es\\\/wp-content\\\/uploads\\\/2020\\\/12\\\/elejidoNaranja.png\",\"width\":163,\"height\":92,\"caption\":\"Turismo El Ejido\"},\"image\":{\"@id\":\"https:\\\/\\\/turismo.elejido.es\\\/#\\\/schema\\\/logo\\\/image\\\/\"}}]}<\/script>\n<!-- \/ Yoast SEO plugin. -->","yoast_head_json":{"title":"Medina Azahara \"Todo tiene su fin\"","description":"Medina Azahara se despedir\u00e1 definitivamente de los escenarios, poniendo fin a una carrera legendaria que ha marcado el rock andaluz.","robots":{"index":"index","follow":"follow","max-snippet":"max-snippet:-1","max-image-preview":"max-image-preview:large","max-video-preview":"max-video-preview:-1"},"canonical":"https:\/\/turismo.elejido.es\/index.php\/events\/medina-azahara-todo-tiene-su-fin\/","og_locale":"es_ES","og_type":"article","og_title":"Medina Azahara \"Todo tiene su fin\"","og_description":"Medina Azahara se despedir\u00e1 definitivamente de los escenarios, poniendo fin a una carrera legendaria que ha marcado el rock andaluz.","og_url":"https:\/\/turismo.elejido.es\/index.php\/events\/medina-azahara-todo-tiene-su-fin\/","og_site_name":"Turismo El Ejido","article_modified_time":"2025-02-04T08:27:07+00:00","og_image":[{"width":810,"height":810,"url":"https:\/\/turismo.elejido.es\/wp-content\/uploads\/2025\/02\/MEDINA-AZAHARA-AGOTADAS-1.jpeg","type":"image\/jpeg"}],"twitter_card":"summary_large_image","twitter_misc":{"Tiempo de lectura":"1 minuto"},"schema":{"@context":"https:\/\/schema.org","@graph":[{"@type":"WebPage","@id":"https:\/\/turismo.elejido.es\/index.php\/events\/medina-azahara-todo-tiene-su-fin\/","url":"https:\/\/turismo.elejido.es\/index.php\/events\/medina-azahara-todo-tiene-su-fin\/","name":"Medina Azahara \"Todo tiene su fin\"","isPartOf":{"@id":"https:\/\/turismo.elejido.es\/#website"},"primaryImageOfPage":{"@id":"https:\/\/turismo.elejido.es\/index.php\/events\/medina-azahara-todo-tiene-su-fin\/#primaryimage"},"image":{"@id":"https:\/\/turismo.elejido.es\/index.php\/events\/medina-azahara-todo-tiene-su-fin\/#primaryimage"},"thumbnailUrl":"https:\/\/turismo.elejido.es\/wp-content\/uploads\/2025\/02\/MEDINA-AZAHARA-AGOTADAS-1.jpeg","datePublished":"2025-02-04T08:26:45+00:00","dateModified":"2025-02-04T08:27:07+00:00","description":"Medina Azahara se despedir\u00e1 definitivamente de los escenarios, poniendo fin a una carrera legendaria que ha marcado el rock andaluz.","breadcrumb":{"@id":"https:\/\/turismo.elejido.es\/index.php\/events\/medina-azahara-todo-tiene-su-fin\/#breadcrumb"},"inLanguage":"es","potentialAction":[{"@type":"ReadAction","target":["https:\/\/turismo.elejido.es\/index.php\/events\/medina-azahara-todo-tiene-su-fin\/"]}]},{"@type":"ImageObject","inLanguage":"es","@id":"https:\/\/turismo.elejido.es\/index.php\/events\/medina-azahara-todo-tiene-su-fin\/#primaryimage","url":"https:\/\/turismo.elejido.es\/wp-content\/uploads\/2025\/02\/MEDINA-AZAHARA-AGOTADAS-1.jpeg","contentUrl":"https:\/\/turismo.elejido.es\/wp-content\/uploads\/2025\/02\/MEDINA-AZAHARA-AGOTADAS-1.jpeg","width":810,"height":810},{"@type":"BreadcrumbList","@id":"https:\/\/turismo.elejido.es\/index.php\/events\/medina-azahara-todo-tiene-su-fin\/#breadcrumb","itemListElement":[{"@type":"ListItem","position":1,"name":"Inicio","item":"https:\/\/turismo.elejido.es\/"},{"@type":"ListItem","position":2,"name":"Eventos","item":"https:\/\/turismo.elejido.es\/index.php\/events\/"},{"@type":"ListItem","position":3,"name":"Medina Azahara \u00abTodo tiene su fin\u00bb"}]},{"@type":"WebSite","@id":"https:\/\/turismo.elejido.es\/#website","url":"https:\/\/turismo.elejido.es\/","name":"Turismo El Ejido","description":"Portal Oficial de Turismo del Municipio de El Ejido, Almerimar y Balerma situado en la costa de Almer\u00eda.","publisher":{"@id":"https:\/\/turismo.elejido.es\/#organization"},"potentialAction":[{"@type":"SearchAction","target":{"@type":"EntryPoint","urlTemplate":"https:\/\/turismo.elejido.es\/?s={search_term_string}"},"query-input":{"@type":"PropertyValueSpecification","valueRequired":true,"valueName":"search_term_string"}}],"inLanguage":"es"},{"@type":"Organization","@id":"https:\/\/turismo.elejido.es\/#organization","name":"Turismo El Ejido","url":"https:\/\/turismo.elejido.es\/","logo":{"@type":"ImageObject","inLanguage":"es","@id":"https:\/\/turismo.elejido.es\/#\/schema\/logo\/image\/","url":"https:\/\/turismo.elejido.es\/wp-content\/uploads\/2020\/12\/elejidoNaranja.png","contentUrl":"https:\/\/turismo.elejido.es\/wp-content\/uploads\/2020\/12\/elejidoNaranja.png","width":163,"height":92,"caption":"Turismo El Ejido"},"image":{"@id":"https:\/\/turismo.elejido.es\/#\/schema\/logo\/image\/"}}]}},"_links":{"self":[{"href":"https:\/\/turismo.elejido.es\/index.php\/wp-json\/wp\/v2\/mec-events\/24603","targetHints":{"allow":["GET"]}}],"collection":[{"href":"https:\/\/turismo.elejido.es\/index.php\/wp-json\/wp\/v2\/mec-events"}],"about":[{"href":"https:\/\/turismo.elejido.es\/index.php\/wp-json\/wp\/v2\/types\/mec-events"}],"author":[{"embeddable":true,"href":"https:\/\/turismo.elejido.es\/index.php\/wp-json\/wp\/v2\/users\/5"}],"replies":[{"embeddable":true,"href":"https:\/\/turismo.elejido.es\/index.php\/wp-json\/wp\/v2\/comments?post=24603"}],"wp:featuredmedia":[{"embeddable":true,"href":"https:\/\/turismo.elejido.es\/index.php\/wp-json\/wp\/v2\/media\/24604"}],"wp:attachment":[{"href":"https:\/\/turismo.elejido.es\/index.php\/wp-json\/wp\/v2\/media?parent=24603"}],"wp:term":[{"taxonomy":"post_tag","embeddable":true,"href":"https:\/\/turismo.elejido.es\/index.php\/wp-json\/wp\/v2\/tags?post=24603"},{"taxonomy":"mec_category","embeddable":true,"href":"https:\/\/turismo.elejido.es\/index.php\/wp-json\/wp\/v2\/mec_category?post=24603"}],"curies":[{"name":"wp","href":"https:\/\/api.w.org\/{rel}","templated":true}]}}