{"id":24693,"date":"2025-03-31T09:57:27","date_gmt":"2025-03-31T07:57:27","guid":{"rendered":"https:\/\/turismo.elejido.es\/?post_type=mec-events&#038;p=24693"},"modified":"2025-03-31T09:57:44","modified_gmt":"2025-03-31T07:57:44","slug":"secuencia-3-casa-de-munecas","status":"publish","type":"mec-events","link":"https:\/\/turismo.elejido.es\/index.php\/events\/secuencia-3-casa-de-munecas\/","title":{"rendered":"Secuencia 3 \u00abCasa de mu\u00f1ecas\u00bb"},"content":{"rendered":"\n<div class=\"wp-block-nk-awb nk-awb alturaSlider is-layout-constrained wp-block-nk-awb-is-layout-constrained\"><div class=\"nk-awb-wrap\" data-awb-type=\"image\" data-awb-image-background-size=\"cover\" data-awb-image-background-position=\"48% 57%\" data-awb-parallax=\"scroll\" data-awb-parallax-speed=\"0.5\" data-awb-parallax-mobile=\"false\"><div class=\"nk-awb-inner\"><img loading=\"lazy\" decoding=\"async\" src=\"https:\/\/app.elejido.es\/turismo\/wp-content\/uploads\/2025\/03\/casamunecas_cartel.jpg\" class=\"wp-image-24694 jarallax-img\" width=\"842\" height=\"842\" srcset=\"https:\/\/turismo.elejido.es\/wp-content\/uploads\/2025\/03\/casamunecas_cartel.jpg 842w, https:\/\/turismo.elejido.es\/wp-content\/uploads\/2025\/03\/casamunecas_cartel-500x500.jpg 500w, https:\/\/turismo.elejido.es\/wp-content\/uploads\/2025\/03\/casamunecas_cartel-150x150.jpg 150w, https:\/\/turismo.elejido.es\/wp-content\/uploads\/2025\/03\/casamunecas_cartel-768x768.jpg 768w, https:\/\/turismo.elejido.es\/wp-content\/uploads\/2025\/03\/casamunecas_cartel-300x300.jpg 300w, https:\/\/turismo.elejido.es\/wp-content\/uploads\/2025\/03\/casamunecas_cartel-800x800.jpg 800w, https:\/\/turismo.elejido.es\/wp-content\/uploads\/2025\/03\/casamunecas_cartel-600x600.jpg 600w\" sizes=\"auto, (max-width: 842px) 100vw, 842px\" \/><\/div><\/div><\/div>\n\n\n\n<div style=\"height:40px\" aria-hidden=\"true\" class=\"wp-block-spacer\"><\/div>\n\n\n<div class=\"breadcrumbs align  wp-block-bcn-breadcrumb-trail has-text-color has-background\" vocab=\"https:\/\/schema.org\/\" typeof=\"BreadcrumbList\">\n\t<span><\/span>\n\t<span property=\"itemListElement\" typeof=\"ListItem\"><a property=\"item\" typeof=\"WebPage\" title=\"Ir a Turismo El Ejido.\" href=\"https:\/\/turismo.elejido.es\" class=\"home\" aria-current=\"page\"><span property=\"name\">Turismo El Ejido<\/span><\/a><meta property=\"position\" content=\"1\"><\/span><\/div>\n\n\n\n<div style=\"height:50px\" aria-hidden=\"true\" class=\"wp-block-spacer\"><\/div>\n\n\n\n<h2 class=\"wp-block-heading\">Secuencia 3 \u00abCasa de mu\u00f1ecas\u00bb<\/h2>\n\n\n\n<p>\ud83c\udfad FESTIVAL DE TEATRO DE EL EJIDO\ud83c\udfad<\/p>\n\n\n\n<p>Nos encontramos en Oslo en el a\u00f1o 2024. Nora y Torvaldo, tras varios a\u00f1os de matrimonio y tres hijos, se enfrentan a cambios importantes en sus vidas. Al filo de la Navidad Torvaldo es ascendido en su banco. Lo que les permitir\u00e1 vivir con m\u00e1s desahogo. Nora que trabaja de dependienta, quiere regresar a sus estudios universitarios, pero esta decisi\u00f3n implicar\u00eda que no podr\u00eda dedicarse al cuidado de sus hijos durante las tardes. Lo que no agrada a Torvaldo.<\/p>\n\n\n\n<p>\ud83c\udf9f\ufe0fM\u00e1s informaci\u00f3n en <a href=\"https:\/\/cultura.elejido.es\">Cultura El Ejido<\/a>. <\/p>\n\n\n\n<div style=\"height:70px\" aria-hidden=\"true\" class=\"wp-block-spacer\"><\/div>\n\n\n\n<iframe src=\"https:\/\/www.google.com\/maps\/embed?pb=!1m18!1m12!1m3!1d3195.921243002141!2d-2.8138043240524744!3d36.77245676926272!2m3!1f0!2f0!3f0!3m2!1i1024!2i768!4f13.1!3m3!1m2!1s0xd7042e41b5ae8cf%3A0xde223dcab6eb62f3!2sTeatro%20Auditorio%20de%20El%20Ejido!5e0!3m2!1ses!2ses!4v1743407234908!5m2!1ses!2ses\" width=\"600\" height=\"450\" style=\"border:0;\" allowfullscreen=\"\" loading=\"lazy\" referrerpolicy=\"no-referrer-when-downgrade\"><\/iframe>\n","protected":false},"excerpt":{"rendered":"<p>Secuencia 3 \u00abCasa de mu\u00f1ecas\u00bb \ud83c\udfad FESTIVAL DE TEATRO DE EL EJIDO\ud83c\udfad Nos encontramos en Oslo en el a\u00f1o 2024. Nora y Torvaldo, tras varios a\u00f1os de matrimonio y tres hijos, se enfrentan a cambios importantes en sus vidas. Al filo de la Navidad Torvaldo es ascendido en su banco. Lo que les permitir\u00e1 vivir [&hellip;]<\/p>\n","protected":false},"author":5,"featured_media":24694,"comment_status":"closed","ping_status":"closed","template":"","tags":[],"mec_category":[101],"class_list":["post-24693","mec-events","type-mec-events","status-publish","has-post-thumbnail","hentry","mec_category-teatro","entry","has-media"],"yoast_head":"<!-- This site is optimized with the Yoast SEO plugin v27.4 - https:\/\/yoast.com\/product\/yoast-seo-wordpress\/ -->\n<title>Secuencia 3 \u00abCasa de mu\u00f1ecas\u00bb<\/title>\n<meta name=\"description\" content=\"Descubre la programaci\u00f3n de la edici\u00f3n 48 del Festival de Teatro de El Ejido. Toda la informaci\u00f3n que necesitas.\" \/>\n<meta name=\"robots\" content=\"index, follow, max-snippet:-1, max-image-preview:large, max-video-preview:-1\" \/>\n<link rel=\"canonical\" href=\"https:\/\/turismo.elejido.es\/index.php\/events\/secuencia-3-casa-de-munecas\/\" \/>\n<meta property=\"og:locale\" content=\"es_ES\" \/>\n<meta property=\"og:type\" content=\"article\" \/>\n<meta property=\"og:title\" content=\"Secuencia 3 \u00abCasa de mu\u00f1ecas\u00bb\" \/>\n<meta property=\"og:description\" content=\"Descubre la programaci\u00f3n de la edici\u00f3n 48 del Festival de Teatro de El Ejido. Toda la informaci\u00f3n que necesitas.\" \/>\n<meta property=\"og:url\" content=\"https:\/\/turismo.elejido.es\/index.php\/events\/secuencia-3-casa-de-munecas\/\" \/>\n<meta property=\"og:site_name\" content=\"Turismo El Ejido\" \/>\n<meta property=\"article:modified_time\" content=\"2025-03-31T07:57:44+00:00\" \/>\n<meta property=\"og:image\" content=\"https:\/\/turismo.elejido.es\/wp-content\/uploads\/2025\/03\/casamunecas_cartel.jpg\" \/>\n\t<meta property=\"og:image:width\" content=\"842\" \/>\n\t<meta property=\"og:image:height\" content=\"842\" \/>\n\t<meta property=\"og:image:type\" content=\"image\/jpeg\" \/>\n<meta name=\"twitter:card\" content=\"summary_large_image\" \/>\n<meta name=\"twitter:label1\" content=\"Tiempo de lectura\" \/>\n\t<meta name=\"twitter:data1\" content=\"1 minuto\" \/>\n<script type=\"application\/ld+json\" class=\"yoast-schema-graph\">{\"@context\":\"https:\\\/\\\/schema.org\",\"@graph\":[{\"@type\":\"WebPage\",\"@id\":\"https:\\\/\\\/turismo.elejido.es\\\/index.php\\\/events\\\/secuencia-3-casa-de-munecas\\\/\",\"url\":\"https:\\\/\\\/turismo.elejido.es\\\/index.php\\\/events\\\/secuencia-3-casa-de-munecas\\\/\",\"name\":\"Secuencia 3 \u00abCasa de mu\u00f1ecas\u00bb\",\"isPartOf\":{\"@id\":\"https:\\\/\\\/turismo.elejido.es\\\/#website\"},\"primaryImageOfPage\":{\"@id\":\"https:\\\/\\\/turismo.elejido.es\\\/index.php\\\/events\\\/secuencia-3-casa-de-munecas\\\/#primaryimage\"},\"image\":{\"@id\":\"https:\\\/\\\/turismo.elejido.es\\\/index.php\\\/events\\\/secuencia-3-casa-de-munecas\\\/#primaryimage\"},\"thumbnailUrl\":\"https:\\\/\\\/turismo.elejido.es\\\/wp-content\\\/uploads\\\/2025\\\/03\\\/casamunecas_cartel.jpg\",\"datePublished\":\"2025-03-31T07:57:27+00:00\",\"dateModified\":\"2025-03-31T07:57:44+00:00\",\"description\":\"Descubre la programaci\u00f3n de la edici\u00f3n 48 del Festival de Teatro de El Ejido. Toda la informaci\u00f3n que necesitas.\",\"breadcrumb\":{\"@id\":\"https:\\\/\\\/turismo.elejido.es\\\/index.php\\\/events\\\/secuencia-3-casa-de-munecas\\\/#breadcrumb\"},\"inLanguage\":\"es\",\"potentialAction\":[{\"@type\":\"ReadAction\",\"target\":[\"https:\\\/\\\/turismo.elejido.es\\\/index.php\\\/events\\\/secuencia-3-casa-de-munecas\\\/\"]}]},{\"@type\":\"ImageObject\",\"inLanguage\":\"es\",\"@id\":\"https:\\\/\\\/turismo.elejido.es\\\/index.php\\\/events\\\/secuencia-3-casa-de-munecas\\\/#primaryimage\",\"url\":\"https:\\\/\\\/turismo.elejido.es\\\/wp-content\\\/uploads\\\/2025\\\/03\\\/casamunecas_cartel.jpg\",\"contentUrl\":\"https:\\\/\\\/turismo.elejido.es\\\/wp-content\\\/uploads\\\/2025\\\/03\\\/casamunecas_cartel.jpg\",\"width\":842,\"height\":842},{\"@type\":\"BreadcrumbList\",\"@id\":\"https:\\\/\\\/turismo.elejido.es\\\/index.php\\\/events\\\/secuencia-3-casa-de-munecas\\\/#breadcrumb\",\"itemListElement\":[{\"@type\":\"ListItem\",\"position\":1,\"name\":\"Inicio\",\"item\":\"https:\\\/\\\/turismo.elejido.es\\\/\"},{\"@type\":\"ListItem\",\"position\":2,\"name\":\"Eventos\",\"item\":\"https:\\\/\\\/turismo.elejido.es\\\/index.php\\\/events\\\/\"},{\"@type\":\"ListItem\",\"position\":3,\"name\":\"Secuencia 3 \u00abCasa de mu\u00f1ecas\u00bb\"}]},{\"@type\":\"WebSite\",\"@id\":\"https:\\\/\\\/turismo.elejido.es\\\/#website\",\"url\":\"https:\\\/\\\/turismo.elejido.es\\\/\",\"name\":\"Turismo El Ejido\",\"description\":\"Portal Oficial de Turismo del Municipio de El Ejido, Almerimar y Balerma situado en la costa de Almer\u00eda.\",\"publisher\":{\"@id\":\"https:\\\/\\\/turismo.elejido.es\\\/#organization\"},\"potentialAction\":[{\"@type\":\"SearchAction\",\"target\":{\"@type\":\"EntryPoint\",\"urlTemplate\":\"https:\\\/\\\/turismo.elejido.es\\\/?s={search_term_string}\"},\"query-input\":{\"@type\":\"PropertyValueSpecification\",\"valueRequired\":true,\"valueName\":\"search_term_string\"}}],\"inLanguage\":\"es\"},{\"@type\":\"Organization\",\"@id\":\"https:\\\/\\\/turismo.elejido.es\\\/#organization\",\"name\":\"Turismo El Ejido\",\"url\":\"https:\\\/\\\/turismo.elejido.es\\\/\",\"logo\":{\"@type\":\"ImageObject\",\"inLanguage\":\"es\",\"@id\":\"https:\\\/\\\/turismo.elejido.es\\\/#\\\/schema\\\/logo\\\/image\\\/\",\"url\":\"https:\\\/\\\/turismo.elejido.es\\\/wp-content\\\/uploads\\\/2020\\\/12\\\/elejidoNaranja.png\",\"contentUrl\":\"https:\\\/\\\/turismo.elejido.es\\\/wp-content\\\/uploads\\\/2020\\\/12\\\/elejidoNaranja.png\",\"width\":163,\"height\":92,\"caption\":\"Turismo El Ejido\"},\"image\":{\"@id\":\"https:\\\/\\\/turismo.elejido.es\\\/#\\\/schema\\\/logo\\\/image\\\/\"}}]}<\/script>\n<!-- \/ Yoast SEO plugin. -->","yoast_head_json":{"title":"Secuencia 3 \u00abCasa de mu\u00f1ecas\u00bb","description":"Descubre la programaci\u00f3n de la edici\u00f3n 48 del Festival de Teatro de El Ejido. Toda la informaci\u00f3n que necesitas.","robots":{"index":"index","follow":"follow","max-snippet":"max-snippet:-1","max-image-preview":"max-image-preview:large","max-video-preview":"max-video-preview:-1"},"canonical":"https:\/\/turismo.elejido.es\/index.php\/events\/secuencia-3-casa-de-munecas\/","og_locale":"es_ES","og_type":"article","og_title":"Secuencia 3 \u00abCasa de mu\u00f1ecas\u00bb","og_description":"Descubre la programaci\u00f3n de la edici\u00f3n 48 del Festival de Teatro de El Ejido. Toda la informaci\u00f3n que necesitas.","og_url":"https:\/\/turismo.elejido.es\/index.php\/events\/secuencia-3-casa-de-munecas\/","og_site_name":"Turismo El Ejido","article_modified_time":"2025-03-31T07:57:44+00:00","og_image":[{"width":842,"height":842,"url":"https:\/\/turismo.elejido.es\/wp-content\/uploads\/2025\/03\/casamunecas_cartel.jpg","type":"image\/jpeg"}],"twitter_card":"summary_large_image","twitter_misc":{"Tiempo de lectura":"1 minuto"},"schema":{"@context":"https:\/\/schema.org","@graph":[{"@type":"WebPage","@id":"https:\/\/turismo.elejido.es\/index.php\/events\/secuencia-3-casa-de-munecas\/","url":"https:\/\/turismo.elejido.es\/index.php\/events\/secuencia-3-casa-de-munecas\/","name":"Secuencia 3 \u00abCasa de mu\u00f1ecas\u00bb","isPartOf":{"@id":"https:\/\/turismo.elejido.es\/#website"},"primaryImageOfPage":{"@id":"https:\/\/turismo.elejido.es\/index.php\/events\/secuencia-3-casa-de-munecas\/#primaryimage"},"image":{"@id":"https:\/\/turismo.elejido.es\/index.php\/events\/secuencia-3-casa-de-munecas\/#primaryimage"},"thumbnailUrl":"https:\/\/turismo.elejido.es\/wp-content\/uploads\/2025\/03\/casamunecas_cartel.jpg","datePublished":"2025-03-31T07:57:27+00:00","dateModified":"2025-03-31T07:57:44+00:00","description":"Descubre la programaci\u00f3n de la edici\u00f3n 48 del Festival de Teatro de El Ejido. Toda la informaci\u00f3n que necesitas.","breadcrumb":{"@id":"https:\/\/turismo.elejido.es\/index.php\/events\/secuencia-3-casa-de-munecas\/#breadcrumb"},"inLanguage":"es","potentialAction":[{"@type":"ReadAction","target":["https:\/\/turismo.elejido.es\/index.php\/events\/secuencia-3-casa-de-munecas\/"]}]},{"@type":"ImageObject","inLanguage":"es","@id":"https:\/\/turismo.elejido.es\/index.php\/events\/secuencia-3-casa-de-munecas\/#primaryimage","url":"https:\/\/turismo.elejido.es\/wp-content\/uploads\/2025\/03\/casamunecas_cartel.jpg","contentUrl":"https:\/\/turismo.elejido.es\/wp-content\/uploads\/2025\/03\/casamunecas_cartel.jpg","width":842,"height":842},{"@type":"BreadcrumbList","@id":"https:\/\/turismo.elejido.es\/index.php\/events\/secuencia-3-casa-de-munecas\/#breadcrumb","itemListElement":[{"@type":"ListItem","position":1,"name":"Inicio","item":"https:\/\/turismo.elejido.es\/"},{"@type":"ListItem","position":2,"name":"Eventos","item":"https:\/\/turismo.elejido.es\/index.php\/events\/"},{"@type":"ListItem","position":3,"name":"Secuencia 3 \u00abCasa de mu\u00f1ecas\u00bb"}]},{"@type":"WebSite","@id":"https:\/\/turismo.elejido.es\/#website","url":"https:\/\/turismo.elejido.es\/","name":"Turismo El Ejido","description":"Portal Oficial de Turismo del Municipio de El Ejido, Almerimar y Balerma situado en la costa de Almer\u00eda.","publisher":{"@id":"https:\/\/turismo.elejido.es\/#organization"},"potentialAction":[{"@type":"SearchAction","target":{"@type":"EntryPoint","urlTemplate":"https:\/\/turismo.elejido.es\/?s={search_term_string}"},"query-input":{"@type":"PropertyValueSpecification","valueRequired":true,"valueName":"search_term_string"}}],"inLanguage":"es"},{"@type":"Organization","@id":"https:\/\/turismo.elejido.es\/#organization","name":"Turismo El Ejido","url":"https:\/\/turismo.elejido.es\/","logo":{"@type":"ImageObject","inLanguage":"es","@id":"https:\/\/turismo.elejido.es\/#\/schema\/logo\/image\/","url":"https:\/\/turismo.elejido.es\/wp-content\/uploads\/2020\/12\/elejidoNaranja.png","contentUrl":"https:\/\/turismo.elejido.es\/wp-content\/uploads\/2020\/12\/elejidoNaranja.png","width":163,"height":92,"caption":"Turismo El Ejido"},"image":{"@id":"https:\/\/turismo.elejido.es\/#\/schema\/logo\/image\/"}}]}},"_links":{"self":[{"href":"https:\/\/turismo.elejido.es\/index.php\/wp-json\/wp\/v2\/mec-events\/24693","targetHints":{"allow":["GET"]}}],"collection":[{"href":"https:\/\/turismo.elejido.es\/index.php\/wp-json\/wp\/v2\/mec-events"}],"about":[{"href":"https:\/\/turismo.elejido.es\/index.php\/wp-json\/wp\/v2\/types\/mec-events"}],"author":[{"embeddable":true,"href":"https:\/\/turismo.elejido.es\/index.php\/wp-json\/wp\/v2\/users\/5"}],"replies":[{"embeddable":true,"href":"https:\/\/turismo.elejido.es\/index.php\/wp-json\/wp\/v2\/comments?post=24693"}],"wp:featuredmedia":[{"embeddable":true,"href":"https:\/\/turismo.elejido.es\/index.php\/wp-json\/wp\/v2\/media\/24694"}],"wp:attachment":[{"href":"https:\/\/turismo.elejido.es\/index.php\/wp-json\/wp\/v2\/media?parent=24693"}],"wp:term":[{"taxonomy":"post_tag","embeddable":true,"href":"https:\/\/turismo.elejido.es\/index.php\/wp-json\/wp\/v2\/tags?post=24693"},{"taxonomy":"mec_category","embeddable":true,"href":"https:\/\/turismo.elejido.es\/index.php\/wp-json\/wp\/v2\/mec_category?post=24693"}],"curies":[{"name":"wp","href":"https:\/\/api.w.org\/{rel}","templated":true}]}}