{"id":24695,"date":"2025-03-31T10:05:45","date_gmt":"2025-03-31T08:05:45","guid":{"rendered":"https:\/\/turismo.elejido.es\/?post_type=mec-events&#038;p=24695"},"modified":"2025-03-31T10:05:45","modified_gmt":"2025-03-31T08:05:45","slug":"costa-del-sol-producciones-ya-me-has-tocado-el-cuento","status":"publish","type":"mec-events","link":"https:\/\/turismo.elejido.es\/index.php\/events\/costa-del-sol-producciones-ya-me-has-tocado-el-cuento\/","title":{"rendered":"Costa del Sol Producciones \u00abYa me has tocado el cuento\u00bb"},"content":{"rendered":"\n<div class=\"wp-block-nk-awb nk-awb alturaSlider is-layout-constrained wp-block-nk-awb-is-layout-constrained\"><div class=\"nk-awb-wrap\" data-awb-type=\"image\" data-awb-image-background-size=\"cover\" data-awb-image-background-position=\"51% 38%\" data-awb-parallax=\"scroll\" data-awb-parallax-speed=\"0.5\" data-awb-parallax-mobile=\"false\"><div class=\"nk-awb-inner\"><img loading=\"lazy\" decoding=\"async\" src=\"https:\/\/app.elejido.es\/turismo\/wp-content\/uploads\/2025\/03\/cartel-grande-scaled.jpg\" class=\"wp-image-24696 jarallax-img\" width=\"2560\" height=\"2560\" srcset=\"https:\/\/turismo.elejido.es\/wp-content\/uploads\/2025\/03\/cartel-grande-scaled.jpg 2560w, https:\/\/turismo.elejido.es\/wp-content\/uploads\/2025\/03\/cartel-grande-500x500.jpg 500w, https:\/\/turismo.elejido.es\/wp-content\/uploads\/2025\/03\/cartel-grande-1080x1080.jpg 1080w, https:\/\/turismo.elejido.es\/wp-content\/uploads\/2025\/03\/cartel-grande-150x150.jpg 150w, https:\/\/turismo.elejido.es\/wp-content\/uploads\/2025\/03\/cartel-grande-768x768.jpg 768w, https:\/\/turismo.elejido.es\/wp-content\/uploads\/2025\/03\/cartel-grande-300x300.jpg 300w, https:\/\/turismo.elejido.es\/wp-content\/uploads\/2025\/03\/cartel-grande-1536x1536.jpg 1536w, https:\/\/turismo.elejido.es\/wp-content\/uploads\/2025\/03\/cartel-grande-2048x2048.jpg 2048w, https:\/\/turismo.elejido.es\/wp-content\/uploads\/2025\/03\/cartel-grande-800x800.jpg 800w, https:\/\/turismo.elejido.es\/wp-content\/uploads\/2025\/03\/cartel-grande-1280x1280.jpg 1280w, https:\/\/turismo.elejido.es\/wp-content\/uploads\/2025\/03\/cartel-grande-1920x1920.jpg 1920w, https:\/\/turismo.elejido.es\/wp-content\/uploads\/2025\/03\/cartel-grande-600x600.jpg 600w\" sizes=\"auto, (max-width: 2560px) 100vw, 2560px\" \/><\/div><\/div><\/div>\n\n\n\n<div style=\"height:40px\" aria-hidden=\"true\" class=\"wp-block-spacer\"><\/div>\n\n\n<div class=\"breadcrumbs align  wp-block-bcn-breadcrumb-trail has-text-color has-background\" vocab=\"https:\/\/schema.org\/\" typeof=\"BreadcrumbList\">\n\t<span><\/span>\n\t<span property=\"itemListElement\" typeof=\"ListItem\"><a property=\"item\" typeof=\"WebPage\" title=\"Ir a Turismo El Ejido.\" href=\"https:\/\/turismo.elejido.es\" class=\"home\" aria-current=\"page\"><span property=\"name\">Turismo El Ejido<\/span><\/a><meta property=\"position\" content=\"1\"><\/span><\/div>\n\n\n\n<div style=\"height:50px\" aria-hidden=\"true\" class=\"wp-block-spacer\"><\/div>\n\n\n\n<h2 class=\"wp-block-heading\">Costa del Sol Producciones \u00abYa me has tocado el cuento\u00bb<\/h2>\n\n\n\n<p>\ud83c\udfad FESTIVAL DE TEATRO DE EL EJIDO\ud83c\udfad<\/p>\n\n\n\n<p>Del universo de \u00abNo me toque el cuento\u00bb llega \u00abYa me has tocado el cuento\u00bb. Una comedia fresca y gamberra donde veremos a cuatro pr\u00edncipes desesperados por recuperar sus vidas felices.\u00a0\u00a0Aurora, Bella, Cenicienta y Blancanieves han volado del nido para vivir experiencias solas en el Mundo Real.\u00a0\u00a0Ante este inesperado abandono los pr\u00edncipes buscan ayuda para recuperarlas, pero \u00bfa qui\u00e9n piden ayuda los pr\u00edncipes cuando la necesitan?<\/p>\n\n\n\n<p>\ud83c\udf9f\ufe0fM\u00e1s informaci\u00f3n en <a href=\"https:\/\/cultura.elejido.es\">Cultura El Ejido<\/a>. <\/p>\n\n\n\n<div style=\"height:70px\" aria-hidden=\"true\" class=\"wp-block-spacer\"><\/div>\n\n\n\n<iframe src=\"https:\/\/www.google.com\/maps\/embed?pb=!1m18!1m12!1m3!1d3195.921243002141!2d-2.8138043240524744!3d36.77245676926272!2m3!1f0!2f0!3f0!3m2!1i1024!2i768!4f13.1!3m3!1m2!1s0xd7042e41b5ae8cf%3A0xde223dcab6eb62f3!2sTeatro%20Auditorio%20de%20El%20Ejido!5e0!3m2!1ses!2ses!4v1743407234908!5m2!1ses!2ses\" width=\"600\" height=\"450\" style=\"border:0;\" allowfullscreen=\"\" loading=\"lazy\" referrerpolicy=\"no-referrer-when-downgrade\"><\/iframe>\n","protected":false},"excerpt":{"rendered":"<p>Costa del Sol Producciones \u00abYa me has tocado el cuento\u00bb \ud83c\udfad FESTIVAL DE TEATRO DE EL EJIDO\ud83c\udfad Del universo de \u00abNo me toque el cuento\u00bb llega \u00abYa me has tocado el cuento\u00bb. Una comedia fresca y gamberra donde veremos a cuatro pr\u00edncipes desesperados por recuperar sus vidas felices.\u00a0\u00a0Aurora, Bella, Cenicienta y Blancanieves han volado del [&hellip;]<\/p>\n","protected":false},"author":5,"featured_media":24696,"comment_status":"closed","ping_status":"closed","template":"","tags":[],"mec_category":[101],"class_list":["post-24695","mec-events","type-mec-events","status-publish","has-post-thumbnail","hentry","mec_category-teatro","entry","has-media"],"yoast_head":"<!-- This site is optimized with the Yoast SEO plugin v27.4 - https:\/\/yoast.com\/product\/yoast-seo-wordpress\/ -->\n<title>Costa del Sol Producciones &quot;Ya me has tocado el cuento&quot;<\/title>\n<meta name=\"description\" content=\"Descubre la programaci\u00f3n de la edici\u00f3n 48 del Festival de Teatro de El Ejido. Toda la informaci\u00f3n que necesitas.\" \/>\n<meta name=\"robots\" content=\"index, follow, max-snippet:-1, max-image-preview:large, max-video-preview:-1\" \/>\n<link rel=\"canonical\" href=\"https:\/\/turismo.elejido.es\/index.php\/events\/costa-del-sol-producciones-ya-me-has-tocado-el-cuento\/\" \/>\n<meta property=\"og:locale\" content=\"es_ES\" \/>\n<meta property=\"og:type\" content=\"article\" \/>\n<meta property=\"og:title\" content=\"Costa del Sol Producciones &quot;Ya me has tocado el cuento&quot;\" \/>\n<meta property=\"og:description\" content=\"Descubre la programaci\u00f3n de la edici\u00f3n 48 del Festival de Teatro de El Ejido. Toda la informaci\u00f3n que necesitas.\" \/>\n<meta property=\"og:url\" content=\"https:\/\/turismo.elejido.es\/index.php\/events\/costa-del-sol-producciones-ya-me-has-tocado-el-cuento\/\" \/>\n<meta property=\"og:site_name\" content=\"Turismo El Ejido\" \/>\n<meta property=\"og:image\" content=\"https:\/\/turismo.elejido.es\/wp-content\/uploads\/2025\/03\/cartel-grande-scaled.jpg\" \/>\n\t<meta property=\"og:image:width\" content=\"2560\" \/>\n\t<meta property=\"og:image:height\" content=\"2560\" \/>\n\t<meta property=\"og:image:type\" content=\"image\/jpeg\" \/>\n<meta name=\"twitter:card\" content=\"summary_large_image\" \/>\n<meta name=\"twitter:label1\" content=\"Tiempo de lectura\" \/>\n\t<meta name=\"twitter:data1\" content=\"1 minuto\" \/>\n<script type=\"application\/ld+json\" class=\"yoast-schema-graph\">{\"@context\":\"https:\\\/\\\/schema.org\",\"@graph\":[{\"@type\":\"WebPage\",\"@id\":\"https:\\\/\\\/turismo.elejido.es\\\/index.php\\\/events\\\/costa-del-sol-producciones-ya-me-has-tocado-el-cuento\\\/\",\"url\":\"https:\\\/\\\/turismo.elejido.es\\\/index.php\\\/events\\\/costa-del-sol-producciones-ya-me-has-tocado-el-cuento\\\/\",\"name\":\"Costa del Sol Producciones \\\"Ya me has tocado el cuento\\\"\",\"isPartOf\":{\"@id\":\"https:\\\/\\\/turismo.elejido.es\\\/#website\"},\"primaryImageOfPage\":{\"@id\":\"https:\\\/\\\/turismo.elejido.es\\\/index.php\\\/events\\\/costa-del-sol-producciones-ya-me-has-tocado-el-cuento\\\/#primaryimage\"},\"image\":{\"@id\":\"https:\\\/\\\/turismo.elejido.es\\\/index.php\\\/events\\\/costa-del-sol-producciones-ya-me-has-tocado-el-cuento\\\/#primaryimage\"},\"thumbnailUrl\":\"https:\\\/\\\/turismo.elejido.es\\\/wp-content\\\/uploads\\\/2025\\\/03\\\/cartel-grande-scaled.jpg\",\"datePublished\":\"2025-03-31T08:05:45+00:00\",\"description\":\"Descubre la programaci\u00f3n de la edici\u00f3n 48 del Festival de Teatro de El Ejido. Toda la informaci\u00f3n que necesitas.\",\"breadcrumb\":{\"@id\":\"https:\\\/\\\/turismo.elejido.es\\\/index.php\\\/events\\\/costa-del-sol-producciones-ya-me-has-tocado-el-cuento\\\/#breadcrumb\"},\"inLanguage\":\"es\",\"potentialAction\":[{\"@type\":\"ReadAction\",\"target\":[\"https:\\\/\\\/turismo.elejido.es\\\/index.php\\\/events\\\/costa-del-sol-producciones-ya-me-has-tocado-el-cuento\\\/\"]}]},{\"@type\":\"ImageObject\",\"inLanguage\":\"es\",\"@id\":\"https:\\\/\\\/turismo.elejido.es\\\/index.php\\\/events\\\/costa-del-sol-producciones-ya-me-has-tocado-el-cuento\\\/#primaryimage\",\"url\":\"https:\\\/\\\/turismo.elejido.es\\\/wp-content\\\/uploads\\\/2025\\\/03\\\/cartel-grande-scaled.jpg\",\"contentUrl\":\"https:\\\/\\\/turismo.elejido.es\\\/wp-content\\\/uploads\\\/2025\\\/03\\\/cartel-grande-scaled.jpg\",\"width\":2560,\"height\":2560},{\"@type\":\"BreadcrumbList\",\"@id\":\"https:\\\/\\\/turismo.elejido.es\\\/index.php\\\/events\\\/costa-del-sol-producciones-ya-me-has-tocado-el-cuento\\\/#breadcrumb\",\"itemListElement\":[{\"@type\":\"ListItem\",\"position\":1,\"name\":\"Inicio\",\"item\":\"https:\\\/\\\/turismo.elejido.es\\\/\"},{\"@type\":\"ListItem\",\"position\":2,\"name\":\"Eventos\",\"item\":\"https:\\\/\\\/turismo.elejido.es\\\/index.php\\\/events\\\/\"},{\"@type\":\"ListItem\",\"position\":3,\"name\":\"Costa del Sol Producciones \u00abYa me has tocado el cuento\u00bb\"}]},{\"@type\":\"WebSite\",\"@id\":\"https:\\\/\\\/turismo.elejido.es\\\/#website\",\"url\":\"https:\\\/\\\/turismo.elejido.es\\\/\",\"name\":\"Turismo El Ejido\",\"description\":\"Portal Oficial de Turismo del Municipio de El Ejido, Almerimar y Balerma situado en la costa de Almer\u00eda.\",\"publisher\":{\"@id\":\"https:\\\/\\\/turismo.elejido.es\\\/#organization\"},\"potentialAction\":[{\"@type\":\"SearchAction\",\"target\":{\"@type\":\"EntryPoint\",\"urlTemplate\":\"https:\\\/\\\/turismo.elejido.es\\\/?s={search_term_string}\"},\"query-input\":{\"@type\":\"PropertyValueSpecification\",\"valueRequired\":true,\"valueName\":\"search_term_string\"}}],\"inLanguage\":\"es\"},{\"@type\":\"Organization\",\"@id\":\"https:\\\/\\\/turismo.elejido.es\\\/#organization\",\"name\":\"Turismo El Ejido\",\"url\":\"https:\\\/\\\/turismo.elejido.es\\\/\",\"logo\":{\"@type\":\"ImageObject\",\"inLanguage\":\"es\",\"@id\":\"https:\\\/\\\/turismo.elejido.es\\\/#\\\/schema\\\/logo\\\/image\\\/\",\"url\":\"https:\\\/\\\/turismo.elejido.es\\\/wp-content\\\/uploads\\\/2020\\\/12\\\/elejidoNaranja.png\",\"contentUrl\":\"https:\\\/\\\/turismo.elejido.es\\\/wp-content\\\/uploads\\\/2020\\\/12\\\/elejidoNaranja.png\",\"width\":163,\"height\":92,\"caption\":\"Turismo El Ejido\"},\"image\":{\"@id\":\"https:\\\/\\\/turismo.elejido.es\\\/#\\\/schema\\\/logo\\\/image\\\/\"}}]}<\/script>\n<!-- \/ Yoast SEO plugin. -->","yoast_head_json":{"title":"Costa del Sol Producciones \"Ya me has tocado el cuento\"","description":"Descubre la programaci\u00f3n de la edici\u00f3n 48 del Festival de Teatro de El Ejido. Toda la informaci\u00f3n que necesitas.","robots":{"index":"index","follow":"follow","max-snippet":"max-snippet:-1","max-image-preview":"max-image-preview:large","max-video-preview":"max-video-preview:-1"},"canonical":"https:\/\/turismo.elejido.es\/index.php\/events\/costa-del-sol-producciones-ya-me-has-tocado-el-cuento\/","og_locale":"es_ES","og_type":"article","og_title":"Costa del Sol Producciones \"Ya me has tocado el cuento\"","og_description":"Descubre la programaci\u00f3n de la edici\u00f3n 48 del Festival de Teatro de El Ejido. Toda la informaci\u00f3n que necesitas.","og_url":"https:\/\/turismo.elejido.es\/index.php\/events\/costa-del-sol-producciones-ya-me-has-tocado-el-cuento\/","og_site_name":"Turismo El Ejido","og_image":[{"width":2560,"height":2560,"url":"https:\/\/turismo.elejido.es\/wp-content\/uploads\/2025\/03\/cartel-grande-scaled.jpg","type":"image\/jpeg"}],"twitter_card":"summary_large_image","twitter_misc":{"Tiempo de lectura":"1 minuto"},"schema":{"@context":"https:\/\/schema.org","@graph":[{"@type":"WebPage","@id":"https:\/\/turismo.elejido.es\/index.php\/events\/costa-del-sol-producciones-ya-me-has-tocado-el-cuento\/","url":"https:\/\/turismo.elejido.es\/index.php\/events\/costa-del-sol-producciones-ya-me-has-tocado-el-cuento\/","name":"Costa del Sol Producciones \"Ya me has tocado el cuento\"","isPartOf":{"@id":"https:\/\/turismo.elejido.es\/#website"},"primaryImageOfPage":{"@id":"https:\/\/turismo.elejido.es\/index.php\/events\/costa-del-sol-producciones-ya-me-has-tocado-el-cuento\/#primaryimage"},"image":{"@id":"https:\/\/turismo.elejido.es\/index.php\/events\/costa-del-sol-producciones-ya-me-has-tocado-el-cuento\/#primaryimage"},"thumbnailUrl":"https:\/\/turismo.elejido.es\/wp-content\/uploads\/2025\/03\/cartel-grande-scaled.jpg","datePublished":"2025-03-31T08:05:45+00:00","description":"Descubre la programaci\u00f3n de la edici\u00f3n 48 del Festival de Teatro de El Ejido. Toda la informaci\u00f3n que necesitas.","breadcrumb":{"@id":"https:\/\/turismo.elejido.es\/index.php\/events\/costa-del-sol-producciones-ya-me-has-tocado-el-cuento\/#breadcrumb"},"inLanguage":"es","potentialAction":[{"@type":"ReadAction","target":["https:\/\/turismo.elejido.es\/index.php\/events\/costa-del-sol-producciones-ya-me-has-tocado-el-cuento\/"]}]},{"@type":"ImageObject","inLanguage":"es","@id":"https:\/\/turismo.elejido.es\/index.php\/events\/costa-del-sol-producciones-ya-me-has-tocado-el-cuento\/#primaryimage","url":"https:\/\/turismo.elejido.es\/wp-content\/uploads\/2025\/03\/cartel-grande-scaled.jpg","contentUrl":"https:\/\/turismo.elejido.es\/wp-content\/uploads\/2025\/03\/cartel-grande-scaled.jpg","width":2560,"height":2560},{"@type":"BreadcrumbList","@id":"https:\/\/turismo.elejido.es\/index.php\/events\/costa-del-sol-producciones-ya-me-has-tocado-el-cuento\/#breadcrumb","itemListElement":[{"@type":"ListItem","position":1,"name":"Inicio","item":"https:\/\/turismo.elejido.es\/"},{"@type":"ListItem","position":2,"name":"Eventos","item":"https:\/\/turismo.elejido.es\/index.php\/events\/"},{"@type":"ListItem","position":3,"name":"Costa del Sol Producciones \u00abYa me has tocado el cuento\u00bb"}]},{"@type":"WebSite","@id":"https:\/\/turismo.elejido.es\/#website","url":"https:\/\/turismo.elejido.es\/","name":"Turismo El Ejido","description":"Portal Oficial de Turismo del Municipio de El Ejido, Almerimar y Balerma situado en la costa de Almer\u00eda.","publisher":{"@id":"https:\/\/turismo.elejido.es\/#organization"},"potentialAction":[{"@type":"SearchAction","target":{"@type":"EntryPoint","urlTemplate":"https:\/\/turismo.elejido.es\/?s={search_term_string}"},"query-input":{"@type":"PropertyValueSpecification","valueRequired":true,"valueName":"search_term_string"}}],"inLanguage":"es"},{"@type":"Organization","@id":"https:\/\/turismo.elejido.es\/#organization","name":"Turismo El Ejido","url":"https:\/\/turismo.elejido.es\/","logo":{"@type":"ImageObject","inLanguage":"es","@id":"https:\/\/turismo.elejido.es\/#\/schema\/logo\/image\/","url":"https:\/\/turismo.elejido.es\/wp-content\/uploads\/2020\/12\/elejidoNaranja.png","contentUrl":"https:\/\/turismo.elejido.es\/wp-content\/uploads\/2020\/12\/elejidoNaranja.png","width":163,"height":92,"caption":"Turismo El Ejido"},"image":{"@id":"https:\/\/turismo.elejido.es\/#\/schema\/logo\/image\/"}}]}},"_links":{"self":[{"href":"https:\/\/turismo.elejido.es\/index.php\/wp-json\/wp\/v2\/mec-events\/24695","targetHints":{"allow":["GET"]}}],"collection":[{"href":"https:\/\/turismo.elejido.es\/index.php\/wp-json\/wp\/v2\/mec-events"}],"about":[{"href":"https:\/\/turismo.elejido.es\/index.php\/wp-json\/wp\/v2\/types\/mec-events"}],"author":[{"embeddable":true,"href":"https:\/\/turismo.elejido.es\/index.php\/wp-json\/wp\/v2\/users\/5"}],"replies":[{"embeddable":true,"href":"https:\/\/turismo.elejido.es\/index.php\/wp-json\/wp\/v2\/comments?post=24695"}],"wp:featuredmedia":[{"embeddable":true,"href":"https:\/\/turismo.elejido.es\/index.php\/wp-json\/wp\/v2\/media\/24696"}],"wp:attachment":[{"href":"https:\/\/turismo.elejido.es\/index.php\/wp-json\/wp\/v2\/media?parent=24695"}],"wp:term":[{"taxonomy":"post_tag","embeddable":true,"href":"https:\/\/turismo.elejido.es\/index.php\/wp-json\/wp\/v2\/tags?post=24695"},{"taxonomy":"mec_category","embeddable":true,"href":"https:\/\/turismo.elejido.es\/index.php\/wp-json\/wp\/v2\/mec_category?post=24695"}],"curies":[{"name":"wp","href":"https:\/\/api.w.org\/{rel}","templated":true}]}}