{"id":24700,"date":"2025-03-31T10:18:32","date_gmt":"2025-03-31T08:18:32","guid":{"rendered":"https:\/\/turismo.elejido.es\/?post_type=mec-events&#038;p=24700"},"modified":"2025-03-31T10:18:49","modified_gmt":"2025-03-31T08:18:49","slug":"la-corona-producciones-fan","status":"publish","type":"mec-events","link":"https:\/\/turismo.elejido.es\/index.php\/events\/la-corona-producciones-fan\/","title":{"rendered":"La Corona Producciones \u00abFan\u00bb"},"content":{"rendered":"\n<div class=\"wp-block-nk-awb nk-awb alturaSlider is-layout-constrained wp-block-nk-awb-is-layout-constrained\"><div class=\"nk-awb-wrap\" data-awb-type=\"image\" data-awb-image-background-size=\"cover\" data-awb-image-background-position=\"54% 51%\" data-awb-parallax=\"scroll\" data-awb-parallax-speed=\"0.5\" data-awb-parallax-mobile=\"false\"><div class=\"nk-awb-inner\"><img loading=\"lazy\" decoding=\"async\" src=\"https:\/\/app.elejido.es\/turismo\/wp-content\/uploads\/2025\/03\/FAN-LA-CORONA-PRODUCCIONES.jpg\" class=\"wp-image-24701 jarallax-img\" width=\"1273\" height=\"1273\" srcset=\"https:\/\/turismo.elejido.es\/wp-content\/uploads\/2025\/03\/FAN-LA-CORONA-PRODUCCIONES.jpg 1273w, https:\/\/turismo.elejido.es\/wp-content\/uploads\/2025\/03\/FAN-LA-CORONA-PRODUCCIONES-500x500.jpg 500w, https:\/\/turismo.elejido.es\/wp-content\/uploads\/2025\/03\/FAN-LA-CORONA-PRODUCCIONES-1080x1080.jpg 1080w, https:\/\/turismo.elejido.es\/wp-content\/uploads\/2025\/03\/FAN-LA-CORONA-PRODUCCIONES-150x150.jpg 150w, https:\/\/turismo.elejido.es\/wp-content\/uploads\/2025\/03\/FAN-LA-CORONA-PRODUCCIONES-768x768.jpg 768w, https:\/\/turismo.elejido.es\/wp-content\/uploads\/2025\/03\/FAN-LA-CORONA-PRODUCCIONES-300x300.jpg 300w, https:\/\/turismo.elejido.es\/wp-content\/uploads\/2025\/03\/FAN-LA-CORONA-PRODUCCIONES-800x800.jpg 800w, https:\/\/turismo.elejido.es\/wp-content\/uploads\/2025\/03\/FAN-LA-CORONA-PRODUCCIONES-600x600.jpg 600w\" sizes=\"auto, (max-width: 1273px) 100vw, 1273px\" \/><\/div><\/div><\/div>\n\n\n\n<div style=\"height:40px\" aria-hidden=\"true\" class=\"wp-block-spacer\"><\/div>\n\n\n<div class=\"breadcrumbs align  wp-block-bcn-breadcrumb-trail has-text-color has-background\" vocab=\"https:\/\/schema.org\/\" typeof=\"BreadcrumbList\">\n\t<span><\/span>\n\t<span property=\"itemListElement\" typeof=\"ListItem\"><a property=\"item\" typeof=\"WebPage\" title=\"Ir a Turismo El Ejido.\" href=\"https:\/\/turismo.elejido.es\" class=\"home\" aria-current=\"page\"><span property=\"name\">Turismo El Ejido<\/span><\/a><meta property=\"position\" content=\"1\"><\/span><\/div>\n\n\n\n<div style=\"height:50px\" aria-hidden=\"true\" class=\"wp-block-spacer\"><\/div>\n\n\n\n<h2 class=\"wp-block-heading\">La Corona Producciones \u00abFan\u00bb<\/h2>\n\n\n\n<p>\ud83c\udfad FESTIVAL DE TEATRO DE EL EJIDO\ud83c\udfad<\/p>\n\n\n\n<p>Canad\u00e1 es un artista venido a menos que se gana la vida cantando canciones de grandes divas de la m\u00fasica en un bar del centro de Madrid. Una noche, volviendo de trabajar, se encuentra con M\u00f3nica, una chica que llora desconsoladamente en su portal y a la que no conoce de nada pero que, sin saber c\u00f3mo, acabar\u00e1 invitando a su casa.<br>La noche dar\u00e1 para mucho: un secuestro, un reencuentro y muchas heridas del pasado que volver\u00e1n a abrirse.<\/p>\n\n\n\n<p><strong><em>FAN<\/em><\/strong>&nbsp;es una comedia sobre relaciones humanas, personas at\u00edpicas y cap\u00edtulos por cerrar. Una comedia que casi podr\u00eda ser una tragedia sobre el ego en la que cualquier parecido con la realidad es pura coincidencia. O quiz\u00e1 no.<\/p>\n\n\n\n<p>\ud83c\udf9f\ufe0fM\u00e1s informaci\u00f3n en <a href=\"https:\/\/cultura.elejido.es\">Cultura El Ejido<\/a>. <\/p>\n\n\n\n<div style=\"height:70px\" aria-hidden=\"true\" class=\"wp-block-spacer\"><\/div>\n\n\n\n<iframe src=\"https:\/\/www.google.com\/maps\/embed?pb=!1m18!1m12!1m3!1d6391.540129530144!2d-2.8142322240523368!3d36.776083169058346!2m3!1f0!2f0!3f0!3m2!1i1024!2i768!4f13.1!3m3!1m2!1s0xd7042e41f4e8177%3A0xe72c619a4a252a20!2sTeatro%20Municipal%20de%20El%20Ejido!5e0!3m2!1ses!2ses!4v1743409062845!5m2!1ses!2ses\" width=\"600\" height=\"450\" style=\"border:0;\" allowfullscreen=\"\" loading=\"lazy\" referrerpolicy=\"no-referrer-when-downgrade\"><\/iframe>\n","protected":false},"excerpt":{"rendered":"<p>La Corona Producciones \u00abFan\u00bb \ud83c\udfad FESTIVAL DE TEATRO DE EL EJIDO\ud83c\udfad Canad\u00e1 es un artista venido a menos que se gana la vida cantando canciones de grandes divas de la m\u00fasica en un bar del centro de Madrid. Una noche, volviendo de trabajar, se encuentra con M\u00f3nica, una chica que llora desconsoladamente en su portal [&hellip;]<\/p>\n","protected":false},"author":5,"featured_media":24701,"comment_status":"closed","ping_status":"closed","template":"","tags":[],"mec_category":[101],"class_list":["post-24700","mec-events","type-mec-events","status-publish","has-post-thumbnail","hentry","mec_category-teatro","entry","has-media"],"yoast_head":"<!-- This site is optimized with the Yoast SEO plugin v27.4 - https:\/\/yoast.com\/product\/yoast-seo-wordpress\/ -->\n<title>La Corona Producciones &quot;Fan&quot;<\/title>\n<meta name=\"description\" content=\"Descubre la programaci\u00f3n de la edici\u00f3n 48 del Festival de Teatro de El Ejido. Toda la informaci\u00f3n que necesitas.\" \/>\n<meta name=\"robots\" content=\"index, follow, max-snippet:-1, max-image-preview:large, max-video-preview:-1\" \/>\n<link rel=\"canonical\" href=\"https:\/\/turismo.elejido.es\/index.php\/events\/la-corona-producciones-fan\/\" \/>\n<meta property=\"og:locale\" content=\"es_ES\" \/>\n<meta property=\"og:type\" content=\"article\" \/>\n<meta property=\"og:title\" content=\"La Corona Producciones &quot;Fan&quot;\" \/>\n<meta property=\"og:description\" content=\"Descubre la programaci\u00f3n de la edici\u00f3n 48 del Festival de Teatro de El Ejido. Toda la informaci\u00f3n que necesitas.\" \/>\n<meta property=\"og:url\" content=\"https:\/\/turismo.elejido.es\/index.php\/events\/la-corona-producciones-fan\/\" \/>\n<meta property=\"og:site_name\" content=\"Turismo El Ejido\" \/>\n<meta property=\"article:modified_time\" content=\"2025-03-31T08:18:49+00:00\" \/>\n<meta property=\"og:image\" content=\"https:\/\/turismo.elejido.es\/wp-content\/uploads\/2025\/03\/FAN-LA-CORONA-PRODUCCIONES.jpg\" \/>\n\t<meta property=\"og:image:width\" content=\"1273\" \/>\n\t<meta property=\"og:image:height\" content=\"1273\" \/>\n\t<meta property=\"og:image:type\" content=\"image\/jpeg\" \/>\n<meta name=\"twitter:card\" content=\"summary_large_image\" \/>\n<meta name=\"twitter:label1\" content=\"Tiempo de lectura\" \/>\n\t<meta name=\"twitter:data1\" content=\"1 minuto\" \/>\n<script type=\"application\/ld+json\" class=\"yoast-schema-graph\">{\"@context\":\"https:\\\/\\\/schema.org\",\"@graph\":[{\"@type\":\"WebPage\",\"@id\":\"https:\\\/\\\/turismo.elejido.es\\\/index.php\\\/events\\\/la-corona-producciones-fan\\\/\",\"url\":\"https:\\\/\\\/turismo.elejido.es\\\/index.php\\\/events\\\/la-corona-producciones-fan\\\/\",\"name\":\"La Corona Producciones \\\"Fan\\\"\",\"isPartOf\":{\"@id\":\"https:\\\/\\\/turismo.elejido.es\\\/#website\"},\"primaryImageOfPage\":{\"@id\":\"https:\\\/\\\/turismo.elejido.es\\\/index.php\\\/events\\\/la-corona-producciones-fan\\\/#primaryimage\"},\"image\":{\"@id\":\"https:\\\/\\\/turismo.elejido.es\\\/index.php\\\/events\\\/la-corona-producciones-fan\\\/#primaryimage\"},\"thumbnailUrl\":\"https:\\\/\\\/turismo.elejido.es\\\/wp-content\\\/uploads\\\/2025\\\/03\\\/FAN-LA-CORONA-PRODUCCIONES.jpg\",\"datePublished\":\"2025-03-31T08:18:32+00:00\",\"dateModified\":\"2025-03-31T08:18:49+00:00\",\"description\":\"Descubre la programaci\u00f3n de la edici\u00f3n 48 del Festival de Teatro de El Ejido. Toda la informaci\u00f3n que necesitas.\",\"breadcrumb\":{\"@id\":\"https:\\\/\\\/turismo.elejido.es\\\/index.php\\\/events\\\/la-corona-producciones-fan\\\/#breadcrumb\"},\"inLanguage\":\"es\",\"potentialAction\":[{\"@type\":\"ReadAction\",\"target\":[\"https:\\\/\\\/turismo.elejido.es\\\/index.php\\\/events\\\/la-corona-producciones-fan\\\/\"]}]},{\"@type\":\"ImageObject\",\"inLanguage\":\"es\",\"@id\":\"https:\\\/\\\/turismo.elejido.es\\\/index.php\\\/events\\\/la-corona-producciones-fan\\\/#primaryimage\",\"url\":\"https:\\\/\\\/turismo.elejido.es\\\/wp-content\\\/uploads\\\/2025\\\/03\\\/FAN-LA-CORONA-PRODUCCIONES.jpg\",\"contentUrl\":\"https:\\\/\\\/turismo.elejido.es\\\/wp-content\\\/uploads\\\/2025\\\/03\\\/FAN-LA-CORONA-PRODUCCIONES.jpg\",\"width\":1273,\"height\":1273},{\"@type\":\"BreadcrumbList\",\"@id\":\"https:\\\/\\\/turismo.elejido.es\\\/index.php\\\/events\\\/la-corona-producciones-fan\\\/#breadcrumb\",\"itemListElement\":[{\"@type\":\"ListItem\",\"position\":1,\"name\":\"Inicio\",\"item\":\"https:\\\/\\\/turismo.elejido.es\\\/\"},{\"@type\":\"ListItem\",\"position\":2,\"name\":\"Eventos\",\"item\":\"https:\\\/\\\/turismo.elejido.es\\\/index.php\\\/events\\\/\"},{\"@type\":\"ListItem\",\"position\":3,\"name\":\"La Corona Producciones \u00abFan\u00bb\"}]},{\"@type\":\"WebSite\",\"@id\":\"https:\\\/\\\/turismo.elejido.es\\\/#website\",\"url\":\"https:\\\/\\\/turismo.elejido.es\\\/\",\"name\":\"Turismo El Ejido\",\"description\":\"Portal Oficial de Turismo del Municipio de El Ejido, Almerimar y Balerma situado en la costa de Almer\u00eda.\",\"publisher\":{\"@id\":\"https:\\\/\\\/turismo.elejido.es\\\/#organization\"},\"potentialAction\":[{\"@type\":\"SearchAction\",\"target\":{\"@type\":\"EntryPoint\",\"urlTemplate\":\"https:\\\/\\\/turismo.elejido.es\\\/?s={search_term_string}\"},\"query-input\":{\"@type\":\"PropertyValueSpecification\",\"valueRequired\":true,\"valueName\":\"search_term_string\"}}],\"inLanguage\":\"es\"},{\"@type\":\"Organization\",\"@id\":\"https:\\\/\\\/turismo.elejido.es\\\/#organization\",\"name\":\"Turismo El Ejido\",\"url\":\"https:\\\/\\\/turismo.elejido.es\\\/\",\"logo\":{\"@type\":\"ImageObject\",\"inLanguage\":\"es\",\"@id\":\"https:\\\/\\\/turismo.elejido.es\\\/#\\\/schema\\\/logo\\\/image\\\/\",\"url\":\"https:\\\/\\\/turismo.elejido.es\\\/wp-content\\\/uploads\\\/2020\\\/12\\\/elejidoNaranja.png\",\"contentUrl\":\"https:\\\/\\\/turismo.elejido.es\\\/wp-content\\\/uploads\\\/2020\\\/12\\\/elejidoNaranja.png\",\"width\":163,\"height\":92,\"caption\":\"Turismo El Ejido\"},\"image\":{\"@id\":\"https:\\\/\\\/turismo.elejido.es\\\/#\\\/schema\\\/logo\\\/image\\\/\"}}]}<\/script>\n<!-- \/ Yoast SEO plugin. -->","yoast_head_json":{"title":"La Corona Producciones \"Fan\"","description":"Descubre la programaci\u00f3n de la edici\u00f3n 48 del Festival de Teatro de El Ejido. Toda la informaci\u00f3n que necesitas.","robots":{"index":"index","follow":"follow","max-snippet":"max-snippet:-1","max-image-preview":"max-image-preview:large","max-video-preview":"max-video-preview:-1"},"canonical":"https:\/\/turismo.elejido.es\/index.php\/events\/la-corona-producciones-fan\/","og_locale":"es_ES","og_type":"article","og_title":"La Corona Producciones \"Fan\"","og_description":"Descubre la programaci\u00f3n de la edici\u00f3n 48 del Festival de Teatro de El Ejido. Toda la informaci\u00f3n que necesitas.","og_url":"https:\/\/turismo.elejido.es\/index.php\/events\/la-corona-producciones-fan\/","og_site_name":"Turismo El Ejido","article_modified_time":"2025-03-31T08:18:49+00:00","og_image":[{"width":1273,"height":1273,"url":"https:\/\/turismo.elejido.es\/wp-content\/uploads\/2025\/03\/FAN-LA-CORONA-PRODUCCIONES.jpg","type":"image\/jpeg"}],"twitter_card":"summary_large_image","twitter_misc":{"Tiempo de lectura":"1 minuto"},"schema":{"@context":"https:\/\/schema.org","@graph":[{"@type":"WebPage","@id":"https:\/\/turismo.elejido.es\/index.php\/events\/la-corona-producciones-fan\/","url":"https:\/\/turismo.elejido.es\/index.php\/events\/la-corona-producciones-fan\/","name":"La Corona Producciones \"Fan\"","isPartOf":{"@id":"https:\/\/turismo.elejido.es\/#website"},"primaryImageOfPage":{"@id":"https:\/\/turismo.elejido.es\/index.php\/events\/la-corona-producciones-fan\/#primaryimage"},"image":{"@id":"https:\/\/turismo.elejido.es\/index.php\/events\/la-corona-producciones-fan\/#primaryimage"},"thumbnailUrl":"https:\/\/turismo.elejido.es\/wp-content\/uploads\/2025\/03\/FAN-LA-CORONA-PRODUCCIONES.jpg","datePublished":"2025-03-31T08:18:32+00:00","dateModified":"2025-03-31T08:18:49+00:00","description":"Descubre la programaci\u00f3n de la edici\u00f3n 48 del Festival de Teatro de El Ejido. Toda la informaci\u00f3n que necesitas.","breadcrumb":{"@id":"https:\/\/turismo.elejido.es\/index.php\/events\/la-corona-producciones-fan\/#breadcrumb"},"inLanguage":"es","potentialAction":[{"@type":"ReadAction","target":["https:\/\/turismo.elejido.es\/index.php\/events\/la-corona-producciones-fan\/"]}]},{"@type":"ImageObject","inLanguage":"es","@id":"https:\/\/turismo.elejido.es\/index.php\/events\/la-corona-producciones-fan\/#primaryimage","url":"https:\/\/turismo.elejido.es\/wp-content\/uploads\/2025\/03\/FAN-LA-CORONA-PRODUCCIONES.jpg","contentUrl":"https:\/\/turismo.elejido.es\/wp-content\/uploads\/2025\/03\/FAN-LA-CORONA-PRODUCCIONES.jpg","width":1273,"height":1273},{"@type":"BreadcrumbList","@id":"https:\/\/turismo.elejido.es\/index.php\/events\/la-corona-producciones-fan\/#breadcrumb","itemListElement":[{"@type":"ListItem","position":1,"name":"Inicio","item":"https:\/\/turismo.elejido.es\/"},{"@type":"ListItem","position":2,"name":"Eventos","item":"https:\/\/turismo.elejido.es\/index.php\/events\/"},{"@type":"ListItem","position":3,"name":"La Corona Producciones \u00abFan\u00bb"}]},{"@type":"WebSite","@id":"https:\/\/turismo.elejido.es\/#website","url":"https:\/\/turismo.elejido.es\/","name":"Turismo El Ejido","description":"Portal Oficial de Turismo del Municipio de El Ejido, Almerimar y Balerma situado en la costa de Almer\u00eda.","publisher":{"@id":"https:\/\/turismo.elejido.es\/#organization"},"potentialAction":[{"@type":"SearchAction","target":{"@type":"EntryPoint","urlTemplate":"https:\/\/turismo.elejido.es\/?s={search_term_string}"},"query-input":{"@type":"PropertyValueSpecification","valueRequired":true,"valueName":"search_term_string"}}],"inLanguage":"es"},{"@type":"Organization","@id":"https:\/\/turismo.elejido.es\/#organization","name":"Turismo El Ejido","url":"https:\/\/turismo.elejido.es\/","logo":{"@type":"ImageObject","inLanguage":"es","@id":"https:\/\/turismo.elejido.es\/#\/schema\/logo\/image\/","url":"https:\/\/turismo.elejido.es\/wp-content\/uploads\/2020\/12\/elejidoNaranja.png","contentUrl":"https:\/\/turismo.elejido.es\/wp-content\/uploads\/2020\/12\/elejidoNaranja.png","width":163,"height":92,"caption":"Turismo El Ejido"},"image":{"@id":"https:\/\/turismo.elejido.es\/#\/schema\/logo\/image\/"}}]}},"_links":{"self":[{"href":"https:\/\/turismo.elejido.es\/index.php\/wp-json\/wp\/v2\/mec-events\/24700","targetHints":{"allow":["GET"]}}],"collection":[{"href":"https:\/\/turismo.elejido.es\/index.php\/wp-json\/wp\/v2\/mec-events"}],"about":[{"href":"https:\/\/turismo.elejido.es\/index.php\/wp-json\/wp\/v2\/types\/mec-events"}],"author":[{"embeddable":true,"href":"https:\/\/turismo.elejido.es\/index.php\/wp-json\/wp\/v2\/users\/5"}],"replies":[{"embeddable":true,"href":"https:\/\/turismo.elejido.es\/index.php\/wp-json\/wp\/v2\/comments?post=24700"}],"wp:featuredmedia":[{"embeddable":true,"href":"https:\/\/turismo.elejido.es\/index.php\/wp-json\/wp\/v2\/media\/24701"}],"wp:attachment":[{"href":"https:\/\/turismo.elejido.es\/index.php\/wp-json\/wp\/v2\/media?parent=24700"}],"wp:term":[{"taxonomy":"post_tag","embeddable":true,"href":"https:\/\/turismo.elejido.es\/index.php\/wp-json\/wp\/v2\/tags?post=24700"},{"taxonomy":"mec_category","embeddable":true,"href":"https:\/\/turismo.elejido.es\/index.php\/wp-json\/wp\/v2\/mec_category?post=24700"}],"curies":[{"name":"wp","href":"https:\/\/api.w.org\/{rel}","templated":true}]}}