{"id":24702,"date":"2025-03-31T10:25:43","date_gmt":"2025-03-31T08:25:43","guid":{"rendered":"https:\/\/turismo.elejido.es\/?post_type=mec-events&#038;p=24702"},"modified":"2025-03-31T10:25:44","modified_gmt":"2025-03-31T08:25:44","slug":"cia-etcetera-abecedaria-andersen-el-patito-feo","status":"publish","type":"mec-events","link":"https:\/\/turismo.elejido.es\/index.php\/events\/cia-etcetera-abecedaria-andersen-el-patito-feo\/","title":{"rendered":"C\u00eda Etc\u00e9tera. Abecedaria \u00abAndersen, el patito feo\u00bb"},"content":{"rendered":"\n<div class=\"wp-block-nk-awb nk-awb alturaSlider is-layout-constrained wp-block-nk-awb-is-layout-constrained\"><div class=\"nk-awb-wrap\" data-awb-type=\"image\" data-awb-image-background-size=\"cover\" data-awb-image-background-position=\"54% 51%\" data-awb-parallax=\"scroll\" data-awb-parallax-speed=\"0.5\" data-awb-parallax-mobile=\"false\"><div class=\"nk-awb-inner\"><img loading=\"lazy\" decoding=\"async\" src=\"https:\/\/app.elejido.es\/turismo\/wp-content\/uploads\/2025\/03\/ANDERSON-EL-PATITO-FEO.jpg\" class=\"wp-image-24703 jarallax-img\" width=\"2469\" height=\"2469\" srcset=\"https:\/\/turismo.elejido.es\/wp-content\/uploads\/2025\/03\/ANDERSON-EL-PATITO-FEO.jpg 2469w, https:\/\/turismo.elejido.es\/wp-content\/uploads\/2025\/03\/ANDERSON-EL-PATITO-FEO-500x500.jpg 500w, https:\/\/turismo.elejido.es\/wp-content\/uploads\/2025\/03\/ANDERSON-EL-PATITO-FEO-1080x1080.jpg 1080w, https:\/\/turismo.elejido.es\/wp-content\/uploads\/2025\/03\/ANDERSON-EL-PATITO-FEO-150x150.jpg 150w, https:\/\/turismo.elejido.es\/wp-content\/uploads\/2025\/03\/ANDERSON-EL-PATITO-FEO-768x768.jpg 768w, https:\/\/turismo.elejido.es\/wp-content\/uploads\/2025\/03\/ANDERSON-EL-PATITO-FEO-300x300.jpg 300w, https:\/\/turismo.elejido.es\/wp-content\/uploads\/2025\/03\/ANDERSON-EL-PATITO-FEO-1536x1536.jpg 1536w, https:\/\/turismo.elejido.es\/wp-content\/uploads\/2025\/03\/ANDERSON-EL-PATITO-FEO-2048x2048.jpg 2048w, https:\/\/turismo.elejido.es\/wp-content\/uploads\/2025\/03\/ANDERSON-EL-PATITO-FEO-800x800.jpg 800w, https:\/\/turismo.elejido.es\/wp-content\/uploads\/2025\/03\/ANDERSON-EL-PATITO-FEO-1280x1280.jpg 1280w, https:\/\/turismo.elejido.es\/wp-content\/uploads\/2025\/03\/ANDERSON-EL-PATITO-FEO-1920x1920.jpg 1920w, https:\/\/turismo.elejido.es\/wp-content\/uploads\/2025\/03\/ANDERSON-EL-PATITO-FEO-600x600.jpg 600w\" sizes=\"auto, (max-width: 2469px) 100vw, 2469px\" \/><\/div><\/div><\/div>\n\n\n\n<div style=\"height:40px\" aria-hidden=\"true\" class=\"wp-block-spacer\"><\/div>\n\n\n<div class=\"breadcrumbs align  wp-block-bcn-breadcrumb-trail has-text-color has-background\" vocab=\"https:\/\/schema.org\/\" typeof=\"BreadcrumbList\">\n\t<span><\/span>\n\t<span property=\"itemListElement\" typeof=\"ListItem\"><a property=\"item\" typeof=\"WebPage\" title=\"Ir a Turismo El Ejido.\" href=\"https:\/\/turismo.elejido.es\" class=\"home\" aria-current=\"page\"><span property=\"name\">Turismo El Ejido<\/span><\/a><meta property=\"position\" content=\"1\"><\/span><\/div>\n\n\n\n<div style=\"height:50px\" aria-hidden=\"true\" class=\"wp-block-spacer\"><\/div>\n\n\n\n<h2 class=\"wp-block-heading\">C\u00eda Etc\u00e9tera. Abecedaria \u00abAndersen, el patito feo\u00bb<\/h2>\n\n\n\n<p>\ud83c\udfad FESTIVAL DE TEATRO DE EL EJIDO\ud83c\udfad<\/p>\n\n\n\n<p>Por todos es conocido el popular cuento<strong>\u00a0\u00abEl patito feo\u00bb<\/strong>, que narra la f\u00e1bula de aquella ave distinta a las dem\u00e1s y que result\u00f3 ser un cisne.\u00a0<strong>\u00abAndersen, el patito feo\u00bb<\/strong>\u00a0nos propone sumergirnos en la conocida historia de esta \u00e1nade y en la infancia de su autor, el escritor dan\u00e9s\u00a0<strong><em>Hans Christian Andersen<\/em><\/strong>\u00a0(1805-1875), quien dec\u00eda que este cuento era su autobiograf\u00eda tambi\u00e9n. <\/p>\n\n\n\n<p>\ud83c\udf9f\ufe0fM\u00e1s informaci\u00f3n en <a href=\"https:\/\/cultura.elejido.es\">Cultura El Ejido<\/a>. <\/p>\n\n\n\n<div style=\"height:70px\" aria-hidden=\"true\" class=\"wp-block-spacer\"><\/div>\n\n\n\n<iframe src=\"https:\/\/www.google.com\/maps\/embed?pb=!1m18!1m12!1m3!1d3195.921243002141!2d-2.8138043240524744!3d36.77245676926272!2m3!1f0!2f0!3f0!3m2!1i1024!2i768!4f13.1!3m3!1m2!1s0xd7042e41b5ae8cf%3A0xde223dcab6eb62f3!2sTeatro%20Auditorio%20de%20El%20Ejido!5e0!3m2!1ses!2ses!4v1743409466432!5m2!1ses!2ses\" width=\"600\" height=\"450\" style=\"border:0;\" allowfullscreen=\"\" loading=\"lazy\" referrerpolicy=\"no-referrer-when-downgrade\"><\/iframe>\n","protected":false},"excerpt":{"rendered":"<p>C\u00eda Etc\u00e9tera. Abecedaria \u00abAndersen, el patito feo\u00bb \ud83c\udfad FESTIVAL DE TEATRO DE EL EJIDO\ud83c\udfad Por todos es conocido el popular cuento\u00a0\u00abEl patito feo\u00bb, que narra la f\u00e1bula de aquella ave distinta a las dem\u00e1s y que result\u00f3 ser un cisne.\u00a0\u00abAndersen, el patito feo\u00bb\u00a0nos propone sumergirnos en la conocida historia de esta \u00e1nade y en la [&hellip;]<\/p>\n","protected":false},"author":5,"featured_media":24703,"comment_status":"closed","ping_status":"closed","template":"","tags":[],"mec_category":[101],"class_list":["post-24702","mec-events","type-mec-events","status-publish","has-post-thumbnail","hentry","mec_category-teatro","entry","has-media"],"yoast_head":"<!-- This site is optimized with the Yoast SEO plugin v27.4 - https:\/\/yoast.com\/product\/yoast-seo-wordpress\/ -->\n<title>C\u00eda Etc\u00e9tera. Abecedaria \u00abAndersen, el patito feo\u00bb<\/title>\n<meta name=\"description\" content=\"Descubre la programaci\u00f3n de la edici\u00f3n 48 del Festival de Teatro de El Ejido. Toda la informaci\u00f3n que necesitas.\" \/>\n<meta name=\"robots\" content=\"index, follow, max-snippet:-1, max-image-preview:large, max-video-preview:-1\" \/>\n<link rel=\"canonical\" href=\"https:\/\/turismo.elejido.es\/index.php\/events\/cia-etcetera-abecedaria-andersen-el-patito-feo\/\" \/>\n<meta property=\"og:locale\" content=\"es_ES\" \/>\n<meta property=\"og:type\" content=\"article\" \/>\n<meta property=\"og:title\" content=\"C\u00eda Etc\u00e9tera. Abecedaria \u00abAndersen, el patito feo\u00bb\" \/>\n<meta property=\"og:description\" content=\"Descubre la programaci\u00f3n de la edici\u00f3n 48 del Festival de Teatro de El Ejido. Toda la informaci\u00f3n que necesitas.\" \/>\n<meta property=\"og:url\" content=\"https:\/\/turismo.elejido.es\/index.php\/events\/cia-etcetera-abecedaria-andersen-el-patito-feo\/\" \/>\n<meta property=\"og:site_name\" content=\"Turismo El Ejido\" \/>\n<meta property=\"article:modified_time\" content=\"2025-03-31T08:25:44+00:00\" \/>\n<meta property=\"og:image\" content=\"https:\/\/turismo.elejido.es\/wp-content\/uploads\/2025\/03\/ANDERSON-EL-PATITO-FEO.jpg\" \/>\n\t<meta property=\"og:image:width\" content=\"2469\" \/>\n\t<meta property=\"og:image:height\" content=\"2469\" \/>\n\t<meta property=\"og:image:type\" content=\"image\/jpeg\" \/>\n<meta name=\"twitter:card\" content=\"summary_large_image\" \/>\n<meta name=\"twitter:label1\" content=\"Tiempo de lectura\" \/>\n\t<meta name=\"twitter:data1\" content=\"1 minuto\" \/>\n<script type=\"application\/ld+json\" class=\"yoast-schema-graph\">{\"@context\":\"https:\\\/\\\/schema.org\",\"@graph\":[{\"@type\":\"WebPage\",\"@id\":\"https:\\\/\\\/turismo.elejido.es\\\/index.php\\\/events\\\/cia-etcetera-abecedaria-andersen-el-patito-feo\\\/\",\"url\":\"https:\\\/\\\/turismo.elejido.es\\\/index.php\\\/events\\\/cia-etcetera-abecedaria-andersen-el-patito-feo\\\/\",\"name\":\"C\u00eda Etc\u00e9tera. Abecedaria \u00abAndersen, el patito feo\u00bb\",\"isPartOf\":{\"@id\":\"https:\\\/\\\/turismo.elejido.es\\\/#website\"},\"primaryImageOfPage\":{\"@id\":\"https:\\\/\\\/turismo.elejido.es\\\/index.php\\\/events\\\/cia-etcetera-abecedaria-andersen-el-patito-feo\\\/#primaryimage\"},\"image\":{\"@id\":\"https:\\\/\\\/turismo.elejido.es\\\/index.php\\\/events\\\/cia-etcetera-abecedaria-andersen-el-patito-feo\\\/#primaryimage\"},\"thumbnailUrl\":\"https:\\\/\\\/turismo.elejido.es\\\/wp-content\\\/uploads\\\/2025\\\/03\\\/ANDERSON-EL-PATITO-FEO.jpg\",\"datePublished\":\"2025-03-31T08:25:43+00:00\",\"dateModified\":\"2025-03-31T08:25:44+00:00\",\"description\":\"Descubre la programaci\u00f3n de la edici\u00f3n 48 del Festival de Teatro de El Ejido. Toda la informaci\u00f3n que necesitas.\",\"breadcrumb\":{\"@id\":\"https:\\\/\\\/turismo.elejido.es\\\/index.php\\\/events\\\/cia-etcetera-abecedaria-andersen-el-patito-feo\\\/#breadcrumb\"},\"inLanguage\":\"es\",\"potentialAction\":[{\"@type\":\"ReadAction\",\"target\":[\"https:\\\/\\\/turismo.elejido.es\\\/index.php\\\/events\\\/cia-etcetera-abecedaria-andersen-el-patito-feo\\\/\"]}]},{\"@type\":\"ImageObject\",\"inLanguage\":\"es\",\"@id\":\"https:\\\/\\\/turismo.elejido.es\\\/index.php\\\/events\\\/cia-etcetera-abecedaria-andersen-el-patito-feo\\\/#primaryimage\",\"url\":\"https:\\\/\\\/turismo.elejido.es\\\/wp-content\\\/uploads\\\/2025\\\/03\\\/ANDERSON-EL-PATITO-FEO.jpg\",\"contentUrl\":\"https:\\\/\\\/turismo.elejido.es\\\/wp-content\\\/uploads\\\/2025\\\/03\\\/ANDERSON-EL-PATITO-FEO.jpg\",\"width\":2469,\"height\":2469},{\"@type\":\"BreadcrumbList\",\"@id\":\"https:\\\/\\\/turismo.elejido.es\\\/index.php\\\/events\\\/cia-etcetera-abecedaria-andersen-el-patito-feo\\\/#breadcrumb\",\"itemListElement\":[{\"@type\":\"ListItem\",\"position\":1,\"name\":\"Inicio\",\"item\":\"https:\\\/\\\/turismo.elejido.es\\\/\"},{\"@type\":\"ListItem\",\"position\":2,\"name\":\"Eventos\",\"item\":\"https:\\\/\\\/turismo.elejido.es\\\/index.php\\\/events\\\/\"},{\"@type\":\"ListItem\",\"position\":3,\"name\":\"C\u00eda Etc\u00e9tera. Abecedaria \u00abAndersen, el patito feo\u00bb\"}]},{\"@type\":\"WebSite\",\"@id\":\"https:\\\/\\\/turismo.elejido.es\\\/#website\",\"url\":\"https:\\\/\\\/turismo.elejido.es\\\/\",\"name\":\"Turismo El Ejido\",\"description\":\"Portal Oficial de Turismo del Municipio de El Ejido, Almerimar y Balerma situado en la costa de Almer\u00eda.\",\"publisher\":{\"@id\":\"https:\\\/\\\/turismo.elejido.es\\\/#organization\"},\"potentialAction\":[{\"@type\":\"SearchAction\",\"target\":{\"@type\":\"EntryPoint\",\"urlTemplate\":\"https:\\\/\\\/turismo.elejido.es\\\/?s={search_term_string}\"},\"query-input\":{\"@type\":\"PropertyValueSpecification\",\"valueRequired\":true,\"valueName\":\"search_term_string\"}}],\"inLanguage\":\"es\"},{\"@type\":\"Organization\",\"@id\":\"https:\\\/\\\/turismo.elejido.es\\\/#organization\",\"name\":\"Turismo El Ejido\",\"url\":\"https:\\\/\\\/turismo.elejido.es\\\/\",\"logo\":{\"@type\":\"ImageObject\",\"inLanguage\":\"es\",\"@id\":\"https:\\\/\\\/turismo.elejido.es\\\/#\\\/schema\\\/logo\\\/image\\\/\",\"url\":\"https:\\\/\\\/turismo.elejido.es\\\/wp-content\\\/uploads\\\/2020\\\/12\\\/elejidoNaranja.png\",\"contentUrl\":\"https:\\\/\\\/turismo.elejido.es\\\/wp-content\\\/uploads\\\/2020\\\/12\\\/elejidoNaranja.png\",\"width\":163,\"height\":92,\"caption\":\"Turismo El Ejido\"},\"image\":{\"@id\":\"https:\\\/\\\/turismo.elejido.es\\\/#\\\/schema\\\/logo\\\/image\\\/\"}}]}<\/script>\n<!-- \/ Yoast SEO plugin. -->","yoast_head_json":{"title":"C\u00eda Etc\u00e9tera. Abecedaria \u00abAndersen, el patito feo\u00bb","description":"Descubre la programaci\u00f3n de la edici\u00f3n 48 del Festival de Teatro de El Ejido. Toda la informaci\u00f3n que necesitas.","robots":{"index":"index","follow":"follow","max-snippet":"max-snippet:-1","max-image-preview":"max-image-preview:large","max-video-preview":"max-video-preview:-1"},"canonical":"https:\/\/turismo.elejido.es\/index.php\/events\/cia-etcetera-abecedaria-andersen-el-patito-feo\/","og_locale":"es_ES","og_type":"article","og_title":"C\u00eda Etc\u00e9tera. Abecedaria \u00abAndersen, el patito feo\u00bb","og_description":"Descubre la programaci\u00f3n de la edici\u00f3n 48 del Festival de Teatro de El Ejido. Toda la informaci\u00f3n que necesitas.","og_url":"https:\/\/turismo.elejido.es\/index.php\/events\/cia-etcetera-abecedaria-andersen-el-patito-feo\/","og_site_name":"Turismo El Ejido","article_modified_time":"2025-03-31T08:25:44+00:00","og_image":[{"width":2469,"height":2469,"url":"https:\/\/turismo.elejido.es\/wp-content\/uploads\/2025\/03\/ANDERSON-EL-PATITO-FEO.jpg","type":"image\/jpeg"}],"twitter_card":"summary_large_image","twitter_misc":{"Tiempo de lectura":"1 minuto"},"schema":{"@context":"https:\/\/schema.org","@graph":[{"@type":"WebPage","@id":"https:\/\/turismo.elejido.es\/index.php\/events\/cia-etcetera-abecedaria-andersen-el-patito-feo\/","url":"https:\/\/turismo.elejido.es\/index.php\/events\/cia-etcetera-abecedaria-andersen-el-patito-feo\/","name":"C\u00eda Etc\u00e9tera. Abecedaria \u00abAndersen, el patito feo\u00bb","isPartOf":{"@id":"https:\/\/turismo.elejido.es\/#website"},"primaryImageOfPage":{"@id":"https:\/\/turismo.elejido.es\/index.php\/events\/cia-etcetera-abecedaria-andersen-el-patito-feo\/#primaryimage"},"image":{"@id":"https:\/\/turismo.elejido.es\/index.php\/events\/cia-etcetera-abecedaria-andersen-el-patito-feo\/#primaryimage"},"thumbnailUrl":"https:\/\/turismo.elejido.es\/wp-content\/uploads\/2025\/03\/ANDERSON-EL-PATITO-FEO.jpg","datePublished":"2025-03-31T08:25:43+00:00","dateModified":"2025-03-31T08:25:44+00:00","description":"Descubre la programaci\u00f3n de la edici\u00f3n 48 del Festival de Teatro de El Ejido. Toda la informaci\u00f3n que necesitas.","breadcrumb":{"@id":"https:\/\/turismo.elejido.es\/index.php\/events\/cia-etcetera-abecedaria-andersen-el-patito-feo\/#breadcrumb"},"inLanguage":"es","potentialAction":[{"@type":"ReadAction","target":["https:\/\/turismo.elejido.es\/index.php\/events\/cia-etcetera-abecedaria-andersen-el-patito-feo\/"]}]},{"@type":"ImageObject","inLanguage":"es","@id":"https:\/\/turismo.elejido.es\/index.php\/events\/cia-etcetera-abecedaria-andersen-el-patito-feo\/#primaryimage","url":"https:\/\/turismo.elejido.es\/wp-content\/uploads\/2025\/03\/ANDERSON-EL-PATITO-FEO.jpg","contentUrl":"https:\/\/turismo.elejido.es\/wp-content\/uploads\/2025\/03\/ANDERSON-EL-PATITO-FEO.jpg","width":2469,"height":2469},{"@type":"BreadcrumbList","@id":"https:\/\/turismo.elejido.es\/index.php\/events\/cia-etcetera-abecedaria-andersen-el-patito-feo\/#breadcrumb","itemListElement":[{"@type":"ListItem","position":1,"name":"Inicio","item":"https:\/\/turismo.elejido.es\/"},{"@type":"ListItem","position":2,"name":"Eventos","item":"https:\/\/turismo.elejido.es\/index.php\/events\/"},{"@type":"ListItem","position":3,"name":"C\u00eda Etc\u00e9tera. Abecedaria \u00abAndersen, el patito feo\u00bb"}]},{"@type":"WebSite","@id":"https:\/\/turismo.elejido.es\/#website","url":"https:\/\/turismo.elejido.es\/","name":"Turismo El Ejido","description":"Portal Oficial de Turismo del Municipio de El Ejido, Almerimar y Balerma situado en la costa de Almer\u00eda.","publisher":{"@id":"https:\/\/turismo.elejido.es\/#organization"},"potentialAction":[{"@type":"SearchAction","target":{"@type":"EntryPoint","urlTemplate":"https:\/\/turismo.elejido.es\/?s={search_term_string}"},"query-input":{"@type":"PropertyValueSpecification","valueRequired":true,"valueName":"search_term_string"}}],"inLanguage":"es"},{"@type":"Organization","@id":"https:\/\/turismo.elejido.es\/#organization","name":"Turismo El Ejido","url":"https:\/\/turismo.elejido.es\/","logo":{"@type":"ImageObject","inLanguage":"es","@id":"https:\/\/turismo.elejido.es\/#\/schema\/logo\/image\/","url":"https:\/\/turismo.elejido.es\/wp-content\/uploads\/2020\/12\/elejidoNaranja.png","contentUrl":"https:\/\/turismo.elejido.es\/wp-content\/uploads\/2020\/12\/elejidoNaranja.png","width":163,"height":92,"caption":"Turismo El Ejido"},"image":{"@id":"https:\/\/turismo.elejido.es\/#\/schema\/logo\/image\/"}}]}},"_links":{"self":[{"href":"https:\/\/turismo.elejido.es\/index.php\/wp-json\/wp\/v2\/mec-events\/24702","targetHints":{"allow":["GET"]}}],"collection":[{"href":"https:\/\/turismo.elejido.es\/index.php\/wp-json\/wp\/v2\/mec-events"}],"about":[{"href":"https:\/\/turismo.elejido.es\/index.php\/wp-json\/wp\/v2\/types\/mec-events"}],"author":[{"embeddable":true,"href":"https:\/\/turismo.elejido.es\/index.php\/wp-json\/wp\/v2\/users\/5"}],"replies":[{"embeddable":true,"href":"https:\/\/turismo.elejido.es\/index.php\/wp-json\/wp\/v2\/comments?post=24702"}],"wp:featuredmedia":[{"embeddable":true,"href":"https:\/\/turismo.elejido.es\/index.php\/wp-json\/wp\/v2\/media\/24703"}],"wp:attachment":[{"href":"https:\/\/turismo.elejido.es\/index.php\/wp-json\/wp\/v2\/media?parent=24702"}],"wp:term":[{"taxonomy":"post_tag","embeddable":true,"href":"https:\/\/turismo.elejido.es\/index.php\/wp-json\/wp\/v2\/tags?post=24702"},{"taxonomy":"mec_category","embeddable":true,"href":"https:\/\/turismo.elejido.es\/index.php\/wp-json\/wp\/v2\/mec_category?post=24702"}],"curies":[{"name":"wp","href":"https:\/\/api.w.org\/{rel}","templated":true}]}}