{"id":24711,"date":"2025-03-31T11:37:42","date_gmt":"2025-03-31T09:37:42","guid":{"rendered":"https:\/\/turismo.elejido.es\/?post_type=mec-events&#038;p=24711"},"modified":"2025-03-31T11:37:42","modified_gmt":"2025-03-31T09:37:42","slug":"la-mar-sonora-producciones-chipi-la-canalla-el-bar-nuestro-de-cada-dia","status":"publish","type":"mec-events","link":"https:\/\/turismo.elejido.es\/index.php\/events\/la-mar-sonora-producciones-chipi-la-canalla-el-bar-nuestro-de-cada-dia\/","title":{"rendered":"La Mar Sonora Producciones \u00abChipi La Canalla: el bar nuestro de cada d\u00eda\u00bb"},"content":{"rendered":"\n<div class=\"wp-block-nk-awb nk-awb alturaSlider is-layout-constrained wp-block-nk-awb-is-layout-constrained\"><div class=\"nk-awb-wrap\" data-awb-type=\"image\" data-awb-image-background-size=\"cover\" data-awb-image-background-position=\"48% 26%\" data-awb-parallax=\"scroll\" data-awb-parallax-speed=\"0.5\" data-awb-parallax-mobile=\"false\"><div class=\"nk-awb-inner\"><img loading=\"lazy\" decoding=\"async\" src=\"https:\/\/app.elejido.es\/turismo\/wp-content\/uploads\/2025\/03\/CARTEL-CHIPI-LA-CANALLA-GRANDE.jpg\" class=\"wp-image-24712 jarallax-img\" width=\"2480\" height=\"2480\" srcset=\"https:\/\/turismo.elejido.es\/wp-content\/uploads\/2025\/03\/CARTEL-CHIPI-LA-CANALLA-GRANDE.jpg 2480w, https:\/\/turismo.elejido.es\/wp-content\/uploads\/2025\/03\/CARTEL-CHIPI-LA-CANALLA-GRANDE-500x500.jpg 500w, https:\/\/turismo.elejido.es\/wp-content\/uploads\/2025\/03\/CARTEL-CHIPI-LA-CANALLA-GRANDE-1080x1080.jpg 1080w, https:\/\/turismo.elejido.es\/wp-content\/uploads\/2025\/03\/CARTEL-CHIPI-LA-CANALLA-GRANDE-150x150.jpg 150w, https:\/\/turismo.elejido.es\/wp-content\/uploads\/2025\/03\/CARTEL-CHIPI-LA-CANALLA-GRANDE-768x768.jpg 768w, https:\/\/turismo.elejido.es\/wp-content\/uploads\/2025\/03\/CARTEL-CHIPI-LA-CANALLA-GRANDE-300x300.jpg 300w, https:\/\/turismo.elejido.es\/wp-content\/uploads\/2025\/03\/CARTEL-CHIPI-LA-CANALLA-GRANDE-1536x1536.jpg 1536w, https:\/\/turismo.elejido.es\/wp-content\/uploads\/2025\/03\/CARTEL-CHIPI-LA-CANALLA-GRANDE-2048x2048.jpg 2048w, https:\/\/turismo.elejido.es\/wp-content\/uploads\/2025\/03\/CARTEL-CHIPI-LA-CANALLA-GRANDE-800x800.jpg 800w, https:\/\/turismo.elejido.es\/wp-content\/uploads\/2025\/03\/CARTEL-CHIPI-LA-CANALLA-GRANDE-1280x1280.jpg 1280w, https:\/\/turismo.elejido.es\/wp-content\/uploads\/2025\/03\/CARTEL-CHIPI-LA-CANALLA-GRANDE-1920x1920.jpg 1920w, https:\/\/turismo.elejido.es\/wp-content\/uploads\/2025\/03\/CARTEL-CHIPI-LA-CANALLA-GRANDE-600x600.jpg 600w\" sizes=\"auto, (max-width: 2480px) 100vw, 2480px\" \/><\/div><\/div><\/div>\n\n\n\n<div style=\"height:40px\" aria-hidden=\"true\" class=\"wp-block-spacer\"><\/div>\n\n\n<div class=\"breadcrumbs align  wp-block-bcn-breadcrumb-trail has-text-color has-background\" vocab=\"https:\/\/schema.org\/\" typeof=\"BreadcrumbList\">\n\t<span><\/span>\n\t<span property=\"itemListElement\" typeof=\"ListItem\"><a property=\"item\" typeof=\"WebPage\" title=\"Ir a Turismo El Ejido.\" href=\"https:\/\/turismo.elejido.es\" class=\"home\" aria-current=\"page\"><span property=\"name\">Turismo El Ejido<\/span><\/a><meta property=\"position\" content=\"1\"><\/span><\/div>\n\n\n\n<div style=\"height:25px\" aria-hidden=\"true\" class=\"wp-block-spacer\"><\/div>\n\n\n\n<h2 class=\"wp-block-heading\">Estival Producciones \u00abLos cuernos de Don Friolera\u00bb<\/h2>\n\n\n\n<p>\ud83c\udfad FESTIVAL DE TEATRO DE EL EJIDO\ud83c\udfad<\/p>\n\n\n\n<p><strong>\u201cEl Bar Nuestro de Cada D\u00eda\u201d<\/strong>\u00a0es un mon\u00f3logo musical en clave de humor, en el que se reivindican los bares, no solo como lugar de ocio, sino tambi\u00e9n como lugares de culto a la vida y a nosotros mismos. Con el teatro transformado en una taberna, Antonio Romera \u201cChipi\u201d, camarero de \u201cEl Bar Nuestro de Cada D\u00eda\u201d se ve obligado a cumplir la \u00faltima voluntad del difunto \u201cMalandro\u201d, un asiduo cliente que ha preferido dejar una fiesta pagada en el bar a un entierro convencional de tanatorio. Chipi improvisa una ceremonia pagana para \u201cMalandro\u201d convirtiendo el velorio, tal como le pidi\u00f3 el difunto, en una fiesta para celebrar su vida en vez de llorar su muerte. Durante el espect\u00e1culo, entre an\u00e9cdotas y canciones, nos va desgranando su vida y su historia, con sus luces y sus sombras. Un personaje peculiar que con su paso por la vida nos deja un legado de sabidur\u00eda cotidiana que a los presentes servir\u00e1 de aprendizaje vital.<\/p>\n\n\n\n<p>\ud83c\udf9f\ufe0fM\u00e1s informaci\u00f3n en <a href=\"https:\/\/cultura.elejido.es\">Cultura El Ejido<\/a>. <\/p>\n\n\n\n<div style=\"height:70px\" aria-hidden=\"true\" class=\"wp-block-spacer\"><\/div>\n\n\n\n<iframe src=\"https:\/\/www.google.com\/maps\/embed?pb=!1m18!1m12!1m3!1d3195.921243002141!2d-2.8138043240524744!3d36.77245676926272!2m3!1f0!2f0!3f0!3m2!1i1024!2i768!4f13.1!3m3!1m2!1s0xd7042e41b5ae8cf%3A0xde223dcab6eb62f3!2sTeatro%20Auditorio%20de%20El%20Ejido!5e0!3m2!1ses!2ses!4v1743409466432!5m2!1ses!2ses\" width=\"600\" height=\"450\" style=\"border:0;\" allowfullscreen=\"\" loading=\"lazy\" referrerpolicy=\"no-referrer-when-downgrade\"><\/iframe>\n","protected":false},"excerpt":{"rendered":"<p>Estival Producciones \u00abLos cuernos de Don Friolera\u00bb \ud83c\udfad FESTIVAL DE TEATRO DE EL EJIDO\ud83c\udfad \u201cEl Bar Nuestro de Cada D\u00eda\u201d\u00a0es un mon\u00f3logo musical en clave de humor, en el que se reivindican los bares, no solo como lugar de ocio, sino tambi\u00e9n como lugares de culto a la vida y a nosotros mismos. Con el [&hellip;]<\/p>\n","protected":false},"author":5,"featured_media":24712,"comment_status":"closed","ping_status":"closed","template":"","tags":[],"mec_category":[101],"class_list":["post-24711","mec-events","type-mec-events","status-publish","has-post-thumbnail","hentry","mec_category-teatro","entry","has-media"],"yoast_head":"<!-- This site is optimized with the Yoast SEO plugin v27.4 - https:\/\/yoast.com\/product\/yoast-seo-wordpress\/ -->\n<title>La Mar Sonora Producciones \u00abChipi La Canalla: el bar nuestro de cada d\u00eda\u00bb<\/title>\n<meta name=\"description\" content=\"Descubre la programaci\u00f3n de la edici\u00f3n 48 del Festival de Teatro de El Ejido. Toda la informaci\u00f3n que necesitas.\" \/>\n<meta name=\"robots\" content=\"index, follow, max-snippet:-1, max-image-preview:large, max-video-preview:-1\" \/>\n<link rel=\"canonical\" href=\"https:\/\/turismo.elejido.es\/index.php\/events\/la-mar-sonora-producciones-chipi-la-canalla-el-bar-nuestro-de-cada-dia\/\" \/>\n<meta property=\"og:locale\" content=\"es_ES\" \/>\n<meta property=\"og:type\" content=\"article\" \/>\n<meta property=\"og:title\" content=\"La Mar Sonora Producciones \u00abChipi La Canalla: el bar nuestro de cada d\u00eda\u00bb\" \/>\n<meta property=\"og:description\" content=\"Descubre la programaci\u00f3n de la edici\u00f3n 48 del Festival de Teatro de El Ejido. Toda la informaci\u00f3n que necesitas.\" \/>\n<meta property=\"og:url\" content=\"https:\/\/turismo.elejido.es\/index.php\/events\/la-mar-sonora-producciones-chipi-la-canalla-el-bar-nuestro-de-cada-dia\/\" \/>\n<meta property=\"og:site_name\" content=\"Turismo El Ejido\" \/>\n<meta property=\"og:image\" content=\"https:\/\/turismo.elejido.es\/wp-content\/uploads\/2025\/03\/CARTEL-CHIPI-LA-CANALLA-GRANDE.jpg\" \/>\n\t<meta property=\"og:image:width\" content=\"2480\" \/>\n\t<meta property=\"og:image:height\" content=\"2480\" \/>\n\t<meta property=\"og:image:type\" content=\"image\/jpeg\" \/>\n<meta name=\"twitter:card\" content=\"summary_large_image\" \/>\n<meta name=\"twitter:label1\" content=\"Tiempo de lectura\" \/>\n\t<meta name=\"twitter:data1\" content=\"2 minutos\" \/>\n<script type=\"application\/ld+json\" class=\"yoast-schema-graph\">{\"@context\":\"https:\\\/\\\/schema.org\",\"@graph\":[{\"@type\":\"WebPage\",\"@id\":\"https:\\\/\\\/turismo.elejido.es\\\/index.php\\\/events\\\/la-mar-sonora-producciones-chipi-la-canalla-el-bar-nuestro-de-cada-dia\\\/\",\"url\":\"https:\\\/\\\/turismo.elejido.es\\\/index.php\\\/events\\\/la-mar-sonora-producciones-chipi-la-canalla-el-bar-nuestro-de-cada-dia\\\/\",\"name\":\"La Mar Sonora Producciones \u00abChipi La Canalla: el bar nuestro de cada d\u00eda\u00bb\",\"isPartOf\":{\"@id\":\"https:\\\/\\\/turismo.elejido.es\\\/#website\"},\"primaryImageOfPage\":{\"@id\":\"https:\\\/\\\/turismo.elejido.es\\\/index.php\\\/events\\\/la-mar-sonora-producciones-chipi-la-canalla-el-bar-nuestro-de-cada-dia\\\/#primaryimage\"},\"image\":{\"@id\":\"https:\\\/\\\/turismo.elejido.es\\\/index.php\\\/events\\\/la-mar-sonora-producciones-chipi-la-canalla-el-bar-nuestro-de-cada-dia\\\/#primaryimage\"},\"thumbnailUrl\":\"https:\\\/\\\/turismo.elejido.es\\\/wp-content\\\/uploads\\\/2025\\\/03\\\/CARTEL-CHIPI-LA-CANALLA-GRANDE.jpg\",\"datePublished\":\"2025-03-31T09:37:42+00:00\",\"description\":\"Descubre la programaci\u00f3n de la edici\u00f3n 48 del Festival de Teatro de El Ejido. Toda la informaci\u00f3n que necesitas.\",\"breadcrumb\":{\"@id\":\"https:\\\/\\\/turismo.elejido.es\\\/index.php\\\/events\\\/la-mar-sonora-producciones-chipi-la-canalla-el-bar-nuestro-de-cada-dia\\\/#breadcrumb\"},\"inLanguage\":\"es\",\"potentialAction\":[{\"@type\":\"ReadAction\",\"target\":[\"https:\\\/\\\/turismo.elejido.es\\\/index.php\\\/events\\\/la-mar-sonora-producciones-chipi-la-canalla-el-bar-nuestro-de-cada-dia\\\/\"]}]},{\"@type\":\"ImageObject\",\"inLanguage\":\"es\",\"@id\":\"https:\\\/\\\/turismo.elejido.es\\\/index.php\\\/events\\\/la-mar-sonora-producciones-chipi-la-canalla-el-bar-nuestro-de-cada-dia\\\/#primaryimage\",\"url\":\"https:\\\/\\\/turismo.elejido.es\\\/wp-content\\\/uploads\\\/2025\\\/03\\\/CARTEL-CHIPI-LA-CANALLA-GRANDE.jpg\",\"contentUrl\":\"https:\\\/\\\/turismo.elejido.es\\\/wp-content\\\/uploads\\\/2025\\\/03\\\/CARTEL-CHIPI-LA-CANALLA-GRANDE.jpg\",\"width\":2480,\"height\":2480},{\"@type\":\"BreadcrumbList\",\"@id\":\"https:\\\/\\\/turismo.elejido.es\\\/index.php\\\/events\\\/la-mar-sonora-producciones-chipi-la-canalla-el-bar-nuestro-de-cada-dia\\\/#breadcrumb\",\"itemListElement\":[{\"@type\":\"ListItem\",\"position\":1,\"name\":\"Inicio\",\"item\":\"https:\\\/\\\/turismo.elejido.es\\\/\"},{\"@type\":\"ListItem\",\"position\":2,\"name\":\"Eventos\",\"item\":\"https:\\\/\\\/turismo.elejido.es\\\/index.php\\\/events\\\/\"},{\"@type\":\"ListItem\",\"position\":3,\"name\":\"La Mar Sonora Producciones \u00abChipi La Canalla: el bar nuestro de cada d\u00eda\u00bb\"}]},{\"@type\":\"WebSite\",\"@id\":\"https:\\\/\\\/turismo.elejido.es\\\/#website\",\"url\":\"https:\\\/\\\/turismo.elejido.es\\\/\",\"name\":\"Turismo El Ejido\",\"description\":\"Portal Oficial de Turismo del Municipio de El Ejido, Almerimar y Balerma situado en la costa de Almer\u00eda.\",\"publisher\":{\"@id\":\"https:\\\/\\\/turismo.elejido.es\\\/#organization\"},\"potentialAction\":[{\"@type\":\"SearchAction\",\"target\":{\"@type\":\"EntryPoint\",\"urlTemplate\":\"https:\\\/\\\/turismo.elejido.es\\\/?s={search_term_string}\"},\"query-input\":{\"@type\":\"PropertyValueSpecification\",\"valueRequired\":true,\"valueName\":\"search_term_string\"}}],\"inLanguage\":\"es\"},{\"@type\":\"Organization\",\"@id\":\"https:\\\/\\\/turismo.elejido.es\\\/#organization\",\"name\":\"Turismo El Ejido\",\"url\":\"https:\\\/\\\/turismo.elejido.es\\\/\",\"logo\":{\"@type\":\"ImageObject\",\"inLanguage\":\"es\",\"@id\":\"https:\\\/\\\/turismo.elejido.es\\\/#\\\/schema\\\/logo\\\/image\\\/\",\"url\":\"https:\\\/\\\/turismo.elejido.es\\\/wp-content\\\/uploads\\\/2020\\\/12\\\/elejidoNaranja.png\",\"contentUrl\":\"https:\\\/\\\/turismo.elejido.es\\\/wp-content\\\/uploads\\\/2020\\\/12\\\/elejidoNaranja.png\",\"width\":163,\"height\":92,\"caption\":\"Turismo El Ejido\"},\"image\":{\"@id\":\"https:\\\/\\\/turismo.elejido.es\\\/#\\\/schema\\\/logo\\\/image\\\/\"}}]}<\/script>\n<!-- \/ Yoast SEO plugin. -->","yoast_head_json":{"title":"La Mar Sonora Producciones \u00abChipi La Canalla: el bar nuestro de cada d\u00eda\u00bb","description":"Descubre la programaci\u00f3n de la edici\u00f3n 48 del Festival de Teatro de El Ejido. Toda la informaci\u00f3n que necesitas.","robots":{"index":"index","follow":"follow","max-snippet":"max-snippet:-1","max-image-preview":"max-image-preview:large","max-video-preview":"max-video-preview:-1"},"canonical":"https:\/\/turismo.elejido.es\/index.php\/events\/la-mar-sonora-producciones-chipi-la-canalla-el-bar-nuestro-de-cada-dia\/","og_locale":"es_ES","og_type":"article","og_title":"La Mar Sonora Producciones \u00abChipi La Canalla: el bar nuestro de cada d\u00eda\u00bb","og_description":"Descubre la programaci\u00f3n de la edici\u00f3n 48 del Festival de Teatro de El Ejido. Toda la informaci\u00f3n que necesitas.","og_url":"https:\/\/turismo.elejido.es\/index.php\/events\/la-mar-sonora-producciones-chipi-la-canalla-el-bar-nuestro-de-cada-dia\/","og_site_name":"Turismo El Ejido","og_image":[{"width":2480,"height":2480,"url":"https:\/\/turismo.elejido.es\/wp-content\/uploads\/2025\/03\/CARTEL-CHIPI-LA-CANALLA-GRANDE.jpg","type":"image\/jpeg"}],"twitter_card":"summary_large_image","twitter_misc":{"Tiempo de lectura":"2 minutos"},"schema":{"@context":"https:\/\/schema.org","@graph":[{"@type":"WebPage","@id":"https:\/\/turismo.elejido.es\/index.php\/events\/la-mar-sonora-producciones-chipi-la-canalla-el-bar-nuestro-de-cada-dia\/","url":"https:\/\/turismo.elejido.es\/index.php\/events\/la-mar-sonora-producciones-chipi-la-canalla-el-bar-nuestro-de-cada-dia\/","name":"La Mar Sonora Producciones \u00abChipi La Canalla: el bar nuestro de cada d\u00eda\u00bb","isPartOf":{"@id":"https:\/\/turismo.elejido.es\/#website"},"primaryImageOfPage":{"@id":"https:\/\/turismo.elejido.es\/index.php\/events\/la-mar-sonora-producciones-chipi-la-canalla-el-bar-nuestro-de-cada-dia\/#primaryimage"},"image":{"@id":"https:\/\/turismo.elejido.es\/index.php\/events\/la-mar-sonora-producciones-chipi-la-canalla-el-bar-nuestro-de-cada-dia\/#primaryimage"},"thumbnailUrl":"https:\/\/turismo.elejido.es\/wp-content\/uploads\/2025\/03\/CARTEL-CHIPI-LA-CANALLA-GRANDE.jpg","datePublished":"2025-03-31T09:37:42+00:00","description":"Descubre la programaci\u00f3n de la edici\u00f3n 48 del Festival de Teatro de El Ejido. Toda la informaci\u00f3n que necesitas.","breadcrumb":{"@id":"https:\/\/turismo.elejido.es\/index.php\/events\/la-mar-sonora-producciones-chipi-la-canalla-el-bar-nuestro-de-cada-dia\/#breadcrumb"},"inLanguage":"es","potentialAction":[{"@type":"ReadAction","target":["https:\/\/turismo.elejido.es\/index.php\/events\/la-mar-sonora-producciones-chipi-la-canalla-el-bar-nuestro-de-cada-dia\/"]}]},{"@type":"ImageObject","inLanguage":"es","@id":"https:\/\/turismo.elejido.es\/index.php\/events\/la-mar-sonora-producciones-chipi-la-canalla-el-bar-nuestro-de-cada-dia\/#primaryimage","url":"https:\/\/turismo.elejido.es\/wp-content\/uploads\/2025\/03\/CARTEL-CHIPI-LA-CANALLA-GRANDE.jpg","contentUrl":"https:\/\/turismo.elejido.es\/wp-content\/uploads\/2025\/03\/CARTEL-CHIPI-LA-CANALLA-GRANDE.jpg","width":2480,"height":2480},{"@type":"BreadcrumbList","@id":"https:\/\/turismo.elejido.es\/index.php\/events\/la-mar-sonora-producciones-chipi-la-canalla-el-bar-nuestro-de-cada-dia\/#breadcrumb","itemListElement":[{"@type":"ListItem","position":1,"name":"Inicio","item":"https:\/\/turismo.elejido.es\/"},{"@type":"ListItem","position":2,"name":"Eventos","item":"https:\/\/turismo.elejido.es\/index.php\/events\/"},{"@type":"ListItem","position":3,"name":"La Mar Sonora Producciones \u00abChipi La Canalla: el bar nuestro de cada d\u00eda\u00bb"}]},{"@type":"WebSite","@id":"https:\/\/turismo.elejido.es\/#website","url":"https:\/\/turismo.elejido.es\/","name":"Turismo El Ejido","description":"Portal Oficial de Turismo del Municipio de El Ejido, Almerimar y Balerma situado en la costa de Almer\u00eda.","publisher":{"@id":"https:\/\/turismo.elejido.es\/#organization"},"potentialAction":[{"@type":"SearchAction","target":{"@type":"EntryPoint","urlTemplate":"https:\/\/turismo.elejido.es\/?s={search_term_string}"},"query-input":{"@type":"PropertyValueSpecification","valueRequired":true,"valueName":"search_term_string"}}],"inLanguage":"es"},{"@type":"Organization","@id":"https:\/\/turismo.elejido.es\/#organization","name":"Turismo El Ejido","url":"https:\/\/turismo.elejido.es\/","logo":{"@type":"ImageObject","inLanguage":"es","@id":"https:\/\/turismo.elejido.es\/#\/schema\/logo\/image\/","url":"https:\/\/turismo.elejido.es\/wp-content\/uploads\/2020\/12\/elejidoNaranja.png","contentUrl":"https:\/\/turismo.elejido.es\/wp-content\/uploads\/2020\/12\/elejidoNaranja.png","width":163,"height":92,"caption":"Turismo El Ejido"},"image":{"@id":"https:\/\/turismo.elejido.es\/#\/schema\/logo\/image\/"}}]}},"_links":{"self":[{"href":"https:\/\/turismo.elejido.es\/index.php\/wp-json\/wp\/v2\/mec-events\/24711","targetHints":{"allow":["GET"]}}],"collection":[{"href":"https:\/\/turismo.elejido.es\/index.php\/wp-json\/wp\/v2\/mec-events"}],"about":[{"href":"https:\/\/turismo.elejido.es\/index.php\/wp-json\/wp\/v2\/types\/mec-events"}],"author":[{"embeddable":true,"href":"https:\/\/turismo.elejido.es\/index.php\/wp-json\/wp\/v2\/users\/5"}],"replies":[{"embeddable":true,"href":"https:\/\/turismo.elejido.es\/index.php\/wp-json\/wp\/v2\/comments?post=24711"}],"wp:featuredmedia":[{"embeddable":true,"href":"https:\/\/turismo.elejido.es\/index.php\/wp-json\/wp\/v2\/media\/24712"}],"wp:attachment":[{"href":"https:\/\/turismo.elejido.es\/index.php\/wp-json\/wp\/v2\/media?parent=24711"}],"wp:term":[{"taxonomy":"post_tag","embeddable":true,"href":"https:\/\/turismo.elejido.es\/index.php\/wp-json\/wp\/v2\/tags?post=24711"},{"taxonomy":"mec_category","embeddable":true,"href":"https:\/\/turismo.elejido.es\/index.php\/wp-json\/wp\/v2\/mec_category?post=24711"}],"curies":[{"name":"wp","href":"https:\/\/api.w.org\/{rel}","templated":true}]}}