{"id":24871,"date":"2025-06-19T09:02:03","date_gmt":"2025-06-19T07:02:03","guid":{"rendered":"https:\/\/turismo.elejido.es\/?post_type=mec-events&#038;p=24871"},"modified":"2025-06-19T09:02:19","modified_gmt":"2025-06-19T07:02:19","slug":"concierto-orquesta-filarmonica-de-el-ejido-ofel","status":"publish","type":"mec-events","link":"https:\/\/turismo.elejido.es\/index.php\/events\/concierto-orquesta-filarmonica-de-el-ejido-ofel\/","title":{"rendered":"Concierto Orquesta Filarm\u00f3nica de El Ejido (OFEL)"},"content":{"rendered":"\n<div style=\"height:40px\" aria-hidden=\"true\" class=\"wp-block-spacer\"><\/div>\n\n\n<div class=\"breadcrumbs align  wp-block-bcn-breadcrumb-trail has-text-color has-background\" vocab=\"https:\/\/schema.org\/\" typeof=\"BreadcrumbList\">\n\t<span><\/span>\n\t<span property=\"itemListElement\" typeof=\"ListItem\"><a property=\"item\" typeof=\"WebPage\" title=\"Ir a Turismo El Ejido.\" href=\"https:\/\/turismo.elejido.es\" class=\"home\" aria-current=\"page\"><span property=\"name\">Turismo El Ejido<\/span><\/a><meta property=\"position\" content=\"1\"><\/span><\/div>\n\n\n\n<div style=\"height:25px\" aria-hidden=\"true\" class=\"wp-block-spacer\"><\/div>\n\n\n\n<h2 class=\"wp-block-heading\">Concierto Orquesta Filarm\u00f3nica de El Ejido (OFEL)<\/h2>\n\n\n\n<p>Disfrutaremos de un viaje musical a trav\u00e9s del tiempo con las maravillosas obras de los cl\u00e1sicos inmortales con obras de Bach, H\u00e4ndel, Mozart, Dvor\u00e1k, Grieg, Liszt.<\/p>\n\n\n\n<p>\ud83c\udf9f\ufe0fM\u00e1s informaci\u00f3n en <a href=\"https:\/\/cultura.elejido.es\/?ai1ec_event=concierto-ofel-noche-de-clasicos-auditorio-sabado-5-de-julio-2030-h\">Cultura El Ejido<\/a>. <\/p>\n\n\n\n<div style=\"height:70px\" aria-hidden=\"true\" class=\"wp-block-spacer\"><\/div>\n\n\n\n<iframe src=\"https:\/\/www.google.com\/maps\/embed?pb=!1m18!1m12!1m3!1d3195.921243002141!2d-2.8138043240524744!3d36.77245676926272!2m3!1f0!2f0!3f0!3m2!1i1024!2i768!4f13.1!3m3!1m2!1s0xd7042e41b5ae8cf%3A0xde223dcab6eb62f3!2sTeatro%20Auditorio%20de%20El%20Ejido!5e0!3m2!1ses!2ses!4v1743409466432!5m2!1ses!2ses\" width=\"600\" height=\"450\" style=\"border:0;\" allowfullscreen=\"\" loading=\"lazy\" referrerpolicy=\"no-referrer-when-downgrade\"><\/iframe>\n","protected":false},"excerpt":{"rendered":"<p>Concierto Orquesta Filarm\u00f3nica de El Ejido (OFEL) Disfrutaremos de un viaje musical a trav\u00e9s del tiempo con las maravillosas obras de los cl\u00e1sicos inmortales con obras de Bach, H\u00e4ndel, Mozart, Dvor\u00e1k, Grieg, Liszt. \ud83c\udf9f\ufe0fM\u00e1s informaci\u00f3n en Cultura El Ejido.<\/p>\n","protected":false},"author":5,"featured_media":24872,"comment_status":"closed","ping_status":"closed","template":"","tags":[],"mec_category":[103],"class_list":["post-24871","mec-events","type-mec-events","status-publish","has-post-thumbnail","hentry","mec_category-musica","entry","has-media"],"yoast_head":"<!-- This site is optimized with the Yoast SEO plugin v27.4 - https:\/\/yoast.com\/product\/yoast-seo-wordpress\/ -->\n<title>Concierto Orquesta Filarm\u00f3nica de El Ejido (OFEL)<\/title>\n<meta name=\"description\" content=\"Ven a disfrutar de una &quot;Noche de cl\u00e1sicos&quot; con la Orquesta Filarm\u00f3nica de El Ejido. Haz clic para m\u00e1s informaci\u00f3n.\" \/>\n<meta name=\"robots\" content=\"index, follow, max-snippet:-1, max-image-preview:large, max-video-preview:-1\" \/>\n<link rel=\"canonical\" href=\"https:\/\/turismo.elejido.es\/index.php\/events\/concierto-orquesta-filarmonica-de-el-ejido-ofel\/\" \/>\n<meta property=\"og:locale\" content=\"es_ES\" \/>\n<meta property=\"og:type\" content=\"article\" \/>\n<meta property=\"og:title\" content=\"Concierto Orquesta Filarm\u00f3nica de El Ejido (OFEL)\" \/>\n<meta property=\"og:description\" content=\"Ven a disfrutar de una &quot;Noche de cl\u00e1sicos&quot; con la Orquesta Filarm\u00f3nica de El Ejido. Haz clic para m\u00e1s informaci\u00f3n.\" \/>\n<meta property=\"og:url\" content=\"https:\/\/turismo.elejido.es\/index.php\/events\/concierto-orquesta-filarmonica-de-el-ejido-ofel\/\" \/>\n<meta property=\"og:site_name\" content=\"Turismo El Ejido\" \/>\n<meta property=\"article:modified_time\" content=\"2025-06-19T07:02:19+00:00\" \/>\n<meta property=\"og:image\" content=\"https:\/\/turismo.elejido.es\/wp-content\/uploads\/2025\/06\/CARTEL-OFEL-NUEVA-FECHA-CUADRADO-1-300x300-1.jpg\" \/>\n\t<meta property=\"og:image:width\" content=\"300\" \/>\n\t<meta property=\"og:image:height\" content=\"300\" \/>\n\t<meta property=\"og:image:type\" content=\"image\/jpeg\" \/>\n<meta name=\"twitter:card\" content=\"summary_large_image\" \/>\n<meta name=\"twitter:label1\" content=\"Tiempo de lectura\" \/>\n\t<meta name=\"twitter:data1\" content=\"1 minuto\" \/>\n<script type=\"application\/ld+json\" class=\"yoast-schema-graph\">{\"@context\":\"https:\\\/\\\/schema.org\",\"@graph\":[{\"@type\":\"WebPage\",\"@id\":\"https:\\\/\\\/turismo.elejido.es\\\/index.php\\\/events\\\/concierto-orquesta-filarmonica-de-el-ejido-ofel\\\/\",\"url\":\"https:\\\/\\\/turismo.elejido.es\\\/index.php\\\/events\\\/concierto-orquesta-filarmonica-de-el-ejido-ofel\\\/\",\"name\":\"Concierto Orquesta Filarm\u00f3nica de El Ejido (OFEL)\",\"isPartOf\":{\"@id\":\"https:\\\/\\\/turismo.elejido.es\\\/#website\"},\"primaryImageOfPage\":{\"@id\":\"https:\\\/\\\/turismo.elejido.es\\\/index.php\\\/events\\\/concierto-orquesta-filarmonica-de-el-ejido-ofel\\\/#primaryimage\"},\"image\":{\"@id\":\"https:\\\/\\\/turismo.elejido.es\\\/index.php\\\/events\\\/concierto-orquesta-filarmonica-de-el-ejido-ofel\\\/#primaryimage\"},\"thumbnailUrl\":\"https:\\\/\\\/turismo.elejido.es\\\/wp-content\\\/uploads\\\/2025\\\/06\\\/CARTEL-OFEL-NUEVA-FECHA-CUADRADO-1-300x300-1.jpg\",\"datePublished\":\"2025-06-19T07:02:03+00:00\",\"dateModified\":\"2025-06-19T07:02:19+00:00\",\"description\":\"Ven a disfrutar de una \\\"Noche de cl\u00e1sicos\\\" con la Orquesta Filarm\u00f3nica de El Ejido. Haz clic para m\u00e1s informaci\u00f3n.\",\"breadcrumb\":{\"@id\":\"https:\\\/\\\/turismo.elejido.es\\\/index.php\\\/events\\\/concierto-orquesta-filarmonica-de-el-ejido-ofel\\\/#breadcrumb\"},\"inLanguage\":\"es\",\"potentialAction\":[{\"@type\":\"ReadAction\",\"target\":[\"https:\\\/\\\/turismo.elejido.es\\\/index.php\\\/events\\\/concierto-orquesta-filarmonica-de-el-ejido-ofel\\\/\"]}]},{\"@type\":\"ImageObject\",\"inLanguage\":\"es\",\"@id\":\"https:\\\/\\\/turismo.elejido.es\\\/index.php\\\/events\\\/concierto-orquesta-filarmonica-de-el-ejido-ofel\\\/#primaryimage\",\"url\":\"https:\\\/\\\/turismo.elejido.es\\\/wp-content\\\/uploads\\\/2025\\\/06\\\/CARTEL-OFEL-NUEVA-FECHA-CUADRADO-1-300x300-1.jpg\",\"contentUrl\":\"https:\\\/\\\/turismo.elejido.es\\\/wp-content\\\/uploads\\\/2025\\\/06\\\/CARTEL-OFEL-NUEVA-FECHA-CUADRADO-1-300x300-1.jpg\",\"width\":300,\"height\":300},{\"@type\":\"BreadcrumbList\",\"@id\":\"https:\\\/\\\/turismo.elejido.es\\\/index.php\\\/events\\\/concierto-orquesta-filarmonica-de-el-ejido-ofel\\\/#breadcrumb\",\"itemListElement\":[{\"@type\":\"ListItem\",\"position\":1,\"name\":\"Inicio\",\"item\":\"https:\\\/\\\/turismo.elejido.es\\\/\"},{\"@type\":\"ListItem\",\"position\":2,\"name\":\"Eventos\",\"item\":\"https:\\\/\\\/turismo.elejido.es\\\/index.php\\\/events\\\/\"},{\"@type\":\"ListItem\",\"position\":3,\"name\":\"Concierto Orquesta Filarm\u00f3nica de El Ejido (OFEL)\"}]},{\"@type\":\"WebSite\",\"@id\":\"https:\\\/\\\/turismo.elejido.es\\\/#website\",\"url\":\"https:\\\/\\\/turismo.elejido.es\\\/\",\"name\":\"Turismo El Ejido\",\"description\":\"Portal Oficial de Turismo del Municipio de El Ejido, Almerimar y Balerma situado en la costa de Almer\u00eda.\",\"publisher\":{\"@id\":\"https:\\\/\\\/turismo.elejido.es\\\/#organization\"},\"potentialAction\":[{\"@type\":\"SearchAction\",\"target\":{\"@type\":\"EntryPoint\",\"urlTemplate\":\"https:\\\/\\\/turismo.elejido.es\\\/?s={search_term_string}\"},\"query-input\":{\"@type\":\"PropertyValueSpecification\",\"valueRequired\":true,\"valueName\":\"search_term_string\"}}],\"inLanguage\":\"es\"},{\"@type\":\"Organization\",\"@id\":\"https:\\\/\\\/turismo.elejido.es\\\/#organization\",\"name\":\"Turismo El Ejido\",\"url\":\"https:\\\/\\\/turismo.elejido.es\\\/\",\"logo\":{\"@type\":\"ImageObject\",\"inLanguage\":\"es\",\"@id\":\"https:\\\/\\\/turismo.elejido.es\\\/#\\\/schema\\\/logo\\\/image\\\/\",\"url\":\"https:\\\/\\\/turismo.elejido.es\\\/wp-content\\\/uploads\\\/2020\\\/12\\\/elejidoNaranja.png\",\"contentUrl\":\"https:\\\/\\\/turismo.elejido.es\\\/wp-content\\\/uploads\\\/2020\\\/12\\\/elejidoNaranja.png\",\"width\":163,\"height\":92,\"caption\":\"Turismo El Ejido\"},\"image\":{\"@id\":\"https:\\\/\\\/turismo.elejido.es\\\/#\\\/schema\\\/logo\\\/image\\\/\"}}]}<\/script>\n<!-- \/ Yoast SEO plugin. -->","yoast_head_json":{"title":"Concierto Orquesta Filarm\u00f3nica de El Ejido (OFEL)","description":"Ven a disfrutar de una \"Noche de cl\u00e1sicos\" con la Orquesta Filarm\u00f3nica de El Ejido. Haz clic para m\u00e1s informaci\u00f3n.","robots":{"index":"index","follow":"follow","max-snippet":"max-snippet:-1","max-image-preview":"max-image-preview:large","max-video-preview":"max-video-preview:-1"},"canonical":"https:\/\/turismo.elejido.es\/index.php\/events\/concierto-orquesta-filarmonica-de-el-ejido-ofel\/","og_locale":"es_ES","og_type":"article","og_title":"Concierto Orquesta Filarm\u00f3nica de El Ejido (OFEL)","og_description":"Ven a disfrutar de una \"Noche de cl\u00e1sicos\" con la Orquesta Filarm\u00f3nica de El Ejido. Haz clic para m\u00e1s informaci\u00f3n.","og_url":"https:\/\/turismo.elejido.es\/index.php\/events\/concierto-orquesta-filarmonica-de-el-ejido-ofel\/","og_site_name":"Turismo El Ejido","article_modified_time":"2025-06-19T07:02:19+00:00","og_image":[{"width":300,"height":300,"url":"https:\/\/turismo.elejido.es\/wp-content\/uploads\/2025\/06\/CARTEL-OFEL-NUEVA-FECHA-CUADRADO-1-300x300-1.jpg","type":"image\/jpeg"}],"twitter_card":"summary_large_image","twitter_misc":{"Tiempo de lectura":"1 minuto"},"schema":{"@context":"https:\/\/schema.org","@graph":[{"@type":"WebPage","@id":"https:\/\/turismo.elejido.es\/index.php\/events\/concierto-orquesta-filarmonica-de-el-ejido-ofel\/","url":"https:\/\/turismo.elejido.es\/index.php\/events\/concierto-orquesta-filarmonica-de-el-ejido-ofel\/","name":"Concierto Orquesta Filarm\u00f3nica de El Ejido (OFEL)","isPartOf":{"@id":"https:\/\/turismo.elejido.es\/#website"},"primaryImageOfPage":{"@id":"https:\/\/turismo.elejido.es\/index.php\/events\/concierto-orquesta-filarmonica-de-el-ejido-ofel\/#primaryimage"},"image":{"@id":"https:\/\/turismo.elejido.es\/index.php\/events\/concierto-orquesta-filarmonica-de-el-ejido-ofel\/#primaryimage"},"thumbnailUrl":"https:\/\/turismo.elejido.es\/wp-content\/uploads\/2025\/06\/CARTEL-OFEL-NUEVA-FECHA-CUADRADO-1-300x300-1.jpg","datePublished":"2025-06-19T07:02:03+00:00","dateModified":"2025-06-19T07:02:19+00:00","description":"Ven a disfrutar de una \"Noche de cl\u00e1sicos\" con la Orquesta Filarm\u00f3nica de El Ejido. Haz clic para m\u00e1s informaci\u00f3n.","breadcrumb":{"@id":"https:\/\/turismo.elejido.es\/index.php\/events\/concierto-orquesta-filarmonica-de-el-ejido-ofel\/#breadcrumb"},"inLanguage":"es","potentialAction":[{"@type":"ReadAction","target":["https:\/\/turismo.elejido.es\/index.php\/events\/concierto-orquesta-filarmonica-de-el-ejido-ofel\/"]}]},{"@type":"ImageObject","inLanguage":"es","@id":"https:\/\/turismo.elejido.es\/index.php\/events\/concierto-orquesta-filarmonica-de-el-ejido-ofel\/#primaryimage","url":"https:\/\/turismo.elejido.es\/wp-content\/uploads\/2025\/06\/CARTEL-OFEL-NUEVA-FECHA-CUADRADO-1-300x300-1.jpg","contentUrl":"https:\/\/turismo.elejido.es\/wp-content\/uploads\/2025\/06\/CARTEL-OFEL-NUEVA-FECHA-CUADRADO-1-300x300-1.jpg","width":300,"height":300},{"@type":"BreadcrumbList","@id":"https:\/\/turismo.elejido.es\/index.php\/events\/concierto-orquesta-filarmonica-de-el-ejido-ofel\/#breadcrumb","itemListElement":[{"@type":"ListItem","position":1,"name":"Inicio","item":"https:\/\/turismo.elejido.es\/"},{"@type":"ListItem","position":2,"name":"Eventos","item":"https:\/\/turismo.elejido.es\/index.php\/events\/"},{"@type":"ListItem","position":3,"name":"Concierto Orquesta Filarm\u00f3nica de El Ejido (OFEL)"}]},{"@type":"WebSite","@id":"https:\/\/turismo.elejido.es\/#website","url":"https:\/\/turismo.elejido.es\/","name":"Turismo El Ejido","description":"Portal Oficial de Turismo del Municipio de El Ejido, Almerimar y Balerma situado en la costa de Almer\u00eda.","publisher":{"@id":"https:\/\/turismo.elejido.es\/#organization"},"potentialAction":[{"@type":"SearchAction","target":{"@type":"EntryPoint","urlTemplate":"https:\/\/turismo.elejido.es\/?s={search_term_string}"},"query-input":{"@type":"PropertyValueSpecification","valueRequired":true,"valueName":"search_term_string"}}],"inLanguage":"es"},{"@type":"Organization","@id":"https:\/\/turismo.elejido.es\/#organization","name":"Turismo El Ejido","url":"https:\/\/turismo.elejido.es\/","logo":{"@type":"ImageObject","inLanguage":"es","@id":"https:\/\/turismo.elejido.es\/#\/schema\/logo\/image\/","url":"https:\/\/turismo.elejido.es\/wp-content\/uploads\/2020\/12\/elejidoNaranja.png","contentUrl":"https:\/\/turismo.elejido.es\/wp-content\/uploads\/2020\/12\/elejidoNaranja.png","width":163,"height":92,"caption":"Turismo El Ejido"},"image":{"@id":"https:\/\/turismo.elejido.es\/#\/schema\/logo\/image\/"}}]}},"_links":{"self":[{"href":"https:\/\/turismo.elejido.es\/index.php\/wp-json\/wp\/v2\/mec-events\/24871","targetHints":{"allow":["GET"]}}],"collection":[{"href":"https:\/\/turismo.elejido.es\/index.php\/wp-json\/wp\/v2\/mec-events"}],"about":[{"href":"https:\/\/turismo.elejido.es\/index.php\/wp-json\/wp\/v2\/types\/mec-events"}],"author":[{"embeddable":true,"href":"https:\/\/turismo.elejido.es\/index.php\/wp-json\/wp\/v2\/users\/5"}],"replies":[{"embeddable":true,"href":"https:\/\/turismo.elejido.es\/index.php\/wp-json\/wp\/v2\/comments?post=24871"}],"wp:featuredmedia":[{"embeddable":true,"href":"https:\/\/turismo.elejido.es\/index.php\/wp-json\/wp\/v2\/media\/24872"}],"wp:attachment":[{"href":"https:\/\/turismo.elejido.es\/index.php\/wp-json\/wp\/v2\/media?parent=24871"}],"wp:term":[{"taxonomy":"post_tag","embeddable":true,"href":"https:\/\/turismo.elejido.es\/index.php\/wp-json\/wp\/v2\/tags?post=24871"},{"taxonomy":"mec_category","embeddable":true,"href":"https:\/\/turismo.elejido.es\/index.php\/wp-json\/wp\/v2\/mec_category?post=24871"}],"curies":[{"name":"wp","href":"https:\/\/api.w.org\/{rel}","templated":true}]}}