{"id":24873,"date":"2025-06-19T09:07:43","date_gmt":"2025-06-19T07:07:43","guid":{"rendered":"https:\/\/turismo.elejido.es\/?post_type=mec-events&#038;p=24873"},"modified":"2025-09-12T11:52:25","modified_gmt":"2025-09-12T09:52:25","slug":"sara-baras-vuela","status":"publish","type":"mec-events","link":"https:\/\/turismo.elejido.es\/index.php\/events\/sara-baras-vuela\/","title":{"rendered":"Sara Baras \u00abVuela\u00bb"},"content":{"rendered":"\n<div style=\"height:40px\" aria-hidden=\"true\" class=\"wp-block-spacer\"><\/div>\n\n\n<div class=\"breadcrumbs align  wp-block-bcn-breadcrumb-trail has-text-color has-background\" vocab=\"https:\/\/schema.org\/\" typeof=\"BreadcrumbList\">\n\t<span><\/span>\n\t<span property=\"itemListElement\" typeof=\"ListItem\"><a property=\"item\" typeof=\"WebPage\" title=\"Ir a Turismo El Ejido.\" href=\"https:\/\/turismo.elejido.es\" class=\"home\" aria-current=\"page\"><span property=\"name\">Turismo El Ejido<\/span><\/a><meta property=\"position\" content=\"1\"><\/span><\/div>\n\n\n\n<div style=\"height:25px\" aria-hidden=\"true\" class=\"wp-block-spacer\"><\/div>\n\n\n\n<h2 class=\"wp-block-heading\">Sara Baras \u00abVuela\u00bb<\/h2>\n\n\n\n<p>Para celebrar el&nbsp;<strong>25 Aniversario<\/strong>&nbsp;de su propia compa\u00f1\u00eda de baile,&nbsp;<strong>Sara Baras<\/strong>&nbsp;quiere rendir un&nbsp;<strong>homenaje<\/strong>&nbsp;al genio por antonomasia de la guitarra,<strong>&nbsp;Paco de Luc\u00eda.&nbsp;<\/strong><br>As\u00ed, desde el respeto, el cari\u00f1o y el amor que tanto se profesaban nace&nbsp;<strong>&#8216;VUELA&#8217;<\/strong>: un espect\u00e1culo creado para ser inolvidable, para transportarnos una vez m\u00e1s a ese m\u00e1gico mundo que s\u00f3lo Sara Baras es capaz de crear.<\/p>\n\n\n\n<p>\ud83c\udf9f\ufe0fM\u00e1s informaci\u00f3n en <a href=\"https:\/\/cultura.elejido.es\/?ai1ec_event=espectaculo-vuela-de-sara-baras-auditorio-viernes-28-de-noviembre-2100-h\">Cultura El Ejido<\/a>. <\/p>\n\n\n\n<div style=\"height:25px\" aria-hidden=\"true\" class=\"wp-block-spacer\"><\/div>\n\n\n<div class=\"wp-block-image\">\n<figure class=\"aligncenter size-full\"><img loading=\"lazy\" decoding=\"async\" width=\"300\" height=\"300\" src=\"https:\/\/app.elejido.es\/turismo\/wp-content\/uploads\/2025\/06\/CARTEL-CUADRADO-WEB-300x300-1.jpg\" alt=\"\" class=\"wp-image-24874\" srcset=\"https:\/\/turismo.elejido.es\/wp-content\/uploads\/2025\/06\/CARTEL-CUADRADO-WEB-300x300-1.jpg 300w, https:\/\/turismo.elejido.es\/wp-content\/uploads\/2025\/06\/CARTEL-CUADRADO-WEB-300x300-1-150x150.jpg 150w\" sizes=\"auto, (max-width: 300px) 100vw, 300px\" \/><\/figure>\n<\/div>\n\n\n<div style=\"height:25px\" aria-hidden=\"true\" class=\"wp-block-spacer\"><\/div>\n\n\n\n<iframe src=\"https:\/\/www.google.com\/maps\/embed?pb=!1m18!1m12!1m3!1d3195.921243002141!2d-2.8138043240524744!3d36.77245676926272!2m3!1f0!2f0!3f0!3m2!1i1024!2i768!4f13.1!3m3!1m2!1s0xd7042e41b5ae8cf%3A0xde223dcab6eb62f3!2sTeatro%20Auditorio%20de%20El%20Ejido!5e0!3m2!1ses!2ses!4v1743409466432!5m2!1ses!2ses\" width=\"600\" height=\"450\" style=\"border:0;\" allowfullscreen=\"\" loading=\"lazy\" referrerpolicy=\"no-referrer-when-downgrade\"><\/iframe>\n","protected":false},"excerpt":{"rendered":"<p>Sara Baras \u00abVuela\u00bb Para celebrar el&nbsp;25 Aniversario&nbsp;de su propia compa\u00f1\u00eda de baile,&nbsp;Sara Baras&nbsp;quiere rendir un&nbsp;homenaje&nbsp;al genio por antonomasia de la guitarra,&nbsp;Paco de Luc\u00eda.&nbsp;As\u00ed, desde el respeto, el cari\u00f1o y el amor que tanto se profesaban nace&nbsp;&#8216;VUELA&#8217;: un espect\u00e1culo creado para ser inolvidable, para transportarnos una vez m\u00e1s a ese m\u00e1gico mundo que s\u00f3lo Sara Baras [&hellip;]<\/p>\n","protected":false},"author":5,"featured_media":25083,"comment_status":"closed","ping_status":"closed","template":"","tags":[],"mec_category":[101],"class_list":["post-24873","mec-events","type-mec-events","status-publish","has-post-thumbnail","hentry","mec_category-teatro","entry","has-media"],"yoast_head":"<!-- This site is optimized with the Yoast SEO plugin v27.4 - https:\/\/yoast.com\/product\/yoast-seo-wordpress\/ -->\n<title>Sara Baras &quot;Vuela&quot;<\/title>\n<meta name=\"description\" content=\"Disfruta del espect\u00e1culo &quot;Vuela&quot; de Sara Baras, en el que rinde homenaje al genio de la guitarra Paco de Luc\u00eda.\" \/>\n<meta name=\"robots\" content=\"index, follow, max-snippet:-1, max-image-preview:large, max-video-preview:-1\" \/>\n<link rel=\"canonical\" href=\"https:\/\/turismo.elejido.es\/index.php\/events\/sara-baras-vuela\/\" \/>\n<meta property=\"og:locale\" content=\"es_ES\" \/>\n<meta property=\"og:type\" content=\"article\" \/>\n<meta property=\"og:title\" content=\"Sara Baras &quot;Vuela&quot;\" \/>\n<meta property=\"og:description\" content=\"Disfruta del espect\u00e1culo &quot;Vuela&quot; de Sara Baras, en el que rinde homenaje al genio de la guitarra Paco de Luc\u00eda.\" \/>\n<meta property=\"og:url\" content=\"https:\/\/turismo.elejido.es\/index.php\/events\/sara-baras-vuela\/\" \/>\n<meta property=\"og:site_name\" content=\"Turismo El Ejido\" \/>\n<meta property=\"article:modified_time\" content=\"2025-09-12T09:52:25+00:00\" \/>\n<meta property=\"og:image\" content=\"https:\/\/turismo.elejido.es\/wp-content\/uploads\/2025\/06\/CARTEL-SARA-BARAS.jpg\" \/>\n\t<meta property=\"og:image:width\" content=\"600\" \/>\n\t<meta property=\"og:image:height\" content=\"600\" \/>\n\t<meta property=\"og:image:type\" content=\"image\/jpeg\" \/>\n<meta name=\"twitter:card\" content=\"summary_large_image\" \/>\n<meta name=\"twitter:label1\" content=\"Tiempo de lectura\" \/>\n\t<meta name=\"twitter:data1\" content=\"1 minuto\" \/>\n<script type=\"application\/ld+json\" class=\"yoast-schema-graph\">{\"@context\":\"https:\\\/\\\/schema.org\",\"@graph\":[{\"@type\":\"WebPage\",\"@id\":\"https:\\\/\\\/turismo.elejido.es\\\/index.php\\\/events\\\/sara-baras-vuela\\\/\",\"url\":\"https:\\\/\\\/turismo.elejido.es\\\/index.php\\\/events\\\/sara-baras-vuela\\\/\",\"name\":\"Sara Baras \\\"Vuela\\\"\",\"isPartOf\":{\"@id\":\"https:\\\/\\\/turismo.elejido.es\\\/#website\"},\"primaryImageOfPage\":{\"@id\":\"https:\\\/\\\/turismo.elejido.es\\\/index.php\\\/events\\\/sara-baras-vuela\\\/#primaryimage\"},\"image\":{\"@id\":\"https:\\\/\\\/turismo.elejido.es\\\/index.php\\\/events\\\/sara-baras-vuela\\\/#primaryimage\"},\"thumbnailUrl\":\"https:\\\/\\\/turismo.elejido.es\\\/wp-content\\\/uploads\\\/2025\\\/06\\\/CARTEL-SARA-BARAS.jpg\",\"datePublished\":\"2025-06-19T07:07:43+00:00\",\"dateModified\":\"2025-09-12T09:52:25+00:00\",\"description\":\"Disfruta del espect\u00e1culo \\\"Vuela\\\" de Sara Baras, en el que rinde homenaje al genio de la guitarra Paco de Luc\u00eda.\",\"breadcrumb\":{\"@id\":\"https:\\\/\\\/turismo.elejido.es\\\/index.php\\\/events\\\/sara-baras-vuela\\\/#breadcrumb\"},\"inLanguage\":\"es\",\"potentialAction\":[{\"@type\":\"ReadAction\",\"target\":[\"https:\\\/\\\/turismo.elejido.es\\\/index.php\\\/events\\\/sara-baras-vuela\\\/\"]}]},{\"@type\":\"ImageObject\",\"inLanguage\":\"es\",\"@id\":\"https:\\\/\\\/turismo.elejido.es\\\/index.php\\\/events\\\/sara-baras-vuela\\\/#primaryimage\",\"url\":\"https:\\\/\\\/turismo.elejido.es\\\/wp-content\\\/uploads\\\/2025\\\/06\\\/CARTEL-SARA-BARAS.jpg\",\"contentUrl\":\"https:\\\/\\\/turismo.elejido.es\\\/wp-content\\\/uploads\\\/2025\\\/06\\\/CARTEL-SARA-BARAS.jpg\",\"width\":600,\"height\":600,\"caption\":\"CREATOR: gd-jpeg v1.0 (using IJG JPEG v80), quality = 85\"},{\"@type\":\"BreadcrumbList\",\"@id\":\"https:\\\/\\\/turismo.elejido.es\\\/index.php\\\/events\\\/sara-baras-vuela\\\/#breadcrumb\",\"itemListElement\":[{\"@type\":\"ListItem\",\"position\":1,\"name\":\"Inicio\",\"item\":\"https:\\\/\\\/turismo.elejido.es\\\/\"},{\"@type\":\"ListItem\",\"position\":2,\"name\":\"Eventos\",\"item\":\"https:\\\/\\\/turismo.elejido.es\\\/index.php\\\/events\\\/\"},{\"@type\":\"ListItem\",\"position\":3,\"name\":\"Sara Baras \u00abVuela\u00bb\"}]},{\"@type\":\"WebSite\",\"@id\":\"https:\\\/\\\/turismo.elejido.es\\\/#website\",\"url\":\"https:\\\/\\\/turismo.elejido.es\\\/\",\"name\":\"Turismo El Ejido\",\"description\":\"Portal Oficial de Turismo del Municipio de El Ejido, Almerimar y Balerma situado en la costa de Almer\u00eda.\",\"publisher\":{\"@id\":\"https:\\\/\\\/turismo.elejido.es\\\/#organization\"},\"potentialAction\":[{\"@type\":\"SearchAction\",\"target\":{\"@type\":\"EntryPoint\",\"urlTemplate\":\"https:\\\/\\\/turismo.elejido.es\\\/?s={search_term_string}\"},\"query-input\":{\"@type\":\"PropertyValueSpecification\",\"valueRequired\":true,\"valueName\":\"search_term_string\"}}],\"inLanguage\":\"es\"},{\"@type\":\"Organization\",\"@id\":\"https:\\\/\\\/turismo.elejido.es\\\/#organization\",\"name\":\"Turismo El Ejido\",\"url\":\"https:\\\/\\\/turismo.elejido.es\\\/\",\"logo\":{\"@type\":\"ImageObject\",\"inLanguage\":\"es\",\"@id\":\"https:\\\/\\\/turismo.elejido.es\\\/#\\\/schema\\\/logo\\\/image\\\/\",\"url\":\"https:\\\/\\\/turismo.elejido.es\\\/wp-content\\\/uploads\\\/2020\\\/12\\\/elejidoNaranja.png\",\"contentUrl\":\"https:\\\/\\\/turismo.elejido.es\\\/wp-content\\\/uploads\\\/2020\\\/12\\\/elejidoNaranja.png\",\"width\":163,\"height\":92,\"caption\":\"Turismo El Ejido\"},\"image\":{\"@id\":\"https:\\\/\\\/turismo.elejido.es\\\/#\\\/schema\\\/logo\\\/image\\\/\"}}]}<\/script>\n<!-- \/ Yoast SEO plugin. -->","yoast_head_json":{"title":"Sara Baras \"Vuela\"","description":"Disfruta del espect\u00e1culo \"Vuela\" de Sara Baras, en el que rinde homenaje al genio de la guitarra Paco de Luc\u00eda.","robots":{"index":"index","follow":"follow","max-snippet":"max-snippet:-1","max-image-preview":"max-image-preview:large","max-video-preview":"max-video-preview:-1"},"canonical":"https:\/\/turismo.elejido.es\/index.php\/events\/sara-baras-vuela\/","og_locale":"es_ES","og_type":"article","og_title":"Sara Baras \"Vuela\"","og_description":"Disfruta del espect\u00e1culo \"Vuela\" de Sara Baras, en el que rinde homenaje al genio de la guitarra Paco de Luc\u00eda.","og_url":"https:\/\/turismo.elejido.es\/index.php\/events\/sara-baras-vuela\/","og_site_name":"Turismo El Ejido","article_modified_time":"2025-09-12T09:52:25+00:00","og_image":[{"width":600,"height":600,"url":"https:\/\/turismo.elejido.es\/wp-content\/uploads\/2025\/06\/CARTEL-SARA-BARAS.jpg","type":"image\/jpeg"}],"twitter_card":"summary_large_image","twitter_misc":{"Tiempo de lectura":"1 minuto"},"schema":{"@context":"https:\/\/schema.org","@graph":[{"@type":"WebPage","@id":"https:\/\/turismo.elejido.es\/index.php\/events\/sara-baras-vuela\/","url":"https:\/\/turismo.elejido.es\/index.php\/events\/sara-baras-vuela\/","name":"Sara Baras \"Vuela\"","isPartOf":{"@id":"https:\/\/turismo.elejido.es\/#website"},"primaryImageOfPage":{"@id":"https:\/\/turismo.elejido.es\/index.php\/events\/sara-baras-vuela\/#primaryimage"},"image":{"@id":"https:\/\/turismo.elejido.es\/index.php\/events\/sara-baras-vuela\/#primaryimage"},"thumbnailUrl":"https:\/\/turismo.elejido.es\/wp-content\/uploads\/2025\/06\/CARTEL-SARA-BARAS.jpg","datePublished":"2025-06-19T07:07:43+00:00","dateModified":"2025-09-12T09:52:25+00:00","description":"Disfruta del espect\u00e1culo \"Vuela\" de Sara Baras, en el que rinde homenaje al genio de la guitarra Paco de Luc\u00eda.","breadcrumb":{"@id":"https:\/\/turismo.elejido.es\/index.php\/events\/sara-baras-vuela\/#breadcrumb"},"inLanguage":"es","potentialAction":[{"@type":"ReadAction","target":["https:\/\/turismo.elejido.es\/index.php\/events\/sara-baras-vuela\/"]}]},{"@type":"ImageObject","inLanguage":"es","@id":"https:\/\/turismo.elejido.es\/index.php\/events\/sara-baras-vuela\/#primaryimage","url":"https:\/\/turismo.elejido.es\/wp-content\/uploads\/2025\/06\/CARTEL-SARA-BARAS.jpg","contentUrl":"https:\/\/turismo.elejido.es\/wp-content\/uploads\/2025\/06\/CARTEL-SARA-BARAS.jpg","width":600,"height":600,"caption":"CREATOR: gd-jpeg v1.0 (using IJG JPEG v80), quality = 85"},{"@type":"BreadcrumbList","@id":"https:\/\/turismo.elejido.es\/index.php\/events\/sara-baras-vuela\/#breadcrumb","itemListElement":[{"@type":"ListItem","position":1,"name":"Inicio","item":"https:\/\/turismo.elejido.es\/"},{"@type":"ListItem","position":2,"name":"Eventos","item":"https:\/\/turismo.elejido.es\/index.php\/events\/"},{"@type":"ListItem","position":3,"name":"Sara Baras \u00abVuela\u00bb"}]},{"@type":"WebSite","@id":"https:\/\/turismo.elejido.es\/#website","url":"https:\/\/turismo.elejido.es\/","name":"Turismo El Ejido","description":"Portal Oficial de Turismo del Municipio de El Ejido, Almerimar y Balerma situado en la costa de Almer\u00eda.","publisher":{"@id":"https:\/\/turismo.elejido.es\/#organization"},"potentialAction":[{"@type":"SearchAction","target":{"@type":"EntryPoint","urlTemplate":"https:\/\/turismo.elejido.es\/?s={search_term_string}"},"query-input":{"@type":"PropertyValueSpecification","valueRequired":true,"valueName":"search_term_string"}}],"inLanguage":"es"},{"@type":"Organization","@id":"https:\/\/turismo.elejido.es\/#organization","name":"Turismo El Ejido","url":"https:\/\/turismo.elejido.es\/","logo":{"@type":"ImageObject","inLanguage":"es","@id":"https:\/\/turismo.elejido.es\/#\/schema\/logo\/image\/","url":"https:\/\/turismo.elejido.es\/wp-content\/uploads\/2020\/12\/elejidoNaranja.png","contentUrl":"https:\/\/turismo.elejido.es\/wp-content\/uploads\/2020\/12\/elejidoNaranja.png","width":163,"height":92,"caption":"Turismo El Ejido"},"image":{"@id":"https:\/\/turismo.elejido.es\/#\/schema\/logo\/image\/"}}]}},"_links":{"self":[{"href":"https:\/\/turismo.elejido.es\/index.php\/wp-json\/wp\/v2\/mec-events\/24873","targetHints":{"allow":["GET"]}}],"collection":[{"href":"https:\/\/turismo.elejido.es\/index.php\/wp-json\/wp\/v2\/mec-events"}],"about":[{"href":"https:\/\/turismo.elejido.es\/index.php\/wp-json\/wp\/v2\/types\/mec-events"}],"author":[{"embeddable":true,"href":"https:\/\/turismo.elejido.es\/index.php\/wp-json\/wp\/v2\/users\/5"}],"replies":[{"embeddable":true,"href":"https:\/\/turismo.elejido.es\/index.php\/wp-json\/wp\/v2\/comments?post=24873"}],"wp:featuredmedia":[{"embeddable":true,"href":"https:\/\/turismo.elejido.es\/index.php\/wp-json\/wp\/v2\/media\/25083"}],"wp:attachment":[{"href":"https:\/\/turismo.elejido.es\/index.php\/wp-json\/wp\/v2\/media?parent=24873"}],"wp:term":[{"taxonomy":"post_tag","embeddable":true,"href":"https:\/\/turismo.elejido.es\/index.php\/wp-json\/wp\/v2\/tags?post=24873"},{"taxonomy":"mec_category","embeddable":true,"href":"https:\/\/turismo.elejido.es\/index.php\/wp-json\/wp\/v2\/mec_category?post=24873"}],"curies":[{"name":"wp","href":"https:\/\/api.w.org\/{rel}","templated":true}]}}