{"id":25086,"date":"2025-09-12T12:07:05","date_gmt":"2025-09-12T10:07:05","guid":{"rendered":"https:\/\/turismo.elejido.es\/?post_type=mec-events&#038;p=25086"},"modified":"2025-09-12T12:07:43","modified_gmt":"2025-09-12T10:07:43","slug":"david-dominguez-el-raro-de-los-90s","status":"publish","type":"mec-events","link":"https:\/\/turismo.elejido.es\/index.php\/events\/david-dominguez-el-raro-de-los-90s\/","title":{"rendered":"David Dom\u00ednguez \u00abEl raro de los 90s\u00bb"},"content":{"rendered":"\n<div style=\"height:40px\" aria-hidden=\"true\" class=\"wp-block-spacer\"><\/div>\n\n\n<div class=\"breadcrumbs align  wp-block-bcn-breadcrumb-trail has-text-color has-background\" vocab=\"https:\/\/schema.org\/\" typeof=\"BreadcrumbList\">\n\t<span><\/span>\n\t<span property=\"itemListElement\" typeof=\"ListItem\"><a property=\"item\" typeof=\"WebPage\" title=\"Ir a Turismo El Ejido.\" href=\"https:\/\/turismo.elejido.es\" class=\"home\" aria-current=\"page\"><span property=\"name\">Turismo El Ejido<\/span><\/a><meta property=\"position\" content=\"1\"><\/span><\/div>\n\n\n\n<div style=\"height:25px\" aria-hidden=\"true\" class=\"wp-block-spacer\"><\/div>\n\n\n\n<h2 class=\"wp-block-heading\">David Dom\u00ednguez \u00abEl raro de los 90s\u00bb<\/h2>\n\n\n\n<p><strong>\u00abEl RARO de los 90\u00bb<\/strong> es un espect\u00e1culo de humor en el que David Dom\u00ednguez da un repaso en tono ir\u00f3nico, simp\u00e1tico y gamberro a sus vivencias en la maravillosa d\u00e9cada de los 90. Con ese don que lo caracteriza para hacer re\u00edr cuenta situaciones ir\u00f3nicas y divertidas. Un espect\u00e1culo donde saca a la luz sus mejores textos que lleva escribiendo y probando 15 a\u00f1os y ahora se hacen realidad en este espect\u00e1culo. \u00bfTodav\u00eda no conoces a Vicent? \u00bfY a las \u2018tribus urbanas\u2019 de los \u201990? \u00bfConoces c\u00f3mo se ligaba entonces?\u00a0<strong>Descubre todos estos personajes y disfruta de un gran espect\u00e1culo de comedia.<\/strong><\/p>\n\n\n\n<p>\ud83c\udf9f\ufe0fM\u00e1s informaci\u00f3n en <a href=\"https:\/\/cultura.elejido.es\/?ai1ec_event=david-dominguez-el-raro-de-los-90s-auditorio-viernes-30-de-enero-2100-h\">Cultura El Ejido<\/a>. <\/p>\n\n\n\n<div style=\"height:25px\" aria-hidden=\"true\" class=\"wp-block-spacer\"><\/div>\n\n\n\n<iframe src=\"https:\/\/www.google.com\/maps\/embed?pb=!1m18!1m12!1m3!1d3195.921243002141!2d-2.8138043240524744!3d36.77245676926272!2m3!1f0!2f0!3f0!3m2!1i1024!2i768!4f13.1!3m3!1m2!1s0xd7042e41b5ae8cf%3A0xde223dcab6eb62f3!2sTeatro%20Auditorio%20de%20El%20Ejido!5e0!3m2!1ses!2ses!4v1743409466432!5m2!1ses!2ses\" width=\"600\" height=\"450\" style=\"border:0;\" allowfullscreen=\"\" loading=\"lazy\" referrerpolicy=\"no-referrer-when-downgrade\"><\/iframe>\n","protected":false},"excerpt":{"rendered":"<p>David Dom\u00ednguez \u00abEl raro de los 90s\u00bb \u00abEl RARO de los 90\u00bb es un espect\u00e1culo de humor en el que David Dom\u00ednguez da un repaso en tono ir\u00f3nico, simp\u00e1tico y gamberro a sus vivencias en la maravillosa d\u00e9cada de los 90. Con ese don que lo caracteriza para hacer re\u00edr cuenta situaciones ir\u00f3nicas y divertidas. [&hellip;]<\/p>\n","protected":false},"author":5,"featured_media":25087,"comment_status":"closed","ping_status":"closed","template":"","tags":[],"mec_category":[101],"class_list":["post-25086","mec-events","type-mec-events","status-publish","has-post-thumbnail","hentry","mec_category-teatro","entry","has-media"],"yoast_head":"<!-- This site is optimized with the Yoast SEO plugin v27.4 - https:\/\/yoast.com\/product\/yoast-seo-wordpress\/ -->\n<title>David Dom\u00ednguez &quot;El raro de los 90s&quot;<\/title>\n<meta name=\"description\" content=\"David Dom\u00ednguez llega a El Ejido con un espect\u00e1culo de humor en el que da un repaso a sus vivencias en la maravillosa d\u00e9cada de los 90.\" \/>\n<meta name=\"robots\" content=\"index, follow, max-snippet:-1, max-image-preview:large, max-video-preview:-1\" \/>\n<link rel=\"canonical\" href=\"https:\/\/turismo.elejido.es\/index.php\/events\/david-dominguez-el-raro-de-los-90s\/\" \/>\n<meta property=\"og:locale\" content=\"es_ES\" \/>\n<meta property=\"og:type\" content=\"article\" \/>\n<meta property=\"og:title\" content=\"David Dom\u00ednguez &quot;El raro de los 90s&quot;\" \/>\n<meta property=\"og:description\" content=\"David Dom\u00ednguez llega a El Ejido con un espect\u00e1culo de humor en el que da un repaso a sus vivencias en la maravillosa d\u00e9cada de los 90.\" \/>\n<meta property=\"og:url\" content=\"https:\/\/turismo.elejido.es\/index.php\/events\/david-dominguez-el-raro-de-los-90s\/\" \/>\n<meta property=\"og:site_name\" content=\"Turismo El Ejido\" \/>\n<meta property=\"article:modified_time\" content=\"2025-09-12T10:07:43+00:00\" \/>\n<meta property=\"og:image\" content=\"https:\/\/turismo.elejido.es\/wp-content\/uploads\/2025\/09\/David-Dominguez-El-Ejido.jpg\" \/>\n\t<meta property=\"og:image:width\" content=\"1817\" \/>\n\t<meta property=\"og:image:height\" content=\"1817\" \/>\n\t<meta property=\"og:image:type\" content=\"image\/jpeg\" \/>\n<meta name=\"twitter:card\" content=\"summary_large_image\" \/>\n<meta name=\"twitter:label1\" content=\"Tiempo de lectura\" \/>\n\t<meta name=\"twitter:data1\" content=\"1 minuto\" \/>\n<script type=\"application\/ld+json\" class=\"yoast-schema-graph\">{\"@context\":\"https:\\\/\\\/schema.org\",\"@graph\":[{\"@type\":\"WebPage\",\"@id\":\"https:\\\/\\\/turismo.elejido.es\\\/index.php\\\/events\\\/david-dominguez-el-raro-de-los-90s\\\/\",\"url\":\"https:\\\/\\\/turismo.elejido.es\\\/index.php\\\/events\\\/david-dominguez-el-raro-de-los-90s\\\/\",\"name\":\"David Dom\u00ednguez \\\"El raro de los 90s\\\"\",\"isPartOf\":{\"@id\":\"https:\\\/\\\/turismo.elejido.es\\\/#website\"},\"primaryImageOfPage\":{\"@id\":\"https:\\\/\\\/turismo.elejido.es\\\/index.php\\\/events\\\/david-dominguez-el-raro-de-los-90s\\\/#primaryimage\"},\"image\":{\"@id\":\"https:\\\/\\\/turismo.elejido.es\\\/index.php\\\/events\\\/david-dominguez-el-raro-de-los-90s\\\/#primaryimage\"},\"thumbnailUrl\":\"https:\\\/\\\/turismo.elejido.es\\\/wp-content\\\/uploads\\\/2025\\\/09\\\/David-Dominguez-El-Ejido.jpg\",\"datePublished\":\"2025-09-12T10:07:05+00:00\",\"dateModified\":\"2025-09-12T10:07:43+00:00\",\"description\":\"David Dom\u00ednguez llega a El Ejido con un espect\u00e1culo de humor en el que da un repaso a sus vivencias en la maravillosa d\u00e9cada de los 90.\",\"breadcrumb\":{\"@id\":\"https:\\\/\\\/turismo.elejido.es\\\/index.php\\\/events\\\/david-dominguez-el-raro-de-los-90s\\\/#breadcrumb\"},\"inLanguage\":\"es\",\"potentialAction\":[{\"@type\":\"ReadAction\",\"target\":[\"https:\\\/\\\/turismo.elejido.es\\\/index.php\\\/events\\\/david-dominguez-el-raro-de-los-90s\\\/\"]}]},{\"@type\":\"ImageObject\",\"inLanguage\":\"es\",\"@id\":\"https:\\\/\\\/turismo.elejido.es\\\/index.php\\\/events\\\/david-dominguez-el-raro-de-los-90s\\\/#primaryimage\",\"url\":\"https:\\\/\\\/turismo.elejido.es\\\/wp-content\\\/uploads\\\/2025\\\/09\\\/David-Dominguez-El-Ejido.jpg\",\"contentUrl\":\"https:\\\/\\\/turismo.elejido.es\\\/wp-content\\\/uploads\\\/2025\\\/09\\\/David-Dominguez-El-Ejido.jpg\",\"width\":1817,\"height\":1817},{\"@type\":\"BreadcrumbList\",\"@id\":\"https:\\\/\\\/turismo.elejido.es\\\/index.php\\\/events\\\/david-dominguez-el-raro-de-los-90s\\\/#breadcrumb\",\"itemListElement\":[{\"@type\":\"ListItem\",\"position\":1,\"name\":\"Inicio\",\"item\":\"https:\\\/\\\/turismo.elejido.es\\\/\"},{\"@type\":\"ListItem\",\"position\":2,\"name\":\"Eventos\",\"item\":\"https:\\\/\\\/turismo.elejido.es\\\/index.php\\\/events\\\/\"},{\"@type\":\"ListItem\",\"position\":3,\"name\":\"David Dom\u00ednguez \u00abEl raro de los 90s\u00bb\"}]},{\"@type\":\"WebSite\",\"@id\":\"https:\\\/\\\/turismo.elejido.es\\\/#website\",\"url\":\"https:\\\/\\\/turismo.elejido.es\\\/\",\"name\":\"Turismo El Ejido\",\"description\":\"Portal Oficial de Turismo del Municipio de El Ejido, Almerimar y Balerma situado en la costa de Almer\u00eda.\",\"publisher\":{\"@id\":\"https:\\\/\\\/turismo.elejido.es\\\/#organization\"},\"potentialAction\":[{\"@type\":\"SearchAction\",\"target\":{\"@type\":\"EntryPoint\",\"urlTemplate\":\"https:\\\/\\\/turismo.elejido.es\\\/?s={search_term_string}\"},\"query-input\":{\"@type\":\"PropertyValueSpecification\",\"valueRequired\":true,\"valueName\":\"search_term_string\"}}],\"inLanguage\":\"es\"},{\"@type\":\"Organization\",\"@id\":\"https:\\\/\\\/turismo.elejido.es\\\/#organization\",\"name\":\"Turismo El Ejido\",\"url\":\"https:\\\/\\\/turismo.elejido.es\\\/\",\"logo\":{\"@type\":\"ImageObject\",\"inLanguage\":\"es\",\"@id\":\"https:\\\/\\\/turismo.elejido.es\\\/#\\\/schema\\\/logo\\\/image\\\/\",\"url\":\"https:\\\/\\\/turismo.elejido.es\\\/wp-content\\\/uploads\\\/2020\\\/12\\\/elejidoNaranja.png\",\"contentUrl\":\"https:\\\/\\\/turismo.elejido.es\\\/wp-content\\\/uploads\\\/2020\\\/12\\\/elejidoNaranja.png\",\"width\":163,\"height\":92,\"caption\":\"Turismo El Ejido\"},\"image\":{\"@id\":\"https:\\\/\\\/turismo.elejido.es\\\/#\\\/schema\\\/logo\\\/image\\\/\"}}]}<\/script>\n<!-- \/ Yoast SEO plugin. -->","yoast_head_json":{"title":"David Dom\u00ednguez \"El raro de los 90s\"","description":"David Dom\u00ednguez llega a El Ejido con un espect\u00e1culo de humor en el que da un repaso a sus vivencias en la maravillosa d\u00e9cada de los 90.","robots":{"index":"index","follow":"follow","max-snippet":"max-snippet:-1","max-image-preview":"max-image-preview:large","max-video-preview":"max-video-preview:-1"},"canonical":"https:\/\/turismo.elejido.es\/index.php\/events\/david-dominguez-el-raro-de-los-90s\/","og_locale":"es_ES","og_type":"article","og_title":"David Dom\u00ednguez \"El raro de los 90s\"","og_description":"David Dom\u00ednguez llega a El Ejido con un espect\u00e1culo de humor en el que da un repaso a sus vivencias en la maravillosa d\u00e9cada de los 90.","og_url":"https:\/\/turismo.elejido.es\/index.php\/events\/david-dominguez-el-raro-de-los-90s\/","og_site_name":"Turismo El Ejido","article_modified_time":"2025-09-12T10:07:43+00:00","og_image":[{"width":1817,"height":1817,"url":"https:\/\/turismo.elejido.es\/wp-content\/uploads\/2025\/09\/David-Dominguez-El-Ejido.jpg","type":"image\/jpeg"}],"twitter_card":"summary_large_image","twitter_misc":{"Tiempo de lectura":"1 minuto"},"schema":{"@context":"https:\/\/schema.org","@graph":[{"@type":"WebPage","@id":"https:\/\/turismo.elejido.es\/index.php\/events\/david-dominguez-el-raro-de-los-90s\/","url":"https:\/\/turismo.elejido.es\/index.php\/events\/david-dominguez-el-raro-de-los-90s\/","name":"David Dom\u00ednguez \"El raro de los 90s\"","isPartOf":{"@id":"https:\/\/turismo.elejido.es\/#website"},"primaryImageOfPage":{"@id":"https:\/\/turismo.elejido.es\/index.php\/events\/david-dominguez-el-raro-de-los-90s\/#primaryimage"},"image":{"@id":"https:\/\/turismo.elejido.es\/index.php\/events\/david-dominguez-el-raro-de-los-90s\/#primaryimage"},"thumbnailUrl":"https:\/\/turismo.elejido.es\/wp-content\/uploads\/2025\/09\/David-Dominguez-El-Ejido.jpg","datePublished":"2025-09-12T10:07:05+00:00","dateModified":"2025-09-12T10:07:43+00:00","description":"David Dom\u00ednguez llega a El Ejido con un espect\u00e1culo de humor en el que da un repaso a sus vivencias en la maravillosa d\u00e9cada de los 90.","breadcrumb":{"@id":"https:\/\/turismo.elejido.es\/index.php\/events\/david-dominguez-el-raro-de-los-90s\/#breadcrumb"},"inLanguage":"es","potentialAction":[{"@type":"ReadAction","target":["https:\/\/turismo.elejido.es\/index.php\/events\/david-dominguez-el-raro-de-los-90s\/"]}]},{"@type":"ImageObject","inLanguage":"es","@id":"https:\/\/turismo.elejido.es\/index.php\/events\/david-dominguez-el-raro-de-los-90s\/#primaryimage","url":"https:\/\/turismo.elejido.es\/wp-content\/uploads\/2025\/09\/David-Dominguez-El-Ejido.jpg","contentUrl":"https:\/\/turismo.elejido.es\/wp-content\/uploads\/2025\/09\/David-Dominguez-El-Ejido.jpg","width":1817,"height":1817},{"@type":"BreadcrumbList","@id":"https:\/\/turismo.elejido.es\/index.php\/events\/david-dominguez-el-raro-de-los-90s\/#breadcrumb","itemListElement":[{"@type":"ListItem","position":1,"name":"Inicio","item":"https:\/\/turismo.elejido.es\/"},{"@type":"ListItem","position":2,"name":"Eventos","item":"https:\/\/turismo.elejido.es\/index.php\/events\/"},{"@type":"ListItem","position":3,"name":"David Dom\u00ednguez \u00abEl raro de los 90s\u00bb"}]},{"@type":"WebSite","@id":"https:\/\/turismo.elejido.es\/#website","url":"https:\/\/turismo.elejido.es\/","name":"Turismo El Ejido","description":"Portal Oficial de Turismo del Municipio de El Ejido, Almerimar y Balerma situado en la costa de Almer\u00eda.","publisher":{"@id":"https:\/\/turismo.elejido.es\/#organization"},"potentialAction":[{"@type":"SearchAction","target":{"@type":"EntryPoint","urlTemplate":"https:\/\/turismo.elejido.es\/?s={search_term_string}"},"query-input":{"@type":"PropertyValueSpecification","valueRequired":true,"valueName":"search_term_string"}}],"inLanguage":"es"},{"@type":"Organization","@id":"https:\/\/turismo.elejido.es\/#organization","name":"Turismo El Ejido","url":"https:\/\/turismo.elejido.es\/","logo":{"@type":"ImageObject","inLanguage":"es","@id":"https:\/\/turismo.elejido.es\/#\/schema\/logo\/image\/","url":"https:\/\/turismo.elejido.es\/wp-content\/uploads\/2020\/12\/elejidoNaranja.png","contentUrl":"https:\/\/turismo.elejido.es\/wp-content\/uploads\/2020\/12\/elejidoNaranja.png","width":163,"height":92,"caption":"Turismo El Ejido"},"image":{"@id":"https:\/\/turismo.elejido.es\/#\/schema\/logo\/image\/"}}]}},"_links":{"self":[{"href":"https:\/\/turismo.elejido.es\/index.php\/wp-json\/wp\/v2\/mec-events\/25086","targetHints":{"allow":["GET"]}}],"collection":[{"href":"https:\/\/turismo.elejido.es\/index.php\/wp-json\/wp\/v2\/mec-events"}],"about":[{"href":"https:\/\/turismo.elejido.es\/index.php\/wp-json\/wp\/v2\/types\/mec-events"}],"author":[{"embeddable":true,"href":"https:\/\/turismo.elejido.es\/index.php\/wp-json\/wp\/v2\/users\/5"}],"replies":[{"embeddable":true,"href":"https:\/\/turismo.elejido.es\/index.php\/wp-json\/wp\/v2\/comments?post=25086"}],"wp:featuredmedia":[{"embeddable":true,"href":"https:\/\/turismo.elejido.es\/index.php\/wp-json\/wp\/v2\/media\/25087"}],"wp:attachment":[{"href":"https:\/\/turismo.elejido.es\/index.php\/wp-json\/wp\/v2\/media?parent=25086"}],"wp:term":[{"taxonomy":"post_tag","embeddable":true,"href":"https:\/\/turismo.elejido.es\/index.php\/wp-json\/wp\/v2\/tags?post=25086"},{"taxonomy":"mec_category","embeddable":true,"href":"https:\/\/turismo.elejido.es\/index.php\/wp-json\/wp\/v2\/mec_category?post=25086"}],"curies":[{"name":"wp","href":"https:\/\/api.w.org\/{rel}","templated":true}]}}