{"id":25179,"date":"2025-10-09T12:59:36","date_gmt":"2025-10-09T10:59:36","guid":{"rendered":"https:\/\/turismo.elejido.es\/?post_type=mec-events&#038;p=25179"},"modified":"2025-10-09T12:59:38","modified_gmt":"2025-10-09T10:59:38","slug":"taller-infantil-pajaros-en-mi-cabeza","status":"publish","type":"mec-events","link":"https:\/\/turismo.elejido.es\/index.php\/events\/taller-infantil-pajaros-en-mi-cabeza\/","title":{"rendered":"Taller infantil &#8211; \u00abP\u00e1jaros en mi cabeza\u00bb"},"content":{"rendered":"\n<div style=\"height:40px\" aria-hidden=\"true\" class=\"wp-block-spacer\"><\/div>\n\n\n<div class=\"breadcrumbs align  wp-block-bcn-breadcrumb-trail has-text-color has-background\" vocab=\"https:\/\/schema.org\/\" typeof=\"BreadcrumbList\">\n\t<span><\/span>\n\t<span property=\"itemListElement\" typeof=\"ListItem\"><a property=\"item\" typeof=\"WebPage\" title=\"Ir a Turismo El Ejido.\" href=\"https:\/\/turismo.elejido.es\" class=\"home\" aria-current=\"page\"><span property=\"name\">Turismo El Ejido<\/span><\/a><meta property=\"position\" content=\"1\"><\/span><\/div>\n\n\n\n<div style=\"height:50px\" aria-hidden=\"true\" class=\"wp-block-spacer\"><\/div>\n\n\n\n<h1 class=\"wp-block-heading\">Taller infantil &#8211; \u00abP\u00e1jaros en mi cabeza\u00bb<\/h1>\n\n\n\n<div style=\"height:25px\" aria-hidden=\"true\" class=\"wp-block-spacer\"><\/div>\n\n\n\n<p>El pr\u00f3ximo 18 de octubre, los peques tienen una cita muy especial en el Centro de Interpretaci\u00f3n de Punta Entinas-Sabinar con el taller infantil \u201cP\u00e1jaros en mi cabeza\u201d. \ud83d\udc26\u2728<\/p>\n\n\n\n<p>Celebraremos juntos el D\u00eda de las Aves con una divertida actividad donde los ni\u00f1os podr\u00e1n pintar, recortar y hacer nudos para crear su propio m\u00f3vil con p\u00e1jaros para colgar en su habitaci\u00f3n. \ud83c\udfa8\u2702\ufe0f\ud83e\udeb6<\/p>\n\n\n\n<div class=\"wp-block-buttons is-layout-flex wp-block-buttons-is-layout-flex\"><\/div>\n\n\n<div id=\"pl-gb25179-69f591d7c78e6\"  class=\"panel-layout\" ><div id=\"pg-gb25179-69f591d7c78e6-0\"  class=\"panel-grid panel-no-style\" ><div id=\"pgc-gb25179-69f591d7c78e6-0-0\"  class=\"panel-grid-cell\" ><div id=\"panel-gb25179-69f591d7c78e6-0-0-0\" class=\"so-panel widget widget_sow-button panel-first-child panel-last-child\" data-index=\"0\" ><div\n\t\t\t\n\t\t\tclass=\"so-widget-sow-button so-widget-sow-button-flat-cd5bc76e79e2-25179\"\n\t\t\t\n\t\t><div class=\"ow-button-base ow-button-align-left\"\n>\n\t\t\t<a\n\t\t\t\t\thref=\"https:\/\/app.elejido.es\/turismo\/index.php\/ver-y-hacer\/eventos\/reservas\/\"\n\t\t\t\t\tclass=\"sowb-button ow-icon-placement-left ow-button-hover\" \t>\n\t\t<span>\n\t\t\t\n\t\t\tReserva tu plaza\t\t<\/span>\n\t\t\t<\/a>\n\t<\/div>\n<\/div><\/div><\/div><\/div><\/div>\n\n\n<div style=\"height:70px\" aria-hidden=\"true\" class=\"wp-block-spacer\"><\/div>\n\n\n\n<figure class=\"wp-block-image size-large\"><img loading=\"lazy\" decoding=\"async\" width=\"864\" height=\"1080\" src=\"https:\/\/app.elejido.es\/turismo\/wp-content\/uploads\/2025\/10\/Taller-aves-864x1080.png\" alt=\"\" class=\"wp-image-25180\" srcset=\"https:\/\/turismo.elejido.es\/wp-content\/uploads\/2025\/10\/Taller-aves-864x1080.png 864w, https:\/\/turismo.elejido.es\/wp-content\/uploads\/2025\/10\/Taller-aves-400x500.png 400w, https:\/\/turismo.elejido.es\/wp-content\/uploads\/2025\/10\/Taller-aves-768x960.png 768w, https:\/\/turismo.elejido.es\/wp-content\/uploads\/2025\/10\/Taller-aves-500x625.png 500w, https:\/\/turismo.elejido.es\/wp-content\/uploads\/2025\/10\/Taller-aves-800x1000.png 800w, https:\/\/turismo.elejido.es\/wp-content\/uploads\/2025\/10\/Taller-aves.png 1080w\" sizes=\"auto, (max-width: 864px) 100vw, 864px\" \/><\/figure>\n\n\n\n<div style=\"height:50px\" aria-hidden=\"true\" class=\"wp-block-spacer\"><\/div>\n\n\n\n<iframe src=\"https:\/\/www.google.com\/maps\/embed?pb=!1m18!1m12!1m3!1d3199.2666339776715!2d-2.7823915253080123!3d36.692130173785955!2m3!1f0!2f0!3f0!3m2!1i1024!2i768!4f13.1!3m3!1m2!1s0xd705dbb27732ad9%3A0xf8d4bdf42a821f46!2sCentro%20de%20Interpretaci%C3%B3n%20de%20Punta%20Entinas-Sabinar!5e0!3m2!1ses!2ses!4v1750749104170!5m2!1ses!2ses\" width=\"600\" height=\"450\" style=\"border:0;\" allowfullscreen=\"\" loading=\"lazy\" referrerpolicy=\"no-referrer-when-downgrade\"><\/iframe>\n","protected":false},"excerpt":{"rendered":"<p>Taller infantil &#8211; \u00abP\u00e1jaros en mi cabeza\u00bb El pr\u00f3ximo 18 de octubre, los peques tienen una cita muy especial en el Centro de Interpretaci\u00f3n de Punta Entinas-Sabinar con el taller infantil \u201cP\u00e1jaros en mi cabeza\u201d. \ud83d\udc26\u2728 Celebraremos juntos el D\u00eda de las Aves con una divertida actividad donde los ni\u00f1os podr\u00e1n pintar, recortar y hacer [&hellip;]<\/p>\n","protected":false},"author":5,"featured_media":25181,"comment_status":"closed","ping_status":"closed","template":"","tags":[],"mec_category":[984,773,1106],"class_list":["post-25179","mec-events","type-mec-events","status-publish","has-post-thumbnail","hentry","mec_category-actividad-medioambiental","mec_category-ocio","mec_category-punta-entinas","entry","has-media"],"yoast_head":"<!-- This site is optimized with the Yoast SEO plugin v27.4 - https:\/\/yoast.com\/product\/yoast-seo-wordpress\/ -->\n<title>Taller infantil - &quot;P\u00e1jaros en mi cabeza&quot;<\/title>\n<meta name=\"description\" content=\"Descubre Punta Entinas con nuestros talleres infantiles pensados para que los m\u00e1s peque\u00f1os aprendan mientras se divierten.\" \/>\n<meta name=\"robots\" content=\"index, follow, max-snippet:-1, max-image-preview:large, max-video-preview:-1\" \/>\n<link rel=\"canonical\" href=\"https:\/\/turismo.elejido.es\/index.php\/events\/taller-infantil-pajaros-en-mi-cabeza\/\" \/>\n<meta property=\"og:locale\" content=\"es_ES\" \/>\n<meta property=\"og:type\" content=\"article\" \/>\n<meta property=\"og:title\" content=\"Taller infantil - &quot;P\u00e1jaros en mi cabeza&quot;\" \/>\n<meta property=\"og:description\" content=\"Descubre Punta Entinas con nuestros talleres infantiles pensados para que los m\u00e1s peque\u00f1os aprendan mientras se divierten.\" \/>\n<meta property=\"og:url\" content=\"https:\/\/turismo.elejido.es\/index.php\/events\/taller-infantil-pajaros-en-mi-cabeza\/\" \/>\n<meta property=\"og:site_name\" content=\"Turismo El Ejido\" \/>\n<meta property=\"article:modified_time\" content=\"2025-10-09T10:59:38+00:00\" \/>\n<meta property=\"og:image\" content=\"https:\/\/turismo.elejido.es\/wp-content\/uploads\/2025\/10\/Taller-aves-1.png\" \/>\n\t<meta property=\"og:image:width\" content=\"1080\" \/>\n\t<meta property=\"og:image:height\" content=\"1080\" \/>\n\t<meta property=\"og:image:type\" content=\"image\/png\" \/>\n<meta name=\"twitter:card\" content=\"summary_large_image\" \/>\n<meta name=\"twitter:label1\" content=\"Tiempo de lectura\" \/>\n\t<meta name=\"twitter:data1\" content=\"1 minuto\" \/>\n<script type=\"application\/ld+json\" class=\"yoast-schema-graph\">{\"@context\":\"https:\\\/\\\/schema.org\",\"@graph\":[{\"@type\":\"WebPage\",\"@id\":\"https:\\\/\\\/turismo.elejido.es\\\/index.php\\\/events\\\/taller-infantil-pajaros-en-mi-cabeza\\\/\",\"url\":\"https:\\\/\\\/turismo.elejido.es\\\/index.php\\\/events\\\/taller-infantil-pajaros-en-mi-cabeza\\\/\",\"name\":\"Taller infantil - \\\"P\u00e1jaros en mi cabeza\\\"\",\"isPartOf\":{\"@id\":\"https:\\\/\\\/turismo.elejido.es\\\/#website\"},\"primaryImageOfPage\":{\"@id\":\"https:\\\/\\\/turismo.elejido.es\\\/index.php\\\/events\\\/taller-infantil-pajaros-en-mi-cabeza\\\/#primaryimage\"},\"image\":{\"@id\":\"https:\\\/\\\/turismo.elejido.es\\\/index.php\\\/events\\\/taller-infantil-pajaros-en-mi-cabeza\\\/#primaryimage\"},\"thumbnailUrl\":\"https:\\\/\\\/turismo.elejido.es\\\/wp-content\\\/uploads\\\/2025\\\/10\\\/Taller-aves-1.png\",\"datePublished\":\"2025-10-09T10:59:36+00:00\",\"dateModified\":\"2025-10-09T10:59:38+00:00\",\"description\":\"Descubre Punta Entinas con nuestros talleres infantiles pensados para que los m\u00e1s peque\u00f1os aprendan mientras se divierten.\",\"breadcrumb\":{\"@id\":\"https:\\\/\\\/turismo.elejido.es\\\/index.php\\\/events\\\/taller-infantil-pajaros-en-mi-cabeza\\\/#breadcrumb\"},\"inLanguage\":\"es\",\"potentialAction\":[{\"@type\":\"ReadAction\",\"target\":[\"https:\\\/\\\/turismo.elejido.es\\\/index.php\\\/events\\\/taller-infantil-pajaros-en-mi-cabeza\\\/\"]}]},{\"@type\":\"ImageObject\",\"inLanguage\":\"es\",\"@id\":\"https:\\\/\\\/turismo.elejido.es\\\/index.php\\\/events\\\/taller-infantil-pajaros-en-mi-cabeza\\\/#primaryimage\",\"url\":\"https:\\\/\\\/turismo.elejido.es\\\/wp-content\\\/uploads\\\/2025\\\/10\\\/Taller-aves-1.png\",\"contentUrl\":\"https:\\\/\\\/turismo.elejido.es\\\/wp-content\\\/uploads\\\/2025\\\/10\\\/Taller-aves-1.png\",\"width\":1080,\"height\":1080},{\"@type\":\"BreadcrumbList\",\"@id\":\"https:\\\/\\\/turismo.elejido.es\\\/index.php\\\/events\\\/taller-infantil-pajaros-en-mi-cabeza\\\/#breadcrumb\",\"itemListElement\":[{\"@type\":\"ListItem\",\"position\":1,\"name\":\"Inicio\",\"item\":\"https:\\\/\\\/turismo.elejido.es\\\/\"},{\"@type\":\"ListItem\",\"position\":2,\"name\":\"Eventos\",\"item\":\"https:\\\/\\\/turismo.elejido.es\\\/index.php\\\/events\\\/\"},{\"@type\":\"ListItem\",\"position\":3,\"name\":\"Taller infantil &#8211; \u00abP\u00e1jaros en mi cabeza\u00bb\"}]},{\"@type\":\"WebSite\",\"@id\":\"https:\\\/\\\/turismo.elejido.es\\\/#website\",\"url\":\"https:\\\/\\\/turismo.elejido.es\\\/\",\"name\":\"Turismo El Ejido\",\"description\":\"Portal Oficial de Turismo del Municipio de El Ejido, Almerimar y Balerma situado en la costa de Almer\u00eda.\",\"publisher\":{\"@id\":\"https:\\\/\\\/turismo.elejido.es\\\/#organization\"},\"potentialAction\":[{\"@type\":\"SearchAction\",\"target\":{\"@type\":\"EntryPoint\",\"urlTemplate\":\"https:\\\/\\\/turismo.elejido.es\\\/?s={search_term_string}\"},\"query-input\":{\"@type\":\"PropertyValueSpecification\",\"valueRequired\":true,\"valueName\":\"search_term_string\"}}],\"inLanguage\":\"es\"},{\"@type\":\"Organization\",\"@id\":\"https:\\\/\\\/turismo.elejido.es\\\/#organization\",\"name\":\"Turismo El Ejido\",\"url\":\"https:\\\/\\\/turismo.elejido.es\\\/\",\"logo\":{\"@type\":\"ImageObject\",\"inLanguage\":\"es\",\"@id\":\"https:\\\/\\\/turismo.elejido.es\\\/#\\\/schema\\\/logo\\\/image\\\/\",\"url\":\"https:\\\/\\\/turismo.elejido.es\\\/wp-content\\\/uploads\\\/2020\\\/12\\\/elejidoNaranja.png\",\"contentUrl\":\"https:\\\/\\\/turismo.elejido.es\\\/wp-content\\\/uploads\\\/2020\\\/12\\\/elejidoNaranja.png\",\"width\":163,\"height\":92,\"caption\":\"Turismo El Ejido\"},\"image\":{\"@id\":\"https:\\\/\\\/turismo.elejido.es\\\/#\\\/schema\\\/logo\\\/image\\\/\"}}]}<\/script>\n<!-- \/ Yoast SEO plugin. -->","yoast_head_json":{"title":"Taller infantil - \"P\u00e1jaros en mi cabeza\"","description":"Descubre Punta Entinas con nuestros talleres infantiles pensados para que los m\u00e1s peque\u00f1os aprendan mientras se divierten.","robots":{"index":"index","follow":"follow","max-snippet":"max-snippet:-1","max-image-preview":"max-image-preview:large","max-video-preview":"max-video-preview:-1"},"canonical":"https:\/\/turismo.elejido.es\/index.php\/events\/taller-infantil-pajaros-en-mi-cabeza\/","og_locale":"es_ES","og_type":"article","og_title":"Taller infantil - \"P\u00e1jaros en mi cabeza\"","og_description":"Descubre Punta Entinas con nuestros talleres infantiles pensados para que los m\u00e1s peque\u00f1os aprendan mientras se divierten.","og_url":"https:\/\/turismo.elejido.es\/index.php\/events\/taller-infantil-pajaros-en-mi-cabeza\/","og_site_name":"Turismo El Ejido","article_modified_time":"2025-10-09T10:59:38+00:00","og_image":[{"width":1080,"height":1080,"url":"https:\/\/turismo.elejido.es\/wp-content\/uploads\/2025\/10\/Taller-aves-1.png","type":"image\/png"}],"twitter_card":"summary_large_image","twitter_misc":{"Tiempo de lectura":"1 minuto"},"schema":{"@context":"https:\/\/schema.org","@graph":[{"@type":"WebPage","@id":"https:\/\/turismo.elejido.es\/index.php\/events\/taller-infantil-pajaros-en-mi-cabeza\/","url":"https:\/\/turismo.elejido.es\/index.php\/events\/taller-infantil-pajaros-en-mi-cabeza\/","name":"Taller infantil - \"P\u00e1jaros en mi cabeza\"","isPartOf":{"@id":"https:\/\/turismo.elejido.es\/#website"},"primaryImageOfPage":{"@id":"https:\/\/turismo.elejido.es\/index.php\/events\/taller-infantil-pajaros-en-mi-cabeza\/#primaryimage"},"image":{"@id":"https:\/\/turismo.elejido.es\/index.php\/events\/taller-infantil-pajaros-en-mi-cabeza\/#primaryimage"},"thumbnailUrl":"https:\/\/turismo.elejido.es\/wp-content\/uploads\/2025\/10\/Taller-aves-1.png","datePublished":"2025-10-09T10:59:36+00:00","dateModified":"2025-10-09T10:59:38+00:00","description":"Descubre Punta Entinas con nuestros talleres infantiles pensados para que los m\u00e1s peque\u00f1os aprendan mientras se divierten.","breadcrumb":{"@id":"https:\/\/turismo.elejido.es\/index.php\/events\/taller-infantil-pajaros-en-mi-cabeza\/#breadcrumb"},"inLanguage":"es","potentialAction":[{"@type":"ReadAction","target":["https:\/\/turismo.elejido.es\/index.php\/events\/taller-infantil-pajaros-en-mi-cabeza\/"]}]},{"@type":"ImageObject","inLanguage":"es","@id":"https:\/\/turismo.elejido.es\/index.php\/events\/taller-infantil-pajaros-en-mi-cabeza\/#primaryimage","url":"https:\/\/turismo.elejido.es\/wp-content\/uploads\/2025\/10\/Taller-aves-1.png","contentUrl":"https:\/\/turismo.elejido.es\/wp-content\/uploads\/2025\/10\/Taller-aves-1.png","width":1080,"height":1080},{"@type":"BreadcrumbList","@id":"https:\/\/turismo.elejido.es\/index.php\/events\/taller-infantil-pajaros-en-mi-cabeza\/#breadcrumb","itemListElement":[{"@type":"ListItem","position":1,"name":"Inicio","item":"https:\/\/turismo.elejido.es\/"},{"@type":"ListItem","position":2,"name":"Eventos","item":"https:\/\/turismo.elejido.es\/index.php\/events\/"},{"@type":"ListItem","position":3,"name":"Taller infantil &#8211; \u00abP\u00e1jaros en mi cabeza\u00bb"}]},{"@type":"WebSite","@id":"https:\/\/turismo.elejido.es\/#website","url":"https:\/\/turismo.elejido.es\/","name":"Turismo El Ejido","description":"Portal Oficial de Turismo del Municipio de El Ejido, Almerimar y Balerma situado en la costa de Almer\u00eda.","publisher":{"@id":"https:\/\/turismo.elejido.es\/#organization"},"potentialAction":[{"@type":"SearchAction","target":{"@type":"EntryPoint","urlTemplate":"https:\/\/turismo.elejido.es\/?s={search_term_string}"},"query-input":{"@type":"PropertyValueSpecification","valueRequired":true,"valueName":"search_term_string"}}],"inLanguage":"es"},{"@type":"Organization","@id":"https:\/\/turismo.elejido.es\/#organization","name":"Turismo El Ejido","url":"https:\/\/turismo.elejido.es\/","logo":{"@type":"ImageObject","inLanguage":"es","@id":"https:\/\/turismo.elejido.es\/#\/schema\/logo\/image\/","url":"https:\/\/turismo.elejido.es\/wp-content\/uploads\/2020\/12\/elejidoNaranja.png","contentUrl":"https:\/\/turismo.elejido.es\/wp-content\/uploads\/2020\/12\/elejidoNaranja.png","width":163,"height":92,"caption":"Turismo El Ejido"},"image":{"@id":"https:\/\/turismo.elejido.es\/#\/schema\/logo\/image\/"}}]}},"_links":{"self":[{"href":"https:\/\/turismo.elejido.es\/index.php\/wp-json\/wp\/v2\/mec-events\/25179","targetHints":{"allow":["GET"]}}],"collection":[{"href":"https:\/\/turismo.elejido.es\/index.php\/wp-json\/wp\/v2\/mec-events"}],"about":[{"href":"https:\/\/turismo.elejido.es\/index.php\/wp-json\/wp\/v2\/types\/mec-events"}],"author":[{"embeddable":true,"href":"https:\/\/turismo.elejido.es\/index.php\/wp-json\/wp\/v2\/users\/5"}],"replies":[{"embeddable":true,"href":"https:\/\/turismo.elejido.es\/index.php\/wp-json\/wp\/v2\/comments?post=25179"}],"wp:featuredmedia":[{"embeddable":true,"href":"https:\/\/turismo.elejido.es\/index.php\/wp-json\/wp\/v2\/media\/25181"}],"wp:attachment":[{"href":"https:\/\/turismo.elejido.es\/index.php\/wp-json\/wp\/v2\/media?parent=25179"}],"wp:term":[{"taxonomy":"post_tag","embeddable":true,"href":"https:\/\/turismo.elejido.es\/index.php\/wp-json\/wp\/v2\/tags?post=25179"},{"taxonomy":"mec_category","embeddable":true,"href":"https:\/\/turismo.elejido.es\/index.php\/wp-json\/wp\/v2\/mec_category?post=25179"}],"curies":[{"name":"wp","href":"https:\/\/api.w.org\/{rel}","templated":true}]}}