{"id":25456,"date":"2025-12-04T10:25:31","date_gmt":"2025-12-04T09:25:31","guid":{"rendered":"https:\/\/turismo.elejido.es\/?post_type=mec-events&#038;p=25456"},"modified":"2025-12-04T10:25:59","modified_gmt":"2025-12-04T09:25:59","slug":"concierto-de-ano-nuevo-orquesta-sinfonica-ciudad-de-el-ejido","status":"publish","type":"mec-events","link":"https:\/\/turismo.elejido.es\/index.php\/events\/concierto-de-ano-nuevo-orquesta-sinfonica-ciudad-de-el-ejido\/","title":{"rendered":"Concierto de A\u00f1o Nuevo &#8211; Orquesta Sinf\u00f3nica Ciudad de El Ejido"},"content":{"rendered":"\n<div style=\"height:40px\" aria-hidden=\"true\" class=\"wp-block-spacer\"><\/div>\n\n\n<div class=\"breadcrumbs align  wp-block-bcn-breadcrumb-trail has-text-color has-background\" vocab=\"https:\/\/schema.org\/\" typeof=\"BreadcrumbList\">\n\t<span><\/span>\n\t<span property=\"itemListElement\" typeof=\"ListItem\"><a property=\"item\" typeof=\"WebPage\" title=\"Ir a Turismo El Ejido.\" href=\"https:\/\/turismo.elejido.es\" class=\"home\" aria-current=\"page\"><span property=\"name\">Turismo El Ejido<\/span><\/a><meta property=\"position\" content=\"1\"><\/span><\/div>\n\n\n\n<div style=\"height:25px\" aria-hidden=\"true\" class=\"wp-block-spacer\"><\/div>\n\n\n\n<h2 class=\"wp-block-heading\">Concierto de A\u00f1o Nuevo &#8211; Orquesta Sinf\u00f3nica Ciudad de El Ejido<\/h2>\n\n\n\n<p>El nuevo a\u00f1o comenzar\u00e1 con\u00a0la\u00a0<strong>Orquesta Sinf\u00f3nica Ciudad de El Ejido (OSCEL),\u00a0<\/strong>que iluminar\u00e1\u00a0el escenario del\u00a0<strong>Auditorio de El Ejido<\/strong>\u00a0con su tradicional\u00a0<em>Concierto de A\u00f1o Nuevo,\u00a0<\/em>bajo la direcci\u00f3n de\u00a0<strong>Jos\u00e9 Antonio Guerrero Gonz\u00e1lez.\u00a0<\/strong><\/p>\n\n\n\n<p>\ud83c\udf9f\ufe0fM\u00e1s informaci\u00f3n en <a href=\"https:\/\/cultura.elejido.es\/\">Cultura El Ejido<\/a>. <\/p>\n\n\n\n<div style=\"height:25px\" aria-hidden=\"true\" class=\"wp-block-spacer\"><\/div>\n\n\n\n<iframe src=\"https:\/\/www.google.com\/maps\/embed?pb=!1m18!1m12!1m3!1d3195.921243002141!2d-2.8138043240524744!3d36.77245676926272!2m3!1f0!2f0!3f0!3m2!1i1024!2i768!4f13.1!3m3!1m2!1s0xd7042e41b5ae8cf%3A0xde223dcab6eb62f3!2sTeatro%20Auditorio%20de%20El%20Ejido!5e0!3m2!1ses!2ses!4v1743409466432!5m2!1ses!2ses\" width=\"600\" height=\"450\" style=\"border:0;\" allowfullscreen=\"\" loading=\"lazy\" referrerpolicy=\"no-referrer-when-downgrade\"><\/iframe>\n","protected":false},"excerpt":{"rendered":"<p>Concierto de A\u00f1o Nuevo &#8211; Orquesta Sinf\u00f3nica Ciudad de El Ejido El nuevo a\u00f1o comenzar\u00e1 con\u00a0la\u00a0Orquesta Sinf\u00f3nica Ciudad de El Ejido (OSCEL),\u00a0que iluminar\u00e1\u00a0el escenario del\u00a0Auditorio de El Ejido\u00a0con su tradicional\u00a0Concierto de A\u00f1o Nuevo,\u00a0bajo la direcci\u00f3n de\u00a0Jos\u00e9 Antonio Guerrero Gonz\u00e1lez.\u00a0 \ud83c\udf9f\ufe0fM\u00e1s informaci\u00f3n en Cultura El Ejido.<\/p>\n","protected":false},"author":5,"featured_media":25411,"comment_status":"closed","ping_status":"closed","template":"","tags":[],"mec_category":[103,1103],"class_list":["post-25456","mec-events","type-mec-events","status-publish","has-post-thumbnail","hentry","mec_category-musica","mec_category-navidad","entry","has-media"],"yoast_head":"<!-- This site is optimized with the Yoast SEO plugin v27.4 - https:\/\/yoast.com\/product\/yoast-seo-wordpress\/ -->\n<title>Concierto de A\u00f1o Nuevo - Orquesta Sinf\u00f3nica Ciudad de El Ejido<\/title>\n<meta name=\"description\" content=\"El nuevo a\u00f1o comenzar\u00e1 con la Orquesta Sinf\u00f3nica Ciudad de El Ejido (OSCEL), que iluminar\u00e1 el escenario del Auditorio de El Ejido.\" \/>\n<meta name=\"robots\" content=\"index, follow, max-snippet:-1, max-image-preview:large, max-video-preview:-1\" \/>\n<link rel=\"canonical\" href=\"https:\/\/turismo.elejido.es\/index.php\/events\/concierto-de-ano-nuevo-orquesta-sinfonica-ciudad-de-el-ejido\/\" \/>\n<meta property=\"og:locale\" content=\"es_ES\" \/>\n<meta property=\"og:type\" content=\"article\" \/>\n<meta property=\"og:title\" content=\"Concierto de A\u00f1o Nuevo - Orquesta Sinf\u00f3nica Ciudad de El Ejido\" \/>\n<meta property=\"og:description\" content=\"El nuevo a\u00f1o comenzar\u00e1 con la Orquesta Sinf\u00f3nica Ciudad de El Ejido (OSCEL), que iluminar\u00e1 el escenario del Auditorio de El Ejido.\" \/>\n<meta property=\"og:url\" content=\"https:\/\/turismo.elejido.es\/index.php\/events\/concierto-de-ano-nuevo-orquesta-sinfonica-ciudad-de-el-ejido\/\" \/>\n<meta property=\"og:site_name\" content=\"Turismo El Ejido\" \/>\n<meta property=\"article:modified_time\" content=\"2025-12-04T09:25:59+00:00\" \/>\n<meta property=\"og:image\" content=\"https:\/\/turismo.elejido.es\/wp-content\/uploads\/2022\/11\/Navidad2025web.jpg\" \/>\n\t<meta property=\"og:image:width\" content=\"1635\" \/>\n\t<meta property=\"og:image:height\" content=\"1635\" \/>\n\t<meta property=\"og:image:type\" content=\"image\/jpeg\" \/>\n<meta name=\"twitter:card\" content=\"summary_large_image\" \/>\n<meta name=\"twitter:label1\" content=\"Tiempo de lectura\" \/>\n\t<meta name=\"twitter:data1\" content=\"1 minuto\" \/>\n<script type=\"application\/ld+json\" class=\"yoast-schema-graph\">{\"@context\":\"https:\\\/\\\/schema.org\",\"@graph\":[{\"@type\":\"WebPage\",\"@id\":\"https:\\\/\\\/turismo.elejido.es\\\/index.php\\\/events\\\/concierto-de-ano-nuevo-orquesta-sinfonica-ciudad-de-el-ejido\\\/\",\"url\":\"https:\\\/\\\/turismo.elejido.es\\\/index.php\\\/events\\\/concierto-de-ano-nuevo-orquesta-sinfonica-ciudad-de-el-ejido\\\/\",\"name\":\"Concierto de A\u00f1o Nuevo - Orquesta Sinf\u00f3nica Ciudad de El Ejido\",\"isPartOf\":{\"@id\":\"https:\\\/\\\/turismo.elejido.es\\\/#website\"},\"primaryImageOfPage\":{\"@id\":\"https:\\\/\\\/turismo.elejido.es\\\/index.php\\\/events\\\/concierto-de-ano-nuevo-orquesta-sinfonica-ciudad-de-el-ejido\\\/#primaryimage\"},\"image\":{\"@id\":\"https:\\\/\\\/turismo.elejido.es\\\/index.php\\\/events\\\/concierto-de-ano-nuevo-orquesta-sinfonica-ciudad-de-el-ejido\\\/#primaryimage\"},\"thumbnailUrl\":\"https:\\\/\\\/turismo.elejido.es\\\/wp-content\\\/uploads\\\/2022\\\/11\\\/Navidad2025web.jpg\",\"datePublished\":\"2025-12-04T09:25:31+00:00\",\"dateModified\":\"2025-12-04T09:25:59+00:00\",\"description\":\"El nuevo a\u00f1o comenzar\u00e1 con la Orquesta Sinf\u00f3nica Ciudad de El Ejido (OSCEL), que iluminar\u00e1 el escenario del Auditorio de El Ejido.\",\"breadcrumb\":{\"@id\":\"https:\\\/\\\/turismo.elejido.es\\\/index.php\\\/events\\\/concierto-de-ano-nuevo-orquesta-sinfonica-ciudad-de-el-ejido\\\/#breadcrumb\"},\"inLanguage\":\"es\",\"potentialAction\":[{\"@type\":\"ReadAction\",\"target\":[\"https:\\\/\\\/turismo.elejido.es\\\/index.php\\\/events\\\/concierto-de-ano-nuevo-orquesta-sinfonica-ciudad-de-el-ejido\\\/\"]}]},{\"@type\":\"ImageObject\",\"inLanguage\":\"es\",\"@id\":\"https:\\\/\\\/turismo.elejido.es\\\/index.php\\\/events\\\/concierto-de-ano-nuevo-orquesta-sinfonica-ciudad-de-el-ejido\\\/#primaryimage\",\"url\":\"https:\\\/\\\/turismo.elejido.es\\\/wp-content\\\/uploads\\\/2022\\\/11\\\/Navidad2025web.jpg\",\"contentUrl\":\"https:\\\/\\\/turismo.elejido.es\\\/wp-content\\\/uploads\\\/2022\\\/11\\\/Navidad2025web.jpg\",\"width\":1635,\"height\":1635},{\"@type\":\"BreadcrumbList\",\"@id\":\"https:\\\/\\\/turismo.elejido.es\\\/index.php\\\/events\\\/concierto-de-ano-nuevo-orquesta-sinfonica-ciudad-de-el-ejido\\\/#breadcrumb\",\"itemListElement\":[{\"@type\":\"ListItem\",\"position\":1,\"name\":\"Inicio\",\"item\":\"https:\\\/\\\/turismo.elejido.es\\\/\"},{\"@type\":\"ListItem\",\"position\":2,\"name\":\"Eventos\",\"item\":\"https:\\\/\\\/turismo.elejido.es\\\/index.php\\\/events\\\/\"},{\"@type\":\"ListItem\",\"position\":3,\"name\":\"Concierto de A\u00f1o Nuevo &#8211; Orquesta Sinf\u00f3nica Ciudad de El Ejido\"}]},{\"@type\":\"WebSite\",\"@id\":\"https:\\\/\\\/turismo.elejido.es\\\/#website\",\"url\":\"https:\\\/\\\/turismo.elejido.es\\\/\",\"name\":\"Turismo El Ejido\",\"description\":\"Portal Oficial de Turismo del Municipio de El Ejido, Almerimar y Balerma situado en la costa de Almer\u00eda.\",\"publisher\":{\"@id\":\"https:\\\/\\\/turismo.elejido.es\\\/#organization\"},\"potentialAction\":[{\"@type\":\"SearchAction\",\"target\":{\"@type\":\"EntryPoint\",\"urlTemplate\":\"https:\\\/\\\/turismo.elejido.es\\\/?s={search_term_string}\"},\"query-input\":{\"@type\":\"PropertyValueSpecification\",\"valueRequired\":true,\"valueName\":\"search_term_string\"}}],\"inLanguage\":\"es\"},{\"@type\":\"Organization\",\"@id\":\"https:\\\/\\\/turismo.elejido.es\\\/#organization\",\"name\":\"Turismo El Ejido\",\"url\":\"https:\\\/\\\/turismo.elejido.es\\\/\",\"logo\":{\"@type\":\"ImageObject\",\"inLanguage\":\"es\",\"@id\":\"https:\\\/\\\/turismo.elejido.es\\\/#\\\/schema\\\/logo\\\/image\\\/\",\"url\":\"https:\\\/\\\/turismo.elejido.es\\\/wp-content\\\/uploads\\\/2020\\\/12\\\/elejidoNaranja.png\",\"contentUrl\":\"https:\\\/\\\/turismo.elejido.es\\\/wp-content\\\/uploads\\\/2020\\\/12\\\/elejidoNaranja.png\",\"width\":163,\"height\":92,\"caption\":\"Turismo El Ejido\"},\"image\":{\"@id\":\"https:\\\/\\\/turismo.elejido.es\\\/#\\\/schema\\\/logo\\\/image\\\/\"}}]}<\/script>\n<!-- \/ Yoast SEO plugin. -->","yoast_head_json":{"title":"Concierto de A\u00f1o Nuevo - Orquesta Sinf\u00f3nica Ciudad de El Ejido","description":"El nuevo a\u00f1o comenzar\u00e1 con la Orquesta Sinf\u00f3nica Ciudad de El Ejido (OSCEL), que iluminar\u00e1 el escenario del Auditorio de El Ejido.","robots":{"index":"index","follow":"follow","max-snippet":"max-snippet:-1","max-image-preview":"max-image-preview:large","max-video-preview":"max-video-preview:-1"},"canonical":"https:\/\/turismo.elejido.es\/index.php\/events\/concierto-de-ano-nuevo-orquesta-sinfonica-ciudad-de-el-ejido\/","og_locale":"es_ES","og_type":"article","og_title":"Concierto de A\u00f1o Nuevo - Orquesta Sinf\u00f3nica Ciudad de El Ejido","og_description":"El nuevo a\u00f1o comenzar\u00e1 con la Orquesta Sinf\u00f3nica Ciudad de El Ejido (OSCEL), que iluminar\u00e1 el escenario del Auditorio de El Ejido.","og_url":"https:\/\/turismo.elejido.es\/index.php\/events\/concierto-de-ano-nuevo-orquesta-sinfonica-ciudad-de-el-ejido\/","og_site_name":"Turismo El Ejido","article_modified_time":"2025-12-04T09:25:59+00:00","og_image":[{"width":1635,"height":1635,"url":"https:\/\/turismo.elejido.es\/wp-content\/uploads\/2022\/11\/Navidad2025web.jpg","type":"image\/jpeg"}],"twitter_card":"summary_large_image","twitter_misc":{"Tiempo de lectura":"1 minuto"},"schema":{"@context":"https:\/\/schema.org","@graph":[{"@type":"WebPage","@id":"https:\/\/turismo.elejido.es\/index.php\/events\/concierto-de-ano-nuevo-orquesta-sinfonica-ciudad-de-el-ejido\/","url":"https:\/\/turismo.elejido.es\/index.php\/events\/concierto-de-ano-nuevo-orquesta-sinfonica-ciudad-de-el-ejido\/","name":"Concierto de A\u00f1o Nuevo - Orquesta Sinf\u00f3nica Ciudad de El Ejido","isPartOf":{"@id":"https:\/\/turismo.elejido.es\/#website"},"primaryImageOfPage":{"@id":"https:\/\/turismo.elejido.es\/index.php\/events\/concierto-de-ano-nuevo-orquesta-sinfonica-ciudad-de-el-ejido\/#primaryimage"},"image":{"@id":"https:\/\/turismo.elejido.es\/index.php\/events\/concierto-de-ano-nuevo-orquesta-sinfonica-ciudad-de-el-ejido\/#primaryimage"},"thumbnailUrl":"https:\/\/turismo.elejido.es\/wp-content\/uploads\/2022\/11\/Navidad2025web.jpg","datePublished":"2025-12-04T09:25:31+00:00","dateModified":"2025-12-04T09:25:59+00:00","description":"El nuevo a\u00f1o comenzar\u00e1 con la Orquesta Sinf\u00f3nica Ciudad de El Ejido (OSCEL), que iluminar\u00e1 el escenario del Auditorio de El Ejido.","breadcrumb":{"@id":"https:\/\/turismo.elejido.es\/index.php\/events\/concierto-de-ano-nuevo-orquesta-sinfonica-ciudad-de-el-ejido\/#breadcrumb"},"inLanguage":"es","potentialAction":[{"@type":"ReadAction","target":["https:\/\/turismo.elejido.es\/index.php\/events\/concierto-de-ano-nuevo-orquesta-sinfonica-ciudad-de-el-ejido\/"]}]},{"@type":"ImageObject","inLanguage":"es","@id":"https:\/\/turismo.elejido.es\/index.php\/events\/concierto-de-ano-nuevo-orquesta-sinfonica-ciudad-de-el-ejido\/#primaryimage","url":"https:\/\/turismo.elejido.es\/wp-content\/uploads\/2022\/11\/Navidad2025web.jpg","contentUrl":"https:\/\/turismo.elejido.es\/wp-content\/uploads\/2022\/11\/Navidad2025web.jpg","width":1635,"height":1635},{"@type":"BreadcrumbList","@id":"https:\/\/turismo.elejido.es\/index.php\/events\/concierto-de-ano-nuevo-orquesta-sinfonica-ciudad-de-el-ejido\/#breadcrumb","itemListElement":[{"@type":"ListItem","position":1,"name":"Inicio","item":"https:\/\/turismo.elejido.es\/"},{"@type":"ListItem","position":2,"name":"Eventos","item":"https:\/\/turismo.elejido.es\/index.php\/events\/"},{"@type":"ListItem","position":3,"name":"Concierto de A\u00f1o Nuevo &#8211; Orquesta Sinf\u00f3nica Ciudad de El Ejido"}]},{"@type":"WebSite","@id":"https:\/\/turismo.elejido.es\/#website","url":"https:\/\/turismo.elejido.es\/","name":"Turismo El Ejido","description":"Portal Oficial de Turismo del Municipio de El Ejido, Almerimar y Balerma situado en la costa de Almer\u00eda.","publisher":{"@id":"https:\/\/turismo.elejido.es\/#organization"},"potentialAction":[{"@type":"SearchAction","target":{"@type":"EntryPoint","urlTemplate":"https:\/\/turismo.elejido.es\/?s={search_term_string}"},"query-input":{"@type":"PropertyValueSpecification","valueRequired":true,"valueName":"search_term_string"}}],"inLanguage":"es"},{"@type":"Organization","@id":"https:\/\/turismo.elejido.es\/#organization","name":"Turismo El Ejido","url":"https:\/\/turismo.elejido.es\/","logo":{"@type":"ImageObject","inLanguage":"es","@id":"https:\/\/turismo.elejido.es\/#\/schema\/logo\/image\/","url":"https:\/\/turismo.elejido.es\/wp-content\/uploads\/2020\/12\/elejidoNaranja.png","contentUrl":"https:\/\/turismo.elejido.es\/wp-content\/uploads\/2020\/12\/elejidoNaranja.png","width":163,"height":92,"caption":"Turismo El Ejido"},"image":{"@id":"https:\/\/turismo.elejido.es\/#\/schema\/logo\/image\/"}}]}},"_links":{"self":[{"href":"https:\/\/turismo.elejido.es\/index.php\/wp-json\/wp\/v2\/mec-events\/25456","targetHints":{"allow":["GET"]}}],"collection":[{"href":"https:\/\/turismo.elejido.es\/index.php\/wp-json\/wp\/v2\/mec-events"}],"about":[{"href":"https:\/\/turismo.elejido.es\/index.php\/wp-json\/wp\/v2\/types\/mec-events"}],"author":[{"embeddable":true,"href":"https:\/\/turismo.elejido.es\/index.php\/wp-json\/wp\/v2\/users\/5"}],"replies":[{"embeddable":true,"href":"https:\/\/turismo.elejido.es\/index.php\/wp-json\/wp\/v2\/comments?post=25456"}],"wp:featuredmedia":[{"embeddable":true,"href":"https:\/\/turismo.elejido.es\/index.php\/wp-json\/wp\/v2\/media\/25411"}],"wp:attachment":[{"href":"https:\/\/turismo.elejido.es\/index.php\/wp-json\/wp\/v2\/media?parent=25456"}],"wp:term":[{"taxonomy":"post_tag","embeddable":true,"href":"https:\/\/turismo.elejido.es\/index.php\/wp-json\/wp\/v2\/tags?post=25456"},{"taxonomy":"mec_category","embeddable":true,"href":"https:\/\/turismo.elejido.es\/index.php\/wp-json\/wp\/v2\/mec_category?post=25456"}],"curies":[{"name":"wp","href":"https:\/\/api.w.org\/{rel}","templated":true}]}}