{"id":25543,"date":"2026-02-12T08:36:06","date_gmt":"2026-02-12T07:36:06","guid":{"rendered":"https:\/\/turismo.elejido.es\/?post_type=mec-events&#038;p=25543"},"modified":"2026-02-12T08:36:07","modified_gmt":"2026-02-12T07:36:07","slug":"carnaval-el-ejido-2026","status":"publish","type":"mec-events","link":"https:\/\/turismo.elejido.es\/index.php\/events\/carnaval-el-ejido-2026\/","title":{"rendered":"Carnaval El Ejido 2026"},"content":{"rendered":"\n<div style=\"height:40px\" aria-hidden=\"true\" class=\"wp-block-spacer\"><\/div>\n\n\n<div class=\"breadcrumbs align  wp-block-bcn-breadcrumb-trail has-text-color has-background\" vocab=\"https:\/\/schema.org\/\" typeof=\"BreadcrumbList\">\n\t<span><\/span>\n\t<span property=\"itemListElement\" typeof=\"ListItem\"><a property=\"item\" typeof=\"WebPage\" title=\"Ir a Turismo El Ejido.\" href=\"https:\/\/turismo.elejido.es\" class=\"home\" aria-current=\"page\"><span property=\"name\">Turismo El Ejido<\/span><\/a><meta property=\"position\" content=\"1\"><\/span><\/div>\n\n\n\n<div style=\"height:25px\" aria-hidden=\"true\" class=\"wp-block-spacer\"><\/div>\n\n\n\n<h2 class=\"wp-block-heading\">Carnaval El Ejido 2026<\/h2>\n\n\n\n<p>No te pierdas el\u00a0<strong>Carnaval 2026<\/strong>\u00a0de El Ejido el\u00a0<strong>domingo, 15 de febrero,<\/strong>\u00a0en la\u00a0<strong>Plaza Mayor<\/strong>. La fiesta comenzar\u00e1 a las\u00a0<strong>12:00<\/strong>, con un programa de\u00a0<strong>animaci\u00f3n y m\u00fasica<\/strong>\u00a0pensado para todos los p\u00fablicos, en un ambiente participativo y familiar.<\/p>\n\n\n\n<p>El\u00a0<strong>concurso de disfraces<\/strong>\u00a0contar\u00e1 con un periodo de\u00a0<strong>inscripci\u00f3n previa<\/strong>, que se realizar\u00e1 el mismo d\u00eda del evento en la Plaza Mayor, en horario de\u00a0<strong>10:30 a 11:30<\/strong>.<\/p>\n\n\n\n<p>\ud83c\udf9f\ufe0fM\u00e1s informaci\u00f3n en <a href=\"https:\/\/cultura.elejido.es\/\">Cultura El Ejido<\/a>. <\/p>\n\n\n\n<div style=\"height:25px\" aria-hidden=\"true\" class=\"wp-block-spacer\"><\/div>\n\n\n\n<iframe src=\"https:\/\/www.google.com\/maps\/embed?pb=!1m18!1m12!1m3!1d3195.8391708662393!2d-2.815035774052396!3d36.77442551915193!2m3!1f0!2f0!3f0!3m2!1i1024!2i768!4f13.1!3m3!1m2!1s0xd7042e11b484835%3A0x961ae08ac55aeb8a!2sPlaza%20Mayor%20de%20El%20Ejido!5e0!3m2!1ses!2ses!4v1770881502001!5m2!1ses!2ses\" width=\"600\" height=\"450\" style=\"border:0;\" allowfullscreen=\"\" loading=\"lazy\" referrerpolicy=\"no-referrer-when-downgrade\"><\/iframe>\n","protected":false},"excerpt":{"rendered":"<p>Carnaval El Ejido 2026 No te pierdas el\u00a0Carnaval 2026\u00a0de El Ejido el\u00a0domingo, 15 de febrero,\u00a0en la\u00a0Plaza Mayor. La fiesta comenzar\u00e1 a las\u00a012:00, con un programa de\u00a0animaci\u00f3n y m\u00fasica\u00a0pensado para todos los p\u00fablicos, en un ambiente participativo y familiar. El\u00a0concurso de disfraces\u00a0contar\u00e1 con un periodo de\u00a0inscripci\u00f3n previa, que se realizar\u00e1 el mismo d\u00eda del evento en [&hellip;]<\/p>\n","protected":false},"author":5,"featured_media":25544,"comment_status":"closed","ping_status":"closed","template":"","tags":[],"mec_category":[773],"class_list":["post-25543","mec-events","type-mec-events","status-publish","has-post-thumbnail","hentry","mec_category-ocio","entry","has-media"],"yoast_head":"<!-- This site is optimized with the Yoast SEO plugin v27.4 - https:\/\/yoast.com\/product\/yoast-seo-wordpress\/ -->\n<title>Carnaval El Ejido 2026<\/title>\n<meta name=\"description\" content=\"Disfruta del Carnaval de El Ejido el domingo 15 de febrero a las 12:00 en la Plaza Mayor. M\u00fasica y diversi\u00f3n te esperan.\" \/>\n<meta name=\"robots\" content=\"index, follow, max-snippet:-1, max-image-preview:large, max-video-preview:-1\" \/>\n<link rel=\"canonical\" href=\"https:\/\/turismo.elejido.es\/index.php\/events\/carnaval-el-ejido-2026\/\" \/>\n<meta property=\"og:locale\" content=\"es_ES\" \/>\n<meta property=\"og:type\" content=\"article\" \/>\n<meta property=\"og:title\" content=\"Carnaval El Ejido 2026\" \/>\n<meta property=\"og:description\" content=\"Disfruta del Carnaval de El Ejido el domingo 15 de febrero a las 12:00 en la Plaza Mayor. M\u00fasica y diversi\u00f3n te esperan.\" \/>\n<meta property=\"og:url\" content=\"https:\/\/turismo.elejido.es\/index.php\/events\/carnaval-el-ejido-2026\/\" \/>\n<meta property=\"og:site_name\" content=\"Turismo El Ejido\" \/>\n<meta property=\"article:modified_time\" content=\"2026-02-12T07:36:07+00:00\" \/>\n<meta property=\"og:image\" content=\"https:\/\/turismo.elejido.es\/wp-content\/uploads\/2026\/02\/FEED_CARNAVAL2026-1-819x1024-Cropped.jpg\" \/>\n\t<meta property=\"og:image:width\" content=\"819\" \/>\n\t<meta property=\"og:image:height\" content=\"819\" \/>\n\t<meta property=\"og:image:type\" content=\"image\/jpeg\" \/>\n<meta name=\"twitter:card\" content=\"summary_large_image\" \/>\n<meta name=\"twitter:label1\" content=\"Tiempo de lectura\" \/>\n\t<meta name=\"twitter:data1\" content=\"1 minuto\" \/>\n<script type=\"application\/ld+json\" class=\"yoast-schema-graph\">{\"@context\":\"https:\\\/\\\/schema.org\",\"@graph\":[{\"@type\":\"WebPage\",\"@id\":\"https:\\\/\\\/turismo.elejido.es\\\/index.php\\\/events\\\/carnaval-el-ejido-2026\\\/\",\"url\":\"https:\\\/\\\/turismo.elejido.es\\\/index.php\\\/events\\\/carnaval-el-ejido-2026\\\/\",\"name\":\"Carnaval El Ejido 2026\",\"isPartOf\":{\"@id\":\"https:\\\/\\\/turismo.elejido.es\\\/#website\"},\"primaryImageOfPage\":{\"@id\":\"https:\\\/\\\/turismo.elejido.es\\\/index.php\\\/events\\\/carnaval-el-ejido-2026\\\/#primaryimage\"},\"image\":{\"@id\":\"https:\\\/\\\/turismo.elejido.es\\\/index.php\\\/events\\\/carnaval-el-ejido-2026\\\/#primaryimage\"},\"thumbnailUrl\":\"https:\\\/\\\/turismo.elejido.es\\\/wp-content\\\/uploads\\\/2026\\\/02\\\/FEED_CARNAVAL2026-1-819x1024-Cropped.jpg\",\"datePublished\":\"2026-02-12T07:36:06+00:00\",\"dateModified\":\"2026-02-12T07:36:07+00:00\",\"description\":\"Disfruta del Carnaval de El Ejido el domingo 15 de febrero a las 12:00 en la Plaza Mayor. M\u00fasica y diversi\u00f3n te esperan.\",\"breadcrumb\":{\"@id\":\"https:\\\/\\\/turismo.elejido.es\\\/index.php\\\/events\\\/carnaval-el-ejido-2026\\\/#breadcrumb\"},\"inLanguage\":\"es\",\"potentialAction\":[{\"@type\":\"ReadAction\",\"target\":[\"https:\\\/\\\/turismo.elejido.es\\\/index.php\\\/events\\\/carnaval-el-ejido-2026\\\/\"]}]},{\"@type\":\"ImageObject\",\"inLanguage\":\"es\",\"@id\":\"https:\\\/\\\/turismo.elejido.es\\\/index.php\\\/events\\\/carnaval-el-ejido-2026\\\/#primaryimage\",\"url\":\"https:\\\/\\\/turismo.elejido.es\\\/wp-content\\\/uploads\\\/2026\\\/02\\\/FEED_CARNAVAL2026-1-819x1024-Cropped.jpg\",\"contentUrl\":\"https:\\\/\\\/turismo.elejido.es\\\/wp-content\\\/uploads\\\/2026\\\/02\\\/FEED_CARNAVAL2026-1-819x1024-Cropped.jpg\",\"width\":819,\"height\":819},{\"@type\":\"BreadcrumbList\",\"@id\":\"https:\\\/\\\/turismo.elejido.es\\\/index.php\\\/events\\\/carnaval-el-ejido-2026\\\/#breadcrumb\",\"itemListElement\":[{\"@type\":\"ListItem\",\"position\":1,\"name\":\"Inicio\",\"item\":\"https:\\\/\\\/turismo.elejido.es\\\/\"},{\"@type\":\"ListItem\",\"position\":2,\"name\":\"Eventos\",\"item\":\"https:\\\/\\\/turismo.elejido.es\\\/index.php\\\/events\\\/\"},{\"@type\":\"ListItem\",\"position\":3,\"name\":\"Carnaval El Ejido 2026\"}]},{\"@type\":\"WebSite\",\"@id\":\"https:\\\/\\\/turismo.elejido.es\\\/#website\",\"url\":\"https:\\\/\\\/turismo.elejido.es\\\/\",\"name\":\"Turismo El Ejido\",\"description\":\"Portal Oficial de Turismo del Municipio de El Ejido, Almerimar y Balerma situado en la costa de Almer\u00eda.\",\"publisher\":{\"@id\":\"https:\\\/\\\/turismo.elejido.es\\\/#organization\"},\"potentialAction\":[{\"@type\":\"SearchAction\",\"target\":{\"@type\":\"EntryPoint\",\"urlTemplate\":\"https:\\\/\\\/turismo.elejido.es\\\/?s={search_term_string}\"},\"query-input\":{\"@type\":\"PropertyValueSpecification\",\"valueRequired\":true,\"valueName\":\"search_term_string\"}}],\"inLanguage\":\"es\"},{\"@type\":\"Organization\",\"@id\":\"https:\\\/\\\/turismo.elejido.es\\\/#organization\",\"name\":\"Turismo El Ejido\",\"url\":\"https:\\\/\\\/turismo.elejido.es\\\/\",\"logo\":{\"@type\":\"ImageObject\",\"inLanguage\":\"es\",\"@id\":\"https:\\\/\\\/turismo.elejido.es\\\/#\\\/schema\\\/logo\\\/image\\\/\",\"url\":\"https:\\\/\\\/turismo.elejido.es\\\/wp-content\\\/uploads\\\/2020\\\/12\\\/elejidoNaranja.png\",\"contentUrl\":\"https:\\\/\\\/turismo.elejido.es\\\/wp-content\\\/uploads\\\/2020\\\/12\\\/elejidoNaranja.png\",\"width\":163,\"height\":92,\"caption\":\"Turismo El Ejido\"},\"image\":{\"@id\":\"https:\\\/\\\/turismo.elejido.es\\\/#\\\/schema\\\/logo\\\/image\\\/\"}}]}<\/script>\n<!-- \/ Yoast SEO plugin. -->","yoast_head_json":{"title":"Carnaval El Ejido 2026","description":"Disfruta del Carnaval de El Ejido el domingo 15 de febrero a las 12:00 en la Plaza Mayor. M\u00fasica y diversi\u00f3n te esperan.","robots":{"index":"index","follow":"follow","max-snippet":"max-snippet:-1","max-image-preview":"max-image-preview:large","max-video-preview":"max-video-preview:-1"},"canonical":"https:\/\/turismo.elejido.es\/index.php\/events\/carnaval-el-ejido-2026\/","og_locale":"es_ES","og_type":"article","og_title":"Carnaval El Ejido 2026","og_description":"Disfruta del Carnaval de El Ejido el domingo 15 de febrero a las 12:00 en la Plaza Mayor. M\u00fasica y diversi\u00f3n te esperan.","og_url":"https:\/\/turismo.elejido.es\/index.php\/events\/carnaval-el-ejido-2026\/","og_site_name":"Turismo El Ejido","article_modified_time":"2026-02-12T07:36:07+00:00","og_image":[{"width":819,"height":819,"url":"https:\/\/turismo.elejido.es\/wp-content\/uploads\/2026\/02\/FEED_CARNAVAL2026-1-819x1024-Cropped.jpg","type":"image\/jpeg"}],"twitter_card":"summary_large_image","twitter_misc":{"Tiempo de lectura":"1 minuto"},"schema":{"@context":"https:\/\/schema.org","@graph":[{"@type":"WebPage","@id":"https:\/\/turismo.elejido.es\/index.php\/events\/carnaval-el-ejido-2026\/","url":"https:\/\/turismo.elejido.es\/index.php\/events\/carnaval-el-ejido-2026\/","name":"Carnaval El Ejido 2026","isPartOf":{"@id":"https:\/\/turismo.elejido.es\/#website"},"primaryImageOfPage":{"@id":"https:\/\/turismo.elejido.es\/index.php\/events\/carnaval-el-ejido-2026\/#primaryimage"},"image":{"@id":"https:\/\/turismo.elejido.es\/index.php\/events\/carnaval-el-ejido-2026\/#primaryimage"},"thumbnailUrl":"https:\/\/turismo.elejido.es\/wp-content\/uploads\/2026\/02\/FEED_CARNAVAL2026-1-819x1024-Cropped.jpg","datePublished":"2026-02-12T07:36:06+00:00","dateModified":"2026-02-12T07:36:07+00:00","description":"Disfruta del Carnaval de El Ejido el domingo 15 de febrero a las 12:00 en la Plaza Mayor. M\u00fasica y diversi\u00f3n te esperan.","breadcrumb":{"@id":"https:\/\/turismo.elejido.es\/index.php\/events\/carnaval-el-ejido-2026\/#breadcrumb"},"inLanguage":"es","potentialAction":[{"@type":"ReadAction","target":["https:\/\/turismo.elejido.es\/index.php\/events\/carnaval-el-ejido-2026\/"]}]},{"@type":"ImageObject","inLanguage":"es","@id":"https:\/\/turismo.elejido.es\/index.php\/events\/carnaval-el-ejido-2026\/#primaryimage","url":"https:\/\/turismo.elejido.es\/wp-content\/uploads\/2026\/02\/FEED_CARNAVAL2026-1-819x1024-Cropped.jpg","contentUrl":"https:\/\/turismo.elejido.es\/wp-content\/uploads\/2026\/02\/FEED_CARNAVAL2026-1-819x1024-Cropped.jpg","width":819,"height":819},{"@type":"BreadcrumbList","@id":"https:\/\/turismo.elejido.es\/index.php\/events\/carnaval-el-ejido-2026\/#breadcrumb","itemListElement":[{"@type":"ListItem","position":1,"name":"Inicio","item":"https:\/\/turismo.elejido.es\/"},{"@type":"ListItem","position":2,"name":"Eventos","item":"https:\/\/turismo.elejido.es\/index.php\/events\/"},{"@type":"ListItem","position":3,"name":"Carnaval El Ejido 2026"}]},{"@type":"WebSite","@id":"https:\/\/turismo.elejido.es\/#website","url":"https:\/\/turismo.elejido.es\/","name":"Turismo El Ejido","description":"Portal Oficial de Turismo del Municipio de El Ejido, Almerimar y Balerma situado en la costa de Almer\u00eda.","publisher":{"@id":"https:\/\/turismo.elejido.es\/#organization"},"potentialAction":[{"@type":"SearchAction","target":{"@type":"EntryPoint","urlTemplate":"https:\/\/turismo.elejido.es\/?s={search_term_string}"},"query-input":{"@type":"PropertyValueSpecification","valueRequired":true,"valueName":"search_term_string"}}],"inLanguage":"es"},{"@type":"Organization","@id":"https:\/\/turismo.elejido.es\/#organization","name":"Turismo El Ejido","url":"https:\/\/turismo.elejido.es\/","logo":{"@type":"ImageObject","inLanguage":"es","@id":"https:\/\/turismo.elejido.es\/#\/schema\/logo\/image\/","url":"https:\/\/turismo.elejido.es\/wp-content\/uploads\/2020\/12\/elejidoNaranja.png","contentUrl":"https:\/\/turismo.elejido.es\/wp-content\/uploads\/2020\/12\/elejidoNaranja.png","width":163,"height":92,"caption":"Turismo El Ejido"},"image":{"@id":"https:\/\/turismo.elejido.es\/#\/schema\/logo\/image\/"}}]}},"_links":{"self":[{"href":"https:\/\/turismo.elejido.es\/index.php\/wp-json\/wp\/v2\/mec-events\/25543","targetHints":{"allow":["GET"]}}],"collection":[{"href":"https:\/\/turismo.elejido.es\/index.php\/wp-json\/wp\/v2\/mec-events"}],"about":[{"href":"https:\/\/turismo.elejido.es\/index.php\/wp-json\/wp\/v2\/types\/mec-events"}],"author":[{"embeddable":true,"href":"https:\/\/turismo.elejido.es\/index.php\/wp-json\/wp\/v2\/users\/5"}],"replies":[{"embeddable":true,"href":"https:\/\/turismo.elejido.es\/index.php\/wp-json\/wp\/v2\/comments?post=25543"}],"wp:featuredmedia":[{"embeddable":true,"href":"https:\/\/turismo.elejido.es\/index.php\/wp-json\/wp\/v2\/media\/25544"}],"wp:attachment":[{"href":"https:\/\/turismo.elejido.es\/index.php\/wp-json\/wp\/v2\/media?parent=25543"}],"wp:term":[{"taxonomy":"post_tag","embeddable":true,"href":"https:\/\/turismo.elejido.es\/index.php\/wp-json\/wp\/v2\/tags?post=25543"},{"taxonomy":"mec_category","embeddable":true,"href":"https:\/\/turismo.elejido.es\/index.php\/wp-json\/wp\/v2\/mec_category?post=25543"}],"curies":[{"name":"wp","href":"https:\/\/api.w.org\/{rel}","templated":true}]}}