{"id":25546,"date":"2026-02-12T09:03:30","date_gmt":"2026-02-12T08:03:30","guid":{"rendered":"https:\/\/turismo.elejido.es\/?post_type=mec-events&#038;p=25546"},"modified":"2026-02-12T09:04:01","modified_gmt":"2026-02-12T08:04:01","slug":"concierto-de-san-valentin-grupo-almenara","status":"publish","type":"mec-events","link":"https:\/\/turismo.elejido.es\/index.php\/events\/concierto-de-san-valentin-grupo-almenara\/","title":{"rendered":"Concierto de San Valent\u00edn \u00abGrupo Almenara\u00bb"},"content":{"rendered":"\n<div style=\"height:40px\" aria-hidden=\"true\" class=\"wp-block-spacer\"><\/div>\n\n\n<div class=\"breadcrumbs align  wp-block-bcn-breadcrumb-trail has-text-color has-background\" vocab=\"https:\/\/schema.org\/\" typeof=\"BreadcrumbList\">\n\t<span><\/span>\n\t<span property=\"itemListElement\" typeof=\"ListItem\"><a property=\"item\" typeof=\"WebPage\" title=\"Ir a Turismo El Ejido.\" href=\"https:\/\/turismo.elejido.es\" class=\"home\" aria-current=\"page\"><span property=\"name\">Turismo El Ejido<\/span><\/a><meta property=\"position\" content=\"1\"><\/span><\/div>\n\n\n\n<div style=\"height:25px\" aria-hidden=\"true\" class=\"wp-block-spacer\"><\/div>\n\n\n\n<h2 class=\"wp-block-heading\">Concierto de San Valent\u00edn \u00abGrupo Almenara\u00bb<\/h2>\n\n\n\n<p>El&nbsp;<strong>domingo 15 de febrero<\/strong>, celebra el amor con m\u00fasica en directo. El&nbsp;<strong>Grupo Almenara<\/strong>&nbsp;te invita a un&nbsp;<strong>Concierto Especial de San Valent\u00edn<\/strong>, una noche para sentir, recordar y compartir.<\/p>\n\n\n\n<p><strong>P\u00fablico recomendado:<\/strong>&nbsp;todos los p\u00fablicos.<\/p>\n\n\n\n<p><strong>Duraci\u00f3n:<\/strong>&nbsp;60 minutos aproximadamente. <\/p>\n\n\n\n<p><strong>Entrada libre hasta completar el aforo.<\/strong><\/p>\n\n\n\n<p><strong>&nbsp;<\/strong>\ud83c\udf9f\ufe0fM\u00e1s informaci\u00f3n en <a href=\"https:\/\/cultura.elejido.es\/\">Cultura El Ejido<\/a>. <\/p>\n\n\n\n<div style=\"height:25px\" aria-hidden=\"true\" class=\"wp-block-spacer\"><\/div>\n\n\n\n<iframe src=\"https:\/\/www.google.com\/maps\/embed?pb=!1m18!1m12!1m3!1d3195.921243002141!2d-2.8138043240524744!3d36.77245676926272!2m3!1f0!2f0!3f0!3m2!1i1024!2i768!4f13.1!3m3!1m2!1s0xd7042e41b5ae8cf%3A0xde223dcab6eb62f3!2sTeatro%20Auditorio%20de%20El%20Ejido!5e0!3m2!1ses!2ses!4v1743409466432!5m2!1ses!2ses\" width=\"600\" height=\"450\" style=\"border:0;\" allowfullscreen=\"\" loading=\"lazy\" referrerpolicy=\"no-referrer-when-downgrade\"><\/iframe>\n","protected":false},"excerpt":{"rendered":"<p>Concierto de San Valent\u00edn \u00abGrupo Almenara\u00bb El&nbsp;domingo 15 de febrero, celebra el amor con m\u00fasica en directo. El&nbsp;Grupo Almenara&nbsp;te invita a un&nbsp;Concierto Especial de San Valent\u00edn, una noche para sentir, recordar y compartir. P\u00fablico recomendado:&nbsp;todos los p\u00fablicos. Duraci\u00f3n:&nbsp;60 minutos aproximadamente. Entrada libre hasta completar el aforo. &nbsp;\ud83c\udf9f\ufe0fM\u00e1s informaci\u00f3n en Cultura El Ejido.<\/p>\n","protected":false},"author":5,"featured_media":25547,"comment_status":"closed","ping_status":"closed","template":"","tags":[],"mec_category":[103],"class_list":["post-25546","mec-events","type-mec-events","status-publish","has-post-thumbnail","hentry","mec_category-musica","entry","has-media"],"yoast_head":"<!-- This site is optimized with the Yoast SEO plugin v27.4 - https:\/\/yoast.com\/product\/yoast-seo-wordpress\/ -->\n<title>Concierto de San Valent\u00edn &quot;Grupo Almenara&quot;<\/title>\n<meta name=\"description\" content=\"El domingo 15 de febrero, celebra el amor con m\u00fasica en directo. El Grupo Almenara te invita a un Concierto Especial de San Valent\u00edn.\" \/>\n<meta name=\"robots\" content=\"index, follow, max-snippet:-1, max-image-preview:large, max-video-preview:-1\" \/>\n<link rel=\"canonical\" href=\"https:\/\/turismo.elejido.es\/index.php\/events\/concierto-de-san-valentin-grupo-almenara\/\" \/>\n<meta property=\"og:locale\" content=\"es_ES\" \/>\n<meta property=\"og:type\" content=\"article\" \/>\n<meta property=\"og:title\" content=\"Concierto de San Valent\u00edn &quot;Grupo Almenara&quot;\" \/>\n<meta property=\"og:description\" content=\"El domingo 15 de febrero, celebra el amor con m\u00fasica en directo. El Grupo Almenara te invita a un Concierto Especial de San Valent\u00edn.\" \/>\n<meta property=\"og:url\" content=\"https:\/\/turismo.elejido.es\/index.php\/events\/concierto-de-san-valentin-grupo-almenara\/\" \/>\n<meta property=\"og:site_name\" content=\"Turismo El Ejido\" \/>\n<meta property=\"article:modified_time\" content=\"2026-02-12T08:04:01+00:00\" \/>\n<meta property=\"og:image\" content=\"https:\/\/turismo.elejido.es\/wp-content\/uploads\/2026\/02\/san-valentin-el-ejido.jpg\" \/>\n\t<meta property=\"og:image:width\" content=\"1074\" \/>\n\t<meta property=\"og:image:height\" content=\"1074\" \/>\n\t<meta property=\"og:image:type\" content=\"image\/jpeg\" \/>\n<meta name=\"twitter:card\" content=\"summary_large_image\" \/>\n<meta name=\"twitter:label1\" content=\"Tiempo de lectura\" \/>\n\t<meta name=\"twitter:data1\" content=\"1 minuto\" \/>\n<script type=\"application\/ld+json\" class=\"yoast-schema-graph\">{\"@context\":\"https:\\\/\\\/schema.org\",\"@graph\":[{\"@type\":\"WebPage\",\"@id\":\"https:\\\/\\\/turismo.elejido.es\\\/index.php\\\/events\\\/concierto-de-san-valentin-grupo-almenara\\\/\",\"url\":\"https:\\\/\\\/turismo.elejido.es\\\/index.php\\\/events\\\/concierto-de-san-valentin-grupo-almenara\\\/\",\"name\":\"Concierto de San Valent\u00edn \\\"Grupo Almenara\\\"\",\"isPartOf\":{\"@id\":\"https:\\\/\\\/turismo.elejido.es\\\/#website\"},\"primaryImageOfPage\":{\"@id\":\"https:\\\/\\\/turismo.elejido.es\\\/index.php\\\/events\\\/concierto-de-san-valentin-grupo-almenara\\\/#primaryimage\"},\"image\":{\"@id\":\"https:\\\/\\\/turismo.elejido.es\\\/index.php\\\/events\\\/concierto-de-san-valentin-grupo-almenara\\\/#primaryimage\"},\"thumbnailUrl\":\"https:\\\/\\\/turismo.elejido.es\\\/wp-content\\\/uploads\\\/2026\\\/02\\\/san-valentin-el-ejido.jpg\",\"datePublished\":\"2026-02-12T08:03:30+00:00\",\"dateModified\":\"2026-02-12T08:04:01+00:00\",\"description\":\"El domingo 15 de febrero, celebra el amor con m\u00fasica en directo. El Grupo Almenara te invita a un Concierto Especial de San Valent\u00edn.\",\"breadcrumb\":{\"@id\":\"https:\\\/\\\/turismo.elejido.es\\\/index.php\\\/events\\\/concierto-de-san-valentin-grupo-almenara\\\/#breadcrumb\"},\"inLanguage\":\"es\",\"potentialAction\":[{\"@type\":\"ReadAction\",\"target\":[\"https:\\\/\\\/turismo.elejido.es\\\/index.php\\\/events\\\/concierto-de-san-valentin-grupo-almenara\\\/\"]}]},{\"@type\":\"ImageObject\",\"inLanguage\":\"es\",\"@id\":\"https:\\\/\\\/turismo.elejido.es\\\/index.php\\\/events\\\/concierto-de-san-valentin-grupo-almenara\\\/#primaryimage\",\"url\":\"https:\\\/\\\/turismo.elejido.es\\\/wp-content\\\/uploads\\\/2026\\\/02\\\/san-valentin-el-ejido.jpg\",\"contentUrl\":\"https:\\\/\\\/turismo.elejido.es\\\/wp-content\\\/uploads\\\/2026\\\/02\\\/san-valentin-el-ejido.jpg\",\"width\":1074,\"height\":1074},{\"@type\":\"BreadcrumbList\",\"@id\":\"https:\\\/\\\/turismo.elejido.es\\\/index.php\\\/events\\\/concierto-de-san-valentin-grupo-almenara\\\/#breadcrumb\",\"itemListElement\":[{\"@type\":\"ListItem\",\"position\":1,\"name\":\"Inicio\",\"item\":\"https:\\\/\\\/turismo.elejido.es\\\/\"},{\"@type\":\"ListItem\",\"position\":2,\"name\":\"Eventos\",\"item\":\"https:\\\/\\\/turismo.elejido.es\\\/index.php\\\/events\\\/\"},{\"@type\":\"ListItem\",\"position\":3,\"name\":\"Concierto de San Valent\u00edn \u00abGrupo Almenara\u00bb\"}]},{\"@type\":\"WebSite\",\"@id\":\"https:\\\/\\\/turismo.elejido.es\\\/#website\",\"url\":\"https:\\\/\\\/turismo.elejido.es\\\/\",\"name\":\"Turismo El Ejido\",\"description\":\"Portal Oficial de Turismo del Municipio de El Ejido, Almerimar y Balerma situado en la costa de Almer\u00eda.\",\"publisher\":{\"@id\":\"https:\\\/\\\/turismo.elejido.es\\\/#organization\"},\"potentialAction\":[{\"@type\":\"SearchAction\",\"target\":{\"@type\":\"EntryPoint\",\"urlTemplate\":\"https:\\\/\\\/turismo.elejido.es\\\/?s={search_term_string}\"},\"query-input\":{\"@type\":\"PropertyValueSpecification\",\"valueRequired\":true,\"valueName\":\"search_term_string\"}}],\"inLanguage\":\"es\"},{\"@type\":\"Organization\",\"@id\":\"https:\\\/\\\/turismo.elejido.es\\\/#organization\",\"name\":\"Turismo El Ejido\",\"url\":\"https:\\\/\\\/turismo.elejido.es\\\/\",\"logo\":{\"@type\":\"ImageObject\",\"inLanguage\":\"es\",\"@id\":\"https:\\\/\\\/turismo.elejido.es\\\/#\\\/schema\\\/logo\\\/image\\\/\",\"url\":\"https:\\\/\\\/turismo.elejido.es\\\/wp-content\\\/uploads\\\/2020\\\/12\\\/elejidoNaranja.png\",\"contentUrl\":\"https:\\\/\\\/turismo.elejido.es\\\/wp-content\\\/uploads\\\/2020\\\/12\\\/elejidoNaranja.png\",\"width\":163,\"height\":92,\"caption\":\"Turismo El Ejido\"},\"image\":{\"@id\":\"https:\\\/\\\/turismo.elejido.es\\\/#\\\/schema\\\/logo\\\/image\\\/\"}}]}<\/script>\n<!-- \/ Yoast SEO plugin. -->","yoast_head_json":{"title":"Concierto de San Valent\u00edn \"Grupo Almenara\"","description":"El domingo 15 de febrero, celebra el amor con m\u00fasica en directo. El Grupo Almenara te invita a un Concierto Especial de San Valent\u00edn.","robots":{"index":"index","follow":"follow","max-snippet":"max-snippet:-1","max-image-preview":"max-image-preview:large","max-video-preview":"max-video-preview:-1"},"canonical":"https:\/\/turismo.elejido.es\/index.php\/events\/concierto-de-san-valentin-grupo-almenara\/","og_locale":"es_ES","og_type":"article","og_title":"Concierto de San Valent\u00edn \"Grupo Almenara\"","og_description":"El domingo 15 de febrero, celebra el amor con m\u00fasica en directo. El Grupo Almenara te invita a un Concierto Especial de San Valent\u00edn.","og_url":"https:\/\/turismo.elejido.es\/index.php\/events\/concierto-de-san-valentin-grupo-almenara\/","og_site_name":"Turismo El Ejido","article_modified_time":"2026-02-12T08:04:01+00:00","og_image":[{"width":1074,"height":1074,"url":"https:\/\/turismo.elejido.es\/wp-content\/uploads\/2026\/02\/san-valentin-el-ejido.jpg","type":"image\/jpeg"}],"twitter_card":"summary_large_image","twitter_misc":{"Tiempo de lectura":"1 minuto"},"schema":{"@context":"https:\/\/schema.org","@graph":[{"@type":"WebPage","@id":"https:\/\/turismo.elejido.es\/index.php\/events\/concierto-de-san-valentin-grupo-almenara\/","url":"https:\/\/turismo.elejido.es\/index.php\/events\/concierto-de-san-valentin-grupo-almenara\/","name":"Concierto de San Valent\u00edn \"Grupo Almenara\"","isPartOf":{"@id":"https:\/\/turismo.elejido.es\/#website"},"primaryImageOfPage":{"@id":"https:\/\/turismo.elejido.es\/index.php\/events\/concierto-de-san-valentin-grupo-almenara\/#primaryimage"},"image":{"@id":"https:\/\/turismo.elejido.es\/index.php\/events\/concierto-de-san-valentin-grupo-almenara\/#primaryimage"},"thumbnailUrl":"https:\/\/turismo.elejido.es\/wp-content\/uploads\/2026\/02\/san-valentin-el-ejido.jpg","datePublished":"2026-02-12T08:03:30+00:00","dateModified":"2026-02-12T08:04:01+00:00","description":"El domingo 15 de febrero, celebra el amor con m\u00fasica en directo. El Grupo Almenara te invita a un Concierto Especial de San Valent\u00edn.","breadcrumb":{"@id":"https:\/\/turismo.elejido.es\/index.php\/events\/concierto-de-san-valentin-grupo-almenara\/#breadcrumb"},"inLanguage":"es","potentialAction":[{"@type":"ReadAction","target":["https:\/\/turismo.elejido.es\/index.php\/events\/concierto-de-san-valentin-grupo-almenara\/"]}]},{"@type":"ImageObject","inLanguage":"es","@id":"https:\/\/turismo.elejido.es\/index.php\/events\/concierto-de-san-valentin-grupo-almenara\/#primaryimage","url":"https:\/\/turismo.elejido.es\/wp-content\/uploads\/2026\/02\/san-valentin-el-ejido.jpg","contentUrl":"https:\/\/turismo.elejido.es\/wp-content\/uploads\/2026\/02\/san-valentin-el-ejido.jpg","width":1074,"height":1074},{"@type":"BreadcrumbList","@id":"https:\/\/turismo.elejido.es\/index.php\/events\/concierto-de-san-valentin-grupo-almenara\/#breadcrumb","itemListElement":[{"@type":"ListItem","position":1,"name":"Inicio","item":"https:\/\/turismo.elejido.es\/"},{"@type":"ListItem","position":2,"name":"Eventos","item":"https:\/\/turismo.elejido.es\/index.php\/events\/"},{"@type":"ListItem","position":3,"name":"Concierto de San Valent\u00edn \u00abGrupo Almenara\u00bb"}]},{"@type":"WebSite","@id":"https:\/\/turismo.elejido.es\/#website","url":"https:\/\/turismo.elejido.es\/","name":"Turismo El Ejido","description":"Portal Oficial de Turismo del Municipio de El Ejido, Almerimar y Balerma situado en la costa de Almer\u00eda.","publisher":{"@id":"https:\/\/turismo.elejido.es\/#organization"},"potentialAction":[{"@type":"SearchAction","target":{"@type":"EntryPoint","urlTemplate":"https:\/\/turismo.elejido.es\/?s={search_term_string}"},"query-input":{"@type":"PropertyValueSpecification","valueRequired":true,"valueName":"search_term_string"}}],"inLanguage":"es"},{"@type":"Organization","@id":"https:\/\/turismo.elejido.es\/#organization","name":"Turismo El Ejido","url":"https:\/\/turismo.elejido.es\/","logo":{"@type":"ImageObject","inLanguage":"es","@id":"https:\/\/turismo.elejido.es\/#\/schema\/logo\/image\/","url":"https:\/\/turismo.elejido.es\/wp-content\/uploads\/2020\/12\/elejidoNaranja.png","contentUrl":"https:\/\/turismo.elejido.es\/wp-content\/uploads\/2020\/12\/elejidoNaranja.png","width":163,"height":92,"caption":"Turismo El Ejido"},"image":{"@id":"https:\/\/turismo.elejido.es\/#\/schema\/logo\/image\/"}}]}},"_links":{"self":[{"href":"https:\/\/turismo.elejido.es\/index.php\/wp-json\/wp\/v2\/mec-events\/25546","targetHints":{"allow":["GET"]}}],"collection":[{"href":"https:\/\/turismo.elejido.es\/index.php\/wp-json\/wp\/v2\/mec-events"}],"about":[{"href":"https:\/\/turismo.elejido.es\/index.php\/wp-json\/wp\/v2\/types\/mec-events"}],"author":[{"embeddable":true,"href":"https:\/\/turismo.elejido.es\/index.php\/wp-json\/wp\/v2\/users\/5"}],"replies":[{"embeddable":true,"href":"https:\/\/turismo.elejido.es\/index.php\/wp-json\/wp\/v2\/comments?post=25546"}],"wp:featuredmedia":[{"embeddable":true,"href":"https:\/\/turismo.elejido.es\/index.php\/wp-json\/wp\/v2\/media\/25547"}],"wp:attachment":[{"href":"https:\/\/turismo.elejido.es\/index.php\/wp-json\/wp\/v2\/media?parent=25546"}],"wp:term":[{"taxonomy":"post_tag","embeddable":true,"href":"https:\/\/turismo.elejido.es\/index.php\/wp-json\/wp\/v2\/tags?post=25546"},{"taxonomy":"mec_category","embeddable":true,"href":"https:\/\/turismo.elejido.es\/index.php\/wp-json\/wp\/v2\/mec_category?post=25546"}],"curies":[{"name":"wp","href":"https:\/\/api.w.org\/{rel}","templated":true}]}}