{"id":25551,"date":"2026-02-12T13:32:07","date_gmt":"2026-02-12T12:32:07","guid":{"rendered":"https:\/\/turismo.elejido.es\/?post_type=mec-events&#038;p=25551"},"modified":"2026-02-12T13:32:07","modified_gmt":"2026-02-12T12:32:07","slug":"ciclo-de-cine-espanol-maspalomas","status":"publish","type":"mec-events","link":"https:\/\/turismo.elejido.es\/index.php\/events\/ciclo-de-cine-espanol-maspalomas\/","title":{"rendered":"Ciclo de cine Espa\u00f1ol \u00abMaspalomas\u00bb"},"content":{"rendered":"\n<div style=\"height:40px\" aria-hidden=\"true\" class=\"wp-block-spacer\"><\/div>\n\n\n<div class=\"breadcrumbs align  wp-block-bcn-breadcrumb-trail has-text-color has-background\" vocab=\"https:\/\/schema.org\/\" typeof=\"BreadcrumbList\">\n\t<span><\/span>\n\t<span property=\"itemListElement\" typeof=\"ListItem\"><a property=\"item\" typeof=\"WebPage\" title=\"Ir a Turismo El Ejido.\" href=\"https:\/\/turismo.elejido.es\" class=\"home\" aria-current=\"page\"><span property=\"name\">Turismo El Ejido<\/span><\/a><meta property=\"position\" content=\"1\"><\/span><\/div>\n\n\n\n<div style=\"height:25px\" aria-hidden=\"true\" class=\"wp-block-spacer\"><\/div>\n\n\n\n<h2 class=\"wp-block-heading\">Ciclo de cine Espa\u00f1ol \u00abMaspalomas\u00bb<\/h2>\n\n\n\n<p>Tras romper con su pareja, Vicente lleva la vida que le gusta en Maspalomas: su d\u00eda a d\u00eda lo pasa tumbado al sol, de fiesta y buscando el placer. Un accidente inesperado le obliga a regresar a San Sebasti\u00e1n, y reencontrarse con su hija, a quien abandon\u00f3 a\u00f1os atr\u00e1s. Vicente tendr\u00e1 que vivir en una residencia donde se ver\u00e1 empujado a volver al armario y a ocultar una parte de s\u00ed mismo que cre\u00eda resuelta. En este nuevo entorno, Vicente deber\u00e1 preguntarse si a\u00fan est\u00e1 a tiempo de reconciliarse con los dem\u00e1s\u2026 y consigo mismo.<\/p>\n\n\n\n<p>\ud83c\udf9f\ufe0fInscripci\u00f3n obligatoria, m\u00e1s informaci\u00f3n en <a href=\"https:\/\/cultura.elejido.es\/\">Cultura El Ejido<\/a>. <\/p>\n\n\n\n<div style=\"height:25px\" aria-hidden=\"true\" class=\"wp-block-spacer\"><\/div>\n\n\n\n<iframe src=\"https:\/\/www.google.com\/maps\/embed?pb=!1m18!1m12!1m3!1d3195.842745642336!2d-2.813821623704455!3d36.77433976915612!2m3!1f0!2f0!3f0!3m2!1i1024!2i768!4f13.1!3m3!1m2!1s0xd7042e6ec974c07%3A0xed3d9aef7ccdda6a!2sCentro%20de%20Interpretaci%C3%B3n%20de%20la%20Cultura%20Mediterr%C3%A1nea!5e0!3m2!1ses!2ses!4v1770899067655!5m2!1ses!2ses\" width=\"600\" height=\"450\" style=\"border:0;\" allowfullscreen=\"\" loading=\"lazy\" referrerpolicy=\"no-referrer-when-downgrade\"><\/iframe>\n","protected":false},"excerpt":{"rendered":"<p>Ciclo de cine Espa\u00f1ol \u00abMaspalomas\u00bb Tras romper con su pareja, Vicente lleva la vida que le gusta en Maspalomas: su d\u00eda a d\u00eda lo pasa tumbado al sol, de fiesta y buscando el placer. Un accidente inesperado le obliga a regresar a San Sebasti\u00e1n, y reencontrarse con su hija, a quien abandon\u00f3 a\u00f1os atr\u00e1s. Vicente [&hellip;]<\/p>\n","protected":false},"author":35,"featured_media":25553,"comment_status":"closed","ping_status":"closed","template":"","tags":[],"mec_category":[773,101],"class_list":["post-25551","mec-events","type-mec-events","status-publish","has-post-thumbnail","hentry","mec_category-ocio","mec_category-teatro","entry","has-media"],"yoast_head":"<!-- This site is optimized with the Yoast SEO plugin v27.4 - https:\/\/yoast.com\/product\/yoast-seo-wordpress\/ -->\n<title>Ciclo de cine Espa\u00f1ol \u00abMaspalomas\u00bb<\/title>\n<meta name=\"description\" content=\"Ven a disfrutar del cine espa\u00f1ol y ve esta pel\u00edcula junto a nosotros en el Centro de interpretaci\u00f3n de la Cultura Mediterr\u00e1nea\" \/>\n<meta name=\"robots\" content=\"index, follow, max-snippet:-1, max-image-preview:large, max-video-preview:-1\" \/>\n<link rel=\"canonical\" href=\"https:\/\/turismo.elejido.es\/index.php\/events\/ciclo-de-cine-espanol-maspalomas\/\" \/>\n<meta property=\"og:locale\" content=\"es_ES\" \/>\n<meta property=\"og:type\" content=\"article\" \/>\n<meta property=\"og:title\" content=\"Ciclo de cine Espa\u00f1ol \u00abMaspalomas\u00bb\" \/>\n<meta property=\"og:description\" content=\"Ven a disfrutar del cine espa\u00f1ol y ve esta pel\u00edcula junto a nosotros en el Centro de interpretaci\u00f3n de la Cultura Mediterr\u00e1nea\" \/>\n<meta property=\"og:url\" content=\"https:\/\/turismo.elejido.es\/index.php\/events\/ciclo-de-cine-espanol-maspalomas\/\" \/>\n<meta property=\"og:site_name\" content=\"Turismo El Ejido\" \/>\n<meta property=\"og:image\" content=\"https:\/\/turismo.elejido.es\/wp-content\/uploads\/2026\/02\/MASPALOMAS_CARTEL_SIN-FECHA-Cropped.jpg\" \/>\n\t<meta property=\"og:image:width\" content=\"757\" \/>\n\t<meta property=\"og:image:height\" content=\"757\" \/>\n\t<meta property=\"og:image:type\" content=\"image\/jpeg\" \/>\n<meta name=\"twitter:card\" content=\"summary_large_image\" \/>\n<meta name=\"twitter:label1\" content=\"Tiempo de lectura\" \/>\n\t<meta name=\"twitter:data1\" content=\"1 minuto\" \/>\n<script type=\"application\/ld+json\" class=\"yoast-schema-graph\">{\"@context\":\"https:\\\/\\\/schema.org\",\"@graph\":[{\"@type\":\"WebPage\",\"@id\":\"https:\\\/\\\/turismo.elejido.es\\\/index.php\\\/events\\\/ciclo-de-cine-espanol-maspalomas\\\/\",\"url\":\"https:\\\/\\\/turismo.elejido.es\\\/index.php\\\/events\\\/ciclo-de-cine-espanol-maspalomas\\\/\",\"name\":\"Ciclo de cine Espa\u00f1ol \u00abMaspalomas\u00bb\",\"isPartOf\":{\"@id\":\"https:\\\/\\\/turismo.elejido.es\\\/#website\"},\"primaryImageOfPage\":{\"@id\":\"https:\\\/\\\/turismo.elejido.es\\\/index.php\\\/events\\\/ciclo-de-cine-espanol-maspalomas\\\/#primaryimage\"},\"image\":{\"@id\":\"https:\\\/\\\/turismo.elejido.es\\\/index.php\\\/events\\\/ciclo-de-cine-espanol-maspalomas\\\/#primaryimage\"},\"thumbnailUrl\":\"https:\\\/\\\/turismo.elejido.es\\\/wp-content\\\/uploads\\\/2026\\\/02\\\/MASPALOMAS_CARTEL_SIN-FECHA-Cropped.jpg\",\"datePublished\":\"2026-02-12T12:32:07+00:00\",\"description\":\"Ven a disfrutar del cine espa\u00f1ol y ve esta pel\u00edcula junto a nosotros en el Centro de interpretaci\u00f3n de la Cultura Mediterr\u00e1nea\",\"breadcrumb\":{\"@id\":\"https:\\\/\\\/turismo.elejido.es\\\/index.php\\\/events\\\/ciclo-de-cine-espanol-maspalomas\\\/#breadcrumb\"},\"inLanguage\":\"es\",\"potentialAction\":[{\"@type\":\"ReadAction\",\"target\":[\"https:\\\/\\\/turismo.elejido.es\\\/index.php\\\/events\\\/ciclo-de-cine-espanol-maspalomas\\\/\"]}]},{\"@type\":\"ImageObject\",\"inLanguage\":\"es\",\"@id\":\"https:\\\/\\\/turismo.elejido.es\\\/index.php\\\/events\\\/ciclo-de-cine-espanol-maspalomas\\\/#primaryimage\",\"url\":\"https:\\\/\\\/turismo.elejido.es\\\/wp-content\\\/uploads\\\/2026\\\/02\\\/MASPALOMAS_CARTEL_SIN-FECHA-Cropped.jpg\",\"contentUrl\":\"https:\\\/\\\/turismo.elejido.es\\\/wp-content\\\/uploads\\\/2026\\\/02\\\/MASPALOMAS_CARTEL_SIN-FECHA-Cropped.jpg\",\"width\":757,\"height\":757},{\"@type\":\"BreadcrumbList\",\"@id\":\"https:\\\/\\\/turismo.elejido.es\\\/index.php\\\/events\\\/ciclo-de-cine-espanol-maspalomas\\\/#breadcrumb\",\"itemListElement\":[{\"@type\":\"ListItem\",\"position\":1,\"name\":\"Inicio\",\"item\":\"https:\\\/\\\/turismo.elejido.es\\\/\"},{\"@type\":\"ListItem\",\"position\":2,\"name\":\"Eventos\",\"item\":\"https:\\\/\\\/turismo.elejido.es\\\/index.php\\\/events\\\/\"},{\"@type\":\"ListItem\",\"position\":3,\"name\":\"Ciclo de cine Espa\u00f1ol \u00abMaspalomas\u00bb\"}]},{\"@type\":\"WebSite\",\"@id\":\"https:\\\/\\\/turismo.elejido.es\\\/#website\",\"url\":\"https:\\\/\\\/turismo.elejido.es\\\/\",\"name\":\"Turismo El Ejido\",\"description\":\"Portal Oficial de Turismo del Municipio de El Ejido, Almerimar y Balerma situado en la costa de Almer\u00eda.\",\"publisher\":{\"@id\":\"https:\\\/\\\/turismo.elejido.es\\\/#organization\"},\"potentialAction\":[{\"@type\":\"SearchAction\",\"target\":{\"@type\":\"EntryPoint\",\"urlTemplate\":\"https:\\\/\\\/turismo.elejido.es\\\/?s={search_term_string}\"},\"query-input\":{\"@type\":\"PropertyValueSpecification\",\"valueRequired\":true,\"valueName\":\"search_term_string\"}}],\"inLanguage\":\"es\"},{\"@type\":\"Organization\",\"@id\":\"https:\\\/\\\/turismo.elejido.es\\\/#organization\",\"name\":\"Turismo El Ejido\",\"url\":\"https:\\\/\\\/turismo.elejido.es\\\/\",\"logo\":{\"@type\":\"ImageObject\",\"inLanguage\":\"es\",\"@id\":\"https:\\\/\\\/turismo.elejido.es\\\/#\\\/schema\\\/logo\\\/image\\\/\",\"url\":\"https:\\\/\\\/turismo.elejido.es\\\/wp-content\\\/uploads\\\/2020\\\/12\\\/elejidoNaranja.png\",\"contentUrl\":\"https:\\\/\\\/turismo.elejido.es\\\/wp-content\\\/uploads\\\/2020\\\/12\\\/elejidoNaranja.png\",\"width\":163,\"height\":92,\"caption\":\"Turismo El Ejido\"},\"image\":{\"@id\":\"https:\\\/\\\/turismo.elejido.es\\\/#\\\/schema\\\/logo\\\/image\\\/\"}}]}<\/script>\n<!-- \/ Yoast SEO plugin. -->","yoast_head_json":{"title":"Ciclo de cine Espa\u00f1ol \u00abMaspalomas\u00bb","description":"Ven a disfrutar del cine espa\u00f1ol y ve esta pel\u00edcula junto a nosotros en el Centro de interpretaci\u00f3n de la Cultura Mediterr\u00e1nea","robots":{"index":"index","follow":"follow","max-snippet":"max-snippet:-1","max-image-preview":"max-image-preview:large","max-video-preview":"max-video-preview:-1"},"canonical":"https:\/\/turismo.elejido.es\/index.php\/events\/ciclo-de-cine-espanol-maspalomas\/","og_locale":"es_ES","og_type":"article","og_title":"Ciclo de cine Espa\u00f1ol \u00abMaspalomas\u00bb","og_description":"Ven a disfrutar del cine espa\u00f1ol y ve esta pel\u00edcula junto a nosotros en el Centro de interpretaci\u00f3n de la Cultura Mediterr\u00e1nea","og_url":"https:\/\/turismo.elejido.es\/index.php\/events\/ciclo-de-cine-espanol-maspalomas\/","og_site_name":"Turismo El Ejido","og_image":[{"width":757,"height":757,"url":"https:\/\/turismo.elejido.es\/wp-content\/uploads\/2026\/02\/MASPALOMAS_CARTEL_SIN-FECHA-Cropped.jpg","type":"image\/jpeg"}],"twitter_card":"summary_large_image","twitter_misc":{"Tiempo de lectura":"1 minuto"},"schema":{"@context":"https:\/\/schema.org","@graph":[{"@type":"WebPage","@id":"https:\/\/turismo.elejido.es\/index.php\/events\/ciclo-de-cine-espanol-maspalomas\/","url":"https:\/\/turismo.elejido.es\/index.php\/events\/ciclo-de-cine-espanol-maspalomas\/","name":"Ciclo de cine Espa\u00f1ol \u00abMaspalomas\u00bb","isPartOf":{"@id":"https:\/\/turismo.elejido.es\/#website"},"primaryImageOfPage":{"@id":"https:\/\/turismo.elejido.es\/index.php\/events\/ciclo-de-cine-espanol-maspalomas\/#primaryimage"},"image":{"@id":"https:\/\/turismo.elejido.es\/index.php\/events\/ciclo-de-cine-espanol-maspalomas\/#primaryimage"},"thumbnailUrl":"https:\/\/turismo.elejido.es\/wp-content\/uploads\/2026\/02\/MASPALOMAS_CARTEL_SIN-FECHA-Cropped.jpg","datePublished":"2026-02-12T12:32:07+00:00","description":"Ven a disfrutar del cine espa\u00f1ol y ve esta pel\u00edcula junto a nosotros en el Centro de interpretaci\u00f3n de la Cultura Mediterr\u00e1nea","breadcrumb":{"@id":"https:\/\/turismo.elejido.es\/index.php\/events\/ciclo-de-cine-espanol-maspalomas\/#breadcrumb"},"inLanguage":"es","potentialAction":[{"@type":"ReadAction","target":["https:\/\/turismo.elejido.es\/index.php\/events\/ciclo-de-cine-espanol-maspalomas\/"]}]},{"@type":"ImageObject","inLanguage":"es","@id":"https:\/\/turismo.elejido.es\/index.php\/events\/ciclo-de-cine-espanol-maspalomas\/#primaryimage","url":"https:\/\/turismo.elejido.es\/wp-content\/uploads\/2026\/02\/MASPALOMAS_CARTEL_SIN-FECHA-Cropped.jpg","contentUrl":"https:\/\/turismo.elejido.es\/wp-content\/uploads\/2026\/02\/MASPALOMAS_CARTEL_SIN-FECHA-Cropped.jpg","width":757,"height":757},{"@type":"BreadcrumbList","@id":"https:\/\/turismo.elejido.es\/index.php\/events\/ciclo-de-cine-espanol-maspalomas\/#breadcrumb","itemListElement":[{"@type":"ListItem","position":1,"name":"Inicio","item":"https:\/\/turismo.elejido.es\/"},{"@type":"ListItem","position":2,"name":"Eventos","item":"https:\/\/turismo.elejido.es\/index.php\/events\/"},{"@type":"ListItem","position":3,"name":"Ciclo de cine Espa\u00f1ol \u00abMaspalomas\u00bb"}]},{"@type":"WebSite","@id":"https:\/\/turismo.elejido.es\/#website","url":"https:\/\/turismo.elejido.es\/","name":"Turismo El Ejido","description":"Portal Oficial de Turismo del Municipio de El Ejido, Almerimar y Balerma situado en la costa de Almer\u00eda.","publisher":{"@id":"https:\/\/turismo.elejido.es\/#organization"},"potentialAction":[{"@type":"SearchAction","target":{"@type":"EntryPoint","urlTemplate":"https:\/\/turismo.elejido.es\/?s={search_term_string}"},"query-input":{"@type":"PropertyValueSpecification","valueRequired":true,"valueName":"search_term_string"}}],"inLanguage":"es"},{"@type":"Organization","@id":"https:\/\/turismo.elejido.es\/#organization","name":"Turismo El Ejido","url":"https:\/\/turismo.elejido.es\/","logo":{"@type":"ImageObject","inLanguage":"es","@id":"https:\/\/turismo.elejido.es\/#\/schema\/logo\/image\/","url":"https:\/\/turismo.elejido.es\/wp-content\/uploads\/2020\/12\/elejidoNaranja.png","contentUrl":"https:\/\/turismo.elejido.es\/wp-content\/uploads\/2020\/12\/elejidoNaranja.png","width":163,"height":92,"caption":"Turismo El Ejido"},"image":{"@id":"https:\/\/turismo.elejido.es\/#\/schema\/logo\/image\/"}}]}},"_links":{"self":[{"href":"https:\/\/turismo.elejido.es\/index.php\/wp-json\/wp\/v2\/mec-events\/25551","targetHints":{"allow":["GET"]}}],"collection":[{"href":"https:\/\/turismo.elejido.es\/index.php\/wp-json\/wp\/v2\/mec-events"}],"about":[{"href":"https:\/\/turismo.elejido.es\/index.php\/wp-json\/wp\/v2\/types\/mec-events"}],"author":[{"embeddable":true,"href":"https:\/\/turismo.elejido.es\/index.php\/wp-json\/wp\/v2\/users\/35"}],"replies":[{"embeddable":true,"href":"https:\/\/turismo.elejido.es\/index.php\/wp-json\/wp\/v2\/comments?post=25551"}],"wp:featuredmedia":[{"embeddable":true,"href":"https:\/\/turismo.elejido.es\/index.php\/wp-json\/wp\/v2\/media\/25553"}],"wp:attachment":[{"href":"https:\/\/turismo.elejido.es\/index.php\/wp-json\/wp\/v2\/media?parent=25551"}],"wp:term":[{"taxonomy":"post_tag","embeddable":true,"href":"https:\/\/turismo.elejido.es\/index.php\/wp-json\/wp\/v2\/tags?post=25551"},{"taxonomy":"mec_category","embeddable":true,"href":"https:\/\/turismo.elejido.es\/index.php\/wp-json\/wp\/v2\/mec_category?post=25551"}],"curies":[{"name":"wp","href":"https:\/\/api.w.org\/{rel}","templated":true}]}}