{"id":25753,"date":"2026-03-24T10:23:31","date_gmt":"2026-03-24T09:23:31","guid":{"rendered":"https:\/\/turismo.elejido.es\/?post_type=mec-events&#038;p=25753"},"modified":"2026-03-24T10:24:10","modified_gmt":"2026-03-24T09:24:10","slug":"pentacion-espectaculos-dulcinea","status":"publish","type":"mec-events","link":"https:\/\/turismo.elejido.es\/index.php\/events\/pentacion-espectaculos-dulcinea\/","title":{"rendered":"Pentaci\u00f3n Espect\u00e1culos         \u00abDulcinea\u00bb"},"content":{"rendered":"\n<div class=\"wp-block-nk-awb nk-awb alturaSlider is-layout-constrained wp-block-nk-awb-is-layout-constrained\"><div class=\"nk-awb-wrap\" data-awb-type=\"image\" data-awb-parallax=\"scroll\" data-awb-parallax-speed=\"0.5\" data-awb-parallax-mobile=\"false\" data-awb-image-background-size=\"cover\" data-awb-image-background-position=\"75% 0%\"><div class=\"nk-awb-inner\"><img loading=\"lazy\" decoding=\"async\" src=\"https:\/\/turismo.elejido.es\/wp-content\/uploads\/2026\/03\/CARTEL_DULCINEA_conLOGO_OK-scaled-Cropped.jpg\" class=\"wp-image-25755 jarallax-img\" width=\"1795\" height=\"1795\" srcset=\"https:\/\/turismo.elejido.es\/wp-content\/uploads\/2026\/03\/CARTEL_DULCINEA_conLOGO_OK-scaled-Cropped.jpg 1795w, https:\/\/turismo.elejido.es\/wp-content\/uploads\/2026\/03\/CARTEL_DULCINEA_conLOGO_OK-scaled-Cropped-500x500.jpg 500w, https:\/\/turismo.elejido.es\/wp-content\/uploads\/2026\/03\/CARTEL_DULCINEA_conLOGO_OK-scaled-Cropped-1080x1080.jpg 1080w, https:\/\/turismo.elejido.es\/wp-content\/uploads\/2026\/03\/CARTEL_DULCINEA_conLOGO_OK-scaled-Cropped-150x150.jpg 150w, https:\/\/turismo.elejido.es\/wp-content\/uploads\/2026\/03\/CARTEL_DULCINEA_conLOGO_OK-scaled-Cropped-768x768.jpg 768w, https:\/\/turismo.elejido.es\/wp-content\/uploads\/2026\/03\/CARTEL_DULCINEA_conLOGO_OK-scaled-Cropped-300x300.jpg 300w, https:\/\/turismo.elejido.es\/wp-content\/uploads\/2026\/03\/CARTEL_DULCINEA_conLOGO_OK-scaled-Cropped-1536x1536.jpg 1536w, https:\/\/turismo.elejido.es\/wp-content\/uploads\/2026\/03\/CARTEL_DULCINEA_conLOGO_OK-scaled-Cropped-600x600.jpg 600w, https:\/\/turismo.elejido.es\/wp-content\/uploads\/2026\/03\/CARTEL_DULCINEA_conLOGO_OK-scaled-Cropped-800x800.jpg 800w, https:\/\/turismo.elejido.es\/wp-content\/uploads\/2026\/03\/CARTEL_DULCINEA_conLOGO_OK-scaled-Cropped-1280x1280.jpg 1280w\" sizes=\"auto, (max-width: 1795px) 100vw, 1795px\" \/><\/div><\/div><div class=\"nk-awb-wrap-content\"><\/div><\/div>\n\n\n\n<div style=\"height:40px\" aria-hidden=\"true\" class=\"wp-block-spacer\"><\/div>\n\n\n<div class=\"breadcrumbs align  wp-block-bcn-breadcrumb-trail has-text-color has-background\" vocab=\"https:\/\/schema.org\/\" typeof=\"BreadcrumbList\">\n\t<span><\/span>\n\t<span property=\"itemListElement\" typeof=\"ListItem\"><a property=\"item\" typeof=\"WebPage\" title=\"Ir a Turismo El Ejido.\" href=\"https:\/\/turismo.elejido.es\" class=\"home\" aria-current=\"page\"><span property=\"name\">Turismo El Ejido<\/span><\/a><meta property=\"position\" content=\"1\"><\/span><\/div>\n\n\n\n<div style=\"height:50px\" aria-hidden=\"true\" class=\"wp-block-spacer\"><\/div>\n\n\n\n<h1 class=\"wp-block-heading\">Pentaci\u00f3n Espect\u00e1culos                                  \u00abDulcinea\u00bb<\/h1>\n\n\n\n<div style=\"height:25px\" aria-hidden=\"true\" class=\"wp-block-spacer\"><\/div>\n\n\n\n<p>Evento de la 49\u00aa edici\u00f3n del Festival de Teatro El Ejido.<\/p>\n\n\n\n<p>Dulcinea ya no quiere ser la mujer perfecta ni la musa del m\u00e1s famoso caballero andante de la historia. En un mundo donde los ideales parecen perder sentido, donde la \u00e9tica cede ante la est\u00e9tica y la moral ante la corrupci\u00f3n, \u00bfvale la pena seguir defendiendo sue\u00f1os imposibles?<\/p>\n\n\n\n<p>Con humor, iron\u00eda y una sinceridad absoluta, Dulcinea se enfrenta a su propia historia y reflexiona sobre nuestro tiempo. La obra nos invita a pensar si hoy, m\u00e1s que nunca, necesitamos a alguien como ella, capaz de cuestionar, de re\u00edr y de emocionar mientras nos hace mirar nuestros propios sue\u00f1os y desaf\u00edos.<\/p>\n\n\n\n<p>M\u00e1s informaci\u00f3n en <a href=\"https:\/\/cultura.elejido.es\/?ai1ec_event=fte-2026-pentacion-espectaculos-dulcinea-viernes-22-de-mayo-auditorio-2030-h\">Cultura El Ejido<\/a><\/p>\n\n\n\n<iframe src=\"https:\/\/www.google.com\/maps\/embed?pb=!1m18!1m12!1m3!1d3195.9212430021626!2d-2.8138043237044963!3d36.772456769262206!2m3!1f0!2f0!3f0!3m2!1i1024!2i768!4f13.1!3m3!1m2!1s0xd7042e41b5ae8cf%3A0xde223dcab6eb62f3!2sTeatro%20Auditorio%20de%20El%20Ejido!5e0!3m2!1ses!2ses!4v1774344019363!5m2!1ses!2ses\" width=\"600\" height=\"450\" style=\"border:0;\" allowfullscreen=\"\" loading=\"lazy\" referrerpolicy=\"no-referrer-when-downgrade\"><\/iframe>\n\n\n\n<p><\/p>\n","protected":false},"excerpt":{"rendered":"<p>Pentaci\u00f3n Espect\u00e1culos \u00abDulcinea\u00bb Evento de la 49\u00aa edici\u00f3n del Festival de Teatro El Ejido. Dulcinea ya no quiere ser la mujer perfecta ni la musa del m\u00e1s famoso caballero andante de la historia. En un mundo donde los ideales parecen perder sentido, donde la \u00e9tica cede ante la est\u00e9tica y la moral ante la corrupci\u00f3n, [&hellip;]<\/p>\n","protected":false},"author":5,"featured_media":25755,"comment_status":"closed","ping_status":"closed","template":"","tags":[],"mec_category":[101],"class_list":["post-25753","mec-events","type-mec-events","status-publish","has-post-thumbnail","hentry","mec_category-teatro","entry","has-media"],"yoast_head":"<!-- This site is optimized with the Yoast SEO plugin v27.4 - https:\/\/yoast.com\/product\/yoast-seo-wordpress\/ -->\n<title>Pentaci\u00f3n Espect\u00e1culos     &quot;Dulcinea&quot;<\/title>\n<meta name=\"description\" content=\"Dulcinea ya no quiere ser la mujer perfecta ni la musa del m\u00e1s famoso caballero andante de la historia. Con humor, iron\u00eda y una sinceridad absoluta, Dulcinea se enfrenta a su propia historia y reflexiona sobre nuestro tiempo.\" \/>\n<meta name=\"robots\" content=\"index, follow, max-snippet:-1, max-image-preview:large, max-video-preview:-1\" \/>\n<link rel=\"canonical\" href=\"https:\/\/turismo.elejido.es\/index.php\/events\/pentacion-espectaculos-dulcinea\/\" \/>\n<meta property=\"og:locale\" content=\"es_ES\" \/>\n<meta property=\"og:type\" content=\"article\" \/>\n<meta property=\"og:title\" content=\"Pentaci\u00f3n Espect\u00e1culos     &quot;Dulcinea&quot;\" \/>\n<meta property=\"og:description\" content=\"Dulcinea ya no quiere ser la mujer perfecta ni la musa del m\u00e1s famoso caballero andante de la historia. Con humor, iron\u00eda y una sinceridad absoluta, Dulcinea se enfrenta a su propia historia y reflexiona sobre nuestro tiempo.\" \/>\n<meta property=\"og:url\" content=\"https:\/\/turismo.elejido.es\/index.php\/events\/pentacion-espectaculos-dulcinea\/\" \/>\n<meta property=\"og:site_name\" content=\"Turismo El Ejido\" \/>\n<meta property=\"article:modified_time\" content=\"2026-03-24T09:24:10+00:00\" \/>\n<meta property=\"og:image\" content=\"https:\/\/turismo.elejido.es\/wp-content\/uploads\/2026\/03\/CARTEL_DULCINEA_conLOGO_OK-scaled-Cropped.jpg\" \/>\n\t<meta property=\"og:image:width\" content=\"1795\" \/>\n\t<meta property=\"og:image:height\" content=\"1795\" \/>\n\t<meta property=\"og:image:type\" content=\"image\/jpeg\" \/>\n<meta name=\"twitter:card\" content=\"summary_large_image\" \/>\n<meta name=\"twitter:label1\" content=\"Tiempo de lectura\" \/>\n\t<meta name=\"twitter:data1\" content=\"1 minuto\" \/>\n<script type=\"application\/ld+json\" class=\"yoast-schema-graph\">{\"@context\":\"https:\\\/\\\/schema.org\",\"@graph\":[{\"@type\":\"WebPage\",\"@id\":\"https:\\\/\\\/turismo.elejido.es\\\/index.php\\\/events\\\/pentacion-espectaculos-dulcinea\\\/\",\"url\":\"https:\\\/\\\/turismo.elejido.es\\\/index.php\\\/events\\\/pentacion-espectaculos-dulcinea\\\/\",\"name\":\"Pentaci\u00f3n Espect\u00e1culos \\\"Dulcinea\\\"\",\"isPartOf\":{\"@id\":\"https:\\\/\\\/turismo.elejido.es\\\/#website\"},\"primaryImageOfPage\":{\"@id\":\"https:\\\/\\\/turismo.elejido.es\\\/index.php\\\/events\\\/pentacion-espectaculos-dulcinea\\\/#primaryimage\"},\"image\":{\"@id\":\"https:\\\/\\\/turismo.elejido.es\\\/index.php\\\/events\\\/pentacion-espectaculos-dulcinea\\\/#primaryimage\"},\"thumbnailUrl\":\"https:\\\/\\\/turismo.elejido.es\\\/wp-content\\\/uploads\\\/2026\\\/03\\\/CARTEL_DULCINEA_conLOGO_OK-scaled-Cropped.jpg\",\"datePublished\":\"2026-03-24T09:23:31+00:00\",\"dateModified\":\"2026-03-24T09:24:10+00:00\",\"description\":\"Dulcinea ya no quiere ser la mujer perfecta ni la musa del m\u00e1s famoso caballero andante de la historia. Con humor, iron\u00eda y una sinceridad absoluta, Dulcinea se enfrenta a su propia historia y reflexiona sobre nuestro tiempo.\",\"breadcrumb\":{\"@id\":\"https:\\\/\\\/turismo.elejido.es\\\/index.php\\\/events\\\/pentacion-espectaculos-dulcinea\\\/#breadcrumb\"},\"inLanguage\":\"es\",\"potentialAction\":[{\"@type\":\"ReadAction\",\"target\":[\"https:\\\/\\\/turismo.elejido.es\\\/index.php\\\/events\\\/pentacion-espectaculos-dulcinea\\\/\"]}]},{\"@type\":\"ImageObject\",\"inLanguage\":\"es\",\"@id\":\"https:\\\/\\\/turismo.elejido.es\\\/index.php\\\/events\\\/pentacion-espectaculos-dulcinea\\\/#primaryimage\",\"url\":\"https:\\\/\\\/turismo.elejido.es\\\/wp-content\\\/uploads\\\/2026\\\/03\\\/CARTEL_DULCINEA_conLOGO_OK-scaled-Cropped.jpg\",\"contentUrl\":\"https:\\\/\\\/turismo.elejido.es\\\/wp-content\\\/uploads\\\/2026\\\/03\\\/CARTEL_DULCINEA_conLOGO_OK-scaled-Cropped.jpg\",\"width\":1795,\"height\":1795},{\"@type\":\"BreadcrumbList\",\"@id\":\"https:\\\/\\\/turismo.elejido.es\\\/index.php\\\/events\\\/pentacion-espectaculos-dulcinea\\\/#breadcrumb\",\"itemListElement\":[{\"@type\":\"ListItem\",\"position\":1,\"name\":\"Inicio\",\"item\":\"https:\\\/\\\/turismo.elejido.es\\\/\"},{\"@type\":\"ListItem\",\"position\":2,\"name\":\"Eventos\",\"item\":\"https:\\\/\\\/turismo.elejido.es\\\/index.php\\\/events\\\/\"},{\"@type\":\"ListItem\",\"position\":3,\"name\":\"Pentaci\u00f3n Espect\u00e1culos \u00abDulcinea\u00bb\"}]},{\"@type\":\"WebSite\",\"@id\":\"https:\\\/\\\/turismo.elejido.es\\\/#website\",\"url\":\"https:\\\/\\\/turismo.elejido.es\\\/\",\"name\":\"Turismo El Ejido\",\"description\":\"Portal Oficial de Turismo del Municipio de El Ejido, Almerimar y Balerma situado en la costa de Almer\u00eda.\",\"publisher\":{\"@id\":\"https:\\\/\\\/turismo.elejido.es\\\/#organization\"},\"potentialAction\":[{\"@type\":\"SearchAction\",\"target\":{\"@type\":\"EntryPoint\",\"urlTemplate\":\"https:\\\/\\\/turismo.elejido.es\\\/?s={search_term_string}\"},\"query-input\":{\"@type\":\"PropertyValueSpecification\",\"valueRequired\":true,\"valueName\":\"search_term_string\"}}],\"inLanguage\":\"es\"},{\"@type\":\"Organization\",\"@id\":\"https:\\\/\\\/turismo.elejido.es\\\/#organization\",\"name\":\"Turismo El Ejido\",\"url\":\"https:\\\/\\\/turismo.elejido.es\\\/\",\"logo\":{\"@type\":\"ImageObject\",\"inLanguage\":\"es\",\"@id\":\"https:\\\/\\\/turismo.elejido.es\\\/#\\\/schema\\\/logo\\\/image\\\/\",\"url\":\"https:\\\/\\\/turismo.elejido.es\\\/wp-content\\\/uploads\\\/2020\\\/12\\\/elejidoNaranja.png\",\"contentUrl\":\"https:\\\/\\\/turismo.elejido.es\\\/wp-content\\\/uploads\\\/2020\\\/12\\\/elejidoNaranja.png\",\"width\":163,\"height\":92,\"caption\":\"Turismo El Ejido\"},\"image\":{\"@id\":\"https:\\\/\\\/turismo.elejido.es\\\/#\\\/schema\\\/logo\\\/image\\\/\"}}]}<\/script>\n<!-- \/ Yoast SEO plugin. -->","yoast_head_json":{"title":"Pentaci\u00f3n Espect\u00e1culos     \"Dulcinea\"","description":"Dulcinea ya no quiere ser la mujer perfecta ni la musa del m\u00e1s famoso caballero andante de la historia. Con humor, iron\u00eda y una sinceridad absoluta, Dulcinea se enfrenta a su propia historia y reflexiona sobre nuestro tiempo.","robots":{"index":"index","follow":"follow","max-snippet":"max-snippet:-1","max-image-preview":"max-image-preview:large","max-video-preview":"max-video-preview:-1"},"canonical":"https:\/\/turismo.elejido.es\/index.php\/events\/pentacion-espectaculos-dulcinea\/","og_locale":"es_ES","og_type":"article","og_title":"Pentaci\u00f3n Espect\u00e1culos     \"Dulcinea\"","og_description":"Dulcinea ya no quiere ser la mujer perfecta ni la musa del m\u00e1s famoso caballero andante de la historia. Con humor, iron\u00eda y una sinceridad absoluta, Dulcinea se enfrenta a su propia historia y reflexiona sobre nuestro tiempo.","og_url":"https:\/\/turismo.elejido.es\/index.php\/events\/pentacion-espectaculos-dulcinea\/","og_site_name":"Turismo El Ejido","article_modified_time":"2026-03-24T09:24:10+00:00","og_image":[{"width":1795,"height":1795,"url":"https:\/\/turismo.elejido.es\/wp-content\/uploads\/2026\/03\/CARTEL_DULCINEA_conLOGO_OK-scaled-Cropped.jpg","type":"image\/jpeg"}],"twitter_card":"summary_large_image","twitter_misc":{"Tiempo de lectura":"1 minuto"},"schema":{"@context":"https:\/\/schema.org","@graph":[{"@type":"WebPage","@id":"https:\/\/turismo.elejido.es\/index.php\/events\/pentacion-espectaculos-dulcinea\/","url":"https:\/\/turismo.elejido.es\/index.php\/events\/pentacion-espectaculos-dulcinea\/","name":"Pentaci\u00f3n Espect\u00e1culos \"Dulcinea\"","isPartOf":{"@id":"https:\/\/turismo.elejido.es\/#website"},"primaryImageOfPage":{"@id":"https:\/\/turismo.elejido.es\/index.php\/events\/pentacion-espectaculos-dulcinea\/#primaryimage"},"image":{"@id":"https:\/\/turismo.elejido.es\/index.php\/events\/pentacion-espectaculos-dulcinea\/#primaryimage"},"thumbnailUrl":"https:\/\/turismo.elejido.es\/wp-content\/uploads\/2026\/03\/CARTEL_DULCINEA_conLOGO_OK-scaled-Cropped.jpg","datePublished":"2026-03-24T09:23:31+00:00","dateModified":"2026-03-24T09:24:10+00:00","description":"Dulcinea ya no quiere ser la mujer perfecta ni la musa del m\u00e1s famoso caballero andante de la historia. Con humor, iron\u00eda y una sinceridad absoluta, Dulcinea se enfrenta a su propia historia y reflexiona sobre nuestro tiempo.","breadcrumb":{"@id":"https:\/\/turismo.elejido.es\/index.php\/events\/pentacion-espectaculos-dulcinea\/#breadcrumb"},"inLanguage":"es","potentialAction":[{"@type":"ReadAction","target":["https:\/\/turismo.elejido.es\/index.php\/events\/pentacion-espectaculos-dulcinea\/"]}]},{"@type":"ImageObject","inLanguage":"es","@id":"https:\/\/turismo.elejido.es\/index.php\/events\/pentacion-espectaculos-dulcinea\/#primaryimage","url":"https:\/\/turismo.elejido.es\/wp-content\/uploads\/2026\/03\/CARTEL_DULCINEA_conLOGO_OK-scaled-Cropped.jpg","contentUrl":"https:\/\/turismo.elejido.es\/wp-content\/uploads\/2026\/03\/CARTEL_DULCINEA_conLOGO_OK-scaled-Cropped.jpg","width":1795,"height":1795},{"@type":"BreadcrumbList","@id":"https:\/\/turismo.elejido.es\/index.php\/events\/pentacion-espectaculos-dulcinea\/#breadcrumb","itemListElement":[{"@type":"ListItem","position":1,"name":"Inicio","item":"https:\/\/turismo.elejido.es\/"},{"@type":"ListItem","position":2,"name":"Eventos","item":"https:\/\/turismo.elejido.es\/index.php\/events\/"},{"@type":"ListItem","position":3,"name":"Pentaci\u00f3n Espect\u00e1culos \u00abDulcinea\u00bb"}]},{"@type":"WebSite","@id":"https:\/\/turismo.elejido.es\/#website","url":"https:\/\/turismo.elejido.es\/","name":"Turismo El Ejido","description":"Portal Oficial de Turismo del Municipio de El Ejido, Almerimar y Balerma situado en la costa de Almer\u00eda.","publisher":{"@id":"https:\/\/turismo.elejido.es\/#organization"},"potentialAction":[{"@type":"SearchAction","target":{"@type":"EntryPoint","urlTemplate":"https:\/\/turismo.elejido.es\/?s={search_term_string}"},"query-input":{"@type":"PropertyValueSpecification","valueRequired":true,"valueName":"search_term_string"}}],"inLanguage":"es"},{"@type":"Organization","@id":"https:\/\/turismo.elejido.es\/#organization","name":"Turismo El Ejido","url":"https:\/\/turismo.elejido.es\/","logo":{"@type":"ImageObject","inLanguage":"es","@id":"https:\/\/turismo.elejido.es\/#\/schema\/logo\/image\/","url":"https:\/\/turismo.elejido.es\/wp-content\/uploads\/2020\/12\/elejidoNaranja.png","contentUrl":"https:\/\/turismo.elejido.es\/wp-content\/uploads\/2020\/12\/elejidoNaranja.png","width":163,"height":92,"caption":"Turismo El Ejido"},"image":{"@id":"https:\/\/turismo.elejido.es\/#\/schema\/logo\/image\/"}}]}},"_links":{"self":[{"href":"https:\/\/turismo.elejido.es\/index.php\/wp-json\/wp\/v2\/mec-events\/25753","targetHints":{"allow":["GET"]}}],"collection":[{"href":"https:\/\/turismo.elejido.es\/index.php\/wp-json\/wp\/v2\/mec-events"}],"about":[{"href":"https:\/\/turismo.elejido.es\/index.php\/wp-json\/wp\/v2\/types\/mec-events"}],"author":[{"embeddable":true,"href":"https:\/\/turismo.elejido.es\/index.php\/wp-json\/wp\/v2\/users\/5"}],"replies":[{"embeddable":true,"href":"https:\/\/turismo.elejido.es\/index.php\/wp-json\/wp\/v2\/comments?post=25753"}],"wp:featuredmedia":[{"embeddable":true,"href":"https:\/\/turismo.elejido.es\/index.php\/wp-json\/wp\/v2\/media\/25755"}],"wp:attachment":[{"href":"https:\/\/turismo.elejido.es\/index.php\/wp-json\/wp\/v2\/media?parent=25753"}],"wp:term":[{"taxonomy":"post_tag","embeddable":true,"href":"https:\/\/turismo.elejido.es\/index.php\/wp-json\/wp\/v2\/tags?post=25753"},{"taxonomy":"mec_category","embeddable":true,"href":"https:\/\/turismo.elejido.es\/index.php\/wp-json\/wp\/v2\/mec_category?post=25753"}],"curies":[{"name":"wp","href":"https:\/\/api.w.org\/{rel}","templated":true}]}}